{"id":5193,"date":"2026-01-21T14:51:00","date_gmt":"2026-01-21T14:51:00","guid":{"rendered":"https:\/\/new.valenciaandgo.com\/?post_type=product&#038;p=5193"},"modified":"2026-04-23T07:10:09","modified_gmt":"2026-04-23T07:10:09","slug":"zwiedzanie-walencji-rejsy-wycieczkowe-sztuka-i-architektura-z-biletami-wstepu","status":"publish","type":"product","link":"https:\/\/upgrade.valenciaandgo.com\/pl\/excursiones-cruceros\/tour-por-valencia-cruceros-tour-de-arte-y-arquitectura-con-entradas\/","title":{"rendered":"Walencja w pe\u0142nej ods\u0142onie \u2013 wyj\u0105tkowa oferta dla pasa\u017cer\u00f3w statk\u00f3w wycieczkowych: piesza wycieczka po\u015bwi\u0119cona sztuce i architekturze z biletami wst\u0119pu w cenie."},"content":{"rendered":"<div data-elementor-type=\"wp-post\" data-elementor-id=\"5193\" class=\"elementor elementor-5193\" data-elementor-post-type=\"product\">\n\t\t\t\t<div class=\"elementor-element elementor-element-6805dafb e-flex e-con-boxed e-con e-parent\" data-id=\"6805dafb\" data-element_type=\"container\" data-e-type=\"container\" data-settings=\"{&quot;background_background&quot;:&quot;classic&quot;}\">\n\t\t\t\t\t<div class=\"e-con-inner\">\n\t\t\t\t<div class=\"elementor-element elementor-element-3149ec8b elementor-widget elementor-widget-text-editor\" data-id=\"3149ec8b\" data-element_type=\"widget\" data-e-type=\"widget\" data-widget_type=\"text-editor.default\">\n\t\t\t\t\t\t\t\t\t<p>Chcesz pozna\u0107 od \u015brodka najs\u0142ynniejsze zabytki Walencji? Do\u0142\u0105cz do tej specjalnej wycieczki dla pasa\u017cer\u00f3w statk\u00f3w i odkryj z nami najwa\u017cniejsze punkty miasta.<\/p>\t\t\t\t\t\t\t\t<\/div>\n\t\t\t\t<div class=\"elementor-element elementor-element-759e720b elementor-widget elementor-widget-heading\" data-id=\"759e720b\" data-element_type=\"widget\" data-e-type=\"widget\" data-widget_type=\"heading.default\">\n\t\t\t\t\t<h3 class=\"elementor-heading-title elementor-size-default\">Najwa\u017cniejsze punkty<\/h3>\t\t\t\t<\/div>\n\t\t\t\t<div class=\"elementor-element elementor-element-28326f0d elementor-align-start elementor-icon-list--layout-traditional elementor-list-item-link-full_width elementor-widget elementor-widget-icon-list\" data-id=\"28326f0d\" data-element_type=\"widget\" data-e-type=\"widget\" data-widget_type=\"icon-list.default\">\n\t\t\t\t\t\t\t<ul class=\"elementor-icon-list-items\">\n\t\t\t\t\t\t\t<li class=\"elementor-icon-list-item\">\n\t\t\t\t\t\t\t\t\t\t\t<span class=\"elementor-icon-list-icon\">\n\t\t\t\t\t\t\t<svg aria-hidden=\"true\" class=\"e-font-icon-svg e-far-arrow-alt-circle-right\" viewbox=\"0 0 512 512\" xmlns=\"http:\/\/www.w3.org\/2000\/svg\"><path d=\"M504 256C504 119 393 8 256 8S8 119 8 256s111 248 248 248 248-111 248-248zm-448 0c0-110.5 89.5-200 200-200s200 89.5 200 200-89.5 200-200 200S56 366.5 56 256zm72 20v-40c0-6.6 5.4-12 12-12h116v-67c0-10.7 12.9-16 20.5-8.5l99 99c4.7 4.7 4.7 12.3 0 17l-99 99c-7.6 7.6-20.5 2.2-20.5-8.5v-67H140c-6.6 0-12-5.4-12-12z\"><\/path><\/svg>\t\t\t\t\t\t<\/span>\n\t\t\t\t\t\t\t\t\t\t<span class=\"elementor-icon-list-text\">Odwied\u017a 3 najbardziej charakterystyczne zabytki Walencji: La Lonja de la Seda, Katedr\u0119 oraz ko\u015bci\u00f3\u0142 \u015bw. Miko\u0142aja.<\/span>\n\t\t\t\t\t\t\t\t\t<\/li>\n\t\t\t\t\t\t\t\t<li class=\"elementor-icon-list-item\">\n\t\t\t\t\t\t\t\t\t\t\t<span class=\"elementor-icon-list-icon\">\n\t\t\t\t\t\t\t<svg aria-hidden=\"true\" class=\"e-font-icon-svg e-far-arrow-alt-circle-right\" viewbox=\"0 0 512 512\" xmlns=\"http:\/\/www.w3.org\/2000\/svg\"><path d=\"M504 256C504 119 393 8 256 8S8 119 8 256s111 248 248 248 248-111 248-248zm-448 0c0-110.5 89.5-200 200-200s200 89.5 200 200-89.5 200-200 200S56 366.5 56 256zm72 20v-40c0-6.6 5.4-12 12-12h116v-67c0-10.7 12.9-16 20.5-8.5l99 99c4.7 4.7 4.7 12.3 0 17l-99 99c-7.6 7.6-20.5 2.2-20.5-8.5v-67H140c-6.6 0-12-5.4-12-12z\"><\/path><\/svg>\t\t\t\t\t\t<\/span>\n\t\t\t\t\t\t\t\t\t\t<span class=\"elementor-icon-list-text\">We\u017a udzia\u0142 w pieszej wycieczce z przewodnikiem po centrum Walencji z biletami wst\u0119pu w cenie.<\/span>\n\t\t\t\t\t\t\t\t\t<\/li>\n\t\t\t\t\t\t\t\t<li class=\"elementor-icon-list-item\">\n\t\t\t\t\t\t\t\t\t\t\t<span class=\"elementor-icon-list-icon\">\n\t\t\t\t\t\t\t<svg aria-hidden=\"true\" class=\"e-font-icon-svg e-far-arrow-alt-circle-right\" viewbox=\"0 0 512 512\" xmlns=\"http:\/\/www.w3.org\/2000\/svg\"><path d=\"M504 256C504 119 393 8 256 8S8 119 8 256s111 248 248 248 248-111 248-248zm-448 0c0-110.5 89.5-200 200-200s200 89.5 200 200-89.5 200-200 200S56 366.5 56 256zm72 20v-40c0-6.6 5.4-12 12-12h116v-67c0-10.7 12.9-16 20.5-8.5l99 99c4.7 4.7 4.7 12.3 0 17l-99 99c-7.6 7.6-20.5 2.2-20.5-8.5v-67H140c-6.6 0-12-5.4-12-12z\"><\/path><\/svg>\t\t\t\t\t\t<\/span>\n\t\t\t\t\t\t\t\t\t\t<span class=\"elementor-icon-list-text\">Podr\u00f3\u017cuj przez histori\u0119 Walencji w towarzystwie licencjonowanego lokalnego przewodnika. <\/span>\n\t\t\t\t\t\t\t\t\t<\/li>\n\t\t\t\t\t\t<\/ul>\n\t\t\t\t\t\t<\/div>\n\t\t\t\t<div class=\"elementor-element elementor-element-58eb1a35 elementor-widget-divider--view-line elementor-widget elementor-widget-divider\" data-id=\"58eb1a35\" data-element_type=\"widget\" data-e-type=\"widget\" data-widget_type=\"divider.default\">\n\t\t\t\t\t\t\t<div class=\"elementor-divider\">\n\t\t\t<span class=\"elementor-divider-separator\">\n\t\t\t\t\t\t<\/span>\n\t\t<\/div>\n\t\t\t\t\t\t<\/div>\n\t\t\t\t<div class=\"elementor-element elementor-element-1cf2e375 elementor-widget elementor-widget-heading\" data-id=\"1cf2e375\" data-element_type=\"widget\" data-e-type=\"widget\" data-widget_type=\"heading.default\">\n\t\t\t\t\t<h3 class=\"elementor-heading-title elementor-size-default\">Opis<\/h3>\t\t\t\t<\/div>\n\t\t\t\t<div class=\"elementor-element elementor-element-7a93b881 elementor-widget elementor-widget-heading\" data-id=\"7a93b881\" data-element_type=\"widget\" data-e-type=\"widget\" data-widget_type=\"heading.default\">\n\t\t\t\t\t<h4 class=\"elementor-heading-title elementor-size-default\">Lonja de la Seda, ko\u015bci\u00f3\u0142 \u015bw. Miko\u0142aja, Katedra\n<\/h4>\t\t\t\t<\/div>\n\t\t\t\t<div class=\"elementor-element elementor-element-5b0287ea elementor-widget elementor-widget-heading\" data-id=\"5b0287ea\" data-element_type=\"widget\" data-e-type=\"widget\" data-widget_type=\"heading.default\">\n\t\t\t\t\t<h5 class=\"elementor-heading-title elementor-size-default\">Co zobaczy\u0107 w Walencji w jeden dzie\u0144?<\/h5>\t\t\t\t<\/div>\n\t\t\t\t<div class=\"elementor-element elementor-element-2da6e652 elementor-widget elementor-widget-text-editor\" data-id=\"2da6e652\" data-element_type=\"widget\" data-e-type=\"widget\" data-widget_type=\"text-editor.default\">\n\t\t\t\t\t\t\t\t\t<p class=\" translation-block\">Je\u015bli szukasz wyj\u0105tkowego do\u015bwiadczenia kulturalnego, nie mo\u017cesz przegapi\u0107 naszej <strong>pieszej 3-godzinnej wycieczki po\u015bwi\u0119conej sztuce i architekturze<\/strong>, podczas kt\u00f3rej odkryjesz <strong>najwa\u017cniejsze zabytki<\/strong>, kt\u00f3re trzeba zobaczy\u0107 w <strong>Walencji<\/strong>. Zabierzemy Ci\u0119 w podr\u00f3\u017c po <strong>trzech architektonicznych pere\u0142kach gotyku walenckiego<\/strong>, kt\u00f3re ukszta\u0142towa\u0142y histori\u0119 miasta: <strong>Gie\u0142dzie Jedwabiu (La Lonja de la Seda), ko\u015bciele \u015bw. Miko\u0142aja oraz Katedrze.<\/strong><\/p><p class=\" translation-block\">Ta wycieczka po\u015bwi\u0119cona sztuce i architekturze w Walencji to znacznie wi\u0119cej ni\u017c zwyk\u0142e zwiedzanie z przewodnikiem. Do\u015bwiadczysz <strong>interaktywnego prze\u017cycia<\/strong>, kt\u00f3re pozwoli Ci dog\u0142\u0119bnie pozna\u0107 <strong>histori\u0119, sztuk\u0119 i tradycje miasta<\/strong>. Tw\u00f3j <strong>licencjonowany lokalny przewodnik<\/strong> b\u0119dzie towarzyszy\u0142 Ci na ka\u017cdym kroku, dziel\u0105c si\u0119 swoj\u0105 wiedz\u0105 i pasj\u0105 do dziedzictwa Walencji.<\/p>\t\t\t\t\t\t\t\t<\/div>\n\t\t\t\t<div class=\"elementor-element elementor-element-a072cb6 elementor-widget elementor-widget-heading\" data-id=\"a072cb6\" data-element_type=\"widget\" data-e-type=\"widget\" data-widget_type=\"heading.default\">\n\t\t\t\t\t<h4 class=\"elementor-heading-title elementor-size-default\">Plan zwiedzania:<\/h4>\t\t\t\t<\/div>\n\t\t\t\t<div class=\"elementor-element elementor-element-548ecaaa elementor-widget elementor-widget-heading\" data-id=\"548ecaaa\" data-element_type=\"widget\" data-e-type=\"widget\" data-widget_type=\"heading.default\">\n\t\t\t\t\t<h5 class=\"elementor-heading-title elementor-size-default\">Spacer przez serce Walencji Seda<\/h5>\t\t\t\t<\/div>\n\t\t\t\t<div class=\"elementor-element elementor-element-7be7cc94 elementor-widget elementor-widget-text-editor\" data-id=\"7be7cc94\" data-element_type=\"widget\" data-e-type=\"widget\" data-widget_type=\"text-editor.default\">\n\t\t\t\t\t\t\t\t\t<p class=\" translation-block\">Nasz\u0105 podr\u00f3\u017c rozpoczynamy przy <strong>Torres de Serranos<\/strong>, aby odkrywa\u0107 najbardziej charakterystyczne miejsca Walencji \u2014 per\u0142y po\u0142o\u017conej nad brzegiem Morza \u015ar\u00f3dziemnego, kt\u00f3ra skrywa wieki historii. Stawiaj\u0105c pierwsze kroki w kierunku serca miasta, odkryjemy <strong>dawne mury miejskie<\/strong>, kt\u00f3re przez lata otacza\u0142y Walencj\u0119. Nast\u0119pnie zag\u0142\u0119bimy si\u0119 w <strong>stare miasto<\/strong>, by odkry\u0107 architektoniczne tajemnice, kt\u00f3re o\u017cywiaj\u0105 ten magiczny zak\u0105tek.<\/p>\t\t\t\t\t\t\t\t<\/div>\n\t\t\t\t<div class=\"elementor-element elementor-element-7340cbc elementor-widget elementor-widget-heading\" data-id=\"7340cbc\" data-element_type=\"widget\" data-e-type=\"widget\" data-widget_type=\"heading.default\">\n\t\t\t\t\t<h5 class=\"elementor-heading-title elementor-size-default\">Pierwszy przystanek: walencka Kaplica Syksty\u0144ska\n<\/h5>\t\t\t\t<\/div>\n\t\t\t\t<div class=\"elementor-element elementor-element-57f56949 elementor-widget elementor-widget-text-editor\" data-id=\"57f56949\" data-element_type=\"widget\" data-e-type=\"widget\" data-widget_type=\"text-editor.default\">\n\t\t\t\t\t\t\t\t\t<p class=\" translation-block\">Nasz spacer po gotyku walenckim rozpoczynamy od <strong>ko\u015bcio\u0142a \u015bw. Miko\u0142aja<\/strong>. Znany jako <strong>\u201eWalencka Kaplica Syksty\u0144ska\u201d<\/strong>, zachwyca po\u0142\u0105czeniem gotyckiej struktury z barokow\u0105 dekoracj\u0105 obejmuj\u0105c\u0105 <strong>2000 m\u00b2 fresk\u00f3w namalowanych przez Dion\u00edsa Vidala.<\/strong> To wizualne do\u015bwiadczenie, kt\u00f3rego nie zapomnisz!<\/p>\t\t\t\t\t\t\t\t<\/div>\n\t\t\t\t<div class=\"elementor-element elementor-element-5d79e8a4 elementor-widget elementor-widget-heading\" data-id=\"5d79e8a4\" data-element_type=\"widget\" data-e-type=\"widget\" data-widget_type=\"heading.default\">\n\t\t\t\t\t<h5 class=\"elementor-heading-title elementor-size-default\">Drugi przystanek: Lonja de la Seda.<\/h5>\t\t\t\t<\/div>\n\t\t\t\t<div class=\"elementor-element elementor-element-4a347961 elementor-widget elementor-widget-text-editor\" data-id=\"4a347961\" data-element_type=\"widget\" data-e-type=\"widget\" data-widget_type=\"text-editor.default\">\n\t\t\t\t\t\t\t\t\t<p class=\" translation-block\">Kontynuujemy nasz\u0105 tras\u0119 w kierunku <strong>La Lonja de la Seda<\/strong>, gotyckiego budynku wpisanego na list\u0119 <strong>\u015awiatowego Dziedzictwa UNESCO<\/strong>. To prawdziwe arcydzie\u0142o gotyku, kt\u00f3re zachwyci Ci\u0119 swoj\u0105 majestatyczn\u0105 architektur\u0105, z charakterystycznymi elementami gotyku walenckiego, takimi jak spiralne kolumny czy sklepienia krzy\u017cowo-\u017cebrowe.<\/p>\t\t\t\t\t\t\t\t<\/div>\n\t\t\t\t<div class=\"elementor-element elementor-element-f027542 elementor-widget elementor-widget-heading\" data-id=\"f027542\" data-element_type=\"widget\" data-e-type=\"widget\" data-widget_type=\"heading.default\">\n\t\t\t\t\t<h5 class=\"elementor-heading-title elementor-size-default\"> Trzeci przystanek: katedra Naj\u015bwi\u0119tszej Marii Panny\n<\/h5>\t\t\t\t<\/div>\n\t\t\t\t<div class=\"elementor-element elementor-element-37ddcc3 elementor-widget elementor-widget-text-editor\" data-id=\"37ddcc3\" data-element_type=\"widget\" data-e-type=\"widget\" data-widget_type=\"text-editor.default\">\n\t\t\t\t\t\t\t\t\t<p class=\" translation-block\">Dotrzemy do <strong>Katedry Metropolitalnej w Walencji<\/strong>, gdzie \u2013 jak g\u0142osi legenda \u2013 przechowywana jest jedna z naj\u015bwi\u0119tszych relikwii chrze\u015bcija\u0144stwa: \u015awi\u0119ty Graal. Czy to prawda? Przekonajmy si\u0119 razem!<\/p>\t\t\t\t\t\t\t\t<\/div>\n\t\t\t\t<div class=\"elementor-element elementor-element-12f5ad7 elementor-widget elementor-widget-heading\" data-id=\"12f5ad7\" data-element_type=\"widget\" data-e-type=\"widget\" data-widget_type=\"heading.default\">\n\t\t\t\t\t<h5 class=\"elementor-heading-title elementor-size-default\">Na zako\u0144czenie Plaza de la Virgen.\n<\/h5>\t\t\t\t<\/div>\n\t\t\t\t<div class=\"elementor-element elementor-element-f237079 elementor-widget elementor-widget-text-editor\" data-id=\"f237079\" data-element_type=\"widget\" data-e-type=\"widget\" data-widget_type=\"text-editor.default\">\n\t\t\t\t\t\t\t\t\t<p class=\" translation-block\">Nasza wycieczka zako\u0144czy si\u0119 na <strong>Plaza de la Virgen<\/strong>, sercu miasta. Tam b\u0119dziemy podziwia\u0107 <strong>Bazylik\u0119 Matki Bo\u017cej Opuszczonych<\/strong>, patronki Walencji, oraz poznamy dzia\u0142anie <strong>Trybuna\u0142u Wodnego<\/strong>, najstarszego dzia\u0142aj\u0105cego nieprzerwanie s\u0105du cywilnego w Europie.<\/p><p>Jest to standardowy plan zwiedzania, jednak mo\u017ce on ulec zmianie ze wzgl\u0119du na zmiany godzin otwarcia zabytk\u00f3w lub inne nieprzewidziane okoliczno\u015bci. W takim przypadku poinformujemy Ci\u0119 z wyprzedzeniem.<\/p><p><strong>*Minimalna wielko\u015b\u0107 grupy 10 os\u00f3b<\/strong><\/p>\t\t\t\t\t\t\t\t<\/div>\n\t\t\t\t<div class=\"elementor-element elementor-element-5ccebcc3 elementor-widget-divider--view-line elementor-widget elementor-widget-divider\" data-id=\"5ccebcc3\" data-element_type=\"widget\" data-e-type=\"widget\" data-widget_type=\"divider.default\">\n\t\t\t\t\t\t\t<div class=\"elementor-divider\">\n\t\t\t<span class=\"elementor-divider-separator\">\n\t\t\t\t\t\t<\/span>\n\t\t<\/div>\n\t\t\t\t\t\t<\/div>\n\t\t\t\t<div class=\"elementor-element elementor-element-6e102189 elementor-widget elementor-widget-heading\" data-id=\"6e102189\" data-element_type=\"widget\" data-e-type=\"widget\" data-widget_type=\"heading.default\">\n\t\t\t\t\t<h3 class=\"elementor-heading-title elementor-size-default\">Wa\u017cne informacje<\/h3>\t\t\t\t<\/div>\n\t\t\t\t<div class=\"elementor-element elementor-element-61e9e1ab elementor-widget elementor-widget-text-editor\" data-id=\"61e9e1ab\" data-element_type=\"widget\" data-e-type=\"widget\" data-widget_type=\"text-editor.default\">\n\t\t\t\t\t\t\t\t\t<p>Je\u015bli przyp\u0142ywasz statkiem wycieczkowym, to jest to idealna wycieczka, aby pozna\u0107 to, co najwa\u017cniejsze w Walencji.<\/p><p>Odbierzemy Ci\u0119 w porcie, licencjonowany przewodnik b\u0119dzie Ci towarzyszy\u0142 przez ca\u0142y dzie\u0144, a na powr\u00f3t na statek b\u0119dziesz mie\u0107 do wyboru dwa terminy. Kompleksowa oferta \u2013 dla ca\u0142ej rodziny!<\/p><ul><li class=\" translation-block\"><strong>Pocz\u0105tek:<\/strong> 9:00 h<\/li><li class=\" translation-block\"><strong>Panoramiczna wycieczka <\/strong>autobusem po mie\u015bcie trwaj\u0105ca ok. <strong>45 minut<\/strong><\/li><li class=\" translation-block\"><strong>Transfer powrotny<\/strong> na statek <strong>(dwie godziny do wyboru) <\/strong><\/li><li>\u00a0<strong>Wybierz, co wolisz:<\/strong><br \/>1. Wr\u00f3ci\u0107 na statek o 13:30 i zje\u015b\u0107 obiad na\npok\u0142adzie<br \/>2. Zje\u015b\u0107 w centrum (we w\u0142asnym\nzakresie) i wyjecha\u0107 w kierunku portu o 15:00<\/li><li>Jednolita cena obejmuj\u0105ca wszystkie koszty: 95 \u20ac<\/li><\/ul><p><strong>Nasza us\u0142uga obejmuje:<\/strong><\/p><ul><li class=\" translation-block\"><strong>Ekskluzywny odbi\u00f3r<\/strong> z terminalu rejsowego.<\/li><li class=\" translation-block\"><strong>Transport<\/strong> dla ma\u0142ej grupy.<\/li><li class=\" translation-block\"><strong>Lokalny, licencjonowany przewodnik<\/strong>.<\/li><li>Bilety wst\u0119pu do g\u0142\u00f3wnych zabytk\u00f3w.<\/li><li>Panoramiczne zwiedzanie miasta<\/li><\/ul><p>\u00a0<\/p>\t\t\t\t\t\t\t\t<\/div>\n\t\t\t\t<div class=\"elementor-element elementor-element-464ed6cf elementor-widget-divider--view-line elementor-widget elementor-widget-divider\" data-id=\"464ed6cf\" data-element_type=\"widget\" data-e-type=\"widget\" data-widget_type=\"divider.default\">\n\t\t\t\t\t\t\t<div class=\"elementor-divider\">\n\t\t\t<span class=\"elementor-divider-separator\">\n\t\t\t\t\t\t<\/span>\n\t\t<\/div>\n\t\t\t\t\t\t<\/div>\n\t\t\t\t<div class=\"elementor-element elementor-element-794f6809 elementor-widget elementor-widget-heading\" data-id=\"794f6809\" data-element_type=\"widget\" data-e-type=\"widget\" data-widget_type=\"heading.default\">\n\t\t\t\t\t<h3 class=\"elementor-heading-title elementor-size-default\">Miejsce spotkania<\/h3>\t\t\t\t<\/div>\n\t\t\t\t<div class=\"elementor-element elementor-element-e6ed7d6 elementor-widget elementor-widget-text-editor\" data-id=\"e6ed7d6\" data-element_type=\"widget\" data-e-type=\"widget\" data-widget_type=\"text-editor.default\">\n\t\t\t\t\t\t\t\t\t<p>Moll de Ponent, Terminal Trasmed (przy g\u0142\u00f3wnym wej\u015bciu, gdzie znajduje si\u0119 parking dla klient\u00f3w).<\/p>\t\t\t\t\t\t\t\t<\/div>\n\t\t\t\t<div class=\"elementor-element elementor-element-5c1b051 elementor-widget-divider--view-line elementor-widget elementor-widget-divider\" data-id=\"5c1b051\" data-element_type=\"widget\" data-e-type=\"widget\" data-widget_type=\"divider.default\">\n\t\t\t\t\t\t\t<div class=\"elementor-divider\">\n\t\t\t<span class=\"elementor-divider-separator\">\n\t\t\t\t\t\t<\/span>\n\t\t<\/div>\n\t\t\t\t\t\t<\/div>\n\t\t\t\t<div class=\"elementor-element elementor-element-5f681c80 elementor-widget elementor-widget-heading\" data-id=\"5f681c80\" data-element_type=\"widget\" data-e-type=\"widget\" data-widget_type=\"heading.default\">\n\t\t\t\t\t<h3 class=\"elementor-heading-title elementor-size-default\">Najcz\u0119\u015bciej zadawane pytania<\/h3>\t\t\t\t<\/div>\n\t\t<div class=\"elementor-element elementor-element-070692b e-con-full e-flex e-con e-child\" data-id=\"070692b\" data-element_type=\"container\" data-e-type=\"container\" data-settings=\"{&quot;background_background&quot;:&quot;classic&quot;}\">\n\t\t<div class=\"elementor-element elementor-element-62732c3 e-con-full e-flex e-con e-child\" data-id=\"62732c3\" data-element_type=\"container\" data-e-type=\"container\">\n\t\t\t\t<div class=\"elementor-element elementor-element-9ac40f4 faq-desplegable elementor-widget elementor-widget-n-accordion\" data-id=\"9ac40f4\" data-element_type=\"widget\" data-e-type=\"widget\" data-settings=\"{&quot;default_state&quot;:&quot;all_collapsed&quot;,&quot;max_items_expended&quot;:&quot;one&quot;,&quot;n_accordion_animation_duration&quot;:{&quot;unit&quot;:&quot;ms&quot;,&quot;size&quot;:400,&quot;sizes&quot;:[]}}\" data-widget_type=\"nested-accordion.default\">\n\t\t\t\t\t\t\t<div class=\"e-n-accordion\" aria-label=\"Akordeon. Otwieraj \u0142\u0105cza za pomoc\u0105 klawisza Enter lub spacji, zamykaj za pomoc\u0105 klawisza Escape i nawiguj za pomoc\u0105 klawiszy strza\u0142ek\">\n\t\t\t\t\t\t<details id=\"e-n-accordion-item-1620\" class=\"e-n-accordion-item\" >\n\t\t\t\t<summary class=\"e-n-accordion-item-title\" data-accordion-index=\"1\" tabindex=\"0\" aria-expanded=\"false\" aria-controls=\"e-n-accordion-item-1620\" >\n\t\t\t\t\t<span class='e-n-accordion-item-title-header'><div class=\"e-n-accordion-item-title-text\"> Jak rozpoznam przewodnika? <\/div><\/span>\n\t\t\t\t\t\t\t<span class='e-n-accordion-item-title-icon'>\n\t\t\t<span class='e-opened' ><svg aria-hidden=\"true\" class=\"e-font-icon-svg e-fas-minus\" viewbox=\"0 0 448 512\" xmlns=\"http:\/\/www.w3.org\/2000\/svg\"><path d=\"M416 208H32c-17.67 0-32 14.33-32 32v32c0 17.67 14.33 32 32 32h384c17.67 0 32-14.33 32-32v-32c0-17.67-14.33-32-32-32z\"><\/path><\/svg><\/span>\n\t\t\t<span class='e-closed'><svg aria-hidden=\"true\" class=\"e-font-icon-svg e-fas-plus\" viewbox=\"0 0 448 512\" xmlns=\"http:\/\/www.w3.org\/2000\/svg\"><path d=\"M416 208H272V64c0-17.67-14.33-32-32-32h-32c-17.67 0-32 14.33-32 32v144H32c-17.67 0-32 14.33-32 32v32c0 17.67 14.33 32 32 32h144v144c0 17.67 14.33 32 32 32h32c17.67 0 32-14.33 32-32V304h144c17.67 0 32-14.33 32-32v-32c0-17.67-14.33-32-32-32z\"><\/path><\/svg><\/span>\n\t\t<\/span>\n\n\t\t\t\t\t\t<\/summary>\n\t\t\t\t<div role=\"region\" aria-labelledby=\"e-n-accordion-item-1620\" class=\"elementor-element elementor-element-dc79175 e-con-full e-flex e-con e-child\" data-id=\"dc79175\" data-element_type=\"container\" data-e-type=\"container\">\n\t\t<div role=\"region\" aria-labelledby=\"e-n-accordion-item-1620\" class=\"elementor-element elementor-element-8feb8d7 e-flex e-con-boxed e-con e-child\" data-id=\"8feb8d7\" data-element_type=\"container\" data-e-type=\"container\">\n\t\t\t\t\t<div class=\"e-con-inner\">\n\t\t\t\t<div class=\"elementor-element elementor-element-ff02352 elementor-widget elementor-widget-text-editor\" data-id=\"ff02352\" data-element_type=\"widget\" data-e-type=\"widget\" data-widget_type=\"text-editor.default\">\n\t\t\t\t\t\t\t\t\t<p><span style=\"font-weight: 400;\">Wy\u015blemy Ci punkt spotkania kilka dni wcze\u015bniej. Licencjonowany przewodnik b\u0119dzie na Ciebie czeka\u0142 we wskazanym miejscu.<\/span><\/p>\t\t\t\t\t\t\t\t<\/div>\n\t\t\t\t\t<\/div>\n\t\t\t\t<\/div>\n\t\t\t\t<\/div>\n\t\t\t\t\t<\/details>\n\t\t\t\t\t\t<details id=\"e-n-accordion-item-1621\" class=\"e-n-accordion-item\" >\n\t\t\t\t<summary class=\"e-n-accordion-item-title\" data-accordion-index=\"2\" tabindex=\"-1\" aria-expanded=\"false\" aria-controls=\"e-n-accordion-item-1621\" >\n\t\t\t\t\t<span class='e-n-accordion-item-title-header'><div class=\"e-n-accordion-item-title-text\"> Co zarezerwowa\u0142em? <\/div><\/span>\n\t\t\t\t\t\t\t<span class='e-n-accordion-item-title-icon'>\n\t\t\t<span class='e-opened' ><svg aria-hidden=\"true\" class=\"e-font-icon-svg e-fas-minus\" viewbox=\"0 0 448 512\" xmlns=\"http:\/\/www.w3.org\/2000\/svg\"><path d=\"M416 208H32c-17.67 0-32 14.33-32 32v32c0 17.67 14.33 32 32 32h384c17.67 0 32-14.33 32-32v-32c0-17.67-14.33-32-32-32z\"><\/path><\/svg><\/span>\n\t\t\t<span class='e-closed'><svg aria-hidden=\"true\" class=\"e-font-icon-svg e-fas-plus\" viewbox=\"0 0 448 512\" xmlns=\"http:\/\/www.w3.org\/2000\/svg\"><path d=\"M416 208H272V64c0-17.67-14.33-32-32-32h-32c-17.67 0-32 14.33-32 32v144H32c-17.67 0-32 14.33-32 32v32c0 17.67 14.33 32 32 32h144v144c0 17.67 14.33 32 32 32h32c17.67 0 32-14.33 32-32V304h144c17.67 0 32-14.33 32-32v-32c0-17.67-14.33-32-32-32z\"><\/path><\/svg><\/span>\n\t\t<\/span>\n\n\t\t\t\t\t\t<\/summary>\n\t\t\t\t<div role=\"region\" aria-labelledby=\"e-n-accordion-item-1621\" class=\"elementor-element elementor-element-bad1e16 e-con-full e-flex e-con e-child\" data-id=\"bad1e16\" data-element_type=\"container\" data-e-type=\"container\">\n\t\t\t\t<div class=\"elementor-element elementor-element-725c2aa elementor-widget elementor-widget-text-editor\" data-id=\"725c2aa\" data-element_type=\"widget\" data-e-type=\"widget\" data-widget_type=\"text-editor.default\">\n\t\t\t\t\t\t\t\t\t<p>Zarezerwowa\u0142e\u015b wycieczk\u0119 z oficjalnym lokalnym przewodnikiem oraz transportem z terminalu rejsowego, kt\u00f3ra obejmuje bilety wst\u0119pu do zabytk\u00f3w wskazanych w opisie produktu.<\/p>\t\t\t\t\t\t\t\t<\/div>\n\t\t\t\t<\/div>\n\t\t\t\t\t<\/details>\n\t\t\t\t\t\t<details id=\"e-n-accordion-item-1622\" class=\"e-n-accordion-item\" >\n\t\t\t\t<summary class=\"e-n-accordion-item-title\" data-accordion-index=\"3\" tabindex=\"-1\" aria-expanded=\"false\" aria-controls=\"e-n-accordion-item-1622\" >\n\t\t\t\t\t<span class='e-n-accordion-item-title-header'><div class=\"e-n-accordion-item-title-text\"> Polityka anulowania <\/div><\/span>\n\t\t\t\t\t\t\t<span class='e-n-accordion-item-title-icon'>\n\t\t\t<span class='e-opened' ><svg aria-hidden=\"true\" class=\"e-font-icon-svg e-fas-minus\" viewbox=\"0 0 448 512\" xmlns=\"http:\/\/www.w3.org\/2000\/svg\"><path d=\"M416 208H32c-17.67 0-32 14.33-32 32v32c0 17.67 14.33 32 32 32h384c17.67 0 32-14.33 32-32v-32c0-17.67-14.33-32-32-32z\"><\/path><\/svg><\/span>\n\t\t\t<span class='e-closed'><svg aria-hidden=\"true\" class=\"e-font-icon-svg e-fas-plus\" viewbox=\"0 0 448 512\" xmlns=\"http:\/\/www.w3.org\/2000\/svg\"><path d=\"M416 208H272V64c0-17.67-14.33-32-32-32h-32c-17.67 0-32 14.33-32 32v144H32c-17.67 0-32 14.33-32 32v32c0 17.67 14.33 32 32 32h144v144c0 17.67 14.33 32 32 32h32c17.67 0 32-14.33 32-32V304h144c17.67 0 32-14.33 32-32v-32c0-17.67-14.33-32-32-32z\"><\/path><\/svg><\/span>\n\t\t<\/span>\n\n\t\t\t\t\t\t<\/summary>\n\t\t\t\t<div role=\"region\" aria-labelledby=\"e-n-accordion-item-1622\" class=\"elementor-element elementor-element-97994db e-con-full e-flex e-con e-child\" data-id=\"97994db\" data-element_type=\"container\" data-e-type=\"container\">\n\t\t\t\t<div class=\"elementor-element elementor-element-1e2fc01 elementor-widget elementor-widget-text-editor\" data-id=\"1e2fc01\" data-element_type=\"widget\" data-e-type=\"widget\" data-widget_type=\"text-editor.default\">\n\t\t\t\t\t\t\t\t\t<p>Rezerwacj\u0119 mo\u017cna anulowa\u0107 bezp\u0142atnie na 24 godziny przed pocz\u0105tkiem wycieczki. Po up\u0142ywie tego terminu lub w przypadku niepojawienia si\u0119 na miejscu zwrot koszt\u00f3w nie b\u0119dzie mo\u017cliwy.<\/p>\t\t\t\t\t\t\t\t<\/div>\n\t\t\t\t<\/div>\n\t\t\t\t\t<\/details>\n\t\t\t\t\t\t<details id=\"e-n-accordion-item-1623\" class=\"e-n-accordion-item\" >\n\t\t\t\t<summary class=\"e-n-accordion-item-title\" data-accordion-index=\"4\" tabindex=\"-1\" aria-expanded=\"false\" aria-controls=\"e-n-accordion-item-1623\" >\n\t\t\t\t\t<span class='e-n-accordion-item-title-header'><div class=\"e-n-accordion-item-title-text\"> Czy mog\u0119 zabra\u0107 baga\u017c\/w\u00f3zek dzieci\u0119cy do autobusu? <\/div><\/span>\n\t\t\t\t\t\t\t<span class='e-n-accordion-item-title-icon'>\n\t\t\t<span class='e-opened' ><svg aria-hidden=\"true\" class=\"e-font-icon-svg e-fas-minus\" viewbox=\"0 0 448 512\" xmlns=\"http:\/\/www.w3.org\/2000\/svg\"><path d=\"M416 208H32c-17.67 0-32 14.33-32 32v32c0 17.67 14.33 32 32 32h384c17.67 0 32-14.33 32-32v-32c0-17.67-14.33-32-32-32z\"><\/path><\/svg><\/span>\n\t\t\t<span class='e-closed'><svg aria-hidden=\"true\" class=\"e-font-icon-svg e-fas-plus\" viewbox=\"0 0 448 512\" xmlns=\"http:\/\/www.w3.org\/2000\/svg\"><path d=\"M416 208H272V64c0-17.67-14.33-32-32-32h-32c-17.67 0-32 14.33-32 32v144H32c-17.67 0-32 14.33-32 32v32c0 17.67 14.33 32 32 32h144v144c0 17.67 14.33 32 32 32h32c17.67 0 32-14.33 32-32V304h144c17.67 0 32-14.33 32-32v-32c0-17.67-14.33-32-32-32z\"><\/path><\/svg><\/span>\n\t\t<\/span>\n\n\t\t\t\t\t\t<\/summary>\n\t\t\t\t<div role=\"region\" aria-labelledby=\"e-n-accordion-item-1623\" class=\"elementor-element elementor-element-16674b1 e-flex e-con-boxed e-con e-child\" data-id=\"16674b1\" data-element_type=\"container\" data-e-type=\"container\">\n\t\t\t\t\t<div class=\"e-con-inner\">\n\t\t\t\t<div class=\"elementor-element elementor-element-adee176 elementor-widget elementor-widget-text-editor\" data-id=\"adee176\" data-element_type=\"widget\" data-e-type=\"widget\" data-widget_type=\"text-editor.default\">\n\t\t\t\t\t\t\t\t\t<p>Tak, o ile jest to baga\u017c podr\u0119czny lub ma\u0142y plecak\/sk\u0142adany w\u00f3zek. Prosimy o poinformowanie nas o tym, aby zapewni\u0107 miejsce w autobusie.<\/p>\t\t\t\t\t\t\t\t<\/div>\n\t\t\t\t\t<\/div>\n\t\t\t\t<\/div>\n\t\t\t\t\t<\/details>\n\t\t\t\t\t<\/div>\n\t\t\t\t\t\t<\/div>\n\t\t\t\t<\/div>\n\t\t\t\t<\/div>\n\t\t\t\t\t<\/div>\n\t\t\t\t<\/div>\n\t\t\t\t<\/div>","protected":false},"excerpt":{"rendered":"<p>Chcesz pozna\u0107 od \u015brodka najs\u0142ynniejsze zabytki Walencji? Do\u0142\u0105cz do tej specjalnej wycieczki dla pasa\u017cer\u00f3w statk\u00f3w i odkryj z nami najwa\u017cniejsze punkty miasta.<\/p>","protected":false},"featured_media":5567,"template":"","meta":{"_acf_changed":false},"product_cat":[20],"product_tag":[],"class_list":{"0":"post-5193","1":"product","2":"type-product","3":"status-publish","4":"has-post-thumbnail","6":"product_cat-excursiones-cruceros","8":"first","9":"instock","10":"virtual","11":"sold-individually","12":"taxable","13":"purchasable","14":"product-type-turitop"},"acf":[],"yoast_head":"<!-- This site is optimized with the Yoast SEO plugin v27.5 - https:\/\/yoast.com\/product\/yoast-seo-wordpress\/ -->\n<title>Tour por Valencia para cruceros | Arte y arquitectura<\/title>\n<meta name=\"description\" content=\"Tour por Valencia para cruceros, arte y arquitectura: visita guiada con entradas incluidas a la Lonja, Catedral y San Nicol\u00e1s, con gu\u00eda oficial local.\" \/>\n<meta name=\"robots\" content=\"noindex, follow, max-snippet:-1, max-image-preview:large, max-video-preview:-1\" \/>\n<meta property=\"og:locale\" content=\"pl_PL\" \/>\n<meta property=\"og:type\" content=\"article\" \/>\n<meta property=\"og:title\" content=\"Tour por Valencia para cruceros | Arte y arquitectura\" \/>\n<meta property=\"og:description\" content=\"Tour por Valencia para cruceros, arte y arquitectura: visita guiada con entradas incluidas a la Lonja, Catedral y San Nicol\u00e1s, con gu\u00eda oficial local.\" \/>\n<meta property=\"og:url\" content=\"https:\/\/upgrade.valenciaandgo.com\/pl\/wycieczki-rejsy\/zwiedzanie-walencji-rejsy-wycieczkowe-sztuka-i-architektura-z-biletami-wstepu\/\" \/>\n<meta property=\"og:site_name\" content=\"Valencia&amp;Go\" \/>\n<meta property=\"article:publisher\" content=\"https:\/\/www.facebook.com\/valenciaandgo\/\" \/>\n<meta property=\"article:modified_time\" content=\"2026-04-23T07:10:09+00:00\" \/>\n<meta property=\"og:image\" content=\"https:\/\/upgrade.valenciaandgo.com\/wp-content\/uploads\/tours-excursiones\/03-arte-arquitectura\/tour-arte-arquitectura_2.webp\" \/>\n\t<meta property=\"og:image:width\" content=\"920\" \/>\n\t<meta property=\"og:image:height\" content=\"688\" \/>\n\t<meta property=\"og:image:type\" content=\"image\/webp\" \/>\n<meta name=\"twitter:card\" content=\"summary_large_image\" \/>\n<meta name=\"twitter:label1\" content=\"Szacowany czas czytania\" \/>\n\t<meta name=\"twitter:data1\" content=\"5 minut\" \/>\n<script type=\"application\/ld+json\" class=\"yoast-schema-graph\">{\"@context\":\"https:\\\/\\\/schema.org\",\"@graph\":[{\"@type\":\"WebPage\",\"@id\":\"https:\\\/\\\/upgrade.valenciaandgo.com\\\/excursiones-cruceros\\\/tour-por-valencia-cruceros-tour-de-arte-y-arquitectura-con-entradas\\\/\",\"url\":\"https:\\\/\\\/upgrade.valenciaandgo.com\\\/excursiones-cruceros\\\/tour-por-valencia-cruceros-tour-de-arte-y-arquitectura-con-entradas\\\/\",\"name\":\"Tour por Valencia para cruceros | Arte y arquitectura\",\"isPartOf\":{\"@id\":\"https:\\\/\\\/upgrade.valenciaandgo.com\\\/it\\\/#website\"},\"primaryImageOfPage\":{\"@id\":\"https:\\\/\\\/upgrade.valenciaandgo.com\\\/excursiones-cruceros\\\/tour-por-valencia-cruceros-tour-de-arte-y-arquitectura-con-entradas\\\/#primaryimage\"},\"image\":{\"@id\":\"https:\\\/\\\/upgrade.valenciaandgo.com\\\/excursiones-cruceros\\\/tour-por-valencia-cruceros-tour-de-arte-y-arquitectura-con-entradas\\\/#primaryimage\"},\"thumbnailUrl\":\"https:\\\/\\\/upgrade.valenciaandgo.com\\\/wp-content\\\/uploads\\\/tours-excursiones\\\/03-arte-arquitectura\\\/tour-arte-arquitectura_2.webp\",\"datePublished\":\"2026-01-21T14:51:00+00:00\",\"dateModified\":\"2026-04-23T07:10:09+00:00\",\"description\":\"Tour por Valencia para cruceros, arte y arquitectura: visita guiada con entradas incluidas a la Lonja, Catedral y San Nicol\u00e1s, con gu\u00eda oficial local.\",\"breadcrumb\":{\"@id\":\"https:\\\/\\\/upgrade.valenciaandgo.com\\\/excursiones-cruceros\\\/tour-por-valencia-cruceros-tour-de-arte-y-arquitectura-con-entradas\\\/#breadcrumb\"},\"inLanguage\":\"pl-PL\",\"potentialAction\":[{\"@type\":\"ReadAction\",\"target\":[\"https:\\\/\\\/upgrade.valenciaandgo.com\\\/excursiones-cruceros\\\/tour-por-valencia-cruceros-tour-de-arte-y-arquitectura-con-entradas\\\/\"]}]},{\"@type\":\"ImageObject\",\"inLanguage\":\"pl-PL\",\"@id\":\"https:\\\/\\\/upgrade.valenciaandgo.com\\\/excursiones-cruceros\\\/tour-por-valencia-cruceros-tour-de-arte-y-arquitectura-con-entradas\\\/#primaryimage\",\"url\":\"https:\\\/\\\/upgrade.valenciaandgo.com\\\/wp-content\\\/uploads\\\/tours-excursiones\\\/03-arte-arquitectura\\\/tour-arte-arquitectura_2.webp\",\"contentUrl\":\"https:\\\/\\\/upgrade.valenciaandgo.com\\\/wp-content\\\/uploads\\\/tours-excursiones\\\/03-arte-arquitectura\\\/tour-arte-arquitectura_2.webp\",\"width\":920,\"height\":688,\"caption\":\"Catedral de San Nicol\u00e1s en Valencia\"},{\"@type\":\"BreadcrumbList\",\"@id\":\"https:\\\/\\\/upgrade.valenciaandgo.com\\\/excursiones-cruceros\\\/tour-por-valencia-cruceros-tour-de-arte-y-arquitectura-con-entradas\\\/#breadcrumb\",\"itemListElement\":[{\"@type\":\"ListItem\",\"position\":1,\"name\":\"Portada\",\"item\":\"https:\\\/\\\/upgrade.valenciaandgo.com\\\/\"},{\"@type\":\"ListItem\",\"position\":2,\"name\":\"Tours\",\"item\":\"https:\\\/\\\/upgrade.valenciaandgo.com\\\/tours\\\/\"},{\"@type\":\"ListItem\",\"position\":3,\"name\":\"Valencia al completo especial cruceros: Tour de arte y arquitectura con entradas\"}]},{\"@type\":\"WebSite\",\"@id\":\"https:\\\/\\\/upgrade.valenciaandgo.com\\\/it\\\/#website\",\"url\":\"https:\\\/\\\/upgrade.valenciaandgo.com\\\/it\\\/\",\"name\":\"Valencia&Go\",\"description\":\"Tours por Valencia y alrededores de ciudad.\",\"publisher\":{\"@id\":\"https:\\\/\\\/upgrade.valenciaandgo.com\\\/it\\\/#organization\"},\"potentialAction\":[{\"@type\":\"SearchAction\",\"target\":{\"@type\":\"EntryPoint\",\"urlTemplate\":\"https:\\\/\\\/upgrade.valenciaandgo.com\\\/it\\\/?s={search_term_string}\"},\"query-input\":{\"@type\":\"PropertyValueSpecification\",\"valueRequired\":true,\"valueName\":\"search_term_string\"}}],\"inLanguage\":\"pl-PL\"},{\"@type\":\"Organization\",\"@id\":\"https:\\\/\\\/upgrade.valenciaandgo.com\\\/it\\\/#organization\",\"name\":\"Valencia&Go\",\"url\":\"https:\\\/\\\/upgrade.valenciaandgo.com\\\/it\\\/\",\"logo\":{\"@type\":\"ImageObject\",\"inLanguage\":\"pl-PL\",\"@id\":\"https:\\\/\\\/upgrade.valenciaandgo.com\\\/it\\\/#\\\/schema\\\/logo\\\/image\\\/\",\"url\":\"https:\\\/\\\/upgrade.valenciaandgo.com\\\/wp-content\\\/uploads\\\/2025\\\/10\\\/valencia_go-svg-blnc-iso-naranja.svg\",\"contentUrl\":\"https:\\\/\\\/upgrade.valenciaandgo.com\\\/wp-content\\\/uploads\\\/2025\\\/10\\\/valencia_go-svg-blnc-iso-naranja.svg\",\"width\":434,\"height\":102,\"caption\":\"Valencia&Go\"},\"image\":{\"@id\":\"https:\\\/\\\/upgrade.valenciaandgo.com\\\/it\\\/#\\\/schema\\\/logo\\\/image\\\/\"},\"sameAs\":[\"https:\\\/\\\/www.facebook.com\\\/valenciaandgo\\\/\",\"https:\\\/\\\/www.instagram.com\\\/valenciaandgo\",\"https:\\\/\\\/www.linkedin.com\\\/company\\\/valencia-go\\\/\",\"https:\\\/\\\/www.tiktok.com\\\/@valenciaandgo\"]}]}<\/script>\n<!-- \/ Yoast SEO plugin. -->","yoast_head_json":{"title":"Wycieczka po Walencji dla wycieczkowicz\u00f3w | Sztuka i architektura","description":"Zwiedzanie Walencji dla wycieczkowicz\u00f3w, sztuka i architektura: wycieczka z przewodnikiem z wliczonymi biletami wst\u0119pu do Lonja, katedry i San Nicol\u00e1s, z oficjalnym lokalnym przewodnikiem.","robots":{"index":"noindex","follow":"follow","max-snippet":"max-snippet:-1","max-image-preview":"max-image-preview:large","max-video-preview":"max-video-preview:-1"},"og_locale":"pl_PL","og_type":"article","og_title":"Tour por Valencia para cruceros | Arte y arquitectura","og_description":"Tour por Valencia para cruceros, arte y arquitectura: visita guiada con entradas incluidas a la Lonja, Catedral y San Nicol\u00e1s, con gu\u00eda oficial local.","og_url":"https:\/\/upgrade.valenciaandgo.com\/pl\/wycieczki-rejsy\/zwiedzanie-walencji-rejsy-wycieczkowe-sztuka-i-architektura-z-biletami-wstepu\/","og_site_name":"Valencia&amp;Go","article_publisher":"https:\/\/www.facebook.com\/valenciaandgo\/","article_modified_time":"2026-04-23T07:10:09+00:00","og_image":[{"width":920,"height":688,"url":"https:\/\/upgrade.valenciaandgo.com\/wp-content\/uploads\/tours-excursiones\/03-arte-arquitectura\/tour-arte-arquitectura_2.webp","type":"image\/webp"}],"twitter_card":"summary_large_image","twitter_misc":{"Szacowany czas czytania":"5 minut"},"schema":{"@context":"https:\/\/schema.org","@graph":[{"@type":"WebPage","@id":"https:\/\/upgrade.valenciaandgo.com\/excursiones-cruceros\/tour-por-valencia-cruceros-tour-de-arte-y-arquitectura-con-entradas\/","url":"https:\/\/upgrade.valenciaandgo.com\/excursiones-cruceros\/tour-por-valencia-cruceros-tour-de-arte-y-arquitectura-con-entradas\/","name":"Wycieczka po Walencji dla wycieczkowicz\u00f3w | Sztuka i architektura","isPartOf":{"@id":"https:\/\/upgrade.valenciaandgo.com\/it\/#website"},"primaryImageOfPage":{"@id":"https:\/\/upgrade.valenciaandgo.com\/excursiones-cruceros\/tour-por-valencia-cruceros-tour-de-arte-y-arquitectura-con-entradas\/#primaryimage"},"image":{"@id":"https:\/\/upgrade.valenciaandgo.com\/excursiones-cruceros\/tour-por-valencia-cruceros-tour-de-arte-y-arquitectura-con-entradas\/#primaryimage"},"thumbnailUrl":"https:\/\/upgrade.valenciaandgo.com\/wp-content\/uploads\/tours-excursiones\/03-arte-arquitectura\/tour-arte-arquitectura_2.webp","datePublished":"2026-01-21T14:51:00+00:00","dateModified":"2026-04-23T07:10:09+00:00","description":"Zwiedzanie Walencji dla wycieczkowicz\u00f3w, sztuka i architektura: wycieczka z przewodnikiem z wliczonymi biletami wst\u0119pu do Lonja, katedry i San Nicol\u00e1s, z oficjalnym lokalnym przewodnikiem.","breadcrumb":{"@id":"https:\/\/upgrade.valenciaandgo.com\/excursiones-cruceros\/tour-por-valencia-cruceros-tour-de-arte-y-arquitectura-con-entradas\/#breadcrumb"},"inLanguage":"pl-PL","potentialAction":[{"@type":"ReadAction","target":["https:\/\/upgrade.valenciaandgo.com\/excursiones-cruceros\/tour-por-valencia-cruceros-tour-de-arte-y-arquitectura-con-entradas\/"]}]},{"@type":"ImageObject","inLanguage":"pl-PL","@id":"https:\/\/upgrade.valenciaandgo.com\/excursiones-cruceros\/tour-por-valencia-cruceros-tour-de-arte-y-arquitectura-con-entradas\/#primaryimage","url":"https:\/\/upgrade.valenciaandgo.com\/wp-content\/uploads\/tours-excursiones\/03-arte-arquitectura\/tour-arte-arquitectura_2.webp","contentUrl":"https:\/\/upgrade.valenciaandgo.com\/wp-content\/uploads\/tours-excursiones\/03-arte-arquitectura\/tour-arte-arquitectura_2.webp","width":920,"height":688,"caption":"Catedral de San Nicol\u00e1s en Valencia"},{"@type":"BreadcrumbList","@id":"https:\/\/upgrade.valenciaandgo.com\/excursiones-cruceros\/tour-por-valencia-cruceros-tour-de-arte-y-arquitectura-con-entradas\/#breadcrumb","itemListElement":[{"@type":"ListItem","position":1,"name":"Portada","item":"https:\/\/upgrade.valenciaandgo.com\/"},{"@type":"ListItem","position":2,"name":"Tours","item":"https:\/\/upgrade.valenciaandgo.com\/tours\/"},{"@type":"ListItem","position":3,"name":"Valencia al completo especial cruceros: Tour de arte y arquitectura con entradas"}]},{"@type":"WebSite","@id":"https:\/\/upgrade.valenciaandgo.com\/it\/#website","url":"https:\/\/upgrade.valenciaandgo.com\/it\/","name":"Valencia&amp;Go","description":"Wycieczki po Walencji i okolicach.","publisher":{"@id":"https:\/\/upgrade.valenciaandgo.com\/it\/#organization"},"potentialAction":[{"@type":"SearchAction","target":{"@type":"EntryPoint","urlTemplate":"https:\/\/upgrade.valenciaandgo.com\/it\/?s={search_term_string}"},"query-input":{"@type":"PropertyValueSpecification","valueRequired":true,"valueName":"search_term_string"}}],"inLanguage":"pl-PL"},{"@type":"Organization","@id":"https:\/\/upgrade.valenciaandgo.com\/it\/#organization","name":"Valencia&amp;Go","url":"https:\/\/upgrade.valenciaandgo.com\/it\/","logo":{"@type":"ImageObject","inLanguage":"pl-PL","@id":"https:\/\/upgrade.valenciaandgo.com\/it\/#\/schema\/logo\/image\/","url":"https:\/\/upgrade.valenciaandgo.com\/wp-content\/uploads\/2025\/10\/valencia_go-svg-blnc-iso-naranja.svg","contentUrl":"https:\/\/upgrade.valenciaandgo.com\/wp-content\/uploads\/2025\/10\/valencia_go-svg-blnc-iso-naranja.svg","width":434,"height":102,"caption":"Valencia&Go"},"image":{"@id":"https:\/\/upgrade.valenciaandgo.com\/it\/#\/schema\/logo\/image\/"},"sameAs":["https:\/\/www.facebook.com\/valenciaandgo\/","https:\/\/www.instagram.com\/valenciaandgo","https:\/\/www.linkedin.com\/company\/valencia-go\/","https:\/\/www.tiktok.com\/@valenciaandgo"]}]}},"_links":{"self":[{"href":"https:\/\/upgrade.valenciaandgo.com\/pl\/wp-json\/wp\/v2\/product\/5193","targetHints":{"allow":["GET"]}}],"collection":[{"href":"https:\/\/upgrade.valenciaandgo.com\/pl\/wp-json\/wp\/v2\/product"}],"about":[{"href":"https:\/\/upgrade.valenciaandgo.com\/pl\/wp-json\/wp\/v2\/types\/product"}],"version-history":[{"count":0,"href":"https:\/\/upgrade.valenciaandgo.com\/pl\/wp-json\/wp\/v2\/product\/5193\/revisions"}],"wp:featuredmedia":[{"embeddable":true,"href":"https:\/\/upgrade.valenciaandgo.com\/pl\/wp-json\/wp\/v2\/media\/5567"}],"wp:attachment":[{"href":"https:\/\/upgrade.valenciaandgo.com\/pl\/wp-json\/wp\/v2\/media?parent=5193"}],"wp:term":[{"taxonomy":"product_cat","embeddable":true,"href":"https:\/\/upgrade.valenciaandgo.com\/pl\/wp-json\/wp\/v2\/product_cat?post=5193"},{"taxonomy":"product_tag","embeddable":true,"href":"https:\/\/upgrade.valenciaandgo.com\/pl\/wp-json\/wp\/v2\/product_tag?post=5193"}],"curies":[{"name":"wp","href":"https:\/\/api.w.org\/{rel}","templated":true}]}}