{"id":5155,"date":"2026-01-21T11:06:21","date_gmt":"2026-01-21T11:06:21","guid":{"rendered":"https:\/\/new.valenciaandgo.com\/?post_type=product&#038;p=5155"},"modified":"2026-04-23T07:10:34","modified_gmt":"2026-04-23T07:10:34","slug":"rejsy-wycieczkowe-do-jaskin-san-jose","status":"publish","type":"product","link":"https:\/\/upgrade.valenciaandgo.com\/pl\/excursiones-cruceros\/excursion-cruceros-a-las-cuevas-de-san-jose\/","title":{"rendered":"Wycieczka statkiem po Jaskiniach \u015bw. J\u00f3zefa"},"content":{"rendered":"<div data-elementor-type=\"wp-post\" data-elementor-id=\"5155\" class=\"elementor elementor-5155\" data-elementor-post-type=\"product\">\n\t\t\t\t<div class=\"elementor-element elementor-element-62439f19 e-flex e-con-boxed e-con e-parent\" data-id=\"62439f19\" data-element_type=\"container\" data-e-type=\"container\" data-settings=\"{&quot;background_background&quot;:&quot;classic&quot;}\">\n\t\t\t\t\t<div class=\"e-con-inner\">\n\t\t\t\t<div class=\"elementor-element elementor-element-176dc364 elementor-widget elementor-widget-text-editor\" data-id=\"176dc364\" data-element_type=\"widget\" data-e-type=\"widget\" data-widget_type=\"text-editor.default\">\n\t\t\t\t\t\t\t\t\t<p class=\" translation-block\">Wejd\u017a w g\u0142\u0105b ziemi, aby odkry\u0107 ukryte pi\u0119kno <strong>Jaski\u0144 \u015bw. J\u00f3zefa<\/strong><\/p>\t\t\t\t\t\t\t\t<\/div>\n\t\t\t\t\t<\/div>\n\t\t\t\t<\/div>\n\t\t<div class=\"elementor-element elementor-element-2edc8891 e-flex e-con-boxed e-con e-parent\" data-id=\"2edc8891\" data-element_type=\"container\" data-e-type=\"container\" data-settings=\"{&quot;background_background&quot;:&quot;classic&quot;}\">\n\t\t\t\t\t<div class=\"e-con-inner\">\n\t\t\t\t<div class=\"elementor-element elementor-element-5fc6bde elementor-widget elementor-widget-heading\" data-id=\"5fc6bde\" data-element_type=\"widget\" data-e-type=\"widget\" data-widget_type=\"heading.default\">\n\t\t\t\t\t<h3 class=\"elementor-heading-title elementor-size-default\">Najwa\u017cniejsze punkty<\/h3>\t\t\t\t<\/div>\n\t\t\t\t<div class=\"elementor-element elementor-element-d7984c9 elementor-align-start elementor-icon-list--layout-traditional elementor-list-item-link-full_width elementor-widget elementor-widget-icon-list\" data-id=\"d7984c9\" data-element_type=\"widget\" data-e-type=\"widget\" data-widget_type=\"icon-list.default\">\n\t\t\t\t\t\t\t<ul class=\"elementor-icon-list-items\">\n\t\t\t\t\t\t\t<li class=\"elementor-icon-list-item\">\n\t\t\t\t\t\t\t\t\t\t\t<span class=\"elementor-icon-list-icon\">\n\t\t\t\t\t\t\t<svg aria-hidden=\"true\" class=\"e-font-icon-svg e-far-arrow-alt-circle-right\" viewbox=\"0 0 512 512\" xmlns=\"http:\/\/www.w3.org\/2000\/svg\"><path d=\"M504 256C504 119 393 8 256 8S8 119 8 256s111 248 248 248 248-111 248-248zm-448 0c0-110.5 89.5-200 200-200s200 89.5 200 200-89.5 200-200 200S56 366.5 56 256zm72 20v-40c0-6.6 5.4-12 12-12h116v-67c0-10.7 12.9-16 20.5-8.5l99 99c4.7 4.7 4.7 12.3 0 17l-99 99c-7.6 7.6-20.5 2.2-20.5-8.5v-67H140c-6.6 0-12-5.4-12-12z\"><\/path><\/svg>\t\t\t\t\t\t<\/span>\n\t\t\t\t\t\t\t\t\t\t<span class=\"elementor-icon-list-text\">Pop\u0142y\u0144 najd\u0142u\u017csz\u0105 podziemn\u0105 rzek\u0105 w Europie <\/span>\n\t\t\t\t\t\t\t\t\t<\/li>\n\t\t\t\t\t\t\t\t<li class=\"elementor-icon-list-item\">\n\t\t\t\t\t\t\t\t\t\t\t<span class=\"elementor-icon-list-icon\">\n\t\t\t\t\t\t\t<svg aria-hidden=\"true\" class=\"e-font-icon-svg e-far-arrow-alt-circle-right\" viewbox=\"0 0 512 512\" xmlns=\"http:\/\/www.w3.org\/2000\/svg\"><path d=\"M504 256C504 119 393 8 256 8S8 119 8 256s111 248 248 248 248-111 248-248zm-448 0c0-110.5 89.5-200 200-200s200 89.5 200 200-89.5 200-200 200S56 366.5 56 256zm72 20v-40c0-6.6 5.4-12 12-12h116v-67c0-10.7 12.9-16 20.5-8.5l99 99c4.7 4.7 4.7 12.3 0 17l-99 99c-7.6 7.6-20.5 2.2-20.5-8.5v-67H140c-6.6 0-12-5.4-12-12z\"><\/path><\/svg>\t\t\t\t\t\t<\/span>\n\t\t\t\t\t\t\t\t\t\t<span class=\"elementor-icon-list-text\">Podziwiaj niesamowite widoki Parku Naturalnego Sierra de Espad\u00e1n <\/span>\n\t\t\t\t\t\t\t\t\t<\/li>\n\t\t\t\t\t\t\t\t<li class=\"elementor-icon-list-item\">\n\t\t\t\t\t\t\t\t\t\t\t<span class=\"elementor-icon-list-icon\">\n\t\t\t\t\t\t\t<svg aria-hidden=\"true\" class=\"e-font-icon-svg e-far-arrow-alt-circle-right\" viewbox=\"0 0 512 512\" xmlns=\"http:\/\/www.w3.org\/2000\/svg\"><path d=\"M504 256C504 119 393 8 256 8S8 119 8 256s111 248 248 248 248-111 248-248zm-448 0c0-110.5 89.5-200 200-200s200 89.5 200 200-89.5 200-200 200S56 366.5 56 256zm72 20v-40c0-6.6 5.4-12 12-12h116v-67c0-10.7 12.9-16 20.5-8.5l99 99c4.7 4.7 4.7 12.3 0 17l-99 99c-7.6 7.6-20.5 2.2-20.5-8.5v-67H140c-6.6 0-12-5.4-12-12z\"><\/path><\/svg>\t\t\t\t\t\t<\/span>\n\t\t\t\t\t\t\t\t\t\t<span class=\"elementor-icon-list-text\">Ciesz si\u0119 panoramicznym zwiedzaniem miasta z komentarzem licencjonowanego przewodnika.<\/span>\n\t\t\t\t\t\t\t\t\t<\/li>\n\t\t\t\t\t\t<\/ul>\n\t\t\t\t\t\t<\/div>\n\t\t\t\t<div class=\"elementor-element elementor-element-16da7c49 elementor-widget-divider--view-line elementor-widget elementor-widget-divider\" data-id=\"16da7c49\" data-element_type=\"widget\" data-e-type=\"widget\" data-widget_type=\"divider.default\">\n\t\t\t\t\t\t\t<div class=\"elementor-divider\">\n\t\t\t<span class=\"elementor-divider-separator\">\n\t\t\t\t\t\t<\/span>\n\t\t<\/div>\n\t\t\t\t\t\t<\/div>\n\t\t\t\t<div class=\"elementor-element elementor-element-1167f10c elementor-widget elementor-widget-heading\" data-id=\"1167f10c\" data-element_type=\"widget\" data-e-type=\"widget\" data-widget_type=\"heading.default\">\n\t\t\t\t\t<h3 class=\"elementor-heading-title elementor-size-default\">Opis<\/h3>\t\t\t\t<\/div>\n\t\t\t\t<div class=\"elementor-element elementor-element-1c84e736 elementor-widget elementor-widget-heading\" data-id=\"1c84e736\" data-element_type=\"widget\" data-e-type=\"widget\" data-widget_type=\"heading.default\">\n\t\t\t\t\t<h4 class=\"elementor-heading-title elementor-size-default\">Jaskinie San Jos\u00e9 w Walencji: naturalny cud pe\u0142en tajemnic\n<\/h4>\t\t\t\t<\/div>\n\t\t\t\t<div class=\"elementor-element elementor-element-511e7619 elementor-widget elementor-widget-text-editor\" data-id=\"511e7619\" data-element_type=\"widget\" data-e-type=\"widget\" data-widget_type=\"text-editor.default\">\n\t\t\t\t\t\t\t\t\t<p>Po\u0142o\u017cone w sercu Vall d\u2019Uix\u00f3, Jaskinie \u015awi\u0119tego J\u00f3zefa stanowi\u0105 wyj\u0105tkowe widowisko natury. Ten system grot kryje najd\u0142u\u017csz\u0105 w Europie \u017ceglown\u0105 rzek\u0119 podziemn\u0105 o d\u0142ugo\u015bci 3000 metr\u00f3w, gdzie historia i geologia \u0142\u0105cz\u0105 si\u0119, tworz\u0105c krajobraz jak ze snu.<\/p>\t\t\t\t\t\t\t\t<\/div>\n\t\t\t\t<div class=\"elementor-element elementor-element-1b61c73b elementor-widget elementor-widget-heading\" data-id=\"1b61c73b\" data-element_type=\"widget\" data-e-type=\"widget\" data-widget_type=\"heading.default\">\n\t\t\t\t\t<h4 class=\"elementor-heading-title elementor-size-default\">Plan wycieczki:<\/h4>\t\t\t\t<\/div>\n\t\t\t\t<div class=\"elementor-element elementor-element-c855146 elementor-widget elementor-widget-heading\" data-id=\"c855146\" data-element_type=\"widget\" data-e-type=\"widget\" data-widget_type=\"heading.default\">\n\t\t\t\t\t<h4 class=\"elementor-heading-title elementor-size-default\">Zwiedzanie jaski\u0144:<\/h4>\t\t\t\t<\/div>\n\t\t\t\t<div class=\"elementor-element elementor-element-5fa50d5 elementor-widget elementor-widget-text-editor\" data-id=\"5fa50d5\" data-element_type=\"widget\" data-e-type=\"widget\" data-widget_type=\"text-editor.default\">\n\t\t\t\t\t\t\t\t\t<p class=\" translation-block\">Trasa zwiedzania wynosi 1 kilometr: <strong>850 metr\u00f3w \u0142odzi\u0105<\/strong>, w towarzystwie profesjonalnego przewodnika\u2013sternika, oraz <strong>250 metr\u00f3w pieszo<\/strong>. We wn\u0119trzu zobaczymy rozleg\u0142e galerie, sufity pokryte stalaktytami oraz przestrzenie znane jako <strong>\u201ekatedra\u201d<\/strong> czy <strong>\u201esala nietoperzy\u201d<\/strong>.<\/p>\t\t\t\t\t\t\t\t<\/div>\n\t\t\t\t<div class=\"elementor-element elementor-element-6a6c2ab8 elementor-widget elementor-widget-text-editor\" data-id=\"6a6c2ab8\" data-element_type=\"widget\" data-e-type=\"widget\" data-widget_type=\"text-editor.default\">\n\t\t\t\t\t\t\t\t\t<p class=\" translation-block\">Odkryjesz pocz\u0105tki jaski\u0144 \u015bw. J\u00f3zefa oraz ich rozw\u00f3j na przestrzeni lat. Ponadto b\u0119dziesz m\u00f3g\u0142 podziwia\u0107 imponuj\u0105ce widoki <strong>Parku Naturalnego Sierra de Espad\u00e1n<\/strong> z dawnej osady iberyjskiej, po\u0142o\u017conej tu\u017c nad wej\u015bciem do jaski\u0144.<\/p>\t\t\t\t\t\t\t\t<\/div>\n\t\t\t\t<div class=\"elementor-element elementor-element-011149b elementor-widget elementor-widget-text-editor\" data-id=\"011149b\" data-element_type=\"widget\" data-e-type=\"widget\" data-widget_type=\"text-editor.default\">\n\t\t\t\t\t\t\t\t\t<p>Ukryty skarb w g\u0142\u0119binach, pe\u0142en tajemnic, kt\u00f3re wci\u0105\u017c czekaj\u0105 na odkrycie. Odwa\u017c si\u0119 je odkry\u0107 z Valencia&amp;Go. Twoja przygoda zaczyna si\u0119 tutaj!<\/p>\t\t\t\t\t\t\t\t<\/div>\n\t\t\t\t<div class=\"elementor-element elementor-element-b4fe029 elementor-widget elementor-widget-heading\" data-id=\"b4fe029\" data-element_type=\"widget\" data-e-type=\"widget\" data-widget_type=\"heading.default\">\n\t\t\t\t\t<h4 class=\"elementor-heading-title elementor-size-default\">Zwiedzanie Jaski\u0144 \u015awi\u0119tego J\u00f3zefa z terminalu rejsowego:<\/h4>\t\t\t\t<\/div>\n\t\t\t\t<div class=\"elementor-element elementor-element-cf9c270 elementor-widget elementor-widget-text-editor\" data-id=\"cf9c270\" data-element_type=\"widget\" data-e-type=\"widget\" data-widget_type=\"text-editor.default\">\n\t\t\t\t\t\t\t\t\t<p>Je\u015bli podr\u00f3\u017cujesz statkiem wycieczkowym, mamy dla Ciebie idealn\u0105 propozycj\u0119: specjaln\u0105 wycieczk\u0119 dla pasa\u017cer\u00f3w rejs\u00f3w do Jaski\u0144 \u015awi\u0119tego J\u00f3zefa \u2013 magiczne do\u015bwiadczenie dla ca\u0142ej rodziny.<\/p><p class=\" translation-block\">Wybierz si\u0119 na <strong>wycieczk\u0119 dla pasa\u017cer\u00f3w rejs\u00f3w do Jaski\u0144 \u015awi\u0119tego J\u00f3zefa<\/strong> i odkryj jedno z najbardziej imponuj\u0105cych miejsc przyrodniczych we Wsp\u00f3lnocie Walenckiej. Uzupe\u0142nij to do\u015bwiadczenie o <strong>panoramiczne zwiedzanie miasta w wersji premium<\/strong> przed zako\u0144czeniem podr\u00f3\u017cy.<\/p><p><strong>*Minimalna wielko\u015b\u0107 grupy: 6 os\u00f3b<\/strong><\/p>\t\t\t\t\t\t\t\t<\/div>\n\t\t\t\t<div class=\"elementor-element elementor-element-193d80f8 elementor-widget-divider--view-line elementor-widget elementor-widget-divider\" data-id=\"193d80f8\" data-element_type=\"widget\" data-e-type=\"widget\" data-widget_type=\"divider.default\">\n\t\t\t\t\t\t\t<div class=\"elementor-divider\">\n\t\t\t<span class=\"elementor-divider-separator\">\n\t\t\t\t\t\t<\/span>\n\t\t<\/div>\n\t\t\t\t\t\t<\/div>\n\t\t\t\t<div class=\"elementor-element elementor-element-72e524a8 elementor-widget elementor-widget-heading\" data-id=\"72e524a8\" data-element_type=\"widget\" data-e-type=\"widget\" data-widget_type=\"heading.default\">\n\t\t\t\t\t<h3 class=\"elementor-heading-title elementor-size-default\">Wa\u017cne informacje<\/h3>\t\t\t\t<\/div>\n\t\t\t\t<div class=\"elementor-element elementor-element-233505e7 elementor-widget elementor-widget-text-editor\" data-id=\"233505e7\" data-element_type=\"widget\" data-e-type=\"widget\" data-widget_type=\"text-editor.default\">\n\t\t\t\t\t\t\t\t\t<p><strong>Terminy:<\/strong><\/p><ul><li>oko\u0142o 8:30h<\/li><\/ul>\t\t\t\t\t\t\t\t<\/div>\n\t\t\t\t<div class=\"elementor-element elementor-element-a935cbd elementor-widget elementor-widget-text-editor\" data-id=\"a935cbd\" data-element_type=\"widget\" data-e-type=\"widget\" data-widget_type=\"text-editor.default\">\n\t\t\t\t\t\t\t\t\t<p><strong>Zawiera:<\/strong><\/p><ul><li class=\" translation-block\"><strong>Ekskluzywny odbi\u00f3r<\/strong> z terminalu rejsowego.<\/li><li class=\" translation-block\"><strong>Transport<\/strong> dla ma\u0142ej grupy.<\/li><li class=\" translation-block\"><strong>Lokalny, licencjonowany przewodnik<\/strong>.<\/li><li>Bilety wst\u0119pu do Jaski\u0144 \u015awi\u0119tego J\u00f3zefa.<\/li><li class=\" translation-block\"><strong>45-minutowe panoramiczne zwiedzanie Walencji<\/strong> w drodze powrotnej z wizyty w jaskiniach.<\/li><\/ul>\t\t\t\t\t\t\t\t<\/div>\n\t\t\t\t<div class=\"elementor-element elementor-element-40e5e467 elementor-widget elementor-widget-text-editor\" data-id=\"40e5e467\" data-element_type=\"widget\" data-e-type=\"widget\" data-widget_type=\"text-editor.default\">\n\t\t\t\t\t\t\t\t\t<p><strong>Odbi\u00f3r:<\/strong><\/p><ul><li>Moll de Ponent, Terminal Trasmed (przy g\u0142\u00f3wnym wej\u015bciu, gdzie znajduje si\u0119 parking dla klient\u00f3w).<b style=\"letter-spacing: 0px;\"><\/b><\/li><\/ul>\t\t\t\t\t\t\t\t<\/div>\n\t\t\t\t<div class=\"elementor-element elementor-element-30a38c9 elementor-widget elementor-widget-text-editor\" data-id=\"30a38c9\" data-element_type=\"widget\" data-e-type=\"widget\" data-widget_type=\"text-editor.default\">\n\t\t\t\t\t\t\t\t\t<p><strong>Wa\u017cne informacje:<\/strong><\/p><p class=\" translation-block\"><strong>Czas odbioru<\/strong> jest <strong>orientacyjny<\/strong>; wy\u015blemy wiadomo\u015b\u0107 przez WhatsApp dzie\u0144 przed aktywno\u015bci\u0105, aby potwierdzi\u0107 godzin\u0119 i miejsce.<\/p><p class=\" translation-block\">Niezb\u0119dne jest <strong>podanie poprawnego numeru telefonu<\/strong>; nie ponosimy odpowiedzialno\u015bci za b\u0142\u0119dy w numerze ani za brak otrzymania informacji.<\/p><p class=\" translation-block\">Zaleca si\u0119 pobranie <strong>WhatsAppa<\/strong>, bezp\u0142atnej i \u0142atwej w obs\u0142udze aplikacji. W przypadku braku WhatsAppa wy\u015blemy informacje drog\u0105 mailow\u0105, aby zagwarantowa\u0107 ich otrzymanie.<\/p><p>\u00a0<\/p>\t\t\t\t\t\t\t\t<\/div>\n\t\t\t\t<div class=\"elementor-element elementor-element-10c1cb8a elementor-widget-divider--view-line elementor-widget elementor-widget-divider\" data-id=\"10c1cb8a\" data-element_type=\"widget\" data-e-type=\"widget\" data-widget_type=\"divider.default\">\n\t\t\t\t\t\t\t<div class=\"elementor-divider\">\n\t\t\t<span class=\"elementor-divider-separator\">\n\t\t\t\t\t\t<\/span>\n\t\t<\/div>\n\t\t\t\t\t\t<\/div>\n\t\t\t\t<div class=\"elementor-element elementor-element-5988b9a0 elementor-widget elementor-widget-heading\" data-id=\"5988b9a0\" data-element_type=\"widget\" data-e-type=\"widget\" data-widget_type=\"heading.default\">\n\t\t\t\t\t<h3 class=\"elementor-heading-title elementor-size-default\">Miejsce spotkania<\/h3>\t\t\t\t<\/div>\n\t\t\t\t<div class=\"elementor-element elementor-element-73e961b elementor-widget elementor-widget-text-editor\" data-id=\"73e961b\" data-element_type=\"widget\" data-e-type=\"widget\" data-widget_type=\"text-editor.default\">\n\t\t\t\t\t\t\t\t\t<p>Moll de Ponent, Terminal Trasmed (przy g\u0142\u00f3wnym wej\u015bciu, gdzie znajduje si\u0119 parking dla klient\u00f3w).<\/p>\t\t\t\t\t\t\t\t<\/div>\n\t\t\t\t<div class=\"elementor-element elementor-element-acfee8c elementor-widget-divider--view-line elementor-widget elementor-widget-divider\" data-id=\"acfee8c\" data-element_type=\"widget\" data-e-type=\"widget\" data-widget_type=\"divider.default\">\n\t\t\t\t\t\t\t<div class=\"elementor-divider\">\n\t\t\t<span class=\"elementor-divider-separator\">\n\t\t\t\t\t\t<\/span>\n\t\t<\/div>\n\t\t\t\t\t\t<\/div>\n\t\t\t\t<div class=\"elementor-element elementor-element-6d151194 elementor-widget elementor-widget-heading\" data-id=\"6d151194\" data-element_type=\"widget\" data-e-type=\"widget\" data-widget_type=\"heading.default\">\n\t\t\t\t\t<h3 class=\"elementor-heading-title elementor-size-default\">Najcz\u0119\u015bciej zadawane pytania<\/h3>\t\t\t\t<\/div>\n\t\t<div class=\"elementor-element elementor-element-4ce2ac1 e-con-full e-flex e-con e-child\" data-id=\"4ce2ac1\" data-element_type=\"container\" data-e-type=\"container\" data-settings=\"{&quot;background_background&quot;:&quot;classic&quot;}\">\n\t\t<div class=\"elementor-element elementor-element-056a768 e-con-full e-flex e-con e-child\" data-id=\"056a768\" data-element_type=\"container\" data-e-type=\"container\">\n\t\t\t\t<div class=\"elementor-element elementor-element-b8ea3d3 faq-desplegable elementor-widget elementor-widget-n-accordion\" data-id=\"b8ea3d3\" data-element_type=\"widget\" data-e-type=\"widget\" data-settings=\"{&quot;default_state&quot;:&quot;all_collapsed&quot;,&quot;max_items_expended&quot;:&quot;one&quot;,&quot;n_accordion_animation_duration&quot;:{&quot;unit&quot;:&quot;ms&quot;,&quot;size&quot;:400,&quot;sizes&quot;:[]}}\" data-widget_type=\"nested-accordion.default\">\n\t\t\t\t\t\t\t<div class=\"e-n-accordion\" aria-label=\"Akordeon. Otwieraj \u0142\u0105cza za pomoc\u0105 klawisza Enter lub spacji, zamykaj za pomoc\u0105 klawisza Escape i nawiguj za pomoc\u0105 klawiszy strza\u0142ek\">\n\t\t\t\t\t\t<details id=\"e-n-accordion-item-1930\" class=\"e-n-accordion-item\" >\n\t\t\t\t<summary class=\"e-n-accordion-item-title\" data-accordion-index=\"1\" tabindex=\"0\" aria-expanded=\"false\" aria-controls=\"e-n-accordion-item-1930\" >\n\t\t\t\t\t<span class='e-n-accordion-item-title-header'><div class=\"e-n-accordion-item-title-text\"> Jak rozpoznam przewodnika? <\/div><\/span>\n\t\t\t\t\t\t\t<span class='e-n-accordion-item-title-icon'>\n\t\t\t<span class='e-opened' ><svg aria-hidden=\"true\" class=\"e-font-icon-svg e-fas-minus\" viewbox=\"0 0 448 512\" xmlns=\"http:\/\/www.w3.org\/2000\/svg\"><path d=\"M416 208H32c-17.67 0-32 14.33-32 32v32c0 17.67 14.33 32 32 32h384c17.67 0 32-14.33 32-32v-32c0-17.67-14.33-32-32-32z\"><\/path><\/svg><\/span>\n\t\t\t<span class='e-closed'><svg aria-hidden=\"true\" class=\"e-font-icon-svg e-fas-plus\" viewbox=\"0 0 448 512\" xmlns=\"http:\/\/www.w3.org\/2000\/svg\"><path d=\"M416 208H272V64c0-17.67-14.33-32-32-32h-32c-17.67 0-32 14.33-32 32v144H32c-17.67 0-32 14.33-32 32v32c0 17.67 14.33 32 32 32h144v144c0 17.67 14.33 32 32 32h32c17.67 0 32-14.33 32-32V304h144c17.67 0 32-14.33 32-32v-32c0-17.67-14.33-32-32-32z\"><\/path><\/svg><\/span>\n\t\t<\/span>\n\n\t\t\t\t\t\t<\/summary>\n\t\t\t\t<div role=\"region\" aria-labelledby=\"e-n-accordion-item-1930\" class=\"elementor-element elementor-element-7eb0a14 e-con-full e-flex e-con e-child\" data-id=\"7eb0a14\" data-element_type=\"container\" data-e-type=\"container\">\n\t\t<div role=\"region\" aria-labelledby=\"e-n-accordion-item-1930\" class=\"elementor-element elementor-element-2a02bb0 e-flex e-con-boxed e-con e-child\" data-id=\"2a02bb0\" data-element_type=\"container\" data-e-type=\"container\">\n\t\t\t\t\t<div class=\"e-con-inner\">\n\t\t\t\t<div class=\"elementor-element elementor-element-e5e9c97 elementor-widget elementor-widget-text-editor\" data-id=\"e5e9c97\" data-element_type=\"widget\" data-e-type=\"widget\" data-widget_type=\"text-editor.default\">\n\t\t\t\t\t\t\t\t\t<p><span style=\"font-weight: 400;\">Wy\u015blemy Ci punkt spotkania kilka dni wcze\u015bniej. Licencjonowany przewodnik b\u0119dzie na Ciebie czeka\u0142 we wskazanym miejscu.<\/span><\/p>\t\t\t\t\t\t\t\t<\/div>\n\t\t\t\t\t<\/div>\n\t\t\t\t<\/div>\n\t\t\t\t<\/div>\n\t\t\t\t\t<\/details>\n\t\t\t\t\t\t<details id=\"e-n-accordion-item-1931\" class=\"e-n-accordion-item\" >\n\t\t\t\t<summary class=\"e-n-accordion-item-title\" data-accordion-index=\"2\" tabindex=\"-1\" aria-expanded=\"false\" aria-controls=\"e-n-accordion-item-1931\" >\n\t\t\t\t\t<span class='e-n-accordion-item-title-header'><div class=\"e-n-accordion-item-title-text\"> Co zarezerwowa\u0142em? <\/div><\/span>\n\t\t\t\t\t\t\t<span class='e-n-accordion-item-title-icon'>\n\t\t\t<span class='e-opened' ><svg aria-hidden=\"true\" class=\"e-font-icon-svg e-fas-minus\" viewbox=\"0 0 448 512\" xmlns=\"http:\/\/www.w3.org\/2000\/svg\"><path d=\"M416 208H32c-17.67 0-32 14.33-32 32v32c0 17.67 14.33 32 32 32h384c17.67 0 32-14.33 32-32v-32c0-17.67-14.33-32-32-32z\"><\/path><\/svg><\/span>\n\t\t\t<span class='e-closed'><svg aria-hidden=\"true\" class=\"e-font-icon-svg e-fas-plus\" viewbox=\"0 0 448 512\" xmlns=\"http:\/\/www.w3.org\/2000\/svg\"><path d=\"M416 208H272V64c0-17.67-14.33-32-32-32h-32c-17.67 0-32 14.33-32 32v144H32c-17.67 0-32 14.33-32 32v32c0 17.67 14.33 32 32 32h144v144c0 17.67 14.33 32 32 32h32c17.67 0 32-14.33 32-32V304h144c17.67 0 32-14.33 32-32v-32c0-17.67-14.33-32-32-32z\"><\/path><\/svg><\/span>\n\t\t<\/span>\n\n\t\t\t\t\t\t<\/summary>\n\t\t\t\t<div role=\"region\" aria-labelledby=\"e-n-accordion-item-1931\" class=\"elementor-element elementor-element-d0efca2 e-con-full e-flex e-con e-child\" data-id=\"d0efca2\" data-element_type=\"container\" data-e-type=\"container\">\n\t\t\t\t<div class=\"elementor-element elementor-element-919836e elementor-widget elementor-widget-text-editor\" data-id=\"919836e\" data-element_type=\"widget\" data-e-type=\"widget\" data-widget_type=\"text-editor.default\">\n\t\t\t\t\t\t\t\t\t<p class=\" translation-block\">Zarezerwowa\u0142e\u015b wycieczk\u0119 z transportem z terminalu rejsowego oraz z oficjalnym lokalnym przewodnikiem do Jaski\u0144 \u015awi\u0119tego J\u00f3zefa.<br>W ramach do\u015bwiadczenia zapewniony jest transfer, bilet wst\u0119pu do jaski\u0144 oraz rejs \u0142odzi\u0105 po najd\u0142u\u017cszej w Europie \u017ceglownej rzece podziemnej, a tak\u017ce czas wolny na podziwianie okolicy.<\/p>\t\t\t\t\t\t\t\t<\/div>\n\t\t\t\t<\/div>\n\t\t\t\t\t<\/details>\n\t\t\t\t\t\t<details id=\"e-n-accordion-item-1932\" class=\"e-n-accordion-item\" >\n\t\t\t\t<summary class=\"e-n-accordion-item-title\" data-accordion-index=\"3\" tabindex=\"-1\" aria-expanded=\"false\" aria-controls=\"e-n-accordion-item-1932\" >\n\t\t\t\t\t<span class='e-n-accordion-item-title-header'><div class=\"e-n-accordion-item-title-text\"> Polityka anulowania <\/div><\/span>\n\t\t\t\t\t\t\t<span class='e-n-accordion-item-title-icon'>\n\t\t\t<span class='e-opened' ><svg aria-hidden=\"true\" class=\"e-font-icon-svg e-fas-minus\" viewbox=\"0 0 448 512\" xmlns=\"http:\/\/www.w3.org\/2000\/svg\"><path d=\"M416 208H32c-17.67 0-32 14.33-32 32v32c0 17.67 14.33 32 32 32h384c17.67 0 32-14.33 32-32v-32c0-17.67-14.33-32-32-32z\"><\/path><\/svg><\/span>\n\t\t\t<span class='e-closed'><svg aria-hidden=\"true\" class=\"e-font-icon-svg e-fas-plus\" viewbox=\"0 0 448 512\" xmlns=\"http:\/\/www.w3.org\/2000\/svg\"><path d=\"M416 208H272V64c0-17.67-14.33-32-32-32h-32c-17.67 0-32 14.33-32 32v144H32c-17.67 0-32 14.33-32 32v32c0 17.67 14.33 32 32 32h144v144c0 17.67 14.33 32 32 32h32c17.67 0 32-14.33 32-32V304h144c17.67 0 32-14.33 32-32v-32c0-17.67-14.33-32-32-32z\"><\/path><\/svg><\/span>\n\t\t<\/span>\n\n\t\t\t\t\t\t<\/summary>\n\t\t\t\t<div role=\"region\" aria-labelledby=\"e-n-accordion-item-1932\" class=\"elementor-element elementor-element-c369900 e-con-full e-flex e-con e-child\" data-id=\"c369900\" data-element_type=\"container\" data-e-type=\"container\">\n\t\t\t\t<div class=\"elementor-element elementor-element-4e45b3d elementor-widget elementor-widget-text-editor\" data-id=\"4e45b3d\" data-element_type=\"widget\" data-e-type=\"widget\" data-widget_type=\"text-editor.default\">\n\t\t\t\t\t\t\t\t\t<p>Rezerwacj\u0119 mo\u017cna anulowa\u0107 bezp\u0142atnie na 24 godziny przed pocz\u0105tkiem wycieczki. Po up\u0142ywie tego terminu lub w przypadku niepojawienia si\u0119 na miejscu zwrot koszt\u00f3w nie b\u0119dzie mo\u017cliwy.<\/p>\t\t\t\t\t\t\t\t<\/div>\n\t\t\t\t<\/div>\n\t\t\t\t\t<\/details>\n\t\t\t\t\t\t<details id=\"e-n-accordion-item-1933\" class=\"e-n-accordion-item\" >\n\t\t\t\t<summary class=\"e-n-accordion-item-title\" data-accordion-index=\"4\" tabindex=\"-1\" aria-expanded=\"false\" aria-controls=\"e-n-accordion-item-1933\" >\n\t\t\t\t\t<span class='e-n-accordion-item-title-header'><div class=\"e-n-accordion-item-title-text\"> Czy mog\u0119 zabra\u0107 baga\u017c\/w\u00f3zek dzieci\u0119cy do autobusu? <\/div><\/span>\n\t\t\t\t\t\t\t<span class='e-n-accordion-item-title-icon'>\n\t\t\t<span class='e-opened' ><svg aria-hidden=\"true\" class=\"e-font-icon-svg e-fas-minus\" viewbox=\"0 0 448 512\" xmlns=\"http:\/\/www.w3.org\/2000\/svg\"><path d=\"M416 208H32c-17.67 0-32 14.33-32 32v32c0 17.67 14.33 32 32 32h384c17.67 0 32-14.33 32-32v-32c0-17.67-14.33-32-32-32z\"><\/path><\/svg><\/span>\n\t\t\t<span class='e-closed'><svg aria-hidden=\"true\" class=\"e-font-icon-svg e-fas-plus\" viewbox=\"0 0 448 512\" xmlns=\"http:\/\/www.w3.org\/2000\/svg\"><path d=\"M416 208H272V64c0-17.67-14.33-32-32-32h-32c-17.67 0-32 14.33-32 32v144H32c-17.67 0-32 14.33-32 32v32c0 17.67 14.33 32 32 32h144v144c0 17.67 14.33 32 32 32h32c17.67 0 32-14.33 32-32V304h144c17.67 0 32-14.33 32-32v-32c0-17.67-14.33-32-32-32z\"><\/path><\/svg><\/span>\n\t\t<\/span>\n\n\t\t\t\t\t\t<\/summary>\n\t\t\t\t<div role=\"region\" aria-labelledby=\"e-n-accordion-item-1933\" class=\"elementor-element elementor-element-087324f e-flex e-con-boxed e-con e-child\" data-id=\"087324f\" data-element_type=\"container\" data-e-type=\"container\">\n\t\t\t\t\t<div class=\"e-con-inner\">\n\t\t\t\t<div class=\"elementor-element elementor-element-f87e7ba elementor-widget elementor-widget-text-editor\" data-id=\"f87e7ba\" data-element_type=\"widget\" data-e-type=\"widget\" data-widget_type=\"text-editor.default\">\n\t\t\t\t\t\t\t\t\t<p>Tak, o ile jest to baga\u017c podr\u0119czny lub ma\u0142y plecak\/sk\u0142adany w\u00f3zek. Prosimy o poinformowanie nas o tym, aby zapewni\u0107 miejsce w autobusie.<\/p>\t\t\t\t\t\t\t\t<\/div>\n\t\t\t\t\t<\/div>\n\t\t\t\t<\/div>\n\t\t\t\t\t<\/details>\n\t\t\t\t\t<\/div>\n\t\t\t\t\t\t<\/div>\n\t\t\t\t<\/div>\n\t\t\t\t<\/div>\n\t\t\t\t\t<\/div>\n\t\t\t\t<\/div>\n\t\t\t\t<\/div>","protected":false},"excerpt":{"rendered":"<p class=\" translation-block\">Zanurz si\u0119 w <strong>sercu ziemi<\/strong>, aby odkry\u0107 <strong>ukryte pi\u0119kno Jaski\u0144 \u015bw. J\u00f3zefa.<\/strong><\/p>","protected":false},"featured_media":5563,"template":"","meta":{"_acf_changed":false},"product_cat":[20],"product_tag":[],"class_list":{"0":"post-5155","1":"product","2":"type-product","3":"status-publish","4":"has-post-thumbnail","6":"product_cat-excursiones-cruceros","8":"first","9":"instock","10":"virtual","11":"sold-individually","12":"taxable","13":"purchasable","14":"product-type-turitop"},"acf":[],"yoast_head":"<!-- This site is optimized with the Yoast SEO plugin v27.5 - https:\/\/yoast.com\/product\/yoast-seo-wordpress\/ -->\n<title>Excursi\u00f3n para cruceros a las Cuevas de San Jos\u00e9 | Valencia&amp;Go<\/title>\n<meta name=\"description\" content=\"Excursi\u00f3n especial cruceros a las cuevas de San Jos\u00e9 con todo incluido. Descubre este entorno natural m\u00e1gico de la mano de Valencia &amp; Go.\" \/>\n<meta name=\"robots\" content=\"noindex, follow, max-snippet:-1, max-image-preview:large, max-video-preview:-1\" \/>\n<meta property=\"og:locale\" content=\"pl_PL\" \/>\n<meta property=\"og:type\" content=\"article\" \/>\n<meta property=\"og:title\" content=\"Excursi\u00f3n para cruceros a las Cuevas de San Jos\u00e9 | Valencia&amp;Go\" \/>\n<meta property=\"og:description\" content=\"Excursi\u00f3n especial cruceros a las cuevas de San Jos\u00e9 con todo incluido. Descubre este entorno natural m\u00e1gico de la mano de Valencia &amp; Go.\" \/>\n<meta property=\"og:url\" content=\"https:\/\/upgrade.valenciaandgo.com\/pl\/wycieczki-rejsy\/rejsy-wycieczkowe-do-jaskin-san-jose\/\" \/>\n<meta property=\"og:site_name\" content=\"Valencia&amp;Go\" \/>\n<meta property=\"article:publisher\" content=\"https:\/\/www.facebook.com\/valenciaandgo\/\" \/>\n<meta property=\"article:modified_time\" content=\"2026-04-23T07:10:34+00:00\" \/>\n<meta property=\"og:image\" content=\"https:\/\/upgrade.valenciaandgo.com\/wp-content\/uploads\/tours-excursiones\/02-cuevas-san-jose\/cuevas-san-jose_4.webp\" \/>\n\t<meta property=\"og:image:width\" content=\"920\" \/>\n\t<meta property=\"og:image:height\" content=\"688\" \/>\n\t<meta property=\"og:image:type\" content=\"image\/webp\" \/>\n<meta name=\"twitter:card\" content=\"summary_large_image\" \/>\n<meta name=\"twitter:label1\" content=\"Szacowany czas czytania\" \/>\n\t<meta name=\"twitter:data1\" content=\"4 minuty\" \/>\n<script type=\"application\/ld+json\" class=\"yoast-schema-graph\">{\"@context\":\"https:\\\/\\\/schema.org\",\"@graph\":[{\"@type\":\"WebPage\",\"@id\":\"https:\\\/\\\/upgrade.valenciaandgo.com\\\/excursiones-cruceros\\\/excursion-cruceros-a-las-cuevas-de-san-jose\\\/\",\"url\":\"https:\\\/\\\/upgrade.valenciaandgo.com\\\/excursiones-cruceros\\\/excursion-cruceros-a-las-cuevas-de-san-jose\\\/\",\"name\":\"Excursi\u00f3n para cruceros a las Cuevas de San Jos\u00e9 | Valencia&Go\",\"isPartOf\":{\"@id\":\"https:\\\/\\\/upgrade.valenciaandgo.com\\\/it\\\/#website\"},\"primaryImageOfPage\":{\"@id\":\"https:\\\/\\\/upgrade.valenciaandgo.com\\\/excursiones-cruceros\\\/excursion-cruceros-a-las-cuevas-de-san-jose\\\/#primaryimage\"},\"image\":{\"@id\":\"https:\\\/\\\/upgrade.valenciaandgo.com\\\/excursiones-cruceros\\\/excursion-cruceros-a-las-cuevas-de-san-jose\\\/#primaryimage\"},\"thumbnailUrl\":\"https:\\\/\\\/upgrade.valenciaandgo.com\\\/wp-content\\\/uploads\\\/tours-excursiones\\\/02-cuevas-san-jose\\\/cuevas-san-jose_4.webp\",\"datePublished\":\"2026-01-21T11:06:21+00:00\",\"dateModified\":\"2026-04-23T07:10:34+00:00\",\"description\":\"Excursi\u00f3n especial cruceros a las cuevas de San Jos\u00e9 con todo incluido. Descubre este entorno natural m\u00e1gico de la mano de Valencia & Go.\",\"breadcrumb\":{\"@id\":\"https:\\\/\\\/upgrade.valenciaandgo.com\\\/excursiones-cruceros\\\/excursion-cruceros-a-las-cuevas-de-san-jose\\\/#breadcrumb\"},\"inLanguage\":\"pl-PL\",\"potentialAction\":[{\"@type\":\"ReadAction\",\"target\":[\"https:\\\/\\\/upgrade.valenciaandgo.com\\\/excursiones-cruceros\\\/excursion-cruceros-a-las-cuevas-de-san-jose\\\/\"]}]},{\"@type\":\"ImageObject\",\"inLanguage\":\"pl-PL\",\"@id\":\"https:\\\/\\\/upgrade.valenciaandgo.com\\\/excursiones-cruceros\\\/excursion-cruceros-a-las-cuevas-de-san-jose\\\/#primaryimage\",\"url\":\"https:\\\/\\\/upgrade.valenciaandgo.com\\\/wp-content\\\/uploads\\\/tours-excursiones\\\/02-cuevas-san-jose\\\/cuevas-san-jose_4.webp\",\"contentUrl\":\"https:\\\/\\\/upgrade.valenciaandgo.com\\\/wp-content\\\/uploads\\\/tours-excursiones\\\/02-cuevas-san-jose\\\/cuevas-san-jose_4.webp\",\"width\":920,\"height\":688,\"caption\":\"Disfruta de una excursi\u00f3n guiada a las Cuevas de San Jos\u00e9, ideales para familias, parejas y viajeros que buscan experiencias diferentes en Valencia.\"},{\"@type\":\"BreadcrumbList\",\"@id\":\"https:\\\/\\\/upgrade.valenciaandgo.com\\\/excursiones-cruceros\\\/excursion-cruceros-a-las-cuevas-de-san-jose\\\/#breadcrumb\",\"itemListElement\":[{\"@type\":\"ListItem\",\"position\":1,\"name\":\"Portada\",\"item\":\"https:\\\/\\\/upgrade.valenciaandgo.com\\\/\"},{\"@type\":\"ListItem\",\"position\":2,\"name\":\"Tours\",\"item\":\"https:\\\/\\\/upgrade.valenciaandgo.com\\\/tours\\\/\"},{\"@type\":\"ListItem\",\"position\":3,\"name\":\"Excursi\u00f3n cruceros a las Cuevas de San Jos\u00e9\"}]},{\"@type\":\"WebSite\",\"@id\":\"https:\\\/\\\/upgrade.valenciaandgo.com\\\/it\\\/#website\",\"url\":\"https:\\\/\\\/upgrade.valenciaandgo.com\\\/it\\\/\",\"name\":\"Valencia&Go\",\"description\":\"Tours por Valencia y alrededores de ciudad.\",\"publisher\":{\"@id\":\"https:\\\/\\\/upgrade.valenciaandgo.com\\\/it\\\/#organization\"},\"potentialAction\":[{\"@type\":\"SearchAction\",\"target\":{\"@type\":\"EntryPoint\",\"urlTemplate\":\"https:\\\/\\\/upgrade.valenciaandgo.com\\\/it\\\/?s={search_term_string}\"},\"query-input\":{\"@type\":\"PropertyValueSpecification\",\"valueRequired\":true,\"valueName\":\"search_term_string\"}}],\"inLanguage\":\"pl-PL\"},{\"@type\":\"Organization\",\"@id\":\"https:\\\/\\\/upgrade.valenciaandgo.com\\\/it\\\/#organization\",\"name\":\"Valencia&Go\",\"url\":\"https:\\\/\\\/upgrade.valenciaandgo.com\\\/it\\\/\",\"logo\":{\"@type\":\"ImageObject\",\"inLanguage\":\"pl-PL\",\"@id\":\"https:\\\/\\\/upgrade.valenciaandgo.com\\\/it\\\/#\\\/schema\\\/logo\\\/image\\\/\",\"url\":\"https:\\\/\\\/upgrade.valenciaandgo.com\\\/wp-content\\\/uploads\\\/2025\\\/10\\\/valencia_go-svg-blnc-iso-naranja.svg\",\"contentUrl\":\"https:\\\/\\\/upgrade.valenciaandgo.com\\\/wp-content\\\/uploads\\\/2025\\\/10\\\/valencia_go-svg-blnc-iso-naranja.svg\",\"width\":434,\"height\":102,\"caption\":\"Valencia&Go\"},\"image\":{\"@id\":\"https:\\\/\\\/upgrade.valenciaandgo.com\\\/it\\\/#\\\/schema\\\/logo\\\/image\\\/\"},\"sameAs\":[\"https:\\\/\\\/www.facebook.com\\\/valenciaandgo\\\/\",\"https:\\\/\\\/www.instagram.com\\\/valenciaandgo\",\"https:\\\/\\\/www.linkedin.com\\\/company\\\/valencia-go\\\/\",\"https:\\\/\\\/www.tiktok.com\\\/@valenciaandgo\"]}]}<\/script>\n<!-- \/ Yoast SEO plugin. -->","yoast_head_json":{"title":"Wycieczka dla wycieczkowicz\u00f3w do jaski\u0144 San Jos\u00e9 : Valencia&amp;Go","description":"Specjalna wycieczka do jaski\u0144 San Jos\u00e9 z all inclusive. Odkryj to magiczne \u015brodowisko naturalne z Valencia &amp; Go.","robots":{"index":"noindex","follow":"follow","max-snippet":"max-snippet:-1","max-image-preview":"max-image-preview:large","max-video-preview":"max-video-preview:-1"},"og_locale":"pl_PL","og_type":"article","og_title":"Excursi\u00f3n para cruceros a las Cuevas de San Jos\u00e9 | Valencia&Go","og_description":"Excursi\u00f3n especial cruceros a las cuevas de San Jos\u00e9 con todo incluido. Descubre este entorno natural m\u00e1gico de la mano de Valencia & Go.","og_url":"https:\/\/upgrade.valenciaandgo.com\/pl\/wycieczki-rejsy\/rejsy-wycieczkowe-do-jaskin-san-jose\/","og_site_name":"Valencia&amp;Go","article_publisher":"https:\/\/www.facebook.com\/valenciaandgo\/","article_modified_time":"2026-04-23T07:10:34+00:00","og_image":[{"width":920,"height":688,"url":"https:\/\/upgrade.valenciaandgo.com\/wp-content\/uploads\/tours-excursiones\/02-cuevas-san-jose\/cuevas-san-jose_4.webp","type":"image\/webp"}],"twitter_card":"summary_large_image","twitter_misc":{"Szacowany czas czytania":"4 minuty"},"schema":{"@context":"https:\/\/schema.org","@graph":[{"@type":"WebPage","@id":"https:\/\/upgrade.valenciaandgo.com\/excursiones-cruceros\/excursion-cruceros-a-las-cuevas-de-san-jose\/","url":"https:\/\/upgrade.valenciaandgo.com\/excursiones-cruceros\/excursion-cruceros-a-las-cuevas-de-san-jose\/","name":"Wycieczka dla wycieczkowicz\u00f3w do jaski\u0144 San Jos\u00e9 : Valencia&amp;Go","isPartOf":{"@id":"https:\/\/upgrade.valenciaandgo.com\/it\/#website"},"primaryImageOfPage":{"@id":"https:\/\/upgrade.valenciaandgo.com\/excursiones-cruceros\/excursion-cruceros-a-las-cuevas-de-san-jose\/#primaryimage"},"image":{"@id":"https:\/\/upgrade.valenciaandgo.com\/excursiones-cruceros\/excursion-cruceros-a-las-cuevas-de-san-jose\/#primaryimage"},"thumbnailUrl":"https:\/\/upgrade.valenciaandgo.com\/wp-content\/uploads\/tours-excursiones\/02-cuevas-san-jose\/cuevas-san-jose_4.webp","datePublished":"2026-01-21T11:06:21+00:00","dateModified":"2026-04-23T07:10:34+00:00","description":"Specjalna wycieczka do jaski\u0144 San Jos\u00e9 z all inclusive. Odkryj to magiczne \u015brodowisko naturalne z Valencia &amp; Go.","breadcrumb":{"@id":"https:\/\/upgrade.valenciaandgo.com\/excursiones-cruceros\/excursion-cruceros-a-las-cuevas-de-san-jose\/#breadcrumb"},"inLanguage":"pl-PL","potentialAction":[{"@type":"ReadAction","target":["https:\/\/upgrade.valenciaandgo.com\/excursiones-cruceros\/excursion-cruceros-a-las-cuevas-de-san-jose\/"]}]},{"@type":"ImageObject","inLanguage":"pl-PL","@id":"https:\/\/upgrade.valenciaandgo.com\/excursiones-cruceros\/excursion-cruceros-a-las-cuevas-de-san-jose\/#primaryimage","url":"https:\/\/upgrade.valenciaandgo.com\/wp-content\/uploads\/tours-excursiones\/02-cuevas-san-jose\/cuevas-san-jose_4.webp","contentUrl":"https:\/\/upgrade.valenciaandgo.com\/wp-content\/uploads\/tours-excursiones\/02-cuevas-san-jose\/cuevas-san-jose_4.webp","width":920,"height":688,"caption":"Disfruta de una excursi\u00f3n guiada a las Cuevas de San Jos\u00e9, ideales para familias, parejas y viajeros que buscan experiencias diferentes en Valencia."},{"@type":"BreadcrumbList","@id":"https:\/\/upgrade.valenciaandgo.com\/excursiones-cruceros\/excursion-cruceros-a-las-cuevas-de-san-jose\/#breadcrumb","itemListElement":[{"@type":"ListItem","position":1,"name":"Portada","item":"https:\/\/upgrade.valenciaandgo.com\/"},{"@type":"ListItem","position":2,"name":"Tours","item":"https:\/\/upgrade.valenciaandgo.com\/tours\/"},{"@type":"ListItem","position":3,"name":"Excursi\u00f3n cruceros a las Cuevas de San Jos\u00e9"}]},{"@type":"WebSite","@id":"https:\/\/upgrade.valenciaandgo.com\/it\/#website","url":"https:\/\/upgrade.valenciaandgo.com\/it\/","name":"Valencia&amp;Go","description":"Wycieczki po Walencji i okolicach.","publisher":{"@id":"https:\/\/upgrade.valenciaandgo.com\/it\/#organization"},"potentialAction":[{"@type":"SearchAction","target":{"@type":"EntryPoint","urlTemplate":"https:\/\/upgrade.valenciaandgo.com\/it\/?s={search_term_string}"},"query-input":{"@type":"PropertyValueSpecification","valueRequired":true,"valueName":"search_term_string"}}],"inLanguage":"pl-PL"},{"@type":"Organization","@id":"https:\/\/upgrade.valenciaandgo.com\/it\/#organization","name":"Valencia&amp;Go","url":"https:\/\/upgrade.valenciaandgo.com\/it\/","logo":{"@type":"ImageObject","inLanguage":"pl-PL","@id":"https:\/\/upgrade.valenciaandgo.com\/it\/#\/schema\/logo\/image\/","url":"https:\/\/upgrade.valenciaandgo.com\/wp-content\/uploads\/2025\/10\/valencia_go-svg-blnc-iso-naranja.svg","contentUrl":"https:\/\/upgrade.valenciaandgo.com\/wp-content\/uploads\/2025\/10\/valencia_go-svg-blnc-iso-naranja.svg","width":434,"height":102,"caption":"Valencia&Go"},"image":{"@id":"https:\/\/upgrade.valenciaandgo.com\/it\/#\/schema\/logo\/image\/"},"sameAs":["https:\/\/www.facebook.com\/valenciaandgo\/","https:\/\/www.instagram.com\/valenciaandgo","https:\/\/www.linkedin.com\/company\/valencia-go\/","https:\/\/www.tiktok.com\/@valenciaandgo"]}]}},"_links":{"self":[{"href":"https:\/\/upgrade.valenciaandgo.com\/pl\/wp-json\/wp\/v2\/product\/5155","targetHints":{"allow":["GET"]}}],"collection":[{"href":"https:\/\/upgrade.valenciaandgo.com\/pl\/wp-json\/wp\/v2\/product"}],"about":[{"href":"https:\/\/upgrade.valenciaandgo.com\/pl\/wp-json\/wp\/v2\/types\/product"}],"version-history":[{"count":0,"href":"https:\/\/upgrade.valenciaandgo.com\/pl\/wp-json\/wp\/v2\/product\/5155\/revisions"}],"wp:featuredmedia":[{"embeddable":true,"href":"https:\/\/upgrade.valenciaandgo.com\/pl\/wp-json\/wp\/v2\/media\/5563"}],"wp:attachment":[{"href":"https:\/\/upgrade.valenciaandgo.com\/pl\/wp-json\/wp\/v2\/media?parent=5155"}],"wp:term":[{"taxonomy":"product_cat","embeddable":true,"href":"https:\/\/upgrade.valenciaandgo.com\/pl\/wp-json\/wp\/v2\/product_cat?post=5155"},{"taxonomy":"product_tag","embeddable":true,"href":"https:\/\/upgrade.valenciaandgo.com\/pl\/wp-json\/wp\/v2\/product_tag?post=5155"}],"curies":[{"name":"wp","href":"https:\/\/api.w.org\/{rel}","templated":true}]}}