{"id":5149,"date":"2026-01-21T10:27:37","date_gmt":"2026-01-21T10:27:37","guid":{"rendered":"https:\/\/new.valenciaandgo.com\/?post_type=product&#038;p=5149"},"modified":"2026-04-23T07:10:47","modified_gmt":"2026-04-23T07:10:47","slug":"romantyczna-wycieczka-do-albufery","status":"publish","type":"product","link":"https:\/\/upgrade.valenciaandgo.com\/pl\/excursiones\/excursion-romantica-a-la-albufera\/","title":{"rendered":"Romantyczna wycieczka do Albufery"},"content":{"rendered":"<div data-elementor-type=\"wp-post\" data-elementor-id=\"5149\" class=\"elementor elementor-5149\" data-elementor-post-type=\"product\">\n\t\t\t\t<div class=\"elementor-element elementor-element-7ae32e1e e-flex e-con-boxed e-con e-parent\" data-id=\"7ae32e1e\" data-element_type=\"container\" data-e-type=\"container\" data-settings=\"{&quot;background_background&quot;:&quot;classic&quot;}\">\n\t\t\t\t\t<div class=\"e-con-inner\">\n\t\t\t\t<div class=\"elementor-element elementor-element-2a3b8586 elementor-widget elementor-widget-text-editor\" data-id=\"2a3b8586\" data-element_type=\"widget\" data-e-type=\"widget\" data-widget_type=\"text-editor.default\">\n\t\t\t\t\t\t\t\t\t<p>Zapraszamy na prywatn\u0105, romantyczn\u0105 wycieczk\u0119 po Albuferze <strong>.<\/strong><\/p>\t\t\t\t\t\t\t\t<\/div>\n\t\t\t\t<div class=\"elementor-element elementor-element-7e4f52e3 elementor-widget elementor-widget-heading\" data-id=\"7e4f52e3\" data-element_type=\"widget\" data-e-type=\"widget\" data-widget_type=\"heading.default\">\n\t\t\t\t\t<h3 class=\"elementor-heading-title elementor-size-default\">Najwa\u017cniejsze punkty<\/h3>\t\t\t\t<\/div>\n\t\t\t\t<div class=\"elementor-element elementor-element-35b2e0fe elementor-align-start elementor-icon-list--layout-traditional elementor-list-item-link-full_width elementor-widget elementor-widget-icon-list\" data-id=\"35b2e0fe\" data-element_type=\"widget\" data-e-type=\"widget\" data-widget_type=\"icon-list.default\">\n\t\t\t\t\t\t\t<ul class=\"elementor-icon-list-items\">\n\t\t\t\t\t\t\t<li class=\"elementor-icon-list-item\">\n\t\t\t\t\t\t\t\t\t\t\t<span class=\"elementor-icon-list-icon\">\n\t\t\t\t\t\t\t<svg aria-hidden=\"true\" class=\"e-font-icon-svg e-far-arrow-alt-circle-right\" viewbox=\"0 0 512 512\" xmlns=\"http:\/\/www.w3.org\/2000\/svg\"><path d=\"M504 256C504 119 393 8 256 8S8 119 8 256s111 248 248 248 248-111 248-248zm-448 0c0-110.5 89.5-200 200-200s200 89.5 200 200-89.5 200-200 200S56 366.5 56 256zm72 20v-40c0-6.6 5.4-12 12-12h116v-67c0-10.7 12.9-16 20.5-8.5l99 99c4.7 4.7 4.7 12.3 0 17l-99 99c-7.6 7.6-20.5 2.2-20.5-8.5v-67H140c-6.6 0-12-5.4-12-12z\"><\/path><\/svg>\t\t\t\t\t\t<\/span>\n\t\t\t\t\t\t\t\t\t\t<span class=\"elementor-icon-list-text\">Ciesz si\u0119 przeja\u017cd\u017ck\u0105 \u0142odzi\u0105, sp\u0119dzaj\u0105c troch\u0119 czasu sam na sam ze swoim partnerem\/partnerk\u0105<\/span>\n\t\t\t\t\t\t\t\t\t<\/li>\n\t\t\t\t\t\t\t\t<li class=\"elementor-icon-list-item\">\n\t\t\t\t\t\t\t\t\t\t\t<span class=\"elementor-icon-list-icon\">\n\t\t\t\t\t\t\t<svg aria-hidden=\"true\" class=\"e-font-icon-svg e-far-arrow-alt-circle-right\" viewbox=\"0 0 512 512\" xmlns=\"http:\/\/www.w3.org\/2000\/svg\"><path d=\"M504 256C504 119 393 8 256 8S8 119 8 256s111 248 248 248 248-111 248-248zm-448 0c0-110.5 89.5-200 200-200s200 89.5 200 200-89.5 200-200 200S56 366.5 56 256zm72 20v-40c0-6.6 5.4-12 12-12h116v-67c0-10.7 12.9-16 20.5-8.5l99 99c4.7 4.7 4.7 12.3 0 17l-99 99c-7.6 7.6-20.5 2.2-20.5-8.5v-67H140c-6.6 0-12-5.4-12-12z\"><\/path><\/svg>\t\t\t\t\t\t<\/span>\n\t\t\t\t\t\t\t\t\t\t<span class=\"elementor-icon-list-text\">Pozw\u00f3l nam zabra\u0107 Ci\u0119 tam prywatnym transportem wliczonym w cen\u0119 <\/span>\n\t\t\t\t\t\t\t\t\t<\/li>\n\t\t\t\t\t\t\t\t<li class=\"elementor-icon-list-item\">\n\t\t\t\t\t\t\t\t\t\t\t<span class=\"elementor-icon-list-icon\">\n\t\t\t\t\t\t\t<svg aria-hidden=\"true\" class=\"e-font-icon-svg e-far-arrow-alt-circle-right\" viewbox=\"0 0 512 512\" xmlns=\"http:\/\/www.w3.org\/2000\/svg\"><path d=\"M504 256C504 119 393 8 256 8S8 119 8 256s111 248 248 248 248-111 248-248zm-448 0c0-110.5 89.5-200 200-200s200 89.5 200 200-89.5 200-200 200S56 366.5 56 256zm72 20v-40c0-6.6 5.4-12 12-12h116v-67c0-10.7 12.9-16 20.5-8.5l99 99c4.7 4.7 4.7 12.3 0 17l-99 99c-7.6 7.6-20.5 2.2-20.5-8.5v-67H140c-6.6 0-12-5.4-12-12z\"><\/path><\/svg>\t\t\t\t\t\t<\/span>\n\t\t\t\t\t\t\t\t\t\t<span class=\"elementor-icon-list-text\">Poznaj Park Przyrody Albufera z najwa\u017cniejszymi przystankami<\/span>\n\t\t\t\t\t\t\t\t\t<\/li>\n\t\t\t\t\t\t<\/ul>\n\t\t\t\t\t\t<\/div>\n\t\t\t\t<div class=\"elementor-element elementor-element-2508df2c elementor-widget-divider--view-line elementor-widget elementor-widget-divider\" data-id=\"2508df2c\" data-element_type=\"widget\" data-e-type=\"widget\" data-widget_type=\"divider.default\">\n\t\t\t\t\t\t\t<div class=\"elementor-divider\">\n\t\t\t<span class=\"elementor-divider-separator\">\n\t\t\t\t\t\t<\/span>\n\t\t<\/div>\n\t\t\t\t\t\t<\/div>\n\t\t\t\t<div class=\"elementor-element elementor-element-723becf8 elementor-widget elementor-widget-heading\" data-id=\"723becf8\" data-element_type=\"widget\" data-e-type=\"widget\" data-widget_type=\"heading.default\">\n\t\t\t\t\t<h3 class=\"elementor-heading-title elementor-size-default\">Opis<\/h3>\t\t\t\t<\/div>\n\t\t\t\t<div class=\"elementor-element elementor-element-6e3887f8 elementor-widget elementor-widget-heading\" data-id=\"6e3887f8\" data-element_type=\"widget\" data-e-type=\"widget\" data-widget_type=\"heading.default\">\n\t\t\t\t\t<h4 class=\"elementor-heading-title elementor-size-default\">Prywatna romantyczna wycieczka do Albufery\n<\/h4>\t\t\t\t<\/div>\n\t\t\t\t<div class=\"elementor-element elementor-element-d5e6fba elementor-widget elementor-widget-heading\" data-id=\"d5e6fba\" data-element_type=\"widget\" data-e-type=\"widget\" data-widget_type=\"heading.default\">\n\t\t\t\t\t<h5 class=\"elementor-heading-title elementor-size-default\">Je\u015bli chcesz oczarowa\u0107 swoj\u0105 drug\u0105 po\u0142\u00f3wk\u0119, czytaj uwa\u017cnie...<\/h5>\t\t\t\t<\/div>\n\t\t\t\t<div class=\"elementor-element elementor-element-a9f9130 elementor-widget elementor-widget-text-editor\" data-id=\"a9f9130\" data-element_type=\"widget\" data-e-type=\"widget\" data-widget_type=\"text-editor.default\">\n\t\t\t\t\t\t\t\t\t<p>Wyobra\u017a sobie <strong>WYCIECZK\u0118 \u0141ODZI\u0104<\/strong> pod lagunie, po\u015brodku <strong>przyrody,<\/strong> tylko we dwoje, z delikatn\u0105 morsk\u0105 bryz\u0105 muskaj\u0105c\u0105 twarz, \u015bpiewem ptak\u00f3w i \u0142odzi\u0105 ko\u0142ysz\u0105c\u0105 si\u0119 lekko w rytm fal... w letni wiecz\u00f3r, w promieniach s\u0142o\u0144ca i z ulubion\u0105 osob\u0105 u boku.<\/p><p>\u00a0<\/p>\t\t\t\t\t\t\t\t<\/div>\n\t\t\t\t<div class=\"elementor-element elementor-element-ba22b72 elementor-widget elementor-widget-heading\" data-id=\"ba22b72\" data-element_type=\"widget\" data-e-type=\"widget\" data-widget_type=\"heading.default\">\n\t\t\t\t\t<h5 class=\"elementor-heading-title elementor-size-default\">Idylla, prawda?<\/h5>\t\t\t\t<\/div>\n\t\t\t\t<div class=\"elementor-element elementor-element-96296ec elementor-widget elementor-widget-text-editor\" data-id=\"96296ec\" data-element_type=\"widget\" data-e-type=\"widget\" data-widget_type=\"text-editor.default\">\n\t\t\t\t\t\t\t\t\t<p>Po wycieczce sternik zostawia Was na innej \u0142odzi, kt\u00f3ra jest przeznaczona wy\u0142\u0105cznie dla Was. I odp\u0142ywa. \u0141\u00f3d\u017a jest starannie udekorowana na t\u0119 okazj\u0119, a na jej pok\u0142adzie znajduje si\u0119 <strong>aperitif,<\/strong> kt\u00f3ry ju\u017c na Was czeka.<\/p><p>Teraz jeste\u015bcie sami, delektuj\u0105c si\u0119 kieliszkiem wina i kontempluj\u0105c zach\u00f3d s\u0142o\u0144ca, z widokiem na g\u00f3ry na horyzoncie, w samym sercu Albufery.<\/p><p>\u00a0<\/p>\t\t\t\t\t\t\t\t<\/div>\n\t\t\t\t<div class=\"elementor-element elementor-element-3353ff8 elementor-widget elementor-widget-heading\" data-id=\"3353ff8\" data-element_type=\"widget\" data-e-type=\"widget\" data-widget_type=\"heading.default\">\n\t\t\t\t\t<h5 class=\"elementor-heading-title elementor-size-default\">Jak by\u015b si\u0119 czu\u0142?<\/h5>\t\t\t\t<\/div>\n\t\t\t\t<div class=\"elementor-element elementor-element-5a8128f elementor-widget elementor-widget-text-editor\" data-id=\"5a8128f\" data-element_type=\"widget\" data-e-type=\"widget\" data-widget_type=\"text-editor.default\">\n\t\t\t\t\t\t\t\t\t<p>Atmosfera, sceneria, prywatno\u015b\u0107 i pi\u0119kno, kt\u00f3re zapewnia <strong>park przyrody Albufera...<\/strong> Nie znajdziesz tego nigdzie indziej.<\/p><p>Jego spok\u00f3j, \u015bwie\u017ce powietrze, poczucie wolno\u015bci i spe\u0142nienia stworz\u0105 aur\u0119 romantyzmu idealn\u0105 do sp\u0119dzenia czasu z ukochan\u0105 osob\u0105.<\/p><p>I to jest dok\u0142adnie to, czego mo\u017cesz do\u015bwiadczy\u0107 dzi\u0119ki naszym <strong>prywatnym wycieczkom po lagunie<\/strong>w tej bajkowej scenerii.<\/p><p>Na specjaln\u0105 okazj\u0119, prezent, o\u015bwiadczyny... lub dlatego, \u017ce chcesz zaskoczy\u0107 swoj\u0105 drug\u0105 po\u0142\u00f3wk\u0119, tak po prostu!<\/p>\t\t\t\t\t\t\t\t<\/div>\n\t\t\t\t<div class=\"elementor-element elementor-element-5f636476 elementor-widget-divider--view-line elementor-widget elementor-widget-divider\" data-id=\"5f636476\" data-element_type=\"widget\" data-e-type=\"widget\" data-widget_type=\"divider.default\">\n\t\t\t\t\t\t\t<div class=\"elementor-divider\">\n\t\t\t<span class=\"elementor-divider-separator\">\n\t\t\t\t\t\t<\/span>\n\t\t<\/div>\n\t\t\t\t\t\t<\/div>\n\t\t\t\t<div class=\"elementor-element elementor-element-4ae59fb4 elementor-widget elementor-widget-heading\" data-id=\"4ae59fb4\" data-element_type=\"widget\" data-e-type=\"widget\" data-widget_type=\"heading.default\">\n\t\t\t\t\t<h3 class=\"elementor-heading-title elementor-size-default\">Wa\u017cne informacje<\/h3>\t\t\t\t<\/div>\n\t\t\t\t<div class=\"elementor-element elementor-element-8b7585e elementor-widget elementor-widget-text-editor\" data-id=\"8b7585e\" data-element_type=\"widget\" data-e-type=\"widget\" data-widget_type=\"text-editor.default\">\n\t\t\t\t\t\t\t\t\t<p><strong>Harmonogram:<\/strong><\/p><ul><li><p>Sam zdecyduj, czy b\u0119dzie to poranek, czy popo\u0142udnie.<\/p><ul><li><p>Rano od godziny 9:30.<\/p><\/li><li><p>Po po\u0142udniu od 15:30 (w zale\u017cno\u015bci od pory roku; nale\u017cy dostosowa\u0107 czas do godziny zachodu s\u0142o\u0144ca).<\/p><\/li><\/ul><\/li><\/ul>\t\t\t\t\t\t\t\t<\/div>\n\t\t\t\t<div class=\"elementor-element elementor-element-5e23553 elementor-widget elementor-widget-text-editor\" data-id=\"5e23553\" data-element_type=\"widget\" data-e-type=\"widget\" data-widget_type=\"text-editor.default\">\n\t\t\t\t\t\t\t\t\t<ul><li><p><strong>Zabierzemy Was do parku przyrody<\/strong> (to tylko 20 minut od miasta), a po drodze zrobimy cztery niezb\u0119dne przystanki, aby pokaza\u0107 Wam autentyczno\u015b\u0107 i pi\u0119kno lokalnego ekosystemu.<\/p><\/li><li><p><strong>Momento barca:<\/strong> Tak! Nadszed\u0142 czas na przeja\u017cd\u017ck\u0119 \u0142odzi\u0105.<br \/>Skorzystacie z przeja\u017cd\u017cki \u0142odzi\u0105 ze sternikiem, a nast\u0119pnie zostaniecie sami w prywatnej \u0142odzi, aby cieszy\u0107 si\u0119 aperitifem i zachodem s\u0142o\u0144ca.<\/p><\/li><\/ul><p><strong>\u015ar\u00f3dziemnomorski aperitif:<\/strong><\/p><ul><li>Szynka, orzechy w\u0142oskie i pomidorki koktajlowe<\/li><li>Wyb\u00f3r najlepszych ser\u00f3w<\/li><li>Frytki, oliwa z oliwek, iberyjska kie\u0142basa fuet<\/li><li>Butelka wina lub piwa do wyboru i woda<\/li><li>Specjalna degustacja owoc\u00f3w lub s\u0142odyczy<\/li><li>Staranna dekoracja sto\u0142u i \u0142odzi<\/li><li>Dostosowujemy si\u0119 do Twoich upodoba\u0144: je\u015bli masz alergie lub preferencje, daj nam zna\u0107, a my stworzymy dla Ciebie spersonalizowan\u0105 przek\u0105sk\u0119 (wegetaria\u0144sk\u0105, wega\u0144sk\u0105, bezglutenow\u0105, tylko s\u0142odkie, tylko pikantne...).<\/li><\/ul><p>Na co czekasz, aby cieszy\u0107 si\u0119 t\u0105 magiczn\u0105 przygod\u0105?<\/p><p>Skontaktuj si\u0119 z nami niezobowi\u0105zuj\u0105co, a odpowiemy na wszelkie pytania \ud83d\ude09.<\/p>\t\t\t\t\t\t\t\t<\/div>\n\t\t\t\t<div class=\"elementor-element elementor-element-1453daf9 elementor-widget-divider--view-line elementor-widget elementor-widget-divider\" data-id=\"1453daf9\" data-element_type=\"widget\" data-e-type=\"widget\" data-widget_type=\"divider.default\">\n\t\t\t\t\t\t\t<div class=\"elementor-divider\">\n\t\t\t<span class=\"elementor-divider-separator\">\n\t\t\t\t\t\t<\/span>\n\t\t<\/div>\n\t\t\t\t\t\t<\/div>\n\t\t\t\t<div class=\"elementor-element elementor-element-5d7cff98 elementor-widget elementor-widget-heading\" data-id=\"5d7cff98\" data-element_type=\"widget\" data-e-type=\"widget\" data-widget_type=\"heading.default\">\n\t\t\t\t\t<h3 class=\"elementor-heading-title elementor-size-default\">Miejsce spotkania<\/h3>\t\t\t\t<\/div>\n\t\t\t\t<div class=\"elementor-element elementor-element-1da24dfd elementor-widget elementor-widget-text-editor\" data-id=\"1da24dfd\" data-element_type=\"widget\" data-e-type=\"widget\" data-widget_type=\"text-editor.default\">\n\t\t\t\t\t\t\t\t\t<p>Pojedziemy, gdzie nam ka\u017cesz!<\/p>\t\t\t\t\t\t\t\t<\/div>\n\t\t\t\t<div class=\"elementor-element elementor-element-89efcd0 elementor-widget elementor-widget-text-editor\" data-id=\"89efcd0\" data-element_type=\"widget\" data-e-type=\"widget\" data-widget_type=\"text-editor.default\">\n\t\t\t\t\t\t\t\t\t<p>*Je\u015bli wybrany punkt znajduje si\u0119 w trudno dost\u0119pnym miejscu lub jest zamkni\u0119ty dla ruchu ko\u0142owego, wska\u017cemy najbli\u017csze miejsce spotkania z przewodnikiem.<\/p>\t\t\t\t\t\t\t\t<\/div>\n\t\t\t\t<div class=\"elementor-element elementor-element-5bd86b0e elementor-widget-divider--view-line elementor-widget elementor-widget-divider\" data-id=\"5bd86b0e\" data-element_type=\"widget\" data-e-type=\"widget\" data-widget_type=\"divider.default\">\n\t\t\t\t\t\t\t<div class=\"elementor-divider\">\n\t\t\t<span class=\"elementor-divider-separator\">\n\t\t\t\t\t\t<\/span>\n\t\t<\/div>\n\t\t\t\t\t\t<\/div>\n\t\t\t\t<div class=\"elementor-element elementor-element-1f2d9f0a elementor-widget elementor-widget-heading\" data-id=\"1f2d9f0a\" data-element_type=\"widget\" data-e-type=\"widget\" data-widget_type=\"heading.default\">\n\t\t\t\t\t<h3 class=\"elementor-heading-title elementor-size-default\">Najcz\u0119\u015bciej zadawane pytania<\/h3>\t\t\t\t<\/div>\n\t\t<div class=\"elementor-element elementor-element-fff8db5 e-con-full e-flex e-con e-child\" data-id=\"fff8db5\" data-element_type=\"container\" data-e-type=\"container\">\n\t\t<div class=\"elementor-element elementor-element-c6ba6af e-con-full e-flex e-con e-child\" data-id=\"c6ba6af\" data-element_type=\"container\" data-e-type=\"container\" data-settings=\"{&quot;background_background&quot;:&quot;classic&quot;}\">\n\t\t\t\t<div class=\"elementor-element elementor-element-085fd14 faq-desplegable elementor-widget elementor-widget-n-accordion\" data-id=\"085fd14\" data-element_type=\"widget\" data-e-type=\"widget\" data-settings=\"{&quot;default_state&quot;:&quot;all_collapsed&quot;,&quot;max_items_expended&quot;:&quot;one&quot;,&quot;n_accordion_animation_duration&quot;:{&quot;unit&quot;:&quot;ms&quot;,&quot;size&quot;:400,&quot;sizes&quot;:[]}}\" data-widget_type=\"nested-accordion.default\">\n\t\t\t\t\t\t\t<div class=\"e-n-accordion\" aria-label=\"Akordeon. Otwieraj \u0142\u0105cza za pomoc\u0105 klawisza Enter lub spacji, zamykaj za pomoc\u0105 klawisza Escape i nawiguj za pomoc\u0105 klawiszy strza\u0142ek\">\n\t\t\t\t\t\t<details id=\"e-n-accordion-item-8780\" class=\"e-n-accordion-item\" >\n\t\t\t\t<summary class=\"e-n-accordion-item-title\" data-accordion-index=\"1\" tabindex=\"0\" aria-expanded=\"false\" aria-controls=\"e-n-accordion-item-8780\" >\n\t\t\t\t\t<span class='e-n-accordion-item-title-header'><div class=\"e-n-accordion-item-title-text\"> Jak rozpoznam przewodnika? <\/div><\/span>\n\t\t\t\t\t\t\t<span class='e-n-accordion-item-title-icon'>\n\t\t\t<span class='e-opened' ><svg aria-hidden=\"true\" class=\"e-font-icon-svg e-fas-minus\" viewbox=\"0 0 448 512\" xmlns=\"http:\/\/www.w3.org\/2000\/svg\"><path d=\"M416 208H32c-17.67 0-32 14.33-32 32v32c0 17.67 14.33 32 32 32h384c17.67 0 32-14.33 32-32v-32c0-17.67-14.33-32-32-32z\"><\/path><\/svg><\/span>\n\t\t\t<span class='e-closed'><svg aria-hidden=\"true\" class=\"e-font-icon-svg e-fas-plus\" viewbox=\"0 0 448 512\" xmlns=\"http:\/\/www.w3.org\/2000\/svg\"><path d=\"M416 208H272V64c0-17.67-14.33-32-32-32h-32c-17.67 0-32 14.33-32 32v144H32c-17.67 0-32 14.33-32 32v32c0 17.67 14.33 32 32 32h144v144c0 17.67 14.33 32 32 32h32c17.67 0 32-14.33 32-32V304h144c17.67 0 32-14.33 32-32v-32c0-17.67-14.33-32-32-32z\"><\/path><\/svg><\/span>\n\t\t<\/span>\n\n\t\t\t\t\t\t<\/summary>\n\t\t\t\t<div role=\"region\" aria-labelledby=\"e-n-accordion-item-8780\" class=\"elementor-element elementor-element-a3dd5bb e-con-full e-flex e-con e-child\" data-id=\"a3dd5bb\" data-element_type=\"container\" data-e-type=\"container\">\n\t\t<div role=\"region\" aria-labelledby=\"e-n-accordion-item-8780\" class=\"elementor-element elementor-element-ad72184 e-flex e-con-boxed e-con e-child\" data-id=\"ad72184\" data-element_type=\"container\" data-e-type=\"container\">\n\t\t\t\t\t<div class=\"e-con-inner\">\n\t\t\t\t<div class=\"elementor-element elementor-element-bfd17a5 elementor-widget elementor-widget-text-editor\" data-id=\"bfd17a5\" data-element_type=\"widget\" data-e-type=\"widget\" data-widget_type=\"text-editor.default\">\n\t\t\t\t\t\t\t\t\t<p data-renderer-start-pos=\"836\">Przewodnika z oficjaln\u0105 akredytacj\u0105 spotkasz na miejscu zbi\u00f3rki. Mo\u017cesz zapyta\u0107 o Valencia&amp;Go, a je\u015bli nie mo\u017cesz go znale\u017a\u0107, mo\u017cesz skontaktowa\u0107 si\u0119 z nami bezpo\u015brednio przez WhatsApp, aby uzyska\u0107 dok\u0142adne wskaz\u00f3wki.<\/p><ul class=\"ak-ul\" data-indent-level=\"1\"><li><p data-renderer-start-pos=\"1098\">Hotel NH Valencia Center: autobus zatrzymuje si\u0119 pod drzwiami hotelu<\/p><\/li><li><p data-renderer-start-pos=\"1146\">Wie\u017ce Serranos: poczekaj przy schodach prowadz\u0105cych na wie\u017ce<\/p><\/li><li><p data-renderer-start-pos=\"1214\">Ciudad de la Justicia: czerwony przystanek autobusowy przed budynkiem<\/p><\/li><\/ul>\t\t\t\t\t\t\t\t<\/div>\n\t\t\t\t\t<\/div>\n\t\t\t\t<\/div>\n\t\t\t\t<\/div>\n\t\t\t\t\t<\/details>\n\t\t\t\t\t\t<details id=\"e-n-accordion-item-8781\" class=\"e-n-accordion-item\" >\n\t\t\t\t<summary class=\"e-n-accordion-item-title\" data-accordion-index=\"2\" tabindex=\"-1\" aria-expanded=\"false\" aria-controls=\"e-n-accordion-item-8781\" >\n\t\t\t\t\t<span class='e-n-accordion-item-title-header'><div class=\"e-n-accordion-item-title-text\"> Co zarezerwowa\u0142em? <\/div><\/span>\n\t\t\t\t\t\t\t<span class='e-n-accordion-item-title-icon'>\n\t\t\t<span class='e-opened' ><svg aria-hidden=\"true\" class=\"e-font-icon-svg e-fas-minus\" viewbox=\"0 0 448 512\" xmlns=\"http:\/\/www.w3.org\/2000\/svg\"><path d=\"M416 208H32c-17.67 0-32 14.33-32 32v32c0 17.67 14.33 32 32 32h384c17.67 0 32-14.33 32-32v-32c0-17.67-14.33-32-32-32z\"><\/path><\/svg><\/span>\n\t\t\t<span class='e-closed'><svg aria-hidden=\"true\" class=\"e-font-icon-svg e-fas-plus\" viewbox=\"0 0 448 512\" xmlns=\"http:\/\/www.w3.org\/2000\/svg\"><path d=\"M416 208H272V64c0-17.67-14.33-32-32-32h-32c-17.67 0-32 14.33-32 32v144H32c-17.67 0-32 14.33-32 32v32c0 17.67 14.33 32 32 32h144v144c0 17.67 14.33 32 32 32h32c17.67 0 32-14.33 32-32V304h144c17.67 0 32-14.33 32-32v-32c0-17.67-14.33-32-32-32z\"><\/path><\/svg><\/span>\n\t\t<\/span>\n\n\t\t\t\t\t\t<\/summary>\n\t\t\t\t<div role=\"region\" aria-labelledby=\"e-n-accordion-item-8781\" class=\"elementor-element elementor-element-5b639a6 e-con-full e-flex e-con e-child\" data-id=\"5b639a6\" data-element_type=\"container\" data-e-type=\"container\">\n\t\t\t\t<div class=\"elementor-element elementor-element-5875867 elementor-widget elementor-widget-text-editor\" data-id=\"5875867\" data-element_type=\"widget\" data-e-type=\"widget\" data-widget_type=\"text-editor.default\">\n\t\t\t\t\t\t\t\t\t<p>Zarezerwowa\u0142e\u015b prywatn\u0105 wycieczk\u0119 do parku Albufera, kt\u00f3ra obejmuje wizyt\u0119 w parku przyrody z licencjonowanym przewodnikiem, prywatny transport i rejs \u0142odzi\u0105 po lagunie z prywatnym sternikiem.<\/p>\t\t\t\t\t\t\t\t<\/div>\n\t\t\t\t<\/div>\n\t\t\t\t\t<\/details>\n\t\t\t\t\t\t<details id=\"e-n-accordion-item-8782\" class=\"e-n-accordion-item\" >\n\t\t\t\t<summary class=\"e-n-accordion-item-title\" data-accordion-index=\"3\" tabindex=\"-1\" aria-expanded=\"false\" aria-controls=\"e-n-accordion-item-8782\" >\n\t\t\t\t\t<span class='e-n-accordion-item-title-header'><div class=\"e-n-accordion-item-title-text\"> Polityka anulowania <\/div><\/span>\n\t\t\t\t\t\t\t<span class='e-n-accordion-item-title-icon'>\n\t\t\t<span class='e-opened' ><svg aria-hidden=\"true\" class=\"e-font-icon-svg e-fas-minus\" viewbox=\"0 0 448 512\" xmlns=\"http:\/\/www.w3.org\/2000\/svg\"><path d=\"M416 208H32c-17.67 0-32 14.33-32 32v32c0 17.67 14.33 32 32 32h384c17.67 0 32-14.33 32-32v-32c0-17.67-14.33-32-32-32z\"><\/path><\/svg><\/span>\n\t\t\t<span class='e-closed'><svg aria-hidden=\"true\" class=\"e-font-icon-svg e-fas-plus\" viewbox=\"0 0 448 512\" xmlns=\"http:\/\/www.w3.org\/2000\/svg\"><path d=\"M416 208H272V64c0-17.67-14.33-32-32-32h-32c-17.67 0-32 14.33-32 32v144H32c-17.67 0-32 14.33-32 32v32c0 17.67 14.33 32 32 32h144v144c0 17.67 14.33 32 32 32h32c17.67 0 32-14.33 32-32V304h144c17.67 0 32-14.33 32-32v-32c0-17.67-14.33-32-32-32z\"><\/path><\/svg><\/span>\n\t\t<\/span>\n\n\t\t\t\t\t\t<\/summary>\n\t\t\t\t<div role=\"region\" aria-labelledby=\"e-n-accordion-item-8782\" class=\"elementor-element elementor-element-c0d4107 e-con-full e-flex e-con e-child\" data-id=\"c0d4107\" data-element_type=\"container\" data-e-type=\"container\">\n\t\t\t\t<div class=\"elementor-element elementor-element-5fb1141 elementor-widget elementor-widget-text-editor\" data-id=\"5fb1141\" data-element_type=\"widget\" data-e-type=\"widget\" data-widget_type=\"text-editor.default\">\n\t\t\t\t\t\t\t\t\t<p><span style=\"font-weight: 400;\">Mo\u017cesz odwo\u0142a\u0107 rezerwacj\u0119 bezp\u0142atnie w terminie wskazanym na karcie produktu. Po up\u0142ywie tego terminu lub w przypadku niepojawienia si\u0119, zwrot nie b\u0119dzie realizowany.<\/span><\/p>\t\t\t\t\t\t\t\t<\/div>\n\t\t\t\t<\/div>\n\t\t\t\t\t<\/details>\n\t\t\t\t\t\t<details id=\"e-n-accordion-item-8783\" class=\"e-n-accordion-item\" >\n\t\t\t\t<summary class=\"e-n-accordion-item-title\" data-accordion-index=\"4\" tabindex=\"-1\" aria-expanded=\"false\" aria-controls=\"e-n-accordion-item-8783\" >\n\t\t\t\t\t<span class='e-n-accordion-item-title-header'><div class=\"e-n-accordion-item-title-text\"> Czy mog\u0119 zabra\u0107 baga\u017c\/w\u00f3zek dzieci\u0119cy do autobusu? <\/div><\/span>\n\t\t\t\t\t\t\t<span class='e-n-accordion-item-title-icon'>\n\t\t\t<span class='e-opened' ><svg aria-hidden=\"true\" class=\"e-font-icon-svg e-fas-minus\" viewbox=\"0 0 448 512\" xmlns=\"http:\/\/www.w3.org\/2000\/svg\"><path d=\"M416 208H32c-17.67 0-32 14.33-32 32v32c0 17.67 14.33 32 32 32h384c17.67 0 32-14.33 32-32v-32c0-17.67-14.33-32-32-32z\"><\/path><\/svg><\/span>\n\t\t\t<span class='e-closed'><svg aria-hidden=\"true\" class=\"e-font-icon-svg e-fas-plus\" viewbox=\"0 0 448 512\" xmlns=\"http:\/\/www.w3.org\/2000\/svg\"><path d=\"M416 208H272V64c0-17.67-14.33-32-32-32h-32c-17.67 0-32 14.33-32 32v144H32c-17.67 0-32 14.33-32 32v32c0 17.67 14.33 32 32 32h144v144c0 17.67 14.33 32 32 32h32c17.67 0 32-14.33 32-32V304h144c17.67 0 32-14.33 32-32v-32c0-17.67-14.33-32-32-32z\"><\/path><\/svg><\/span>\n\t\t<\/span>\n\n\t\t\t\t\t\t<\/summary>\n\t\t\t\t<div role=\"region\" aria-labelledby=\"e-n-accordion-item-8783\" class=\"elementor-element elementor-element-505ee7a e-flex e-con-boxed e-con e-child\" data-id=\"505ee7a\" data-element_type=\"container\" data-e-type=\"container\">\n\t\t\t\t\t<div class=\"e-con-inner\">\n\t\t\t\t<div class=\"elementor-element elementor-element-8420e71 elementor-widget elementor-widget-text-editor\" data-id=\"8420e71\" data-element_type=\"widget\" data-e-type=\"widget\" data-widget_type=\"text-editor.default\">\n\t\t\t\t\t\t\t\t\t<p>Tak, o ile jest to baga\u017c podr\u0119czny lub ma\u0142y plecak\/sk\u0142adany w\u00f3zek. Prosimy o poinformowanie nas o tym, aby zapewni\u0107 miejsce w autobusie.<\/p>\t\t\t\t\t\t\t\t<\/div>\n\t\t\t\t\t<\/div>\n\t\t\t\t<\/div>\n\t\t\t\t\t<\/details>\n\t\t\t\t\t<\/div>\n\t\t\t\t\t\t<\/div>\n\t\t\t\t<\/div>\n\t\t\t\t<\/div>\n\t\t\t\t\t<\/div>\n\t\t\t\t<\/div>\n\t\t\t\t<\/div>","protected":false},"excerpt":{"rendered":"<div class=\"woocommerce-product-details__short-description\">\n<p>Ciesz si\u0119 t\u0105 wycieczk\u0105 w prywatny i romantyczny spos\u00f3b.<\/p>\n<\/div>","protected":false},"featured_media":5712,"template":"","meta":{"_acf_changed":false},"product_cat":[19],"product_tag":[],"class_list":{"0":"post-5149","1":"product","2":"type-product","3":"status-publish","4":"has-post-thumbnail","6":"product_cat-excursiones","8":"first","9":"instock","10":"virtual","11":"sold-individually","12":"taxable","13":"purchasable","14":"product-type-turitop"},"acf":[],"yoast_head":"<!-- This site is optimized with the Yoast SEO plugin v27.5 - https:\/\/yoast.com\/product\/yoast-seo-wordpress\/ -->\n<title>Excursi\u00f3n rom\u00e1ntica a la Albufera | Valencia &amp; Go<\/title>\n<meta name=\"description\" content=\"\u00bfQuieres sorprender a tu pareja? Regala esta experiencia id\u00edlica en un paraje de ensue\u00f1o: calma, intimidad y naturaleza en la Albufera.\" \/>\n<meta name=\"robots\" content=\"noindex, follow, max-snippet:-1, max-image-preview:large, max-video-preview:-1\" \/>\n<meta property=\"og:locale\" content=\"pl_PL\" \/>\n<meta property=\"og:type\" content=\"article\" \/>\n<meta property=\"og:title\" content=\"Excursi\u00f3n rom\u00e1ntica a la Albufera | Valencia &amp; Go\" \/>\n<meta property=\"og:description\" content=\"\u00bfQuieres sorprender a tu pareja? Regala esta experiencia id\u00edlica en un paraje de ensue\u00f1o: calma, intimidad y naturaleza en la Albufera.\" \/>\n<meta property=\"og:url\" content=\"https:\/\/upgrade.valenciaandgo.com\/pl\/wycieczki\/romantyczna-wycieczka-do-albufery\/\" \/>\n<meta property=\"og:site_name\" content=\"Valencia&amp;Go\" \/>\n<meta property=\"article:publisher\" content=\"https:\/\/www.facebook.com\/valenciaandgo\/\" \/>\n<meta property=\"article:modified_time\" content=\"2026-04-23T07:10:47+00:00\" \/>\n<meta property=\"og:image\" content=\"https:\/\/upgrade.valenciaandgo.com\/wp-content\/uploads\/tours-excursiones\/24-albufera-romantica\/albufera-romantica_6.webp\" \/>\n\t<meta property=\"og:image:width\" content=\"920\" \/>\n\t<meta property=\"og:image:height\" content=\"688\" \/>\n\t<meta property=\"og:image:type\" content=\"image\/webp\" \/>\n<meta name=\"twitter:card\" content=\"summary_large_image\" \/>\n<meta name=\"twitter:label1\" content=\"Szacowany czas czytania\" \/>\n\t<meta name=\"twitter:data1\" content=\"4 minuty\" \/>\n<script type=\"application\/ld+json\" class=\"yoast-schema-graph\">{\"@context\":\"https:\\\/\\\/schema.org\",\"@graph\":[{\"@type\":\"WebPage\",\"@id\":\"https:\\\/\\\/upgrade.valenciaandgo.com\\\/excursiones\\\/excursion-romantica-a-la-albufera\\\/\",\"url\":\"https:\\\/\\\/upgrade.valenciaandgo.com\\\/excursiones\\\/excursion-romantica-a-la-albufera\\\/\",\"name\":\"Excursi\u00f3n rom\u00e1ntica a la Albufera | Valencia & Go\",\"isPartOf\":{\"@id\":\"https:\\\/\\\/upgrade.valenciaandgo.com\\\/it\\\/#website\"},\"primaryImageOfPage\":{\"@id\":\"https:\\\/\\\/upgrade.valenciaandgo.com\\\/excursiones\\\/excursion-romantica-a-la-albufera\\\/#primaryimage\"},\"image\":{\"@id\":\"https:\\\/\\\/upgrade.valenciaandgo.com\\\/excursiones\\\/excursion-romantica-a-la-albufera\\\/#primaryimage\"},\"thumbnailUrl\":\"https:\\\/\\\/upgrade.valenciaandgo.com\\\/wp-content\\\/uploads\\\/tours-excursiones\\\/24-albufera-romantica\\\/albufera-romantica_6.webp\",\"datePublished\":\"2026-01-21T10:27:37+00:00\",\"dateModified\":\"2026-04-23T07:10:47+00:00\",\"description\":\"\u00bfQuieres sorprender a tu pareja? Regala esta experiencia id\u00edlica en un paraje de ensue\u00f1o: calma, intimidad y naturaleza en la Albufera.\",\"breadcrumb\":{\"@id\":\"https:\\\/\\\/upgrade.valenciaandgo.com\\\/excursiones\\\/excursion-romantica-a-la-albufera\\\/#breadcrumb\"},\"inLanguage\":\"pl-PL\",\"potentialAction\":[{\"@type\":\"ReadAction\",\"target\":[\"https:\\\/\\\/upgrade.valenciaandgo.com\\\/excursiones\\\/excursion-romantica-a-la-albufera\\\/\"]}]},{\"@type\":\"ImageObject\",\"inLanguage\":\"pl-PL\",\"@id\":\"https:\\\/\\\/upgrade.valenciaandgo.com\\\/excursiones\\\/excursion-romantica-a-la-albufera\\\/#primaryimage\",\"url\":\"https:\\\/\\\/upgrade.valenciaandgo.com\\\/wp-content\\\/uploads\\\/tours-excursiones\\\/24-albufera-romantica\\\/albufera-romantica_6.webp\",\"contentUrl\":\"https:\\\/\\\/upgrade.valenciaandgo.com\\\/wp-content\\\/uploads\\\/tours-excursiones\\\/24-albufera-romantica\\\/albufera-romantica_6.webp\",\"width\":920,\"height\":688,\"caption\":\"Pareja de excursi\u00f3n en la Albufera\"},{\"@type\":\"BreadcrumbList\",\"@id\":\"https:\\\/\\\/upgrade.valenciaandgo.com\\\/excursiones\\\/excursion-romantica-a-la-albufera\\\/#breadcrumb\",\"itemListElement\":[{\"@type\":\"ListItem\",\"position\":1,\"name\":\"Portada\",\"item\":\"https:\\\/\\\/upgrade.valenciaandgo.com\\\/\"},{\"@type\":\"ListItem\",\"position\":2,\"name\":\"Tours\",\"item\":\"https:\\\/\\\/upgrade.valenciaandgo.com\\\/tours\\\/\"},{\"@type\":\"ListItem\",\"position\":3,\"name\":\"Excursi\u00f3n rom\u00e1ntica a la Albufera\"}]},{\"@type\":\"WebSite\",\"@id\":\"https:\\\/\\\/upgrade.valenciaandgo.com\\\/it\\\/#website\",\"url\":\"https:\\\/\\\/upgrade.valenciaandgo.com\\\/it\\\/\",\"name\":\"Valencia&Go\",\"description\":\"Tours por Valencia y alrededores de ciudad.\",\"publisher\":{\"@id\":\"https:\\\/\\\/upgrade.valenciaandgo.com\\\/it\\\/#organization\"},\"potentialAction\":[{\"@type\":\"SearchAction\",\"target\":{\"@type\":\"EntryPoint\",\"urlTemplate\":\"https:\\\/\\\/upgrade.valenciaandgo.com\\\/it\\\/?s={search_term_string}\"},\"query-input\":{\"@type\":\"PropertyValueSpecification\",\"valueRequired\":true,\"valueName\":\"search_term_string\"}}],\"inLanguage\":\"pl-PL\"},{\"@type\":\"Organization\",\"@id\":\"https:\\\/\\\/upgrade.valenciaandgo.com\\\/it\\\/#organization\",\"name\":\"Valencia&Go\",\"url\":\"https:\\\/\\\/upgrade.valenciaandgo.com\\\/it\\\/\",\"logo\":{\"@type\":\"ImageObject\",\"inLanguage\":\"pl-PL\",\"@id\":\"https:\\\/\\\/upgrade.valenciaandgo.com\\\/it\\\/#\\\/schema\\\/logo\\\/image\\\/\",\"url\":\"https:\\\/\\\/upgrade.valenciaandgo.com\\\/wp-content\\\/uploads\\\/2025\\\/10\\\/valencia_go-svg-blnc-iso-naranja.svg\",\"contentUrl\":\"https:\\\/\\\/upgrade.valenciaandgo.com\\\/wp-content\\\/uploads\\\/2025\\\/10\\\/valencia_go-svg-blnc-iso-naranja.svg\",\"width\":434,\"height\":102,\"caption\":\"Valencia&Go\"},\"image\":{\"@id\":\"https:\\\/\\\/upgrade.valenciaandgo.com\\\/it\\\/#\\\/schema\\\/logo\\\/image\\\/\"},\"sameAs\":[\"https:\\\/\\\/www.facebook.com\\\/valenciaandgo\\\/\",\"https:\\\/\\\/www.instagram.com\\\/valenciaandgo\",\"https:\\\/\\\/www.linkedin.com\\\/company\\\/valencia-go\\\/\",\"https:\\\/\\\/www.tiktok.com\\\/@valenciaandgo\"]}]}<\/script>\n<!-- \/ Yoast SEO plugin. -->","yoast_head_json":{"title":"Romantyczna wycieczka do Albufera | Valencia &amp; Go","description":"Chcesz zaskoczy\u0107 swojego partnera? Podaruj idylliczne do\u015bwiadczenie w wymarzonym miejscu: spok\u00f3j, intymno\u015b\u0107 i przyroda w Albufera.","robots":{"index":"noindex","follow":"follow","max-snippet":"max-snippet:-1","max-image-preview":"max-image-preview:large","max-video-preview":"max-video-preview:-1"},"og_locale":"pl_PL","og_type":"article","og_title":"Excursi\u00f3n rom\u00e1ntica a la Albufera | Valencia & Go","og_description":"\u00bfQuieres sorprender a tu pareja? Regala esta experiencia id\u00edlica en un paraje de ensue\u00f1o: calma, intimidad y naturaleza en la Albufera.","og_url":"https:\/\/upgrade.valenciaandgo.com\/pl\/wycieczki\/romantyczna-wycieczka-do-albufery\/","og_site_name":"Valencia&amp;Go","article_publisher":"https:\/\/www.facebook.com\/valenciaandgo\/","article_modified_time":"2026-04-23T07:10:47+00:00","og_image":[{"width":920,"height":688,"url":"https:\/\/upgrade.valenciaandgo.com\/wp-content\/uploads\/tours-excursiones\/24-albufera-romantica\/albufera-romantica_6.webp","type":"image\/webp"}],"twitter_card":"summary_large_image","twitter_misc":{"Szacowany czas czytania":"4 minuty"},"schema":{"@context":"https:\/\/schema.org","@graph":[{"@type":"WebPage","@id":"https:\/\/upgrade.valenciaandgo.com\/excursiones\/excursion-romantica-a-la-albufera\/","url":"https:\/\/upgrade.valenciaandgo.com\/excursiones\/excursion-romantica-a-la-albufera\/","name":"Romantyczna wycieczka do Albufera | Valencia &amp; Go","isPartOf":{"@id":"https:\/\/upgrade.valenciaandgo.com\/it\/#website"},"primaryImageOfPage":{"@id":"https:\/\/upgrade.valenciaandgo.com\/excursiones\/excursion-romantica-a-la-albufera\/#primaryimage"},"image":{"@id":"https:\/\/upgrade.valenciaandgo.com\/excursiones\/excursion-romantica-a-la-albufera\/#primaryimage"},"thumbnailUrl":"https:\/\/upgrade.valenciaandgo.com\/wp-content\/uploads\/tours-excursiones\/24-albufera-romantica\/albufera-romantica_6.webp","datePublished":"2026-01-21T10:27:37+00:00","dateModified":"2026-04-23T07:10:47+00:00","description":"Chcesz zaskoczy\u0107 swojego partnera? Podaruj idylliczne do\u015bwiadczenie w wymarzonym miejscu: spok\u00f3j, intymno\u015b\u0107 i przyroda w Albufera.","breadcrumb":{"@id":"https:\/\/upgrade.valenciaandgo.com\/excursiones\/excursion-romantica-a-la-albufera\/#breadcrumb"},"inLanguage":"pl-PL","potentialAction":[{"@type":"ReadAction","target":["https:\/\/upgrade.valenciaandgo.com\/excursiones\/excursion-romantica-a-la-albufera\/"]}]},{"@type":"ImageObject","inLanguage":"pl-PL","@id":"https:\/\/upgrade.valenciaandgo.com\/excursiones\/excursion-romantica-a-la-albufera\/#primaryimage","url":"https:\/\/upgrade.valenciaandgo.com\/wp-content\/uploads\/tours-excursiones\/24-albufera-romantica\/albufera-romantica_6.webp","contentUrl":"https:\/\/upgrade.valenciaandgo.com\/wp-content\/uploads\/tours-excursiones\/24-albufera-romantica\/albufera-romantica_6.webp","width":920,"height":688,"caption":"Pareja de excursi\u00f3n en la Albufera"},{"@type":"BreadcrumbList","@id":"https:\/\/upgrade.valenciaandgo.com\/excursiones\/excursion-romantica-a-la-albufera\/#breadcrumb","itemListElement":[{"@type":"ListItem","position":1,"name":"Portada","item":"https:\/\/upgrade.valenciaandgo.com\/"},{"@type":"ListItem","position":2,"name":"Tours","item":"https:\/\/upgrade.valenciaandgo.com\/tours\/"},{"@type":"ListItem","position":3,"name":"Excursi\u00f3n rom\u00e1ntica a la Albufera"}]},{"@type":"WebSite","@id":"https:\/\/upgrade.valenciaandgo.com\/it\/#website","url":"https:\/\/upgrade.valenciaandgo.com\/it\/","name":"Valencia&amp;Go","description":"Wycieczki po Walencji i okolicach.","publisher":{"@id":"https:\/\/upgrade.valenciaandgo.com\/it\/#organization"},"potentialAction":[{"@type":"SearchAction","target":{"@type":"EntryPoint","urlTemplate":"https:\/\/upgrade.valenciaandgo.com\/it\/?s={search_term_string}"},"query-input":{"@type":"PropertyValueSpecification","valueRequired":true,"valueName":"search_term_string"}}],"inLanguage":"pl-PL"},{"@type":"Organization","@id":"https:\/\/upgrade.valenciaandgo.com\/it\/#organization","name":"Valencia&amp;Go","url":"https:\/\/upgrade.valenciaandgo.com\/it\/","logo":{"@type":"ImageObject","inLanguage":"pl-PL","@id":"https:\/\/upgrade.valenciaandgo.com\/it\/#\/schema\/logo\/image\/","url":"https:\/\/upgrade.valenciaandgo.com\/wp-content\/uploads\/2025\/10\/valencia_go-svg-blnc-iso-naranja.svg","contentUrl":"https:\/\/upgrade.valenciaandgo.com\/wp-content\/uploads\/2025\/10\/valencia_go-svg-blnc-iso-naranja.svg","width":434,"height":102,"caption":"Valencia&Go"},"image":{"@id":"https:\/\/upgrade.valenciaandgo.com\/it\/#\/schema\/logo\/image\/"},"sameAs":["https:\/\/www.facebook.com\/valenciaandgo\/","https:\/\/www.instagram.com\/valenciaandgo","https:\/\/www.linkedin.com\/company\/valencia-go\/","https:\/\/www.tiktok.com\/@valenciaandgo"]}]}},"_links":{"self":[{"href":"https:\/\/upgrade.valenciaandgo.com\/pl\/wp-json\/wp\/v2\/product\/5149","targetHints":{"allow":["GET"]}}],"collection":[{"href":"https:\/\/upgrade.valenciaandgo.com\/pl\/wp-json\/wp\/v2\/product"}],"about":[{"href":"https:\/\/upgrade.valenciaandgo.com\/pl\/wp-json\/wp\/v2\/types\/product"}],"version-history":[{"count":0,"href":"https:\/\/upgrade.valenciaandgo.com\/pl\/wp-json\/wp\/v2\/product\/5149\/revisions"}],"wp:featuredmedia":[{"embeddable":true,"href":"https:\/\/upgrade.valenciaandgo.com\/pl\/wp-json\/wp\/v2\/media\/5712"}],"wp:attachment":[{"href":"https:\/\/upgrade.valenciaandgo.com\/pl\/wp-json\/wp\/v2\/media?parent=5149"}],"wp:term":[{"taxonomy":"product_cat","embeddable":true,"href":"https:\/\/upgrade.valenciaandgo.com\/pl\/wp-json\/wp\/v2\/product_cat?post=5149"},{"taxonomy":"product_tag","embeddable":true,"href":"https:\/\/upgrade.valenciaandgo.com\/pl\/wp-json\/wp\/v2\/product_tag?post=5149"}],"curies":[{"name":"wp","href":"https:\/\/api.w.org\/{rel}","templated":true}]}}