{"id":4366,"date":"2026-01-13T10:04:53","date_gmt":"2026-01-13T10:04:53","guid":{"rendered":"https:\/\/new.valenciaandgo.com\/?post_type=product&#038;p=4366"},"modified":"2026-04-23T07:13:08","modified_gmt":"2026-04-23T07:13:08","slug":"zwiedzanie-ukrytych-freskow-i-najstarszego-kosciola-w-walencji-z-biletami-wstepu","status":"publish","type":"product","link":"https:\/\/upgrade.valenciaandgo.com\/pl\/tours-valencia\/tour-frescos-ocultos-y-la-iglesia-mas-antigua-de-valencia-con-entradas\/","title":{"rendered":"Ukryte freski i najstarszy ko\u015bci\u00f3\u0142 w Walencji"},"content":{"rendered":"<div data-elementor-type=\"wp-post\" data-elementor-id=\"4366\" class=\"elementor elementor-4366\" data-elementor-post-type=\"product\">\n\t\t\t\t<div class=\"elementor-element elementor-element-6521bc2b e-flex e-con-boxed e-con e-parent\" data-id=\"6521bc2b\" data-element_type=\"container\" data-e-type=\"container\" data-settings=\"{&quot;background_background&quot;:&quot;classic&quot;}\">\n\t\t\t\t\t<div class=\"e-con-inner\">\n\t\t\t\t<div class=\"elementor-element elementor-element-74cc77c0 elementor-widget elementor-widget-text-editor\" data-id=\"74cc77c0\" data-element_type=\"widget\" data-e-type=\"widget\" data-widget_type=\"text-editor.default\">\n\t\t\t\t\t\t\t\t\t<p class=\" translation-block\">Zwiedzanie z licencjonowanym przewodnikiem, <strong>z dala od masowej turystyki<\/strong>, gdzie <strong>sztuka, wiara i historia<\/strong> splataj\u0105 si\u0119 w jedn\u0105 ca\u0142o\u015b\u0107.<\/p>\t\t\t\t\t\t\t\t<\/div>\n\t\t\t\t<div class=\"elementor-element elementor-element-652d94b elementor-widget elementor-widget-heading\" data-id=\"652d94b\" data-element_type=\"widget\" data-e-type=\"widget\" data-widget_type=\"heading.default\">\n\t\t\t\t\t<h3 class=\"elementor-heading-title elementor-size-default\">Najwa\u017cniejsze punkty<\/h3>\t\t\t\t<\/div>\n\t\t\t\t<div class=\"elementor-element elementor-element-1b0f6dc4 elementor-align-start elementor-icon-list--layout-traditional elementor-list-item-link-full_width elementor-widget elementor-widget-icon-list\" data-id=\"1b0f6dc4\" data-element_type=\"widget\" data-e-type=\"widget\" data-widget_type=\"icon-list.default\">\n\t\t\t\t\t\t\t<ul class=\"elementor-icon-list-items\">\n\t\t\t\t\t\t\t<li class=\"elementor-icon-list-item\">\n\t\t\t\t\t\t\t\t\t\t\t<span class=\"elementor-icon-list-icon\">\n\t\t\t\t\t\t\t<svg aria-hidden=\"true\" class=\"e-font-icon-svg e-far-arrow-alt-circle-right\" viewbox=\"0 0 512 512\" xmlns=\"http:\/\/www.w3.org\/2000\/svg\"><path d=\"M504 256C504 119 393 8 256 8S8 119 8 256s111 248 248 248 248-111 248-248zm-448 0c0-110.5 89.5-200 200-200s200 89.5 200 200-89.5 200-200 200S56 366.5 56 256zm72 20v-40c0-6.6 5.4-12 12-12h116v-67c0-10.7 12.9-16 20.5-8.5l99 99c4.7 4.7 4.7 12.3 0 17l-99 99c-7.6 7.6-20.5 2.2-20.5-8.5v-67H140c-6.6 0-12-5.4-12-12z\"><\/path><\/svg>\t\t\t\t\t\t<\/span>\n\t\t\t\t\t\t\t\t\t\t<span class=\"elementor-icon-list-text\">Odwied\u017a najstarszy ko\u015bci\u00f3\u0142 w Walencji z jego ukrytym kinem i cmentarzem.<\/span>\n\t\t\t\t\t\t\t\t\t<\/li>\n\t\t\t\t\t\t\t\t<li class=\"elementor-icon-list-item\">\n\t\t\t\t\t\t\t\t\t\t\t<span class=\"elementor-icon-list-icon\">\n\t\t\t\t\t\t\t<svg aria-hidden=\"true\" class=\"e-font-icon-svg e-far-arrow-alt-circle-right\" viewbox=\"0 0 512 512\" xmlns=\"http:\/\/www.w3.org\/2000\/svg\"><path d=\"M504 256C504 119 393 8 256 8S8 119 8 256s111 248 248 248 248-111 248-248zm-448 0c0-110.5 89.5-200 200-200s200 89.5 200 200-89.5 200-200 200S56 366.5 56 256zm72 20v-40c0-6.6 5.4-12 12-12h116v-67c0-10.7 12.9-16 20.5-8.5l99 99c4.7 4.7 4.7 12.3 0 17l-99 99c-7.6 7.6-20.5 2.2-20.5-8.5v-67H140c-6.6 0-12-5.4-12-12z\"><\/path><\/svg>\t\t\t\t\t\t<\/span>\n\t\t\t\t\t\t\t\t\t\t<span class=\"elementor-icon-list-text\">Poznaj legend\u0119 o Smoku w Colegio del Patriarca, jednocze\u015bnie zwiedzaj\u0105c ca\u0142e wn\u0119trze tego fascynuj\u0105cego budynku.<\/span>\n\t\t\t\t\t\t\t\t\t<\/li>\n\t\t\t\t\t\t\t\t<li class=\"elementor-icon-list-item\">\n\t\t\t\t\t\t\t\t\t\t\t<span class=\"elementor-icon-list-icon\">\n\t\t\t\t\t\t\t<svg aria-hidden=\"true\" class=\"e-font-icon-svg e-far-arrow-alt-circle-right\" viewbox=\"0 0 512 512\" xmlns=\"http:\/\/www.w3.org\/2000\/svg\"><path d=\"M504 256C504 119 393 8 256 8S8 119 8 256s111 248 248 248 248-111 248-248zm-448 0c0-110.5 89.5-200 200-200s200 89.5 200 200-89.5 200-200 200S56 366.5 56 256zm72 20v-40c0-6.6 5.4-12 12-12h116v-67c0-10.7 12.9-16 20.5-8.5l99 99c4.7 4.7 4.7 12.3 0 17l-99 99c-7.6 7.6-20.5 2.2-20.5-8.5v-67H140c-6.6 0-12-5.4-12-12z\"><\/path><\/svg>\t\t\t\t\t\t<\/span>\n\t\t\t\t\t\t\t\t\t\t<span class=\"elementor-icon-list-text\">Zanurz si\u0119 w walenckim baroku, odkrywaj\u0105c jedn\u0105 z jego najwi\u0119kszych pere\u0142: Santos Juanes.<\/span>\n\t\t\t\t\t\t\t\t\t<\/li>\n\t\t\t\t\t\t<\/ul>\n\t\t\t\t\t\t<\/div>\n\t\t\t\t<div class=\"elementor-element elementor-element-6d0fcd7e elementor-widget-divider--view-line elementor-widget elementor-widget-divider\" data-id=\"6d0fcd7e\" data-element_type=\"widget\" data-e-type=\"widget\" data-widget_type=\"divider.default\">\n\t\t\t\t\t\t\t<div class=\"elementor-divider\">\n\t\t\t<span class=\"elementor-divider-separator\">\n\t\t\t\t\t\t<\/span>\n\t\t<\/div>\n\t\t\t\t\t\t<\/div>\n\t\t\t\t<div class=\"elementor-element elementor-element-6d4291f0 elementor-widget elementor-widget-heading\" data-id=\"6d4291f0\" data-element_type=\"widget\" data-e-type=\"widget\" data-widget_type=\"heading.default\">\n\t\t\t\t\t<h3 class=\"elementor-heading-title elementor-size-default\">Opis<\/h3>\t\t\t\t<\/div>\n\t\t\t\t<div class=\"elementor-element elementor-element-28c42443 elementor-widget elementor-widget-heading\" data-id=\"28c42443\" data-element_type=\"widget\" data-e-type=\"widget\" data-widget_type=\"heading.default\">\n\t\t\t\t\t<h4 class=\"elementor-heading-title elementor-size-default\">Piesza wycieczka \u015bladami ukrytych fresk\u00f3w i najstarszego ko\u015bcio\u0142a w Walencji (z biletami wst\u0119pu)<\/h4>\t\t\t\t<\/div>\n\t\t\t\t<div class=\"elementor-element elementor-element-4b23210c elementor-widget elementor-widget-text-editor\" data-id=\"4b23210c\" data-element_type=\"widget\" data-e-type=\"widget\" data-widget_type=\"text-editor.default\">\n\t\t\t\t\t\t\t\t\t<p class=\" translation-block\">Wycieczka stworzona dla tych, kt\u00f3rzy chc\u0105 wyj\u015b\u0107 poza najwa\u017cniejsze atrakcje i <strong>odkry\u0107 bardziej duchow\u0105, spokojn\u0105 i autentyczn\u0105 Walencj\u0119.<\/strong> To <strong> zwiedzanie z przewodnikiem<\/strong> miejsc po\u0142o\u017conych z dala od zat\u0142oczonych tras, a bli\u017cej ni\u017c kiedykolwiek <strong> historycznego dziedzictwa Walencji.<\/strong><\/p>\t\t\t\t\t\t\t\t<\/div>\n\t\t\t\t<div class=\"elementor-element elementor-element-b854424 elementor-widget elementor-widget-heading\" data-id=\"b854424\" data-element_type=\"widget\" data-e-type=\"widget\" data-widget_type=\"heading.default\">\n\t\t\t\t\t<h4 class=\"elementor-heading-title elementor-size-default\">Czy chcia\u0142by\u015b odkry\u0107 Walencj\u0119, kt\u00f3rej nie znajdziesz w przewodnikach turystycznych?<\/h4>\t\t\t\t<\/div>\n\t\t\t\t<div class=\"elementor-element elementor-element-7731de0 elementor-widget elementor-widget-text-editor\" data-id=\"7731de0\" data-element_type=\"widget\" data-e-type=\"widget\" data-widget_type=\"text-editor.default\">\n\t\t\t\t\t\t\t\t\t<p class=\" translation-block\">Ta piesza wycieczka to zaproszenie do spojrzenia na miasto z innej perspektywy: przez pryzmat <strong>mniej odwiedzanych \u015bwi\u0105ty\u0144<\/strong>, <strong>ukrytych symboli<\/strong> i jego <strong>duchowej historii<\/strong>. W towarzystwie licencjonowanego przewodnika odwiedzisz <strong>trzy kluczowe miejsca<\/strong>, kt\u00f3re ods\u0142aniaj\u0105 wieki sztuki, wiary i pami\u0119ci, w spokojnej i niezwykle sugestywnej atmosferze.<\/p>\t\t\t\t\t\t\t\t<\/div>\n\t\t\t\t<div class=\"elementor-element elementor-element-ba4516c elementor-widget elementor-widget-heading\" data-id=\"ba4516c\" data-element_type=\"widget\" data-e-type=\"widget\" data-widget_type=\"heading.default\">\n\t\t\t\t\t<h4 class=\"elementor-heading-title elementor-size-default\">Jakie tajemnice skrywa walencki barok w ko\u015bciele Santos Juanes?<\/h4>\t\t\t\t<\/div>\n\t\t\t\t<div class=\"elementor-element elementor-element-67708e6 elementor-widget elementor-widget-text-editor\" data-id=\"67708e6\" data-element_type=\"widget\" data-e-type=\"widget\" data-widget_type=\"text-editor.default\">\n\t\t\t\t\t\t\t\t\t<p class=\" translation-block\">Do\u015bwiadczenie rozpoczyna si\u0119 w <strong>ko\u015bciele Santos Juanes<\/strong>, jednym z najwi\u0119kszych skarb\u00f3w <strong>walenckiego baroku<\/strong>. Jego dynamiczna fasada, pe\u0142na rze\u017ab i ukrytych symboli, opowiada histori\u0119 naznaczon\u0105 po\u017carami, odbudowami, dzia\u0142alno\u015bci\u0105 cech\u00f3w oraz niezwyk\u0142ymi wydarzeniami, kt\u00f3re ukszta\u0142towa\u0142y to\u017csamo\u015b\u0107 miasta.<\/p><p class=\" translation-block\">Ten pierwszy przystanek pozwala <strong>zrozumie\u0107 Walencj\u0119<\/strong>, kt\u00f3ra odradza si\u0119 raz po raz mi\u0119dzy ogniem, wiar\u0105 i odbudow\u0105, tworz\u0105c historyczne podstawy ca\u0142ej trasy.<\/p>\t\t\t\t\t\t\t\t<\/div>\n\t\t\t\t<div class=\"elementor-element elementor-element-454c021 elementor-widget elementor-widget-heading\" data-id=\"454c021\" data-element_type=\"widget\" data-e-type=\"widget\" data-widget_type=\"heading.default\">\n\t\t\t\t\t<h4 class=\"elementor-heading-title elementor-size-default\">Dlaczego El Patriarca jest jednym z najbardziej zaskakuj\u0105cych renesansowych skarb\u00f3w Hiszpanii?<\/h4>\t\t\t\t<\/div>\n\t\t\t\t<div class=\"elementor-element elementor-element-d9cd31c elementor-widget elementor-widget-text-editor\" data-id=\"d9cd31c\" data-element_type=\"widget\" data-e-type=\"widget\" data-widget_type=\"text-editor.default\">\n\t\t\t\t\t\t\t\t\t<p class=\" translation-block\">Stamt\u0105d udamy si\u0119 na <strong>Plaza del Patriarca<\/strong>, aby odwiedzi\u0107 <strong>Real Colegio Seminario del Corpus Christi<\/strong>, znane powszechnie jako <strong>El Patriarca<\/strong>. W jego wn\u0119trzu zwiedzisz ko\u015bci\u00f3\u0142 i zobaczysz jego <strong>pe\u0142ne \u015bwiat\u0142a freski<\/strong>, a tak\u017ce odkryjesz ciekaw\u0105 <strong>legend\u0119 s\u0142ynnego \u201esmoka\u201d.<\/strong><\/p><p class=\" translation-block\">Zwiedzanie kontynuujemy w <strong>kaplicy i muzeum<\/strong>, gdzie znajduje si\u0119 wyj\u0105tkowa kolekcja sztuki religijnej oraz arcydzie\u0142a artyst\u00f3w takich jak <strong>El Greco, Caravaggio czy Ribalta<\/strong>. Ca\u0142o\u015bci towarzyszy atmosfera monastyczna, przywo\u0142uj\u0105ca ducha <strong>Kontrreformacji<\/strong>, co sprawia, \u017ce ta wizyta staje si\u0119 g\u0142\u0119boko <strong>introspektywnym do\u015bwiadczeniem<\/strong>.<\/p>\t\t\t\t\t\t\t\t<\/div>\n\t\t\t\t<div class=\"elementor-element elementor-element-98c2205 elementor-widget elementor-widget-heading\" data-id=\"98c2205\" data-element_type=\"widget\" data-e-type=\"widget\" data-widget_type=\"heading.default\">\n\t\t\t\t\t<h4 class=\"elementor-heading-title elementor-size-default\">Czy wiesz, \u017ce najstarsza \u015bwi\u0105tynia w Walencji wci\u0105\u017c zachowa\u0142a sw\u00f3j \u015bredniowieczny cmentarz?<\/h4>\t\t\t\t<\/div>\n\t\t\t\t<div class=\"elementor-element elementor-element-9af5a63 elementor-widget elementor-widget-text-editor\" data-id=\"9af5a63\" data-element_type=\"widget\" data-e-type=\"widget\" data-widget_type=\"text-editor.default\">\n\t\t\t\t\t\t\t\t\t<p class=\" translation-block\">Trasa ko\u0144czy si\u0119 w <strong>ko\u015bciele  San Juan del Hospital<\/strong>, najstarszej \u015bwi\u0105tyni w Walencji i jednej z jej najlepiej strze\u017conych pere\u0142. Tutaj odkryjesz <strong>gotyckie kaplice<\/strong>, pozosta\u0142o\u015bci \u015bredniowiecznych mur\u00f3w, \u015blady dawnej <strong>rzymskiej Valentii<\/strong> oraz jedyny <strong>miejski cmentarz z XIII wieku<\/strong>, kt\u00f3ry zachowa\u0142 si\u0119 w mie\u015bcie.<\/p><p class=\" translation-block\">Przestrze\u0144 pe\u0142na ciszy i znaczenia, gdzie przesz\u0142o\u015b\u0107, <strong>duchowo\u015b\u0107 i archeologia<\/strong> splataj\u0105 si\u0119 w wyj\u0105tkowy spos\u00f3b.<\/p>\t\t\t\t\t\t\t\t<\/div>\n\t\t\t\t<div class=\"elementor-element elementor-element-41cbb027 elementor-widget-divider--view-line elementor-widget elementor-widget-divider\" data-id=\"41cbb027\" data-element_type=\"widget\" data-e-type=\"widget\" data-widget_type=\"divider.default\">\n\t\t\t\t\t\t\t<div class=\"elementor-divider\">\n\t\t\t<span class=\"elementor-divider-separator\">\n\t\t\t\t\t\t<\/span>\n\t\t<\/div>\n\t\t\t\t\t\t<\/div>\n\t\t\t\t<div class=\"elementor-element elementor-element-121239b0 elementor-widget elementor-widget-heading\" data-id=\"121239b0\" data-element_type=\"widget\" data-e-type=\"widget\" data-widget_type=\"heading.default\">\n\t\t\t\t\t<h3 class=\"elementor-heading-title elementor-size-default\">Wa\u017cne informacje<\/h3>\t\t\t\t<\/div>\n\t\t\t\t<div class=\"elementor-element elementor-element-2977472 elementor-widget elementor-widget-heading\" data-id=\"2977472\" data-element_type=\"widget\" data-e-type=\"widget\" data-widget_type=\"heading.default\">\n\t\t\t\t\t<h4 class=\"elementor-heading-title elementor-size-default\">Dla kogo jest ta wycieczka?<\/h4>\t\t\t\t<\/div>\n\t\t\t\t<div class=\"elementor-element elementor-element-511997e8 elementor-widget elementor-widget-text-editor\" data-id=\"511997e8\" data-element_type=\"widget\" data-e-type=\"widget\" data-widget_type=\"text-editor.default\">\n\t\t\t\t\t\t\t\t\t<p class=\" translation-block\">Ten spacer jest <strong>idealny dla ciekawych podr\u00f3\u017cnik\u00f3w, mi\u0142o\u015bnik\u00f3w sztuki i historii<\/strong>, a tak\u017ce dla tych, kt\u00f3rzy znaj\u0105 ju\u017c <strong>Katedr\u0119<\/strong>, <strong>La Lonja de la Seda<\/strong> czy <strong>ko\u015bci\u00f3\u0142 \u015bw. Miko\u0142aja<\/strong> i chc\u0105 uzupe\u0142ni\u0107 swoje spojrzenie na miasto. To wycieczka stworzona, by <strong>cieszy\u0107 si\u0119 Walencj\u0105 bez po\u015bpiechu<\/strong>, odkrywaj\u0105c jej bardziej intymne i mniej znane oblicze.<\/p><ul><li>\u00a0W cenie: bilety wst\u0119pu oraz licencjonowany przewodnik.<\/li><li>Ma\u0142e grupy, z dala od masowej turystyki.<\/li><\/ul><p class=\" translation-block\">Je\u015bli szukasz <strong>innego do\u015bwiadczenia kulturalnego<\/strong>, ta wycieczka jest bram\u0105 do Walencji, kt\u00f3ra swoje prawdziwe skarby skrywa w ciszy.<\/p>\t\t\t\t\t\t\t\t<\/div>\n\t\t\t\t<div class=\"elementor-element elementor-element-1e88952e elementor-widget-divider--view-line elementor-widget elementor-widget-divider\" data-id=\"1e88952e\" data-element_type=\"widget\" data-e-type=\"widget\" data-widget_type=\"divider.default\">\n\t\t\t\t\t\t\t<div class=\"elementor-divider\">\n\t\t\t<span class=\"elementor-divider-separator\">\n\t\t\t\t\t\t<\/span>\n\t\t<\/div>\n\t\t\t\t\t\t<\/div>\n\t\t\t\t<div class=\"elementor-element elementor-element-3bac3247 elementor-widget elementor-widget-heading\" data-id=\"3bac3247\" data-element_type=\"widget\" data-e-type=\"widget\" data-widget_type=\"heading.default\">\n\t\t\t\t\t<h3 class=\"elementor-heading-title elementor-size-default\">Miejsce spotkania<\/h3>\t\t\t\t<\/div>\n\t\t\t\t<div class=\"elementor-element elementor-element-45bec1e5 elementor-widget elementor-widget-text-editor\" data-id=\"45bec1e5\" data-element_type=\"widget\" data-e-type=\"widget\" data-widget_type=\"text-editor.default\">\n\t\t\t\t\t\t\t\t\t<p class=\" translation-block\">Miejscem spotkania b\u0119dzie g\u0142\u00f3wne wej\u015bcie do ko\u015bcio\u0142a <strong>Santos Juanes w Walencji.<\/strong><\/p>\t\t\t\t\t\t\t\t<\/div>\n\t\t\t\t<div class=\"elementor-element elementor-element-604b2c0d elementor-widget-divider--view-line elementor-widget elementor-widget-divider\" data-id=\"604b2c0d\" data-element_type=\"widget\" data-e-type=\"widget\" data-widget_type=\"divider.default\">\n\t\t\t\t\t\t\t<div class=\"elementor-divider\">\n\t\t\t<span class=\"elementor-divider-separator\">\n\t\t\t\t\t\t<\/span>\n\t\t<\/div>\n\t\t\t\t\t\t<\/div>\n\t\t\t\t<div class=\"elementor-element elementor-element-7bcc37e4 elementor-widget elementor-widget-heading\" data-id=\"7bcc37e4\" data-element_type=\"widget\" data-e-type=\"widget\" data-widget_type=\"heading.default\">\n\t\t\t\t\t<h3 class=\"elementor-heading-title elementor-size-default\">Najcz\u0119\u015bciej zadawane pytania<\/h3>\t\t\t\t<\/div>\n\t\t\t\t\t<\/div>\n\t\t\t\t<\/div>\n\t\t<div class=\"elementor-element elementor-element-6242810 e-flex e-con-boxed e-con e-parent\" data-id=\"6242810\" data-element_type=\"container\" data-e-type=\"container\" data-settings=\"{&quot;background_background&quot;:&quot;classic&quot;}\">\n\t\t\t\t\t<div class=\"e-con-inner\">\n\t\t\t\t<div class=\"elementor-element elementor-element-cff06ed elementor-widget elementor-widget-n-accordion\" data-id=\"cff06ed\" data-element_type=\"widget\" data-e-type=\"widget\" data-settings=\"{&quot;default_state&quot;:&quot;all_collapsed&quot;,&quot;max_items_expended&quot;:&quot;one&quot;,&quot;n_accordion_animation_duration&quot;:{&quot;unit&quot;:&quot;ms&quot;,&quot;size&quot;:400,&quot;sizes&quot;:[]}}\" data-widget_type=\"nested-accordion.default\">\n\t\t\t\t\t\t\t<div class=\"e-n-accordion\" aria-label=\"Akordeon. Otwieraj \u0142\u0105cza za pomoc\u0105 klawisza Enter lub spacji, zamykaj za pomoc\u0105 klawisza Escape i nawiguj za pomoc\u0105 klawiszy strza\u0142ek\">\n\t\t\t\t\t\t<details id=\"e-n-accordion-item-2180\" class=\"e-n-accordion-item\" >\n\t\t\t\t<summary class=\"e-n-accordion-item-title\" data-accordion-index=\"1\" tabindex=\"0\" aria-expanded=\"false\" aria-controls=\"e-n-accordion-item-2180\" >\n\t\t\t\t\t<span class='e-n-accordion-item-title-header'><div class=\"e-n-accordion-item-title-text\"> Jak rozpoznam przewodnika? <\/div><\/span>\n\t\t\t\t\t\t\t<span class='e-n-accordion-item-title-icon'>\n\t\t\t<span class='e-opened' ><svg aria-hidden=\"true\" class=\"e-font-icon-svg e-fas-minus\" viewbox=\"0 0 448 512\" xmlns=\"http:\/\/www.w3.org\/2000\/svg\"><path d=\"M416 208H32c-17.67 0-32 14.33-32 32v32c0 17.67 14.33 32 32 32h384c17.67 0 32-14.33 32-32v-32c0-17.67-14.33-32-32-32z\"><\/path><\/svg><\/span>\n\t\t\t<span class='e-closed'><svg aria-hidden=\"true\" class=\"e-font-icon-svg e-fas-plus\" viewbox=\"0 0 448 512\" xmlns=\"http:\/\/www.w3.org\/2000\/svg\"><path d=\"M416 208H272V64c0-17.67-14.33-32-32-32h-32c-17.67 0-32 14.33-32 32v144H32c-17.67 0-32 14.33-32 32v32c0 17.67 14.33 32 32 32h144v144c0 17.67 14.33 32 32 32h32c17.67 0 32-14.33 32-32V304h144c17.67 0 32-14.33 32-32v-32c0-17.67-14.33-32-32-32z\"><\/path><\/svg><\/span>\n\t\t<\/span>\n\n\t\t\t\t\t\t<\/summary>\n\t\t\t\t<div role=\"region\" aria-labelledby=\"e-n-accordion-item-2180\" class=\"elementor-element elementor-element-ab281af e-con-full e-flex e-con e-child\" data-id=\"ab281af\" data-element_type=\"container\" data-e-type=\"container\">\n\t\t<div role=\"region\" aria-labelledby=\"e-n-accordion-item-2180\" class=\"elementor-element elementor-element-99f1097 e-flex e-con-boxed e-con e-child\" data-id=\"99f1097\" data-element_type=\"container\" data-e-type=\"container\">\n\t\t\t\t\t<div class=\"e-con-inner\">\n\t\t\t\t<div class=\"elementor-element elementor-element-832268a elementor-widget elementor-widget-text-editor\" data-id=\"832268a\" data-element_type=\"widget\" data-e-type=\"widget\" data-widget_type=\"text-editor.default\">\n\t\t\t\t\t\t\t\t\t<p>Przewodnika z oficjaln\u0105 akredytacj\u0105 spotkasz na miejscu zbi\u00f3rki. Mo\u017cesz zapyta\u0107 o Valencia&amp;Go, a je\u015bli nie mo\u017cesz go znale\u017a\u0107, mo\u017cesz skontaktowa\u0107 si\u0119 z nami bezpo\u015brednio przez WhatsApp, aby uzyska\u0107 dok\u0142adne wskaz\u00f3wki.<\/p>\t\t\t\t\t\t\t\t<\/div>\n\t\t\t\t\t<\/div>\n\t\t\t\t<\/div>\n\t\t\t\t<\/div>\n\t\t\t\t\t<\/details>\n\t\t\t\t\t\t<details id=\"e-n-accordion-item-2181\" class=\"e-n-accordion-item\" >\n\t\t\t\t<summary class=\"e-n-accordion-item-title\" data-accordion-index=\"2\" tabindex=\"-1\" aria-expanded=\"false\" aria-controls=\"e-n-accordion-item-2181\" >\n\t\t\t\t\t<span class='e-n-accordion-item-title-header'><div class=\"e-n-accordion-item-title-text\"> Co zarezerwowa\u0142em? <\/div><\/span>\n\t\t\t\t\t\t\t<span class='e-n-accordion-item-title-icon'>\n\t\t\t<span class='e-opened' ><svg aria-hidden=\"true\" class=\"e-font-icon-svg e-fas-minus\" viewbox=\"0 0 448 512\" xmlns=\"http:\/\/www.w3.org\/2000\/svg\"><path d=\"M416 208H32c-17.67 0-32 14.33-32 32v32c0 17.67 14.33 32 32 32h384c17.67 0 32-14.33 32-32v-32c0-17.67-14.33-32-32-32z\"><\/path><\/svg><\/span>\n\t\t\t<span class='e-closed'><svg aria-hidden=\"true\" class=\"e-font-icon-svg e-fas-plus\" viewbox=\"0 0 448 512\" xmlns=\"http:\/\/www.w3.org\/2000\/svg\"><path d=\"M416 208H272V64c0-17.67-14.33-32-32-32h-32c-17.67 0-32 14.33-32 32v144H32c-17.67 0-32 14.33-32 32v32c0 17.67 14.33 32 32 32h144v144c0 17.67 14.33 32 32 32h32c17.67 0 32-14.33 32-32V304h144c17.67 0 32-14.33 32-32v-32c0-17.67-14.33-32-32-32z\"><\/path><\/svg><\/span>\n\t\t<\/span>\n\n\t\t\t\t\t\t<\/summary>\n\t\t\t\t<div role=\"region\" aria-labelledby=\"e-n-accordion-item-2181\" class=\"elementor-element elementor-element-a56d249 e-con-full e-flex e-con e-child\" data-id=\"a56d249\" data-element_type=\"container\" data-e-type=\"container\">\n\t\t\t\t<div class=\"elementor-element elementor-element-b54f18e elementor-widget elementor-widget-text-editor\" data-id=\"b54f18e\" data-element_type=\"widget\" data-e-type=\"widget\" data-widget_type=\"text-editor.default\">\n\t\t\t\t\t\t\t\t\t<p><span style=\"font-weight: 400;\">Zarezerwowa\u0142e\u015b piesz\u0105 wycieczk\u0119 z licencjonowanym lokalnym przewodnikiem, kt\u00f3ra obejmuje wst\u0119p do ko\u015bcio\u0142\u00f3w Santos Juanes, El Patriarca oraz San Juan del Hospital, w zale\u017cno\u015bci od dost\u0119pno\u015bci i godzin liturgicznych.<\/span><\/p>\t\t\t\t\t\t\t\t<\/div>\n\t\t\t\t<\/div>\n\t\t\t\t\t<\/details>\n\t\t\t\t\t\t<details id=\"e-n-accordion-item-2182\" class=\"e-n-accordion-item\" >\n\t\t\t\t<summary class=\"e-n-accordion-item-title\" data-accordion-index=\"3\" tabindex=\"-1\" aria-expanded=\"false\" aria-controls=\"e-n-accordion-item-2182\" >\n\t\t\t\t\t<span class='e-n-accordion-item-title-header'><div class=\"e-n-accordion-item-title-text\"> Polityka anulowania <\/div><\/span>\n\t\t\t\t\t\t\t<span class='e-n-accordion-item-title-icon'>\n\t\t\t<span class='e-opened' ><svg aria-hidden=\"true\" class=\"e-font-icon-svg e-fas-minus\" viewbox=\"0 0 448 512\" xmlns=\"http:\/\/www.w3.org\/2000\/svg\"><path d=\"M416 208H32c-17.67 0-32 14.33-32 32v32c0 17.67 14.33 32 32 32h384c17.67 0 32-14.33 32-32v-32c0-17.67-14.33-32-32-32z\"><\/path><\/svg><\/span>\n\t\t\t<span class='e-closed'><svg aria-hidden=\"true\" class=\"e-font-icon-svg e-fas-plus\" viewbox=\"0 0 448 512\" xmlns=\"http:\/\/www.w3.org\/2000\/svg\"><path d=\"M416 208H272V64c0-17.67-14.33-32-32-32h-32c-17.67 0-32 14.33-32 32v144H32c-17.67 0-32 14.33-32 32v32c0 17.67 14.33 32 32 32h144v144c0 17.67 14.33 32 32 32h32c17.67 0 32-14.33 32-32V304h144c17.67 0 32-14.33 32-32v-32c0-17.67-14.33-32-32-32z\"><\/path><\/svg><\/span>\n\t\t<\/span>\n\n\t\t\t\t\t\t<\/summary>\n\t\t\t\t<div role=\"region\" aria-labelledby=\"e-n-accordion-item-2182\" class=\"elementor-element elementor-element-9638bb0 e-con-full e-flex e-con e-child\" data-id=\"9638bb0\" data-element_type=\"container\" data-e-type=\"container\">\n\t\t\t\t<div class=\"elementor-element elementor-element-8d7c6eb elementor-widget elementor-widget-text-editor\" data-id=\"8d7c6eb\" data-element_type=\"widget\" data-e-type=\"widget\" data-widget_type=\"text-editor.default\">\n\t\t\t\t\t\t\t\t\t<p><span style=\"font-weight: 400;\">Mo\u017cesz odwo\u0142a\u0107 rezerwacj\u0119 bezp\u0142atnie w terminie wskazanym na karcie produktu. Po up\u0142ywie tego terminu lub w przypadku niepojawienia si\u0119, zwrot nie b\u0119dzie realizowany.<\/span><\/p>\t\t\t\t\t\t\t\t<\/div>\n\t\t\t\t<\/div>\n\t\t\t\t\t<\/details>\n\t\t\t\t\t<\/div>\n\t\t\t\t\t\t<\/div>\n\t\t\t\t\t<\/div>\n\t\t\t\t<\/div>\n\t\t\t\t<\/div>","protected":false},"excerpt":{"rendered":"<p class=\" translation-block\">Zwiedzanie z licencjonowanym przewodnikiem, <strong>z dala od masowej turystyki<\/strong>, gdzie <strong>sztuka, wiara i historia<\/strong> splataj\u0105 si\u0119 w jedn\u0105 ca\u0142o\u015b\u0107.<\/p>","protected":false},"featured_media":5674,"template":"","meta":{"_acf_changed":false},"product_cat":[15],"product_tag":[],"class_list":{"0":"post-4366","1":"product","2":"type-product","3":"status-publish","4":"has-post-thumbnail","6":"product_cat-tours-valencia","8":"first","9":"instock","10":"virtual","11":"sold-individually","12":"taxable","13":"purchasable","14":"product-type-turitop"},"acf":[],"yoast_head":"<!-- This site is optimized with the Yoast SEO plugin v27.5 - https:\/\/yoast.com\/product\/yoast-seo-wordpress\/ -->\n<title>Tour de Frescos ocultos y la Iglesia m\u00e1s Antigua | Entrada incluida<\/title>\n<meta name=\"description\" content=\"Descubre los frescos ocultos y la iglesia m\u00e1s antigua de Valencia en un tour cultural guiado, lejos del turismo masivo. Entradas y gu\u00eda oficial incluidos.\" \/>\n<meta name=\"robots\" content=\"noindex, follow, max-snippet:-1, max-image-preview:large, max-video-preview:-1\" \/>\n<meta property=\"og:locale\" content=\"pl_PL\" \/>\n<meta property=\"og:type\" content=\"article\" \/>\n<meta property=\"og:title\" content=\"Tour de Frescos ocultos y la Iglesia m\u00e1s Antigua | Entrada incluida\" \/>\n<meta property=\"og:description\" content=\"Descubre los frescos ocultos y la iglesia m\u00e1s antigua de Valencia en un tour cultural guiado, lejos del turismo masivo. Entradas y gu\u00eda oficial incluidos.\" \/>\n<meta property=\"og:url\" content=\"https:\/\/upgrade.valenciaandgo.com\/pl\/wycieczki-po-walencji\/zwiedzanie-ukrytych-freskow-i-najstarszego-kosciola-w-walencji-z-biletami-wstepu\/\" \/>\n<meta property=\"og:site_name\" content=\"Valencia&amp;Go\" \/>\n<meta property=\"article:publisher\" content=\"https:\/\/www.facebook.com\/valenciaandgo\/\" \/>\n<meta property=\"article:modified_time\" content=\"2026-04-23T07:13:08+00:00\" \/>\n<meta property=\"og:image\" content=\"https:\/\/upgrade.valenciaandgo.com\/wp-content\/uploads\/tours-excursiones\/19-tour-frescos-ocultos\/tour-frescos-ocultos_6.webp\" \/>\n\t<meta property=\"og:image:width\" content=\"920\" \/>\n\t<meta property=\"og:image:height\" content=\"688\" \/>\n\t<meta property=\"og:image:type\" content=\"image\/webp\" \/>\n<meta name=\"twitter:card\" content=\"summary_large_image\" \/>\n<meta name=\"twitter:label1\" content=\"Szacowany czas czytania\" \/>\n\t<meta name=\"twitter:data1\" content=\"4 minuty\" \/>\n<script type=\"application\/ld+json\" class=\"yoast-schema-graph\">{\"@context\":\"https:\\\/\\\/schema.org\",\"@graph\":[{\"@type\":\"WebPage\",\"@id\":\"https:\\\/\\\/upgrade.valenciaandgo.com\\\/tours-valencia\\\/tour-frescos-ocultos-y-la-iglesia-mas-antigua-de-valencia-con-entradas\\\/\",\"url\":\"https:\\\/\\\/upgrade.valenciaandgo.com\\\/tours-valencia\\\/tour-frescos-ocultos-y-la-iglesia-mas-antigua-de-valencia-con-entradas\\\/\",\"name\":\"Tour de Frescos ocultos y la Iglesia m\u00e1s Antigua | Entrada incluida\",\"isPartOf\":{\"@id\":\"https:\\\/\\\/upgrade.valenciaandgo.com\\\/it\\\/#website\"},\"primaryImageOfPage\":{\"@id\":\"https:\\\/\\\/upgrade.valenciaandgo.com\\\/tours-valencia\\\/tour-frescos-ocultos-y-la-iglesia-mas-antigua-de-valencia-con-entradas\\\/#primaryimage\"},\"image\":{\"@id\":\"https:\\\/\\\/upgrade.valenciaandgo.com\\\/tours-valencia\\\/tour-frescos-ocultos-y-la-iglesia-mas-antigua-de-valencia-con-entradas\\\/#primaryimage\"},\"thumbnailUrl\":\"https:\\\/\\\/upgrade.valenciaandgo.com\\\/wp-content\\\/uploads\\\/tours-excursiones\\\/19-tour-frescos-ocultos\\\/tour-frescos-ocultos_6.webp\",\"datePublished\":\"2026-01-13T10:04:53+00:00\",\"dateModified\":\"2026-04-23T07:13:08+00:00\",\"description\":\"Descubre los frescos ocultos y la iglesia m\u00e1s antigua de Valencia en un tour cultural guiado, lejos del turismo masivo. Entradas y gu\u00eda oficial incluidos.\",\"breadcrumb\":{\"@id\":\"https:\\\/\\\/upgrade.valenciaandgo.com\\\/tours-valencia\\\/tour-frescos-ocultos-y-la-iglesia-mas-antigua-de-valencia-con-entradas\\\/#breadcrumb\"},\"inLanguage\":\"pl-PL\",\"potentialAction\":[{\"@type\":\"ReadAction\",\"target\":[\"https:\\\/\\\/upgrade.valenciaandgo.com\\\/tours-valencia\\\/tour-frescos-ocultos-y-la-iglesia-mas-antigua-de-valencia-con-entradas\\\/\"]}]},{\"@type\":\"ImageObject\",\"inLanguage\":\"pl-PL\",\"@id\":\"https:\\\/\\\/upgrade.valenciaandgo.com\\\/tours-valencia\\\/tour-frescos-ocultos-y-la-iglesia-mas-antigua-de-valencia-con-entradas\\\/#primaryimage\",\"url\":\"https:\\\/\\\/upgrade.valenciaandgo.com\\\/wp-content\\\/uploads\\\/tours-excursiones\\\/19-tour-frescos-ocultos\\\/tour-frescos-ocultos_6.webp\",\"contentUrl\":\"https:\\\/\\\/upgrade.valenciaandgo.com\\\/wp-content\\\/uploads\\\/tours-excursiones\\\/19-tour-frescos-ocultos\\\/tour-frescos-ocultos_6.webp\",\"width\":920,\"height\":688,\"caption\":\"Frescos ocultos de Valencia, en el patriarca\"},{\"@type\":\"BreadcrumbList\",\"@id\":\"https:\\\/\\\/upgrade.valenciaandgo.com\\\/tours-valencia\\\/tour-frescos-ocultos-y-la-iglesia-mas-antigua-de-valencia-con-entradas\\\/#breadcrumb\",\"itemListElement\":[{\"@type\":\"ListItem\",\"position\":1,\"name\":\"Portada\",\"item\":\"https:\\\/\\\/upgrade.valenciaandgo.com\\\/\"},{\"@type\":\"ListItem\",\"position\":2,\"name\":\"Tours\",\"item\":\"https:\\\/\\\/upgrade.valenciaandgo.com\\\/tours\\\/\"},{\"@type\":\"ListItem\",\"position\":3,\"name\":\"Tour frescos ocultos y la iglesia m\u00e1s antigua de Valencia\"}]},{\"@type\":\"WebSite\",\"@id\":\"https:\\\/\\\/upgrade.valenciaandgo.com\\\/it\\\/#website\",\"url\":\"https:\\\/\\\/upgrade.valenciaandgo.com\\\/it\\\/\",\"name\":\"Valencia&Go\",\"description\":\"Tours por Valencia y alrededores de ciudad.\",\"publisher\":{\"@id\":\"https:\\\/\\\/upgrade.valenciaandgo.com\\\/it\\\/#organization\"},\"potentialAction\":[{\"@type\":\"SearchAction\",\"target\":{\"@type\":\"EntryPoint\",\"urlTemplate\":\"https:\\\/\\\/upgrade.valenciaandgo.com\\\/it\\\/?s={search_term_string}\"},\"query-input\":{\"@type\":\"PropertyValueSpecification\",\"valueRequired\":true,\"valueName\":\"search_term_string\"}}],\"inLanguage\":\"pl-PL\"},{\"@type\":\"Organization\",\"@id\":\"https:\\\/\\\/upgrade.valenciaandgo.com\\\/it\\\/#organization\",\"name\":\"Valencia&Go\",\"url\":\"https:\\\/\\\/upgrade.valenciaandgo.com\\\/it\\\/\",\"logo\":{\"@type\":\"ImageObject\",\"inLanguage\":\"pl-PL\",\"@id\":\"https:\\\/\\\/upgrade.valenciaandgo.com\\\/it\\\/#\\\/schema\\\/logo\\\/image\\\/\",\"url\":\"https:\\\/\\\/upgrade.valenciaandgo.com\\\/wp-content\\\/uploads\\\/2025\\\/10\\\/valencia_go-svg-blnc-iso-naranja.svg\",\"contentUrl\":\"https:\\\/\\\/upgrade.valenciaandgo.com\\\/wp-content\\\/uploads\\\/2025\\\/10\\\/valencia_go-svg-blnc-iso-naranja.svg\",\"width\":434,\"height\":102,\"caption\":\"Valencia&Go\"},\"image\":{\"@id\":\"https:\\\/\\\/upgrade.valenciaandgo.com\\\/it\\\/#\\\/schema\\\/logo\\\/image\\\/\"},\"sameAs\":[\"https:\\\/\\\/www.facebook.com\\\/valenciaandgo\\\/\",\"https:\\\/\\\/www.instagram.com\\\/valenciaandgo\",\"https:\\\/\\\/www.linkedin.com\\\/company\\\/valencia-go\\\/\",\"https:\\\/\\\/www.tiktok.com\\\/@valenciaandgo\"]}]}<\/script>\n<!-- \/ Yoast SEO plugin. -->","yoast_head_json":{"title":"Zwiedzanie ukrytych fresk\u00f3w i najstarszego ko\u015bcio\u0142a - wst\u0119p wliczony w cen\u0119","description":"Odkryj ukryte freski i najstarszy ko\u015bci\u00f3\u0142 w Walencji podczas wycieczki kulturalnej z przewodnikiem, z dala od masowej turystyki. Op\u0142aty za wst\u0119p i oficjalny przewodnik wliczone w cen\u0119.","robots":{"index":"noindex","follow":"follow","max-snippet":"max-snippet:-1","max-image-preview":"max-image-preview:large","max-video-preview":"max-video-preview:-1"},"og_locale":"pl_PL","og_type":"article","og_title":"Tour de Frescos ocultos y la Iglesia m\u00e1s Antigua | Entrada incluida","og_description":"Descubre los frescos ocultos y la iglesia m\u00e1s antigua de Valencia en un tour cultural guiado, lejos del turismo masivo. Entradas y gu\u00eda oficial incluidos.","og_url":"https:\/\/upgrade.valenciaandgo.com\/pl\/wycieczki-po-walencji\/zwiedzanie-ukrytych-freskow-i-najstarszego-kosciola-w-walencji-z-biletami-wstepu\/","og_site_name":"Valencia&amp;Go","article_publisher":"https:\/\/www.facebook.com\/valenciaandgo\/","article_modified_time":"2026-04-23T07:13:08+00:00","og_image":[{"width":920,"height":688,"url":"https:\/\/upgrade.valenciaandgo.com\/wp-content\/uploads\/tours-excursiones\/19-tour-frescos-ocultos\/tour-frescos-ocultos_6.webp","type":"image\/webp"}],"twitter_card":"summary_large_image","twitter_misc":{"Szacowany czas czytania":"4 minuty"},"schema":{"@context":"https:\/\/schema.org","@graph":[{"@type":"WebPage","@id":"https:\/\/upgrade.valenciaandgo.com\/tours-valencia\/tour-frescos-ocultos-y-la-iglesia-mas-antigua-de-valencia-con-entradas\/","url":"https:\/\/upgrade.valenciaandgo.com\/tours-valencia\/tour-frescos-ocultos-y-la-iglesia-mas-antigua-de-valencia-con-entradas\/","name":"Zwiedzanie ukrytych fresk\u00f3w i najstarszego ko\u015bcio\u0142a - wst\u0119p wliczony w cen\u0119","isPartOf":{"@id":"https:\/\/upgrade.valenciaandgo.com\/it\/#website"},"primaryImageOfPage":{"@id":"https:\/\/upgrade.valenciaandgo.com\/tours-valencia\/tour-frescos-ocultos-y-la-iglesia-mas-antigua-de-valencia-con-entradas\/#primaryimage"},"image":{"@id":"https:\/\/upgrade.valenciaandgo.com\/tours-valencia\/tour-frescos-ocultos-y-la-iglesia-mas-antigua-de-valencia-con-entradas\/#primaryimage"},"thumbnailUrl":"https:\/\/upgrade.valenciaandgo.com\/wp-content\/uploads\/tours-excursiones\/19-tour-frescos-ocultos\/tour-frescos-ocultos_6.webp","datePublished":"2026-01-13T10:04:53+00:00","dateModified":"2026-04-23T07:13:08+00:00","description":"Odkryj ukryte freski i najstarszy ko\u015bci\u00f3\u0142 w Walencji podczas wycieczki kulturalnej z przewodnikiem, z dala od masowej turystyki. Op\u0142aty za wst\u0119p i oficjalny przewodnik wliczone w cen\u0119.","breadcrumb":{"@id":"https:\/\/upgrade.valenciaandgo.com\/tours-valencia\/tour-frescos-ocultos-y-la-iglesia-mas-antigua-de-valencia-con-entradas\/#breadcrumb"},"inLanguage":"pl-PL","potentialAction":[{"@type":"ReadAction","target":["https:\/\/upgrade.valenciaandgo.com\/tours-valencia\/tour-frescos-ocultos-y-la-iglesia-mas-antigua-de-valencia-con-entradas\/"]}]},{"@type":"ImageObject","inLanguage":"pl-PL","@id":"https:\/\/upgrade.valenciaandgo.com\/tours-valencia\/tour-frescos-ocultos-y-la-iglesia-mas-antigua-de-valencia-con-entradas\/#primaryimage","url":"https:\/\/upgrade.valenciaandgo.com\/wp-content\/uploads\/tours-excursiones\/19-tour-frescos-ocultos\/tour-frescos-ocultos_6.webp","contentUrl":"https:\/\/upgrade.valenciaandgo.com\/wp-content\/uploads\/tours-excursiones\/19-tour-frescos-ocultos\/tour-frescos-ocultos_6.webp","width":920,"height":688,"caption":"Frescos ocultos de Valencia, en el patriarca"},{"@type":"BreadcrumbList","@id":"https:\/\/upgrade.valenciaandgo.com\/tours-valencia\/tour-frescos-ocultos-y-la-iglesia-mas-antigua-de-valencia-con-entradas\/#breadcrumb","itemListElement":[{"@type":"ListItem","position":1,"name":"Portada","item":"https:\/\/upgrade.valenciaandgo.com\/"},{"@type":"ListItem","position":2,"name":"Tours","item":"https:\/\/upgrade.valenciaandgo.com\/tours\/"},{"@type":"ListItem","position":3,"name":"Tour frescos ocultos y la iglesia m\u00e1s antigua de Valencia"}]},{"@type":"WebSite","@id":"https:\/\/upgrade.valenciaandgo.com\/it\/#website","url":"https:\/\/upgrade.valenciaandgo.com\/it\/","name":"Valencia&amp;Go","description":"Wycieczki po Walencji i okolicach.","publisher":{"@id":"https:\/\/upgrade.valenciaandgo.com\/it\/#organization"},"potentialAction":[{"@type":"SearchAction","target":{"@type":"EntryPoint","urlTemplate":"https:\/\/upgrade.valenciaandgo.com\/it\/?s={search_term_string}"},"query-input":{"@type":"PropertyValueSpecification","valueRequired":true,"valueName":"search_term_string"}}],"inLanguage":"pl-PL"},{"@type":"Organization","@id":"https:\/\/upgrade.valenciaandgo.com\/it\/#organization","name":"Valencia&amp;Go","url":"https:\/\/upgrade.valenciaandgo.com\/it\/","logo":{"@type":"ImageObject","inLanguage":"pl-PL","@id":"https:\/\/upgrade.valenciaandgo.com\/it\/#\/schema\/logo\/image\/","url":"https:\/\/upgrade.valenciaandgo.com\/wp-content\/uploads\/2025\/10\/valencia_go-svg-blnc-iso-naranja.svg","contentUrl":"https:\/\/upgrade.valenciaandgo.com\/wp-content\/uploads\/2025\/10\/valencia_go-svg-blnc-iso-naranja.svg","width":434,"height":102,"caption":"Valencia&Go"},"image":{"@id":"https:\/\/upgrade.valenciaandgo.com\/it\/#\/schema\/logo\/image\/"},"sameAs":["https:\/\/www.facebook.com\/valenciaandgo\/","https:\/\/www.instagram.com\/valenciaandgo","https:\/\/www.linkedin.com\/company\/valencia-go\/","https:\/\/www.tiktok.com\/@valenciaandgo"]}]}},"_links":{"self":[{"href":"https:\/\/upgrade.valenciaandgo.com\/pl\/wp-json\/wp\/v2\/product\/4366","targetHints":{"allow":["GET"]}}],"collection":[{"href":"https:\/\/upgrade.valenciaandgo.com\/pl\/wp-json\/wp\/v2\/product"}],"about":[{"href":"https:\/\/upgrade.valenciaandgo.com\/pl\/wp-json\/wp\/v2\/types\/product"}],"version-history":[{"count":0,"href":"https:\/\/upgrade.valenciaandgo.com\/pl\/wp-json\/wp\/v2\/product\/4366\/revisions"}],"wp:featuredmedia":[{"embeddable":true,"href":"https:\/\/upgrade.valenciaandgo.com\/pl\/wp-json\/wp\/v2\/media\/5674"}],"wp:attachment":[{"href":"https:\/\/upgrade.valenciaandgo.com\/pl\/wp-json\/wp\/v2\/media?parent=4366"}],"wp:term":[{"taxonomy":"product_cat","embeddable":true,"href":"https:\/\/upgrade.valenciaandgo.com\/pl\/wp-json\/wp\/v2\/product_cat?post=4366"},{"taxonomy":"product_tag","embeddable":true,"href":"https:\/\/upgrade.valenciaandgo.com\/pl\/wp-json\/wp\/v2\/product_tag?post=4366"}],"curies":[{"name":"wp","href":"https:\/\/api.w.org\/{rel}","templated":true}]}}