{"id":4330,"date":"2026-01-13T09:26:34","date_gmt":"2026-01-13T09:26:34","guid":{"rendered":"https:\/\/new.valenciaandgo.com\/?post_type=product&#038;p=4330"},"modified":"2026-04-23T07:13:43","modified_gmt":"2026-04-23T07:13:43","slug":"wycieczka-po-sredniowiecznej-walencji","status":"publish","type":"product","link":"https:\/\/upgrade.valenciaandgo.com\/pl\/tours-valencia\/tour-de-valencia-medieval\/","title":{"rendered":"Wycieczka po \u015bredniowiecznej Walencji"},"content":{"rendered":"<div data-elementor-type=\"wp-post\" data-elementor-id=\"4330\" class=\"elementor elementor-4330\" data-elementor-post-type=\"product\">\n\t\t\t\t<div class=\"elementor-element elementor-element-50a519ae e-flex e-con-boxed e-con e-parent\" data-id=\"50a519ae\" data-element_type=\"container\" data-e-type=\"container\" data-settings=\"{&quot;background_background&quot;:&quot;classic&quot;}\">\n\t\t\t\t\t<div class=\"e-con-inner\">\n\t\t\t\t<div class=\"elementor-element elementor-element-3324d459 elementor-widget elementor-widget-text-editor\" data-id=\"3324d459\" data-element_type=\"widget\" data-e-type=\"widget\" data-widget_type=\"text-editor.default\">\n\t\t\t\t\t\t\t\t\t<p>Odkryj \u015bredniowieczn\u0105 Walencj\u0119 z <strong>trasa<\/strong> kieruj\u0105c si\u0119 wygl\u0105dem zewn\u0119trznym, kt\u00f3ry <strong>\u0142\u0105czy histori\u0119, legendy i charakterystyczne miejsca<\/strong> takich jak wie\u017ce Serranos, katedra i Lonja.<\/p>\t\t\t\t\t\t\t\t<\/div>\n\t\t\t\t<div class=\"elementor-element elementor-element-2c071db4 elementor-widget elementor-widget-heading\" data-id=\"2c071db4\" data-element_type=\"widget\" data-e-type=\"widget\" data-widget_type=\"heading.default\">\n\t\t\t\t\t<h3 class=\"elementor-heading-title elementor-size-default\">Najwa\u017cniejsze punkty<\/h3>\t\t\t\t<\/div>\n\t\t\t\t<div class=\"elementor-element elementor-element-2bad175 elementor-align-start elementor-icon-list--layout-traditional elementor-list-item-link-full_width elementor-widget elementor-widget-icon-list\" data-id=\"2bad175\" data-element_type=\"widget\" data-e-type=\"widget\" data-widget_type=\"icon-list.default\">\n\t\t\t\t\t\t\t<ul class=\"elementor-icon-list-items\">\n\t\t\t\t\t\t\t<li class=\"elementor-icon-list-item\">\n\t\t\t\t\t\t\t\t\t\t\t<span class=\"elementor-icon-list-icon\">\n\t\t\t\t\t\t\t<svg aria-hidden=\"true\" class=\"e-font-icon-svg e-far-arrow-alt-circle-right\" viewbox=\"0 0 512 512\" xmlns=\"http:\/\/www.w3.org\/2000\/svg\"><path d=\"M504 256C504 119 393 8 256 8S8 119 8 256s111 248 248 248 248-111 248-248zm-448 0c0-110.5 89.5-200 200-200s200 89.5 200 200-89.5 200-200 200S56 366.5 56 256zm72 20v-40c0-6.6 5.4-12 12-12h116v-67c0-10.7 12.9-16 20.5-8.5l99 99c4.7 4.7 4.7 12.3 0 17l-99 99c-7.6 7.6-20.5 2.2-20.5-8.5v-67H140c-6.6 0-12-5.4-12-12z\"><\/path><\/svg>\t\t\t\t\t\t<\/span>\n\t\t\t\t\t\t\t\t\t\t<span class=\"elementor-icon-list-text\">Wycieczka piesza na \u015bwie\u017cym powietrzu, aby dowiedzie\u0107 si\u0119, jak powsta\u0142a i rozwija\u0142a si\u0119 Walencja<\/span>\n\t\t\t\t\t\t\t\t\t<\/li>\n\t\t\t\t\t\t\t\t<li class=\"elementor-icon-list-item\">\n\t\t\t\t\t\t\t\t\t\t\t<span class=\"elementor-icon-list-icon\">\n\t\t\t\t\t\t\t<svg aria-hidden=\"true\" class=\"e-font-icon-svg e-far-arrow-alt-circle-right\" viewbox=\"0 0 512 512\" xmlns=\"http:\/\/www.w3.org\/2000\/svg\"><path d=\"M504 256C504 119 393 8 256 8S8 119 8 256s111 248 248 248 248-111 248-248zm-448 0c0-110.5 89.5-200 200-200s200 89.5 200 200-89.5 200-200 200S56 366.5 56 256zm72 20v-40c0-6.6 5.4-12 12-12h116v-67c0-10.7 12.9-16 20.5-8.5l99 99c4.7 4.7 4.7 12.3 0 17l-99 99c-7.6 7.6-20.5 2.2-20.5-8.5v-67H140c-6.6 0-12-5.4-12-12z\"><\/path><\/svg>\t\t\t\t\t\t<\/span>\n\t\t\t\t\t\t\t\t\t\t<span class=\"elementor-icon-list-text\">Ta bliska i zabawna wycieczka poka\u017ce ci wiele historii ukrytych w mie\u015bcie.<\/span>\n\t\t\t\t\t\t\t\t\t<\/li>\n\t\t\t\t\t\t\t\t<li class=\"elementor-icon-list-item\">\n\t\t\t\t\t\t\t\t\t\t\t<span class=\"elementor-icon-list-icon\">\n\t\t\t\t\t\t\t<svg aria-hidden=\"true\" class=\"e-font-icon-svg e-far-arrow-alt-circle-right\" viewbox=\"0 0 512 512\" xmlns=\"http:\/\/www.w3.org\/2000\/svg\"><path d=\"M504 256C504 119 393 8 256 8S8 119 8 256s111 248 248 248 248-111 248-248zm-448 0c0-110.5 89.5-200 200-200s200 89.5 200 200-89.5 200-200 200S56 366.5 56 256zm72 20v-40c0-6.6 5.4-12 12-12h116v-67c0-10.7 12.9-16 20.5-8.5l99 99c4.7 4.7 4.7 12.3 0 17l-99 99c-7.6 7.6-20.5 2.2-20.5-8.5v-67H140c-6.6 0-12-5.4-12-12z\"><\/path><\/svg>\t\t\t\t\t\t<\/span>\n\t\t\t\t\t\t\t\t\t\t<span class=\"elementor-icon-list-text\">Wraz z lokalnym przewodnikiem poznasz istot\u0119 Walencji poprzez wszystko, co prze\u017cy\u0142a<\/span>\n\t\t\t\t\t\t\t\t\t<\/li>\n\t\t\t\t\t\t<\/ul>\n\t\t\t\t\t\t<\/div>\n\t\t\t\t<div class=\"elementor-element elementor-element-69890570 elementor-widget-divider--view-line elementor-widget elementor-widget-divider\" data-id=\"69890570\" data-element_type=\"widget\" data-e-type=\"widget\" data-widget_type=\"divider.default\">\n\t\t\t\t\t\t\t<div class=\"elementor-divider\">\n\t\t\t<span class=\"elementor-divider-separator\">\n\t\t\t\t\t\t<\/span>\n\t\t<\/div>\n\t\t\t\t\t\t<\/div>\n\t\t\t\t<div class=\"elementor-element elementor-element-66b2dd22 elementor-widget elementor-widget-heading\" data-id=\"66b2dd22\" data-element_type=\"widget\" data-e-type=\"widget\" data-widget_type=\"heading.default\">\n\t\t\t\t\t<h3 class=\"elementor-heading-title elementor-size-default\">Opis<\/h3>\t\t\t\t<\/div>\n\t\t\t\t<div class=\"elementor-element elementor-element-53eed259 elementor-widget elementor-widget-heading\" data-id=\"53eed259\" data-element_type=\"widget\" data-e-type=\"widget\" data-widget_type=\"heading.default\">\n\t\t\t\t\t<h4 class=\"elementor-heading-title elementor-size-default\">Dziedzictwo Kr\u00f3lestwa Walencji<\/h4>\t\t\t\t<\/div>\n\t\t\t\t<div class=\"elementor-element elementor-element-24fe9608 elementor-widget elementor-widget-text-editor\" data-id=\"24fe9608\" data-element_type=\"widget\" data-e-type=\"widget\" data-widget_type=\"text-editor.default\">\n\t\t\t\t\t\t\t\t\t<p>\u015aredniowieczna wycieczka po Walencji: cofnij si\u0119 w czasie i <strong>odkryj, jak narodzi\u0142a si\u0119 i dorasta\u0142a \u015bredniowieczna Walencja<\/strong> podczas p\u00f3\u0142toragodzinnej wycieczki z przewodnikiem po jego najbardziej charakterystycznych budynkach.<\/p><p>Podczas spaceru nasz przewodnik zdradzi, jak wygl\u0105da\u0142o \u017cycie w dawnych czasach. <strong>dawne Kr\u00f3lestwo Walencji<\/strong>, Jak\u0105 rol\u0119 odegra\u0142y jego mury, jakie tajemnice skrywaj\u0105? <strong>gotyckie ulice<\/strong> i jak sta\u0142o si\u0119 jednym z najlepiej prosperuj\u0105cych miast w basenie Morza \u015ar\u00f3dziemnego.<\/p><p><strong>Nie jest to wycieczka akademicka ani techniczna:<\/strong> to bliskie, zabawne do\u015bwiadczenie pe\u0142ne prawdziwych historii, zaskakuj\u0105cych legend i szczeg\u00f3\u0142\u00f3w, kt\u00f3re zwykle pozostaj\u0105 niezauwa\u017cone.<\/p><p>Zobaczysz takie miejsca jak <strong>Wie\u017ce Serranos, katedra, Lonja de la Seda (Gie\u0142da Jedwabiu) lub stare \u015bredniowieczne dzielnice.<\/strong>, zrozumienie jego znaczenia bez konieczno\u015bci wchodzenia do budynk\u00f3w lub stania w kolejkach.<\/p><p>Jest to idealna wizyta dla tych, kt\u00f3rzy chc\u0105 <strong>lekki i dost\u0119pny plan kulturalny<\/strong>, Idealny dla rodzin, par i grup przyjaci\u00f3\u0142. Jest r\u00f3wnie\u017c <strong>przyjazny psom<\/strong> i odbywa si\u0119 na \u015bwie\u017cym powietrzu, dzi\u0119ki czemu jest wygodn\u0105 opcj\u0105 przez ca\u0142y rok.<\/p><p>Niezb\u0119dne do\u015bwiadczenie dla <strong>Odkryj historyczn\u0105 esencj\u0119 Walencji<\/strong>... i spojrze\u0107 na to innymi oczami.<\/p>\t\t\t\t\t\t\t\t<\/div>\n\t\t\t\t<div class=\"elementor-element elementor-element-3233b7cc elementor-widget-divider--view-line elementor-widget elementor-widget-divider\" data-id=\"3233b7cc\" data-element_type=\"widget\" data-e-type=\"widget\" data-widget_type=\"divider.default\">\n\t\t\t\t\t\t\t<div class=\"elementor-divider\">\n\t\t\t<span class=\"elementor-divider-separator\">\n\t\t\t\t\t\t<\/span>\n\t\t<\/div>\n\t\t\t\t\t\t<\/div>\n\t\t\t\t<div class=\"elementor-element elementor-element-2b96ffd4 elementor-widget elementor-widget-heading\" data-id=\"2b96ffd4\" data-element_type=\"widget\" data-e-type=\"widget\" data-widget_type=\"heading.default\">\n\t\t\t\t\t<h3 class=\"elementor-heading-title elementor-size-default\">Wa\u017cne informacje<\/h3>\t\t\t\t<\/div>\n\t\t\t\t<div class=\"elementor-element elementor-element-5db82776 elementor-widget elementor-widget-text-editor\" data-id=\"5db82776\" data-element_type=\"widget\" data-e-type=\"widget\" data-widget_type=\"text-editor.default\">\n\t\t\t\t\t\t\t\t\t<p><strong>Plan podr\u00f3\u017cy:<\/strong><\/p><ul><li>Poznaj <strong>\u015aredniowieczna historia Walencji<\/strong> na naszej wycieczce z przewodnikiem: \u015aredniowieczna wycieczka po Walencji, kt\u00f3ra rozpoczyna si\u0119 w symbolicznym <strong>Wie\u017ce Serranos z XIV wieku.<\/strong><\/li><li>Przejd\u017a do <strong>pi\u0119kny Plaza de la Virgen<\/strong> i zanurzy\u0107 si\u0119 w jego \u015bredniowiecznej wyj\u0105tkowo\u015bci.<\/li><li>Odkryj kontrasty starego miasta, pocz\u0105wszy od podboju <strong>Jakub I w XIII wieku<\/strong> do kultowego <strong>Katedra w Walencji<\/strong> i <strong>Miguelete<\/strong>.<\/li><li>Sp\u00f3jrz na imponuj\u0105ce<strong> Silk Exchange<\/strong>, Ujawniona zosta\u0142a handlowa przesz\u0142o\u015b\u0107 miasta.<\/li><\/ul><p>Podr\u00f3\u017c, kt\u00f3ra ujawnia <strong>zapomniane legendy<\/strong> i sprawi, \u017ce spojrzysz na miasto nowymi oczami.<\/p>\t\t\t\t\t\t\t\t<\/div>\n\t\t\t\t<div class=\"elementor-element elementor-element-7e086f20 elementor-widget-divider--view-line elementor-widget elementor-widget-divider\" data-id=\"7e086f20\" data-element_type=\"widget\" data-e-type=\"widget\" data-widget_type=\"divider.default\">\n\t\t\t\t\t\t\t<div class=\"elementor-divider\">\n\t\t\t<span class=\"elementor-divider-separator\">\n\t\t\t\t\t\t<\/span>\n\t\t<\/div>\n\t\t\t\t\t\t<\/div>\n\t\t\t\t<div class=\"elementor-element elementor-element-57839307 elementor-widget elementor-widget-heading\" data-id=\"57839307\" data-element_type=\"widget\" data-e-type=\"widget\" data-widget_type=\"heading.default\">\n\t\t\t\t\t<h3 class=\"elementor-heading-title elementor-size-default\">Miejsce spotkania<\/h3>\t\t\t\t<\/div>\n\t\t\t\t<div class=\"elementor-element elementor-element-bf6d1a0 elementor-widget elementor-widget-text-editor\" data-id=\"bf6d1a0\" data-element_type=\"widget\" data-e-type=\"widget\" data-widget_type=\"text-editor.default\">\n\t\t\t\t\t\t\t\t\t<p>Torres de Serranos, od strony plaza de los Fueros\/Pla\u00e7a dels Furs<\/p>\t\t\t\t\t\t\t\t<\/div>\n\t\t\t\t<div class=\"elementor-element elementor-element-f4572b4 elementor-widget-divider--view-line elementor-widget elementor-widget-divider\" data-id=\"f4572b4\" data-element_type=\"widget\" data-e-type=\"widget\" data-widget_type=\"divider.default\">\n\t\t\t\t\t\t\t<div class=\"elementor-divider\">\n\t\t\t<span class=\"elementor-divider-separator\">\n\t\t\t\t\t\t<\/span>\n\t\t<\/div>\n\t\t\t\t\t\t<\/div>\n\t\t\t\t<div class=\"elementor-element elementor-element-7caf573f elementor-widget elementor-widget-heading\" data-id=\"7caf573f\" data-element_type=\"widget\" data-e-type=\"widget\" data-widget_type=\"heading.default\">\n\t\t\t\t\t<h3 class=\"elementor-heading-title elementor-size-default\">Najcz\u0119\u015bciej zadawane pytania<\/h3>\t\t\t\t<\/div>\n\t\t\t\t\t<\/div>\n\t\t\t\t<\/div>\n\t\t<div class=\"elementor-element elementor-element-876eea9 e-flex e-con-boxed e-con e-parent\" data-id=\"876eea9\" data-element_type=\"container\" data-e-type=\"container\" data-settings=\"{&quot;background_background&quot;:&quot;classic&quot;}\">\n\t\t\t\t\t<div class=\"e-con-inner\">\n\t\t\t\t<div class=\"elementor-element elementor-element-2fba6b6 elementor-widget elementor-widget-n-accordion\" data-id=\"2fba6b6\" data-element_type=\"widget\" data-e-type=\"widget\" data-settings=\"{&quot;default_state&quot;:&quot;all_collapsed&quot;,&quot;max_items_expended&quot;:&quot;one&quot;,&quot;n_accordion_animation_duration&quot;:{&quot;unit&quot;:&quot;ms&quot;,&quot;size&quot;:400,&quot;sizes&quot;:[]}}\" data-widget_type=\"nested-accordion.default\">\n\t\t\t\t\t\t\t<div class=\"e-n-accordion\" aria-label=\"Akordeon. Otwieraj \u0142\u0105cza za pomoc\u0105 klawisza Enter lub spacji, zamykaj za pomoc\u0105 klawisza Escape i nawiguj za pomoc\u0105 klawiszy strza\u0142ek\">\n\t\t\t\t\t\t<details id=\"e-n-accordion-item-5000\" class=\"e-n-accordion-item\" >\n\t\t\t\t<summary class=\"e-n-accordion-item-title\" data-accordion-index=\"1\" tabindex=\"0\" aria-expanded=\"false\" aria-controls=\"e-n-accordion-item-5000\" >\n\t\t\t\t\t<span class='e-n-accordion-item-title-header'><div class=\"e-n-accordion-item-title-text\"> Jak rozpoznam przewodnika? <\/div><\/span>\n\t\t\t\t\t\t\t<span class='e-n-accordion-item-title-icon'>\n\t\t\t<span class='e-opened' ><svg aria-hidden=\"true\" class=\"e-font-icon-svg e-fas-minus\" viewbox=\"0 0 448 512\" xmlns=\"http:\/\/www.w3.org\/2000\/svg\"><path d=\"M416 208H32c-17.67 0-32 14.33-32 32v32c0 17.67 14.33 32 32 32h384c17.67 0 32-14.33 32-32v-32c0-17.67-14.33-32-32-32z\"><\/path><\/svg><\/span>\n\t\t\t<span class='e-closed'><svg aria-hidden=\"true\" class=\"e-font-icon-svg e-fas-plus\" viewbox=\"0 0 448 512\" xmlns=\"http:\/\/www.w3.org\/2000\/svg\"><path d=\"M416 208H272V64c0-17.67-14.33-32-32-32h-32c-17.67 0-32 14.33-32 32v144H32c-17.67 0-32 14.33-32 32v32c0 17.67 14.33 32 32 32h144v144c0 17.67 14.33 32 32 32h32c17.67 0 32-14.33 32-32V304h144c17.67 0 32-14.33 32-32v-32c0-17.67-14.33-32-32-32z\"><\/path><\/svg><\/span>\n\t\t<\/span>\n\n\t\t\t\t\t\t<\/summary>\n\t\t\t\t<div role=\"region\" aria-labelledby=\"e-n-accordion-item-5000\" class=\"elementor-element elementor-element-ab6e7a2 e-con-full e-flex e-con e-child\" data-id=\"ab6e7a2\" data-element_type=\"container\" data-e-type=\"container\">\n\t\t<div role=\"region\" aria-labelledby=\"e-n-accordion-item-5000\" class=\"elementor-element elementor-element-0adca18 e-flex e-con-boxed e-con e-child\" data-id=\"0adca18\" data-element_type=\"container\" data-e-type=\"container\">\n\t\t\t\t\t<div class=\"e-con-inner\">\n\t\t\t\t<div class=\"elementor-element elementor-element-906fc1e elementor-widget elementor-widget-text-editor\" data-id=\"906fc1e\" data-element_type=\"widget\" data-e-type=\"widget\" data-widget_type=\"text-editor.default\">\n\t\t\t\t\t\t\t\t\t<p>Przewodnika z oficjaln\u0105 akredytacj\u0105 mo\u017cna znale\u017a\u0107 przy g\u0142\u00f3wnych drzwiach wie\u017c Serranos od strony placu. Mo\u017cesz zapyta\u0107 o\nValencia&amp;Go, a je\u015bli nie mo\u017cesz go znale\u017a\u0107, mo\u017cesz skontaktowa\u0107 si\u0119 z nami bezpo\u015brednio przez WhatsApp, aby uzyska\u0107 dok\u0142adne\nwskaz\u00f3wki.<\/p>\t\t\t\t\t\t\t\t<\/div>\n\t\t\t\t\t<\/div>\n\t\t\t\t<\/div>\n\t\t\t\t<\/div>\n\t\t\t\t\t<\/details>\n\t\t\t\t\t\t<details id=\"e-n-accordion-item-5001\" class=\"e-n-accordion-item\" >\n\t\t\t\t<summary class=\"e-n-accordion-item-title\" data-accordion-index=\"2\" tabindex=\"-1\" aria-expanded=\"false\" aria-controls=\"e-n-accordion-item-5001\" >\n\t\t\t\t\t<span class='e-n-accordion-item-title-header'><div class=\"e-n-accordion-item-title-text\"> Co zarezerwowa\u0142em? <\/div><\/span>\n\t\t\t\t\t\t\t<span class='e-n-accordion-item-title-icon'>\n\t\t\t<span class='e-opened' ><svg aria-hidden=\"true\" class=\"e-font-icon-svg e-fas-minus\" viewbox=\"0 0 448 512\" xmlns=\"http:\/\/www.w3.org\/2000\/svg\"><path d=\"M416 208H32c-17.67 0-32 14.33-32 32v32c0 17.67 14.33 32 32 32h384c17.67 0 32-14.33 32-32v-32c0-17.67-14.33-32-32-32z\"><\/path><\/svg><\/span>\n\t\t\t<span class='e-closed'><svg aria-hidden=\"true\" class=\"e-font-icon-svg e-fas-plus\" viewbox=\"0 0 448 512\" xmlns=\"http:\/\/www.w3.org\/2000\/svg\"><path d=\"M416 208H272V64c0-17.67-14.33-32-32-32h-32c-17.67 0-32 14.33-32 32v144H32c-17.67 0-32 14.33-32 32v32c0 17.67 14.33 32 32 32h144v144c0 17.67 14.33 32 32 32h32c17.67 0 32-14.33 32-32V304h144c17.67 0 32-14.33 32-32v-32c0-17.67-14.33-32-32-32z\"><\/path><\/svg><\/span>\n\t\t<\/span>\n\n\t\t\t\t\t\t<\/summary>\n\t\t\t\t<div role=\"region\" aria-labelledby=\"e-n-accordion-item-5001\" class=\"elementor-element elementor-element-612f3e5 e-con-full e-flex e-con e-child\" data-id=\"612f3e5\" data-element_type=\"container\" data-e-type=\"container\">\n\t\t\t\t<div class=\"elementor-element elementor-element-b58fd2a elementor-widget elementor-widget-text-editor\" data-id=\"b58fd2a\" data-element_type=\"widget\" data-e-type=\"widget\" data-widget_type=\"text-editor.default\">\n\t\t\t\t\t\t\t\t\t<p><span style=\"font-weight: 400;\">Zarezerwowa\u0142e\u015b piesz\u0105 wycieczk\u0119 z przewodnikiem po \u015bredniowiecznej Walencji z oficjalnym lokalnym przewodnikiem. Wycieczka odbywa si\u0119 w ca\u0142o\u015bci na \u015bwie\u017cym powietrzu i nie obejmuje op\u0142at za wst\u0119p do zabytk\u00f3w.<\/span><\/p>\t\t\t\t\t\t\t\t<\/div>\n\t\t\t\t<\/div>\n\t\t\t\t\t<\/details>\n\t\t\t\t\t\t<details id=\"e-n-accordion-item-5002\" class=\"e-n-accordion-item\" >\n\t\t\t\t<summary class=\"e-n-accordion-item-title\" data-accordion-index=\"3\" tabindex=\"-1\" aria-expanded=\"false\" aria-controls=\"e-n-accordion-item-5002\" >\n\t\t\t\t\t<span class='e-n-accordion-item-title-header'><div class=\"e-n-accordion-item-title-text\"> Polityka anulowania <\/div><\/span>\n\t\t\t\t\t\t\t<span class='e-n-accordion-item-title-icon'>\n\t\t\t<span class='e-opened' ><svg aria-hidden=\"true\" class=\"e-font-icon-svg e-fas-minus\" viewbox=\"0 0 448 512\" xmlns=\"http:\/\/www.w3.org\/2000\/svg\"><path d=\"M416 208H32c-17.67 0-32 14.33-32 32v32c0 17.67 14.33 32 32 32h384c17.67 0 32-14.33 32-32v-32c0-17.67-14.33-32-32-32z\"><\/path><\/svg><\/span>\n\t\t\t<span class='e-closed'><svg aria-hidden=\"true\" class=\"e-font-icon-svg e-fas-plus\" viewbox=\"0 0 448 512\" xmlns=\"http:\/\/www.w3.org\/2000\/svg\"><path d=\"M416 208H272V64c0-17.67-14.33-32-32-32h-32c-17.67 0-32 14.33-32 32v144H32c-17.67 0-32 14.33-32 32v32c0 17.67 14.33 32 32 32h144v144c0 17.67 14.33 32 32 32h32c17.67 0 32-14.33 32-32V304h144c17.67 0 32-14.33 32-32v-32c0-17.67-14.33-32-32-32z\"><\/path><\/svg><\/span>\n\t\t<\/span>\n\n\t\t\t\t\t\t<\/summary>\n\t\t\t\t<div role=\"region\" aria-labelledby=\"e-n-accordion-item-5002\" class=\"elementor-element elementor-element-44e6dc1 e-con-full e-flex e-con e-child\" data-id=\"44e6dc1\" data-element_type=\"container\" data-e-type=\"container\">\n\t\t\t\t<div class=\"elementor-element elementor-element-d0cb307 elementor-widget elementor-widget-text-editor\" data-id=\"d0cb307\" data-element_type=\"widget\" data-e-type=\"widget\" data-widget_type=\"text-editor.default\">\n\t\t\t\t\t\t\t\t\t<p><span style=\"font-weight: 400;\">Mo\u017cesz odwo\u0142a\u0107 rezerwacj\u0119 bezp\u0142atnie w terminie wskazanym na karcie produktu. Po up\u0142ywie tego terminu lub w przypadku niepojawienia si\u0119, zwrot nie b\u0119dzie realizowany.<\/span><\/p>\t\t\t\t\t\t\t\t<\/div>\n\t\t\t\t<\/div>\n\t\t\t\t\t<\/details>\n\t\t\t\t\t<\/div>\n\t\t\t\t\t\t<\/div>\n\t\t\t\t\t<\/div>\n\t\t\t\t<\/div>\n\t\t\t\t<\/div>","protected":false},"excerpt":{"rendered":"<p>Odkryj \u015bredniowieczn\u0105 Walencj\u0119 podczas wycieczki z przewodnikiem na \u015bwie\u017cym powietrzu, kt\u00f3ra \u0142\u0105czy histori\u0119, legendy i charakterystyczne miejsca, takie jak wie\u017ce Serranos, katedra i Lonja.<\/p>","protected":false},"featured_media":5655,"template":"","meta":{"_acf_changed":false},"product_cat":[15],"product_tag":[],"class_list":{"0":"post-4330","1":"product","2":"type-product","3":"status-publish","4":"has-post-thumbnail","6":"product_cat-tours-valencia","8":"first","9":"instock","10":"virtual","11":"sold-individually","12":"taxable","13":"purchasable","14":"product-type-turitop"},"acf":[],"yoast_head":"<!-- This site is optimized with the Yoast SEO plugin v27.5 - https:\/\/yoast.com\/product\/yoast-seo-wordpress\/ -->\n<title>Tour Medieval en Valencia: historia y monumentos | Valencia &amp; Go<\/title>\n<meta name=\"description\" content=\"Tour medieval en Valencia: Descubre el legado del hist\u00f3rico Reino de Valencia, uno de los reinos m\u00e1s influyentes de la pen\u00ednsula.\" \/>\n<meta name=\"robots\" content=\"noindex, follow, max-snippet:-1, max-image-preview:large, max-video-preview:-1\" \/>\n<meta property=\"og:locale\" content=\"pl_PL\" \/>\n<meta property=\"og:type\" content=\"article\" \/>\n<meta property=\"og:title\" content=\"Tour Medieval en Valencia: historia y monumentos | Valencia &amp; Go\" \/>\n<meta property=\"og:description\" content=\"Tour medieval en Valencia: Descubre el legado del hist\u00f3rico Reino de Valencia, uno de los reinos m\u00e1s influyentes de la pen\u00ednsula.\" \/>\n<meta property=\"og:url\" content=\"https:\/\/upgrade.valenciaandgo.com\/pl\/wycieczki-po-walencji\/wycieczka-po-sredniowiecznej-walencji\/\" \/>\n<meta property=\"og:site_name\" content=\"Valencia&amp;Go\" \/>\n<meta property=\"article:publisher\" content=\"https:\/\/www.facebook.com\/valenciaandgo\/\" \/>\n<meta property=\"article:modified_time\" content=\"2026-04-23T07:13:43+00:00\" \/>\n<meta property=\"og:image\" content=\"https:\/\/upgrade.valenciaandgo.com\/wp-content\/uploads\/tours-excursiones\/16-tour-medieval\/tour-medieval_7.webp\" \/>\n\t<meta property=\"og:image:width\" content=\"920\" \/>\n\t<meta property=\"og:image:height\" content=\"688\" \/>\n\t<meta property=\"og:image:type\" content=\"image\/webp\" \/>\n<meta name=\"twitter:card\" content=\"summary_large_image\" \/>\n<meta name=\"twitter:label1\" content=\"Szacowany czas czytania\" \/>\n\t<meta name=\"twitter:data1\" content=\"3 minuty\" \/>\n<script type=\"application\/ld+json\" class=\"yoast-schema-graph\">{\"@context\":\"https:\\\/\\\/schema.org\",\"@graph\":[{\"@type\":\"WebPage\",\"@id\":\"https:\\\/\\\/upgrade.valenciaandgo.com\\\/tours-valencia\\\/tour-de-valencia-medieval\\\/\",\"url\":\"https:\\\/\\\/upgrade.valenciaandgo.com\\\/tours-valencia\\\/tour-de-valencia-medieval\\\/\",\"name\":\"Tour Medieval en Valencia: historia y monumentos | Valencia & Go\",\"isPartOf\":{\"@id\":\"https:\\\/\\\/upgrade.valenciaandgo.com\\\/it\\\/#website\"},\"primaryImageOfPage\":{\"@id\":\"https:\\\/\\\/upgrade.valenciaandgo.com\\\/tours-valencia\\\/tour-de-valencia-medieval\\\/#primaryimage\"},\"image\":{\"@id\":\"https:\\\/\\\/upgrade.valenciaandgo.com\\\/tours-valencia\\\/tour-de-valencia-medieval\\\/#primaryimage\"},\"thumbnailUrl\":\"https:\\\/\\\/upgrade.valenciaandgo.com\\\/wp-content\\\/uploads\\\/tours-excursiones\\\/16-tour-medieval\\\/tour-medieval_7.webp\",\"datePublished\":\"2026-01-13T09:26:34+00:00\",\"dateModified\":\"2026-04-23T07:13:43+00:00\",\"description\":\"Tour medieval en Valencia: Descubre el legado del hist\u00f3rico Reino de Valencia, uno de los reinos m\u00e1s influyentes de la pen\u00ednsula.\",\"breadcrumb\":{\"@id\":\"https:\\\/\\\/upgrade.valenciaandgo.com\\\/tours-valencia\\\/tour-de-valencia-medieval\\\/#breadcrumb\"},\"inLanguage\":\"pl-PL\",\"potentialAction\":[{\"@type\":\"ReadAction\",\"target\":[\"https:\\\/\\\/upgrade.valenciaandgo.com\\\/tours-valencia\\\/tour-de-valencia-medieval\\\/\"]}]},{\"@type\":\"ImageObject\",\"inLanguage\":\"pl-PL\",\"@id\":\"https:\\\/\\\/upgrade.valenciaandgo.com\\\/tours-valencia\\\/tour-de-valencia-medieval\\\/#primaryimage\",\"url\":\"https:\\\/\\\/upgrade.valenciaandgo.com\\\/wp-content\\\/uploads\\\/tours-excursiones\\\/16-tour-medieval\\\/tour-medieval_7.webp\",\"contentUrl\":\"https:\\\/\\\/upgrade.valenciaandgo.com\\\/wp-content\\\/uploads\\\/tours-excursiones\\\/16-tour-medieval\\\/tour-medieval_7.webp\",\"width\":920,\"height\":688},{\"@type\":\"BreadcrumbList\",\"@id\":\"https:\\\/\\\/upgrade.valenciaandgo.com\\\/tours-valencia\\\/tour-de-valencia-medieval\\\/#breadcrumb\",\"itemListElement\":[{\"@type\":\"ListItem\",\"position\":1,\"name\":\"Portada\",\"item\":\"https:\\\/\\\/upgrade.valenciaandgo.com\\\/\"},{\"@type\":\"ListItem\",\"position\":2,\"name\":\"Tours\",\"item\":\"https:\\\/\\\/upgrade.valenciaandgo.com\\\/tours\\\/\"},{\"@type\":\"ListItem\",\"position\":3,\"name\":\"Tour de Valencia Medieval\"}]},{\"@type\":\"WebSite\",\"@id\":\"https:\\\/\\\/upgrade.valenciaandgo.com\\\/it\\\/#website\",\"url\":\"https:\\\/\\\/upgrade.valenciaandgo.com\\\/it\\\/\",\"name\":\"Valencia&Go\",\"description\":\"Tours por Valencia y alrededores de ciudad.\",\"publisher\":{\"@id\":\"https:\\\/\\\/upgrade.valenciaandgo.com\\\/it\\\/#organization\"},\"potentialAction\":[{\"@type\":\"SearchAction\",\"target\":{\"@type\":\"EntryPoint\",\"urlTemplate\":\"https:\\\/\\\/upgrade.valenciaandgo.com\\\/it\\\/?s={search_term_string}\"},\"query-input\":{\"@type\":\"PropertyValueSpecification\",\"valueRequired\":true,\"valueName\":\"search_term_string\"}}],\"inLanguage\":\"pl-PL\"},{\"@type\":\"Organization\",\"@id\":\"https:\\\/\\\/upgrade.valenciaandgo.com\\\/it\\\/#organization\",\"name\":\"Valencia&Go\",\"url\":\"https:\\\/\\\/upgrade.valenciaandgo.com\\\/it\\\/\",\"logo\":{\"@type\":\"ImageObject\",\"inLanguage\":\"pl-PL\",\"@id\":\"https:\\\/\\\/upgrade.valenciaandgo.com\\\/it\\\/#\\\/schema\\\/logo\\\/image\\\/\",\"url\":\"https:\\\/\\\/upgrade.valenciaandgo.com\\\/wp-content\\\/uploads\\\/2025\\\/10\\\/valencia_go-svg-blnc-iso-naranja.svg\",\"contentUrl\":\"https:\\\/\\\/upgrade.valenciaandgo.com\\\/wp-content\\\/uploads\\\/2025\\\/10\\\/valencia_go-svg-blnc-iso-naranja.svg\",\"width\":434,\"height\":102,\"caption\":\"Valencia&Go\"},\"image\":{\"@id\":\"https:\\\/\\\/upgrade.valenciaandgo.com\\\/it\\\/#\\\/schema\\\/logo\\\/image\\\/\"},\"sameAs\":[\"https:\\\/\\\/www.facebook.com\\\/valenciaandgo\\\/\",\"https:\\\/\\\/www.instagram.com\\\/valenciaandgo\",\"https:\\\/\\\/www.linkedin.com\\\/company\\\/valencia-go\\\/\",\"https:\\\/\\\/www.tiktok.com\\\/@valenciaandgo\"]}]}<\/script>\n<!-- \/ Yoast SEO plugin. -->","yoast_head_json":{"title":"\u015aredniowieczna wycieczka po Walencji: historia i zabytki | Valencia &amp; Go","description":"\u015aredniowieczna wycieczka po Walencji: Odkryj dziedzictwo historycznego Kr\u00f3lestwa Walencji, jednego z najbardziej wp\u0142ywowych kr\u00f3lestw p\u00f3\u0142wyspu.","robots":{"index":"noindex","follow":"follow","max-snippet":"max-snippet:-1","max-image-preview":"max-image-preview:large","max-video-preview":"max-video-preview:-1"},"og_locale":"pl_PL","og_type":"article","og_title":"Tour Medieval en Valencia: historia y monumentos | Valencia & Go","og_description":"Tour medieval en Valencia: Descubre el legado del hist\u00f3rico Reino de Valencia, uno de los reinos m\u00e1s influyentes de la pen\u00ednsula.","og_url":"https:\/\/upgrade.valenciaandgo.com\/pl\/wycieczki-po-walencji\/wycieczka-po-sredniowiecznej-walencji\/","og_site_name":"Valencia&amp;Go","article_publisher":"https:\/\/www.facebook.com\/valenciaandgo\/","article_modified_time":"2026-04-23T07:13:43+00:00","og_image":[{"width":920,"height":688,"url":"https:\/\/upgrade.valenciaandgo.com\/wp-content\/uploads\/tours-excursiones\/16-tour-medieval\/tour-medieval_7.webp","type":"image\/webp"}],"twitter_card":"summary_large_image","twitter_misc":{"Szacowany czas czytania":"3 minuty"},"schema":{"@context":"https:\/\/schema.org","@graph":[{"@type":"WebPage","@id":"https:\/\/upgrade.valenciaandgo.com\/tours-valencia\/tour-de-valencia-medieval\/","url":"https:\/\/upgrade.valenciaandgo.com\/tours-valencia\/tour-de-valencia-medieval\/","name":"\u015aredniowieczna wycieczka po Walencji: historia i zabytki | Valencia &amp; Go","isPartOf":{"@id":"https:\/\/upgrade.valenciaandgo.com\/it\/#website"},"primaryImageOfPage":{"@id":"https:\/\/upgrade.valenciaandgo.com\/tours-valencia\/tour-de-valencia-medieval\/#primaryimage"},"image":{"@id":"https:\/\/upgrade.valenciaandgo.com\/tours-valencia\/tour-de-valencia-medieval\/#primaryimage"},"thumbnailUrl":"https:\/\/upgrade.valenciaandgo.com\/wp-content\/uploads\/tours-excursiones\/16-tour-medieval\/tour-medieval_7.webp","datePublished":"2026-01-13T09:26:34+00:00","dateModified":"2026-04-23T07:13:43+00:00","description":"\u015aredniowieczna wycieczka po Walencji: Odkryj dziedzictwo historycznego Kr\u00f3lestwa Walencji, jednego z najbardziej wp\u0142ywowych kr\u00f3lestw p\u00f3\u0142wyspu.","breadcrumb":{"@id":"https:\/\/upgrade.valenciaandgo.com\/tours-valencia\/tour-de-valencia-medieval\/#breadcrumb"},"inLanguage":"pl-PL","potentialAction":[{"@type":"ReadAction","target":["https:\/\/upgrade.valenciaandgo.com\/tours-valencia\/tour-de-valencia-medieval\/"]}]},{"@type":"ImageObject","inLanguage":"pl-PL","@id":"https:\/\/upgrade.valenciaandgo.com\/tours-valencia\/tour-de-valencia-medieval\/#primaryimage","url":"https:\/\/upgrade.valenciaandgo.com\/wp-content\/uploads\/tours-excursiones\/16-tour-medieval\/tour-medieval_7.webp","contentUrl":"https:\/\/upgrade.valenciaandgo.com\/wp-content\/uploads\/tours-excursiones\/16-tour-medieval\/tour-medieval_7.webp","width":920,"height":688},{"@type":"BreadcrumbList","@id":"https:\/\/upgrade.valenciaandgo.com\/tours-valencia\/tour-de-valencia-medieval\/#breadcrumb","itemListElement":[{"@type":"ListItem","position":1,"name":"Portada","item":"https:\/\/upgrade.valenciaandgo.com\/"},{"@type":"ListItem","position":2,"name":"Tours","item":"https:\/\/upgrade.valenciaandgo.com\/tours\/"},{"@type":"ListItem","position":3,"name":"Tour de Valencia Medieval"}]},{"@type":"WebSite","@id":"https:\/\/upgrade.valenciaandgo.com\/it\/#website","url":"https:\/\/upgrade.valenciaandgo.com\/it\/","name":"Valencia&amp;Go","description":"Wycieczki po Walencji i okolicach.","publisher":{"@id":"https:\/\/upgrade.valenciaandgo.com\/it\/#organization"},"potentialAction":[{"@type":"SearchAction","target":{"@type":"EntryPoint","urlTemplate":"https:\/\/upgrade.valenciaandgo.com\/it\/?s={search_term_string}"},"query-input":{"@type":"PropertyValueSpecification","valueRequired":true,"valueName":"search_term_string"}}],"inLanguage":"pl-PL"},{"@type":"Organization","@id":"https:\/\/upgrade.valenciaandgo.com\/it\/#organization","name":"Valencia&amp;Go","url":"https:\/\/upgrade.valenciaandgo.com\/it\/","logo":{"@type":"ImageObject","inLanguage":"pl-PL","@id":"https:\/\/upgrade.valenciaandgo.com\/it\/#\/schema\/logo\/image\/","url":"https:\/\/upgrade.valenciaandgo.com\/wp-content\/uploads\/2025\/10\/valencia_go-svg-blnc-iso-naranja.svg","contentUrl":"https:\/\/upgrade.valenciaandgo.com\/wp-content\/uploads\/2025\/10\/valencia_go-svg-blnc-iso-naranja.svg","width":434,"height":102,"caption":"Valencia&Go"},"image":{"@id":"https:\/\/upgrade.valenciaandgo.com\/it\/#\/schema\/logo\/image\/"},"sameAs":["https:\/\/www.facebook.com\/valenciaandgo\/","https:\/\/www.instagram.com\/valenciaandgo","https:\/\/www.linkedin.com\/company\/valencia-go\/","https:\/\/www.tiktok.com\/@valenciaandgo"]}]}},"_links":{"self":[{"href":"https:\/\/upgrade.valenciaandgo.com\/pl\/wp-json\/wp\/v2\/product\/4330","targetHints":{"allow":["GET"]}}],"collection":[{"href":"https:\/\/upgrade.valenciaandgo.com\/pl\/wp-json\/wp\/v2\/product"}],"about":[{"href":"https:\/\/upgrade.valenciaandgo.com\/pl\/wp-json\/wp\/v2\/types\/product"}],"version-history":[{"count":0,"href":"https:\/\/upgrade.valenciaandgo.com\/pl\/wp-json\/wp\/v2\/product\/4330\/revisions"}],"wp:featuredmedia":[{"embeddable":true,"href":"https:\/\/upgrade.valenciaandgo.com\/pl\/wp-json\/wp\/v2\/media\/5655"}],"wp:attachment":[{"href":"https:\/\/upgrade.valenciaandgo.com\/pl\/wp-json\/wp\/v2\/media?parent=4330"}],"wp:term":[{"taxonomy":"product_cat","embeddable":true,"href":"https:\/\/upgrade.valenciaandgo.com\/pl\/wp-json\/wp\/v2\/product_cat?post=4330"},{"taxonomy":"product_tag","embeddable":true,"href":"https:\/\/upgrade.valenciaandgo.com\/pl\/wp-json\/wp\/v2\/product_tag?post=4330"}],"curies":[{"name":"wp","href":"https:\/\/api.w.org\/{rel}","templated":true}]}}