{"id":4104,"date":"2026-01-12T11:56:46","date_gmt":"2026-01-12T11:56:46","guid":{"rendered":"https:\/\/new.valenciaandgo.com\/?post_type=product&#038;p=4104"},"modified":"2026-04-23T07:15:13","modified_gmt":"2026-04-23T07:15:13","slug":"wycieczka-do-morella-i-peniscola","status":"publish","type":"product","link":"https:\/\/upgrade.valenciaandgo.com\/pl\/excursiones\/excursion-a-morella-y-peniscola\/","title":{"rendered":"Wycieczka do Morelli i Pe\u00f1\u00edscoli"},"content":{"rendered":"<div data-elementor-type=\"wp-post\" data-elementor-id=\"4104\" class=\"elementor elementor-4104\" data-elementor-post-type=\"product\">\n\t\t\t\t<div class=\"elementor-element elementor-element-16ab0f21 e-flex e-con-boxed e-con e-parent\" data-id=\"16ab0f21\" data-element_type=\"container\" data-e-type=\"container\" data-settings=\"{&quot;background_background&quot;:&quot;classic&quot;}\">\n\t\t\t\t\t<div class=\"e-con-inner\">\n\t\t\t\t<div class=\"elementor-element elementor-element-62a1d618 elementor-widget elementor-widget-text-editor\" data-id=\"62a1d618\" data-element_type=\"widget\" data-e-type=\"widget\" data-widget_type=\"text-editor.default\">\n\t\t\t\t\t\t\t\t\t<p class=\" translation-block\">Odkryj Morell\u0119 i Pe\u00f1\u00edscol\u0119, <strong>dwie per\u0142y Castell\u00f3nu.<\/strong><\/p>\t\t\t\t\t\t\t\t<\/div>\n\t\t\t\t<div class=\"elementor-element elementor-element-81fb9fe elementor-widget elementor-widget-heading\" data-id=\"81fb9fe\" data-element_type=\"widget\" data-e-type=\"widget\" data-widget_type=\"heading.default\">\n\t\t\t\t\t<h3 class=\"elementor-heading-title elementor-size-default\">Najwa\u017cniejsze punkty<\/h3>\t\t\t\t<\/div>\n\t\t\t\t<div class=\"elementor-element elementor-element-234aa140 elementor-align-start elementor-icon-list--layout-traditional elementor-list-item-link-full_width elementor-widget elementor-widget-icon-list\" data-id=\"234aa140\" data-element_type=\"widget\" data-e-type=\"widget\" data-widget_type=\"icon-list.default\">\n\t\t\t\t\t\t\t<ul class=\"elementor-icon-list-items\">\n\t\t\t\t\t\t\t<li class=\"elementor-icon-list-item\">\n\t\t\t\t\t\t\t\t\t\t\t<span class=\"elementor-icon-list-icon\">\n\t\t\t\t\t\t\t<svg aria-hidden=\"true\" class=\"e-font-icon-svg e-far-arrow-alt-circle-right\" viewbox=\"0 0 512 512\" xmlns=\"http:\/\/www.w3.org\/2000\/svg\"><path d=\"M504 256C504 119 393 8 256 8S8 119 8 256s111 248 248 248 248-111 248-248zm-448 0c0-110.5 89.5-200 200-200s200 89.5 200 200-89.5 200-200 200S56 366.5 56 256zm72 20v-40c0-6.6 5.4-12 12-12h116v-67c0-10.7 12.9-16 20.5-8.5l99 99c4.7 4.7 4.7 12.3 0 17l-99 99c-7.6 7.6-20.5 2.2-20.5-8.5v-67H140c-6.6 0-12-5.4-12-12z\"><\/path><\/svg>\t\t\t\t\t\t<\/span>\n\t\t\t\t\t\t\t\t\t\t<span class=\"elementor-icon-list-text\">Poznaj Morell\u0119 i przenie\u015b si\u0119 do \u015bredniowiecza dzi\u0119ki jej historii <\/span>\n\t\t\t\t\t\t\t\t\t<\/li>\n\t\t\t\t\t\t\t\t<li class=\"elementor-icon-list-item\">\n\t\t\t\t\t\t\t\t\t\t\t<span class=\"elementor-icon-list-icon\">\n\t\t\t\t\t\t\t<svg aria-hidden=\"true\" class=\"e-font-icon-svg e-far-arrow-alt-circle-right\" viewbox=\"0 0 512 512\" xmlns=\"http:\/\/www.w3.org\/2000\/svg\"><path d=\"M504 256C504 119 393 8 256 8S8 119 8 256s111 248 248 248 248-111 248-248zm-448 0c0-110.5 89.5-200 200-200s200 89.5 200 200-89.5 200-200 200S56 366.5 56 256zm72 20v-40c0-6.6 5.4-12 12-12h116v-67c0-10.7 12.9-16 20.5-8.5l99 99c4.7 4.7 4.7 12.3 0 17l-99 99c-7.6 7.6-20.5 2.2-20.5-8.5v-67H140c-6.6 0-12-5.4-12-12z\"><\/path><\/svg>\t\t\t\t\t\t<\/span>\n\t\t\t\t\t\t\t\t\t\t<span class=\"elementor-icon-list-text\">Odwied\u017a Pe\u00f1\u00edscol\u0119, miasto morza<\/span>\n\t\t\t\t\t\t\t\t\t<\/li>\n\t\t\t\t\t\t\t\t<li class=\"elementor-icon-list-item\">\n\t\t\t\t\t\t\t\t\t\t\t<span class=\"elementor-icon-list-icon\">\n\t\t\t\t\t\t\t<svg aria-hidden=\"true\" class=\"e-font-icon-svg e-far-arrow-alt-circle-right\" viewbox=\"0 0 512 512\" xmlns=\"http:\/\/www.w3.org\/2000\/svg\"><path d=\"M504 256C504 119 393 8 256 8S8 119 8 256s111 248 248 248 248-111 248-248zm-448 0c0-110.5 89.5-200 200-200s200 89.5 200 200-89.5 200-200 200S56 366.5 56 256zm72 20v-40c0-6.6 5.4-12 12-12h116v-67c0-10.7 12.9-16 20.5-8.5l99 99c4.7 4.7 4.7 12.3 0 17l-99 99c-7.6 7.6-20.5 2.2-20.5-8.5v-67H140c-6.6 0-12-5.4-12-12z\"><\/path><\/svg>\t\t\t\t\t\t<\/span>\n\t\t\t\t\t\t\t\t\t\t<span class=\"elementor-icon-list-text\">Odkryj te dwa miasta w towarzystwie licencjonowanego przewodnika, z transportem i posi\u0142kami w cenie<\/span>\n\t\t\t\t\t\t\t\t\t<\/li>\n\t\t\t\t\t\t<\/ul>\n\t\t\t\t\t\t<\/div>\n\t\t\t\t<div class=\"elementor-element elementor-element-3a4b06c3 elementor-widget-divider--view-line elementor-widget elementor-widget-divider\" data-id=\"3a4b06c3\" data-element_type=\"widget\" data-e-type=\"widget\" data-widget_type=\"divider.default\">\n\t\t\t\t\t\t\t<div class=\"elementor-divider\">\n\t\t\t<span class=\"elementor-divider-separator\">\n\t\t\t\t\t\t<\/span>\n\t\t<\/div>\n\t\t\t\t\t\t<\/div>\n\t\t\t\t<div class=\"elementor-element elementor-element-284b280c elementor-widget elementor-widget-heading\" data-id=\"284b280c\" data-element_type=\"widget\" data-e-type=\"widget\" data-widget_type=\"heading.default\">\n\t\t\t\t\t<h3 class=\"elementor-heading-title elementor-size-default\">Opis<\/h3>\t\t\t\t<\/div>\n\t\t\t\t<div class=\"elementor-element elementor-element-14600c60 elementor-widget elementor-widget-heading\" data-id=\"14600c60\" data-element_type=\"widget\" data-e-type=\"widget\" data-widget_type=\"heading.default\">\n\t\t\t\t\t<h4 class=\"elementor-heading-title elementor-size-default\">Chcesz odkry\u0107 dwie per\u0142y Castell\u00f3nu \u2013 Morell\u0119 i Pe\u00f1\u00edscol\u0119?<\/h4>\t\t\t\t<\/div>\n\t\t\t\t<div class=\"elementor-element elementor-element-2d9be187 elementor-widget elementor-widget-heading\" data-id=\"2d9be187\" data-element_type=\"widget\" data-e-type=\"widget\" data-widget_type=\"heading.default\">\n\t\t\t\t\t<h5 class=\"elementor-heading-title elementor-size-default\">Wycieczka do Morelli: podr\u00f3\u017c do \u015bredniowiecza<\/h5>\t\t\t\t<\/div>\n\t\t\t\t<div class=\"elementor-element elementor-element-7c661420 elementor-widget elementor-widget-text-editor\" data-id=\"7c661420\" data-element_type=\"widget\" data-e-type=\"widget\" data-widget_type=\"text-editor.default\">\n\t\t\t\t\t\t\t\t\t<p class=\" translation-block\">Po dw\u00f3ch godzinach podr\u00f3\u017cy z Walencji, przemierzaj\u0105c <strong>pi\u0119kne krajobrazy wybrze\u017ca Lewantu<\/strong>, dostrze\u017cemy sylwetk\u0119 miasta, kt\u00f3re majestatycznie wznosi si\u0119 nad okolic\u0105, przywo\u0142uj\u0105c na my\u015bl czasy \u015bredniowiecza. Tutaj rozpocznie si\u0119 nasza <strong>wizyta w Morelli \u2013 imponuj\u0105cym, otoczonym murami mie\u015bcie<\/strong>, kt\u00f3rego pionowa zabudowa zachwyci Ci\u0119 ju\u017c od pierwszej chwili.<\/p><p class=\" translation-block\"><strong>Lokalny, licencjonowany przewodnik<\/strong> poprowadzi nas przez w\u0105skie i strome brukowane uliczki, tak charakterystyczne dla tego miasta. <strong>Pierwszym przystankiem<\/strong> b\u0119dzie s\u0142ynny <strong>zamek<\/strong>, g\u00f3ruj\u0105cy nad miejscowo\u015bci\u0105 \u2014 <strong>islamska twierdza z XII wieku<\/strong>, kt\u00f3ra by\u0142a \u015bwiadkiem licznych bitew i wydarze\u0144 historycznych. Tutaj dowiesz si\u0119 o <strong>wa\u017cnej roli Morelli w czasach Korony Aragonii<\/strong> oraz o tym, jak by\u0142a kluczowym punktem strategicznym podczas <strong>rekonkwisty<\/strong>.<\/p><p class=\" translation-block\"><strong>Zamek<\/strong> oferuje nie tylko podr\u00f3\u017c przez histori\u0119, ale tak\u017ce <strong>zapieraj\u0105ce dech w piersiach panoramiczne widoki na okolic\u0119<\/strong>, idealne dla mi\u0142o\u015bnik\u00f3w fotografii. W\u015br\u00f3d jego dawnych go\u015bci znalaz\u0142 si\u0119 mi\u0119dzy innymi legendarny <strong>Cyd (El Cid Campeador)<\/strong>.<\/p><p class=\" translation-block\">Kontynuujemy nasz\u0105 wycieczk\u0119 po Morelli, kieruj\u0105c si\u0119 do <strong>Convent de San Francesc<\/strong>, gdzie b\u0119dziesz m\u00f3g\u0142 podziwia\u0107 imponuj\u0105c\u0105 <strong>architektur\u0119 gotyck\u0105<\/strong>. Ten dawny klasztor franciszka\u0144ski wyr\u00f3\u017cnia si\u0119 nie tylko pi\u0119knem, ale tak\u017ce <strong>znaczeniem historycznym i religijnym w regionie<\/strong>. Nast\u0119pnie odwiedzimy <strong>Esgl\u00e8sia de Santa Maria la Major<\/strong>, uznawan\u0105 za najpi\u0119kniejszy <strong>ko\u015bci\u00f3\u0142 gotycki<\/strong> we Wsp\u00f3lnocie Walenckiej, z imponuj\u0105c\u0105 fasad\u0105 i bogatym wn\u0119trzem, b\u0119d\u0105cym \u015bwiadectwem chwalebnej przesz\u0142o\u015bci Morelli.<\/p><p class=\" translation-block\">Po tej kulturowej podr\u00f3\u017cy zapewnimy Ci <strong>czas wolny<\/strong>, aby\u015b m\u00f3g\u0142 zwiedza\u0107 we w\u0142asnym tempie. Spaceruj uliczkami, odwied\u017a sklepy z lokalnym r\u0119kodzie\u0142em i nie zapomnij spr\u00f3bowa\u0107 <strong>typowej kuchni morella\u0144skiej<span style=\"color: #ff6600\">*<\/span><\/strong> w jednej z przytulnych restauracji w mie\u015bcie.<\/p>\t\t\t\t\t\t\t\t<\/div>\n\t\t\t\t<div class=\"elementor-element elementor-element-b9867c9 elementor-widget elementor-widget-text-editor\" data-id=\"b9867c9\" data-element_type=\"widget\" data-e-type=\"widget\" data-widget_type=\"text-editor.default\">\n\t\t\t\t\t\t\t\t\t<p>*Posi\u0142ek jest wliczony w cen\u0119 i obejmuje typowe menu z Morelli. W przypadku alergii, specjalnej diety lub diety wegetaria\u0144skiej\/wega\u0144skiej nale\u017cy poinformowa\u0107 o tym podczas dokonywania rezerwacji.*<\/p>\t\t\t\t\t\t\t\t<\/div>\n\t\t\t\t<div class=\"elementor-element elementor-element-8dc0888 elementor-widget elementor-widget-heading\" data-id=\"8dc0888\" data-element_type=\"widget\" data-e-type=\"widget\" data-widget_type=\"heading.default\">\n\t\t\t\t\t<h5 class=\"elementor-heading-title elementor-size-default\">Wycieczka do Pe\u00f1\u00edscoli, miasta morza<\/h5>\t\t\t\t<\/div>\n\t\t\t\t<div class=\"elementor-element elementor-element-60c52aca elementor-widget elementor-widget-text-editor\" data-id=\"60c52aca\" data-element_type=\"widget\" data-e-type=\"widget\" data-widget_type=\"text-editor.default\">\n\t\t\t\t\t\t\t\t\t<p class=\" translation-block\">Po pysznym posi\u0142ku w Morelli udamy si\u0119 na wsch\u00f3d, aby odkry\u0107 <strong>Pe\u00f1\u00edscol\u0119<\/strong> \u2014 miasto, kt\u00f3re <strong>doskonale \u0142\u0105czy histori\u0119 z urokiem Morza \u015ar\u00f3dziemnego<\/strong>. To nadmorskie miasto s\u0142ynie nie tylko z naturalnego pi\u0119kna, ale tak\u017ce z bogatej historii si\u0119gaj\u0105cej staro\u017cytno\u015bci. Mi\u0142o\u015bnicy kina i seriali rozpoznaj\u0105 niekt\u00f3re uliczki i zak\u0105tki, poniewa\u017c by\u0142o ono <strong>wybierane jako miejsce kr\u0119cenia wielu film\u00f3w i seriali, takich jak \u201eGra o Tron\u201d<\/strong>.<\/p><p class=\" translation-block\">Podczas naszej wizyty w Pe\u00f1\u00edscoli pierwsz\u0105 rzecz\u0105, kt\u00f3ra przyci\u0105gnie uwag\u0119, b\u0119dzie <strong>imponuj\u0105cy zamek<\/strong>, po\u0142o\u017cony na szczycie <strong>skalistego p\u00f3\u0142wyspu<\/strong>, kt\u00f3ry wchodzi w b\u0142\u0119kitne morze. Zosta\u0142 zbudowany przez <strong>templariuszy<\/strong>, a p\u00f3\u017aniej sta\u0142 si\u0119 <strong>rezydencj\u0105 Papie\u017ca Luny<\/strong>, jednego z najbardziej enigmatycznych i kontrowersyjnych papie\u017cy w historii, kt\u00f3ry wykorzystywa\u0142 go jako sw\u00f3j pa\u0142ac i prywatn\u0105 bibliotek\u0119. Dlatego Pe\u00f1\u00edscola znana jest jako <strong>miasto Papie\u017ca Luny<\/strong>.<\/p><p class=\" translation-block\">Kontynuujemy nasz\u0105 wycieczk\u0119 z przewodnikiem po <strong>starym mie\u015bcie<\/strong>, gdzie \u015blady przesz\u0142o\u015bci widoczne s\u0105 na ka\u017cdym kroku. Tutaj <strong>architektura<\/strong> ods\u0142ania warstwy historii, z <strong>wp\u0142ywami muzu\u0142ma\u0144skimi, rzymskimi i templariuszy<\/strong>, kt\u00f3re przeplataj\u0105 si\u0119 w strukturach miasta.<\/p><p class=\" translation-block\">Nast\u0119pnie z zewn\u0105trz zobaczymy charakterystyczne miejsca, takie jak <strong>Casa de las Conchas<\/strong>, s\u0142yn\u0105ca z fasady ozdobionej muszlami, oraz <strong>Bufador<\/strong> \u2014  zjawisko naturalne, w kt\u00f3rym fale morskie przedostaj\u0105 si\u0119 przez jaskini\u0119, tworz\u0105c imponuj\u0105cy spektakl.<\/p><p class=\" translation-block\">Nasz spacer poprowadzi nas r\u00f3wnie\u017c wzd\u0142u\u017c <strong>staro\u017cytnych mur\u00f3w<\/strong>, kt\u00f3re chroni\u0142y miasto, gdzie b\u0119dziemy podziwia\u0107 kontrast mi\u0119dzy intensywnym kolorem morza a niebiesko-bia\u0142ymi tonami malowniczych dom\u00f3w starego miasta, tworz\u0105cych krajobraz jak z poczt\u00f3wki.<\/p><p class=\" translation-block\">Po ca\u0142ym dniu odkrywania <strong>cud\u00f3w Morelli i Pe\u00f1\u00edscoli<\/strong> wr\u00f3cimy do Walencji wieczorem.<\/p><p class=\" translation-block\"><strong>Zarezerwuj wycieczk\u0119 do Morelli i Pe\u00f1\u00edscoli z Walencji z Valencia&amp;Go<\/strong> i przygotuj si\u0119 na <strong>niezapomniane do\u015bwiadczenie<\/strong>, kt\u00f3re \u0142\u0105czy <strong>histori\u0119<\/strong>, <strong>kultur\u0119<\/strong> i <strong>naturalne pi\u0119kno<\/strong> tych dw\u00f3ch kultowych miejscowo\u015bci regionu Walencji.<\/p>\t\t\t\t\t\t\t\t<\/div>\n\t\t\t\t<div class=\"elementor-element elementor-element-502a2dd4 elementor-widget-divider--view-line elementor-widget elementor-widget-divider\" data-id=\"502a2dd4\" data-element_type=\"widget\" data-e-type=\"widget\" data-widget_type=\"divider.default\">\n\t\t\t\t\t\t\t<div class=\"elementor-divider\">\n\t\t\t<span class=\"elementor-divider-separator\">\n\t\t\t\t\t\t<\/span>\n\t\t<\/div>\n\t\t\t\t\t\t<\/div>\n\t\t\t\t<div class=\"elementor-element elementor-element-44226924 elementor-widget elementor-widget-heading\" data-id=\"44226924\" data-element_type=\"widget\" data-e-type=\"widget\" data-widget_type=\"heading.default\">\n\t\t\t\t\t<h3 class=\"elementor-heading-title elementor-size-default\">Wa\u017cne informacje<\/h3>\t\t\t\t<\/div>\n\t\t\t\t<div class=\"elementor-element elementor-element-194e93d3 elementor-widget elementor-widget-text-editor\" data-id=\"194e93d3\" data-element_type=\"widget\" data-e-type=\"widget\" data-widget_type=\"text-editor.default\">\n\t\t\t\t\t\t\t\t\t<p><strong>Ta wycieczka obejmuje:<\/strong> <\/p>\t\t\t\t\t\t\t\t<\/div>\n\t\t\t\t<div class=\"elementor-element elementor-element-ae767a8 elementor-widget elementor-widget-text-editor\" data-id=\"ae767a8\" data-element_type=\"widget\" data-e-type=\"widget\" data-widget_type=\"text-editor.default\">\n\t\t\t\t\t\t\t\t\t<p>Odbi\u00f3r, transfery, oficjalny przewodnik podczas ca\u0142ej wycieczki, wizyta z przewodnikiem w Morella, a tak\u017ce wej\u015bcia do g\u0142\u00f3wnych budynk\u00f3w (zamku i bazyliki), typowy lunch Morella, wycieczka z przewodnikiem po starym mie\u015bcie Pe\u00f1\u00edscola i niezapomniane wra\u017cenia.<\/p>\t\t\t\t\t\t\t\t<\/div>\n\t\t\t\t<div class=\"elementor-element elementor-element-d3f2b7b elementor-widget elementor-widget-text-editor\" data-id=\"d3f2b7b\" data-element_type=\"widget\" data-e-type=\"widget\" data-widget_type=\"text-editor.default\">\n\t\t\t\t\t\t\t\t\t<p><strong>Nie obejmuje<\/strong>:\u00a0<\/p>\t\t\t\t\t\t\t\t<\/div>\n\t\t\t\t<div class=\"elementor-element elementor-element-944f32d elementor-widget elementor-widget-text-editor\" data-id=\"944f32d\" data-element_type=\"widget\" data-e-type=\"widget\" data-widget_type=\"text-editor.default\">\n\t\t\t\t\t\t\t\t\t<p>niczego, co nie zosta\u0142o wymienione w opisie<\/p>\t\t\t\t\t\t\t\t<\/div>\n\t\t\t\t<div class=\"elementor-element elementor-element-b0b03d3 elementor-widget elementor-widget-text-editor\" data-id=\"b0b03d3\" data-element_type=\"widget\" data-e-type=\"widget\" data-widget_type=\"text-editor.default\">\n\t\t\t\t\t\t\t\t\t<p><strong>Wskaz\u00f3wki przed wyjazdem<\/strong>:\u00a0<\/p>\t\t\t\t\t\t\t\t<\/div>\n\t\t\t\t<div class=\"elementor-element elementor-element-8d2d3b8 elementor-widget elementor-widget-text-editor\" data-id=\"8d2d3b8\" data-element_type=\"widget\" data-e-type=\"widget\" data-widget_type=\"text-editor.default\">\n\t\t\t\t\t\t\t\t\t<p>Wygodne buty, pami\u0119taj\u0105c, \u017ce bruk na ulicach nie jest \u0142atwy. Lekki sweter jest zalecany o ka\u017cdej porze roku (je\u015bli w okresie wiosenno-letnim) i ciep\u0142e ubrania jesieni\u0105 i zim\u0105.<\/p>\t\t\t\t\t\t\t\t<\/div>\n\t\t\t\t<div class=\"elementor-element elementor-element-32b096d1 elementor-widget elementor-widget-text-editor\" data-id=\"32b096d1\" data-element_type=\"widget\" data-e-type=\"widget\" data-widget_type=\"text-editor.default\">\n\t\t\t\t\t\t\t\t\t<p>*W sprawie dzieci poni\u017cej 7. roku \u017cycia prosimy o kontakt: info@valenciaandgo.com*\n.<\/p>\t\t\t\t\t\t\t\t<\/div>\n\t\t\t\t<div class=\"elementor-element elementor-element-82ba63b elementor-widget elementor-widget-text-editor\" data-id=\"82ba63b\" data-element_type=\"widget\" data-e-type=\"widget\" data-widget_type=\"text-editor.default\">\n\t\t\t\t\t\t\t\t\t<p>Nie trzeba rezerwowa\u0107 wszystkich miejsc, poniewa\u017c mo\u017cna do\u0142\u0105czy\u0107 do istniej\u0105cej grupy.<\/p>\t\t\t\t\t\t\t\t<\/div>\n\t\t\t\t<div class=\"elementor-element elementor-element-31a34d elementor-widget-divider--view-line elementor-widget elementor-widget-divider\" data-id=\"31a34d\" data-element_type=\"widget\" data-e-type=\"widget\" data-widget_type=\"divider.default\">\n\t\t\t\t\t\t\t<div class=\"elementor-divider\">\n\t\t\t<span class=\"elementor-divider-separator\">\n\t\t\t\t\t\t<\/span>\n\t\t<\/div>\n\t\t\t\t\t\t<\/div>\n\t\t\t\t<div class=\"elementor-element elementor-element-1708e91c elementor-widget elementor-widget-heading\" data-id=\"1708e91c\" data-element_type=\"widget\" data-e-type=\"widget\" data-widget_type=\"heading.default\">\n\t\t\t\t\t<h3 class=\"elementor-heading-title elementor-size-default\">Miejsce spotkania<\/h3>\t\t\t\t<\/div>\n\t\t\t\t<div class=\"elementor-element elementor-element-6b4e078b elementor-widget elementor-widget-text-editor\" data-id=\"6b4e078b\" data-element_type=\"widget\" data-e-type=\"widget\" data-widget_type=\"text-editor.default\">\n\t\t\t\t\t\t\t\t\t<p class=\" translation-block\">Nie martw si\u0119 o nic\u2026 <strong>Odbierzemy Ci\u0119!<\/strong><\/p><p>Na wycieczk\u0119 do Morelli i Pe\u00f1\u00edscoli odbierzemy Ci\u0119 oko\u0142o godziny 8:00 (godzina orientacyjna; dzie\u0144 wcze\u015bniej wy\u015blemy wiadomo\u015b\u0107 z potwierdzeniem szczeg\u00f3\u0142\u00f3w odbioru) w wybranym przez Ciebie miejscu spotkania i wyruszymy na p\u00f3\u0142noc w kierunku Morelli.<\/p><p>Wybierz najbli\u017cszy punkt odbioru:<\/p><ul><li>Hotel NH Valencia Center<\/li><li>Torres de Serranos (obok schod\u00f3w prowadz\u0105cych na wie\u017ce)<\/li><li>Przed Ciudad de la Justicia (punkt w pobli\u017cu Miasta Sztuki i Nauki), Avenida del Profesor L\u00f3pez Pi\u00f1ero 14<\/li><\/ul><p>Podczas dokonywania rezerwacji nale\u017cy wskaza\u0107 preferowany punkt odbioru w uwagach.<\/p>\t\t\t\t\t\t\t\t<\/div>\n\t\t\t\t<div class=\"elementor-element elementor-element-5f580e2c elementor-widget-divider--view-line elementor-widget elementor-widget-divider\" data-id=\"5f580e2c\" data-element_type=\"widget\" data-e-type=\"widget\" data-widget_type=\"divider.default\">\n\t\t\t\t\t\t\t<div class=\"elementor-divider\">\n\t\t\t<span class=\"elementor-divider-separator\">\n\t\t\t\t\t\t<\/span>\n\t\t<\/div>\n\t\t\t\t\t\t<\/div>\n\t\t\t\t<div class=\"elementor-element elementor-element-2bfd5e69 elementor-widget elementor-widget-heading\" data-id=\"2bfd5e69\" data-element_type=\"widget\" data-e-type=\"widget\" data-widget_type=\"heading.default\">\n\t\t\t\t\t<h3 class=\"elementor-heading-title elementor-size-default\">Najcz\u0119\u015bciej zadawane pytania<\/h3>\t\t\t\t<\/div>\n\t\t\t\t\t<\/div>\n\t\t\t\t<\/div>\n\t\t<div class=\"elementor-element elementor-element-06ac079 e-flex e-con-boxed e-con e-parent\" data-id=\"06ac079\" data-element_type=\"container\" data-e-type=\"container\" data-settings=\"{&quot;background_background&quot;:&quot;classic&quot;}\">\n\t\t\t\t\t<div class=\"e-con-inner\">\n\t\t<div class=\"elementor-element elementor-element-01cc89c e-con-full e-flex e-con e-child\" data-id=\"01cc89c\" data-element_type=\"container\" data-e-type=\"container\">\n\t\t\t\t<div class=\"elementor-element elementor-element-1b262b9 faq-desplegable elementor-widget elementor-widget-n-accordion\" data-id=\"1b262b9\" data-element_type=\"widget\" data-e-type=\"widget\" data-settings=\"{&quot;default_state&quot;:&quot;all_collapsed&quot;,&quot;max_items_expended&quot;:&quot;one&quot;,&quot;n_accordion_animation_duration&quot;:{&quot;unit&quot;:&quot;ms&quot;,&quot;size&quot;:400,&quot;sizes&quot;:[]}}\" data-widget_type=\"nested-accordion.default\">\n\t\t\t\t\t\t\t<div class=\"e-n-accordion\" aria-label=\"Akordeon. Otwieraj \u0142\u0105cza za pomoc\u0105 klawisza Enter lub spacji, zamykaj za pomoc\u0105 klawisza Escape i nawiguj za pomoc\u0105 klawiszy strza\u0142ek\">\n\t\t\t\t\t\t<details id=\"e-n-accordion-item-2840\" class=\"e-n-accordion-item\" >\n\t\t\t\t<summary class=\"e-n-accordion-item-title\" data-accordion-index=\"1\" tabindex=\"0\" aria-expanded=\"false\" aria-controls=\"e-n-accordion-item-2840\" >\n\t\t\t\t\t<span class='e-n-accordion-item-title-header'><div class=\"e-n-accordion-item-title-text\"> Jak rozpoznam przewodnika? <\/div><\/span>\n\t\t\t\t\t\t\t<span class='e-n-accordion-item-title-icon'>\n\t\t\t<span class='e-opened' ><svg aria-hidden=\"true\" class=\"e-font-icon-svg e-fas-minus\" viewbox=\"0 0 448 512\" xmlns=\"http:\/\/www.w3.org\/2000\/svg\"><path d=\"M416 208H32c-17.67 0-32 14.33-32 32v32c0 17.67 14.33 32 32 32h384c17.67 0 32-14.33 32-32v-32c0-17.67-14.33-32-32-32z\"><\/path><\/svg><\/span>\n\t\t\t<span class='e-closed'><svg aria-hidden=\"true\" class=\"e-font-icon-svg e-fas-plus\" viewbox=\"0 0 448 512\" xmlns=\"http:\/\/www.w3.org\/2000\/svg\"><path d=\"M416 208H272V64c0-17.67-14.33-32-32-32h-32c-17.67 0-32 14.33-32 32v144H32c-17.67 0-32 14.33-32 32v32c0 17.67 14.33 32 32 32h144v144c0 17.67 14.33 32 32 32h32c17.67 0 32-14.33 32-32V304h144c17.67 0 32-14.33 32-32v-32c0-17.67-14.33-32-32-32z\"><\/path><\/svg><\/span>\n\t\t<\/span>\n\n\t\t\t\t\t\t<\/summary>\n\t\t\t\t<div role=\"region\" aria-labelledby=\"e-n-accordion-item-2840\" class=\"elementor-element elementor-element-25f1f7d e-con-full e-flex e-con e-child\" data-id=\"25f1f7d\" data-element_type=\"container\" data-e-type=\"container\">\n\t\t<div role=\"region\" aria-labelledby=\"e-n-accordion-item-2840\" class=\"elementor-element elementor-element-56ffe4a e-flex e-con-boxed e-con e-child\" data-id=\"56ffe4a\" data-element_type=\"container\" data-e-type=\"container\">\n\t\t\t\t\t<div class=\"e-con-inner\">\n\t\t\t\t<div class=\"elementor-element elementor-element-a223c0a elementor-widget elementor-widget-text-editor\" data-id=\"a223c0a\" data-element_type=\"widget\" data-e-type=\"widget\" data-widget_type=\"text-editor.default\">\n\t\t\t\t\t\t\t\t\t<p data-renderer-start-pos=\"836\">Przewodnika z oficjaln\u0105 akredytacj\u0105 spotkasz na miejscu zbi\u00f3rki. Mo\u017cesz zapyta\u0107 o Valencia&amp;Go, a je\u015bli nie mo\u017cesz go znale\u017a\u0107, mo\u017cesz skontaktowa\u0107 si\u0119 z nami bezpo\u015brednio przez WhatsApp, aby uzyska\u0107 dok\u0142adne wskaz\u00f3wki.<\/p><ul class=\"ak-ul\" data-indent-level=\"1\"><li><p data-renderer-start-pos=\"1098\">Hotel NH Valencia Center: autobus zatrzymuje si\u0119 pod drzwiami hotelu<\/p><\/li><li><p data-renderer-start-pos=\"1146\">Wie\u017ce Serranos: poczekaj przy schodach prowadz\u0105cych na wie\u017ce<\/p><\/li><li><p data-renderer-start-pos=\"1214\">Ciudad de la Justicia: czerwony przystanek autobusowy przed budynkiem<\/p><\/li><\/ul>\t\t\t\t\t\t\t\t<\/div>\n\t\t\t\t\t<\/div>\n\t\t\t\t<\/div>\n\t\t\t\t<\/div>\n\t\t\t\t\t<\/details>\n\t\t\t\t\t\t<details id=\"e-n-accordion-item-2841\" class=\"e-n-accordion-item\" >\n\t\t\t\t<summary class=\"e-n-accordion-item-title\" data-accordion-index=\"2\" tabindex=\"-1\" aria-expanded=\"false\" aria-controls=\"e-n-accordion-item-2841\" >\n\t\t\t\t\t<span class='e-n-accordion-item-title-header'><div class=\"e-n-accordion-item-title-text\"> Co zarezerwowa\u0142em? <\/div><\/span>\n\t\t\t\t\t\t\t<span class='e-n-accordion-item-title-icon'>\n\t\t\t<span class='e-opened' ><svg aria-hidden=\"true\" class=\"e-font-icon-svg e-fas-minus\" viewbox=\"0 0 448 512\" xmlns=\"http:\/\/www.w3.org\/2000\/svg\"><path d=\"M416 208H32c-17.67 0-32 14.33-32 32v32c0 17.67 14.33 32 32 32h384c17.67 0 32-14.33 32-32v-32c0-17.67-14.33-32-32-32z\"><\/path><\/svg><\/span>\n\t\t\t<span class='e-closed'><svg aria-hidden=\"true\" class=\"e-font-icon-svg e-fas-plus\" viewbox=\"0 0 448 512\" xmlns=\"http:\/\/www.w3.org\/2000\/svg\"><path d=\"M416 208H272V64c0-17.67-14.33-32-32-32h-32c-17.67 0-32 14.33-32 32v144H32c-17.67 0-32 14.33-32 32v32c0 17.67 14.33 32 32 32h144v144c0 17.67 14.33 32 32 32h32c17.67 0 32-14.33 32-32V304h144c17.67 0 32-14.33 32-32v-32c0-17.67-14.33-32-32-32z\"><\/path><\/svg><\/span>\n\t\t<\/span>\n\n\t\t\t\t\t\t<\/summary>\n\t\t\t\t<div role=\"region\" aria-labelledby=\"e-n-accordion-item-2841\" class=\"elementor-element elementor-element-70495c2 e-con-full e-flex e-con e-child\" data-id=\"70495c2\" data-element_type=\"container\" data-e-type=\"container\">\n\t\t\t\t<div class=\"elementor-element elementor-element-5576363 elementor-widget elementor-widget-text-editor\" data-id=\"5576363\" data-element_type=\"widget\" data-e-type=\"widget\" data-widget_type=\"text-editor.default\">\n\t\t\t\t\t\t\t\t\t<p class=\" translation-block\">Zarezerwowa\u0142e\u015b ca\u0142odniow\u0105 wycieczk\u0119 do Morelli i Pe\u00f1\u00edscoli z transportem i lokalnym licencjonowanym przewodnikiem. <br>Do\u015bwiadczenie obejmuje transfer z Walencji, zwiedzanie z przewodnikiem najwa\u017cniejszych miejsc historycznych, posi\u0142ek w lokalnej restauracji oraz czas wolny na odkrywanie obu miejscowo\u015bci i podziwianie ich widok\u00f3w na Morze \u015ar\u00f3dziemne.<\/p>\t\t\t\t\t\t\t\t<\/div>\n\t\t\t\t<\/div>\n\t\t\t\t\t<\/details>\n\t\t\t\t\t\t<details id=\"e-n-accordion-item-2842\" class=\"e-n-accordion-item\" >\n\t\t\t\t<summary class=\"e-n-accordion-item-title\" data-accordion-index=\"3\" tabindex=\"-1\" aria-expanded=\"false\" aria-controls=\"e-n-accordion-item-2842\" >\n\t\t\t\t\t<span class='e-n-accordion-item-title-header'><div class=\"e-n-accordion-item-title-text\"> Polityka anulowania <\/div><\/span>\n\t\t\t\t\t\t\t<span class='e-n-accordion-item-title-icon'>\n\t\t\t<span class='e-opened' ><svg aria-hidden=\"true\" class=\"e-font-icon-svg e-fas-minus\" viewbox=\"0 0 448 512\" xmlns=\"http:\/\/www.w3.org\/2000\/svg\"><path d=\"M416 208H32c-17.67 0-32 14.33-32 32v32c0 17.67 14.33 32 32 32h384c17.67 0 32-14.33 32-32v-32c0-17.67-14.33-32-32-32z\"><\/path><\/svg><\/span>\n\t\t\t<span class='e-closed'><svg aria-hidden=\"true\" class=\"e-font-icon-svg e-fas-plus\" viewbox=\"0 0 448 512\" xmlns=\"http:\/\/www.w3.org\/2000\/svg\"><path d=\"M416 208H272V64c0-17.67-14.33-32-32-32h-32c-17.67 0-32 14.33-32 32v144H32c-17.67 0-32 14.33-32 32v32c0 17.67 14.33 32 32 32h144v144c0 17.67 14.33 32 32 32h32c17.67 0 32-14.33 32-32V304h144c17.67 0 32-14.33 32-32v-32c0-17.67-14.33-32-32-32z\"><\/path><\/svg><\/span>\n\t\t<\/span>\n\n\t\t\t\t\t\t<\/summary>\n\t\t\t\t<div role=\"region\" aria-labelledby=\"e-n-accordion-item-2842\" class=\"elementor-element elementor-element-66ccdf0 e-con-full e-flex e-con e-child\" data-id=\"66ccdf0\" data-element_type=\"container\" data-e-type=\"container\">\n\t\t\t\t<div class=\"elementor-element elementor-element-287afdb elementor-widget elementor-widget-text-editor\" data-id=\"287afdb\" data-element_type=\"widget\" data-e-type=\"widget\" data-widget_type=\"text-editor.default\">\n\t\t\t\t\t\t\t\t\t<p>Rezerwacj\u0119 mo\u017cna anulowa\u0107 bezp\u0142atnie na 24 godziny przed pocz\u0105tkiem wycieczki. Po up\u0142ywie tego terminu lub w przypadku niepojawienia si\u0119 na miejscu zwrot koszt\u00f3w nie b\u0119dzie mo\u017cliwy.<\/p>\t\t\t\t\t\t\t\t<\/div>\n\t\t\t\t<\/div>\n\t\t\t\t\t<\/details>\n\t\t\t\t\t\t<details id=\"e-n-accordion-item-2843\" class=\"e-n-accordion-item\" >\n\t\t\t\t<summary class=\"e-n-accordion-item-title\" data-accordion-index=\"4\" tabindex=\"-1\" aria-expanded=\"false\" aria-controls=\"e-n-accordion-item-2843\" >\n\t\t\t\t\t<span class='e-n-accordion-item-title-header'><div class=\"e-n-accordion-item-title-text\"> Czy mog\u0119 zabra\u0107 baga\u017c\/w\u00f3zek dzieci\u0119cy do autobusu? <\/div><\/span>\n\t\t\t\t\t\t\t<span class='e-n-accordion-item-title-icon'>\n\t\t\t<span class='e-opened' ><svg aria-hidden=\"true\" class=\"e-font-icon-svg e-fas-minus\" viewbox=\"0 0 448 512\" xmlns=\"http:\/\/www.w3.org\/2000\/svg\"><path d=\"M416 208H32c-17.67 0-32 14.33-32 32v32c0 17.67 14.33 32 32 32h384c17.67 0 32-14.33 32-32v-32c0-17.67-14.33-32-32-32z\"><\/path><\/svg><\/span>\n\t\t\t<span class='e-closed'><svg aria-hidden=\"true\" class=\"e-font-icon-svg e-fas-plus\" viewbox=\"0 0 448 512\" xmlns=\"http:\/\/www.w3.org\/2000\/svg\"><path d=\"M416 208H272V64c0-17.67-14.33-32-32-32h-32c-17.67 0-32 14.33-32 32v144H32c-17.67 0-32 14.33-32 32v32c0 17.67 14.33 32 32 32h144v144c0 17.67 14.33 32 32 32h32c17.67 0 32-14.33 32-32V304h144c17.67 0 32-14.33 32-32v-32c0-17.67-14.33-32-32-32z\"><\/path><\/svg><\/span>\n\t\t<\/span>\n\n\t\t\t\t\t\t<\/summary>\n\t\t\t\t<div role=\"region\" aria-labelledby=\"e-n-accordion-item-2843\" class=\"elementor-element elementor-element-e7ffe05 e-flex e-con-boxed e-con e-child\" data-id=\"e7ffe05\" data-element_type=\"container\" data-e-type=\"container\">\n\t\t\t\t\t<div class=\"e-con-inner\">\n\t\t\t\t<div class=\"elementor-element elementor-element-d453c5b elementor-widget elementor-widget-text-editor\" data-id=\"d453c5b\" data-element_type=\"widget\" data-e-type=\"widget\" data-widget_type=\"text-editor.default\">\n\t\t\t\t\t\t\t\t\t<p>Tak, o ile jest to baga\u017c podr\u0119czny lub ma\u0142y plecak\/sk\u0142adany w\u00f3zek. Prosimy o poinformowanie nas o tym, aby zapewni\u0107 miejsce w autobusie.<\/p>\t\t\t\t\t\t\t\t<\/div>\n\t\t\t\t\t<\/div>\n\t\t\t\t<\/div>\n\t\t\t\t\t<\/details>\n\t\t\t\t\t<\/div>\n\t\t\t\t\t\t<\/div>\n\t\t\t\t<\/div>\n\t\t\t\t\t<\/div>\n\t\t\t\t<\/div>\n\t\t\t\t<\/div>","protected":false},"excerpt":{"rendered":"<p>Odkryj Morella i Pe\u00f1\u00edscola, dwa klejnoty Castell\u00f3n<\/p>","protected":false},"featured_media":5580,"template":"","meta":{"_acf_changed":false},"product_cat":[19],"product_tag":[84],"class_list":{"0":"post-4104","1":"product","2":"type-product","3":"status-publish","4":"has-post-thumbnail","6":"product_cat-excursiones","7":"product_tag-destacados","9":"first","10":"instock","11":"featured","12":"virtual","13":"sold-individually","14":"taxable","15":"purchasable","16":"product-type-turitop"},"acf":[],"yoast_head":"<!-- This site is optimized with the Yoast SEO plugin v27.5 - https:\/\/yoast.com\/product\/yoast-seo-wordpress\/ -->\n<title>Excursi\u00f3n a Morella y Pe\u00f1\u00edscola desde Valencia<\/title>\n<meta name=\"description\" content=\"Descubre Morella y Pe\u00f1\u00edscola en una excursi\u00f3n desde Valencia con gu\u00eda oficial, transporte y comida incluidos. Historia, mar y encanto medieval.\" \/>\n<meta name=\"robots\" content=\"noindex, follow, max-snippet:-1, max-image-preview:large, max-video-preview:-1\" \/>\n<meta property=\"og:locale\" content=\"pl_PL\" \/>\n<meta property=\"og:type\" content=\"article\" \/>\n<meta property=\"og:title\" content=\"Excursi\u00f3n a Morella y Pe\u00f1\u00edscola desde Valencia\" \/>\n<meta property=\"og:description\" content=\"Descubre Morella y Pe\u00f1\u00edscola en una excursi\u00f3n desde Valencia con gu\u00eda oficial, transporte y comida incluidos. Historia, mar y encanto medieval.\" \/>\n<meta property=\"og:url\" content=\"https:\/\/upgrade.valenciaandgo.com\/pl\/wycieczki\/wycieczka-do-morella-i-peniscola\/\" \/>\n<meta property=\"og:site_name\" content=\"Valencia&amp;Go\" \/>\n<meta property=\"article:publisher\" content=\"https:\/\/www.facebook.com\/valenciaandgo\/\" \/>\n<meta property=\"article:modified_time\" content=\"2026-04-23T07:15:13+00:00\" \/>\n<meta property=\"og:image\" content=\"https:\/\/upgrade.valenciaandgo.com\/wp-content\/uploads\/tours-excursiones\/05-morella-peniscola\/morella-peniscola.webp\" \/>\n\t<meta property=\"og:image:width\" content=\"920\" \/>\n\t<meta property=\"og:image:height\" content=\"688\" \/>\n\t<meta property=\"og:image:type\" content=\"image\/webp\" \/>\n<meta name=\"twitter:card\" content=\"summary_large_image\" \/>\n<meta name=\"twitter:label1\" content=\"Szacowany czas czytania\" \/>\n\t<meta name=\"twitter:data1\" content=\"7 minut\" \/>\n<script type=\"application\/ld+json\" class=\"yoast-schema-graph\">{\"@context\":\"https:\\\/\\\/schema.org\",\"@graph\":[{\"@type\":\"WebPage\",\"@id\":\"https:\\\/\\\/upgrade.valenciaandgo.com\\\/excursiones\\\/excursion-a-morella-y-peniscola\\\/\",\"url\":\"https:\\\/\\\/upgrade.valenciaandgo.com\\\/excursiones\\\/excursion-a-morella-y-peniscola\\\/\",\"name\":\"Excursi\u00f3n a Morella y Pe\u00f1\u00edscola desde Valencia\",\"isPartOf\":{\"@id\":\"https:\\\/\\\/upgrade.valenciaandgo.com\\\/it\\\/#website\"},\"primaryImageOfPage\":{\"@id\":\"https:\\\/\\\/upgrade.valenciaandgo.com\\\/excursiones\\\/excursion-a-morella-y-peniscola\\\/#primaryimage\"},\"image\":{\"@id\":\"https:\\\/\\\/upgrade.valenciaandgo.com\\\/excursiones\\\/excursion-a-morella-y-peniscola\\\/#primaryimage\"},\"thumbnailUrl\":\"https:\\\/\\\/upgrade.valenciaandgo.com\\\/wp-content\\\/uploads\\\/tours-excursiones\\\/05-morella-peniscola\\\/morella-peniscola.webp\",\"datePublished\":\"2026-01-12T11:56:46+00:00\",\"dateModified\":\"2026-04-23T07:15:13+00:00\",\"description\":\"Descubre Morella y Pe\u00f1\u00edscola en una excursi\u00f3n desde Valencia con gu\u00eda oficial, transporte y comida incluidos. Historia, mar y encanto medieval.\",\"breadcrumb\":{\"@id\":\"https:\\\/\\\/upgrade.valenciaandgo.com\\\/excursiones\\\/excursion-a-morella-y-peniscola\\\/#breadcrumb\"},\"inLanguage\":\"pl-PL\",\"potentialAction\":[{\"@type\":\"ReadAction\",\"target\":[\"https:\\\/\\\/upgrade.valenciaandgo.com\\\/excursiones\\\/excursion-a-morella-y-peniscola\\\/\"]}]},{\"@type\":\"ImageObject\",\"inLanguage\":\"pl-PL\",\"@id\":\"https:\\\/\\\/upgrade.valenciaandgo.com\\\/excursiones\\\/excursion-a-morella-y-peniscola\\\/#primaryimage\",\"url\":\"https:\\\/\\\/upgrade.valenciaandgo.com\\\/wp-content\\\/uploads\\\/tours-excursiones\\\/05-morella-peniscola\\\/morella-peniscola.webp\",\"contentUrl\":\"https:\\\/\\\/upgrade.valenciaandgo.com\\\/wp-content\\\/uploads\\\/tours-excursiones\\\/05-morella-peniscola\\\/morella-peniscola.webp\",\"width\":920,\"height\":688,\"caption\":\"Castillo de Pe\u00f1\u00edscola Papa Luna frente al mar\"},{\"@type\":\"BreadcrumbList\",\"@id\":\"https:\\\/\\\/upgrade.valenciaandgo.com\\\/excursiones\\\/excursion-a-morella-y-peniscola\\\/#breadcrumb\",\"itemListElement\":[{\"@type\":\"ListItem\",\"position\":1,\"name\":\"Portada\",\"item\":\"https:\\\/\\\/upgrade.valenciaandgo.com\\\/\"},{\"@type\":\"ListItem\",\"position\":2,\"name\":\"Tours\",\"item\":\"https:\\\/\\\/upgrade.valenciaandgo.com\\\/tours\\\/\"},{\"@type\":\"ListItem\",\"position\":3,\"name\":\"Excursi\u00f3n a Morella y Pe\u00f1\u00edscola\"}]},{\"@type\":\"WebSite\",\"@id\":\"https:\\\/\\\/upgrade.valenciaandgo.com\\\/it\\\/#website\",\"url\":\"https:\\\/\\\/upgrade.valenciaandgo.com\\\/it\\\/\",\"name\":\"Valencia&Go\",\"description\":\"Tours por Valencia y alrededores de ciudad.\",\"publisher\":{\"@id\":\"https:\\\/\\\/upgrade.valenciaandgo.com\\\/it\\\/#organization\"},\"potentialAction\":[{\"@type\":\"SearchAction\",\"target\":{\"@type\":\"EntryPoint\",\"urlTemplate\":\"https:\\\/\\\/upgrade.valenciaandgo.com\\\/it\\\/?s={search_term_string}\"},\"query-input\":{\"@type\":\"PropertyValueSpecification\",\"valueRequired\":true,\"valueName\":\"search_term_string\"}}],\"inLanguage\":\"pl-PL\"},{\"@type\":\"Organization\",\"@id\":\"https:\\\/\\\/upgrade.valenciaandgo.com\\\/it\\\/#organization\",\"name\":\"Valencia&Go\",\"url\":\"https:\\\/\\\/upgrade.valenciaandgo.com\\\/it\\\/\",\"logo\":{\"@type\":\"ImageObject\",\"inLanguage\":\"pl-PL\",\"@id\":\"https:\\\/\\\/upgrade.valenciaandgo.com\\\/it\\\/#\\\/schema\\\/logo\\\/image\\\/\",\"url\":\"https:\\\/\\\/upgrade.valenciaandgo.com\\\/wp-content\\\/uploads\\\/2025\\\/10\\\/valencia_go-svg-blnc-iso-naranja.svg\",\"contentUrl\":\"https:\\\/\\\/upgrade.valenciaandgo.com\\\/wp-content\\\/uploads\\\/2025\\\/10\\\/valencia_go-svg-blnc-iso-naranja.svg\",\"width\":434,\"height\":102,\"caption\":\"Valencia&Go\"},\"image\":{\"@id\":\"https:\\\/\\\/upgrade.valenciaandgo.com\\\/it\\\/#\\\/schema\\\/logo\\\/image\\\/\"},\"sameAs\":[\"https:\\\/\\\/www.facebook.com\\\/valenciaandgo\\\/\",\"https:\\\/\\\/www.instagram.com\\\/valenciaandgo\",\"https:\\\/\\\/www.linkedin.com\\\/company\\\/valencia-go\\\/\",\"https:\\\/\\\/www.tiktok.com\\\/@valenciaandgo\"]}]}<\/script>\n<!-- \/ Yoast SEO plugin. -->","yoast_head_json":{"title":"Wycieczka do Morella i Pe\u00f1\u00edscola z Walencji","description":"Odkryj Morella i Pe\u00f1\u00edscola podczas wycieczki z Walencji z oficjalnym przewodnikiem, transportem i lunchem w cenie. Historia, morze i \u015bredniowieczny urok.","robots":{"index":"noindex","follow":"follow","max-snippet":"max-snippet:-1","max-image-preview":"max-image-preview:large","max-video-preview":"max-video-preview:-1"},"og_locale":"pl_PL","og_type":"article","og_title":"Excursi\u00f3n a Morella y Pe\u00f1\u00edscola desde Valencia","og_description":"Descubre Morella y Pe\u00f1\u00edscola en una excursi\u00f3n desde Valencia con gu\u00eda oficial, transporte y comida incluidos. Historia, mar y encanto medieval.","og_url":"https:\/\/upgrade.valenciaandgo.com\/pl\/wycieczki\/wycieczka-do-morella-i-peniscola\/","og_site_name":"Valencia&amp;Go","article_publisher":"https:\/\/www.facebook.com\/valenciaandgo\/","article_modified_time":"2026-04-23T07:15:13+00:00","og_image":[{"width":920,"height":688,"url":"https:\/\/upgrade.valenciaandgo.com\/wp-content\/uploads\/tours-excursiones\/05-morella-peniscola\/morella-peniscola.webp","type":"image\/webp"}],"twitter_card":"summary_large_image","twitter_misc":{"Szacowany czas czytania":"7 minut"},"schema":{"@context":"https:\/\/schema.org","@graph":[{"@type":"WebPage","@id":"https:\/\/upgrade.valenciaandgo.com\/excursiones\/excursion-a-morella-y-peniscola\/","url":"https:\/\/upgrade.valenciaandgo.com\/excursiones\/excursion-a-morella-y-peniscola\/","name":"Wycieczka do Morella i Pe\u00f1\u00edscola z Walencji","isPartOf":{"@id":"https:\/\/upgrade.valenciaandgo.com\/it\/#website"},"primaryImageOfPage":{"@id":"https:\/\/upgrade.valenciaandgo.com\/excursiones\/excursion-a-morella-y-peniscola\/#primaryimage"},"image":{"@id":"https:\/\/upgrade.valenciaandgo.com\/excursiones\/excursion-a-morella-y-peniscola\/#primaryimage"},"thumbnailUrl":"https:\/\/upgrade.valenciaandgo.com\/wp-content\/uploads\/tours-excursiones\/05-morella-peniscola\/morella-peniscola.webp","datePublished":"2026-01-12T11:56:46+00:00","dateModified":"2026-04-23T07:15:13+00:00","description":"Odkryj Morella i Pe\u00f1\u00edscola podczas wycieczki z Walencji z oficjalnym przewodnikiem, transportem i lunchem w cenie. Historia, morze i \u015bredniowieczny urok.","breadcrumb":{"@id":"https:\/\/upgrade.valenciaandgo.com\/excursiones\/excursion-a-morella-y-peniscola\/#breadcrumb"},"inLanguage":"pl-PL","potentialAction":[{"@type":"ReadAction","target":["https:\/\/upgrade.valenciaandgo.com\/excursiones\/excursion-a-morella-y-peniscola\/"]}]},{"@type":"ImageObject","inLanguage":"pl-PL","@id":"https:\/\/upgrade.valenciaandgo.com\/excursiones\/excursion-a-morella-y-peniscola\/#primaryimage","url":"https:\/\/upgrade.valenciaandgo.com\/wp-content\/uploads\/tours-excursiones\/05-morella-peniscola\/morella-peniscola.webp","contentUrl":"https:\/\/upgrade.valenciaandgo.com\/wp-content\/uploads\/tours-excursiones\/05-morella-peniscola\/morella-peniscola.webp","width":920,"height":688,"caption":"Castillo de Pe\u00f1\u00edscola Papa Luna frente al mar"},{"@type":"BreadcrumbList","@id":"https:\/\/upgrade.valenciaandgo.com\/excursiones\/excursion-a-morella-y-peniscola\/#breadcrumb","itemListElement":[{"@type":"ListItem","position":1,"name":"Portada","item":"https:\/\/upgrade.valenciaandgo.com\/"},{"@type":"ListItem","position":2,"name":"Tours","item":"https:\/\/upgrade.valenciaandgo.com\/tours\/"},{"@type":"ListItem","position":3,"name":"Excursi\u00f3n a Morella y Pe\u00f1\u00edscola"}]},{"@type":"WebSite","@id":"https:\/\/upgrade.valenciaandgo.com\/it\/#website","url":"https:\/\/upgrade.valenciaandgo.com\/it\/","name":"Valencia&amp;Go","description":"Wycieczki po Walencji i okolicach.","publisher":{"@id":"https:\/\/upgrade.valenciaandgo.com\/it\/#organization"},"potentialAction":[{"@type":"SearchAction","target":{"@type":"EntryPoint","urlTemplate":"https:\/\/upgrade.valenciaandgo.com\/it\/?s={search_term_string}"},"query-input":{"@type":"PropertyValueSpecification","valueRequired":true,"valueName":"search_term_string"}}],"inLanguage":"pl-PL"},{"@type":"Organization","@id":"https:\/\/upgrade.valenciaandgo.com\/it\/#organization","name":"Valencia&amp;Go","url":"https:\/\/upgrade.valenciaandgo.com\/it\/","logo":{"@type":"ImageObject","inLanguage":"pl-PL","@id":"https:\/\/upgrade.valenciaandgo.com\/it\/#\/schema\/logo\/image\/","url":"https:\/\/upgrade.valenciaandgo.com\/wp-content\/uploads\/2025\/10\/valencia_go-svg-blnc-iso-naranja.svg","contentUrl":"https:\/\/upgrade.valenciaandgo.com\/wp-content\/uploads\/2025\/10\/valencia_go-svg-blnc-iso-naranja.svg","width":434,"height":102,"caption":"Valencia&Go"},"image":{"@id":"https:\/\/upgrade.valenciaandgo.com\/it\/#\/schema\/logo\/image\/"},"sameAs":["https:\/\/www.facebook.com\/valenciaandgo\/","https:\/\/www.instagram.com\/valenciaandgo","https:\/\/www.linkedin.com\/company\/valencia-go\/","https:\/\/www.tiktok.com\/@valenciaandgo"]}]}},"_links":{"self":[{"href":"https:\/\/upgrade.valenciaandgo.com\/pl\/wp-json\/wp\/v2\/product\/4104","targetHints":{"allow":["GET"]}}],"collection":[{"href":"https:\/\/upgrade.valenciaandgo.com\/pl\/wp-json\/wp\/v2\/product"}],"about":[{"href":"https:\/\/upgrade.valenciaandgo.com\/pl\/wp-json\/wp\/v2\/types\/product"}],"version-history":[{"count":0,"href":"https:\/\/upgrade.valenciaandgo.com\/pl\/wp-json\/wp\/v2\/product\/4104\/revisions"}],"wp:featuredmedia":[{"embeddable":true,"href":"https:\/\/upgrade.valenciaandgo.com\/pl\/wp-json\/wp\/v2\/media\/5580"}],"wp:attachment":[{"href":"https:\/\/upgrade.valenciaandgo.com\/pl\/wp-json\/wp\/v2\/media?parent=4104"}],"wp:term":[{"taxonomy":"product_cat","embeddable":true,"href":"https:\/\/upgrade.valenciaandgo.com\/pl\/wp-json\/wp\/v2\/product_cat?post=4104"},{"taxonomy":"product_tag","embeddable":true,"href":"https:\/\/upgrade.valenciaandgo.com\/pl\/wp-json\/wp\/v2\/product_tag?post=4104"}],"curies":[{"name":"wp","href":"https:\/\/api.w.org\/{rel}","templated":true}]}}