{"id":3318,"date":"2025-12-13T07:02:50","date_gmt":"2025-12-13T07:02:50","guid":{"rendered":"https:\/\/new.valenciaandgo.com\/?post_type=product&#038;p=3318"},"modified":"2026-04-24T11:40:30","modified_gmt":"2026-04-24T11:40:30","slug":"wycieczka-z-przewodnikiem-xativa","status":"publish","type":"product","link":"https:\/\/upgrade.valenciaandgo.com\/pl\/excursiones\/visita-guiada-xativa\/","title":{"rendered":"Wycieczka z przewodnikiem po mie\u015bcie X\u00e0tiva (J\u00e1tiva)"},"content":{"rendered":"<div data-elementor-type=\"wp-post\" data-elementor-id=\"3318\" class=\"elementor elementor-3318\" data-elementor-post-type=\"product\">\n\t\t\t\t<div class=\"elementor-element elementor-element-4e32ef56 e-flex e-con-boxed e-con e-parent\" data-id=\"4e32ef56\" data-element_type=\"container\" data-e-type=\"container\" data-settings=\"{&quot;background_background&quot;:&quot;classic&quot;}\">\n\t\t\t\t\t<div class=\"e-con-inner\">\n\t\t\t\t<div class=\"elementor-element elementor-element-bd3b3f6 elementor-widget elementor-widget-text-editor\" data-id=\"bd3b3f6\" data-element_type=\"widget\" data-e-type=\"widget\" data-widget_type=\"text-editor.default\">\n\t\t\t\t\t\t\t\t\t<p>X\u00e0tiva, <strong>miasto tysi\u0105ca fontann<\/strong><\/p>\t\t\t\t\t\t\t\t<\/div>\n\t\t\t\t<div class=\"elementor-element elementor-element-d109136 elementor-widget elementor-widget-heading\" data-id=\"d109136\" data-element_type=\"widget\" data-e-type=\"widget\" data-widget_type=\"heading.default\">\n\t\t\t\t\t<h3 class=\"elementor-heading-title elementor-size-default\">Najwa\u017cniejsze punkty<\/h3>\t\t\t\t<\/div>\n\t\t\t\t<div class=\"elementor-element elementor-element-680f0d56 elementor-align-start elementor-icon-list--layout-traditional elementor-list-item-link-full_width elementor-widget elementor-widget-icon-list\" data-id=\"680f0d56\" data-element_type=\"widget\" data-e-type=\"widget\" data-widget_type=\"icon-list.default\">\n\t\t\t\t\t\t\t<ul class=\"elementor-icon-list-items\">\n\t\t\t\t\t\t\t<li class=\"elementor-icon-list-item\">\n\t\t\t\t\t\t\t\t\t\t\t<span class=\"elementor-icon-list-icon\">\n\t\t\t\t\t\t\t<svg aria-hidden=\"true\" class=\"e-font-icon-svg e-far-arrow-alt-circle-right\" viewbox=\"0 0 512 512\" xmlns=\"http:\/\/www.w3.org\/2000\/svg\"><path d=\"M504 256C504 119 393 8 256 8S8 119 8 256s111 248 248 248 248-111 248-248zm-448 0c0-110.5 89.5-200 200-200s200 89.5 200 200-89.5 200-200 200S56 366.5 56 256zm72 20v-40c0-6.6 5.4-12 12-12h116v-67c0-10.7 12.9-16 20.5-8.5l99 99c4.7 4.7 4.7 12.3 0 17l-99 99c-7.6 7.6-20.5 2.2-20.5-8.5v-67H140c-6.6 0-12-5.4-12-12z\"><\/path><\/svg>\t\t\t\t\t\t<\/span>\n\t\t\t\t\t\t\t\t\t\t<span class=\"elementor-icon-list-text\">Zwiedzanie jednego z miast o najbogatszej historii w prowincji Walencja<\/span>\n\t\t\t\t\t\t\t\t\t<\/li>\n\t\t\t\t\t\t\t\t<li class=\"elementor-icon-list-item\">\n\t\t\t\t\t\t\t\t\t\t\t<span class=\"elementor-icon-list-icon\">\n\t\t\t\t\t\t\t<svg aria-hidden=\"true\" class=\"e-font-icon-svg e-far-arrow-alt-circle-right\" viewbox=\"0 0 512 512\" xmlns=\"http:\/\/www.w3.org\/2000\/svg\"><path d=\"M504 256C504 119 393 8 256 8S8 119 8 256s111 248 248 248 248-111 248-248zm-448 0c0-110.5 89.5-200 200-200s200 89.5 200 200-89.5 200-200 200S56 366.5 56 256zm72 20v-40c0-6.6 5.4-12 12-12h116v-67c0-10.7 12.9-16 20.5-8.5l99 99c4.7 4.7 4.7 12.3 0 17l-99 99c-7.6 7.6-20.5 2.2-20.5-8.5v-67H140c-6.6 0-12-5.4-12-12z\"><\/path><\/svg>\t\t\t\t\t\t<\/span>\n\t\t\t\t\t\t\t\t\t\t<span class=\"elementor-icon-list-text\">Odwied\u017a zamek w X\u00e0tivie i jego mury obronne<\/span>\n\t\t\t\t\t\t\t\t\t<\/li>\n\t\t\t\t\t\t\t\t<li class=\"elementor-icon-list-item\">\n\t\t\t\t\t\t\t\t\t\t\t<span class=\"elementor-icon-list-icon\">\n\t\t\t\t\t\t\t<svg aria-hidden=\"true\" class=\"e-font-icon-svg e-far-arrow-alt-circle-right\" viewbox=\"0 0 512 512\" xmlns=\"http:\/\/www.w3.org\/2000\/svg\"><path d=\"M504 256C504 119 393 8 256 8S8 119 8 256s111 248 248 248 248-111 248-248zm-448 0c0-110.5 89.5-200 200-200s200 89.5 200 200-89.5 200-200 200S56 366.5 56 256zm72 20v-40c0-6.6 5.4-12 12-12h116v-67c0-10.7 12.9-16 20.5-8.5l99 99c4.7 4.7 4.7 12.3 0 17l-99 99c-7.6 7.6-20.5 2.2-20.5-8.5v-67H140c-6.6 0-12-5.4-12-12z\"><\/path><\/svg>\t\t\t\t\t\t<\/span>\n\t\t\t\t\t\t\t\t\t\t<span class=\"elementor-icon-list-text\">Poznaj zwi\u0105zek X\u00e0tivy z papie\u017cami z rodu Borgi\u00f3w oraz jej ponad 1000 fontann<\/span>\n\t\t\t\t\t\t\t\t\t<\/li>\n\t\t\t\t\t\t<\/ul>\n\t\t\t\t\t\t<\/div>\n\t\t\t\t<div class=\"elementor-element elementor-element-5de970e3 elementor-widget-divider--view-line elementor-widget elementor-widget-divider\" data-id=\"5de970e3\" data-element_type=\"widget\" data-e-type=\"widget\" data-widget_type=\"divider.default\">\n\t\t\t\t\t\t\t<div class=\"elementor-divider\">\n\t\t\t<span class=\"elementor-divider-separator\">\n\t\t\t\t\t\t<\/span>\n\t\t<\/div>\n\t\t\t\t\t\t<\/div>\n\t\t\t\t<div class=\"elementor-element elementor-element-5bafb3a7 elementor-widget elementor-widget-heading\" data-id=\"5bafb3a7\" data-element_type=\"widget\" data-e-type=\"widget\" data-widget_type=\"heading.default\">\n\t\t\t\t\t<h3 class=\"elementor-heading-title elementor-size-default\">Opis<\/h3>\t\t\t\t<\/div>\n\t\t\t\t<div class=\"elementor-element elementor-element-73bb0be elementor-widget elementor-widget-heading\" data-id=\"73bb0be\" data-element_type=\"widget\" data-e-type=\"widget\" data-widget_type=\"heading.default\">\n\t\t\t\t\t<h4 class=\"elementor-heading-title elementor-size-default\">X\u00e0tiva: podr\u00f3\u017c przez 3000 lat historii i kultury<\/h4>\t\t\t\t<\/div>\n\t\t\t\t<div class=\"elementor-element elementor-element-1370d34a elementor-widget elementor-widget-text-editor\" data-id=\"1370d34a\" data-element_type=\"widget\" data-e-type=\"widget\" data-widget_type=\"text-editor.default\">\n\t\t\t\t\t\t\t\t\t<p class=\" translation-block\">X\u00e0tiva, ze swoj\u0105 bogat\u0105 histori\u0105 i \u017cywym dziedzictwem kulturowym, to miejsce, kt\u00f3re <strong>w wyj\u0105tkowy spos\u00f3b \u0142\u0105czy przesz\u0142o\u015b\u0107 z tera\u017aniejszo\u015bci\u0105.<\/strong> Cho\u0107 jest to miasto o niewielkich rozmiarach, licz\u0105ce mniej ni\u017c 30 000 mieszka\u0144c\u00f3w, X\u00e0tiva by\u0142a <strong>scen\u0105 kluczowych wydarze\u0144 historycznych<\/strong>, kt\u00f3re ukszta\u0142towa\u0142y P\u00f3\u0142wysep Iberyjski, a tak\u017ce kolebk\u0105 <strong>papie\u017cy z rodu Borgi\u00f3w<\/strong>.<\/p>\t\t\t\t\t\t\t\t<\/div>\n\t\t\t\t<div class=\"elementor-element elementor-element-d57d176 elementor-widget elementor-widget-heading\" data-id=\"d57d176\" data-element_type=\"widget\" data-e-type=\"widget\" data-widget_type=\"heading.default\">\n\t\t\t\t\t<h4 class=\"elementor-heading-title elementor-size-default\">Plan wycieczki:<\/h4>\t\t\t\t<\/div>\n\t\t\t\t<div class=\"elementor-element elementor-element-7ed0f92 elementor-widget elementor-widget-heading\" data-id=\"7ed0f92\" data-element_type=\"widget\" data-e-type=\"widget\" data-widget_type=\"heading.default\">\n\t\t\t\t\t<h5 class=\"elementor-heading-title elementor-size-default\">10:00 \u2013 zamek w X\u00e0tivie<\/h5>\t\t\t\t<\/div>\n\t\t\t\t<div class=\"elementor-element elementor-element-480aae5 elementor-widget elementor-widget-text-editor\" data-id=\"480aae5\" data-element_type=\"widget\" data-e-type=\"widget\" data-widget_type=\"text-editor.default\">\n\t\t\t\t\t\t\t\t\t<p class=\" translation-block\">Rozpoczynamy dzie\u0144 od wizyty w imponuj\u0105cym <strong>zamku w X\u00e0tivie<\/strong>, po\u0142o\u017conym na szczycie g\u00f3ry. Zalecamy dotarcie tam samochodem, taks\u00f3wk\u0105 lub kolejk\u0105 turystyczn\u0105, poniewa\u017c wej\u015bcie pieszo zajmuje oko\u0142o godziny<span style=\"color: #ff7800\">*<\/span>. Z jego mur\u00f3w mo\u017cna podziwia\u0107 spektakularne widoki, a spacer po twierdzy to  <strong>podr\u00f3\u017c przez ponad 3000 lat historii<\/strong>, przez czasy kartagi\u0144skiego wodza <strong>Hannibala Barkasa<\/strong>, <strong>rekonkwist\u0119 pod dow\u00f3dztwem kr\u00f3la Jakuba I<\/strong>, a\u017c po <strong>lochy<\/strong>, kt\u00f3re niegdy\u015b pe\u0142ni\u0142y funkcj\u0119 wi\u0119zienia pa\u0144stwowego.<\/p>\t\t\t\t\t\t\t\t<\/div>\n\t\t\t\t<div class=\"elementor-element elementor-element-8ca85f7 elementor-widget elementor-widget-heading\" data-id=\"8ca85f7\" data-element_type=\"widget\" data-e-type=\"widget\" data-widget_type=\"heading.default\">\n\t\t\t\t\t<h5 class=\"elementor-heading-title elementor-size-default\">11:30 \u2013 Stare Miasto i tysi\u0105c fontann<\/h5>\t\t\t\t<\/div>\n\t\t\t\t<div class=\"elementor-element elementor-element-fbaec05 elementor-widget elementor-widget-text-editor\" data-id=\"fbaec05\" data-element_type=\"widget\" data-e-type=\"widget\" data-widget_type=\"text-editor.default\">\n\t\t\t\t\t\t\t\t\t<p class=\" translation-block\">Nast\u0119pnie zag\u0142\u0119bimy si\u0119 w <strong>malownicz\u0105 star\u00f3wk\u0119 X\u00e0tivy<\/strong>, s\u0142yn\u0105c\u0105 z ponad <strong>1000 \u017ar\u00f3de\u0142<\/strong>. Rozpoczniemy przy <strong>Fontannie Lwa<\/strong>, a nast\u0119pnie udamy si\u0119 do <strong>Kolegiaty Naj\u015bwi\u0119tszej Marii Panny<\/strong>, jednej z najwi\u0119kszych \u015bwi\u0105ty\u0144 w Hiszpanii, gdzie poznamy <strong>histori\u0119 papie\u017cy z rodu Borgi\u00f3w<\/strong>. Kontynuujemy spacer do <strong>Casa de l\u2019Ensenyan\u00e7a<\/strong> oraz <strong>Muzeum Sztuk Pi\u0119knych<\/strong>, gdzie  za po\u015brednictwem s\u0142ynnego portretu <strong>kr\u00f3la Filipa V<\/strong> odkryjemy zniszczenie X\u00e0tivy w 1707 roku podczas <strong>wojny o sukcesj\u0119 hiszpa\u0144sk\u0105<\/strong>.<\/p>\t\t\t\t\t\t\t\t<\/div>\n\t\t\t\t<div class=\"elementor-element elementor-element-5609520 elementor-widget elementor-widget-heading\" data-id=\"5609520\" data-element_type=\"widget\" data-e-type=\"widget\" data-widget_type=\"heading.default\">\n\t\t\t\t\t<h5 class=\"elementor-heading-title elementor-size-default\">13:30 \u2013 zako\u0144czenie zwiedzania i czas na lokaln\u0105 gastronomi\u0119<\/h5>\t\t\t\t<\/div>\n\t\t\t\t<div class=\"elementor-element elementor-element-50d27bf elementor-widget elementor-widget-text-editor\" data-id=\"50d27bf\" data-element_type=\"widget\" data-e-type=\"widget\" data-widget_type=\"text-editor.default\">\n\t\t\t\t\t\t\t\t\t<p class=\" translation-block\">Zwiedzanie ko\u0144czy si\u0119 o 13:30, ale mo\u017cesz wykorzysta\u0107 ten czas, aby delektowa\u0107 si\u0119 <strong>pyszn\u0105 lokaln\u0105 kuchni\u0105<\/strong>, tak\u0105 jak arroz al horno oraz tradycyjne s\u0142odycze, takie jak <strong>arnad\u00ed<\/strong> czy <strong>almoix\u00e0vena<\/strong>. Je\u015bli zdecydujesz si\u0119 zosta\u0107, powr\u00f3t odbywa si\u0119 we w\u0142asnym zakresie, z mo\u017cliwo\u015bci\u0105 bezpo\u015bredniego dojazdu poci\u0105giem do Walencji.<\/p><p><strong>Odkryj X\u00e0tiv\u0119 \u2013 miejsce pe\u0142ne historii, kultury i wyj\u0105tkowych smak\u00f3w!<\/strong><\/p>\t\t\t\t\t\t\t\t<\/div>\n\t\t\t\t<div class=\"elementor-element elementor-element-bc268bd elementor-widget elementor-widget-text-editor\" data-id=\"bc268bd\" data-element_type=\"widget\" data-e-type=\"widget\" data-widget_type=\"text-editor.default\">\n\t\t\t\t\t\t\t\t\t<p>*Je\u015bli wybierzesz wycieczk\u0119 z transportem, wjazd w pobli\u017ce zamku jest wliczony w cen\u0119.<\/p>\t\t\t\t\t\t\t\t<\/div>\n\t\t\t\t<div class=\"elementor-element elementor-element-bd65f25 elementor-widget elementor-widget-heading\" data-id=\"bd65f25\" data-element_type=\"widget\" data-e-type=\"widget\" data-widget_type=\"heading.default\">\n\t\t\t\t\t<h4 class=\"elementor-heading-title elementor-size-default\">Wybierz opcj\u0119:<\/h4>\t\t\t\t<\/div>\n\t\t\t\t<div class=\"elementor-element elementor-element-5ea2948 elementor-widget elementor-widget-heading\" data-id=\"5ea2948\" data-element_type=\"widget\" data-e-type=\"widget\" data-widget_type=\"heading.default\">\n\t\t\t\t\t<h5 class=\"elementor-heading-title elementor-size-default\">01.\u2013 tylko zwiedzanie z przewodnikiem<\/h5>\t\t\t\t<\/div>\n\t\t\t\t<div class=\"elementor-element elementor-element-007b0e7 elementor-widget elementor-widget-text-editor\" data-id=\"007b0e7\" data-element_type=\"widget\" data-e-type=\"widget\" data-widget_type=\"text-editor.default\">\n\t\t\t\t\t\t\t\t\t<p class=\" translation-block\">Mo\u017cesz zarezerwowa\u0107 <strong>tylko zwiedzanie z przewodnikiem<\/strong> i przyj\u015b\u0107 na miejsce zbi\u00f3rki, aby do\u0142\u0105czy\u0107 do grupy. Czas trwania wynosi <strong>3:30 godziny<\/strong>, a rozpocz\u0119cie jest o 10:00.<\/p><p><strong>W cenie zawarte s\u0105 bilety wst\u0119pu.<\/strong><\/p><p>Sp\u0119dzimy poranek, odkrywaj\u0105c drug\u0105 co do wielko\u015bci star\u00f3wk\u0119 we Wsp\u00f3lnocie Walencji, a nast\u0119pnie przygotujemy si\u0119, by \u201ezdoby\u0107\u201d zamek.<\/p>\t\t\t\t\t\t\t\t<\/div>\n\t\t\t\t<div class=\"elementor-element elementor-element-678e520 elementor-widget elementor-widget-heading\" data-id=\"678e520\" data-element_type=\"widget\" data-e-type=\"widget\" data-widget_type=\"heading.default\">\n\t\t\t\t\t<h5 class=\"elementor-heading-title elementor-size-default\">02.\u2013 zwiedzanie z przewodnikiem i transport\n<\/h5>\t\t\t\t<\/div>\n\t\t\t\t<div class=\"elementor-element elementor-element-199758b elementor-widget elementor-widget-text-editor\" data-id=\"199758b\" data-element_type=\"widget\" data-e-type=\"widget\" data-widget_type=\"text-editor.default\">\n\t\t\t\t\t\t\t\t\t<p class=\" translation-block\"><strong>Transfer<\/strong> z Walencji do X\u00e0tivy + <strong>kompleksowe zwiedzanie z przewodnikiem<\/strong> prowadzone przez lokalnego, licencjonowanego przewodnika.<\/p><p class=\" translation-block\">Wyjazd z Walencji o <strong>08:30<\/strong> rano.<\/p>\t\t\t\t\t\t\t\t<\/div>\n\t\t\t\t<div class=\"elementor-element elementor-element-63a915b6 elementor-widget-divider--view-line elementor-widget elementor-widget-divider\" data-id=\"63a915b6\" data-element_type=\"widget\" data-e-type=\"widget\" data-widget_type=\"divider.default\">\n\t\t\t\t\t\t\t<div class=\"elementor-divider\">\n\t\t\t<span class=\"elementor-divider-separator\">\n\t\t\t\t\t\t<\/span>\n\t\t<\/div>\n\t\t\t\t\t\t<\/div>\n\t\t\t\t<div class=\"elementor-element elementor-element-7680b8d9 elementor-widget elementor-widget-heading\" data-id=\"7680b8d9\" data-element_type=\"widget\" data-e-type=\"widget\" data-widget_type=\"heading.default\">\n\t\t\t\t\t<h3 class=\"elementor-heading-title elementor-size-default\">Wa\u017cne informacje<\/h3>\t\t\t\t<\/div>\n\t\t\t\t<div class=\"elementor-element elementor-element-1b01c804 elementor-widget elementor-widget-text-editor\" data-id=\"1b01c804\" data-element_type=\"widget\" data-e-type=\"widget\" data-widget_type=\"text-editor.default\">\n\t\t\t\t\t\t\t\t\t<p class=\" translation-block\"><strong>Terminy:<\/strong><br>Wtorki i pi\u0105tki.<\/p><ul><li>Z odbiorem mi\u0119dzy 08:30 a 09:00 (wy\u015blemy wiadomo\u015b\u0107 z potwierdzeniem dzie\u0144 wcze\u015bniej)<\/li><li>Bez odbioru: spotkanie przy zamku w X\u00e0tivie o 10:00<\/li><\/ul>\t\t\t\t\t\t\t\t<\/div>\n\t\t\t\t<div class=\"elementor-element elementor-element-e920fde elementor-widget elementor-widget-text-editor\" data-id=\"e920fde\" data-element_type=\"widget\" data-e-type=\"widget\" data-widget_type=\"text-editor.default\">\n\t\t\t\t\t\t\t\t\t<p>*Latem godziny mog\u0105 ulec zmianie ze wzgl\u0119du na wysokie temperatury.<\/p>\t\t\t\t\t\t\t\t<\/div>\n\t\t\t\t<div class=\"elementor-element elementor-element-5e41ae7 elementor-widget elementor-widget-text-editor\" data-id=\"5e41ae7\" data-element_type=\"widget\" data-e-type=\"widget\" data-widget_type=\"text-editor.default\">\n\t\t\t\t\t\t\t\t\t<p><strong>Zawiera:<\/strong><\/p><ul><li>Transport (opcja wycieczki)<\/li><li>Us\u0142ugi licencjonowanego przewodnika podczas ca\u0142ej wycieczki<\/li><li>Spacer po star\u00f3wce X\u00e0tivy, podczas kt\u00f3rego odkryjesz najwa\u017cniejsze i najbardziej charakterystyczne miejsca<\/li><li>Wst\u0119p do zamku i Muzeum Sztuk Pi\u0119knych.<\/li><\/ul><p><strong>Opcja osi\u0142ek:<\/strong><\/p><ul><li class=\" translation-block\"><strong>Wycieczka standardowa:<\/strong> Po zako\u0144czeniu zwiedzania z przewodnikiem mo\u017cesz zdecydowa\u0107 si\u0119 zosta\u0107 na posi\u0142ek w X\u00e0tivie. W takim przypadku powr\u00f3t do Walencji odbywa si\u0119 we w\u0142asnym zakresie (chyba \u017ce jest to wycieczka prywatna).<\/li><li class=\" translation-block\">Je\u015bli zdecydujesz si\u0119 na <strong>wycieczk\u0119 prywatn\u0105<\/strong>, mo\u017cemy zarezerwowa\u0107 stolik w lokalnej restauracji i dostosowa\u0107 program zwiedzania.<\/li><li class=\" translation-block\">Je\u015bli wolisz <strong>wr\u00f3ci\u0107 do Walencji<\/strong> na obiad, przewidywany czas przyjazdu to 14:30.<\/li><\/ul><p><strong>Transport na zamek:<\/strong><\/p><ul><li>Je\u015bli wybierzesz wycieczk\u0119 z transportem, wjazd na zamek jest wliczony w cen\u0119.<\/li><li>Je\u015bli wybierzesz opcj\u0119 zwiedzania z przewodnikiem, transport na zamek (taks\u00f3wka, kolejka turystyczna itp.) odbywa si\u0119 we w\u0142asnym zakresie.<\/li><\/ul><p class=\" translation-block\"><strong>Brak dostosowania<\/strong>. Zamek w X\u00e0tivie ma liczne schody i strome podej\u015bcia (nieodpowiedni dla w\u00f3zk\u00f3w dzieci\u0119cych ani w\u00f3zk\u00f3w inwalidzkich).<\/p><p class=\" translation-block\"><strong>Zalecenia:<\/strong> wygodne obuwie.<\/p>\t\t\t\t\t\t\t\t<\/div>\n\t\t\t\t<div class=\"elementor-element elementor-element-572dd4a5 elementor-widget-divider--view-line elementor-widget elementor-widget-divider\" data-id=\"572dd4a5\" data-element_type=\"widget\" data-e-type=\"widget\" data-widget_type=\"divider.default\">\n\t\t\t\t\t\t\t<div class=\"elementor-divider\">\n\t\t\t<span class=\"elementor-divider-separator\">\n\t\t\t\t\t\t<\/span>\n\t\t<\/div>\n\t\t\t\t\t\t<\/div>\n\t\t\t\t<div class=\"elementor-element elementor-element-72e85f56 elementor-widget elementor-widget-heading\" data-id=\"72e85f56\" data-element_type=\"widget\" data-e-type=\"widget\" data-widget_type=\"heading.default\">\n\t\t\t\t\t<h3 class=\"elementor-heading-title elementor-size-default\">Miejsce spotkania<\/h3>\t\t\t\t<\/div>\n\t\t\t\t<div class=\"elementor-element elementor-element-118c891d elementor-widget elementor-widget-text-editor\" data-id=\"118c891d\" data-element_type=\"widget\" data-e-type=\"widget\" data-widget_type=\"text-editor.default\">\n\t\t\t\t\t\t\t\t\t<p><strong>W opcji zwiedzania z przewodnikiem:<\/strong><\/p><ul><li>Zwiedzanie zamku: brama zamku (Subida al Castillo s\/n, 46800 X\u00e0tiva)<\/li><\/ul><p><strong>Wycieczka kompletna:<\/strong><\/p><p>Wybierz najbli\u017cszy punkt odbioru:<\/p><ul><li>Hotel NH Valencia Center<\/li><li>Torres de Serranos (obok schod\u00f3w prowadz\u0105cych na wie\u017ce)<\/li><li>Przed Ciudad de la Justicia (punkt w pobli\u017cu Miasta Sztuki i Nauki), Avenida del Profesor L\u00f3pez Pi\u00f1ero 14<\/li><\/ul><p>Prosimy o wskazanie wybranego miejsca odbioru podczas dokonywania rezerwacji.<\/p>\t\t\t\t\t\t\t\t<\/div>\n\t\t\t\t<div class=\"elementor-element elementor-element-6dbfd3f7 elementor-widget-divider--view-line elementor-widget elementor-widget-divider\" data-id=\"6dbfd3f7\" data-element_type=\"widget\" data-e-type=\"widget\" data-widget_type=\"divider.default\">\n\t\t\t\t\t\t\t<div class=\"elementor-divider\">\n\t\t\t<span class=\"elementor-divider-separator\">\n\t\t\t\t\t\t<\/span>\n\t\t<\/div>\n\t\t\t\t\t\t<\/div>\n\t\t\t\t<div class=\"elementor-element elementor-element-51b62e2a elementor-widget elementor-widget-heading\" data-id=\"51b62e2a\" data-element_type=\"widget\" data-e-type=\"widget\" data-widget_type=\"heading.default\">\n\t\t\t\t\t<h3 class=\"elementor-heading-title elementor-size-default\">Najcz\u0119\u015bciej zadawane pytania<\/h3>\t\t\t\t<\/div>\n\t\t\t\t\t<\/div>\n\t\t\t\t<\/div>\n\t\t<div class=\"elementor-element elementor-element-8d75536 e-flex e-con-boxed e-con e-parent\" data-id=\"8d75536\" data-element_type=\"container\" data-e-type=\"container\" data-settings=\"{&quot;background_background&quot;:&quot;classic&quot;}\">\n\t\t\t\t\t<div class=\"e-con-inner\">\n\t\t<div class=\"elementor-element elementor-element-e4cdcda e-con-full e-flex e-con e-child\" data-id=\"e4cdcda\" data-element_type=\"container\" data-e-type=\"container\" data-settings=\"{&quot;background_background&quot;:&quot;classic&quot;}\">\n\t\t\t\t<div class=\"elementor-element elementor-element-9586f73 faq-desplegable elementor-widget elementor-widget-n-accordion\" data-id=\"9586f73\" data-element_type=\"widget\" data-e-type=\"widget\" data-settings=\"{&quot;default_state&quot;:&quot;all_collapsed&quot;,&quot;max_items_expended&quot;:&quot;one&quot;,&quot;n_accordion_animation_duration&quot;:{&quot;unit&quot;:&quot;ms&quot;,&quot;size&quot;:400,&quot;sizes&quot;:[]}}\" data-widget_type=\"nested-accordion.default\">\n\t\t\t\t\t\t\t<div class=\"e-n-accordion\" aria-label=\"Akordeon. Otwieraj \u0142\u0105cza za pomoc\u0105 klawisza Enter lub spacji, zamykaj za pomoc\u0105 klawisza Escape i nawiguj za pomoc\u0105 klawiszy strza\u0142ek\">\n\t\t\t\t\t\t<details id=\"e-n-accordion-item-1560\" class=\"e-n-accordion-item\" >\n\t\t\t\t<summary class=\"e-n-accordion-item-title\" data-accordion-index=\"1\" tabindex=\"0\" aria-expanded=\"false\" aria-controls=\"e-n-accordion-item-1560\" >\n\t\t\t\t\t<span class='e-n-accordion-item-title-header'><div class=\"e-n-accordion-item-title-text\"> Jak rozpoznam przewodnika? <\/div><\/span>\n\t\t\t\t\t\t\t<span class='e-n-accordion-item-title-icon'>\n\t\t\t<span class='e-opened' ><svg aria-hidden=\"true\" class=\"e-font-icon-svg e-fas-minus\" viewbox=\"0 0 448 512\" xmlns=\"http:\/\/www.w3.org\/2000\/svg\"><path d=\"M416 208H32c-17.67 0-32 14.33-32 32v32c0 17.67 14.33 32 32 32h384c17.67 0 32-14.33 32-32v-32c0-17.67-14.33-32-32-32z\"><\/path><\/svg><\/span>\n\t\t\t<span class='e-closed'><svg aria-hidden=\"true\" class=\"e-font-icon-svg e-fas-plus\" viewbox=\"0 0 448 512\" xmlns=\"http:\/\/www.w3.org\/2000\/svg\"><path d=\"M416 208H272V64c0-17.67-14.33-32-32-32h-32c-17.67 0-32 14.33-32 32v144H32c-17.67 0-32 14.33-32 32v32c0 17.67 14.33 32 32 32h144v144c0 17.67 14.33 32 32 32h32c17.67 0 32-14.33 32-32V304h144c17.67 0 32-14.33 32-32v-32c0-17.67-14.33-32-32-32z\"><\/path><\/svg><\/span>\n\t\t<\/span>\n\n\t\t\t\t\t\t<\/summary>\n\t\t\t\t<div role=\"region\" aria-labelledby=\"e-n-accordion-item-1560\" class=\"elementor-element elementor-element-3212eef e-con-full e-flex e-con e-child\" data-id=\"3212eef\" data-element_type=\"container\" data-e-type=\"container\">\n\t\t<div role=\"region\" aria-labelledby=\"e-n-accordion-item-1560\" class=\"elementor-element elementor-element-046ff75 e-flex e-con-boxed e-con e-child\" data-id=\"046ff75\" data-element_type=\"container\" data-e-type=\"container\">\n\t\t\t\t\t<div class=\"e-con-inner\">\n\t\t\t\t<div class=\"elementor-element elementor-element-f4964fc elementor-widget elementor-widget-text-editor\" data-id=\"f4964fc\" data-element_type=\"widget\" data-e-type=\"widget\" data-widget_type=\"text-editor.default\">\n\t\t\t\t\t\t\t\t\t<p>Przewodnika z oficjaln\u0105 akredytacj\u0105 spotkasz na miejscu zbi\u00f3rki. Mo\u017cesz zapyta\u0107 o Valencia&amp;Go, a je\u015bli nie mo\u017cesz go znale\u017a\u0107, mo\u017cesz skontaktowa\u0107 si\u0119 z nami bezpo\u015brednio przez WhatsApp, aby uzyska\u0107 dok\u0142adne wskaz\u00f3wki.<\/p><ul class=\"ak-ul\" data-indent-level=\"1\"><li><p data-renderer-start-pos=\"1098\">Hotel NH Valencia Center: autobus zatrzymuje si\u0119 pod drzwiami hotelu<\/p><\/li><li><p data-renderer-start-pos=\"1146\">Wie\u017ce Serranos: poczekaj przy schodach prowadz\u0105cych na wie\u017ce<\/p><\/li><li><p data-renderer-start-pos=\"1214\">Ciudad de la Justicia: czerwony przystanek autobusowy przed budynkiem<\/p><\/li><\/ul>\t\t\t\t\t\t\t\t<\/div>\n\t\t\t\t\t<\/div>\n\t\t\t\t<\/div>\n\t\t\t\t<\/div>\n\t\t\t\t\t<\/details>\n\t\t\t\t\t\t<details id=\"e-n-accordion-item-1561\" class=\"e-n-accordion-item\" >\n\t\t\t\t<summary class=\"e-n-accordion-item-title\" data-accordion-index=\"2\" tabindex=\"-1\" aria-expanded=\"false\" aria-controls=\"e-n-accordion-item-1561\" >\n\t\t\t\t\t<span class='e-n-accordion-item-title-header'><div class=\"e-n-accordion-item-title-text\"> Co zarezerwowa\u0142em? <\/div><\/span>\n\t\t\t\t\t\t\t<span class='e-n-accordion-item-title-icon'>\n\t\t\t<span class='e-opened' ><svg aria-hidden=\"true\" class=\"e-font-icon-svg e-fas-minus\" viewbox=\"0 0 448 512\" xmlns=\"http:\/\/www.w3.org\/2000\/svg\"><path d=\"M416 208H32c-17.67 0-32 14.33-32 32v32c0 17.67 14.33 32 32 32h384c17.67 0 32-14.33 32-32v-32c0-17.67-14.33-32-32-32z\"><\/path><\/svg><\/span>\n\t\t\t<span class='e-closed'><svg aria-hidden=\"true\" class=\"e-font-icon-svg e-fas-plus\" viewbox=\"0 0 448 512\" xmlns=\"http:\/\/www.w3.org\/2000\/svg\"><path d=\"M416 208H272V64c0-17.67-14.33-32-32-32h-32c-17.67 0-32 14.33-32 32v144H32c-17.67 0-32 14.33-32 32v32c0 17.67 14.33 32 32 32h144v144c0 17.67 14.33 32 32 32h32c17.67 0 32-14.33 32-32V304h144c17.67 0 32-14.33 32-32v-32c0-17.67-14.33-32-32-32z\"><\/path><\/svg><\/span>\n\t\t<\/span>\n\n\t\t\t\t\t\t<\/summary>\n\t\t\t\t<div role=\"region\" aria-labelledby=\"e-n-accordion-item-1561\" class=\"elementor-element elementor-element-80c17b2 e-con-full e-flex e-con e-child\" data-id=\"80c17b2\" data-element_type=\"container\" data-e-type=\"container\">\n\t\t\t\t<div class=\"elementor-element elementor-element-8131841 elementor-widget elementor-widget-text-editor\" data-id=\"8131841\" data-element_type=\"widget\" data-e-type=\"widget\" data-widget_type=\"text-editor.default\">\n\t\t\t\t\t\t\t\t\t<p><strong>Opcja wycieczki:<\/strong><br \/>Zarezerwowa\u0142e\u015b wycieczk\u0119 z transportem i oficjalnym lokalnym przewodnikiem do X\u00e0tiva.<br \/>Do\u015bwiadczenie obejmuje transfer z Walencji, wycieczk\u0119 z przewodnikiem po starym mie\u015bcie i zamku X\u00e0tiva.<\/p><p><strong>Opcja wycieczki z przewodnikiem:<\/strong><br \/>Zarezerwowa\u0142e\u015b wycieczk\u0119 z lokalnym oficjalnym przewodnikiem w X\u00e0tiva.<br \/>Do\u015bwiadczenie obejmuje wycieczk\u0119 z przewodnikiem po starym mie\u015bcie i zamku X\u00e0tiva.<\/p>\t\t\t\t\t\t\t\t<\/div>\n\t\t\t\t<\/div>\n\t\t\t\t\t<\/details>\n\t\t\t\t\t\t<details id=\"e-n-accordion-item-1562\" class=\"e-n-accordion-item\" >\n\t\t\t\t<summary class=\"e-n-accordion-item-title\" data-accordion-index=\"3\" tabindex=\"-1\" aria-expanded=\"false\" aria-controls=\"e-n-accordion-item-1562\" >\n\t\t\t\t\t<span class='e-n-accordion-item-title-header'><div class=\"e-n-accordion-item-title-text\"> Polityka anulowania <\/div><\/span>\n\t\t\t\t\t\t\t<span class='e-n-accordion-item-title-icon'>\n\t\t\t<span class='e-opened' ><svg aria-hidden=\"true\" class=\"e-font-icon-svg e-fas-minus\" viewbox=\"0 0 448 512\" xmlns=\"http:\/\/www.w3.org\/2000\/svg\"><path d=\"M416 208H32c-17.67 0-32 14.33-32 32v32c0 17.67 14.33 32 32 32h384c17.67 0 32-14.33 32-32v-32c0-17.67-14.33-32-32-32z\"><\/path><\/svg><\/span>\n\t\t\t<span class='e-closed'><svg aria-hidden=\"true\" class=\"e-font-icon-svg e-fas-plus\" viewbox=\"0 0 448 512\" xmlns=\"http:\/\/www.w3.org\/2000\/svg\"><path d=\"M416 208H272V64c0-17.67-14.33-32-32-32h-32c-17.67 0-32 14.33-32 32v144H32c-17.67 0-32 14.33-32 32v32c0 17.67 14.33 32 32 32h144v144c0 17.67 14.33 32 32 32h32c17.67 0 32-14.33 32-32V304h144c17.67 0 32-14.33 32-32v-32c0-17.67-14.33-32-32-32z\"><\/path><\/svg><\/span>\n\t\t<\/span>\n\n\t\t\t\t\t\t<\/summary>\n\t\t\t\t<div role=\"region\" aria-labelledby=\"e-n-accordion-item-1562\" class=\"elementor-element elementor-element-e028983 e-con-full e-flex e-con e-child\" data-id=\"e028983\" data-element_type=\"container\" data-e-type=\"container\">\n\t\t\t\t<div class=\"elementor-element elementor-element-d740571 elementor-widget elementor-widget-text-editor\" data-id=\"d740571\" data-element_type=\"widget\" data-e-type=\"widget\" data-widget_type=\"text-editor.default\">\n\t\t\t\t\t\t\t\t\t<p>Rezerwacj\u0119 mo\u017cna anulowa\u0107 bezp\u0142atnie na 24 godziny przed pocz\u0105tkiem wycieczki. Po up\u0142ywie tego terminu lub w przypadku niepojawienia si\u0119 na miejscu zwrot koszt\u00f3w nie b\u0119dzie mo\u017cliwy.<\/p>\t\t\t\t\t\t\t\t<\/div>\n\t\t\t\t<\/div>\n\t\t\t\t\t<\/details>\n\t\t\t\t\t\t<details id=\"e-n-accordion-item-1563\" class=\"e-n-accordion-item\" >\n\t\t\t\t<summary class=\"e-n-accordion-item-title\" data-accordion-index=\"4\" tabindex=\"-1\" aria-expanded=\"false\" aria-controls=\"e-n-accordion-item-1563\" >\n\t\t\t\t\t<span class='e-n-accordion-item-title-header'><div class=\"e-n-accordion-item-title-text\"> Czy mog\u0119 zabra\u0107 baga\u017c\/w\u00f3zek dzieci\u0119cy do autobusu? <\/div><\/span>\n\t\t\t\t\t\t\t<span class='e-n-accordion-item-title-icon'>\n\t\t\t<span class='e-opened' ><svg aria-hidden=\"true\" class=\"e-font-icon-svg e-fas-minus\" viewbox=\"0 0 448 512\" xmlns=\"http:\/\/www.w3.org\/2000\/svg\"><path d=\"M416 208H32c-17.67 0-32 14.33-32 32v32c0 17.67 14.33 32 32 32h384c17.67 0 32-14.33 32-32v-32c0-17.67-14.33-32-32-32z\"><\/path><\/svg><\/span>\n\t\t\t<span class='e-closed'><svg aria-hidden=\"true\" class=\"e-font-icon-svg e-fas-plus\" viewbox=\"0 0 448 512\" xmlns=\"http:\/\/www.w3.org\/2000\/svg\"><path d=\"M416 208H272V64c0-17.67-14.33-32-32-32h-32c-17.67 0-32 14.33-32 32v144H32c-17.67 0-32 14.33-32 32v32c0 17.67 14.33 32 32 32h144v144c0 17.67 14.33 32 32 32h32c17.67 0 32-14.33 32-32V304h144c17.67 0 32-14.33 32-32v-32c0-17.67-14.33-32-32-32z\"><\/path><\/svg><\/span>\n\t\t<\/span>\n\n\t\t\t\t\t\t<\/summary>\n\t\t\t\t<div role=\"region\" aria-labelledby=\"e-n-accordion-item-1563\" class=\"elementor-element elementor-element-01eecde e-flex e-con-boxed e-con e-child\" data-id=\"01eecde\" data-element_type=\"container\" data-e-type=\"container\">\n\t\t\t\t\t<div class=\"e-con-inner\">\n\t\t\t\t<div class=\"elementor-element elementor-element-cc1848b elementor-widget elementor-widget-text-editor\" data-id=\"cc1848b\" data-element_type=\"widget\" data-e-type=\"widget\" data-widget_type=\"text-editor.default\">\n\t\t\t\t\t\t\t\t\t<p>Tak, o ile jest to baga\u017c podr\u0119czny lub ma\u0142y plecak\/sk\u0142adany w\u00f3zek. Prosimy o poinformowanie nas o tym, aby zapewni\u0107 miejsce w autobusie.<\/p>\t\t\t\t\t\t\t\t<\/div>\n\t\t\t\t\t<\/div>\n\t\t\t\t<\/div>\n\t\t\t\t\t<\/details>\n\t\t\t\t\t<\/div>\n\t\t\t\t\t\t<\/div>\n\t\t\t\t<\/div>\n\t\t\t\t\t<\/div>\n\t\t\t\t<\/div>\n\t\t\t\t<\/div>","protected":false},"excerpt":{"rendered":"<p>X\u00e0tiva, <strong>miasto tysi\u0105ca fontann<\/strong><\/p>","protected":false},"featured_media":5593,"template":"","meta":{"_acf_changed":false},"product_cat":[19],"product_tag":[],"class_list":{"0":"post-3318","1":"product","2":"type-product","3":"status-publish","4":"has-post-thumbnail","6":"product_cat-excursiones","8":"first","9":"instock","10":"virtual","11":"sold-individually","12":"taxable","13":"purchasable","14":"product-type-turitop"},"acf":[],"yoast_head":"<!-- This site is optimized with the Yoast SEO plugin v27.5 - https:\/\/yoast.com\/product\/yoast-seo-wordpress\/ -->\n<title>Visita guiada a la ciudad de X\u00e1tiva | Valencia &amp; Go<\/title>\n<meta name=\"description\" content=\"X\u00e0tiva: descubre la ciudad de los Borja, An\u00edbal Barca y las vistas de su imponente castillo. Elige entre visita guiada o excursi\u00f3n con transporte.\" \/>\n<meta name=\"robots\" content=\"noindex, follow, max-snippet:-1, max-image-preview:large, max-video-preview:-1\" \/>\n<meta property=\"og:locale\" content=\"pl_PL\" \/>\n<meta property=\"og:type\" content=\"article\" \/>\n<meta property=\"og:title\" content=\"Visita guiada a la ciudad de X\u00e1tiva | Valencia &amp; Go\" \/>\n<meta property=\"og:description\" content=\"X\u00e0tiva: descubre la ciudad de los Borja, An\u00edbal Barca y las vistas de su imponente castillo. Elige entre visita guiada o excursi\u00f3n con transporte.\" \/>\n<meta property=\"og:url\" content=\"https:\/\/upgrade.valenciaandgo.com\/pl\/wycieczki\/wycieczka-z-przewodnikiem-xativa\/\" \/>\n<meta property=\"og:site_name\" content=\"Valencia&amp;Go\" \/>\n<meta property=\"article:publisher\" content=\"https:\/\/www.facebook.com\/valenciaandgo\/\" \/>\n<meta property=\"article:modified_time\" content=\"2026-04-24T11:40:30+00:00\" \/>\n<meta property=\"og:image\" content=\"https:\/\/upgrade.valenciaandgo.com\/wp-content\/uploads\/tours-excursiones\/07-excursion-xativa\/excursion-xativa_3.webp\" \/>\n\t<meta property=\"og:image:width\" content=\"920\" \/>\n\t<meta property=\"og:image:height\" content=\"688\" \/>\n\t<meta property=\"og:image:type\" content=\"image\/webp\" \/>\n<meta name=\"twitter:card\" content=\"summary_large_image\" \/>\n<meta name=\"twitter:label1\" content=\"Szacowany czas czytania\" \/>\n\t<meta name=\"twitter:data1\" content=\"6 minut\" \/>\n<script type=\"application\/ld+json\" class=\"yoast-schema-graph\">{\"@context\":\"https:\\\/\\\/schema.org\",\"@graph\":[{\"@type\":\"WebPage\",\"@id\":\"https:\\\/\\\/upgrade.valenciaandgo.com\\\/excursiones\\\/visita-guiada-xativa\\\/\",\"url\":\"https:\\\/\\\/upgrade.valenciaandgo.com\\\/excursiones\\\/visita-guiada-xativa\\\/\",\"name\":\"Visita guiada a la ciudad de X\u00e1tiva | Valencia & Go\",\"isPartOf\":{\"@id\":\"https:\\\/\\\/upgrade.valenciaandgo.com\\\/it\\\/#website\"},\"primaryImageOfPage\":{\"@id\":\"https:\\\/\\\/upgrade.valenciaandgo.com\\\/excursiones\\\/visita-guiada-xativa\\\/#primaryimage\"},\"image\":{\"@id\":\"https:\\\/\\\/upgrade.valenciaandgo.com\\\/excursiones\\\/visita-guiada-xativa\\\/#primaryimage\"},\"thumbnailUrl\":\"https:\\\/\\\/upgrade.valenciaandgo.com\\\/wp-content\\\/uploads\\\/tours-excursiones\\\/07-excursion-xativa\\\/excursion-xativa_3.webp\",\"datePublished\":\"2025-12-13T07:02:50+00:00\",\"dateModified\":\"2026-04-24T11:40:30+00:00\",\"description\":\"X\u00e0tiva: descubre la ciudad de los Borja, An\u00edbal Barca y las vistas de su imponente castillo. Elige entre visita guiada o excursi\u00f3n con transporte.\",\"breadcrumb\":{\"@id\":\"https:\\\/\\\/upgrade.valenciaandgo.com\\\/excursiones\\\/visita-guiada-xativa\\\/#breadcrumb\"},\"inLanguage\":\"pl-PL\",\"potentialAction\":[{\"@type\":\"ReadAction\",\"target\":[\"https:\\\/\\\/upgrade.valenciaandgo.com\\\/excursiones\\\/visita-guiada-xativa\\\/\"]}]},{\"@type\":\"ImageObject\",\"inLanguage\":\"pl-PL\",\"@id\":\"https:\\\/\\\/upgrade.valenciaandgo.com\\\/excursiones\\\/visita-guiada-xativa\\\/#primaryimage\",\"url\":\"https:\\\/\\\/upgrade.valenciaandgo.com\\\/wp-content\\\/uploads\\\/tours-excursiones\\\/07-excursion-xativa\\\/excursion-xativa_3.webp\",\"contentUrl\":\"https:\\\/\\\/upgrade.valenciaandgo.com\\\/wp-content\\\/uploads\\\/tours-excursiones\\\/07-excursion-xativa\\\/excursion-xativa_3.webp\",\"width\":920,\"height\":688,\"caption\":\"Castillo de X\u00e1tiva en lo alto de la monta\u00f1a\"},{\"@type\":\"BreadcrumbList\",\"@id\":\"https:\\\/\\\/upgrade.valenciaandgo.com\\\/excursiones\\\/visita-guiada-xativa\\\/#breadcrumb\",\"itemListElement\":[{\"@type\":\"ListItem\",\"position\":1,\"name\":\"Portada\",\"item\":\"https:\\\/\\\/upgrade.valenciaandgo.com\\\/\"},{\"@type\":\"ListItem\",\"position\":2,\"name\":\"Tours\",\"item\":\"https:\\\/\\\/upgrade.valenciaandgo.com\\\/tours\\\/\"},{\"@type\":\"ListItem\",\"position\":3,\"name\":\"Visita guiada en X\u00e0tiva (J\u00e1tiva)\"}]},{\"@type\":\"WebSite\",\"@id\":\"https:\\\/\\\/upgrade.valenciaandgo.com\\\/it\\\/#website\",\"url\":\"https:\\\/\\\/upgrade.valenciaandgo.com\\\/it\\\/\",\"name\":\"Valencia&Go\",\"description\":\"Tours por Valencia y alrededores de ciudad.\",\"publisher\":{\"@id\":\"https:\\\/\\\/upgrade.valenciaandgo.com\\\/it\\\/#organization\"},\"potentialAction\":[{\"@type\":\"SearchAction\",\"target\":{\"@type\":\"EntryPoint\",\"urlTemplate\":\"https:\\\/\\\/upgrade.valenciaandgo.com\\\/it\\\/?s={search_term_string}\"},\"query-input\":{\"@type\":\"PropertyValueSpecification\",\"valueRequired\":true,\"valueName\":\"search_term_string\"}}],\"inLanguage\":\"pl-PL\"},{\"@type\":\"Organization\",\"@id\":\"https:\\\/\\\/upgrade.valenciaandgo.com\\\/it\\\/#organization\",\"name\":\"Valencia&Go\",\"url\":\"https:\\\/\\\/upgrade.valenciaandgo.com\\\/it\\\/\",\"logo\":{\"@type\":\"ImageObject\",\"inLanguage\":\"pl-PL\",\"@id\":\"https:\\\/\\\/upgrade.valenciaandgo.com\\\/it\\\/#\\\/schema\\\/logo\\\/image\\\/\",\"url\":\"https:\\\/\\\/upgrade.valenciaandgo.com\\\/wp-content\\\/uploads\\\/2025\\\/10\\\/valencia_go-svg-blnc-iso-naranja.svg\",\"contentUrl\":\"https:\\\/\\\/upgrade.valenciaandgo.com\\\/wp-content\\\/uploads\\\/2025\\\/10\\\/valencia_go-svg-blnc-iso-naranja.svg\",\"width\":434,\"height\":102,\"caption\":\"Valencia&Go\"},\"image\":{\"@id\":\"https:\\\/\\\/upgrade.valenciaandgo.com\\\/it\\\/#\\\/schema\\\/logo\\\/image\\\/\"},\"sameAs\":[\"https:\\\/\\\/www.facebook.com\\\/valenciaandgo\\\/\",\"https:\\\/\\\/www.instagram.com\\\/valenciaandgo\",\"https:\\\/\\\/www.linkedin.com\\\/company\\\/valencia-go\\\/\",\"https:\\\/\\\/www.tiktok.com\\\/@valenciaandgo\"]}]}<\/script>\n<!-- \/ Yoast SEO plugin. -->","yoast_head_json":{"title":"Wycieczka z przewodnikiem po mie\u015bcie X\u00e1tiva | Valencia &amp; Go","description":"X\u00e0tiva: odkryj miasto rodziny Borja, Hannibala Barki i podziwiaj widoki z imponuj\u0105cego zamku. Wybierz wycieczk\u0119 z przewodnikiem lub wycieczk\u0119 z transportem.","robots":{"index":"noindex","follow":"follow","max-snippet":"max-snippet:-1","max-image-preview":"max-image-preview:large","max-video-preview":"max-video-preview:-1"},"og_locale":"pl_PL","og_type":"article","og_title":"Visita guiada a la ciudad de X\u00e1tiva | Valencia & Go","og_description":"X\u00e0tiva: descubre la ciudad de los Borja, An\u00edbal Barca y las vistas de su imponente castillo. Elige entre visita guiada o excursi\u00f3n con transporte.","og_url":"https:\/\/upgrade.valenciaandgo.com\/pl\/wycieczki\/wycieczka-z-przewodnikiem-xativa\/","og_site_name":"Valencia&amp;Go","article_publisher":"https:\/\/www.facebook.com\/valenciaandgo\/","article_modified_time":"2026-04-24T11:40:30+00:00","og_image":[{"width":920,"height":688,"url":"https:\/\/upgrade.valenciaandgo.com\/wp-content\/uploads\/tours-excursiones\/07-excursion-xativa\/excursion-xativa_3.webp","type":"image\/webp"}],"twitter_card":"summary_large_image","twitter_misc":{"Szacowany czas czytania":"6 minut"},"schema":{"@context":"https:\/\/schema.org","@graph":[{"@type":"WebPage","@id":"https:\/\/upgrade.valenciaandgo.com\/excursiones\/visita-guiada-xativa\/","url":"https:\/\/upgrade.valenciaandgo.com\/excursiones\/visita-guiada-xativa\/","name":"Wycieczka z przewodnikiem po mie\u015bcie X\u00e1tiva | Valencia &amp; Go","isPartOf":{"@id":"https:\/\/upgrade.valenciaandgo.com\/it\/#website"},"primaryImageOfPage":{"@id":"https:\/\/upgrade.valenciaandgo.com\/excursiones\/visita-guiada-xativa\/#primaryimage"},"image":{"@id":"https:\/\/upgrade.valenciaandgo.com\/excursiones\/visita-guiada-xativa\/#primaryimage"},"thumbnailUrl":"https:\/\/upgrade.valenciaandgo.com\/wp-content\/uploads\/tours-excursiones\/07-excursion-xativa\/excursion-xativa_3.webp","datePublished":"2025-12-13T07:02:50+00:00","dateModified":"2026-04-24T11:40:30+00:00","description":"X\u00e0tiva: odkryj miasto rodziny Borja, Hannibala Barki i podziwiaj widoki z imponuj\u0105cego zamku. Wybierz wycieczk\u0119 z przewodnikiem lub wycieczk\u0119 z transportem.","breadcrumb":{"@id":"https:\/\/upgrade.valenciaandgo.com\/excursiones\/visita-guiada-xativa\/#breadcrumb"},"inLanguage":"pl-PL","potentialAction":[{"@type":"ReadAction","target":["https:\/\/upgrade.valenciaandgo.com\/excursiones\/visita-guiada-xativa\/"]}]},{"@type":"ImageObject","inLanguage":"pl-PL","@id":"https:\/\/upgrade.valenciaandgo.com\/excursiones\/visita-guiada-xativa\/#primaryimage","url":"https:\/\/upgrade.valenciaandgo.com\/wp-content\/uploads\/tours-excursiones\/07-excursion-xativa\/excursion-xativa_3.webp","contentUrl":"https:\/\/upgrade.valenciaandgo.com\/wp-content\/uploads\/tours-excursiones\/07-excursion-xativa\/excursion-xativa_3.webp","width":920,"height":688,"caption":"Castillo de X\u00e1tiva en lo alto de la monta\u00f1a"},{"@type":"BreadcrumbList","@id":"https:\/\/upgrade.valenciaandgo.com\/excursiones\/visita-guiada-xativa\/#breadcrumb","itemListElement":[{"@type":"ListItem","position":1,"name":"Portada","item":"https:\/\/upgrade.valenciaandgo.com\/"},{"@type":"ListItem","position":2,"name":"Tours","item":"https:\/\/upgrade.valenciaandgo.com\/tours\/"},{"@type":"ListItem","position":3,"name":"Visita guiada en X\u00e0tiva (J\u00e1tiva)"}]},{"@type":"WebSite","@id":"https:\/\/upgrade.valenciaandgo.com\/it\/#website","url":"https:\/\/upgrade.valenciaandgo.com\/it\/","name":"Valencia&amp;Go","description":"Wycieczki po Walencji i okolicach.","publisher":{"@id":"https:\/\/upgrade.valenciaandgo.com\/it\/#organization"},"potentialAction":[{"@type":"SearchAction","target":{"@type":"EntryPoint","urlTemplate":"https:\/\/upgrade.valenciaandgo.com\/it\/?s={search_term_string}"},"query-input":{"@type":"PropertyValueSpecification","valueRequired":true,"valueName":"search_term_string"}}],"inLanguage":"pl-PL"},{"@type":"Organization","@id":"https:\/\/upgrade.valenciaandgo.com\/it\/#organization","name":"Valencia&amp;Go","url":"https:\/\/upgrade.valenciaandgo.com\/it\/","logo":{"@type":"ImageObject","inLanguage":"pl-PL","@id":"https:\/\/upgrade.valenciaandgo.com\/it\/#\/schema\/logo\/image\/","url":"https:\/\/upgrade.valenciaandgo.com\/wp-content\/uploads\/2025\/10\/valencia_go-svg-blnc-iso-naranja.svg","contentUrl":"https:\/\/upgrade.valenciaandgo.com\/wp-content\/uploads\/2025\/10\/valencia_go-svg-blnc-iso-naranja.svg","width":434,"height":102,"caption":"Valencia&Go"},"image":{"@id":"https:\/\/upgrade.valenciaandgo.com\/it\/#\/schema\/logo\/image\/"},"sameAs":["https:\/\/www.facebook.com\/valenciaandgo\/","https:\/\/www.instagram.com\/valenciaandgo","https:\/\/www.linkedin.com\/company\/valencia-go\/","https:\/\/www.tiktok.com\/@valenciaandgo"]}]}},"_links":{"self":[{"href":"https:\/\/upgrade.valenciaandgo.com\/pl\/wp-json\/wp\/v2\/product\/3318","targetHints":{"allow":["GET"]}}],"collection":[{"href":"https:\/\/upgrade.valenciaandgo.com\/pl\/wp-json\/wp\/v2\/product"}],"about":[{"href":"https:\/\/upgrade.valenciaandgo.com\/pl\/wp-json\/wp\/v2\/types\/product"}],"version-history":[{"count":0,"href":"https:\/\/upgrade.valenciaandgo.com\/pl\/wp-json\/wp\/v2\/product\/3318\/revisions"}],"wp:featuredmedia":[{"embeddable":true,"href":"https:\/\/upgrade.valenciaandgo.com\/pl\/wp-json\/wp\/v2\/media\/5593"}],"wp:attachment":[{"href":"https:\/\/upgrade.valenciaandgo.com\/pl\/wp-json\/wp\/v2\/media?parent=3318"}],"wp:term":[{"taxonomy":"product_cat","embeddable":true,"href":"https:\/\/upgrade.valenciaandgo.com\/pl\/wp-json\/wp\/v2\/product_cat?post=3318"},{"taxonomy":"product_tag","embeddable":true,"href":"https:\/\/upgrade.valenciaandgo.com\/pl\/wp-json\/wp\/v2\/product_tag?post=3318"}],"curies":[{"name":"wp","href":"https:\/\/api.w.org\/{rel}","templated":true}]}}