{"id":307,"date":"2025-10-24T10:58:37","date_gmt":"2025-10-24T10:58:37","guid":{"rendered":"https:\/\/new.valenciaandgo.com\/?post_type=product&#038;p=307"},"modified":"2026-04-23T07:16:26","modified_gmt":"2026-04-23T07:16:26","slug":"wycieczka-do-parku-przyrody-albufera","status":"publish","type":"product","link":"https:\/\/upgrade.valenciaandgo.com\/pl\/excursiones\/excursion-al-parque-natural-de-la-albufera\/","title":{"rendered":"Wycieczka do parku przyrody Albufera"},"content":{"rendered":"<div data-elementor-type=\"wp-post\" data-elementor-id=\"307\" class=\"elementor elementor-307\" data-elementor-post-type=\"product\">\n\t\t\t\t<div class=\"elementor-element elementor-element-843df28 e-flex e-con-boxed e-con e-parent\" data-id=\"843df28\" data-element_type=\"container\" data-e-type=\"container\" data-settings=\"{&quot;background_background&quot;:&quot;classic&quot;}\">\n\t\t\t\t\t<div class=\"e-con-inner\">\n\t\t\t\t<div class=\"elementor-element elementor-element-530ae33 elementor-widget elementor-widget-text-editor\" data-id=\"530ae33\" data-element_type=\"widget\" data-e-type=\"widget\" data-widget_type=\"text-editor.default\">\n\t\t\t\t\t\t\t\t\t<p class=\" translation-block\"><strong>Park przyrody Albufera<\/strong>, gdzie szum natury \u0142\u0105czy si\u0119 z <strong>histori\u0105 i tradycjami Walencji<\/strong>. Odkryj miejsce, w kt\u00f3rym narodzi\u0142a si\u0119 <strong>paella<\/strong>, przemierzaj\u0105c jego lasy, <strong>pola ry\u017cowe<\/strong> i <strong>jeziora<\/strong>.<\/p>\t\t\t\t\t\t\t\t<\/div>\n\t\t\t\t<div class=\"elementor-element elementor-element-a95435a elementor-widget elementor-widget-heading\" data-id=\"a95435a\" data-element_type=\"widget\" data-e-type=\"widget\" data-widget_type=\"heading.default\">\n\t\t\t\t\t<h3 class=\"elementor-heading-title elementor-size-default\">Najwa\u017cniejsze punkty<\/h3>\t\t\t\t<\/div>\n\t\t\t\t<div class=\"elementor-element elementor-element-5e7ae93 elementor-align-start elementor-icon-list--layout-traditional elementor-list-item-link-full_width elementor-widget elementor-widget-icon-list\" data-id=\"5e7ae93\" data-element_type=\"widget\" data-e-type=\"widget\" data-widget_type=\"icon-list.default\">\n\t\t\t\t\t\t\t<ul class=\"elementor-icon-list-items\">\n\t\t\t\t\t\t\t<li class=\"elementor-icon-list-item\">\n\t\t\t\t\t\t\t\t\t\t\t<span class=\"elementor-icon-list-icon\">\n\t\t\t\t\t\t\t<svg aria-hidden=\"true\" class=\"e-font-icon-svg e-far-arrow-alt-circle-right\" viewbox=\"0 0 512 512\" xmlns=\"http:\/\/www.w3.org\/2000\/svg\"><path d=\"M504 256C504 119 393 8 256 8S8 119 8 256s111 248 248 248 248-111 248-248zm-448 0c0-110.5 89.5-200 200-200s200 89.5 200 200-89.5 200-200 200S56 366.5 56 256zm72 20v-40c0-6.6 5.4-12 12-12h116v-67c0-10.7 12.9-16 20.5-8.5l99 99c4.7 4.7 4.7 12.3 0 17l-99 99c-7.6 7.6-20.5 2.2-20.5-8.5v-67H140c-6.6 0-12-5.4-12-12z\"><\/path><\/svg>\t\t\t\t\t\t<\/span>\n\t\t\t\t\t\t\t\t\t\t<span class=\"elementor-icon-list-text\">To sanktuarium bior\u00f3\u017cnorodno\u015bci jest domem dla wielu ptak\u00f3w w\u0119drownych. B\u0119dziesz m\u00f3g\u0142 je zobaczy\u0107 z punktu obserwacyjnego!<\/span>\n\t\t\t\t\t\t\t\t\t<\/li>\n\t\t\t\t\t\t\t\t<li class=\"elementor-icon-list-item\">\n\t\t\t\t\t\t\t\t\t\t\t<span class=\"elementor-icon-list-icon\">\n\t\t\t\t\t\t\t<svg aria-hidden=\"true\" class=\"e-font-icon-svg e-far-arrow-alt-circle-right\" viewbox=\"0 0 512 512\" xmlns=\"http:\/\/www.w3.org\/2000\/svg\"><path d=\"M504 256C504 119 393 8 256 8S8 119 8 256s111 248 248 248 248-111 248-248zm-448 0c0-110.5 89.5-200 200-200s200 89.5 200 200-89.5 200-200 200S56 366.5 56 256zm72 20v-40c0-6.6 5.4-12 12-12h116v-67c0-10.7 12.9-16 20.5-8.5l99 99c4.7 4.7 4.7 12.3 0 17l-99 99c-7.6 7.6-20.5 2.2-20.5-8.5v-67H140c-6.6 0-12-5.4-12-12z\"><\/path><\/svg>\t\t\t\t\t\t<\/span>\n\t\t\t\t\t\t\t\t\t\t<span class=\"elementor-icon-list-text\">Na pok\u0142adzie elektrycznych, cichych i bezemisyjnych \u0142odzi wyruszysz na najwi\u0119ksz\u0105 lagun\u0119 w Hiszpanii, aby podziwia\u0107 niesamowity zach\u00f3d s\u0142o\u0144ca.<\/span>\n\t\t\t\t\t\t\t\t\t<\/li>\n\t\t\t\t\t\t\t\t<li class=\"elementor-icon-list-item\">\n\t\t\t\t\t\t\t\t\t\t\t<span class=\"elementor-icon-list-icon\">\n\t\t\t\t\t\t\t<svg aria-hidden=\"true\" class=\"e-font-icon-svg e-far-arrow-alt-circle-right\" viewbox=\"0 0 512 512\" xmlns=\"http:\/\/www.w3.org\/2000\/svg\"><path d=\"M504 256C504 119 393 8 256 8S8 119 8 256s111 248 248 248 248-111 248-248zm-448 0c0-110.5 89.5-200 200-200s200 89.5 200 200-89.5 200-200 200S56 366.5 56 256zm72 20v-40c0-6.6 5.4-12 12-12h116v-67c0-10.7 12.9-16 20.5-8.5l99 99c4.7 4.7 4.7 12.3 0 17l-99 99c-7.6 7.6-20.5 2.2-20.5-8.5v-67H140c-6.6 0-12-5.4-12-12z\"><\/path><\/svg>\t\t\t\t\t\t<\/span>\n\t\t\t\t\t\t\t\t\t\t<span class=\"elementor-icon-list-text\">Wybierz mi\u0119dzy porannym programem z napojami  a popo\u0142udniowym programem z wyj\u0105tkowymi widokami na zach\u00f3d s\u0142o\u0144ca.<\/span>\n\t\t\t\t\t\t\t\t\t<\/li>\n\t\t\t\t\t\t<\/ul>\n\t\t\t\t\t\t<\/div>\n\t\t\t\t<div class=\"elementor-element elementor-element-4092a2d elementor-widget-divider--view-line elementor-widget elementor-widget-divider\" data-id=\"4092a2d\" data-element_type=\"widget\" data-e-type=\"widget\" data-widget_type=\"divider.default\">\n\t\t\t\t\t\t\t<div class=\"elementor-divider\">\n\t\t\t<span class=\"elementor-divider-separator\">\n\t\t\t\t\t\t<\/span>\n\t\t<\/div>\n\t\t\t\t\t\t<\/div>\n\t\t\t\t<div class=\"elementor-element elementor-element-7348d22 elementor-widget elementor-widget-heading\" data-id=\"7348d22\" data-element_type=\"widget\" data-e-type=\"widget\" data-widget_type=\"heading.default\">\n\t\t\t\t\t<h3 class=\"elementor-heading-title elementor-size-default\">Opis<\/h3>\t\t\t\t<\/div>\n\t\t\t\t<div class=\"elementor-element elementor-element-6a4b258 elementor-widget elementor-widget-text-editor\" data-id=\"6a4b258\" data-element_type=\"widget\" data-e-type=\"widget\" data-widget_type=\"text-editor.default\">\n\t\t\t\t\t\t\t\t\t<p>Zaledwie kilka kilometr\u00f3w od Walencji znajduje si\u0119 Park Przyrody Albufera, magiczne miejsce, w kt\u00f3rym \u0142\u0105czy si\u0119 przyroda, historia i tradycje Walencji. \ud83c\udf3f<\/p><p class=\" translation-block\">Jego spokojne wody, <strong>pola ry\u017cowe i lot ptak\u00f3w w\u0119drownych<\/strong> tworz\u0105 wyj\u0105tkowy krajobraz, idealny do odpoczynku i odkrywania autentycznego zak\u0105tka Wsp\u00f3lnoty Walenckiej.<\/p><p class=\" translation-block\">Poznaj to wyj\u0105tkowe \u015brodowisko naturalne z pok\u0142adu naszych <strong>ekologicznych \u0142odzi elektrycznych<\/strong>, cichych i bezemisyjnych, zaprojektowanych z my\u015bl\u0105 o ochronie ekosystemu laguny.<\/p><p class=\" translation-block\">Wycieczka zaczyna si\u0119 na <strong>dziewiczych wydmach El Saler<\/strong>, gdzie powita Ci\u0119 morska bryza i rodzima ro\u015blinno\u015b\u0107. Stamt\u0105d pojedziemy nad <strong>jezioro Albufera<\/strong>, najwi\u0119ksze w Hiszpanii, aby pozna\u0107 wraz z naszym przewodnikiem jego histori\u0119, <strong>warto\u015b\u0107 ekologiczn\u0105 i znaczenie<\/strong> dla miasta Walencji.<\/p><p class=\" translation-block\">Nast\u0119pnie udamy si\u0119 do <strong>El Palmar<\/strong>, wyspy, na kt\u00f3rej wci\u0105\u017c \u017cywa jest tradycja rybacka. Spaceruj\u0105c w\u015br\u00f3d <strong>typowych barracas z XVIII wieku<\/strong>, poznasz, jak ewoluowa\u0142o \u017cycie w tej niewielkiej miejscowo\u015bci, a tak\u017ce wejdziesz do jednej z tych <strong>tradycyjnych konstrukcji.<\/strong><\/p><p>Punktem kulminacyjnym jest przeja\u017cd\u017cka \u0142odzi\u0105 po lagunie - idealny czas na relaks i ogl\u0105danie jednego z najbardziej spektakularnych zachod\u00f3w s\u0142o\u0144ca w regionie. \ud83c\udf05<\/p><p>Dwa rozk\u0142ady jazdy do wyboru:<br \/>\u2600\ufe0f Poranna wycieczka (od poniedzia\u0142ku do niedzieli - od 9:00 do 13:00)<br \/>Ciesz si\u0119 porannym spokojem i delikatnym \u015bwiat\u0142em Albufery. Obejmuje nap\u00f3j do wyboru (nap\u00f3j bezalkoholowy, piwo, woda).<\/p><p>Popo\u0142udniowa wycieczka (od poniedzia\u0142ku do soboty - harmonogram w zale\u017cno\u015bci od zachodu s\u0142o\u0144ca)<br \/>Prze\u017cyj magi\u0119 najpi\u0119kniejszego zachodu s\u0142o\u0144ca w Walencji ogl\u0105danego z laguny, w niepowtarzalnym otoczeniu natury.<\/p><p>Wylot z Walencji.<br \/>Ma\u0142a grupa, licencjonowany przewodnik i 100% lokalnych do\u015bwiadcze\u0144.<\/p>\t\t\t\t\t\t\t\t<\/div>\n\t\t\t\t<div class=\"elementor-element elementor-element-b3220a9 elementor-widget elementor-widget-heading\" data-id=\"b3220a9\" data-element_type=\"widget\" data-e-type=\"widget\" data-widget_type=\"heading.default\">\n\t\t\t\t\t<h4 class=\"elementor-heading-title elementor-size-default\">Rozpoczniemy:<\/h4>\t\t\t\t<\/div>\n\t\t\t\t<div class=\"elementor-element elementor-element-80fbd93 elementor-widget elementor-widget-text-editor\" data-id=\"80fbd93\" data-element_type=\"widget\" data-e-type=\"widget\" data-widget_type=\"text-editor.default\">\n\t\t\t\t\t\t\t\t\t<p class=\" translation-block\">Wycieczka zaczyna si\u0119 na <strong>dziewiczych wydmach El Saler<\/strong>, gdzie powita Ci\u0119 morska bryza i rodzima ro\u015blinno\u015b\u0107. Stamt\u0105d pojedziemy nad <strong>jezioro Albufera<\/strong>, najwi\u0119ksze w Hiszpanii, aby pozna\u0107 wraz z naszym przewodnikiem jego histori\u0119, <strong>warto\u015b\u0107 ekologiczn\u0105 i znaczenie<\/strong> dla miasta Walencji.<\/p>\t\t\t\t\t\t\t\t<\/div>\n\t\t\t\t<div class=\"elementor-element elementor-element-2b19d5b elementor-widget elementor-widget-heading\" data-id=\"2b19d5b\" data-element_type=\"widget\" data-e-type=\"widget\" data-widget_type=\"heading.default\">\n\t\t\t\t\t<h4 class=\"elementor-heading-title elementor-size-default\">Kontynuujemy:<\/h4>\t\t\t\t<\/div>\n\t\t\t\t<div class=\"elementor-element elementor-element-b5b3c3b elementor-widget elementor-widget-text-editor\" data-id=\"b5b3c3b\" data-element_type=\"widget\" data-e-type=\"widget\" data-widget_type=\"text-editor.default\">\n\t\t\t\t\t\t\t\t\t<p class=\" translation-block\">Nast\u0119pnie udamy si\u0119 do <strong>El Palmar<\/strong>, wyspy, na kt\u00f3rej wci\u0105\u017c \u017cywa jest tradycja rybacka. Spaceruj\u0105c w\u015br\u00f3d <strong>typowych barracas z XVIII wieku<\/strong>, poznasz, jak ewoluowa\u0142o \u017cycie w tej niewielkiej miejscowo\u015bci, a tak\u017ce wejdziesz do jednej z tych <strong>tradycyjnych konstrukcji.<\/strong><\/p>\t\t\t\t\t\t\t\t<\/div>\n\t\t\t\t<div class=\"elementor-element elementor-element-6f33b1c elementor-widget elementor-widget-heading\" data-id=\"6f33b1c\" data-element_type=\"widget\" data-e-type=\"widget\" data-widget_type=\"heading.default\">\n\t\t\t\t\t<h4 class=\"elementor-heading-title elementor-size-default\">Punkt kulminacyjny:<\/h4>\t\t\t\t<\/div>\n\t\t\t\t<div class=\"elementor-element elementor-element-aa432b6 elementor-widget elementor-widget-text-editor\" data-id=\"aa432b6\" data-element_type=\"widget\" data-e-type=\"widget\" data-widget_type=\"text-editor.default\">\n\t\t\t\t\t\t\t\t\t<p class=\" translation-block\">Punktem kulminacyjnym do\u015bwiadczenia jest <strong>rejs \u0142odzi\u0105 po lagunie<\/strong> \u2014 idealny moment, aby si\u0119 zrelaksowa\u0107 i <strong>podziwia\u0107 jeden z najbardziej spektakularnych zachod\u00f3w s\u0142o\u0144ca w regionie.<\/strong><\/p>\t\t\t\t\t\t\t\t<\/div>\n\t\t\t\t<div class=\"elementor-element elementor-element-12892e4 elementor-widget-divider--view-line elementor-widget elementor-widget-divider\" data-id=\"12892e4\" data-element_type=\"widget\" data-e-type=\"widget\" data-widget_type=\"divider.default\">\n\t\t\t\t\t\t\t<div class=\"elementor-divider\">\n\t\t\t<span class=\"elementor-divider-separator\">\n\t\t\t\t\t\t<\/span>\n\t\t<\/div>\n\t\t\t\t\t\t<\/div>\n\t\t\t\t<div class=\"elementor-element elementor-element-72ba997 elementor-widget elementor-widget-heading\" data-id=\"72ba997\" data-element_type=\"widget\" data-e-type=\"widget\" data-widget_type=\"heading.default\">\n\t\t\t\t\t<h3 class=\"elementor-heading-title elementor-size-default\">Wa\u017cne informacje<\/h3>\t\t\t\t<\/div>\n\t\t\t\t<div class=\"elementor-element elementor-element-844382f elementor-widget elementor-widget-text-editor\" data-id=\"844382f\" data-element_type=\"widget\" data-e-type=\"widget\" data-widget_type=\"text-editor.default\">\n\t\t\t\t\t\t\t\t\t<p><strong>Dwa terminy do wyboru:<\/strong><\/p><ul><li class=\" translation-block\"><strong>Wycieczka poranna (od poniedzia\u0142ku do niedzieli \u2013 9:00\u201313:00)<\/strong><br>Ciesz si\u0119 porannym spokojem i delikatnym \u015bwiat\u0142em Albufery. W cenie nap\u00f3j do wyboru (bezalkoholowy nap\u00f3j gazowany, piwo lub woda).<\/li><li class=\" translation-block\"><strong>Wycieczka popo\u0142udniowa (od poniedzia\u0142ku do soboty \u2013 godzina zale\u017cna od zachodu s\u0142o\u0144ca)<\/strong><br>Prze\u017cyj magi\u0119 najpi\u0119kniejszego zachodu s\u0142o\u0144ca w Walencji ogl\u0105danego z laguny, w wyj\u0105tkowym otoczeniu natury.<\/li><\/ul><p class=\" translation-block\">Wyjazd z Walencji.<br>Ma\u0142a grupa, licencjonowany przewodnik i w 100% lokalne do\u015bwiadczenie.<\/p><p><strong>Wiadomo\u015b\u0107 potwierdzaj\u0105ca:<\/strong><\/p><p>*\u00a0<strong>Czas odbioru jest przybli\u017cony,\u00a0<\/strong>zawsze wysy\u0142amy\u00a0<strong>wiadomo\u015b\u0107 przez WhatsApp lub e-mail, aby potwierdzi\u0107 czas i miejsce.<\/strong><\/p><p>Bardzo wa\u017cne jest, aby podany numer telefonu by\u0142 prawid\u0142owy (nie ponosimy odpowiedzialno\u015bci w przypadku, gdy jest b\u0142\u0119dnie wpisany i informacja nie dotrze).<\/p><p><strong>*<\/strong><\/p><p>*<\/p>\t\t\t\t\t\t\t\t<\/div>\n\t\t\t\t<div class=\"elementor-element elementor-element-bb4c62f elementor-widget-divider--view-line elementor-widget elementor-widget-divider\" data-id=\"bb4c62f\" data-element_type=\"widget\" data-e-type=\"widget\" data-widget_type=\"divider.default\">\n\t\t\t\t\t\t\t<div class=\"elementor-divider\">\n\t\t\t<span class=\"elementor-divider-separator\">\n\t\t\t\t\t\t<\/span>\n\t\t<\/div>\n\t\t\t\t\t\t<\/div>\n\t\t\t\t<div class=\"elementor-element elementor-element-158a47f elementor-widget elementor-widget-heading\" data-id=\"158a47f\" data-element_type=\"widget\" data-e-type=\"widget\" data-widget_type=\"heading.default\">\n\t\t\t\t\t<h3 class=\"elementor-heading-title elementor-size-default\">Miejsce spotkania<\/h3>\t\t\t\t<\/div>\n\t\t\t\t<div class=\"elementor-element elementor-element-188bed7 elementor-widget elementor-widget-text-editor\" data-id=\"188bed7\" data-element_type=\"widget\" data-e-type=\"widget\" data-widget_type=\"text-editor.default\">\n\t\t\t\t\t\t\t\t\t<p class=\" translation-block\"><strong>Transport do parku przyrody w cenie.<br><\/strong>Wybierz najbli\u017cszy punkt odbioru:<\/p><ul><li>Hotel NH Valencia Center<\/li><li>Torres de Serranos (obok schod\u00f3w prowadz\u0105cych na wie\u017ce)<\/li><li>Przed Ciudad de la Justicia (punkt w pobli\u017cu Miasta Sztuki i Nauki), Avenida del Profesor L\u00f3pez Pi\u00f1ero 14.<\/li><\/ul>\t\t\t\t\t\t\t\t<\/div>\n\t\t\t\t<div class=\"elementor-element elementor-element-775d9fc elementor-widget elementor-widget-text-editor\" data-id=\"775d9fc\" data-element_type=\"widget\" data-e-type=\"widget\" data-widget_type=\"text-editor.default\">\n\t\t\t\t\t\t\t\t\t<p>*Prosimy o wskazanie preferowanego punktu odbioru w uwagach podczas dokonywania rezerwacji*<\/p>\t\t\t\t\t\t\t\t<\/div>\n\t\t\t\t<div class=\"elementor-element elementor-element-4161795 elementor-widget-divider--view-line elementor-widget elementor-widget-divider\" data-id=\"4161795\" data-element_type=\"widget\" data-e-type=\"widget\" data-widget_type=\"divider.default\">\n\t\t\t\t\t\t\t<div class=\"elementor-divider\">\n\t\t\t<span class=\"elementor-divider-separator\">\n\t\t\t\t\t\t<\/span>\n\t\t<\/div>\n\t\t\t\t\t\t<\/div>\n\t\t\t\t<div class=\"elementor-element elementor-element-1ca611f elementor-widget elementor-widget-heading\" data-id=\"1ca611f\" data-element_type=\"widget\" data-e-type=\"widget\" data-widget_type=\"heading.default\">\n\t\t\t\t\t<h3 class=\"elementor-heading-title elementor-size-default\">Wycieczka prywatna<\/h3>\t\t\t\t<\/div>\n\t\t\t\t<div class=\"elementor-element elementor-element-766e69d elementor-widget elementor-widget-text-editor\" data-id=\"766e69d\" data-element_type=\"widget\" data-e-type=\"widget\" data-widget_type=\"text-editor.default\">\n\t\t\t\t\t\t\t\t\t<h5>Je\u015bli chcesz zwiedza\u0107 we w\u0142asnym tempie...<\/h5><p>Wybierz\u00a0<strong>prywatn\u0105 wycieczk\u0119<\/strong>\u00a0do parku Albufera i spersonalizuj swoje do\u015bwiadczenie, aby cieszy\u0107 si\u0119 kilkoma korzy\u015bciami:<\/p><ul><li aria-level=\"1\"><strong>Elastyczno\u015b\u0107 czasowa<\/strong><strong>:<\/strong>\u00a0Wybierz czas, kt\u00f3ry najbardziej Ci odpowiada.<\/li><li aria-level=\"1\"><strong>Przewodnik na wy\u0142\u0105czno\u015b\u0107<\/strong><strong>:<\/strong>\u00a0Ciesz si\u0119 towarzystwem i wyja\u015bnieniami przewodnika specjalnie dla Twojej grupy.<\/li><li aria-level=\"1\"><strong>Transport prywatny<\/strong><strong>:<\/strong>\u00a0wygodny pojazd na wy\u0142\u0105czno\u015b\u0107 na ca\u0142y czas wycieczki.<\/li><li aria-level=\"1\"><strong>Prywatna \u0142\u00f3d\u017a na zach\u00f3d s\u0142o\u0144ca<\/strong><strong>:<\/strong>\u00a0Prze\u017cyj wyj\u0105tkowe chwile podczas prywatnego rejsu o zachodzie s\u0142o\u0144ca.<\/li><li aria-level=\"1\"><strong>Lokalna gastronomia<\/strong><strong>:<\/strong>\u00a0Do wycieczki mo\u017cna doda\u0107 mo\u017cliwo\u015b\u0107 zjedzenia paelli w parku Albufera w autentycznej restauracji, znanej z oferowania najlepszej paelli w regionie (wymagana uprzednia rezerwacja).<\/li><\/ul>\t\t\t\t\t\t\t\t<\/div>\n\t\t\t\t<div class=\"elementor-element elementor-element-ddfaf7b elementor-widget-divider--view-line elementor-widget elementor-widget-divider\" data-id=\"ddfaf7b\" data-element_type=\"widget\" data-e-type=\"widget\" data-widget_type=\"divider.default\">\n\t\t\t\t\t\t\t<div class=\"elementor-divider\">\n\t\t\t<span class=\"elementor-divider-separator\">\n\t\t\t\t\t\t<\/span>\n\t\t<\/div>\n\t\t\t\t\t\t<\/div>\n\t\t\t\t<div class=\"elementor-element elementor-element-f2adab9 elementor-widget elementor-widget-heading\" data-id=\"f2adab9\" data-element_type=\"widget\" data-e-type=\"widget\" data-widget_type=\"heading.default\">\n\t\t\t\t\t<h3 class=\"elementor-heading-title elementor-size-default\">Odbi\u00f3r z terminalu rejsowego<\/h3>\t\t\t\t<\/div>\n\t\t\t\t<div class=\"elementor-element elementor-element-c0e4234 elementor-widget elementor-widget-text-editor\" data-id=\"c0e4234\" data-element_type=\"widget\" data-e-type=\"widget\" data-widget_type=\"text-editor.default\">\n\t\t\t\t\t\t\t\t\t<p><strong>Odwied\u017a Park Przyrody Albufera z odbiorem z terminalu wycieczkowego<\/strong><br \/>Je\u015bli podr\u00f3\u017cujesz rejsem i chcesz odwiedzi\u0107 Park Przyrody Albufera, Valencia&amp;Go oferuje najbardziej praktyczne i najszybsze rozwi\u0105zanie.<\/p><p><strong>Nasza us\u0142uga obejmuje:<\/strong><\/p><ul><li class=\" translation-block\"><strong>Ekskluzywny odbi\u00f3r<\/strong> z terminalu rejsowego.<\/li><li class=\" translation-block\"><strong>Transport<\/strong> dla ma\u0142ej grupy.<\/li><li class=\" translation-block\"><strong>Lokalny, licencjonowany przewodnik<\/strong>.<\/li><li>Wycieczka \u0142odzi\u0105<\/li><\/ul><p>Wybierz si\u0119 na wyj\u0105tkow\u0105 wycieczk\u0119 po jednym z najbardziej zachwycaj\u0105cych obszar\u00f3w naturalnych Wsp\u00f3lnoty Walencji.<\/p>\t\t\t\t\t\t\t\t<\/div>\n\t\t\t\t<div class=\"elementor-element elementor-element-96a91b7 elementor-widget elementor-widget-button\" data-id=\"96a91b7\" data-element_type=\"widget\" data-e-type=\"widget\" data-widget_type=\"button.default\">\n\t\t\t\t\t\t\t\t\t\t<a class=\"elementor-button elementor-button-link elementor-size-sm\" href=\"https:\/\/upgrade.valenciaandgo.com\/pl\/excursiones-cruceros\/excursion-cruceros-al-parque-natural-de-la-albufera\/\" target=\"_blank\">\n\t\t\t\t\t\t<span class=\"elementor-button-content-wrapper\">\n\t\t\t\t\t\t<span class=\"elementor-button-icon\">\n\t\t\t\t<svg xmlns=\"http:\/\/www.w3.org\/2000\/svg\" xmlns:xlink=\"http:\/\/www.w3.org\/1999\/xlink\" id=\"Capa_1\" x=\"0px\" y=\"0px\" viewbox=\"0 0 134.197 134.197\" style=\"enable-background:new 0 0 134.197 134.197;\" xml:space=\"preserve\"><g id=\"XMLID_1861_\">\t<path id=\"XMLID_1924_\" style=\"fill:#FFFFFF;\" d=\"M67.104,52.764c-5.2,0-9.41,4.21-9.41,9.4c0,5.2,4.21,9.41,9.41,9.41  s9.41-4.21,9.41-9.41C76.514,56.974,72.304,52.764,67.104,52.764z\"><\/path>\t<path id=\"XMLID_1863_\" style=\"fill:#FFFFFF;\" d=\"M83.124,35.578c0,0,9.629-5.857,11.501-10.606  c2.176-5.521-1.749-10.24-2.695-9.416c-6.833,6.121-5.237,6.182-6.253,9.335c-1.017,3.142-4.922,9.396-4.922,9.396  c-4.128-2.024-8.755-3.162-13.656-3.162c-17.144,0-31.044,13.9-31.044,31.044c0,26.316,31.044,57.604,31.044,57.604  s31.054-31.288,31.054-57.604C98.153,50.892,92.133,41.019,83.124,35.578z M67.099,81.702c-10.789,0-19.533-8.735-19.533-19.533  c0-10.778,8.745-19.533,19.533-19.533c10.789,0,19.534,8.755,19.534,19.533C86.632,72.968,77.887,81.702,67.099,81.702z\"><\/path>\t<path id=\"XMLID_1862_\" style=\"fill:#FFFFFF;\" d=\"M133.784,37.838c-9.248-15.488-18.396-15.023-26.396-13.7  c-7.642,1.788-14.242,5.042-14.242,5.042s5.048,8.262,11.577,11.8C111.842,45.291,120.88,44.537,133.784,37.838z\"><\/path><\/g><\/svg>\t\t\t<\/span>\n\t\t\t\t\t\t\t\t\t<span class=\"elementor-button-text\">POZNAJ WSZYSTKIE SZCZEG\u00d3\u0141Y<\/span>\n\t\t\t\t\t<\/span>\n\t\t\t\t\t<\/a>\n\t\t\t\t\t\t\t\t<\/div>\n\t\t\t\t<div class=\"elementor-element elementor-element-362b8b1 elementor-widget-divider--view-line elementor-widget elementor-widget-divider\" data-id=\"362b8b1\" data-element_type=\"widget\" data-e-type=\"widget\" data-widget_type=\"divider.default\">\n\t\t\t\t\t\t\t<div class=\"elementor-divider\">\n\t\t\t<span class=\"elementor-divider-separator\">\n\t\t\t\t\t\t<\/span>\n\t\t<\/div>\n\t\t\t\t\t\t<\/div>\n\t\t\t\t<div class=\"elementor-element elementor-element-afb6d9d elementor-widget elementor-widget-heading\" data-id=\"afb6d9d\" data-element_type=\"widget\" data-e-type=\"widget\" data-widget_type=\"heading.default\">\n\t\t\t\t\t<h3 class=\"elementor-heading-title elementor-size-default\">Chcesz cieszy\u0107 si\u0119 t\u0105 wycieczk\u0105 w prywatnej, romantycznej atmosferze?<\/h3>\t\t\t\t<\/div>\n\t\t\t\t<div class=\"elementor-element elementor-element-5f19d2e elementor-widget elementor-widget-image\" data-id=\"5f19d2e\" data-element_type=\"widget\" data-e-type=\"widget\" data-widget_type=\"image.default\">\n\t\t\t\t\t\t\t\t\t\t\t\t\t\t\t<img decoding=\"async\" src=\"https:\/\/upgrade.valenciaandgo.com\/wp-content\/uploads\/elementor\/thumbs\/romantic-boat-albuf-web-768x574-1-rldl6jp8jsquf9bs6zq1vubnuat2flzip5uimeignk.webp\" title=\"romantic-boat-albuf-web-768\u00d7574\" alt=\"romantic-boat-albuf-web-768x574\" loading=\"lazy\" \/>\t\t\t\t\t\t\t\t\t\t\t\t\t\t\t<\/div>\n\t\t\t\t<div class=\"elementor-element elementor-element-96c1cb8 elementor-widget elementor-widget-text-editor\" data-id=\"96c1cb8\" data-element_type=\"widget\" data-e-type=\"widget\" data-widget_type=\"text-editor.default\">\n\t\t\t\t\t\t\t\t\t<p>Je\u015bli chcesz<strong> oczarowa\u0107 swoj\u0105 drug\u0105 po\u0142\u00f3wk\u0119,<\/strong> odkryj to<\/p>\t\t\t\t\t\t\t\t<\/div>\n\t\t\t\t<div class=\"elementor-element elementor-element-40f5aef elementor-widget elementor-widget-button\" data-id=\"40f5aef\" data-element_type=\"widget\" data-e-type=\"widget\" data-widget_type=\"button.default\">\n\t\t\t\t\t\t\t\t\t\t<a class=\"elementor-button elementor-button-link elementor-size-sm\" href=\"https:\/\/upgrade.valenciaandgo.com\/pl\/excursiones\/excursion-romantica-a-la-albufera\/\" target=\"_blank\">\n\t\t\t\t\t\t<span class=\"elementor-button-content-wrapper\">\n\t\t\t\t\t\t<span class=\"elementor-button-icon\">\n\t\t\t\t<svg xmlns=\"http:\/\/www.w3.org\/2000\/svg\" xmlns:xlink=\"http:\/\/www.w3.org\/1999\/xlink\" id=\"Capa_1\" x=\"0px\" y=\"0px\" viewbox=\"0 0 134.197 134.197\" style=\"enable-background:new 0 0 134.197 134.197;\" xml:space=\"preserve\"><g id=\"XMLID_1861_\">\t<path id=\"XMLID_1924_\" style=\"fill:#FFFFFF;\" d=\"M67.104,52.764c-5.2,0-9.41,4.21-9.41,9.4c0,5.2,4.21,9.41,9.41,9.41  s9.41-4.21,9.41-9.41C76.514,56.974,72.304,52.764,67.104,52.764z\"><\/path>\t<path id=\"XMLID_1863_\" style=\"fill:#FFFFFF;\" d=\"M83.124,35.578c0,0,9.629-5.857,11.501-10.606  c2.176-5.521-1.749-10.24-2.695-9.416c-6.833,6.121-5.237,6.182-6.253,9.335c-1.017,3.142-4.922,9.396-4.922,9.396  c-4.128-2.024-8.755-3.162-13.656-3.162c-17.144,0-31.044,13.9-31.044,31.044c0,26.316,31.044,57.604,31.044,57.604  s31.054-31.288,31.054-57.604C98.153,50.892,92.133,41.019,83.124,35.578z M67.099,81.702c-10.789,0-19.533-8.735-19.533-19.533  c0-10.778,8.745-19.533,19.533-19.533c10.789,0,19.534,8.755,19.534,19.533C86.632,72.968,77.887,81.702,67.099,81.702z\"><\/path>\t<path id=\"XMLID_1862_\" style=\"fill:#FFFFFF;\" d=\"M133.784,37.838c-9.248-15.488-18.396-15.023-26.396-13.7  c-7.642,1.788-14.242,5.042-14.242,5.042s5.048,8.262,11.577,11.8C111.842,45.291,120.88,44.537,133.784,37.838z\"><\/path><\/g><\/svg>\t\t\t<\/span>\n\t\t\t\t\t\t\t\t\t<span class=\"elementor-button-text\">PRYWATNA I ROMANTYCZNA ALBUFERA<\/span>\n\t\t\t\t\t<\/span>\n\t\t\t\t\t<\/a>\n\t\t\t\t\t\t\t\t<\/div>\n\t\t\t\t<div class=\"elementor-element elementor-element-74ac8d9 elementor-widget-divider--view-line elementor-widget elementor-widget-divider\" data-id=\"74ac8d9\" data-element_type=\"widget\" data-e-type=\"widget\" data-widget_type=\"divider.default\">\n\t\t\t\t\t\t\t<div class=\"elementor-divider\">\n\t\t\t<span class=\"elementor-divider-separator\">\n\t\t\t\t\t\t<\/span>\n\t\t<\/div>\n\t\t\t\t\t\t<\/div>\n\t\t\t\t<div class=\"elementor-element elementor-element-7aa6a28 elementor-widget elementor-widget-heading\" data-id=\"7aa6a28\" data-element_type=\"widget\" data-e-type=\"widget\" data-widget_type=\"heading.default\">\n\t\t\t\t\t<h3 class=\"elementor-heading-title elementor-size-default\">Najcz\u0119\u015bciej zadawane pytania<\/h3>\t\t\t\t<\/div>\n\t\t\t\t\t<\/div>\n\t\t\t\t<\/div>\n\t\t<div class=\"elementor-element elementor-element-cd06425 e-flex e-con-boxed e-con e-parent\" data-id=\"cd06425\" data-element_type=\"container\" data-e-type=\"container\" data-settings=\"{&quot;background_background&quot;:&quot;classic&quot;}\">\n\t\t\t\t\t<div class=\"e-con-inner\">\n\t\t<div class=\"elementor-element elementor-element-753c678 e-con-full e-flex e-con e-child\" data-id=\"753c678\" data-element_type=\"container\" data-e-type=\"container\">\n\t\t<div class=\"elementor-element elementor-element-965fb8d e-con-full e-flex e-con e-child\" data-id=\"965fb8d\" data-element_type=\"container\" data-e-type=\"container\">\n\t\t\t\t<div class=\"elementor-element elementor-element-96e4c6e faq-desplegable elementor-widget elementor-widget-n-accordion\" data-id=\"96e4c6e\" data-element_type=\"widget\" data-e-type=\"widget\" data-settings=\"{&quot;default_state&quot;:&quot;all_collapsed&quot;,&quot;max_items_expended&quot;:&quot;one&quot;,&quot;n_accordion_animation_duration&quot;:{&quot;unit&quot;:&quot;ms&quot;,&quot;size&quot;:400,&quot;sizes&quot;:[]}}\" data-widget_type=\"nested-accordion.default\">\n\t\t\t\t\t\t\t<div class=\"e-n-accordion\" aria-label=\"Akordeon. Otwieraj \u0142\u0105cza za pomoc\u0105 klawisza Enter lub spacji, zamykaj za pomoc\u0105 klawisza Escape i nawiguj za pomoc\u0105 klawiszy strza\u0142ek\">\n\t\t\t\t\t\t<details id=\"e-n-accordion-item-1580\" class=\"e-n-accordion-item\" >\n\t\t\t\t<summary class=\"e-n-accordion-item-title\" data-accordion-index=\"1\" tabindex=\"0\" aria-expanded=\"false\" aria-controls=\"e-n-accordion-item-1580\" >\n\t\t\t\t\t<span class='e-n-accordion-item-title-header'><div class=\"e-n-accordion-item-title-text\"> Jak rozpoznam przewodnika? <\/div><\/span>\n\t\t\t\t\t\t\t<span class='e-n-accordion-item-title-icon'>\n\t\t\t<span class='e-opened' ><svg aria-hidden=\"true\" class=\"e-font-icon-svg e-fas-minus\" viewbox=\"0 0 448 512\" xmlns=\"http:\/\/www.w3.org\/2000\/svg\"><path d=\"M416 208H32c-17.67 0-32 14.33-32 32v32c0 17.67 14.33 32 32 32h384c17.67 0 32-14.33 32-32v-32c0-17.67-14.33-32-32-32z\"><\/path><\/svg><\/span>\n\t\t\t<span class='e-closed'><svg aria-hidden=\"true\" class=\"e-font-icon-svg e-fas-plus\" viewbox=\"0 0 448 512\" xmlns=\"http:\/\/www.w3.org\/2000\/svg\"><path d=\"M416 208H272V64c0-17.67-14.33-32-32-32h-32c-17.67 0-32 14.33-32 32v144H32c-17.67 0-32 14.33-32 32v32c0 17.67 14.33 32 32 32h144v144c0 17.67 14.33 32 32 32h32c17.67 0 32-14.33 32-32V304h144c17.67 0 32-14.33 32-32v-32c0-17.67-14.33-32-32-32z\"><\/path><\/svg><\/span>\n\t\t<\/span>\n\n\t\t\t\t\t\t<\/summary>\n\t\t\t\t<div role=\"region\" aria-labelledby=\"e-n-accordion-item-1580\" class=\"elementor-element elementor-element-cfbe93d e-con-full e-flex e-con e-child\" data-id=\"cfbe93d\" data-element_type=\"container\" data-e-type=\"container\">\n\t\t<div role=\"region\" aria-labelledby=\"e-n-accordion-item-1580\" class=\"elementor-element elementor-element-6e28bd5 e-flex e-con-boxed e-con e-child\" data-id=\"6e28bd5\" data-element_type=\"container\" data-e-type=\"container\">\n\t\t\t\t\t<div class=\"e-con-inner\">\n\t\t\t\t<div class=\"elementor-element elementor-element-8677b81 elementor-widget elementor-widget-text-editor\" data-id=\"8677b81\" data-element_type=\"widget\" data-e-type=\"widget\" data-widget_type=\"text-editor.default\">\n\t\t\t\t\t\t\t\t\t<p>Przewodnika z oficjaln\u0105 akredytacj\u0105 spotkasz na miejscu zbi\u00f3rki. Mo\u017cesz zapyta\u0107 o Valencia&amp;Go, a je\u015bli nie mo\u017cesz go znale\u017a\u0107, mo\u017cesz skontaktowa\u0107 si\u0119 z nami bezpo\u015brednio przez WhatsApp, aby uzyska\u0107 dok\u0142adne wskaz\u00f3wki.<\/p><ul class=\"ak-ul\" data-indent-level=\"1\"><li><p data-renderer-start-pos=\"1098\">Hotel NH Valencia Center: autobus zatrzymuje si\u0119 pod drzwiami hotelu<\/p><\/li><li><p data-renderer-start-pos=\"1146\">Wie\u017ce Serranos: poczekaj przy schodach prowadz\u0105cych na wie\u017ce<\/p><\/li><li><p data-renderer-start-pos=\"1214\">Ciudad de la Justicia: czerwony przystanek autobusowy przed budynkiem<\/p><\/li><\/ul>\t\t\t\t\t\t\t\t<\/div>\n\t\t\t\t\t<\/div>\n\t\t\t\t<\/div>\n\t\t\t\t<\/div>\n\t\t\t\t\t<\/details>\n\t\t\t\t\t\t<details id=\"e-n-accordion-item-1581\" class=\"e-n-accordion-item\" >\n\t\t\t\t<summary class=\"e-n-accordion-item-title\" data-accordion-index=\"2\" tabindex=\"-1\" aria-expanded=\"false\" aria-controls=\"e-n-accordion-item-1581\" >\n\t\t\t\t\t<span class='e-n-accordion-item-title-header'><div class=\"e-n-accordion-item-title-text\"> Co zarezerwowa\u0142em? <\/div><\/span>\n\t\t\t\t\t\t\t<span class='e-n-accordion-item-title-icon'>\n\t\t\t<span class='e-opened' ><svg aria-hidden=\"true\" class=\"e-font-icon-svg e-fas-minus\" viewbox=\"0 0 448 512\" xmlns=\"http:\/\/www.w3.org\/2000\/svg\"><path d=\"M416 208H32c-17.67 0-32 14.33-32 32v32c0 17.67 14.33 32 32 32h384c17.67 0 32-14.33 32-32v-32c0-17.67-14.33-32-32-32z\"><\/path><\/svg><\/span>\n\t\t\t<span class='e-closed'><svg aria-hidden=\"true\" class=\"e-font-icon-svg e-fas-plus\" viewbox=\"0 0 448 512\" xmlns=\"http:\/\/www.w3.org\/2000\/svg\"><path d=\"M416 208H272V64c0-17.67-14.33-32-32-32h-32c-17.67 0-32 14.33-32 32v144H32c-17.67 0-32 14.33-32 32v32c0 17.67 14.33 32 32 32h144v144c0 17.67 14.33 32 32 32h32c17.67 0 32-14.33 32-32V304h144c17.67 0 32-14.33 32-32v-32c0-17.67-14.33-32-32-32z\"><\/path><\/svg><\/span>\n\t\t<\/span>\n\n\t\t\t\t\t\t<\/summary>\n\t\t\t\t<div role=\"region\" aria-labelledby=\"e-n-accordion-item-1581\" class=\"elementor-element elementor-element-f22f645 e-con-full e-flex e-con e-child\" data-id=\"f22f645\" data-element_type=\"container\" data-e-type=\"container\">\n\t\t\t\t<div class=\"elementor-element elementor-element-00f9ab1 elementor-widget elementor-widget-text-editor\" data-id=\"00f9ab1\" data-element_type=\"widget\" data-e-type=\"widget\" data-widget_type=\"text-editor.default\">\n\t\t\t\t\t\t\t\t\t<p>Transport z r\u00f3\u017cnych punkt\u00f3w odbioru + wycieczka prowadzona przez licencjonowanego przewodnika w wybranym j\u0119zyku + organizacja rezerwacji rejsu \u0142odzi\u0105 z gwarancj\u0105 dost\u0119pno\u015bci (transport + przewodnik + rezerwacje) \u2014 aby\u015b m\u00f3g\u0142 skupi\u0107 si\u0119 wy\u0142\u0105cznie na dobrej zabawie!<\/p>\t\t\t\t\t\t\t\t<\/div>\n\t\t\t\t<\/div>\n\t\t\t\t\t<\/details>\n\t\t\t\t\t\t<details id=\"e-n-accordion-item-1582\" class=\"e-n-accordion-item\" >\n\t\t\t\t<summary class=\"e-n-accordion-item-title\" data-accordion-index=\"3\" tabindex=\"-1\" aria-expanded=\"false\" aria-controls=\"e-n-accordion-item-1582\" >\n\t\t\t\t\t<span class='e-n-accordion-item-title-header'><div class=\"e-n-accordion-item-title-text\"> Polityka anulowania <\/div><\/span>\n\t\t\t\t\t\t\t<span class='e-n-accordion-item-title-icon'>\n\t\t\t<span class='e-opened' ><svg aria-hidden=\"true\" class=\"e-font-icon-svg e-fas-minus\" viewbox=\"0 0 448 512\" xmlns=\"http:\/\/www.w3.org\/2000\/svg\"><path d=\"M416 208H32c-17.67 0-32 14.33-32 32v32c0 17.67 14.33 32 32 32h384c17.67 0 32-14.33 32-32v-32c0-17.67-14.33-32-32-32z\"><\/path><\/svg><\/span>\n\t\t\t<span class='e-closed'><svg aria-hidden=\"true\" class=\"e-font-icon-svg e-fas-plus\" viewbox=\"0 0 448 512\" xmlns=\"http:\/\/www.w3.org\/2000\/svg\"><path d=\"M416 208H272V64c0-17.67-14.33-32-32-32h-32c-17.67 0-32 14.33-32 32v144H32c-17.67 0-32 14.33-32 32v32c0 17.67 14.33 32 32 32h144v144c0 17.67 14.33 32 32 32h32c17.67 0 32-14.33 32-32V304h144c17.67 0 32-14.33 32-32v-32c0-17.67-14.33-32-32-32z\"><\/path><\/svg><\/span>\n\t\t<\/span>\n\n\t\t\t\t\t\t<\/summary>\n\t\t\t\t<div role=\"region\" aria-labelledby=\"e-n-accordion-item-1582\" class=\"elementor-element elementor-element-97d510e e-con-full e-flex e-con e-child\" data-id=\"97d510e\" data-element_type=\"container\" data-e-type=\"container\">\n\t\t\t\t<div class=\"elementor-element elementor-element-07495b1 elementor-widget elementor-widget-text-editor\" data-id=\"07495b1\" data-element_type=\"widget\" data-e-type=\"widget\" data-widget_type=\"text-editor.default\">\n\t\t\t\t\t\t\t\t\t<p>Rezerwacj\u0119 mo\u017cna anulowa\u0107 bezp\u0142atnie na 24 godziny przed pocz\u0105tkiem wycieczki. Po up\u0142ywie tego terminu lub w przypadku niepojawienia si\u0119 na miejscu zwrot koszt\u00f3w nie b\u0119dzie mo\u017cliwy.<\/p>\t\t\t\t\t\t\t\t<\/div>\n\t\t\t\t<\/div>\n\t\t\t\t\t<\/details>\n\t\t\t\t\t\t<details id=\"e-n-accordion-item-1583\" class=\"e-n-accordion-item\" >\n\t\t\t\t<summary class=\"e-n-accordion-item-title\" data-accordion-index=\"4\" tabindex=\"-1\" aria-expanded=\"false\" aria-controls=\"e-n-accordion-item-1583\" >\n\t\t\t\t\t<span class='e-n-accordion-item-title-header'><div class=\"e-n-accordion-item-title-text\"> Czy mog\u0119 zabra\u0107 baga\u017c\/w\u00f3zek dzieci\u0119cy do autobusu? <\/div><\/span>\n\t\t\t\t\t\t\t<span class='e-n-accordion-item-title-icon'>\n\t\t\t<span class='e-opened' ><svg aria-hidden=\"true\" class=\"e-font-icon-svg e-fas-minus\" viewbox=\"0 0 448 512\" xmlns=\"http:\/\/www.w3.org\/2000\/svg\"><path d=\"M416 208H32c-17.67 0-32 14.33-32 32v32c0 17.67 14.33 32 32 32h384c17.67 0 32-14.33 32-32v-32c0-17.67-14.33-32-32-32z\"><\/path><\/svg><\/span>\n\t\t\t<span class='e-closed'><svg aria-hidden=\"true\" class=\"e-font-icon-svg e-fas-plus\" viewbox=\"0 0 448 512\" xmlns=\"http:\/\/www.w3.org\/2000\/svg\"><path d=\"M416 208H272V64c0-17.67-14.33-32-32-32h-32c-17.67 0-32 14.33-32 32v144H32c-17.67 0-32 14.33-32 32v32c0 17.67 14.33 32 32 32h144v144c0 17.67 14.33 32 32 32h32c17.67 0 32-14.33 32-32V304h144c17.67 0 32-14.33 32-32v-32c0-17.67-14.33-32-32-32z\"><\/path><\/svg><\/span>\n\t\t<\/span>\n\n\t\t\t\t\t\t<\/summary>\n\t\t\t\t<div role=\"region\" aria-labelledby=\"e-n-accordion-item-1583\" class=\"elementor-element elementor-element-a7ff2d7 e-flex e-con-boxed e-con e-child\" data-id=\"a7ff2d7\" data-element_type=\"container\" data-e-type=\"container\">\n\t\t\t\t\t<div class=\"e-con-inner\">\n\t\t\t\t<div class=\"elementor-element elementor-element-7cb9234 elementor-widget elementor-widget-text-editor\" data-id=\"7cb9234\" data-element_type=\"widget\" data-e-type=\"widget\" data-widget_type=\"text-editor.default\">\n\t\t\t\t\t\t\t\t\t<p>Tak, o ile jest to baga\u017c podr\u0119czny lub ma\u0142y plecak\/sk\u0142adany w\u00f3zek. Prosimy o poinformowanie nas o tym, aby zapewni\u0107 miejsce w autobusie.<\/p>\t\t\t\t\t\t\t\t<\/div>\n\t\t\t\t\t<\/div>\n\t\t\t\t<\/div>\n\t\t\t\t\t<\/details>\n\t\t\t\t\t\t<details id=\"e-n-accordion-item-1584\" class=\"e-n-accordion-item\" >\n\t\t\t\t<summary class=\"e-n-accordion-item-title\" data-accordion-index=\"5\" tabindex=\"-1\" aria-expanded=\"false\" aria-controls=\"e-n-accordion-item-1584\" >\n\t\t\t\t\t<span class='e-n-accordion-item-title-header'><div class=\"e-n-accordion-item-title-text\"> Ile trwa ca\u0142a aktywno\u015b\u0107? <\/div><\/span>\n\t\t\t\t\t\t\t<span class='e-n-accordion-item-title-icon'>\n\t\t\t<span class='e-opened' ><svg aria-hidden=\"true\" class=\"e-font-icon-svg e-fas-minus\" viewbox=\"0 0 448 512\" xmlns=\"http:\/\/www.w3.org\/2000\/svg\"><path d=\"M416 208H32c-17.67 0-32 14.33-32 32v32c0 17.67 14.33 32 32 32h384c17.67 0 32-14.33 32-32v-32c0-17.67-14.33-32-32-32z\"><\/path><\/svg><\/span>\n\t\t\t<span class='e-closed'><svg aria-hidden=\"true\" class=\"e-font-icon-svg e-fas-plus\" viewbox=\"0 0 448 512\" xmlns=\"http:\/\/www.w3.org\/2000\/svg\"><path d=\"M416 208H272V64c0-17.67-14.33-32-32-32h-32c-17.67 0-32 14.33-32 32v144H32c-17.67 0-32 14.33-32 32v32c0 17.67 14.33 32 32 32h144v144c0 17.67 14.33 32 32 32h32c17.67 0 32-14.33 32-32V304h144c17.67 0 32-14.33 32-32v-32c0-17.67-14.33-32-32-32z\"><\/path><\/svg><\/span>\n\t\t<\/span>\n\n\t\t\t\t\t\t<\/summary>\n\t\t\t\t<div role=\"region\" aria-labelledby=\"e-n-accordion-item-1584\" class=\"elementor-element elementor-element-7c36b4a e-flex e-con-boxed e-con e-child\" data-id=\"7c36b4a\" data-element_type=\"container\" data-e-type=\"container\">\n\t\t\t\t\t<div class=\"e-con-inner\">\n\t\t\t\t<div class=\"elementor-element elementor-element-659f5d2 elementor-widget elementor-widget-text-editor\" data-id=\"659f5d2\" data-element_type=\"widget\" data-e-type=\"widget\" data-widget_type=\"text-editor.default\">\n\t\t\t\t\t\t\t\t\t<p>Od momentu rozpocz\u0119cia odbior\u00f3w w Walencji do powrotu z Albufery czas trwania wynosi oko\u0142o 4 godzin. Mo\u017ce on si\u0119 r\u00f3\u017cni\u0107 w zale\u017cno\u015bci od wielko\u015bci grupy oraz punkt\u00f3w odbioru. Zazwyczaj nie przekracza 4 godzin. W przypadku nat\u0119\u017cenia ruchu mo\u017ce wyd\u0142u\u017cy\u0107 si\u0119 do 4 godzin i 30 minut (nie jest to jednak typowe).<\/p>\t\t\t\t\t\t\t\t<\/div>\n\t\t\t\t\t<\/div>\n\t\t\t\t<\/div>\n\t\t\t\t\t<\/details>\n\t\t\t\t\t\t<details id=\"e-n-accordion-item-1585\" class=\"e-n-accordion-item\" >\n\t\t\t\t<summary class=\"e-n-accordion-item-title\" data-accordion-index=\"6\" tabindex=\"-1\" aria-expanded=\"false\" aria-controls=\"e-n-accordion-item-1585\" >\n\t\t\t\t\t<span class='e-n-accordion-item-title-header'><div class=\"e-n-accordion-item-title-text\"> W jakie dni odbywaj\u0105 si\u0119 wycieczki i w jakich j\u0119zykach s\u0105 dost\u0119pne? <\/div><\/span>\n\t\t\t\t\t\t\t<span class='e-n-accordion-item-title-icon'>\n\t\t\t<span class='e-opened' ><svg aria-hidden=\"true\" class=\"e-font-icon-svg e-fas-minus\" viewbox=\"0 0 448 512\" xmlns=\"http:\/\/www.w3.org\/2000\/svg\"><path d=\"M416 208H32c-17.67 0-32 14.33-32 32v32c0 17.67 14.33 32 32 32h384c17.67 0 32-14.33 32-32v-32c0-17.67-14.33-32-32-32z\"><\/path><\/svg><\/span>\n\t\t\t<span class='e-closed'><svg aria-hidden=\"true\" class=\"e-font-icon-svg e-fas-plus\" viewbox=\"0 0 448 512\" xmlns=\"http:\/\/www.w3.org\/2000\/svg\"><path d=\"M416 208H272V64c0-17.67-14.33-32-32-32h-32c-17.67 0-32 14.33-32 32v144H32c-17.67 0-32 14.33-32 32v32c0 17.67 14.33 32 32 32h144v144c0 17.67 14.33 32 32 32h32c17.67 0 32-14.33 32-32V304h144c17.67 0 32-14.33 32-32v-32c0-17.67-14.33-32-32-32z\"><\/path><\/svg><\/span>\n\t\t<\/span>\n\n\t\t\t\t\t\t<\/summary>\n\t\t\t\t<div role=\"region\" aria-labelledby=\"e-n-accordion-item-1585\" class=\"elementor-element elementor-element-199859d e-flex e-con-boxed e-con e-child\" data-id=\"199859d\" data-element_type=\"container\" data-e-type=\"container\">\n\t\t\t\t\t<div class=\"e-con-inner\">\n\t\t\t\t<div class=\"elementor-element elementor-element-5d7ae69 elementor-widget elementor-widget-text-editor\" data-id=\"5d7ae69\" data-element_type=\"widget\" data-e-type=\"widget\" data-widget_type=\"text-editor.default\">\n\t\t\t\t\t\t\t\t\t<p>Wycieczka jest dost\u0119pna w j\u0119zyku angielskim, hiszpa\u0144skim, polskim, niemieckim, francuskim i w\u0142oskim. Od poniedzia\u0142ku do soboty odbywa si\u0119 rano i po po\u0142udniu, a w niedziel\u0119 tylko rano.<\/p>\t\t\t\t\t\t\t\t<\/div>\n\t\t\t\t\t<\/div>\n\t\t\t\t<\/div>\n\t\t\t\t\t<\/details>\n\t\t\t\t\t\t<details id=\"e-n-accordion-item-1586\" class=\"e-n-accordion-item\" >\n\t\t\t\t<summary class=\"e-n-accordion-item-title\" data-accordion-index=\"7\" tabindex=\"-1\" aria-expanded=\"false\" aria-controls=\"e-n-accordion-item-1586\" >\n\t\t\t\t\t<span class='e-n-accordion-item-title-header'><div class=\"e-n-accordion-item-title-text\"> Czy mamy czas, \u017ceby wyk\u0105pa\u0107 si\u0119 w morzu lub w jeziorze? <\/div><\/span>\n\t\t\t\t\t\t\t<span class='e-n-accordion-item-title-icon'>\n\t\t\t<span class='e-opened' ><svg aria-hidden=\"true\" class=\"e-font-icon-svg e-fas-minus\" viewbox=\"0 0 448 512\" xmlns=\"http:\/\/www.w3.org\/2000\/svg\"><path d=\"M416 208H32c-17.67 0-32 14.33-32 32v32c0 17.67 14.33 32 32 32h384c17.67 0 32-14.33 32-32v-32c0-17.67-14.33-32-32-32z\"><\/path><\/svg><\/span>\n\t\t\t<span class='e-closed'><svg aria-hidden=\"true\" class=\"e-font-icon-svg e-fas-plus\" viewbox=\"0 0 448 512\" xmlns=\"http:\/\/www.w3.org\/2000\/svg\"><path d=\"M416 208H272V64c0-17.67-14.33-32-32-32h-32c-17.67 0-32 14.33-32 32v144H32c-17.67 0-32 14.33-32 32v32c0 17.67 14.33 32 32 32h144v144c0 17.67 14.33 32 32 32h32c17.67 0 32-14.33 32-32V304h144c17.67 0 32-14.33 32-32v-32c0-17.67-14.33-32-32-32z\"><\/path><\/svg><\/span>\n\t\t<\/span>\n\n\t\t\t\t\t\t<\/summary>\n\t\t\t\t<div role=\"region\" aria-labelledby=\"e-n-accordion-item-1586\" class=\"elementor-element elementor-element-7292269 e-flex e-con-boxed e-con e-child\" data-id=\"7292269\" data-element_type=\"container\" data-e-type=\"container\">\n\t\t\t\t\t<div class=\"e-con-inner\">\n\t\t\t\t<div class=\"elementor-element elementor-element-cdccb09 elementor-widget elementor-widget-text-editor\" data-id=\"cdccb09\" data-element_type=\"widget\" data-e-type=\"widget\" data-widget_type=\"text-editor.default\">\n\t\t\t\t\t\t\t\t\t<p>Nie, nie b\u0119dziemy si\u0119 k\u0105pa\u0107 podczas tej aktywno\u015bci.<\/p>\t\t\t\t\t\t\t\t<\/div>\n\t\t\t\t\t<\/div>\n\t\t\t\t<\/div>\n\t\t\t\t\t<\/details>\n\t\t\t\t\t\t<details id=\"e-n-accordion-item-1587\" class=\"e-n-accordion-item\" >\n\t\t\t\t<summary class=\"e-n-accordion-item-title\" data-accordion-index=\"8\" tabindex=\"-1\" aria-expanded=\"false\" aria-controls=\"e-n-accordion-item-1587\" >\n\t\t\t\t\t<span class='e-n-accordion-item-title-header'><div class=\"e-n-accordion-item-title-text\"> Czy obejmuje przek\u0105ski? <\/div><\/span>\n\t\t\t\t\t\t\t<span class='e-n-accordion-item-title-icon'>\n\t\t\t<span class='e-opened' ><svg aria-hidden=\"true\" class=\"e-font-icon-svg e-fas-minus\" viewbox=\"0 0 448 512\" xmlns=\"http:\/\/www.w3.org\/2000\/svg\"><path d=\"M416 208H32c-17.67 0-32 14.33-32 32v32c0 17.67 14.33 32 32 32h384c17.67 0 32-14.33 32-32v-32c0-17.67-14.33-32-32-32z\"><\/path><\/svg><\/span>\n\t\t\t<span class='e-closed'><svg aria-hidden=\"true\" class=\"e-font-icon-svg e-fas-plus\" viewbox=\"0 0 448 512\" xmlns=\"http:\/\/www.w3.org\/2000\/svg\"><path d=\"M416 208H272V64c0-17.67-14.33-32-32-32h-32c-17.67 0-32 14.33-32 32v144H32c-17.67 0-32 14.33-32 32v32c0 17.67 14.33 32 32 32h144v144c0 17.67 14.33 32 32 32h32c17.67 0 32-14.33 32-32V304h144c17.67 0 32-14.33 32-32v-32c0-17.67-14.33-32-32-32z\"><\/path><\/svg><\/span>\n\t\t<\/span>\n\n\t\t\t\t\t\t<\/summary>\n\t\t\t\t<div role=\"region\" aria-labelledby=\"e-n-accordion-item-1587\" class=\"elementor-element elementor-element-770b825 e-flex e-con-boxed e-con e-child\" data-id=\"770b825\" data-element_type=\"container\" data-e-type=\"container\">\n\t\t\t\t\t<div class=\"e-con-inner\">\n\t\t\t\t<div class=\"elementor-element elementor-element-f006e19 elementor-widget elementor-widget-text-editor\" data-id=\"f006e19\" data-element_type=\"widget\" data-e-type=\"widget\" data-widget_type=\"text-editor.default\">\n\t\t\t\t\t\t\t\t\t<ul><li>Poranna wycieczka: tak, w tym napoje (bezalkoholowe, piwo, woda).<\/li><li>Wycieczka popo\u0142udniowa: nie obejmuje przek\u0105sek ani napoj\u00f3w.<\/li><\/ul>\t\t\t\t\t\t\t\t<\/div>\n\t\t\t\t\t<\/div>\n\t\t\t\t<\/div>\n\t\t\t\t\t<\/details>\n\t\t\t\t\t\t<details id=\"e-n-accordion-item-1588\" class=\"e-n-accordion-item\" >\n\t\t\t\t<summary class=\"e-n-accordion-item-title\" data-accordion-index=\"9\" tabindex=\"-1\" aria-expanded=\"false\" aria-controls=\"e-n-accordion-item-1588\" >\n\t\t\t\t\t<span class='e-n-accordion-item-title-header'><div class=\"e-n-accordion-item-title-text\"> Czy jest zimno? Jakie ubrania powinienem za\u0142o\u017cy\u0107? <\/div><\/span>\n\t\t\t\t\t\t\t<span class='e-n-accordion-item-title-icon'>\n\t\t\t<span class='e-opened' ><svg aria-hidden=\"true\" class=\"e-font-icon-svg e-fas-minus\" viewbox=\"0 0 448 512\" xmlns=\"http:\/\/www.w3.org\/2000\/svg\"><path d=\"M416 208H32c-17.67 0-32 14.33-32 32v32c0 17.67 14.33 32 32 32h384c17.67 0 32-14.33 32-32v-32c0-17.67-14.33-32-32-32z\"><\/path><\/svg><\/span>\n\t\t\t<span class='e-closed'><svg aria-hidden=\"true\" class=\"e-font-icon-svg e-fas-plus\" viewbox=\"0 0 448 512\" xmlns=\"http:\/\/www.w3.org\/2000\/svg\"><path d=\"M416 208H272V64c0-17.67-14.33-32-32-32h-32c-17.67 0-32 14.33-32 32v144H32c-17.67 0-32 14.33-32 32v32c0 17.67 14.33 32 32 32h144v144c0 17.67 14.33 32 32 32h32c17.67 0 32-14.33 32-32V304h144c17.67 0 32-14.33 32-32v-32c0-17.67-14.33-32-32-32z\"><\/path><\/svg><\/span>\n\t\t<\/span>\n\n\t\t\t\t\t\t<\/summary>\n\t\t\t\t<div role=\"region\" aria-labelledby=\"e-n-accordion-item-1588\" class=\"elementor-element elementor-element-94d9e75 e-flex e-con-boxed e-con e-child\" data-id=\"94d9e75\" data-element_type=\"container\" data-e-type=\"container\">\n\t\t\t\t\t<div class=\"e-con-inner\">\n\t\t\t\t<div class=\"elementor-element elementor-element-79c796c elementor-widget elementor-widget-text-editor\" data-id=\"79c796c\" data-element_type=\"widget\" data-e-type=\"widget\" data-widget_type=\"text-editor.default\">\n\t\t\t\t\t\t\t\t\t<p>Zalecamy, aby go\u015bcie zawsze mieli ze sob\u0105 kurtk\u0119, sweter lub bluz\u0119, poniewa\u017c podczas rejsu \u0142odzi\u0105 i po zachodzie s\u0142o\u0144ca mo\u017ce by\u0107 ch\u0142odno. Zaleca si\u0119 r\u00f3wnie\u017c, by by\u0142y to wygodne ubrania. W lecie dodatkowo polecamy zabranie \u015brodk\u00f3w odstraszaj\u0105cych komary.<\/p>\t\t\t\t\t\t\t\t<\/div>\n\t\t\t\t\t<\/div>\n\t\t\t\t<\/div>\n\t\t\t\t\t<\/details>\n\t\t\t\t\t\t<details id=\"e-n-accordion-item-1589\" class=\"e-n-accordion-item\" >\n\t\t\t\t<summary class=\"e-n-accordion-item-title\" data-accordion-index=\"10\" tabindex=\"-1\" aria-expanded=\"false\" aria-controls=\"e-n-accordion-item-1589\" >\n\t\t\t\t\t<span class='e-n-accordion-item-title-header'><div class=\"e-n-accordion-item-title-text\"> Jaka jest dok\u0142adna lokalizacja miejsca odbioru? <\/div><\/span>\n\t\t\t\t\t\t\t<span class='e-n-accordion-item-title-icon'>\n\t\t\t<span class='e-opened' ><svg aria-hidden=\"true\" class=\"e-font-icon-svg e-fas-minus\" viewbox=\"0 0 448 512\" xmlns=\"http:\/\/www.w3.org\/2000\/svg\"><path d=\"M416 208H32c-17.67 0-32 14.33-32 32v32c0 17.67 14.33 32 32 32h384c17.67 0 32-14.33 32-32v-32c0-17.67-14.33-32-32-32z\"><\/path><\/svg><\/span>\n\t\t\t<span class='e-closed'><svg aria-hidden=\"true\" class=\"e-font-icon-svg e-fas-plus\" viewbox=\"0 0 448 512\" xmlns=\"http:\/\/www.w3.org\/2000\/svg\"><path d=\"M416 208H272V64c0-17.67-14.33-32-32-32h-32c-17.67 0-32 14.33-32 32v144H32c-17.67 0-32 14.33-32 32v32c0 17.67 14.33 32 32 32h144v144c0 17.67 14.33 32 32 32h32c17.67 0 32-14.33 32-32V304h144c17.67 0 32-14.33 32-32v-32c0-17.67-14.33-32-32-32z\"><\/path><\/svg><\/span>\n\t\t<\/span>\n\n\t\t\t\t\t\t<\/summary>\n\t\t\t\t<div role=\"region\" aria-labelledby=\"e-n-accordion-item-1589\" class=\"elementor-element elementor-element-dd5fcdf e-flex e-con-boxed e-con e-child\" data-id=\"dd5fcdf\" data-element_type=\"container\" data-e-type=\"container\">\n\t\t\t\t\t<div class=\"e-con-inner\">\n\t\t\t\t<div class=\"elementor-element elementor-element-89df262 elementor-widget elementor-widget-text-editor\" data-id=\"89df262\" data-element_type=\"widget\" data-e-type=\"widget\" data-widget_type=\"text-editor.default\">\n\t\t\t\t\t\t\t\t\t<p>Dzie\u0144 wcze\u015bniej wy\u015blemy Pa\u0144stwu wiadomo\u015b\u0107 przez WhatsApp z dok\u0142adnymi szczeg\u00f3\u0142ami odbioru oraz pinezk\u0105 z Google Maps.<\/p>\t\t\t\t\t\t\t\t<\/div>\n\t\t\t\t\t<\/div>\n\t\t\t\t<\/div>\n\t\t\t\t\t<\/details>\n\t\t\t\t\t\t<details id=\"e-n-accordion-item-15810\" class=\"e-n-accordion-item\" >\n\t\t\t\t<summary class=\"e-n-accordion-item-title\" data-accordion-index=\"11\" tabindex=\"-1\" aria-expanded=\"false\" aria-controls=\"e-n-accordion-item-15810\" >\n\t\t\t\t\t<span class='e-n-accordion-item-title-header'><div class=\"e-n-accordion-item-title-text\"> Jakie ubranie powinienem\/powinnam zabra\u0107? <\/div><\/span>\n\t\t\t\t\t\t\t<span class='e-n-accordion-item-title-icon'>\n\t\t\t<span class='e-opened' ><svg aria-hidden=\"true\" class=\"e-font-icon-svg e-fas-minus\" viewbox=\"0 0 448 512\" xmlns=\"http:\/\/www.w3.org\/2000\/svg\"><path d=\"M416 208H32c-17.67 0-32 14.33-32 32v32c0 17.67 14.33 32 32 32h384c17.67 0 32-14.33 32-32v-32c0-17.67-14.33-32-32-32z\"><\/path><\/svg><\/span>\n\t\t\t<span class='e-closed'><svg aria-hidden=\"true\" class=\"e-font-icon-svg e-fas-plus\" viewbox=\"0 0 448 512\" xmlns=\"http:\/\/www.w3.org\/2000\/svg\"><path d=\"M416 208H272V64c0-17.67-14.33-32-32-32h-32c-17.67 0-32 14.33-32 32v144H32c-17.67 0-32 14.33-32 32v32c0 17.67 14.33 32 32 32h144v144c0 17.67 14.33 32 32 32h32c17.67 0 32-14.33 32-32V304h144c17.67 0 32-14.33 32-32v-32c0-17.67-14.33-32-32-32z\"><\/path><\/svg><\/span>\n\t\t<\/span>\n\n\t\t\t\t\t\t<\/summary>\n\t\t\t\t<div role=\"region\" aria-labelledby=\"e-n-accordion-item-15810\" class=\"elementor-element elementor-element-bca3a39 e-flex e-con-boxed e-con e-child\" data-id=\"bca3a39\" data-element_type=\"container\" data-e-type=\"container\">\n\t\t\t\t\t<div class=\"e-con-inner\">\n\t\t\t\t<div class=\"elementor-element elementor-element-face177 elementor-widget elementor-widget-text-editor\" data-id=\"face177\" data-element_type=\"widget\" data-e-type=\"widget\" data-widget_type=\"text-editor.default\">\n\t\t\t\t\t\t\t\t\t<p>Wygodne ubranie oraz kurtka na wycieczk\u0119 \u0142odzi\u0105. Dodatkowo latem mog\u0105 pojawi\u0107 si\u0119 komary, warto zabra\u0107 repelent, je\u015bli uzna si\u0119 to za konieczne.<\/p>\t\t\t\t\t\t\t\t<\/div>\n\t\t\t\t\t<\/div>\n\t\t\t\t<\/div>\n\t\t\t\t\t<\/details>\n\t\t\t\t\t\t<details id=\"e-n-accordion-item-15811\" class=\"e-n-accordion-item\" >\n\t\t\t\t<summary class=\"e-n-accordion-item-title\" data-accordion-index=\"12\" tabindex=\"-1\" aria-expanded=\"false\" aria-controls=\"e-n-accordion-item-15811\" >\n\t\t\t\t\t<span class='e-n-accordion-item-title-header'><div class=\"e-n-accordion-item-title-text\"> Czy podczas tej wycieczki mo\u017cna je\u015b\u0107 lub pi\u0107? <\/div><\/span>\n\t\t\t\t\t\t\t<span class='e-n-accordion-item-title-icon'>\n\t\t\t<span class='e-opened' ><svg aria-hidden=\"true\" class=\"e-font-icon-svg e-fas-minus\" viewbox=\"0 0 448 512\" xmlns=\"http:\/\/www.w3.org\/2000\/svg\"><path d=\"M416 208H32c-17.67 0-32 14.33-32 32v32c0 17.67 14.33 32 32 32h384c17.67 0 32-14.33 32-32v-32c0-17.67-14.33-32-32-32z\"><\/path><\/svg><\/span>\n\t\t\t<span class='e-closed'><svg aria-hidden=\"true\" class=\"e-font-icon-svg e-fas-plus\" viewbox=\"0 0 448 512\" xmlns=\"http:\/\/www.w3.org\/2000\/svg\"><path d=\"M416 208H272V64c0-17.67-14.33-32-32-32h-32c-17.67 0-32 14.33-32 32v144H32c-17.67 0-32 14.33-32 32v32c0 17.67 14.33 32 32 32h144v144c0 17.67 14.33 32 32 32h32c17.67 0 32-14.33 32-32V304h144c17.67 0 32-14.33 32-32v-32c0-17.67-14.33-32-32-32z\"><\/path><\/svg><\/span>\n\t\t<\/span>\n\n\t\t\t\t\t\t<\/summary>\n\t\t\t\t<div role=\"region\" aria-labelledby=\"e-n-accordion-item-15811\" class=\"elementor-element elementor-element-18af8a4 e-flex e-con-boxed e-con e-child\" data-id=\"18af8a4\" data-element_type=\"container\" data-e-type=\"container\">\n\t\t\t\t\t<div class=\"e-con-inner\">\n\t\t\t\t<div class=\"elementor-element elementor-element-2452fc1 elementor-widget elementor-widget-text-editor\" data-id=\"2452fc1\" data-element_type=\"widget\" data-e-type=\"widget\" data-widget_type=\"text-editor.default\">\n\t\t\t\t\t\t\t\t\t<p>Mo\u017cna zabra\u0107 ze sob\u0105 przek\u0105ski i picie, ale nie wolno je\u015b\u0107 ani pi\u0107 w autobusie; jedzenie jest dozwolone tylko podczas rejsu \u0142odzi\u0105 lub na przystankach.<\/p>\t\t\t\t\t\t\t\t<\/div>\n\t\t\t\t\t<\/div>\n\t\t\t\t<\/div>\n\t\t\t\t\t<\/details>\n\t\t\t\t\t\t<details id=\"e-n-accordion-item-15812\" class=\"e-n-accordion-item\" >\n\t\t\t\t<summary class=\"e-n-accordion-item-title\" data-accordion-index=\"13\" tabindex=\"-1\" aria-expanded=\"false\" aria-controls=\"e-n-accordion-item-15812\" >\n\t\t\t\t\t<span class='e-n-accordion-item-title-header'><div class=\"e-n-accordion-item-title-text\"> Czy b\u0119dziemy mie\u0107 czas wolny? <\/div><\/span>\n\t\t\t\t\t\t\t<span class='e-n-accordion-item-title-icon'>\n\t\t\t<span class='e-opened' ><svg aria-hidden=\"true\" class=\"e-font-icon-svg e-fas-minus\" viewbox=\"0 0 448 512\" xmlns=\"http:\/\/www.w3.org\/2000\/svg\"><path d=\"M416 208H32c-17.67 0-32 14.33-32 32v32c0 17.67 14.33 32 32 32h384c17.67 0 32-14.33 32-32v-32c0-17.67-14.33-32-32-32z\"><\/path><\/svg><\/span>\n\t\t\t<span class='e-closed'><svg aria-hidden=\"true\" class=\"e-font-icon-svg e-fas-plus\" viewbox=\"0 0 448 512\" xmlns=\"http:\/\/www.w3.org\/2000\/svg\"><path d=\"M416 208H272V64c0-17.67-14.33-32-32-32h-32c-17.67 0-32 14.33-32 32v144H32c-17.67 0-32 14.33-32 32v32c0 17.67 14.33 32 32 32h144v144c0 17.67 14.33 32 32 32h32c17.67 0 32-14.33 32-32V304h144c17.67 0 32-14.33 32-32v-32c0-17.67-14.33-32-32-32z\"><\/path><\/svg><\/span>\n\t\t<\/span>\n\n\t\t\t\t\t\t<\/summary>\n\t\t\t\t<div role=\"region\" aria-labelledby=\"e-n-accordion-item-15812\" class=\"elementor-element elementor-element-88e9853 e-flex e-con-boxed e-con e-child\" data-id=\"88e9853\" data-element_type=\"container\" data-e-type=\"container\">\n\t\t\t\t\t<div class=\"e-con-inner\">\n\t\t\t\t<div class=\"elementor-element elementor-element-6dd0f7e elementor-widget elementor-widget-text-editor\" data-id=\"6dd0f7e\" data-element_type=\"widget\" data-e-type=\"widget\" data-widget_type=\"text-editor.default\">\n\t\t\t\t\t\t\t\t\t<p>Nie, ta aktywno\u015b\u0107 nie obejmuje czasu wolnego. Jedynie 5 minut na skorzystanie z toalety przed rejsem \u0142odzi\u0105.<\/p>\t\t\t\t\t\t\t\t<\/div>\n\t\t\t\t\t<\/div>\n\t\t\t\t<\/div>\n\t\t\t\t\t<\/details>\n\t\t\t\t\t\t<details id=\"e-n-accordion-item-15813\" class=\"e-n-accordion-item\" >\n\t\t\t\t<summary class=\"e-n-accordion-item-title\" data-accordion-index=\"14\" tabindex=\"-1\" aria-expanded=\"false\" aria-controls=\"e-n-accordion-item-15813\" >\n\t\t\t\t\t<span class='e-n-accordion-item-title-header'><div class=\"e-n-accordion-item-title-text\"> Czy po zwiedzaniu parku wr\u00f3cimy do Walencji? <\/div><\/span>\n\t\t\t\t\t\t\t<span class='e-n-accordion-item-title-icon'>\n\t\t\t<span class='e-opened' ><svg aria-hidden=\"true\" class=\"e-font-icon-svg e-fas-minus\" viewbox=\"0 0 448 512\" xmlns=\"http:\/\/www.w3.org\/2000\/svg\"><path d=\"M416 208H32c-17.67 0-32 14.33-32 32v32c0 17.67 14.33 32 32 32h384c17.67 0 32-14.33 32-32v-32c0-17.67-14.33-32-32-32z\"><\/path><\/svg><\/span>\n\t\t\t<span class='e-closed'><svg aria-hidden=\"true\" class=\"e-font-icon-svg e-fas-plus\" viewbox=\"0 0 448 512\" xmlns=\"http:\/\/www.w3.org\/2000\/svg\"><path d=\"M416 208H272V64c0-17.67-14.33-32-32-32h-32c-17.67 0-32 14.33-32 32v144H32c-17.67 0-32 14.33-32 32v32c0 17.67 14.33 32 32 32h144v144c0 17.67 14.33 32 32 32h32c17.67 0 32-14.33 32-32V304h144c17.67 0 32-14.33 32-32v-32c0-17.67-14.33-32-32-32z\"><\/path><\/svg><\/span>\n\t\t<\/span>\n\n\t\t\t\t\t\t<\/summary>\n\t\t\t\t<div role=\"region\" aria-labelledby=\"e-n-accordion-item-15813\" class=\"elementor-element elementor-element-8549094 e-flex e-con-boxed e-con e-child\" data-id=\"8549094\" data-element_type=\"container\" data-e-type=\"container\">\n\t\t\t\t\t<div class=\"e-con-inner\">\n\t\t\t\t<div class=\"elementor-element elementor-element-69bedcf elementor-widget elementor-widget-text-editor\" data-id=\"69bedcf\" data-element_type=\"widget\" data-e-type=\"widget\" data-widget_type=\"text-editor.default\">\n\t\t\t\t\t\t\t\t\t<p>Tak, transport powrotny jest wliczony w cen\u0119. Z tymi samymi przystankami odbioru.<\/p>\t\t\t\t\t\t\t\t<\/div>\n\t\t\t\t\t<\/div>\n\t\t\t\t<\/div>\n\t\t\t\t\t<\/details>\n\t\t\t\t\t\t<details id=\"e-n-accordion-item-15814\" class=\"e-n-accordion-item\" >\n\t\t\t\t<summary class=\"e-n-accordion-item-title\" data-accordion-index=\"15\" tabindex=\"-1\" aria-expanded=\"false\" aria-controls=\"e-n-accordion-item-15814\" >\n\t\t\t\t\t<span class='e-n-accordion-item-title-header'><div class=\"e-n-accordion-item-title-text\"> Wymeldowuj\u0119 si\u0119 z hotelu i mam ze sob\u0105 baga\u017c. Czy mog\u0119 zabra\u0107 go do autobusu? <\/div><\/span>\n\t\t\t\t\t\t\t<span class='e-n-accordion-item-title-icon'>\n\t\t\t<span class='e-opened' ><svg aria-hidden=\"true\" class=\"e-font-icon-svg e-fas-minus\" viewbox=\"0 0 448 512\" xmlns=\"http:\/\/www.w3.org\/2000\/svg\"><path d=\"M416 208H32c-17.67 0-32 14.33-32 32v32c0 17.67 14.33 32 32 32h384c17.67 0 32-14.33 32-32v-32c0-17.67-14.33-32-32-32z\"><\/path><\/svg><\/span>\n\t\t\t<span class='e-closed'><svg aria-hidden=\"true\" class=\"e-font-icon-svg e-fas-plus\" viewbox=\"0 0 448 512\" xmlns=\"http:\/\/www.w3.org\/2000\/svg\"><path d=\"M416 208H272V64c0-17.67-14.33-32-32-32h-32c-17.67 0-32 14.33-32 32v144H32c-17.67 0-32 14.33-32 32v32c0 17.67 14.33 32 32 32h144v144c0 17.67 14.33 32 32 32h32c17.67 0 32-14.33 32-32V304h144c17.67 0 32-14.33 32-32v-32c0-17.67-14.33-32-32-32z\"><\/path><\/svg><\/span>\n\t\t<\/span>\n\n\t\t\t\t\t\t<\/summary>\n\t\t\t\t<div role=\"region\" aria-labelledby=\"e-n-accordion-item-15814\" class=\"elementor-element elementor-element-f4fa5fa e-flex e-con-boxed e-con e-child\" data-id=\"f4fa5fa\" data-element_type=\"container\" data-e-type=\"container\">\n\t\t\t\t\t<div class=\"e-con-inner\">\n\t\t\t\t<div class=\"elementor-element elementor-element-a932d9b elementor-widget elementor-widget-text-editor\" data-id=\"a932d9b\" data-element_type=\"widget\" data-e-type=\"widget\" data-widget_type=\"text-editor.default\">\n\t\t\t\t\t\t\t\t\t<p>Tak, pod warunkiem \u017ce jest to baga\u017c podr\u0119czny lub ma\u0142y plecak. Nale\u017cy nas wcze\u015bniej poinformowa\u0107, aby zagwarantowa\u0107 miejsce.<\/p>\t\t\t\t\t\t\t\t<\/div>\n\t\t\t\t\t<\/div>\n\t\t\t\t<\/div>\n\t\t\t\t\t<\/details>\n\t\t\t\t\t<\/div>\n\t\t\t\t\t\t<\/div>\n\t\t\t\t<\/div>\n\t\t\t\t<\/div>\n\t\t\t\t\t<\/div>\n\t\t\t\t<\/div>\n\t\t\t\t<\/div>","protected":false},"excerpt":{"rendered":"<p class=\" translation-block\"><strong>Park przyrody Albufera<\/strong>, gdzie szum natury \u0142\u0105czy si\u0119 z <strong>histori\u0105 i tradycjami Walencji<\/strong>. Odkryj miejsce, w kt\u00f3rym narodzi\u0142a si\u0119 <strong>paella<\/strong>, przemierzaj\u0105c jego lasy, <strong>pola ry\u017cowe<\/strong> i <strong>jeziora<\/strong>.<\/p>","protected":false},"featured_media":5552,"template":"","meta":{"_acf_changed":false},"product_cat":[19],"product_tag":[84],"class_list":{"0":"post-307","1":"product","2":"type-product","3":"status-publish","4":"has-post-thumbnail","6":"product_cat-excursiones","7":"product_tag-destacados","9":"first","10":"instock","11":"featured","12":"virtual","13":"sold-individually","14":"taxable","15":"purchasable","16":"product-type-turitop"},"acf":[],"yoast_head":"<!-- This site is optimized with the Yoast SEO plugin v27.5 - https:\/\/yoast.com\/product\/yoast-seo-wordpress\/ -->\n<title>Excursi\u00f3n Parque Natural de la Albufera | Valencia&amp;Go<\/title>\n<meta name=\"description\" content=\"Siente la magia con la excursi\u00f3n al parque natural de la Albufera con Valencia&amp;Go: gu\u00eda oficial, transporte y paseo en barca incluidos. \u00a1D\u00e9jate llevar!\" \/>\n<meta name=\"robots\" content=\"noindex, follow, max-snippet:-1, max-image-preview:large, max-video-preview:-1\" \/>\n<meta property=\"og:locale\" content=\"pl_PL\" \/>\n<meta property=\"og:type\" content=\"article\" \/>\n<meta property=\"og:title\" content=\"Excursi\u00f3n Parque Natural de la Albufera | Valencia&amp;Go\" \/>\n<meta property=\"og:description\" content=\"Siente la magia con la excursi\u00f3n al parque natural de la Albufera con Valencia&amp;Go: gu\u00eda oficial, transporte y paseo en barca incluidos. \u00a1D\u00e9jate llevar!\" \/>\n<meta property=\"og:url\" content=\"https:\/\/upgrade.valenciaandgo.com\/pl\/wycieczki\/wycieczka-do-parku-przyrody-albufera\/\" \/>\n<meta property=\"og:site_name\" content=\"Valencia&amp;Go\" \/>\n<meta property=\"article:publisher\" content=\"https:\/\/www.facebook.com\/valenciaandgo\/\" \/>\n<meta property=\"article:modified_time\" content=\"2026-04-23T07:16:26+00:00\" \/>\n<meta property=\"og:image\" content=\"https:\/\/upgrade.valenciaandgo.com\/wp-content\/uploads\/tours-excursiones\/01-parque-natural-albufera\/parque-natural-albufera_3.webp\" \/>\n\t<meta property=\"og:image:width\" content=\"920\" \/>\n\t<meta property=\"og:image:height\" content=\"688\" \/>\n\t<meta property=\"og:image:type\" content=\"image\/webp\" \/>\n<meta name=\"twitter:card\" content=\"summary_large_image\" \/>\n<meta name=\"twitter:label1\" content=\"Szacowany czas czytania\" \/>\n\t<meta name=\"twitter:data1\" content=\"10 minut\" \/>\n<script type=\"application\/ld+json\" class=\"yoast-schema-graph\">{\"@context\":\"https:\\\/\\\/schema.org\",\"@graph\":[{\"@type\":\"WebPage\",\"@id\":\"https:\\\/\\\/upgrade.valenciaandgo.com\\\/excursiones\\\/excursion-al-parque-natural-de-la-albufera\\\/\",\"url\":\"https:\\\/\\\/upgrade.valenciaandgo.com\\\/excursiones\\\/excursion-al-parque-natural-de-la-albufera\\\/\",\"name\":\"Excursi\u00f3n Parque Natural de la Albufera | Valencia&Go\",\"isPartOf\":{\"@id\":\"https:\\\/\\\/upgrade.valenciaandgo.com\\\/it\\\/#website\"},\"primaryImageOfPage\":{\"@id\":\"https:\\\/\\\/upgrade.valenciaandgo.com\\\/excursiones\\\/excursion-al-parque-natural-de-la-albufera\\\/#primaryimage\"},\"image\":{\"@id\":\"https:\\\/\\\/upgrade.valenciaandgo.com\\\/excursiones\\\/excursion-al-parque-natural-de-la-albufera\\\/#primaryimage\"},\"thumbnailUrl\":\"https:\\\/\\\/upgrade.valenciaandgo.com\\\/wp-content\\\/uploads\\\/tours-excursiones\\\/01-parque-natural-albufera\\\/parque-natural-albufera_3.webp\",\"datePublished\":\"2025-10-24T10:58:37+00:00\",\"dateModified\":\"2026-04-23T07:16:26+00:00\",\"description\":\"Siente la magia con la excursi\u00f3n al parque natural de la Albufera con Valencia&Go: gu\u00eda oficial, transporte y paseo en barca incluidos. \u00a1D\u00e9jate llevar!\",\"breadcrumb\":{\"@id\":\"https:\\\/\\\/upgrade.valenciaandgo.com\\\/excursiones\\\/excursion-al-parque-natural-de-la-albufera\\\/#breadcrumb\"},\"inLanguage\":\"pl-PL\",\"potentialAction\":[{\"@type\":\"ReadAction\",\"target\":[\"https:\\\/\\\/upgrade.valenciaandgo.com\\\/excursiones\\\/excursion-al-parque-natural-de-la-albufera\\\/\"]}]},{\"@type\":\"ImageObject\",\"inLanguage\":\"pl-PL\",\"@id\":\"https:\\\/\\\/upgrade.valenciaandgo.com\\\/excursiones\\\/excursion-al-parque-natural-de-la-albufera\\\/#primaryimage\",\"url\":\"https:\\\/\\\/upgrade.valenciaandgo.com\\\/wp-content\\\/uploads\\\/tours-excursiones\\\/01-parque-natural-albufera\\\/parque-natural-albufera_3.webp\",\"contentUrl\":\"https:\\\/\\\/upgrade.valenciaandgo.com\\\/wp-content\\\/uploads\\\/tours-excursiones\\\/01-parque-natural-albufera\\\/parque-natural-albufera_3.webp\",\"width\":920,\"height\":688,\"caption\":\"Grupo recorriendo en barca el\u00e9ctrica el lago de la Albufera\"},{\"@type\":\"BreadcrumbList\",\"@id\":\"https:\\\/\\\/upgrade.valenciaandgo.com\\\/excursiones\\\/excursion-al-parque-natural-de-la-albufera\\\/#breadcrumb\",\"itemListElement\":[{\"@type\":\"ListItem\",\"position\":1,\"name\":\"Portada\",\"item\":\"https:\\\/\\\/upgrade.valenciaandgo.com\\\/\"},{\"@type\":\"ListItem\",\"position\":2,\"name\":\"Tours\",\"item\":\"https:\\\/\\\/upgrade.valenciaandgo.com\\\/tours\\\/\"},{\"@type\":\"ListItem\",\"position\":3,\"name\":\"Excursi\u00f3n al Parque Natural de la Albufera\"}]},{\"@type\":\"WebSite\",\"@id\":\"https:\\\/\\\/upgrade.valenciaandgo.com\\\/it\\\/#website\",\"url\":\"https:\\\/\\\/upgrade.valenciaandgo.com\\\/it\\\/\",\"name\":\"Valencia&Go\",\"description\":\"Tours por Valencia y alrededores de ciudad.\",\"publisher\":{\"@id\":\"https:\\\/\\\/upgrade.valenciaandgo.com\\\/it\\\/#organization\"},\"potentialAction\":[{\"@type\":\"SearchAction\",\"target\":{\"@type\":\"EntryPoint\",\"urlTemplate\":\"https:\\\/\\\/upgrade.valenciaandgo.com\\\/it\\\/?s={search_term_string}\"},\"query-input\":{\"@type\":\"PropertyValueSpecification\",\"valueRequired\":true,\"valueName\":\"search_term_string\"}}],\"inLanguage\":\"pl-PL\"},{\"@type\":\"Organization\",\"@id\":\"https:\\\/\\\/upgrade.valenciaandgo.com\\\/it\\\/#organization\",\"name\":\"Valencia&Go\",\"url\":\"https:\\\/\\\/upgrade.valenciaandgo.com\\\/it\\\/\",\"logo\":{\"@type\":\"ImageObject\",\"inLanguage\":\"pl-PL\",\"@id\":\"https:\\\/\\\/upgrade.valenciaandgo.com\\\/it\\\/#\\\/schema\\\/logo\\\/image\\\/\",\"url\":\"https:\\\/\\\/upgrade.valenciaandgo.com\\\/wp-content\\\/uploads\\\/2025\\\/10\\\/valencia_go-svg-blnc-iso-naranja.svg\",\"contentUrl\":\"https:\\\/\\\/upgrade.valenciaandgo.com\\\/wp-content\\\/uploads\\\/2025\\\/10\\\/valencia_go-svg-blnc-iso-naranja.svg\",\"width\":434,\"height\":102,\"caption\":\"Valencia&Go\"},\"image\":{\"@id\":\"https:\\\/\\\/upgrade.valenciaandgo.com\\\/it\\\/#\\\/schema\\\/logo\\\/image\\\/\"},\"sameAs\":[\"https:\\\/\\\/www.facebook.com\\\/valenciaandgo\\\/\",\"https:\\\/\\\/www.instagram.com\\\/valenciaandgo\",\"https:\\\/\\\/www.linkedin.com\\\/company\\\/valencia-go\\\/\",\"https:\\\/\\\/www.tiktok.com\\\/@valenciaandgo\"]}]}<\/script>\n<!-- \/ Yoast SEO plugin. -->","yoast_head_json":{"title":"Wycieczka do parku przyrody Albufera | Valencia&amp;Go","description":"Poczuj magi\u0119 dzi\u0119ki wycieczce do Parku Naturalnego Albufera z Valencia&amp;Go: oficjalny przewodnik, transport i rejs \u0142odzi\u0105 w cenie. Daj si\u0119 ponie\u015b\u0107!","robots":{"index":"noindex","follow":"follow","max-snippet":"max-snippet:-1","max-image-preview":"max-image-preview:large","max-video-preview":"max-video-preview:-1"},"og_locale":"pl_PL","og_type":"article","og_title":"Excursi\u00f3n Parque Natural de la Albufera | Valencia&Go","og_description":"Siente la magia con la excursi\u00f3n al parque natural de la Albufera con Valencia&Go: gu\u00eda oficial, transporte y paseo en barca incluidos. \u00a1D\u00e9jate llevar!","og_url":"https:\/\/upgrade.valenciaandgo.com\/pl\/wycieczki\/wycieczka-do-parku-przyrody-albufera\/","og_site_name":"Valencia&amp;Go","article_publisher":"https:\/\/www.facebook.com\/valenciaandgo\/","article_modified_time":"2026-04-23T07:16:26+00:00","og_image":[{"width":920,"height":688,"url":"https:\/\/upgrade.valenciaandgo.com\/wp-content\/uploads\/tours-excursiones\/01-parque-natural-albufera\/parque-natural-albufera_3.webp","type":"image\/webp"}],"twitter_card":"summary_large_image","twitter_misc":{"Szacowany czas czytania":"10 minut"},"schema":{"@context":"https:\/\/schema.org","@graph":[{"@type":"WebPage","@id":"https:\/\/upgrade.valenciaandgo.com\/excursiones\/excursion-al-parque-natural-de-la-albufera\/","url":"https:\/\/upgrade.valenciaandgo.com\/excursiones\/excursion-al-parque-natural-de-la-albufera\/","name":"Wycieczka do parku przyrody Albufera | Valencia&amp;Go","isPartOf":{"@id":"https:\/\/upgrade.valenciaandgo.com\/it\/#website"},"primaryImageOfPage":{"@id":"https:\/\/upgrade.valenciaandgo.com\/excursiones\/excursion-al-parque-natural-de-la-albufera\/#primaryimage"},"image":{"@id":"https:\/\/upgrade.valenciaandgo.com\/excursiones\/excursion-al-parque-natural-de-la-albufera\/#primaryimage"},"thumbnailUrl":"https:\/\/upgrade.valenciaandgo.com\/wp-content\/uploads\/tours-excursiones\/01-parque-natural-albufera\/parque-natural-albufera_3.webp","datePublished":"2025-10-24T10:58:37+00:00","dateModified":"2026-04-23T07:16:26+00:00","description":"Poczuj magi\u0119 dzi\u0119ki wycieczce do Parku Naturalnego Albufera z Valencia&amp;Go: oficjalny przewodnik, transport i rejs \u0142odzi\u0105 w cenie. Daj si\u0119 ponie\u015b\u0107!","breadcrumb":{"@id":"https:\/\/upgrade.valenciaandgo.com\/excursiones\/excursion-al-parque-natural-de-la-albufera\/#breadcrumb"},"inLanguage":"pl-PL","potentialAction":[{"@type":"ReadAction","target":["https:\/\/upgrade.valenciaandgo.com\/excursiones\/excursion-al-parque-natural-de-la-albufera\/"]}]},{"@type":"ImageObject","inLanguage":"pl-PL","@id":"https:\/\/upgrade.valenciaandgo.com\/excursiones\/excursion-al-parque-natural-de-la-albufera\/#primaryimage","url":"https:\/\/upgrade.valenciaandgo.com\/wp-content\/uploads\/tours-excursiones\/01-parque-natural-albufera\/parque-natural-albufera_3.webp","contentUrl":"https:\/\/upgrade.valenciaandgo.com\/wp-content\/uploads\/tours-excursiones\/01-parque-natural-albufera\/parque-natural-albufera_3.webp","width":920,"height":688,"caption":"Grupo recorriendo en barca el\u00e9ctrica el lago de la Albufera"},{"@type":"BreadcrumbList","@id":"https:\/\/upgrade.valenciaandgo.com\/excursiones\/excursion-al-parque-natural-de-la-albufera\/#breadcrumb","itemListElement":[{"@type":"ListItem","position":1,"name":"Portada","item":"https:\/\/upgrade.valenciaandgo.com\/"},{"@type":"ListItem","position":2,"name":"Tours","item":"https:\/\/upgrade.valenciaandgo.com\/tours\/"},{"@type":"ListItem","position":3,"name":"Excursi\u00f3n al Parque Natural de la Albufera"}]},{"@type":"WebSite","@id":"https:\/\/upgrade.valenciaandgo.com\/it\/#website","url":"https:\/\/upgrade.valenciaandgo.com\/it\/","name":"Valencia&amp;Go","description":"Wycieczki po Walencji i okolicach.","publisher":{"@id":"https:\/\/upgrade.valenciaandgo.com\/it\/#organization"},"potentialAction":[{"@type":"SearchAction","target":{"@type":"EntryPoint","urlTemplate":"https:\/\/upgrade.valenciaandgo.com\/it\/?s={search_term_string}"},"query-input":{"@type":"PropertyValueSpecification","valueRequired":true,"valueName":"search_term_string"}}],"inLanguage":"pl-PL"},{"@type":"Organization","@id":"https:\/\/upgrade.valenciaandgo.com\/it\/#organization","name":"Valencia&amp;Go","url":"https:\/\/upgrade.valenciaandgo.com\/it\/","logo":{"@type":"ImageObject","inLanguage":"pl-PL","@id":"https:\/\/upgrade.valenciaandgo.com\/it\/#\/schema\/logo\/image\/","url":"https:\/\/upgrade.valenciaandgo.com\/wp-content\/uploads\/2025\/10\/valencia_go-svg-blnc-iso-naranja.svg","contentUrl":"https:\/\/upgrade.valenciaandgo.com\/wp-content\/uploads\/2025\/10\/valencia_go-svg-blnc-iso-naranja.svg","width":434,"height":102,"caption":"Valencia&Go"},"image":{"@id":"https:\/\/upgrade.valenciaandgo.com\/it\/#\/schema\/logo\/image\/"},"sameAs":["https:\/\/www.facebook.com\/valenciaandgo\/","https:\/\/www.instagram.com\/valenciaandgo","https:\/\/www.linkedin.com\/company\/valencia-go\/","https:\/\/www.tiktok.com\/@valenciaandgo"]}]}},"_links":{"self":[{"href":"https:\/\/upgrade.valenciaandgo.com\/pl\/wp-json\/wp\/v2\/product\/307","targetHints":{"allow":["GET"]}}],"collection":[{"href":"https:\/\/upgrade.valenciaandgo.com\/pl\/wp-json\/wp\/v2\/product"}],"about":[{"href":"https:\/\/upgrade.valenciaandgo.com\/pl\/wp-json\/wp\/v2\/types\/product"}],"version-history":[{"count":0,"href":"https:\/\/upgrade.valenciaandgo.com\/pl\/wp-json\/wp\/v2\/product\/307\/revisions"}],"wp:featuredmedia":[{"embeddable":true,"href":"https:\/\/upgrade.valenciaandgo.com\/pl\/wp-json\/wp\/v2\/media\/5552"}],"wp:attachment":[{"href":"https:\/\/upgrade.valenciaandgo.com\/pl\/wp-json\/wp\/v2\/media?parent=307"}],"wp:term":[{"taxonomy":"product_cat","embeddable":true,"href":"https:\/\/upgrade.valenciaandgo.com\/pl\/wp-json\/wp\/v2\/product_cat?post=307"},{"taxonomy":"product_tag","embeddable":true,"href":"https:\/\/upgrade.valenciaandgo.com\/pl\/wp-json\/wp\/v2\/product_tag?post=307"}],"curies":[{"name":"wp","href":"https:\/\/api.w.org\/{rel}","templated":true}]}}