{"id":2988,"date":"2025-12-11T10:10:26","date_gmt":"2025-12-11T10:10:26","guid":{"rendered":"https:\/\/new.valenciaandgo.com\/?post_type=product&#038;p=2988"},"modified":"2026-04-23T07:16:02","modified_gmt":"2026-04-23T07:16:02","slug":"wycieczka-po-sztuce-i-architekturze","status":"publish","type":"product","link":"https:\/\/upgrade.valenciaandgo.com\/pl\/tours-valencia\/tour-de-arte-y-arquitectura\/","title":{"rendered":"Co zobaczy\u0107 w 1 dzie\u0144: Lonja, katedra i ko\u015bci\u00f3\u0142 \u015bw. Miko\u0142aja podczas zwiedzania po\u015bwi\u0119conego sztuce"},"content":{"rendered":"<div data-elementor-type=\"wp-post\" data-elementor-id=\"2988\" class=\"elementor elementor-2988\" data-elementor-post-type=\"product\">\n\t\t\t\t<div class=\"elementor-element elementor-element-5429405f e-flex e-con-boxed e-con e-parent\" data-id=\"5429405f\" data-element_type=\"container\" data-e-type=\"container\" data-settings=\"{&quot;background_background&quot;:&quot;classic&quot;}\">\n\t\t\t\t\t<div class=\"e-con-inner\">\n\t\t\t\t<div class=\"elementor-element elementor-element-30bc0f7 elementor-widget elementor-widget-text-editor\" data-id=\"30bc0f7\" data-element_type=\"widget\" data-e-type=\"widget\" data-widget_type=\"text-editor.default\">\n\t\t\t\t\t\t\t\t\t<p class=\" translation-block\">Czy chcesz pozna\u0107 od \u015brodka <strong>najs\u0142ynniejsze zabytki Walencji<\/strong>?<\/p>\t\t\t\t\t\t\t\t<\/div>\n\t\t\t\t<div class=\"elementor-element elementor-element-7775e898 elementor-widget elementor-widget-heading\" data-id=\"7775e898\" data-element_type=\"widget\" data-e-type=\"widget\" data-widget_type=\"heading.default\">\n\t\t\t\t\t<h3 class=\"elementor-heading-title elementor-size-default\">Najwa\u017cniejsze punkty<\/h3>\t\t\t\t<\/div>\n\t\t\t\t<div class=\"elementor-element elementor-element-1d9d7da3 elementor-align-start elementor-icon-list--layout-traditional elementor-list-item-link-full_width elementor-widget elementor-widget-icon-list\" data-id=\"1d9d7da3\" data-element_type=\"widget\" data-e-type=\"widget\" data-widget_type=\"icon-list.default\">\n\t\t\t\t\t\t\t<ul class=\"elementor-icon-list-items\">\n\t\t\t\t\t\t\t<li class=\"elementor-icon-list-item\">\n\t\t\t\t\t\t\t\t\t\t\t<span class=\"elementor-icon-list-icon\">\n\t\t\t\t\t\t\t<svg aria-hidden=\"true\" class=\"e-font-icon-svg e-far-arrow-alt-circle-right\" viewbox=\"0 0 512 512\" xmlns=\"http:\/\/www.w3.org\/2000\/svg\"><path d=\"M504 256C504 119 393 8 256 8S8 119 8 256s111 248 248 248 248-111 248-248zm-448 0c0-110.5 89.5-200 200-200s200 89.5 200 200-89.5 200-200 200S56 366.5 56 256zm72 20v-40c0-6.6 5.4-12 12-12h116v-67c0-10.7 12.9-16 20.5-8.5l99 99c4.7 4.7 4.7 12.3 0 17l-99 99c-7.6 7.6-20.5 2.2-20.5-8.5v-67H140c-6.6 0-12-5.4-12-12z\"><\/path><\/svg>\t\t\t\t\t\t<\/span>\n\t\t\t\t\t\t\t\t\t\t<span class=\"elementor-icon-list-text\">Odwied\u017a 3 najbardziej charakterystyczne zabytki Walencji: La Lonja de la Seda, Katedr\u0119 oraz ko\u015bci\u00f3\u0142 \u015bw. Miko\u0142aja.<\/span>\n\t\t\t\t\t\t\t\t\t<\/li>\n\t\t\t\t\t\t\t\t<li class=\"elementor-icon-list-item\">\n\t\t\t\t\t\t\t\t\t\t\t<span class=\"elementor-icon-list-icon\">\n\t\t\t\t\t\t\t<svg aria-hidden=\"true\" class=\"e-font-icon-svg e-far-arrow-alt-circle-right\" viewbox=\"0 0 512 512\" xmlns=\"http:\/\/www.w3.org\/2000\/svg\"><path d=\"M504 256C504 119 393 8 256 8S8 119 8 256s111 248 248 248 248-111 248-248zm-448 0c0-110.5 89.5-200 200-200s200 89.5 200 200-89.5 200-200 200S56 366.5 56 256zm72 20v-40c0-6.6 5.4-12 12-12h116v-67c0-10.7 12.9-16 20.5-8.5l99 99c4.7 4.7 4.7 12.3 0 17l-99 99c-7.6 7.6-20.5 2.2-20.5-8.5v-67H140c-6.6 0-12-5.4-12-12z\"><\/path><\/svg>\t\t\t\t\t\t<\/span>\n\t\t\t\t\t\t\t\t\t\t<span class=\"elementor-icon-list-text\">We\u017a udzia\u0142 w pieszej wycieczce z przewodnikiem po centrum Walencji z biletami wst\u0119pu w cenie.<\/span>\n\t\t\t\t\t\t\t\t\t<\/li>\n\t\t\t\t\t\t\t\t<li class=\"elementor-icon-list-item\">\n\t\t\t\t\t\t\t\t\t\t\t<span class=\"elementor-icon-list-icon\">\n\t\t\t\t\t\t\t<svg aria-hidden=\"true\" class=\"e-font-icon-svg e-far-arrow-alt-circle-right\" viewbox=\"0 0 512 512\" xmlns=\"http:\/\/www.w3.org\/2000\/svg\"><path d=\"M504 256C504 119 393 8 256 8S8 119 8 256s111 248 248 248 248-111 248-248zm-448 0c0-110.5 89.5-200 200-200s200 89.5 200 200-89.5 200-200 200S56 366.5 56 256zm72 20v-40c0-6.6 5.4-12 12-12h116v-67c0-10.7 12.9-16 20.5-8.5l99 99c4.7 4.7 4.7 12.3 0 17l-99 99c-7.6 7.6-20.5 2.2-20.5-8.5v-67H140c-6.6 0-12-5.4-12-12z\"><\/path><\/svg>\t\t\t\t\t\t<\/span>\n\t\t\t\t\t\t\t\t\t\t<span class=\"elementor-icon-list-text\">Podr\u00f3\u017cuj przez histori\u0119 Walencji w towarzystwie licencjonowanego lokalnego przewodnika. <\/span>\n\t\t\t\t\t\t\t\t\t<\/li>\n\t\t\t\t\t\t<\/ul>\n\t\t\t\t\t\t<\/div>\n\t\t\t\t<div class=\"elementor-element elementor-element-561a478d elementor-widget-divider--view-line elementor-widget elementor-widget-divider\" data-id=\"561a478d\" data-element_type=\"widget\" data-e-type=\"widget\" data-widget_type=\"divider.default\">\n\t\t\t\t\t\t\t<div class=\"elementor-divider\">\n\t\t\t<span class=\"elementor-divider-separator\">\n\t\t\t\t\t\t<\/span>\n\t\t<\/div>\n\t\t\t\t\t\t<\/div>\n\t\t\t\t<div class=\"elementor-element elementor-element-403d7ca7 elementor-widget elementor-widget-heading\" data-id=\"403d7ca7\" data-element_type=\"widget\" data-e-type=\"widget\" data-widget_type=\"heading.default\">\n\t\t\t\t\t<h3 class=\"elementor-heading-title elementor-size-default\">Opis<\/h3>\t\t\t\t<\/div>\n\t\t\t\t<div class=\"elementor-element elementor-element-97fa2fd elementor-widget elementor-widget-heading\" data-id=\"97fa2fd\" data-element_type=\"widget\" data-e-type=\"widget\" data-widget_type=\"heading.default\">\n\t\t\t\t\t<h4 class=\"elementor-heading-title elementor-size-default\">Co zobaczy\u0107 w Walencji w jeden dzie\u0144?<\/h4>\t\t\t\t<\/div>\n\t\t\t\t<div class=\"elementor-element elementor-element-574ec78b elementor-widget elementor-widget-text-editor\" data-id=\"574ec78b\" data-element_type=\"widget\" data-e-type=\"widget\" data-widget_type=\"text-editor.default\">\n\t\t\t\t\t\t\t\t\t<p class=\" translation-block\">Je\u015bli szukasz wyj\u0105tkowego do\u015bwiadczenia kulturalnego, nie mo\u017cesz przegapi\u0107 naszej <strong>pieszej 3-godzinnej wycieczki po\u015bwi\u0119conej sztuce i architekturze<\/strong>, podczas kt\u00f3rej odkryjesz <strong>najwa\u017cniejsze zabytki<\/strong>, kt\u00f3re trzeba zobaczy\u0107 w <strong>Walencji<\/strong>. Zabierzemy Ci\u0119 w podr\u00f3\u017c po <strong>trzech architektonicznych pere\u0142kach gotyku walenckiego<\/strong>, kt\u00f3re ukszta\u0142towa\u0142y histori\u0119 miasta: <strong>Gie\u0142dzie Jedwabiu (La Lonja de la Seda), ko\u015bciele \u015bw. Miko\u0142aja oraz Katedrze.<\/strong><\/p><p class=\" translation-block\">Ta wycieczka po\u015bwi\u0119cona sztuce i architekturze w Walencji to znacznie wi\u0119cej ni\u017c zwyk\u0142e zwiedzanie z przewodnikiem. Do\u015bwiadczysz <strong>interaktywnego prze\u017cycia<\/strong>, kt\u00f3re pozwoli Ci dog\u0142\u0119bnie pozna\u0107 <strong>histori\u0119, sztuk\u0119 i tradycje miasta<\/strong>. Tw\u00f3j <strong>licencjonowany lokalny przewodnik<\/strong> b\u0119dzie towarzyszy\u0142 Ci na ka\u017cdym kroku, dziel\u0105c si\u0119 swoj\u0105 wiedz\u0105 i pasj\u0105 do dziedzictwa Walencji.<\/p>\t\t\t\t\t\t\t\t<\/div>\n\t\t\t\t<div class=\"elementor-element elementor-element-f3d6985 elementor-widget elementor-widget-heading\" data-id=\"f3d6985\" data-element_type=\"widget\" data-e-type=\"widget\" data-widget_type=\"heading.default\">\n\t\t\t\t\t<h4 class=\"elementor-heading-title elementor-size-default\">Plan zwiedzania<\/h4>\t\t\t\t<\/div>\n\t\t\t\t<div class=\"elementor-element elementor-element-2bb180e elementor-widget elementor-widget-text-editor\" data-id=\"2bb180e\" data-element_type=\"widget\" data-e-type=\"widget\" data-widget_type=\"text-editor.default\">\n\t\t\t\t\t\t\t\t\t<p><strong>Spacer przez serce Walencji:<\/strong><\/p><p class=\" translation-block\">Nasz\u0105 podr\u00f3\u017c rozpoczynamy przy <strong>Torres de Serranos<\/strong>, aby odkrywa\u0107 najbardziej charakterystyczne miejsca Walencji \u2014 per\u0142y po\u0142o\u017conej nad brzegiem Morza \u015ar\u00f3dziemnego, kt\u00f3ra skrywa wieki historii. Stawiaj\u0105c pierwsze kroki w kierunku serca miasta, odkryjemy <strong>dawne mury miejskie<\/strong>, kt\u00f3re przez lata otacza\u0142y Walencj\u0119. Nast\u0119pnie zag\u0142\u0119bimy si\u0119 w <strong>stare miasto<\/strong>, by odkry\u0107 architektoniczne tajemnice, kt\u00f3re o\u017cywiaj\u0105 ten magiczny zak\u0105tek.<\/p>\t\t\t\t\t\t\t\t<\/div>\n\t\t\t\t<div class=\"elementor-element elementor-element-178f49d elementor-widget elementor-widget-heading\" data-id=\"178f49d\" data-element_type=\"widget\" data-e-type=\"widget\" data-widget_type=\"heading.default\">\n\t\t\t\t\t<h5 class=\"elementor-heading-title elementor-size-default\">01. Pierwszy przystanek: Walencka Kaplica Syksty\u0144ska\n<\/h5>\t\t\t\t<\/div>\n\t\t\t\t<div class=\"elementor-element elementor-element-82531a6 elementor-widget elementor-widget-text-editor\" data-id=\"82531a6\" data-element_type=\"widget\" data-e-type=\"widget\" data-widget_type=\"text-editor.default\">\n\t\t\t\t\t\t\t\t\t<p class=\" translation-block\">Nasz spacer po gotyku walenckim rozpoczynamy od <strong>ko\u015bcio\u0142a \u015bw. Miko\u0142aja<\/strong>. Znany jako <strong>\u201eWalencka Kaplica Syksty\u0144ska\u201d<\/strong>, zachwyca po\u0142\u0105czeniem gotyckiej struktury z barokow\u0105 dekoracj\u0105 obejmuj\u0105c\u0105 <strong>2000 m\u00b2 fresk\u00f3w namalowanych przez Dion\u00edsa Vidala.<\/strong> To wizualne do\u015bwiadczenie, kt\u00f3rego nie zapomnisz!<\/p>\t\t\t\t\t\t\t\t<\/div>\n\t\t\t\t<div class=\"elementor-element elementor-element-a4c3818 elementor-widget elementor-widget-heading\" data-id=\"a4c3818\" data-element_type=\"widget\" data-e-type=\"widget\" data-widget_type=\"heading.default\">\n\t\t\t\t\t<h5 class=\"elementor-heading-title elementor-size-default\">02. Drugi przystanek: La Lonja de la Seda<\/h5>\t\t\t\t<\/div>\n\t\t\t\t<div class=\"elementor-element elementor-element-b5ef169 elementor-widget elementor-widget-text-editor\" data-id=\"b5ef169\" data-element_type=\"widget\" data-e-type=\"widget\" data-widget_type=\"text-editor.default\">\n\t\t\t\t\t\t\t\t\t<p class=\" translation-block\">Kontynuujemy nasz\u0105 tras\u0119 w kierunku <strong>La Lonja de la Seda<\/strong>, gotyckiego budynku wpisanego na list\u0119 <strong>\u015awiatowego Dziedzictwa UNESCO<\/strong>. To prawdziwe arcydzie\u0142o gotyku, kt\u00f3re zachwyci Ci\u0119 swoj\u0105 majestatyczn\u0105 architektur\u0105, z charakterystycznymi elementami gotyku walenckiego, takimi jak spiralne kolumny czy sklepienia krzy\u017cowo-\u017cebrowe.<\/p>\t\t\t\t\t\t\t\t<\/div>\n\t\t\t\t<div class=\"elementor-element elementor-element-4902fed elementor-widget elementor-widget-heading\" data-id=\"4902fed\" data-element_type=\"widget\" data-e-type=\"widget\" data-widget_type=\"heading.default\">\n\t\t\t\t\t<h5 class=\"elementor-heading-title elementor-size-default\"> 03. Trzeci przystanek: Katedra Naj\u015bwi\u0119tszej Maryi Panny<\/h5>\t\t\t\t<\/div>\n\t\t\t\t<div class=\"elementor-element elementor-element-46b9333 elementor-widget elementor-widget-text-editor\" data-id=\"46b9333\" data-element_type=\"widget\" data-e-type=\"widget\" data-widget_type=\"text-editor.default\">\n\t\t\t\t\t\t\t\t\t<p class=\" translation-block\">Dotrzemy do <strong>Katedry Metropolitalnej w Walencji<\/strong>, gdzie \u2013 jak g\u0142osi legenda \u2013 przechowywana jest jedna z naj\u015bwi\u0119tszych relikwii chrze\u015bcija\u0144stwa: \u015awi\u0119ty Graal. Czy to prawda? Przekonajmy si\u0119 razem!<\/p>\t\t\t\t\t\t\t\t<\/div>\n\t\t\t\t<div class=\"elementor-element elementor-element-14d43f7 elementor-widget elementor-widget-heading\" data-id=\"14d43f7\" data-element_type=\"widget\" data-e-type=\"widget\" data-widget_type=\"heading.default\">\n\t\t\t\t\t<h5 class=\"elementor-heading-title elementor-size-default\">04. Zako\u0144czenie na Plaza de la Virgen<\/h5>\t\t\t\t<\/div>\n\t\t\t\t<div class=\"elementor-element elementor-element-db1651d elementor-widget elementor-widget-text-editor\" data-id=\"db1651d\" data-element_type=\"widget\" data-e-type=\"widget\" data-widget_type=\"text-editor.default\">\n\t\t\t\t\t\t\t\t\t<p class=\" translation-block\">Nasza wycieczka zako\u0144czy si\u0119 na <strong>Plaza de la Virgen<\/strong>, sercu miasta. Tam b\u0119dziemy podziwia\u0107 <strong>Bazylik\u0119 Matki Bo\u017cej Opuszczonych<\/strong>, patronki Walencji, oraz poznamy dzia\u0142anie <strong>Trybuna\u0142u Wodnego<\/strong>, najstarszego dzia\u0142aj\u0105cego nieprzerwanie s\u0105du cywilnego w Europie.<\/p>\t\t\t\t\t\t\t\t<\/div>\n\t\t\t\t<div class=\"elementor-element elementor-element-54c1bd7 elementor-widget elementor-widget-text-editor\" data-id=\"54c1bd7\" data-element_type=\"widget\" data-e-type=\"widget\" data-widget_type=\"text-editor.default\">\n\t\t\t\t\t\t\t\t\t<p>Jest to standardowy plan zwiedzania, jednak mo\u017ce on ulec zmianie ze wzgl\u0119du na zmiany godzin otwarcia zabytk\u00f3w lub inne nieprzewidziane okoliczno\u015bci. W takim przypadku poinformujemy Ci\u0119 z wyprzedzeniem.<\/p>\t\t\t\t\t\t\t\t<\/div>\n\t\t\t\t<div class=\"elementor-element elementor-element-208f9c7d elementor-widget-divider--view-line elementor-widget elementor-widget-divider\" data-id=\"208f9c7d\" data-element_type=\"widget\" data-e-type=\"widget\" data-widget_type=\"divider.default\">\n\t\t\t\t\t\t\t<div class=\"elementor-divider\">\n\t\t\t<span class=\"elementor-divider-separator\">\n\t\t\t\t\t\t<\/span>\n\t\t<\/div>\n\t\t\t\t\t\t<\/div>\n\t\t\t\t<div class=\"elementor-element elementor-element-51f36979 elementor-widget elementor-widget-heading\" data-id=\"51f36979\" data-element_type=\"widget\" data-e-type=\"widget\" data-widget_type=\"heading.default\">\n\t\t\t\t\t<h3 class=\"elementor-heading-title elementor-size-default\">Wa\u017cne informacje<\/h3>\t\t\t\t<\/div>\n\t\t\t\t<div class=\"elementor-element elementor-element-8f3c4c7 elementor-widget elementor-widget-text-editor\" data-id=\"8f3c4c7\" data-element_type=\"widget\" data-e-type=\"widget\" data-widget_type=\"text-editor.default\">\n\t\t\t\t\t\t\t\t\t<p><strong>Harmonogram:<\/strong><\/p><ul><li>Rano: od wtorku do soboty o 10:00, w niedziele o 12:00.<\/li><li>Popo\u0142udnia: o 15:30 (od pa\u017adziernika do czerwca w\u0142\u0105cznie) lub o 16:30 (od lipca do wrze\u015bnia w\u0142\u0105cznie)<\/li><\/ul><p><strong>Zawiera:<\/strong>\u00a0bilety wst\u0119pu do ko\u015bcio\u0142a \u015aw. Miko\u0142aja, Lonja de la Seda (Gie\u0142dy Jedwabiu) i katedry w Walencji.<\/p><ul><li>Cena dla doros\u0142ych: 49 \u20ac.<\/li><li>Cena dla dzieci w wieku od 8 do 12 lat: 17,5\u20ac<\/li><li>Dzieci poni\u017cej 7. roku \u017cycia \u2013 bezp\u0142atnie. Prosimy o dodanie do koszyka wszystkich uczestnik\u00f3w.<\/li><\/ul><p>Wybierz j\u0119zyk podczas rezerwacji: hiszpa\u0144ski, angielski, w\u0142oski, polski, niemiecki, portugalski lub francuski.<br \/><strong>Minimum 6 os\u00f3b<\/strong> aby utworzy\u0107 grup\u0119<\/p><p>Kolejno\u015b\u0107\/plan zwiedzania mo\u017ce ulec zmianie z przyczyn niezale\u017cnych od nas, w takim przypadku poinformujemy o tym z wyprzedzeniem.<\/p>\t\t\t\t\t\t\t\t<\/div>\n\t\t\t\t<div class=\"elementor-element elementor-element-20a99665 elementor-widget-divider--view-line elementor-widget elementor-widget-divider\" data-id=\"20a99665\" data-element_type=\"widget\" data-e-type=\"widget\" data-widget_type=\"divider.default\">\n\t\t\t\t\t\t\t<div class=\"elementor-divider\">\n\t\t\t<span class=\"elementor-divider-separator\">\n\t\t\t\t\t\t<\/span>\n\t\t<\/div>\n\t\t\t\t\t\t<\/div>\n\t\t\t\t<div class=\"elementor-element elementor-element-2b9aaf78 elementor-widget elementor-widget-heading\" data-id=\"2b9aaf78\" data-element_type=\"widget\" data-e-type=\"widget\" data-widget_type=\"heading.default\">\n\t\t\t\t\t<h3 class=\"elementor-heading-title elementor-size-default\">Miejsce spotkania<\/h3>\t\t\t\t<\/div>\n\t\t\t\t<div class=\"elementor-element elementor-element-5fe4e607 elementor-widget elementor-widget-text-editor\" data-id=\"5fe4e607\" data-element_type=\"widget\" data-e-type=\"widget\" data-widget_type=\"text-editor.default\">\n\t\t\t\t\t\t\t\t\t<p>Torres de Serranos, od strony plaza de los Fueros\/Pla\u00e7a dels Furs<\/p>\t\t\t\t\t\t\t\t<\/div>\n\t\t\t\t<div class=\"elementor-element elementor-element-70bed67f elementor-widget-divider--view-line elementor-widget elementor-widget-divider\" data-id=\"70bed67f\" data-element_type=\"widget\" data-e-type=\"widget\" data-widget_type=\"divider.default\">\n\t\t\t\t\t\t\t<div class=\"elementor-divider\">\n\t\t\t<span class=\"elementor-divider-separator\">\n\t\t\t\t\t\t<\/span>\n\t\t<\/div>\n\t\t\t\t\t\t<\/div>\n\t\t\t\t<div class=\"elementor-element elementor-element-c16f3cc elementor-widget elementor-widget-heading\" data-id=\"c16f3cc\" data-element_type=\"widget\" data-e-type=\"widget\" data-widget_type=\"heading.default\">\n\t\t\t\t\t<h3 class=\"elementor-heading-title elementor-size-default\">Odbi\u00f3r z terminalu rejsowego<\/h3>\t\t\t\t<\/div>\n\t\t\t\t<div class=\"elementor-element elementor-element-798d251 elementor-widget elementor-widget-text-editor\" data-id=\"798d251\" data-element_type=\"widget\" data-e-type=\"widget\" data-widget_type=\"text-editor.default\">\n\t\t\t\t\t\t\t\t\t<p>Zwiedzanie historycznego centrum Walencji  z odbiorem z terminalu statk\u00f3w wycieczkowych<\/p><p>Je\u015bli podr\u00f3\u017cujesz statkiem wycieczkowym i chcesz odwiedzi\u0107 historyczne centrum Walencji, Valencia&amp;Go oferuje najbardziej praktyczne i najszybsze rozwi\u0105zanie.<\/p><p><strong>Nasza us\u0142uga obejmuje:<\/strong><\/p><ul><li class=\" translation-block\"><strong>Ekskluzywny odbi\u00f3r<\/strong> z terminalu rejsowego.<\/li><li class=\" translation-block\"><strong>Transport<\/strong> dla ma\u0142ej grupy.<\/li><li class=\" translation-block\"><strong>Lokalny, licencjonowany przewodnik<\/strong>.<\/li><li>Wej\u015bcie do g\u0142\u00f3wnych zabytk\u00f3w<\/li><li>Panoramiczna wycieczka autobusem po mie\u015bcie<\/li><\/ul><p>Odkryj najwa\u017cniejsze atrakcje Walencji z najlepszymi lokalnymi przewodnikami<\/p>\t\t\t\t\t\t\t\t<\/div>\n\t\t\t\t<div class=\"elementor-element elementor-element-9a85303 elementor-align-left elementor-widget elementor-widget-button\" data-id=\"9a85303\" data-element_type=\"widget\" data-e-type=\"widget\" data-widget_type=\"button.default\">\n\t\t\t\t\t\t\t\t\t\t<a class=\"elementor-button elementor-button-link elementor-size-sm\" href=\"https:\/\/upgrade.valenciaandgo.com\/pl\/excursiones-cruceros\/tour-por-valencia-cruceros-tour-de-arte-y-arquitectura-con-entradas\/\" target=\"_blank\">\n\t\t\t\t\t\t<span class=\"elementor-button-content-wrapper\">\n\t\t\t\t\t\t<span class=\"elementor-button-icon\">\n\t\t\t\t<svg xmlns=\"http:\/\/www.w3.org\/2000\/svg\" xmlns:xlink=\"http:\/\/www.w3.org\/1999\/xlink\" id=\"Capa_1\" x=\"0px\" y=\"0px\" viewbox=\"0 0 134.197 134.197\" style=\"enable-background:new 0 0 134.197 134.197;\" xml:space=\"preserve\"><g id=\"XMLID_1861_\">\t<path id=\"XMLID_1924_\" style=\"fill:#FFFFFF;\" d=\"M67.104,52.764c-5.2,0-9.41,4.21-9.41,9.4c0,5.2,4.21,9.41,9.41,9.41  s9.41-4.21,9.41-9.41C76.514,56.974,72.304,52.764,67.104,52.764z\"><\/path>\t<path id=\"XMLID_1863_\" style=\"fill:#FFFFFF;\" d=\"M83.124,35.578c0,0,9.629-5.857,11.501-10.606  c2.176-5.521-1.749-10.24-2.695-9.416c-6.833,6.121-5.237,6.182-6.253,9.335c-1.017,3.142-4.922,9.396-4.922,9.396  c-4.128-2.024-8.755-3.162-13.656-3.162c-17.144,0-31.044,13.9-31.044,31.044c0,26.316,31.044,57.604,31.044,57.604  s31.054-31.288,31.054-57.604C98.153,50.892,92.133,41.019,83.124,35.578z M67.099,81.702c-10.789,0-19.533-8.735-19.533-19.533  c0-10.778,8.745-19.533,19.533-19.533c10.789,0,19.534,8.755,19.534,19.533C86.632,72.968,77.887,81.702,67.099,81.702z\"><\/path>\t<path id=\"XMLID_1862_\" style=\"fill:#FFFFFF;\" d=\"M133.784,37.838c-9.248-15.488-18.396-15.023-26.396-13.7  c-7.642,1.788-14.242,5.042-14.242,5.042s5.048,8.262,11.577,11.8C111.842,45.291,120.88,44.537,133.784,37.838z\"><\/path><\/g><\/svg>\t\t\t<\/span>\n\t\t\t\t\t\t\t\t\t<span class=\"elementor-button-text\">POZNAJ WSZYSTKIE SZCZEG\u00d3\u0141Y<\/span>\n\t\t\t\t\t<\/span>\n\t\t\t\t\t<\/a>\n\t\t\t\t\t\t\t\t<\/div>\n\t\t\t\t<div class=\"elementor-element elementor-element-5ccc2fb3 elementor-widget elementor-widget-heading\" data-id=\"5ccc2fb3\" data-element_type=\"widget\" data-e-type=\"widget\" data-widget_type=\"heading.default\">\n\t\t\t\t\t<h3 class=\"elementor-heading-title elementor-size-default\">Najcz\u0119\u015bciej zadawane pytania<\/h3>\t\t\t\t<\/div>\n\t\t\t\t<div class=\"elementor-element elementor-element-56e570e elementor-widget-divider--view-line elementor-widget elementor-widget-divider\" data-id=\"56e570e\" data-element_type=\"widget\" data-e-type=\"widget\" data-widget_type=\"divider.default\">\n\t\t\t\t\t\t\t<div class=\"elementor-divider\">\n\t\t\t<span class=\"elementor-divider-separator\">\n\t\t\t\t\t\t<\/span>\n\t\t<\/div>\n\t\t\t\t\t\t<\/div>\n\t\t\t\t\t<\/div>\n\t\t\t\t<\/div>\n\t\t<div class=\"elementor-element elementor-element-154c277 e-flex e-con-boxed e-con e-parent\" data-id=\"154c277\" data-element_type=\"container\" data-e-type=\"container\" data-settings=\"{&quot;background_background&quot;:&quot;classic&quot;}\">\n\t\t\t\t\t<div class=\"e-con-inner\">\n\t\t\t\t<div class=\"elementor-element elementor-element-ca36e3d elementor-widget elementor-widget-n-accordion\" data-id=\"ca36e3d\" data-element_type=\"widget\" data-e-type=\"widget\" data-settings=\"{&quot;default_state&quot;:&quot;all_collapsed&quot;,&quot;max_items_expended&quot;:&quot;one&quot;,&quot;n_accordion_animation_duration&quot;:{&quot;unit&quot;:&quot;ms&quot;,&quot;size&quot;:400,&quot;sizes&quot;:[]}}\" data-widget_type=\"nested-accordion.default\">\n\t\t\t\t\t\t\t<div class=\"e-n-accordion\" aria-label=\"Akordeon. Otwieraj \u0142\u0105cza za pomoc\u0105 klawisza Enter lub spacji, zamykaj za pomoc\u0105 klawisza Escape i nawiguj za pomoc\u0105 klawiszy strza\u0142ek\">\n\t\t\t\t\t\t<details id=\"e-n-accordion-item-2120\" class=\"e-n-accordion-item\" >\n\t\t\t\t<summary class=\"e-n-accordion-item-title\" data-accordion-index=\"1\" tabindex=\"0\" aria-expanded=\"false\" aria-controls=\"e-n-accordion-item-2120\" >\n\t\t\t\t\t<span class='e-n-accordion-item-title-header'><div class=\"e-n-accordion-item-title-text\"> Jak rozpoznam przewodnika? <\/div><\/span>\n\t\t\t\t\t\t\t<span class='e-n-accordion-item-title-icon'>\n\t\t\t<span class='e-opened' ><svg aria-hidden=\"true\" class=\"e-font-icon-svg e-fas-minus\" viewbox=\"0 0 448 512\" xmlns=\"http:\/\/www.w3.org\/2000\/svg\"><path d=\"M416 208H32c-17.67 0-32 14.33-32 32v32c0 17.67 14.33 32 32 32h384c17.67 0 32-14.33 32-32v-32c0-17.67-14.33-32-32-32z\"><\/path><\/svg><\/span>\n\t\t\t<span class='e-closed'><svg aria-hidden=\"true\" class=\"e-font-icon-svg e-fas-plus\" viewbox=\"0 0 448 512\" xmlns=\"http:\/\/www.w3.org\/2000\/svg\"><path d=\"M416 208H272V64c0-17.67-14.33-32-32-32h-32c-17.67 0-32 14.33-32 32v144H32c-17.67 0-32 14.33-32 32v32c0 17.67 14.33 32 32 32h144v144c0 17.67 14.33 32 32 32h32c17.67 0 32-14.33 32-32V304h144c17.67 0 32-14.33 32-32v-32c0-17.67-14.33-32-32-32z\"><\/path><\/svg><\/span>\n\t\t<\/span>\n\n\t\t\t\t\t\t<\/summary>\n\t\t\t\t<div role=\"region\" aria-labelledby=\"e-n-accordion-item-2120\" class=\"elementor-element elementor-element-3bae183 e-con-full e-flex e-con e-child\" data-id=\"3bae183\" data-element_type=\"container\" data-e-type=\"container\">\n\t\t<div role=\"region\" aria-labelledby=\"e-n-accordion-item-2120\" class=\"elementor-element elementor-element-fe5090d e-flex e-con-boxed e-con e-child\" data-id=\"fe5090d\" data-element_type=\"container\" data-e-type=\"container\">\n\t\t\t\t\t<div class=\"e-con-inner\">\n\t\t\t\t<div class=\"elementor-element elementor-element-961bde6 elementor-widget elementor-widget-text-editor\" data-id=\"961bde6\" data-element_type=\"widget\" data-e-type=\"widget\" data-widget_type=\"text-editor.default\">\n\t\t\t\t\t\t\t\t\t<p>Przewodnika z oficjaln\u0105 akredytacj\u0105 mo\u017cna znale\u017a\u0107 przy g\u0142\u00f3wnych drzwiach wie\u017c Serranos od strony placu. Mo\u017cesz zapyta\u0107 o\nValencia&amp;Go, a je\u015bli nie mo\u017cesz go znale\u017a\u0107, mo\u017cesz skontaktowa\u0107 si\u0119 z nami bezpo\u015brednio przez WhatsApp, aby uzyska\u0107 dok\u0142adne\nwskaz\u00f3wki.<\/p>\t\t\t\t\t\t\t\t<\/div>\n\t\t\t\t\t<\/div>\n\t\t\t\t<\/div>\n\t\t\t\t<\/div>\n\t\t\t\t\t<\/details>\n\t\t\t\t\t\t<details id=\"e-n-accordion-item-2121\" class=\"e-n-accordion-item\" >\n\t\t\t\t<summary class=\"e-n-accordion-item-title\" data-accordion-index=\"2\" tabindex=\"-1\" aria-expanded=\"false\" aria-controls=\"e-n-accordion-item-2121\" >\n\t\t\t\t\t<span class='e-n-accordion-item-title-header'><div class=\"e-n-accordion-item-title-text\"> Co zarezerwowa\u0142em? <\/div><\/span>\n\t\t\t\t\t\t\t<span class='e-n-accordion-item-title-icon'>\n\t\t\t<span class='e-opened' ><svg aria-hidden=\"true\" class=\"e-font-icon-svg e-fas-minus\" viewbox=\"0 0 448 512\" xmlns=\"http:\/\/www.w3.org\/2000\/svg\"><path d=\"M416 208H32c-17.67 0-32 14.33-32 32v32c0 17.67 14.33 32 32 32h384c17.67 0 32-14.33 32-32v-32c0-17.67-14.33-32-32-32z\"><\/path><\/svg><\/span>\n\t\t\t<span class='e-closed'><svg aria-hidden=\"true\" class=\"e-font-icon-svg e-fas-plus\" viewbox=\"0 0 448 512\" xmlns=\"http:\/\/www.w3.org\/2000\/svg\"><path d=\"M416 208H272V64c0-17.67-14.33-32-32-32h-32c-17.67 0-32 14.33-32 32v144H32c-17.67 0-32 14.33-32 32v32c0 17.67 14.33 32 32 32h144v144c0 17.67 14.33 32 32 32h32c17.67 0 32-14.33 32-32V304h144c17.67 0 32-14.33 32-32v-32c0-17.67-14.33-32-32-32z\"><\/path><\/svg><\/span>\n\t\t<\/span>\n\n\t\t\t\t\t\t<\/summary>\n\t\t\t\t<div role=\"region\" aria-labelledby=\"e-n-accordion-item-2121\" class=\"elementor-element elementor-element-7fe7c3f e-con-full e-flex e-con e-child\" data-id=\"7fe7c3f\" data-element_type=\"container\" data-e-type=\"container\">\n\t\t\t\t<div class=\"elementor-element elementor-element-befb4c5 elementor-widget elementor-widget-text-editor\" data-id=\"befb4c5\" data-element_type=\"widget\" data-e-type=\"widget\" data-widget_type=\"text-editor.default\">\n\t\t\t\t\t\t\t\t\t<p>Zarezerwowa\u0142e\u015b wycieczk\u0119 z licencjonowanym lokalnym przewodnikiem, obejmuj\u0105c\u0105 wej\u015bcie do katedry, Gie\u0142dy Jedwabiu i ko\u015bcio\u0142a \u015bw. Miko\u0142aja.<\/p>\t\t\t\t\t\t\t\t<\/div>\n\t\t\t\t<\/div>\n\t\t\t\t\t<\/details>\n\t\t\t\t\t\t<details id=\"e-n-accordion-item-2122\" class=\"e-n-accordion-item\" >\n\t\t\t\t<summary class=\"e-n-accordion-item-title\" data-accordion-index=\"3\" tabindex=\"-1\" aria-expanded=\"false\" aria-controls=\"e-n-accordion-item-2122\" >\n\t\t\t\t\t<span class='e-n-accordion-item-title-header'><div class=\"e-n-accordion-item-title-text\"> Polityka anulowania <\/div><\/span>\n\t\t\t\t\t\t\t<span class='e-n-accordion-item-title-icon'>\n\t\t\t<span class='e-opened' ><svg aria-hidden=\"true\" class=\"e-font-icon-svg e-fas-minus\" viewbox=\"0 0 448 512\" xmlns=\"http:\/\/www.w3.org\/2000\/svg\"><path d=\"M416 208H32c-17.67 0-32 14.33-32 32v32c0 17.67 14.33 32 32 32h384c17.67 0 32-14.33 32-32v-32c0-17.67-14.33-32-32-32z\"><\/path><\/svg><\/span>\n\t\t\t<span class='e-closed'><svg aria-hidden=\"true\" class=\"e-font-icon-svg e-fas-plus\" viewbox=\"0 0 448 512\" xmlns=\"http:\/\/www.w3.org\/2000\/svg\"><path d=\"M416 208H272V64c0-17.67-14.33-32-32-32h-32c-17.67 0-32 14.33-32 32v144H32c-17.67 0-32 14.33-32 32v32c0 17.67 14.33 32 32 32h144v144c0 17.67 14.33 32 32 32h32c17.67 0 32-14.33 32-32V304h144c17.67 0 32-14.33 32-32v-32c0-17.67-14.33-32-32-32z\"><\/path><\/svg><\/span>\n\t\t<\/span>\n\n\t\t\t\t\t\t<\/summary>\n\t\t\t\t<div role=\"region\" aria-labelledby=\"e-n-accordion-item-2122\" class=\"elementor-element elementor-element-a02e6e4 e-con-full e-flex e-con e-child\" data-id=\"a02e6e4\" data-element_type=\"container\" data-e-type=\"container\">\n\t\t\t\t<div class=\"elementor-element elementor-element-8524c03 elementor-widget elementor-widget-text-editor\" data-id=\"8524c03\" data-element_type=\"widget\" data-e-type=\"widget\" data-widget_type=\"text-editor.default\">\n\t\t\t\t\t\t\t\t\t<p><span style=\"font-weight: 400;\">Mo\u017cesz odwo\u0142a\u0107 rezerwacj\u0119 bezp\u0142atnie w terminie wskazanym na karcie produktu. Po up\u0142ywie tego terminu lub w przypadku niepojawienia si\u0119, zwrot nie b\u0119dzie realizowany.<\/span><\/p>\t\t\t\t\t\t\t\t<\/div>\n\t\t\t\t<\/div>\n\t\t\t\t\t<\/details>\n\t\t\t\t\t<\/div>\n\t\t\t\t\t\t<\/div>\n\t\t\t\t\t<\/div>\n\t\t\t\t<\/div>\n\t\t\t\t<\/div>","protected":false},"excerpt":{"rendered":"<p class=\" translation-block\">Czy chcesz pozna\u0107 od \u015brodka <strong>najs\u0142ynniejsze zabytki Walencji<\/strong>?<\/p>","protected":false},"featured_media":5565,"template":"","meta":{"_acf_changed":false},"product_cat":[15],"product_tag":[],"class_list":{"0":"post-2988","1":"product","2":"type-product","3":"status-publish","4":"has-post-thumbnail","6":"product_cat-tours-valencia","8":"first","9":"instock","10":"virtual","11":"sold-individually","12":"taxable","13":"purchasable","14":"product-type-turitop"},"acf":[],"yoast_head":"<!-- This site is optimized with the Yoast SEO plugin v27.5 - https:\/\/yoast.com\/product\/yoast-seo-wordpress\/ -->\n<title>Qu\u00e9 ver en Valencia en 1 d\u00eda | Lonja, Catedral y San Nicol\u00e1s<\/title>\n<meta name=\"description\" content=\"Descubre qu\u00e9 ver en Valencia en 1 d\u00eda con este tour de arte: visita guiada a la Lonja, la Catedral y San Nicol\u00e1s con entradas incluidas.\" \/>\n<meta name=\"robots\" content=\"noindex, follow, max-snippet:-1, max-image-preview:large, max-video-preview:-1\" \/>\n<meta property=\"og:locale\" content=\"pl_PL\" \/>\n<meta property=\"og:type\" content=\"article\" \/>\n<meta property=\"og:title\" content=\"Qu\u00e9 ver en Valencia en 1 d\u00eda | Lonja, Catedral y San Nicol\u00e1s\" \/>\n<meta property=\"og:description\" content=\"Descubre qu\u00e9 ver en Valencia en 1 d\u00eda con este tour de arte: visita guiada a la Lonja, la Catedral y San Nicol\u00e1s con entradas incluidas.\" \/>\n<meta property=\"og:url\" content=\"https:\/\/upgrade.valenciaandgo.com\/pl\/wycieczki-po-walencji\/wycieczka-po-sztuce-i-architekturze\/\" \/>\n<meta property=\"og:site_name\" content=\"Valencia&amp;Go\" \/>\n<meta property=\"article:publisher\" content=\"https:\/\/www.facebook.com\/valenciaandgo\/\" \/>\n<meta property=\"article:modified_time\" content=\"2026-04-23T07:16:02+00:00\" \/>\n<meta property=\"og:image\" content=\"https:\/\/upgrade.valenciaandgo.com\/wp-content\/uploads\/tours-excursiones\/03-arte-arquitectura\/tour-arte-arquitectura_5.webp\" \/>\n\t<meta property=\"og:image:width\" content=\"920\" \/>\n\t<meta property=\"og:image:height\" content=\"688\" \/>\n\t<meta property=\"og:image:type\" content=\"image\/webp\" \/>\n<meta name=\"twitter:card\" content=\"summary_large_image\" \/>\n<meta name=\"twitter:label1\" content=\"Szacowany czas czytania\" \/>\n\t<meta name=\"twitter:data1\" content=\"5 minut\" \/>\n<script type=\"application\/ld+json\" class=\"yoast-schema-graph\">{\"@context\":\"https:\\\/\\\/schema.org\",\"@graph\":[{\"@type\":\"WebPage\",\"@id\":\"https:\\\/\\\/upgrade.valenciaandgo.com\\\/tours-valencia\\\/tour-de-arte-y-arquitectura\\\/\",\"url\":\"https:\\\/\\\/upgrade.valenciaandgo.com\\\/tours-valencia\\\/tour-de-arte-y-arquitectura\\\/\",\"name\":\"Qu\u00e9 ver en Valencia en 1 d\u00eda | Lonja, Catedral y San Nicol\u00e1s\",\"isPartOf\":{\"@id\":\"https:\\\/\\\/upgrade.valenciaandgo.com\\\/it\\\/#website\"},\"primaryImageOfPage\":{\"@id\":\"https:\\\/\\\/upgrade.valenciaandgo.com\\\/tours-valencia\\\/tour-de-arte-y-arquitectura\\\/#primaryimage\"},\"image\":{\"@id\":\"https:\\\/\\\/upgrade.valenciaandgo.com\\\/tours-valencia\\\/tour-de-arte-y-arquitectura\\\/#primaryimage\"},\"thumbnailUrl\":\"https:\\\/\\\/upgrade.valenciaandgo.com\\\/wp-content\\\/uploads\\\/tours-excursiones\\\/03-arte-arquitectura\\\/tour-arte-arquitectura_5.webp\",\"datePublished\":\"2025-12-11T10:10:26+00:00\",\"dateModified\":\"2026-04-23T07:16:02+00:00\",\"description\":\"Descubre qu\u00e9 ver en Valencia en 1 d\u00eda con este tour de arte: visita guiada a la Lonja, la Catedral y San Nicol\u00e1s con entradas incluidas.\",\"breadcrumb\":{\"@id\":\"https:\\\/\\\/upgrade.valenciaandgo.com\\\/tours-valencia\\\/tour-de-arte-y-arquitectura\\\/#breadcrumb\"},\"inLanguage\":\"pl-PL\",\"potentialAction\":[{\"@type\":\"ReadAction\",\"target\":[\"https:\\\/\\\/upgrade.valenciaandgo.com\\\/tours-valencia\\\/tour-de-arte-y-arquitectura\\\/\"]}]},{\"@type\":\"ImageObject\",\"inLanguage\":\"pl-PL\",\"@id\":\"https:\\\/\\\/upgrade.valenciaandgo.com\\\/tours-valencia\\\/tour-de-arte-y-arquitectura\\\/#primaryimage\",\"url\":\"https:\\\/\\\/upgrade.valenciaandgo.com\\\/wp-content\\\/uploads\\\/tours-excursiones\\\/03-arte-arquitectura\\\/tour-arte-arquitectura_5.webp\",\"contentUrl\":\"https:\\\/\\\/upgrade.valenciaandgo.com\\\/wp-content\\\/uploads\\\/tours-excursiones\\\/03-arte-arquitectura\\\/tour-arte-arquitectura_5.webp\",\"width\":920,\"height\":688,\"caption\":\"Visitantes admirando la riqueza art\u00edstica y arquitect\u00f3nica de uno de los interiores hist\u00f3ricos de Valencia\"},{\"@type\":\"BreadcrumbList\",\"@id\":\"https:\\\/\\\/upgrade.valenciaandgo.com\\\/tours-valencia\\\/tour-de-arte-y-arquitectura\\\/#breadcrumb\",\"itemListElement\":[{\"@type\":\"ListItem\",\"position\":1,\"name\":\"Portada\",\"item\":\"https:\\\/\\\/upgrade.valenciaandgo.com\\\/\"},{\"@type\":\"ListItem\",\"position\":2,\"name\":\"Tours\",\"item\":\"https:\\\/\\\/upgrade.valenciaandgo.com\\\/tours\\\/\"},{\"@type\":\"ListItem\",\"position\":3,\"name\":\"Qu\u00e9 ver en 1 d\u00eda: Lonja, Catedral y San Nicol\u00e1s en el tour de arte\"}]},{\"@type\":\"WebSite\",\"@id\":\"https:\\\/\\\/upgrade.valenciaandgo.com\\\/it\\\/#website\",\"url\":\"https:\\\/\\\/upgrade.valenciaandgo.com\\\/it\\\/\",\"name\":\"Valencia&Go\",\"description\":\"Tours por Valencia y alrededores de ciudad.\",\"publisher\":{\"@id\":\"https:\\\/\\\/upgrade.valenciaandgo.com\\\/it\\\/#organization\"},\"potentialAction\":[{\"@type\":\"SearchAction\",\"target\":{\"@type\":\"EntryPoint\",\"urlTemplate\":\"https:\\\/\\\/upgrade.valenciaandgo.com\\\/it\\\/?s={search_term_string}\"},\"query-input\":{\"@type\":\"PropertyValueSpecification\",\"valueRequired\":true,\"valueName\":\"search_term_string\"}}],\"inLanguage\":\"pl-PL\"},{\"@type\":\"Organization\",\"@id\":\"https:\\\/\\\/upgrade.valenciaandgo.com\\\/it\\\/#organization\",\"name\":\"Valencia&Go\",\"url\":\"https:\\\/\\\/upgrade.valenciaandgo.com\\\/it\\\/\",\"logo\":{\"@type\":\"ImageObject\",\"inLanguage\":\"pl-PL\",\"@id\":\"https:\\\/\\\/upgrade.valenciaandgo.com\\\/it\\\/#\\\/schema\\\/logo\\\/image\\\/\",\"url\":\"https:\\\/\\\/upgrade.valenciaandgo.com\\\/wp-content\\\/uploads\\\/2025\\\/10\\\/valencia_go-svg-blnc-iso-naranja.svg\",\"contentUrl\":\"https:\\\/\\\/upgrade.valenciaandgo.com\\\/wp-content\\\/uploads\\\/2025\\\/10\\\/valencia_go-svg-blnc-iso-naranja.svg\",\"width\":434,\"height\":102,\"caption\":\"Valencia&Go\"},\"image\":{\"@id\":\"https:\\\/\\\/upgrade.valenciaandgo.com\\\/it\\\/#\\\/schema\\\/logo\\\/image\\\/\"},\"sameAs\":[\"https:\\\/\\\/www.facebook.com\\\/valenciaandgo\\\/\",\"https:\\\/\\\/www.instagram.com\\\/valenciaandgo\",\"https:\\\/\\\/www.linkedin.com\\\/company\\\/valencia-go\\\/\",\"https:\\\/\\\/www.tiktok.com\\\/@valenciaandgo\"]}]}<\/script>\n<!-- \/ Yoast SEO plugin. -->","yoast_head_json":{"title":"Co zobaczy\u0107 w Walencji w 1 dzie\u0144 | Lonja, katedra i San Nicol\u00e1s","description":"Odkryj, co warto zobaczy\u0107 w Walencji w ci\u0105gu 1 dnia dzi\u0119ki tej wycieczce artystycznej: wizyta z przewodnikiem w Lonja, katedrze i San Nicol\u00e1s z biletami w cenie.","robots":{"index":"noindex","follow":"follow","max-snippet":"max-snippet:-1","max-image-preview":"max-image-preview:large","max-video-preview":"max-video-preview:-1"},"og_locale":"pl_PL","og_type":"article","og_title":"Qu\u00e9 ver en Valencia en 1 d\u00eda | Lonja, Catedral y San Nicol\u00e1s","og_description":"Descubre qu\u00e9 ver en Valencia en 1 d\u00eda con este tour de arte: visita guiada a la Lonja, la Catedral y San Nicol\u00e1s con entradas incluidas.","og_url":"https:\/\/upgrade.valenciaandgo.com\/pl\/wycieczki-po-walencji\/wycieczka-po-sztuce-i-architekturze\/","og_site_name":"Valencia&amp;Go","article_publisher":"https:\/\/www.facebook.com\/valenciaandgo\/","article_modified_time":"2026-04-23T07:16:02+00:00","og_image":[{"width":920,"height":688,"url":"https:\/\/upgrade.valenciaandgo.com\/wp-content\/uploads\/tours-excursiones\/03-arte-arquitectura\/tour-arte-arquitectura_5.webp","type":"image\/webp"}],"twitter_card":"summary_large_image","twitter_misc":{"Szacowany czas czytania":"5 minut"},"schema":{"@context":"https:\/\/schema.org","@graph":[{"@type":"WebPage","@id":"https:\/\/upgrade.valenciaandgo.com\/tours-valencia\/tour-de-arte-y-arquitectura\/","url":"https:\/\/upgrade.valenciaandgo.com\/tours-valencia\/tour-de-arte-y-arquitectura\/","name":"Co zobaczy\u0107 w Walencji w 1 dzie\u0144 | Lonja, katedra i San Nicol\u00e1s","isPartOf":{"@id":"https:\/\/upgrade.valenciaandgo.com\/it\/#website"},"primaryImageOfPage":{"@id":"https:\/\/upgrade.valenciaandgo.com\/tours-valencia\/tour-de-arte-y-arquitectura\/#primaryimage"},"image":{"@id":"https:\/\/upgrade.valenciaandgo.com\/tours-valencia\/tour-de-arte-y-arquitectura\/#primaryimage"},"thumbnailUrl":"https:\/\/upgrade.valenciaandgo.com\/wp-content\/uploads\/tours-excursiones\/03-arte-arquitectura\/tour-arte-arquitectura_5.webp","datePublished":"2025-12-11T10:10:26+00:00","dateModified":"2026-04-23T07:16:02+00:00","description":"Odkryj, co warto zobaczy\u0107 w Walencji w ci\u0105gu 1 dnia dzi\u0119ki tej wycieczce artystycznej: wizyta z przewodnikiem w Lonja, katedrze i San Nicol\u00e1s z biletami w cenie.","breadcrumb":{"@id":"https:\/\/upgrade.valenciaandgo.com\/tours-valencia\/tour-de-arte-y-arquitectura\/#breadcrumb"},"inLanguage":"pl-PL","potentialAction":[{"@type":"ReadAction","target":["https:\/\/upgrade.valenciaandgo.com\/tours-valencia\/tour-de-arte-y-arquitectura\/"]}]},{"@type":"ImageObject","inLanguage":"pl-PL","@id":"https:\/\/upgrade.valenciaandgo.com\/tours-valencia\/tour-de-arte-y-arquitectura\/#primaryimage","url":"https:\/\/upgrade.valenciaandgo.com\/wp-content\/uploads\/tours-excursiones\/03-arte-arquitectura\/tour-arte-arquitectura_5.webp","contentUrl":"https:\/\/upgrade.valenciaandgo.com\/wp-content\/uploads\/tours-excursiones\/03-arte-arquitectura\/tour-arte-arquitectura_5.webp","width":920,"height":688,"caption":"Visitantes admirando la riqueza art\u00edstica y arquitect\u00f3nica de uno de los interiores hist\u00f3ricos de Valencia"},{"@type":"BreadcrumbList","@id":"https:\/\/upgrade.valenciaandgo.com\/tours-valencia\/tour-de-arte-y-arquitectura\/#breadcrumb","itemListElement":[{"@type":"ListItem","position":1,"name":"Portada","item":"https:\/\/upgrade.valenciaandgo.com\/"},{"@type":"ListItem","position":2,"name":"Tours","item":"https:\/\/upgrade.valenciaandgo.com\/tours\/"},{"@type":"ListItem","position":3,"name":"Qu\u00e9 ver en 1 d\u00eda: Lonja, Catedral y San Nicol\u00e1s en el tour de arte"}]},{"@type":"WebSite","@id":"https:\/\/upgrade.valenciaandgo.com\/it\/#website","url":"https:\/\/upgrade.valenciaandgo.com\/it\/","name":"Valencia&amp;Go","description":"Wycieczki po Walencji i okolicach.","publisher":{"@id":"https:\/\/upgrade.valenciaandgo.com\/it\/#organization"},"potentialAction":[{"@type":"SearchAction","target":{"@type":"EntryPoint","urlTemplate":"https:\/\/upgrade.valenciaandgo.com\/it\/?s={search_term_string}"},"query-input":{"@type":"PropertyValueSpecification","valueRequired":true,"valueName":"search_term_string"}}],"inLanguage":"pl-PL"},{"@type":"Organization","@id":"https:\/\/upgrade.valenciaandgo.com\/it\/#organization","name":"Valencia&amp;Go","url":"https:\/\/upgrade.valenciaandgo.com\/it\/","logo":{"@type":"ImageObject","inLanguage":"pl-PL","@id":"https:\/\/upgrade.valenciaandgo.com\/it\/#\/schema\/logo\/image\/","url":"https:\/\/upgrade.valenciaandgo.com\/wp-content\/uploads\/2025\/10\/valencia_go-svg-blnc-iso-naranja.svg","contentUrl":"https:\/\/upgrade.valenciaandgo.com\/wp-content\/uploads\/2025\/10\/valencia_go-svg-blnc-iso-naranja.svg","width":434,"height":102,"caption":"Valencia&Go"},"image":{"@id":"https:\/\/upgrade.valenciaandgo.com\/it\/#\/schema\/logo\/image\/"},"sameAs":["https:\/\/www.facebook.com\/valenciaandgo\/","https:\/\/www.instagram.com\/valenciaandgo","https:\/\/www.linkedin.com\/company\/valencia-go\/","https:\/\/www.tiktok.com\/@valenciaandgo"]}]}},"_links":{"self":[{"href":"https:\/\/upgrade.valenciaandgo.com\/pl\/wp-json\/wp\/v2\/product\/2988","targetHints":{"allow":["GET"]}}],"collection":[{"href":"https:\/\/upgrade.valenciaandgo.com\/pl\/wp-json\/wp\/v2\/product"}],"about":[{"href":"https:\/\/upgrade.valenciaandgo.com\/pl\/wp-json\/wp\/v2\/types\/product"}],"version-history":[{"count":0,"href":"https:\/\/upgrade.valenciaandgo.com\/pl\/wp-json\/wp\/v2\/product\/2988\/revisions"}],"wp:featuredmedia":[{"embeddable":true,"href":"https:\/\/upgrade.valenciaandgo.com\/pl\/wp-json\/wp\/v2\/media\/5565"}],"wp:attachment":[{"href":"https:\/\/upgrade.valenciaandgo.com\/pl\/wp-json\/wp\/v2\/media?parent=2988"}],"wp:term":[{"taxonomy":"product_cat","embeddable":true,"href":"https:\/\/upgrade.valenciaandgo.com\/pl\/wp-json\/wp\/v2\/product_cat?post=2988"},{"taxonomy":"product_tag","embeddable":true,"href":"https:\/\/upgrade.valenciaandgo.com\/pl\/wp-json\/wp\/v2\/product_tag?post=2988"}],"curies":[{"name":"wp","href":"https:\/\/api.w.org\/{rel}","templated":true}]}}