{"id":11883,"date":"2026-03-23T16:30:10","date_gmt":"2026-03-23T16:30:10","guid":{"rendered":"https:\/\/www.valenciaandgo.com\/?post_type=product&#038;p=11883"},"modified":"2026-04-23T07:07:19","modified_gmt":"2026-04-23T07:07:19","slug":"ruta-seda-valencia-lonja-entrada","status":"publish","type":"product","link":"https:\/\/upgrade.valenciaandgo.com\/pl\/tours-valencia\/ruta-seda-valencia-lonja-entrada\/","title":{"rendered":"Szlak Jedwabny i wej\u015bcie do La Lonja \u2013 obiektu \u015awiatowego Dziedzictwa UNESCO"},"content":{"rendered":"<div data-elementor-type=\"product-post\" data-elementor-id=\"11883\" class=\"elementor elementor-11883\" data-elementor-post-type=\"product\">\n\t\t\t\t<div class=\"elementor-element elementor-element-c2e0387 e-flex e-con-boxed e-con e-parent\" data-id=\"c2e0387\" data-element_type=\"container\" data-e-type=\"container\" data-settings=\"{&quot;background_background&quot;:&quot;classic&quot;}\">\n\t\t\t\t\t<div class=\"e-con-inner\">\n\t\t\t\t<div class=\"elementor-element elementor-element-3e42dc9 elementor-widget elementor-widget-text-editor\" data-id=\"3e42dc9\" data-element_type=\"widget\" data-e-type=\"widget\" data-widget_type=\"text-editor.default\">\n\t\t\t\t\t\t\t\t\t<p>Odkryj Szlak Jedwabny w Walencji i odwied\u017a Lonj\u0119, gie\u0142d\u0119 jedwabiu wpisan\u0105 na list\u0119 \u015bwiatowego dziedzictwa UNESCO.<\/p>\t\t\t\t\t\t\t\t<\/div>\n\t\t\t\t<div class=\"elementor-element elementor-element-26fe76af elementor-widget elementor-widget-heading\" data-id=\"26fe76af\" data-element_type=\"widget\" data-e-type=\"widget\" data-widget_type=\"heading.default\">\n\t\t\t\t\t<h3 class=\"elementor-heading-title elementor-size-default\">Najwa\u017cniejsze punkty<\/h3>\t\t\t\t<\/div>\n\t\t\t\t<div class=\"elementor-element elementor-element-4cbd8c46 elementor-align-start elementor-icon-list--layout-traditional elementor-list-item-link-full_width elementor-widget elementor-widget-icon-list\" data-id=\"4cbd8c46\" data-element_type=\"widget\" data-e-type=\"widget\" data-widget_type=\"icon-list.default\">\n\t\t\t\t\t\t\t<ul class=\"elementor-icon-list-items\">\n\t\t\t\t\t\t\t<li class=\"elementor-icon-list-item\">\n\t\t\t\t\t\t\t\t\t\t\t<span class=\"elementor-icon-list-icon\">\n\t\t\t\t\t\t\t<svg aria-hidden=\"true\" class=\"e-font-icon-svg e-far-arrow-alt-circle-right\" viewbox=\"0 0 512 512\" xmlns=\"http:\/\/www.w3.org\/2000\/svg\"><path d=\"M504 256C504 119 393 8 256 8S8 119 8 256s111 248 248 248 248-111 248-248zm-448 0c0-110.5 89.5-200 200-200s200 89.5 200 200-89.5 200-200 200S56 366.5 56 256zm72 20v-40c0-6.6 5.4-12 12-12h116v-67c0-10.7 12.9-16 20.5-8.5l99 99c4.7 4.7 4.7 12.3 0 17l-99 99c-7.6 7.6-20.5 2.2-20.5-8.5v-67H140c-6.6 0-12-5.4-12-12z\"><\/path><\/svg>\t\t\t\t\t\t<\/span>\n\t\t\t\t\t\t\t\t\t\t<span class=\"elementor-icon-list-text\">Przemierzaj historyczne centrum i odkryj, jak na przestrzeni wiek\u00f3w Walencja sta\u0142a si\u0119 pot\u0119g\u0105 gospodarcz\u0105 i kulturaln\u0105 dzi\u0119ki jedwabiowi.<\/span>\n\t\t\t\t\t\t\t\t\t<\/li>\n\t\t\t\t\t\t\t\t<li class=\"elementor-icon-list-item\">\n\t\t\t\t\t\t\t\t\t\t\t<span class=\"elementor-icon-list-icon\">\n\t\t\t\t\t\t\t<svg aria-hidden=\"true\" class=\"e-font-icon-svg e-far-arrow-alt-circle-right\" viewbox=\"0 0 512 512\" xmlns=\"http:\/\/www.w3.org\/2000\/svg\"><path d=\"M504 256C504 119 393 8 256 8S8 119 8 256s111 248 248 248 248-111 248-248zm-448 0c0-110.5 89.5-200 200-200s200 89.5 200 200-89.5 200-200 200S56 366.5 56 256zm72 20v-40c0-6.6 5.4-12 12-12h116v-67c0-10.7 12.9-16 20.5-8.5l99 99c4.7 4.7 4.7 12.3 0 17l-99 99c-7.6 7.6-20.5 2.2-20.5-8.5v-67H140c-6.6 0-12-5.4-12-12z\"><\/path><\/svg>\t\t\t\t\t\t<\/span>\n\t\t\t\t\t\t\t\t\t\t<span class=\"elementor-icon-list-text\">Podziwiaj jedn\u0105 z pere\u0142 europejskiego gotyku \u015bwieckiego. <\/span>\n\t\t\t\t\t\t\t\t\t<\/li>\n\t\t\t\t\t\t\t\t<li class=\"elementor-icon-list-item\">\n\t\t\t\t\t\t\t\t\t\t\t<span class=\"elementor-icon-list-icon\">\n\t\t\t\t\t\t\t<svg aria-hidden=\"true\" class=\"e-font-icon-svg e-far-arrow-alt-circle-right\" viewbox=\"0 0 512 512\" xmlns=\"http:\/\/www.w3.org\/2000\/svg\"><path d=\"M504 256C504 119 393 8 256 8S8 119 8 256s111 248 248 248 248-111 248-248zm-448 0c0-110.5 89.5-200 200-200s200 89.5 200 200-89.5 200-200 200S56 366.5 56 256zm72 20v-40c0-6.6 5.4-12 12-12h116v-67c0-10.7 12.9-16 20.5-8.5l99 99c4.7 4.7 4.7 12.3 0 17l-99 99c-7.6 7.6-20.5 2.2-20.5-8.5v-67H140c-6.6 0-12-5.4-12-12z\"><\/path><\/svg>\t\t\t\t\t\t<\/span>\n\t\t\t\t\t\t\t\t\t\t<span class=\"elementor-icon-list-text\">Odkryj Muzeum Jedwabiu, dzielnic\u0119 Velluters oraz autentyczny warsztat, w kt\u00f3rym ta tradycja wci\u0105\u017c jest kultywowana.<\/span>\n\t\t\t\t\t\t\t\t\t<\/li>\n\t\t\t\t\t\t<\/ul>\n\t\t\t\t\t\t<\/div>\n\t\t\t\t<div class=\"elementor-element elementor-element-a0c0a76 elementor-widget-divider--view-line elementor-widget elementor-widget-divider\" data-id=\"a0c0a76\" data-element_type=\"widget\" data-e-type=\"widget\" data-widget_type=\"divider.default\">\n\t\t\t\t\t\t\t<div class=\"elementor-divider\">\n\t\t\t<span class=\"elementor-divider-separator\">\n\t\t\t\t\t\t<\/span>\n\t\t<\/div>\n\t\t\t\t\t\t<\/div>\n\t\t\t\t<div class=\"elementor-element elementor-element-3c0caebb elementor-widget elementor-widget-heading\" data-id=\"3c0caebb\" data-element_type=\"widget\" data-e-type=\"widget\" data-widget_type=\"heading.default\">\n\t\t\t\t\t<h3 class=\"elementor-heading-title elementor-size-default\">Opis<\/h3>\t\t\t\t<\/div>\n\t\t\t\t<div class=\"elementor-element elementor-element-3c06d40e elementor-widget elementor-widget-heading\" data-id=\"3c06d40e\" data-element_type=\"widget\" data-e-type=\"widget\" data-widget_type=\"heading.default\">\n\t\t\t\t\t<h4 class=\"elementor-heading-title elementor-size-default\">Szlak Jedwabny w Walencji: \u017ar\u00f3d\u0142o jej pot\u0119gi gospodarczej i kulturalnej<\/h4>\t\t\t\t<\/div>\n\t\t\t\t<div class=\"elementor-element elementor-element-6e4bb47e elementor-widget elementor-widget-text-editor\" data-id=\"6e4bb47e\" data-element_type=\"widget\" data-e-type=\"widget\" data-widget_type=\"text-editor.default\">\n\t\t\t\t\t\t\t\t\t<p data-start=\"230\" data-end=\"445\" class=\" translation-block\">Walencja to <strong>historia, sztuka\u2026 i jedwab.<\/strong> Przez wieki to w\u0142a\u015bnie ta tkanina nap\u0119dza\u0142a przemiany, kt\u00f3re uczyni\u0142y miasto \u015bwiatowym punktem odniesienia. Dzi\u0119ki tej pieszej wycieczce odkryjesz, jak jedwab odcisn\u0105\u0142 swoje pi\u0119tno na ulicach, cechach rzemie\u015blniczych i architekturze Walencji.<\/p>\t\t\t\t\t\t\t\t<\/div>\n\t\t\t\t<div class=\"elementor-element elementor-element-162a1e2a elementor-widget elementor-widget-heading\" data-id=\"162a1e2a\" data-element_type=\"widget\" data-e-type=\"widget\" data-widget_type=\"heading.default\">\n\t\t\t\t\t<h4 class=\"elementor-heading-title elementor-size-default\">Co zobaczy\u0107 na Szlaku Jedwabnym: Lonja, Velluters i Muzeum Jedwabiu<\/h4>\t\t\t\t<\/div>\n\t\t\t\t<div class=\"elementor-element elementor-element-f421ee elementor-widget elementor-widget-text-editor\" data-id=\"f421ee\" data-element_type=\"widget\" data-e-type=\"widget\" data-widget_type=\"text-editor.default\">\n\t\t\t\t\t\t\t\t\t<p class=\" translation-block\">Dzi\u0119ki tej trasie odkryjesz fascynuj\u0105ce dziedzictwo, jakie jedwab pozostawi\u0142 w ulicach, cechach rzemie\u015blniczych i architekturze miasta. Z serca star\u00f3wki wyruszysz do najwa\u017cniejszych miejsc zwi\u0105zanych z tym niegdy\u015b kwitn\u0105cym rzemios\u0142em: <strong>Muzeum Jedwabiu<\/strong> w dawnym <strong>Kolegium Sztuki Jedwabniczej<\/strong>, <strong>dzielnicy Velluters<\/strong>, kolebki mistrz\u00f3w jedwabniczych, oraz imponuj\u0105cego budynku <strong>Lonja de la Seda, per\u0142y gotyku \u015bwieckiego i obiektu wpisanego na list\u0119 \u015bwiatowego dziedzictwa UNESCO.<\/strong><\/p>\t\t\t\t\t\t\t\t<\/div>\n\t\t\t\t<div class=\"elementor-element elementor-element-48375845 elementor-widget elementor-widget-heading\" data-id=\"48375845\" data-element_type=\"widget\" data-e-type=\"widget\" data-widget_type=\"heading.default\">\n\t\t\t\t\t<h5 class=\"elementor-heading-title elementor-size-default\">Pe\u0142ne do\u015bwiadczenie: warsztat rzemie\u015blniczy i \u017cywa tradycja jedwabiu<\/h5>\t\t\t\t<\/div>\n\t\t\t\t<div class=\"elementor-element elementor-element-4c42495d elementor-widget elementor-widget-text-editor\" data-id=\"4c42495d\" data-element_type=\"widget\" data-e-type=\"widget\" data-widget_type=\"text-editor.default\">\n\t\t\t\t\t\t\t\t\t<p class=\" translation-block\">Wizyta ko\u0144czy si\u0119 w autentycznym <strong>warsztacie rzemie\u015blniczym<\/strong>, w kt\u00f3rym do dzi\u015b \u017cywa jest <strong>tradycja  tkania jedwabiu.<\/strong> Podr\u00f3\u017c w przesz\u0142o\u015b\u0107, kt\u00f3ra pozwoli Ci zrozumie\u0107, dlaczego <strong>jedwab<\/strong> na zawsze ukszta\u0142towa\u0142 to\u017csamo\u015b\u0107 i \u015bwietno\u015b\u0107 Walencji.<\/p>\t\t\t\t\t\t\t\t<\/div>\n\t\t\t\t<div class=\"elementor-element elementor-element-6d142f71 elementor-widget-divider--view-line elementor-widget elementor-widget-divider\" data-id=\"6d142f71\" data-element_type=\"widget\" data-e-type=\"widget\" data-widget_type=\"divider.default\">\n\t\t\t\t\t\t\t<div class=\"elementor-divider\">\n\t\t\t<span class=\"elementor-divider-separator\">\n\t\t\t\t\t\t<\/span>\n\t\t<\/div>\n\t\t\t\t\t\t<\/div>\n\t\t\t\t<div class=\"elementor-element elementor-element-677b6b85 elementor-widget elementor-widget-heading\" data-id=\"677b6b85\" data-element_type=\"widget\" data-e-type=\"widget\" data-widget_type=\"heading.default\">\n\t\t\t\t\t<h3 class=\"elementor-heading-title elementor-size-default\">Wa\u017cne informacje<\/h3>\t\t\t\t<\/div>\n\t\t\t\t<div class=\"elementor-element elementor-element-76463bcb elementor-widget elementor-widget-text-editor\" data-id=\"76463bcb\" data-element_type=\"widget\" data-e-type=\"widget\" data-widget_type=\"text-editor.default\">\n\t\t\t\t\t\t\t\t\t<p><strong>Ceny<\/strong><\/p><ul><li><strong>39\u20ac<\/strong> doros\u0142y<\/li><li>dzieci 8\u201312 lat <strong>15\u20ac<\/strong><\/li><li class=\" translation-block\">dzieci poni\u017cej 8 lat <strong>GRATIS<\/strong><\/li><\/ul>\t\t\t\t\t\t\t\t<\/div>\n\t\t\t\t<div class=\"elementor-element elementor-element-76a27c83 elementor-widget-divider--view-line elementor-widget elementor-widget-divider\" data-id=\"76a27c83\" data-element_type=\"widget\" data-e-type=\"widget\" data-widget_type=\"divider.default\">\n\t\t\t\t\t\t\t<div class=\"elementor-divider\">\n\t\t\t<span class=\"elementor-divider-separator\">\n\t\t\t\t\t\t<\/span>\n\t\t<\/div>\n\t\t\t\t\t\t<\/div>\n\t\t\t\t<div class=\"elementor-element elementor-element-53ef0efb elementor-widget-divider--view-line elementor-widget elementor-widget-divider\" data-id=\"53ef0efb\" data-element_type=\"widget\" data-e-type=\"widget\" data-widget_type=\"divider.default\">\n\t\t\t\t\t\t\t<div class=\"elementor-divider\">\n\t\t\t<span class=\"elementor-divider-separator\">\n\t\t\t\t\t\t<\/span>\n\t\t<\/div>\n\t\t\t\t\t\t<\/div>\n\t\t\t\t<div class=\"elementor-element elementor-element-93549e elementor-widget elementor-widget-heading\" data-id=\"93549e\" data-element_type=\"widget\" data-e-type=\"widget\" data-widget_type=\"heading.default\">\n\t\t\t\t\t<h3 class=\"elementor-heading-title elementor-size-default\">Najcz\u0119\u015bciej zadawane pytania<\/h3>\t\t\t\t<\/div>\n\t\t\t\t<div class=\"elementor-element elementor-element-32f7481 elementor-widget elementor-widget-n-accordion\" data-id=\"32f7481\" data-element_type=\"widget\" data-e-type=\"widget\" data-settings=\"{&quot;default_state&quot;:&quot;all_collapsed&quot;,&quot;max_items_expended&quot;:&quot;one&quot;,&quot;n_accordion_animation_duration&quot;:{&quot;unit&quot;:&quot;ms&quot;,&quot;size&quot;:400,&quot;sizes&quot;:[]}}\" data-widget_type=\"nested-accordion.default\">\n\t\t\t\t\t\t\t<div class=\"e-n-accordion\" aria-label=\"Akordeon. Otwieraj \u0142\u0105cza za pomoc\u0105 klawisza Enter lub spacji, zamykaj za pomoc\u0105 klawisza Escape i nawiguj za pomoc\u0105 klawiszy strza\u0142ek\">\n\t\t\t\t\t\t<details id=\"e-n-accordion-item-5340\" class=\"e-n-accordion-item\" >\n\t\t\t\t<summary class=\"e-n-accordion-item-title\" data-accordion-index=\"1\" tabindex=\"0\" aria-expanded=\"false\" aria-controls=\"e-n-accordion-item-5340\" >\n\t\t\t\t\t<span class='e-n-accordion-item-title-header'><div class=\"e-n-accordion-item-title-text\"> Jak rozpoznam przewodnika? <\/div><\/span>\n\t\t\t\t\t\t\t<span class='e-n-accordion-item-title-icon'>\n\t\t\t<span class='e-opened' ><svg aria-hidden=\"true\" class=\"e-font-icon-svg e-fas-minus\" viewbox=\"0 0 448 512\" xmlns=\"http:\/\/www.w3.org\/2000\/svg\"><path d=\"M416 208H32c-17.67 0-32 14.33-32 32v32c0 17.67 14.33 32 32 32h384c17.67 0 32-14.33 32-32v-32c0-17.67-14.33-32-32-32z\"><\/path><\/svg><\/span>\n\t\t\t<span class='e-closed'><svg aria-hidden=\"true\" class=\"e-font-icon-svg e-fas-plus\" viewbox=\"0 0 448 512\" xmlns=\"http:\/\/www.w3.org\/2000\/svg\"><path d=\"M416 208H272V64c0-17.67-14.33-32-32-32h-32c-17.67 0-32 14.33-32 32v144H32c-17.67 0-32 14.33-32 32v32c0 17.67 14.33 32 32 32h144v144c0 17.67 14.33 32 32 32h32c17.67 0 32-14.33 32-32V304h144c17.67 0 32-14.33 32-32v-32c0-17.67-14.33-32-32-32z\"><\/path><\/svg><\/span>\n\t\t<\/span>\n\n\t\t\t\t\t\t<\/summary>\n\t\t\t\t<div role=\"region\" aria-labelledby=\"e-n-accordion-item-5340\" class=\"elementor-element elementor-element-a7cbe9b e-con-full e-flex e-con e-child\" data-id=\"a7cbe9b\" data-element_type=\"container\" data-e-type=\"container\">\n\t\t<div role=\"region\" aria-labelledby=\"e-n-accordion-item-5340\" class=\"elementor-element elementor-element-1501834 e-flex e-con-boxed e-con e-child\" data-id=\"1501834\" data-element_type=\"container\" data-e-type=\"container\">\n\t\t\t\t\t<div class=\"e-con-inner\">\n\t\t\t\t<div class=\"elementor-element elementor-element-b6593d7 elementor-widget elementor-widget-text-editor\" data-id=\"b6593d7\" data-element_type=\"widget\" data-e-type=\"widget\" data-widget_type=\"text-editor.default\">\n\t\t\t\t\t\t\t\t\t<p>Przewodnika z oficjaln\u0105 akredytacj\u0105 spotkasz na miejscu zbi\u00f3rki. Mo\u017cesz zapyta\u0107 o Valencia&amp;Go, a je\u015bli nie mo\u017cesz go znale\u017a\u0107, mo\u017cesz skontaktowa\u0107 si\u0119 z nami bezpo\u015brednio przez WhatsApp, aby uzyska\u0107 dok\u0142adne wskaz\u00f3wki.<\/p>\t\t\t\t\t\t\t\t<\/div>\n\t\t\t\t\t<\/div>\n\t\t\t\t<\/div>\n\t\t\t\t<\/div>\n\t\t\t\t\t<\/details>\n\t\t\t\t\t\t<details id=\"e-n-accordion-item-5341\" class=\"e-n-accordion-item\" >\n\t\t\t\t<summary class=\"e-n-accordion-item-title\" data-accordion-index=\"2\" tabindex=\"-1\" aria-expanded=\"false\" aria-controls=\"e-n-accordion-item-5341\" >\n\t\t\t\t\t<span class='e-n-accordion-item-title-header'><div class=\"e-n-accordion-item-title-text\"> Co zarezerwowa\u0142em? <\/div><\/span>\n\t\t\t\t\t\t\t<span class='e-n-accordion-item-title-icon'>\n\t\t\t<span class='e-opened' ><svg aria-hidden=\"true\" class=\"e-font-icon-svg e-fas-minus\" viewbox=\"0 0 448 512\" xmlns=\"http:\/\/www.w3.org\/2000\/svg\"><path d=\"M416 208H32c-17.67 0-32 14.33-32 32v32c0 17.67 14.33 32 32 32h384c17.67 0 32-14.33 32-32v-32c0-17.67-14.33-32-32-32z\"><\/path><\/svg><\/span>\n\t\t\t<span class='e-closed'><svg aria-hidden=\"true\" class=\"e-font-icon-svg e-fas-plus\" viewbox=\"0 0 448 512\" xmlns=\"http:\/\/www.w3.org\/2000\/svg\"><path d=\"M416 208H272V64c0-17.67-14.33-32-32-32h-32c-17.67 0-32 14.33-32 32v144H32c-17.67 0-32 14.33-32 32v32c0 17.67 14.33 32 32 32h144v144c0 17.67 14.33 32 32 32h32c17.67 0 32-14.33 32-32V304h144c17.67 0 32-14.33 32-32v-32c0-17.67-14.33-32-32-32z\"><\/path><\/svg><\/span>\n\t\t<\/span>\n\n\t\t\t\t\t\t<\/summary>\n\t\t\t\t<div role=\"region\" aria-labelledby=\"e-n-accordion-item-5341\" class=\"elementor-element elementor-element-cbb428b e-flex e-con-boxed e-con e-child\" data-id=\"cbb428b\" data-element_type=\"container\" data-e-type=\"container\">\n\t\t\t\t\t<div class=\"e-con-inner\">\n\t\t\t\t<div class=\"elementor-element elementor-element-c05ac3e elementor-widget elementor-widget-text-editor\" data-id=\"c05ac3e\" data-element_type=\"widget\" data-e-type=\"widget\" data-widget_type=\"text-editor.default\">\n\t\t\t\t\t\t\t\t\t<p>Zarezerwowa\u0142e\u015b wycieczk\u0119 piesz\u0105 z licencjonowanym lokalnym przewodnikiem po historycznym centrum Walencji z wej\u015bciem do Lonja de la Seda, obiektu wpisanego na List\u0119 \u015awiatowego Dziedzictwa UNESCO, Muzeum Jedwabiu i z wizyt\u0105 na \u015bwie\u017cym powietrzu w dzielnicy Velluters.<\/p>\t\t\t\t\t\t\t\t<\/div>\n\t\t\t\t\t<\/div>\n\t\t\t\t<\/div>\n\t\t\t\t\t<\/details>\n\t\t\t\t\t\t<details id=\"e-n-accordion-item-5342\" class=\"e-n-accordion-item\" >\n\t\t\t\t<summary class=\"e-n-accordion-item-title\" data-accordion-index=\"3\" tabindex=\"-1\" aria-expanded=\"false\" aria-controls=\"e-n-accordion-item-5342\" >\n\t\t\t\t\t<span class='e-n-accordion-item-title-header'><div class=\"e-n-accordion-item-title-text\"> Polityka anulowania <\/div><\/span>\n\t\t\t\t\t\t\t<span class='e-n-accordion-item-title-icon'>\n\t\t\t<span class='e-opened' ><svg aria-hidden=\"true\" class=\"e-font-icon-svg e-fas-minus\" viewbox=\"0 0 448 512\" xmlns=\"http:\/\/www.w3.org\/2000\/svg\"><path d=\"M416 208H32c-17.67 0-32 14.33-32 32v32c0 17.67 14.33 32 32 32h384c17.67 0 32-14.33 32-32v-32c0-17.67-14.33-32-32-32z\"><\/path><\/svg><\/span>\n\t\t\t<span class='e-closed'><svg aria-hidden=\"true\" class=\"e-font-icon-svg e-fas-plus\" viewbox=\"0 0 448 512\" xmlns=\"http:\/\/www.w3.org\/2000\/svg\"><path d=\"M416 208H272V64c0-17.67-14.33-32-32-32h-32c-17.67 0-32 14.33-32 32v144H32c-17.67 0-32 14.33-32 32v32c0 17.67 14.33 32 32 32h144v144c0 17.67 14.33 32 32 32h32c17.67 0 32-14.33 32-32V304h144c17.67 0 32-14.33 32-32v-32c0-17.67-14.33-32-32-32z\"><\/path><\/svg><\/span>\n\t\t<\/span>\n\n\t\t\t\t\t\t<\/summary>\n\t\t\t\t<div role=\"region\" aria-labelledby=\"e-n-accordion-item-5342\" class=\"elementor-element elementor-element-b81e26c e-con-full e-flex e-con e-child\" data-id=\"b81e26c\" data-element_type=\"container\" data-e-type=\"container\">\n\t\t\t\t<div class=\"elementor-element elementor-element-d59370f elementor-widget elementor-widget-text-editor\" data-id=\"d59370f\" data-element_type=\"widget\" data-e-type=\"widget\" data-widget_type=\"text-editor.default\">\n\t\t\t\t\t\t\t\t\t<p><span style=\"font-weight: 400;\">Mo\u017cesz odwo\u0142a\u0107 rezerwacj\u0119 bezp\u0142atnie w terminie wskazanym na karcie produktu. Po up\u0142ywie tego terminu lub w przypadku niepojawienia si\u0119, zwrot nie b\u0119dzie realizowany.<\/span><\/p>\t\t\t\t\t\t\t\t<\/div>\n\t\t\t\t<\/div>\n\t\t\t\t\t<\/details>\n\t\t\t\t\t<\/div>\n\t\t\t\t\t\t<\/div>\n\t\t\t\t\t<\/div>\n\t\t\t\t<\/div>\n\t\t\t\t<\/div>","protected":false},"excerpt":{"rendered":"<p><span style=\"font-weight: 400;\">Odkryj <\/span><b>dziedzictwo jedwabiu<\/b><span style=\"font-weight: 400;\"> w Walencji, zwiedzaj\u0105c jej historyczne centrum <\/span><b>Muzeum Jedwabiu<\/b><span style=\"font-weight: 400;\">, okr\u0119g<\/span><span style=\"font-weight: 400;\">e <\/span><b>Velluters<\/b><span style=\"font-weight: 400;\"> i <\/span><b>Silk Exchange<\/b><span style=\"font-weight: 400;\">, Miejsce \u015bwiatowego dziedzictwa. Do\u015bwiadczenie kulturowe, kt\u00f3re \u0142\u0105czy histori\u0119, sztuk\u0119 i tradycj\u0119 rzemie\u015blnicz\u0105.<\/span><\/p>","protected":false},"featured_media":11901,"template":"","meta":{"_acf_changed":false},"product_cat":[15],"product_tag":[],"class_list":{"0":"post-11883","1":"product","2":"type-product","3":"status-publish","4":"has-post-thumbnail","6":"product_cat-tours-valencia","8":"first","9":"instock","10":"virtual","11":"sold-individually","12":"taxable","13":"purchasable","14":"product-type-turitop"},"acf":[],"yoast_head":"<!-- This site is optimized with the Yoast SEO plugin v27.5 - https:\/\/yoast.com\/product\/yoast-seo-wordpress\/ -->\n<title>Ruta de la Seda en Valencia con entrada a la Lonja | Visita guiada<\/title>\n<meta name=\"description\" content=\"Vive la historia con la Ruta de la Seda en Valencia. Atrae a los amantes de la cultura y la aventura. \u00a1No esperes m\u00e1s para descubrirla!\" \/>\n<meta name=\"robots\" content=\"noindex, follow, max-snippet:-1, max-image-preview:large, max-video-preview:-1\" \/>\n<meta property=\"og:locale\" content=\"pl_PL\" \/>\n<meta property=\"og:type\" content=\"article\" \/>\n<meta property=\"og:title\" content=\"Ruta de la Seda en Valencia con entrada a la Lonja | Visita guiada\" \/>\n<meta property=\"og:description\" content=\"Vive la historia con la Ruta de la Seda en Valencia. Atrae a los amantes de la cultura y la aventura. \u00a1No esperes m\u00e1s para descubrirla!\" \/>\n<meta property=\"og:url\" content=\"https:\/\/upgrade.valenciaandgo.com\/pl\/wycieczki-po-walencji\/ruta-seda-valencia-lonja-entrada\/\" \/>\n<meta property=\"og:site_name\" content=\"Valencia&amp;Go\" \/>\n<meta property=\"article:publisher\" content=\"https:\/\/www.facebook.com\/valenciaandgo\/\" \/>\n<meta property=\"article:modified_time\" content=\"2026-04-23T07:07:19+00:00\" \/>\n<meta property=\"og:image\" content=\"https:\/\/upgrade.valenciaandgo.com\/wp-content\/uploads\/2026\/03\/La-lonja-de-Valencia-interior.webp\" \/>\n\t<meta property=\"og:image:width\" content=\"920\" \/>\n\t<meta property=\"og:image:height\" content=\"688\" \/>\n\t<meta property=\"og:image:type\" content=\"image\/webp\" \/>\n<meta name=\"twitter:card\" content=\"summary_large_image\" \/>\n<meta name=\"twitter:label1\" content=\"Szacowany czas czytania\" \/>\n\t<meta name=\"twitter:data1\" content=\"3 minuty\" \/>\n<script type=\"application\/ld+json\" class=\"yoast-schema-graph\">{\"@context\":\"https:\\\/\\\/schema.org\",\"@graph\":[{\"@type\":\"WebPage\",\"@id\":\"https:\\\/\\\/upgrade.valenciaandgo.com\\\/tours-valencia\\\/ruta-seda-valencia-lonja-entrada\\\/\",\"url\":\"https:\\\/\\\/upgrade.valenciaandgo.com\\\/tours-valencia\\\/ruta-seda-valencia-lonja-entrada\\\/\",\"name\":\"Ruta de la Seda en Valencia con entrada a la Lonja | Visita guiada\",\"isPartOf\":{\"@id\":\"https:\\\/\\\/upgrade.valenciaandgo.com\\\/it\\\/#website\"},\"primaryImageOfPage\":{\"@id\":\"https:\\\/\\\/upgrade.valenciaandgo.com\\\/tours-valencia\\\/ruta-seda-valencia-lonja-entrada\\\/#primaryimage\"},\"image\":{\"@id\":\"https:\\\/\\\/upgrade.valenciaandgo.com\\\/tours-valencia\\\/ruta-seda-valencia-lonja-entrada\\\/#primaryimage\"},\"thumbnailUrl\":\"https:\\\/\\\/upgrade.valenciaandgo.com\\\/wp-content\\\/uploads\\\/2026\\\/03\\\/La-lonja-de-Valencia-interior.webp\",\"datePublished\":\"2026-03-23T16:30:10+00:00\",\"dateModified\":\"2026-04-23T07:07:19+00:00\",\"description\":\"Vive la historia con la Ruta de la Seda en Valencia. Atrae a los amantes de la cultura y la aventura. \u00a1No esperes m\u00e1s para descubrirla!\",\"breadcrumb\":{\"@id\":\"https:\\\/\\\/upgrade.valenciaandgo.com\\\/tours-valencia\\\/ruta-seda-valencia-lonja-entrada\\\/#breadcrumb\"},\"inLanguage\":\"pl-PL\",\"potentialAction\":[{\"@type\":\"ReadAction\",\"target\":[\"https:\\\/\\\/upgrade.valenciaandgo.com\\\/tours-valencia\\\/ruta-seda-valencia-lonja-entrada\\\/\"]}]},{\"@type\":\"ImageObject\",\"inLanguage\":\"pl-PL\",\"@id\":\"https:\\\/\\\/upgrade.valenciaandgo.com\\\/tours-valencia\\\/ruta-seda-valencia-lonja-entrada\\\/#primaryimage\",\"url\":\"https:\\\/\\\/upgrade.valenciaandgo.com\\\/wp-content\\\/uploads\\\/2026\\\/03\\\/La-lonja-de-Valencia-interior.webp\",\"contentUrl\":\"https:\\\/\\\/upgrade.valenciaandgo.com\\\/wp-content\\\/uploads\\\/2026\\\/03\\\/La-lonja-de-Valencia-interior.webp\",\"width\":920,\"height\":688,\"caption\":\"Interior columnas Lonja de la Seda Valencia\"},{\"@type\":\"BreadcrumbList\",\"@id\":\"https:\\\/\\\/upgrade.valenciaandgo.com\\\/tours-valencia\\\/ruta-seda-valencia-lonja-entrada\\\/#breadcrumb\",\"itemListElement\":[{\"@type\":\"ListItem\",\"position\":1,\"name\":\"Portada\",\"item\":\"https:\\\/\\\/upgrade.valenciaandgo.com\\\/\"},{\"@type\":\"ListItem\",\"position\":2,\"name\":\"Tours\",\"item\":\"https:\\\/\\\/upgrade.valenciaandgo.com\\\/tours\\\/\"},{\"@type\":\"ListItem\",\"position\":3,\"name\":\"Ruta de la Seda con entrada a la Lonja Patrimonio de la Humanidad\"}]},{\"@type\":\"WebSite\",\"@id\":\"https:\\\/\\\/upgrade.valenciaandgo.com\\\/it\\\/#website\",\"url\":\"https:\\\/\\\/upgrade.valenciaandgo.com\\\/it\\\/\",\"name\":\"Valencia&Go\",\"description\":\"Tours por Valencia y alrededores de ciudad.\",\"publisher\":{\"@id\":\"https:\\\/\\\/upgrade.valenciaandgo.com\\\/it\\\/#organization\"},\"potentialAction\":[{\"@type\":\"SearchAction\",\"target\":{\"@type\":\"EntryPoint\",\"urlTemplate\":\"https:\\\/\\\/upgrade.valenciaandgo.com\\\/it\\\/?s={search_term_string}\"},\"query-input\":{\"@type\":\"PropertyValueSpecification\",\"valueRequired\":true,\"valueName\":\"search_term_string\"}}],\"inLanguage\":\"pl-PL\"},{\"@type\":\"Organization\",\"@id\":\"https:\\\/\\\/upgrade.valenciaandgo.com\\\/it\\\/#organization\",\"name\":\"Valencia&Go\",\"url\":\"https:\\\/\\\/upgrade.valenciaandgo.com\\\/it\\\/\",\"logo\":{\"@type\":\"ImageObject\",\"inLanguage\":\"pl-PL\",\"@id\":\"https:\\\/\\\/upgrade.valenciaandgo.com\\\/it\\\/#\\\/schema\\\/logo\\\/image\\\/\",\"url\":\"https:\\\/\\\/upgrade.valenciaandgo.com\\\/wp-content\\\/uploads\\\/2025\\\/10\\\/valencia_go-svg-blnc-iso-naranja.svg\",\"contentUrl\":\"https:\\\/\\\/upgrade.valenciaandgo.com\\\/wp-content\\\/uploads\\\/2025\\\/10\\\/valencia_go-svg-blnc-iso-naranja.svg\",\"width\":434,\"height\":102,\"caption\":\"Valencia&Go\"},\"image\":{\"@id\":\"https:\\\/\\\/upgrade.valenciaandgo.com\\\/it\\\/#\\\/schema\\\/logo\\\/image\\\/\"},\"sameAs\":[\"https:\\\/\\\/www.facebook.com\\\/valenciaandgo\\\/\",\"https:\\\/\\\/www.instagram.com\\\/valenciaandgo\",\"https:\\\/\\\/www.linkedin.com\\\/company\\\/valencia-go\\\/\",\"https:\\\/\\\/www.tiktok.com\\\/@valenciaandgo\"]}]}<\/script>\n<!-- \/ Yoast SEO plugin. -->","yoast_head_json":{"title":"Jedwabny Szlak w Walencji z wej\u015bciem do Lonja (Gie\u0142da Jedwabiu): Wycieczka z przewodnikiem","description":"Poznaj histori\u0119 dzi\u0119ki Jedwabnemu Szlakowi w Walencji. Przyci\u0105ga mi\u0142o\u015bnik\u00f3w kultury i przygody, wi\u0119c nie czekaj d\u0142u\u017cej, aby go odkry\u0107!","robots":{"index":"noindex","follow":"follow","max-snippet":"max-snippet:-1","max-image-preview":"max-image-preview:large","max-video-preview":"max-video-preview:-1"},"og_locale":"pl_PL","og_type":"article","og_title":"Ruta de la Seda en Valencia con entrada a la Lonja | Visita guiada","og_description":"Vive la historia con la Ruta de la Seda en Valencia. Atrae a los amantes de la cultura y la aventura. \u00a1No esperes m\u00e1s para descubrirla!","og_url":"https:\/\/upgrade.valenciaandgo.com\/pl\/wycieczki-po-walencji\/ruta-seda-valencia-lonja-entrada\/","og_site_name":"Valencia&amp;Go","article_publisher":"https:\/\/www.facebook.com\/valenciaandgo\/","article_modified_time":"2026-04-23T07:07:19+00:00","og_image":[{"width":920,"height":688,"url":"https:\/\/upgrade.valenciaandgo.com\/wp-content\/uploads\/2026\/03\/La-lonja-de-Valencia-interior.webp","type":"image\/webp"}],"twitter_card":"summary_large_image","twitter_misc":{"Szacowany czas czytania":"3 minuty"},"schema":{"@context":"https:\/\/schema.org","@graph":[{"@type":"WebPage","@id":"https:\/\/upgrade.valenciaandgo.com\/tours-valencia\/ruta-seda-valencia-lonja-entrada\/","url":"https:\/\/upgrade.valenciaandgo.com\/tours-valencia\/ruta-seda-valencia-lonja-entrada\/","name":"Jedwabny Szlak w Walencji z wej\u015bciem do Lonja (Gie\u0142da Jedwabiu): Wycieczka z przewodnikiem","isPartOf":{"@id":"https:\/\/upgrade.valenciaandgo.com\/it\/#website"},"primaryImageOfPage":{"@id":"https:\/\/upgrade.valenciaandgo.com\/tours-valencia\/ruta-seda-valencia-lonja-entrada\/#primaryimage"},"image":{"@id":"https:\/\/upgrade.valenciaandgo.com\/tours-valencia\/ruta-seda-valencia-lonja-entrada\/#primaryimage"},"thumbnailUrl":"https:\/\/upgrade.valenciaandgo.com\/wp-content\/uploads\/2026\/03\/La-lonja-de-Valencia-interior.webp","datePublished":"2026-03-23T16:30:10+00:00","dateModified":"2026-04-23T07:07:19+00:00","description":"Poznaj histori\u0119 dzi\u0119ki Jedwabnemu Szlakowi w Walencji. Przyci\u0105ga mi\u0142o\u015bnik\u00f3w kultury i przygody, wi\u0119c nie czekaj d\u0142u\u017cej, aby go odkry\u0107!","breadcrumb":{"@id":"https:\/\/upgrade.valenciaandgo.com\/tours-valencia\/ruta-seda-valencia-lonja-entrada\/#breadcrumb"},"inLanguage":"pl-PL","potentialAction":[{"@type":"ReadAction","target":["https:\/\/upgrade.valenciaandgo.com\/tours-valencia\/ruta-seda-valencia-lonja-entrada\/"]}]},{"@type":"ImageObject","inLanguage":"pl-PL","@id":"https:\/\/upgrade.valenciaandgo.com\/tours-valencia\/ruta-seda-valencia-lonja-entrada\/#primaryimage","url":"https:\/\/upgrade.valenciaandgo.com\/wp-content\/uploads\/2026\/03\/La-lonja-de-Valencia-interior.webp","contentUrl":"https:\/\/upgrade.valenciaandgo.com\/wp-content\/uploads\/2026\/03\/La-lonja-de-Valencia-interior.webp","width":920,"height":688,"caption":"Interior columnas Lonja de la Seda Valencia"},{"@type":"BreadcrumbList","@id":"https:\/\/upgrade.valenciaandgo.com\/tours-valencia\/ruta-seda-valencia-lonja-entrada\/#breadcrumb","itemListElement":[{"@type":"ListItem","position":1,"name":"Portada","item":"https:\/\/upgrade.valenciaandgo.com\/"},{"@type":"ListItem","position":2,"name":"Tours","item":"https:\/\/upgrade.valenciaandgo.com\/tours\/"},{"@type":"ListItem","position":3,"name":"Ruta de la Seda con entrada a la Lonja Patrimonio de la Humanidad"}]},{"@type":"WebSite","@id":"https:\/\/upgrade.valenciaandgo.com\/it\/#website","url":"https:\/\/upgrade.valenciaandgo.com\/it\/","name":"Valencia&amp;Go","description":"Wycieczki po Walencji i okolicach.","publisher":{"@id":"https:\/\/upgrade.valenciaandgo.com\/it\/#organization"},"potentialAction":[{"@type":"SearchAction","target":{"@type":"EntryPoint","urlTemplate":"https:\/\/upgrade.valenciaandgo.com\/it\/?s={search_term_string}"},"query-input":{"@type":"PropertyValueSpecification","valueRequired":true,"valueName":"search_term_string"}}],"inLanguage":"pl-PL"},{"@type":"Organization","@id":"https:\/\/upgrade.valenciaandgo.com\/it\/#organization","name":"Valencia&amp;Go","url":"https:\/\/upgrade.valenciaandgo.com\/it\/","logo":{"@type":"ImageObject","inLanguage":"pl-PL","@id":"https:\/\/upgrade.valenciaandgo.com\/it\/#\/schema\/logo\/image\/","url":"https:\/\/upgrade.valenciaandgo.com\/wp-content\/uploads\/2025\/10\/valencia_go-svg-blnc-iso-naranja.svg","contentUrl":"https:\/\/upgrade.valenciaandgo.com\/wp-content\/uploads\/2025\/10\/valencia_go-svg-blnc-iso-naranja.svg","width":434,"height":102,"caption":"Valencia&Go"},"image":{"@id":"https:\/\/upgrade.valenciaandgo.com\/it\/#\/schema\/logo\/image\/"},"sameAs":["https:\/\/www.facebook.com\/valenciaandgo\/","https:\/\/www.instagram.com\/valenciaandgo","https:\/\/www.linkedin.com\/company\/valencia-go\/","https:\/\/www.tiktok.com\/@valenciaandgo"]}]}},"_links":{"self":[{"href":"https:\/\/upgrade.valenciaandgo.com\/pl\/wp-json\/wp\/v2\/product\/11883","targetHints":{"allow":["GET"]}}],"collection":[{"href":"https:\/\/upgrade.valenciaandgo.com\/pl\/wp-json\/wp\/v2\/product"}],"about":[{"href":"https:\/\/upgrade.valenciaandgo.com\/pl\/wp-json\/wp\/v2\/types\/product"}],"version-history":[{"count":0,"href":"https:\/\/upgrade.valenciaandgo.com\/pl\/wp-json\/wp\/v2\/product\/11883\/revisions"}],"wp:featuredmedia":[{"embeddable":true,"href":"https:\/\/upgrade.valenciaandgo.com\/pl\/wp-json\/wp\/v2\/media\/11901"}],"wp:attachment":[{"href":"https:\/\/upgrade.valenciaandgo.com\/pl\/wp-json\/wp\/v2\/media?parent=11883"}],"wp:term":[{"taxonomy":"product_cat","embeddable":true,"href":"https:\/\/upgrade.valenciaandgo.com\/pl\/wp-json\/wp\/v2\/product_cat?post=11883"},{"taxonomy":"product_tag","embeddable":true,"href":"https:\/\/upgrade.valenciaandgo.com\/pl\/wp-json\/wp\/v2\/product_tag?post=11883"}],"curies":[{"name":"wp","href":"https:\/\/api.w.org\/{rel}","templated":true}]}}