{"id":9620,"date":"2026-03-13T02:52:14","date_gmt":"2026-03-13T02:52:14","guid":{"rendered":"https:\/\/staging.valenciaandgo.com\/?page_id=9620"},"modified":"2026-04-01T21:17:29","modified_gmt":"2026-04-01T21:17:29","slug":"interesujace-miejsca","status":"publish","type":"page","link":"https:\/\/upgrade.valenciaandgo.com\/pl\/lugares-de-interes\/","title":{"rendered":"Interesuj\u0105ce miejsca"},"content":{"rendered":"<div data-elementor-type=\"wp-page\" data-elementor-id=\"9620\" class=\"elementor elementor-9620\" data-elementor-post-type=\"page\">\n\t\t\t\t<div class=\"elementor-element elementor-element-6343898 e-flex e-con-boxed e-con e-child\" data-id=\"6343898\" data-element_type=\"container\" data-e-type=\"container\" data-settings=\"{&quot;background_background&quot;:&quot;classic&quot;,&quot;shape_divider_bottom&quot;:&quot;waves&quot;}\">\n\t\t\t\t\t<div class=\"e-con-inner\">\n\t\t\t\t<div class=\"elementor-shape elementor-shape-bottom\" aria-hidden=\"true\" data-negative=\"false\">\n\t\t\t<svg xmlns=\"http:\/\/www.w3.org\/2000\/svg\" viewbox=\"0 0 1000 100\" preserveaspectratio=\"none\">\n\t<path class=\"elementor-shape-fill\" d=\"M421.9,6.5c22.6-2.5,51.5,0.4,75.5,5.3c23.6,4.9,70.9,23.5,100.5,35.7c75.8,32.2,133.7,44.5,192.6,49.7\tc23.6,2.1,48.7,3.5,103.4-2.5c54.7-6,106.2-25.6,106.2-25.6V0H0v30.3c0,0,72,32.6,158.4,30.5c39.2-0.7,92.8-6.7,134-22.4\tc21.2-8.1,52.2-18.2,79.7-24.2C399.3,7.9,411.6,7.5,421.9,6.5z\"\/>\n<\/svg>\t\t<\/div>\n\t\t<div class=\"elementor-element elementor-element-c89e14c e-con-full e-flex e-con e-child\" data-id=\"c89e14c\" data-element_type=\"container\" data-e-type=\"container\">\n\t\t\t\t<div class=\"elementor-element elementor-element-b0ad85a elementor-widget elementor-widget-heading translation-block\" data-id=\"b0ad85a\" data-element_type=\"widget\" data-e-type=\"widget\" data-widget_type=\"heading.default\"><span class=\"thegem-heading-line-wrap\"><span class=\"thegem-heading-line\"><span class=\"colored thegem-heading-word\" style=\"color: #FFFFFFFF\">Co<\/span> <span class=\"colored thegem-heading-word\" style=\"color: #FFFFFFFF\">to<\/span> <span class=\"colored thegem-heading-word\" style=\"color: #ffffff\">nie<\/span> <span class=\"colored thegem-heading-word\" style=\"color: #ffffff\">mo\u017cesz<\/span> <span class=\"colored thegem-heading-word\" style=\"color: #ffffff\">zgubi\u0107<\/span> <\/span><\/span><\/span>.<\/div>\n\t\t\t\t<div class=\"elementor-element elementor-element-a00d2bd elementor-widget elementor-widget-heading\" data-id=\"a00d2bd\" data-element_type=\"widget\" data-e-type=\"widget\" data-widget_type=\"heading.default\">\n\t\t\t\t\t<h1 class=\"elementor-heading-title elementor-size-default\">Interesuj\u0105ce miejsca<\/h1>\t\t\t\t<\/div>\n\t\t\t\t<div class=\"elementor-element elementor-element-7d73085 animated-slow elementor-widget__width-initial elementor-widget-tablet__width-initial elementor-invisible elementor-widget elementor-widget-text-editor\" data-id=\"7d73085\" data-element_type=\"widget\" data-e-type=\"widget\" data-settings=\"{&quot;_animation&quot;:&quot;fadeIn&quot;}\" data-widget_type=\"text-editor.default\">\n\t\t\t\t\t\t\t\t\t<p data-start=\"0\" data-end=\"76\">Przyje\u017cd\u017casz do Walencji i chcesz odkry\u0107 to, co najlepsze w mie\u015bcie w kr\u00f3tkim czasie?<\/p><p data-start=\"78\" data-end=\"294\">Poznaj nasze <strong data-start=\"95\" data-end=\"129\">Interesuj\u0105ce miejsca w Walencji<\/strong> i wykorzystaj w pe\u0142ni ka\u017cd\u0105 minut\u0119 dzi\u0119ki wyborowi zaprojektowanemu specjalnie dla Ciebie.<\/p><p data-start=\"78\" data-end=\"294\">Ciesz si\u0119 Walencj\u0105 bez marnowania czasu na szukanie rzeczy do zrobienia. Tutaj znajdziesz idealne opcje dla wszystkich smak\u00f3w, z kluczowymi lokalizacjami i do\u015bwiadczeniami, kt\u00f3re s\u0105 naprawd\u0119 warte zachodu.<\/p>\t\t\t\t\t\t\t\t<\/div>\n\t\t\t\t<\/div>\n\t\t\t\t\t<\/div>\n\t\t\t\t<\/div>\n\t\t<div class=\"elementor-element elementor-element-05c29f2 e-flex e-con-boxed e-con e-parent\" data-id=\"05c29f2\" data-element_type=\"container\" data-e-type=\"container\" data-settings=\"{&quot;background_background&quot;:&quot;classic&quot;}\">\n\t\t\t\t\t<div class=\"e-con-inner\">\n\t\t\t\t<div class=\"elementor-element elementor-element-4306624 elementor-widget elementor-widget-shortcode\" data-id=\"4306624\" data-element_type=\"widget\" data-e-type=\"widget\" data-widget_type=\"shortcode.default\">\n\t\t\t\t\t\t\t<div class=\"elementor-shortcode\"><div id=\"tga-atracciones\" class=\"tga-lista-atracciones-container\" style=\"width:100%;\">\n<!-- Secci\u00f3n de Filtros -->\n<section class=\"atracciones-filtros-section\">\n    <div class=\"atracciones-filtros\">\n        <div class=\"filtro-icono active\" data-categoria=\"todos\" data-categoria-id=\"0\" data-categoria-key=\"\">\n            <i class=\"fas fa-th-large filtro-icon\"><\/i>\n            <span class=\"filtro-label\">Wszystkie<\/span>\n        <\/div>\n                                    <div class=\"filtro-icono\"\n                    data-categoria=\"compras\"\n                    data-categoria-id=\"68\"\n                    data-categoria-key=\"compras\">\n                    <i class=\"fa-solid fa-bag-shopping filtro-icon\"><\/i>                    <span class=\"filtro-label\">\n                        zakupy                    <\/span>\n                <\/div>\n                            <div class=\"filtro-icono\"\n                    data-categoria=\"cultura\"\n                    data-categoria-id=\"69\"\n                    data-categoria-key=\"cultura\">\n                    <i class=\"fa-solid fa-landmark filtro-icon\"><\/i>                    <span class=\"filtro-label\">\n                        kultura                    <\/span>\n                <\/div>\n                            <div class=\"filtro-icono\"\n                    data-categoria=\"entretenimiento\"\n                    data-categoria-id=\"70\"\n                    data-categoria-key=\"entretenimiento\">\n                    <i class=\"fa-solid fa-masks-theater filtro-icon\"><\/i>                    <span class=\"filtro-label\">\n                        rozrywka                    <\/span>\n                <\/div>\n                            <div class=\"filtro-icono\"\n                    data-categoria=\"playa\"\n                    data-categoria-id=\"71\"\n                    data-categoria-key=\"playa\">\n                    <i class=\"fa-solid fa-umbrella-beach filtro-icon\"><\/i>                    <span class=\"filtro-label\">\n                        pla\u017ca                    <\/span>\n                <\/div>\n                        <\/div>\n<\/section>\n\n<!-- Layout Principal -->\n<section class=\"atracciones-main-section\">\n    <div class=\"atracciones-wrapper\">\n\n        <!-- Columna Izquierda: Lista de Atracciones -->\n        <div class=\"atracciones-lista-columna\">\n            <h2 class=\"atracciones-lista-title translation-block\">Co robi\u0107 w Walencji: <span class=\"highlight-black\">miejsca, kt\u00f3rych nie mo\u017cesz przegapi\u0107<\/span>.<\/h2>\n\n            <div class=\"atracciones-contador\">\n                <span id=\"atracciones-contador-texto\">Znaleziono 29 wynik\u00f3w<\/span>\n            <\/div>\n\n            <div class=\"tga-lista-atracciones-wrap\">\n                <div class=\"tga-atracciones-loader\" id=\"tga-atracciones-loader\" style=\"display:none;\" aria-live=\"polite\" aria-busy=\"false\">\n                    <span class=\"tga-atracciones-loader-spinner\" aria-hidden=\"true\"><\/span>\n                    <span class=\"tga-atracciones-loader-text\">\u0141adowanie...<\/span>\n                <\/div>\n                <div class=\"atracciones-lista\" id=\"atracciones-lista\">\n                    \n            <article class=\"atraccion-card\" data-atraccion-id=\"3862\"\n            data-categorias=\"69\"\n            data-categoria-keys=\"cultura\"\n            data-categorias-slugs=\"cultura\">\n\n            <div class=\"atraccion-thumbnail-wrapper\">\n                                    <div class=\"atraccion-thumbnail\">\n                        <img decoding=\"async\" width=\"128\" height=\"46\" src=\"https:\/\/upgrade.valenciaandgo.com\/wp-content\/uploads\/2026\/01\/img-barrio-del-cabanal-01.webp\" class=\"attachment-thumbnail size-thumbnail wp-post-image\" alt=\"\" \/>\n                                                    <span class=\"categoria-badge\">\n                                KULTURA                            <\/span>\n                        \n                        <span class=\"atraccion-marker-badge\">\n                            <i class=\"fas fa-map-marker-alt\"><\/i>\n                        <\/span>\n                    <\/div>\n                            <\/div>\n\n            <div class=\"atraccion-content\">\n                <h3 class=\"atraccion-title\">\n                    <a href=\"https:\/\/upgrade.valenciaandgo.com\/pl\/atracciones\/barrio-del-cabanal-en-valencia\/\">Dzielnica Caba\u00f1al w Walencji<\/a>\n                <\/h3>\n\n                                    <div class=\"atraccion-descripcion\">\n                        <p><span data-sheets-root=\"1\">Autentyczna historia marynarzy Walencji jest reprezentowana w tej dzielnicy, uwa\u017canej za jedno z najmodniejszych miejsc w mie\u015bcie.<\/span><\/p>\n                    <\/div>\n                \n                <div class=\"atraccion-footer\">\n                    <div class=\"atraccion-tours-info\">\n                        <button type=\"button\" class=\"atraccion-tours-info-btn\" data-atraccion-id=\"3862\">\n                            <i class=\"fas fa-ticket-alt tours-icon\" aria-hidden=\"true\"><\/i>\n                            <span>Dost\u0119pne wycieczki<\/span>\n                        <\/button>\n                    <\/div>\n                <\/div>\n            <\/div>\n        <\/article>\n\n            <article class=\"atraccion-card\" data-atraccion-id=\"3830\"\n            data-categorias=\"72\"\n            data-categoria-keys=\"restauracion\"\n            data-categorias-slugs=\"restauracion\">\n\n            <div class=\"atraccion-thumbnail-wrapper\">\n                                    <div class=\"atraccion-thumbnail\">\n                        <img decoding=\"async\" width=\"126\" height=\"96\" src=\"https:\/\/upgrade.valenciaandgo.com\/wp-content\/uploads\/2026\/01\/img-casa-carmela-02.webp\" class=\"attachment-thumbnail size-thumbnail wp-post-image\" alt=\"\" \/>\n                        \n                        <span class=\"atraccion-marker-badge\">\n                            <i class=\"fas fa-map-marker-alt\"><\/i>\n                        <\/span>\n                    <\/div>\n                            <\/div>\n\n            <div class=\"atraccion-content\">\n                <h3 class=\"atraccion-title\">\n                    <a href=\"https:\/\/upgrade.valenciaandgo.com\/pl\/atracciones\/casa-carmela-restaurante\/\">Restauracja Casa Carmela<\/a>\n                <\/h3>\n\n                                    <div class=\"atraccion-descripcion\">\n                        <p><span data-sheets-root=\"1\">Legendarna restauracja w dzielnicy Caba\u00f1al w Walencji, w kt\u00f3rej zgodnie z tradycj\u0105 gotuje si\u0119 paell\u0119 z Walencji na ogniu opalanym drewnem.<\/span><\/p>\n                    <\/div>\n                \n                <div class=\"atraccion-footer\">\n                    <div class=\"atraccion-tours-info\">\n                        <button type=\"button\" class=\"atraccion-tours-info-btn\" data-atraccion-id=\"3830\">\n                            <i class=\"fas fa-ticket-alt tours-icon\" aria-hidden=\"true\"><\/i>\n                            <span>Dost\u0119pne wycieczki<\/span>\n                        <\/button>\n                    <\/div>\n                <\/div>\n            <\/div>\n        <\/article>\n\n            <article class=\"atraccion-card\" data-atraccion-id=\"3814\"\n            data-categorias=\"69\"\n            data-categoria-keys=\"cultura\"\n            data-categorias-slugs=\"cultura\">\n\n            <div class=\"atraccion-thumbnail-wrapper\">\n                                    <div class=\"atraccion-thumbnail\">\n                        <img decoding=\"async\" width=\"128\" height=\"40\" src=\"https:\/\/upgrade.valenciaandgo.com\/wp-content\/uploads\/2026\/01\/img-castillo-xativa-01.webp\" class=\"attachment-thumbnail size-thumbnail wp-post-image\" alt=\"\" \/>\n                                                    <span class=\"categoria-badge\">\n                                KULTURA                            <\/span>\n                        \n                        <span class=\"atraccion-marker-badge\">\n                            <i class=\"fas fa-map-marker-alt\"><\/i>\n                        <\/span>\n                    <\/div>\n                            <\/div>\n\n            <div class=\"atraccion-content\">\n                <h3 class=\"atraccion-title\">\n                    <a href=\"https:\/\/upgrade.valenciaandgo.com\/pl\/atracciones\/castillo-de-xativa\/\">Zamek X\u00e0tiva<\/a>\n                <\/h3>\n\n                                    <div class=\"atraccion-descripcion\">\n                        <p><span data-sheets-root=\"1\">Uznana za dobro kultury, jedna z najbardziej imponuj\u0105cych fortec w prowincji Walencja, w kt\u00f3rej stoczono wielkie bitwy.<\/span><\/p>\n                    <\/div>\n                \n                <div class=\"atraccion-footer\">\n                    <div class=\"atraccion-tours-info\">\n                        <button type=\"button\" class=\"atraccion-tours-info-btn\" data-atraccion-id=\"3814\">\n                            <i class=\"fas fa-ticket-alt tours-icon\" aria-hidden=\"true\"><\/i>\n                            <span>Dost\u0119pne wycieczki<\/span>\n                        <\/button>\n                    <\/div>\n                <\/div>\n            <\/div>\n        <\/article>\n\n            <article class=\"atraccion-card\" data-atraccion-id=\"3559\"\n            data-categorias=\"69\"\n            data-categoria-keys=\"cultura\"\n            data-categorias-slugs=\"cultura\">\n\n            <div class=\"atraccion-thumbnail-wrapper\">\n                                    <div class=\"atraccion-thumbnail\">\n                        <img loading=\"lazy\" decoding=\"async\" width=\"128\" height=\"57\" src=\"https:\/\/upgrade.valenciaandgo.com\/wp-content\/uploads\/2025\/12\/img-catedral-valencia-01.webp\" class=\"attachment-thumbnail size-thumbnail wp-post-image\" alt=\"\" \/>\n                                                    <span class=\"categoria-badge\">\n                                KULTURA                            <\/span>\n                        \n                        <span class=\"atraccion-marker-badge\">\n                            <i class=\"fas fa-map-marker-alt\"><\/i>\n                        <\/span>\n                    <\/div>\n                            <\/div>\n\n            <div class=\"atraccion-content\">\n                <h3 class=\"atraccion-title\">\n                    <a href=\"https:\/\/upgrade.valenciaandgo.com\/pl\/atracciones\/catedral-de-valencia-y-el-santo-caliz\/\">Katedra w Walencji i \u015awi\u0119ty Kielich<\/a>\n                <\/h3>\n\n                                    <div class=\"atraccion-descripcion\">\n                        <p><span data-sheets-root=\"1\">Najwi\u0119kszy religijny zabytek architektoniczny Walencji: imponuj\u0105ca gotycka katedra, w kt\u00f3rej znajduje si\u0119 \u015awi\u0119ty Kielich.<\/span><\/p>\n                    <\/div>\n                \n                <div class=\"atraccion-footer\">\n                    <div class=\"atraccion-tours-info\">\n                        <button type=\"button\" class=\"atraccion-tours-info-btn\" data-atraccion-id=\"3559\">\n                            <i class=\"fas fa-ticket-alt tours-icon\" aria-hidden=\"true\"><\/i>\n                            <span>Dost\u0119pne wycieczki<\/span>\n                        <\/button>\n                    <\/div>\n                <\/div>\n            <\/div>\n        <\/article>\n\n            <article class=\"atraccion-card\" data-atraccion-id=\"3884\"\n            data-categorias=\"72\"\n            data-categoria-keys=\"restauracion\"\n            data-categorias-slugs=\"restauracion\">\n\n            <div class=\"atraccion-thumbnail-wrapper\">\n                                    <div class=\"atraccion-thumbnail\">\n                        <img loading=\"lazy\" decoding=\"async\" width=\"128\" height=\"40\" src=\"https:\/\/upgrade.valenciaandgo.com\/wp-content\/uploads\/2026\/01\/vista-edificios-ciudad-valencia.webp\" class=\"attachment-thumbnail size-thumbnail wp-post-image\" alt=\"\" \/>\n                        \n                        <span class=\"atraccion-marker-badge\">\n                            <i class=\"fas fa-map-marker-alt\"><\/i>\n                        <\/span>\n                    <\/div>\n                            <\/div>\n\n            <div class=\"atraccion-content\">\n                <h3 class=\"atraccion-title\">\n                    <a href=\"https:\/\/upgrade.valenciaandgo.com\/pl\/atracciones\/central-bar-valencia\/\">Central Bar Valencia<\/a>\n                <\/h3>\n\n                                    <div class=\"atraccion-descripcion\">\n                        <p>Tapas dla smakoszy w samym sercu Central Market w Walencji.<br \/>\nIdealne miejsce na delektowanie si\u0119 charakterystycznymi tapas i kanapkami dnia ze \u015bwie\u017cych produkt\u00f3w prosto z targu.<\/p>\n<p>Obowi\u0105zkowy punkt programu w mie\u015bcie!<\/p>\n                    <\/div>\n                \n                <div class=\"atraccion-footer\">\n                    <div class=\"atraccion-tours-info\">\n                        <button type=\"button\" class=\"atraccion-tours-info-btn\" data-atraccion-id=\"3884\">\n                            <i class=\"fas fa-ticket-alt tours-icon\" aria-hidden=\"true\"><\/i>\n                            <span>Dost\u0119pne wycieczki<\/span>\n                        <\/button>\n                    <\/div>\n                <\/div>\n            <\/div>\n        <\/article>\n\n            <article class=\"atraccion-card\" data-atraccion-id=\"3758\"\n            data-categorias=\"69,70\"\n            data-categoria-keys=\"cultura,entretenimiento\"\n            data-categorias-slugs=\"cultura,entretenimiento\">\n\n            <div class=\"atraccion-thumbnail-wrapper\">\n                                    <div class=\"atraccion-thumbnail\">\n                        <img loading=\"lazy\" decoding=\"async\" width=\"128\" height=\"40\" src=\"https:\/\/upgrade.valenciaandgo.com\/wp-content\/uploads\/2026\/01\/img-ciudad-artes-ciencias-01.webp\" class=\"attachment-thumbnail size-thumbnail wp-post-image\" alt=\"\" \/>\n                                                    <span class=\"categoria-badge\">\n                                KULTURA                            <\/span>\n                        \n                        <span class=\"atraccion-marker-badge\">\n                            <i class=\"fas fa-map-marker-alt\"><\/i>\n                        <\/span>\n                    <\/div>\n                            <\/div>\n\n            <div class=\"atraccion-content\">\n                <h3 class=\"atraccion-title\">\n                    <a href=\"https:\/\/upgrade.valenciaandgo.com\/pl\/atracciones\/ciudad-de-las-artes-y-las-ciencias\/\">Miasto Sztuki i Nauki<\/a>\n                <\/h3>\n\n                                    <div class=\"atraccion-descripcion\">\n                        <p><span data-sheets-root=\"1\">Kompleks architektoniczny, rozrywkowy i kulturalny, kt\u00f3ry sta\u0142 si\u0119 ikon\u0105 Walencji. Futurystyczne miasto zaprojektowane przez architekta Santiago Calatrav\u0119.<\/span><\/p>\n                    <\/div>\n                \n                <div class=\"atraccion-footer\">\n                    <div class=\"atraccion-tours-info\">\n                        <button type=\"button\" class=\"atraccion-tours-info-btn\" data-atraccion-id=\"3758\">\n                            <i class=\"fas fa-ticket-alt tours-icon\" aria-hidden=\"true\"><\/i>\n                            <span>Dost\u0119pne wycieczki<\/span>\n                        <\/button>\n                    <\/div>\n                <\/div>\n            <\/div>\n        <\/article>\n\n            <article class=\"atraccion-card\" data-atraccion-id=\"3713\"\n            data-categorias=\"70\"\n            data-categoria-keys=\"entretenimiento\"\n            data-categorias-slugs=\"entretenimiento\">\n\n            <div class=\"atraccion-thumbnail-wrapper\">\n                                    <div class=\"atraccion-thumbnail\">\n                        <img loading=\"lazy\" decoding=\"async\" width=\"128\" height=\"40\" src=\"https:\/\/upgrade.valenciaandgo.com\/wp-content\/uploads\/2026\/01\/img-coves-sant-josep-01-1.webp\" class=\"attachment-thumbnail size-thumbnail wp-post-image\" alt=\"\" \/>\n                                                    <span class=\"categoria-badge\">\n                                ROZRYWKA                            <\/span>\n                        \n                        <span class=\"atraccion-marker-badge\">\n                            <i class=\"fas fa-map-marker-alt\"><\/i>\n                        <\/span>\n                    <\/div>\n                            <\/div>\n\n            <div class=\"atraccion-content\">\n                <h3 class=\"atraccion-title\">\n                    <a href=\"https:\/\/upgrade.valenciaandgo.com\/pl\/atracciones\/coves-de-sant-josep\/\">Coves de Sant Josep<\/a>\n                <\/h3>\n\n                                    <div class=\"atraccion-descripcion\">\n                        <p><span data-sheets-root=\"1\">\u017beglowna podziemna rzeka pe\u0142na tajemnic. Podr\u00f3\u017c, kt\u00f3ra zabierze Ci\u0119 do imponuj\u0105cych formacji skalnych.<\/span><\/p>\n                    <\/div>\n                \n                <div class=\"atraccion-footer\">\n                    <div class=\"atraccion-tours-info\">\n                        <button type=\"button\" class=\"atraccion-tours-info-btn\" data-atraccion-id=\"3713\">\n                            <i class=\"fas fa-ticket-alt tours-icon\" aria-hidden=\"true\"><\/i>\n                            <span>Dost\u0119pne wycieczki<\/span>\n                        <\/button>\n                    <\/div>\n                <\/div>\n            <\/div>\n        <\/article>\n\n            <article class=\"atraccion-card\" data-atraccion-id=\"3854\"\n            data-categorias=\"69\"\n            data-categoria-keys=\"cultura\"\n            data-categorias-slugs=\"cultura\">\n\n            <div class=\"atraccion-thumbnail-wrapper\">\n                                    <div class=\"atraccion-thumbnail\">\n                        <img loading=\"lazy\" decoding=\"async\" width=\"128\" height=\"54\" src=\"https:\/\/upgrade.valenciaandgo.com\/wp-content\/uploads\/2026\/01\/img-miguelete-valencia-01.webp\" class=\"attachment-thumbnail size-thumbnail wp-post-image\" alt=\"\" \/>\n                                                    <span class=\"categoria-badge\">\n                                KULTURA                            <\/span>\n                        \n                        <span class=\"atraccion-marker-badge\">\n                            <i class=\"fas fa-map-marker-alt\"><\/i>\n                        <\/span>\n                    <\/div>\n                            <\/div>\n\n            <div class=\"atraccion-content\">\n                <h3 class=\"atraccion-title\">\n                    <a href=\"https:\/\/upgrade.valenciaandgo.com\/pl\/atracciones\/miguelete-valencia\/\">Miguelete z Walencji<\/a>\n                <\/h3>\n\n                                    <div class=\"atraccion-descripcion\">\n                        <p><span data-sheets-root=\"1\">Jest to dzwonnica katedry w Walencji, zbudowana w stylu gotyku walenckiego. Jej wysoko\u015b\u0107 50,85 metr\u00f3w oferuje panoramiczne widoki na miasto.<\/span><\/p>\n                    <\/div>\n                \n                <div class=\"atraccion-footer\">\n                    <div class=\"atraccion-tours-info\">\n                        <button type=\"button\" class=\"atraccion-tours-info-btn\" data-atraccion-id=\"3854\">\n                            <i class=\"fas fa-ticket-alt tours-icon\" aria-hidden=\"true\"><\/i>\n                            <span>Dost\u0119pne wycieczki<\/span>\n                        <\/button>\n                    <\/div>\n                <\/div>\n            <\/div>\n        <\/article>\n\n            <article class=\"atraccion-card\" data-atraccion-id=\"3932\"\n            data-categorias=\"69\"\n            data-categoria-keys=\"cultura\"\n            data-categorias-slugs=\"cultura\">\n\n            <div class=\"atraccion-thumbnail-wrapper\">\n                                    <div class=\"atraccion-thumbnail\">\n                        <img loading=\"lazy\" decoding=\"async\" width=\"62\" height=\"96\" src=\"https:\/\/upgrade.valenciaandgo.com\/wp-content\/uploads\/2026\/01\/img_estacion-norte-02.webp\" class=\"attachment-thumbnail size-thumbnail wp-post-image\" alt=\"\" \/>\n                                                    <span class=\"categoria-badge\">\n                                KULTURA                            <\/span>\n                        \n                        <span class=\"atraccion-marker-badge\">\n                            <i class=\"fas fa-map-marker-alt\"><\/i>\n                        <\/span>\n                    <\/div>\n                            <\/div>\n\n            <div class=\"atraccion-content\">\n                <h3 class=\"atraccion-title\">\n                    <a href=\"https:\/\/upgrade.valenciaandgo.com\/pl\/atracciones\/estacion-del-norte-de-valencia\/\">Stacja Valencia North<\/a>\n                <\/h3>\n\n                                    <div class=\"atraccion-descripcion\">\n                        <p>Gdzie modernizm wita miasto.<\/p>\n<p>Klejnot walenckiego modernizmu, kultowe wej\u015bcie do miasta.<\/p>\n                    <\/div>\n                \n                <div class=\"atraccion-footer\">\n                    <div class=\"atraccion-tours-info\">\n                        <button type=\"button\" class=\"atraccion-tours-info-btn\" data-atraccion-id=\"3932\">\n                            <i class=\"fas fa-ticket-alt tours-icon\" aria-hidden=\"true\"><\/i>\n                            <span>Dost\u0119pne wycieczki<\/span>\n                        <\/button>\n                    <\/div>\n                <\/div>\n            <\/div>\n        <\/article>\n\n            <article class=\"atraccion-card\" data-atraccion-id=\"3924\"\n            data-categorias=\"69,70\"\n            data-categoria-keys=\"cultura,entretenimiento\"\n            data-categorias-slugs=\"cultura,entretenimiento\">\n\n            <div class=\"atraccion-thumbnail-wrapper\">\n                                    <div class=\"atraccion-thumbnail\">\n                        <img loading=\"lazy\" decoding=\"async\" width=\"77\" height=\"96\" src=\"https:\/\/upgrade.valenciaandgo.com\/wp-content\/uploads\/2026\/01\/img_ivam-02.webp\" class=\"attachment-thumbnail size-thumbnail wp-post-image\" alt=\"\" \/>\n                                                    <span class=\"categoria-badge\">\n                                KULTURA                            <\/span>\n                        \n                        <span class=\"atraccion-marker-badge\">\n                            <i class=\"fas fa-map-marker-alt\"><\/i>\n                        <\/span>\n                    <\/div>\n                            <\/div>\n\n            <div class=\"atraccion-content\">\n                <h3 class=\"atraccion-title\">\n                    <a href=\"https:\/\/upgrade.valenciaandgo.com\/pl\/atracciones\/ivam-instituto-valenciano-de-arte-moderno\/\">IVAM - Walencki Instytut Sztuki Wsp\u00f3\u0142czesnej<\/a>\n                <\/h3>\n\n                                    <div class=\"atraccion-descripcion\">\n                        <p>Gdzie sztuka nowoczesna znajduje sw\u00f3j dom w Walencji.<\/p>\n<p>IVAM to epicentrum sztuki wsp\u00f3\u0142czesnej w Walencji.<\/p>\n                    <\/div>\n                \n                <div class=\"atraccion-footer\">\n                    <div class=\"atraccion-tours-info\">\n                        <button type=\"button\" class=\"atraccion-tours-info-btn\" data-atraccion-id=\"3924\">\n                            <i class=\"fas fa-ticket-alt tours-icon\" aria-hidden=\"true\"><\/i>\n                            <span>Dost\u0119pne wycieczki<\/span>\n                        <\/button>\n                    <\/div>\n                <\/div>\n            <\/div>\n        <\/article>\n\n            <article class=\"atraccion-card\" data-atraccion-id=\"3675\"\n            data-categorias=\"70\"\n            data-categoria-keys=\"entretenimiento\"\n            data-categorias-slugs=\"entretenimiento\">\n\n            <div class=\"atraccion-thumbnail-wrapper\">\n                                    <div class=\"atraccion-thumbnail\">\n                        <img loading=\"lazy\" decoding=\"async\" width=\"128\" height=\"55\" src=\"https:\/\/upgrade.valenciaandgo.com\/wp-content\/uploads\/2025\/12\/img-jardin-turia-01.webp\" class=\"attachment-thumbnail size-thumbnail wp-post-image\" alt=\"\" \/>\n                                                    <span class=\"categoria-badge\">\n                                ROZRYWKA                            <\/span>\n                        \n                        <span class=\"atraccion-marker-badge\">\n                            <i class=\"fas fa-map-marker-alt\"><\/i>\n                        <\/span>\n                    <\/div>\n                            <\/div>\n\n            <div class=\"atraccion-content\">\n                <h3 class=\"atraccion-title\">\n                    <a href=\"https:\/\/upgrade.valenciaandgo.com\/pl\/atracciones\/jardin-del-turia\/\">Turia Garden<\/a>\n                <\/h3>\n\n                                    <div class=\"atraccion-descripcion\">\n                        <p><span data-sheets-root=\"1\">Zielone p\u0142uca Walencji, rozleg\u0142y park przecinaj\u0105cy miasto i zawsze pe\u0142en \u017cycia.<\/span><\/p>\n                    <\/div>\n                \n                <div class=\"atraccion-footer\">\n                    <div class=\"atraccion-tours-info\">\n                        <button type=\"button\" class=\"atraccion-tours-info-btn\" data-atraccion-id=\"3675\">\n                            <i class=\"fas fa-ticket-alt tours-icon\" aria-hidden=\"true\"><\/i>\n                            <span>Dost\u0119pne wycieczki<\/span>\n                        <\/button>\n                    <\/div>\n                <\/div>\n            <\/div>\n        <\/article>\n\n            <article class=\"atraccion-card\" data-atraccion-id=\"3746\"\n            data-categorias=\"69\"\n            data-categoria-keys=\"cultura\"\n            data-categorias-slugs=\"cultura\">\n\n            <div class=\"atraccion-thumbnail-wrapper\">\n                                    <div class=\"atraccion-thumbnail\">\n                        <img loading=\"lazy\" decoding=\"async\" width=\"128\" height=\"40\" src=\"https:\/\/upgrade.valenciaandgo.com\/wp-content\/uploads\/2026\/01\/img-lonja-seda-01.webp\" class=\"attachment-thumbnail size-thumbnail wp-post-image\" alt=\"\" \/>\n                                                    <span class=\"categoria-badge\">\n                                KULTURA                            <\/span>\n                        \n                        <span class=\"atraccion-marker-badge\">\n                            <i class=\"fas fa-map-marker-alt\"><\/i>\n                        <\/span>\n                    <\/div>\n                            <\/div>\n\n            <div class=\"atraccion-content\">\n                <h3 class=\"atraccion-title\">\n                    <a href=\"https:\/\/upgrade.valenciaandgo.com\/pl\/atracciones\/la-lonja-de-la-seda\/\">Gie\u0142da Jedwabiu<\/a>\n                <\/h3>\n\n                                    <div class=\"atraccion-descripcion\">\n                        <p><span data-sheets-root=\"1\">Wpisany na list\u0119 \u015bwiatowego dziedzictwa UNESCO, autentyczny gotycki klejnot z XV wieku, po\u0142o\u017cony w centrum Walencji.<\/span><\/p>\n                    <\/div>\n                \n                <div class=\"atraccion-footer\">\n                    <div class=\"atraccion-tours-info\">\n                        <button type=\"button\" class=\"atraccion-tours-info-btn\" data-atraccion-id=\"3746\">\n                            <i class=\"fas fa-ticket-alt tours-icon\" aria-hidden=\"true\"><\/i>\n                            <span>Dost\u0119pne wycieczki<\/span>\n                        <\/button>\n                    <\/div>\n                <\/div>\n            <\/div>\n        <\/article>\n\n            <article class=\"atraccion-card\" data-atraccion-id=\"3916\"\n            data-categorias=\"68,70\"\n            data-categoria-keys=\"compras,entretenimiento\"\n            data-categorias-slugs=\"compras,entretenimiento\">\n\n            <div class=\"atraccion-thumbnail-wrapper\">\n                                    <div class=\"atraccion-thumbnail\">\n                        <img loading=\"lazy\" decoding=\"async\" width=\"70\" height=\"96\" src=\"https:\/\/upgrade.valenciaandgo.com\/wp-content\/uploads\/2026\/01\/img-postalera-02.webp\" class=\"attachment-thumbnail size-thumbnail wp-post-image\" alt=\"\" \/>\n                                                    <span class=\"categoria-badge\">\n                                ZAKUPY                            <\/span>\n                        \n                        <span class=\"atraccion-marker-badge\">\n                            <i class=\"fas fa-map-marker-alt\"><\/i>\n                        <\/span>\n                    <\/div>\n                            <\/div>\n\n            <div class=\"atraccion-content\">\n                <h3 class=\"atraccion-title\">\n                    <a href=\"https:\/\/upgrade.valenciaandgo.com\/pl\/atracciones\/la-postalera-valencia\/\">La Postalera Valencia<\/a>\n                <\/h3>\n\n                                    <div class=\"atraccion-descripcion\">\n                        <p>Papierowe dzie\u0142a sztuki i wyj\u0105tkowe pami\u0105tki z Walencji.<\/p>\n<p>Kreatywna przestrze\u0144, w kt\u00f3rej mo\u017cna odkry\u0107 prawdziwe skarby na papierze.<\/p>\n                    <\/div>\n                \n                <div class=\"atraccion-footer\">\n                    <div class=\"atraccion-tours-info\">\n                        <button type=\"button\" class=\"atraccion-tours-info-btn\" data-atraccion-id=\"3916\">\n                            <i class=\"fas fa-ticket-alt tours-icon\" aria-hidden=\"true\"><\/i>\n                            <span>Dost\u0119pne wycieczki<\/span>\n                        <\/button>\n                    <\/div>\n                <\/div>\n            <\/div>\n        <\/article>\n\n            <article class=\"atraccion-card\" data-atraccion-id=\"3869\"\n            data-categorias=\"70,71,72\"\n            data-categoria-keys=\"entretenimiento,playa,restauracion\"\n            data-categorias-slugs=\"entretenimiento,playa,restauracion\">\n\n            <div class=\"atraccion-thumbnail-wrapper\">\n                                    <div class=\"atraccion-thumbnail\">\n                        <img loading=\"lazy\" decoding=\"async\" width=\"128\" height=\"44\" src=\"https:\/\/upgrade.valenciaandgo.com\/wp-content\/uploads\/2026\/01\/img-marina-beach-club-01.webp\" class=\"attachment-thumbnail size-thumbnail wp-post-image\" alt=\"\" \/>\n                                                    <span class=\"categoria-badge\">\n                                ROZRYWKA                            <\/span>\n                        \n                        <span class=\"atraccion-marker-badge\">\n                            <i class=\"fas fa-map-marker-alt\"><\/i>\n                        <\/span>\n                    <\/div>\n                            <\/div>\n\n            <div class=\"atraccion-content\">\n                <h3 class=\"atraccion-title\">\n                    <a href=\"https:\/\/upgrade.valenciaandgo.com\/pl\/atracciones\/marina-beach-club\/\">Marina Beach Club<\/a>\n                <\/h3>\n\n                                    <div class=\"atraccion-descripcion\">\n                        <p><span data-sheets-root=\"1\">Marina Beach Club oferuje dania kuchni \u015br\u00f3dziemnomorskiej i uprzywilejowane widoki na morze, \u0142\u0105cz\u0105c gastronomi\u0119 i wypoczynek w wyj\u0105tkowej przestrzeni naprzeciwko pla\u017cy w Walencji.<\/span><\/p>\n                    <\/div>\n                \n                <div class=\"atraccion-footer\">\n                    <div class=\"atraccion-tours-info\">\n                        <button type=\"button\" class=\"atraccion-tours-info-btn\" data-atraccion-id=\"3869\">\n                            <i class=\"fas fa-ticket-alt tours-icon\" aria-hidden=\"true\"><\/i>\n                            <span>Dost\u0119pne wycieczki<\/span>\n                        <\/button>\n                    <\/div>\n                <\/div>\n            <\/div>\n        <\/article>\n\n            <article class=\"atraccion-card\" data-atraccion-id=\"3793\"\n            data-categorias=\"68,70,72\"\n            data-categoria-keys=\"compras,entretenimiento,restauracion\"\n            data-categorias-slugs=\"compras,entretenimiento,restauracion\">\n\n            <div class=\"atraccion-thumbnail-wrapper\">\n                                    <div class=\"atraccion-thumbnail\">\n                        <img loading=\"lazy\" decoding=\"async\" width=\"128\" height=\"40\" src=\"https:\/\/upgrade.valenciaandgo.com\/wp-content\/uploads\/2026\/01\/img-mercado-central-valencia-01.webp\" class=\"attachment-thumbnail size-thumbnail wp-post-image\" alt=\"\" \/>\n                                                    <span class=\"categoria-badge\">\n                                ZAKUPY                            <\/span>\n                        \n                        <span class=\"atraccion-marker-badge\">\n                            <i class=\"fas fa-map-marker-alt\"><\/i>\n                        <\/span>\n                    <\/div>\n                            <\/div>\n\n            <div class=\"atraccion-content\">\n                <h3 class=\"atraccion-title\">\n                    <a href=\"https:\/\/upgrade.valenciaandgo.com\/pl\/atracciones\/mercado-central-de-valencia\/\">Valencia Central Market<\/a>\n                <\/h3>\n\n                                    <div class=\"atraccion-descripcion\">\n                        <p><span data-sheets-root=\"1\">T\u0119tni\u0105cy \u017cyciem modernistyczny rynek, na kt\u00f3rym mieszaj\u0105 si\u0119 smaki, aromaty i kolory walenckiej gastronomii.<\/span><\/p>\n                    <\/div>\n                \n                <div class=\"atraccion-footer\">\n                    <div class=\"atraccion-tours-info\">\n                        <button type=\"button\" class=\"atraccion-tours-info-btn\" data-atraccion-id=\"3793\">\n                            <i class=\"fas fa-ticket-alt tours-icon\" aria-hidden=\"true\"><\/i>\n                            <span>Dost\u0119pne wycieczki<\/span>\n                        <\/button>\n                    <\/div>\n                <\/div>\n            <\/div>\n        <\/article>\n\n            <article class=\"atraccion-card\" data-atraccion-id=\"3838\"\n            data-categorias=\"68,70\"\n            data-categoria-keys=\"compras,entretenimiento\"\n            data-categorias-slugs=\"compras,entretenimiento\">\n\n            <div class=\"atraccion-thumbnail-wrapper\">\n                                    <div class=\"atraccion-thumbnail\">\n                        <img loading=\"lazy\" decoding=\"async\" width=\"128\" height=\"40\" src=\"https:\/\/upgrade.valenciaandgo.com\/wp-content\/uploads\/2026\/01\/img-mercado-colon-01.webp\" class=\"attachment-thumbnail size-thumbnail wp-post-image\" alt=\"\" \/>\n                                                    <span class=\"categoria-badge\">\n                                ZAKUPY                            <\/span>\n                        \n                        <span class=\"atraccion-marker-badge\">\n                            <i class=\"fas fa-map-marker-alt\"><\/i>\n                        <\/span>\n                    <\/div>\n                            <\/div>\n\n            <div class=\"atraccion-content\">\n                <h3 class=\"atraccion-title\">\n                    <a href=\"https:\/\/upgrade.valenciaandgo.com\/pl\/atracciones\/mercado-de-colon-valencia\/\">Col\u00f3n Market Walencja<\/a>\n                <\/h3>\n\n                                    <div class=\"atraccion-descripcion\">\n                        <p><span data-sheets-root=\"1\">Modernistyczny rynek, kt\u00f3ry \u0142\u0105czy elegancj\u0119 z szerok\u0105 ofert\u0105 kulinarn\u0105 i ma\u0142ymi straganami, na kt\u00f3rych mo\u017cna kupi\u0107 typowe produkty.<\/span><\/p>\n                    <\/div>\n                \n                <div class=\"atraccion-footer\">\n                    <div class=\"atraccion-tours-info\">\n                        <button type=\"button\" class=\"atraccion-tours-info-btn\" data-atraccion-id=\"3838\">\n                            <i class=\"fas fa-ticket-alt tours-icon\" aria-hidden=\"true\"><\/i>\n                            <span>Dost\u0119pne wycieczki<\/span>\n                        <\/button>\n                    <\/div>\n                <\/div>\n            <\/div>\n        <\/article>\n\n            <article class=\"atraccion-card\" data-atraccion-id=\"3785\"\n            data-categorias=\"69\"\n            data-categoria-keys=\"cultura\"\n            data-categorias-slugs=\"cultura\">\n\n            <div class=\"atraccion-thumbnail-wrapper\">\n                                    <div class=\"atraccion-thumbnail\">\n                        <img loading=\"lazy\" decoding=\"async\" width=\"128\" height=\"40\" src=\"https:\/\/upgrade.valenciaandgo.com\/wp-content\/uploads\/2026\/01\/img-museo-bellas-artes-valencia-01.webp\" class=\"attachment-thumbnail size-thumbnail wp-post-image\" alt=\"\" \/>\n                                                    <span class=\"categoria-badge\">\n                                KULTURA                            <\/span>\n                        \n                        <span class=\"atraccion-marker-badge\">\n                            <i class=\"fas fa-map-marker-alt\"><\/i>\n                        <\/span>\n                    <\/div>\n                            <\/div>\n\n            <div class=\"atraccion-content\">\n                <h3 class=\"atraccion-title\">\n                    <a href=\"https:\/\/upgrade.valenciaandgo.com\/pl\/atracciones\/museo-de-bellas-artes-de-valencia\/\">Muzeum Sztuk Pi\u0119knych w Walencji<\/a>\n                <\/h3>\n\n                                    <div class=\"atraccion-descripcion\">\n                        <p><span data-sheets-root=\"1\">Druga co do wielko\u015bci galeria sztuki w Hiszpanii. Muzeum Sztuk Pi\u0119knych w Walencji to obowi\u0105zkowy punkt dla mi\u0142o\u015bnik\u00f3w sztuki.<\/span><\/p>\n                    <\/div>\n                \n                <div class=\"atraccion-footer\">\n                    <div class=\"atraccion-tours-info\">\n                        <button type=\"button\" class=\"atraccion-tours-info-btn\" data-atraccion-id=\"3785\">\n                            <i class=\"fas fa-ticket-alt tours-icon\" aria-hidden=\"true\"><\/i>\n                            <span>Dost\u0119pne wycieczki<\/span>\n                        <\/button>\n                    <\/div>\n                <\/div>\n            <\/div>\n        <\/article>\n\n            <article class=\"atraccion-card\" data-atraccion-id=\"3731\"\n            data-categorias=\"72\"\n            data-categoria-keys=\"restauracion\"\n            data-categorias-slugs=\"restauracion\">\n\n            <div class=\"atraccion-thumbnail-wrapper\">\n                                    <div class=\"atraccion-thumbnail\">\n                        <img loading=\"lazy\" decoding=\"async\" width=\"128\" height=\"85\" src=\"https:\/\/upgrade.valenciaandgo.com\/wp-content\/uploads\/2026\/01\/img-orio-gastronomia-vasca-01.webp\" class=\"attachment-thumbnail size-thumbnail wp-post-image\" alt=\"\" \/>\n                        \n                        <span class=\"atraccion-marker-badge\">\n                            <i class=\"fas fa-map-marker-alt\"><\/i>\n                        <\/span>\n                    <\/div>\n                            <\/div>\n\n            <div class=\"atraccion-content\">\n                <h3 class=\"atraccion-title\">\n                    <a href=\"https:\/\/upgrade.valenciaandgo.com\/pl\/atracciones\/orio-gastronomia-vasca\/\">Baskijska gastronomia ORIO<\/a>\n                <\/h3>\n\n                                    <div class=\"atraccion-descripcion\">\n                        <p>Ponowne odkrycie baskijskiej tawerny: pintxos, \u015bwie\u017ce ryby i morska atmosfera w centrum Walencji<\/p>\n                    <\/div>\n                \n                <div class=\"atraccion-footer\">\n                    <div class=\"atraccion-tours-info\">\n                        <button type=\"button\" class=\"atraccion-tours-info-btn\" data-atraccion-id=\"3731\">\n                            <i class=\"fas fa-ticket-alt tours-icon\" aria-hidden=\"true\"><\/i>\n                            <span>Dost\u0119pne wycieczki<\/span>\n                        <\/button>\n                    <\/div>\n                <\/div>\n            <\/div>\n        <\/article>\n\n            <article class=\"atraccion-card\" data-atraccion-id=\"3900\"\n            data-categorias=\"69\"\n            data-categoria-keys=\"cultura\"\n            data-categorias-slugs=\"cultura\">\n\n            <div class=\"atraccion-thumbnail-wrapper\">\n                                    <div class=\"atraccion-thumbnail\">\n                        <img loading=\"lazy\" decoding=\"async\" width=\"128\" height=\"85\" src=\"https:\/\/upgrade.valenciaandgo.com\/wp-content\/uploads\/2026\/01\/img-palacio-marques-dos-aguas-02.webp\" class=\"attachment-thumbnail size-thumbnail wp-post-image\" alt=\"\" \/>\n                                                    <span class=\"categoria-badge\">\n                                KULTURA                            <\/span>\n                        \n                        <span class=\"atraccion-marker-badge\">\n                            <i class=\"fas fa-map-marker-alt\"><\/i>\n                        <\/span>\n                    <\/div>\n                            <\/div>\n\n            <div class=\"atraccion-content\">\n                <h3 class=\"atraccion-title\">\n                    <a href=\"https:\/\/upgrade.valenciaandgo.com\/pl\/atracciones\/palacio-marques-de-dos-aguas\/\">Pa\u0142ac markiza Dos Aguas<\/a>\n                <\/h3>\n\n                                    <div class=\"atraccion-descripcion\">\n                        <p>Barokowy pa\u0142ac z ceramiczn\u0105 dusz\u0105.<\/p>\n<p>Szlachecka rezydencja s\u0142yn\u0105ca z imponuj\u0105cej rokokowej fasady i muzeum ceramiki.<\/p>\n                    <\/div>\n                \n                <div class=\"atraccion-footer\">\n                    <div class=\"atraccion-tours-info\">\n                        <button type=\"button\" class=\"atraccion-tours-info-btn\" data-atraccion-id=\"3900\">\n                            <i class=\"fas fa-ticket-alt tours-icon\" aria-hidden=\"true\"><\/i>\n                            <span>Dost\u0119pne wycieczki<\/span>\n                        <\/button>\n                    <\/div>\n                <\/div>\n            <\/div>\n        <\/article>\n\n            <article class=\"atraccion-card\" data-atraccion-id=\"3822\"\n            data-categorias=\"70\"\n            data-categoria-keys=\"entretenimiento\"\n            data-categorias-slugs=\"entretenimiento\">\n\n            <div class=\"atraccion-thumbnail-wrapper\">\n                                    <div class=\"atraccion-thumbnail\">\n                        <img loading=\"lazy\" decoding=\"async\" width=\"78\" height=\"96\" src=\"https:\/\/upgrade.valenciaandgo.com\/wp-content\/uploads\/2026\/01\/img-parque-cabecera-02.webp\" class=\"attachment-thumbnail size-thumbnail wp-post-image\" alt=\"\" \/>\n                                                    <span class=\"categoria-badge\">\n                                ROZRYWKA                            <\/span>\n                        \n                        <span class=\"atraccion-marker-badge\">\n                            <i class=\"fas fa-map-marker-alt\"><\/i>\n                        <\/span>\n                    <\/div>\n                            <\/div>\n\n            <div class=\"atraccion-content\">\n                <h3 class=\"atraccion-title\">\n                    <a href=\"https:\/\/upgrade.valenciaandgo.com\/pl\/atracciones\/parque-de-cabecera-en-valencia\/\">Parque de Cabecera w Walencji<\/a>\n                <\/h3>\n\n                                    <div class=\"atraccion-descripcion\">\n                        <p><span data-sheets-root=\"1\">Drugie zielone p\u0142uco, na zach\u00f3d od Walencji i po\u0142\u0105czone z ogrodem Turia: wodospady, ogromne jezioro, tereny zielone... prawdziwe naturalne schronienie.<\/span><\/p>\n                    <\/div>\n                \n                <div class=\"atraccion-footer\">\n                    <div class=\"atraccion-tours-info\">\n                        <button type=\"button\" class=\"atraccion-tours-info-btn\" data-atraccion-id=\"3822\">\n                            <i class=\"fas fa-ticket-alt tours-icon\" aria-hidden=\"true\"><\/i>\n                            <span>Dost\u0119pne wycieczki<\/span>\n                        <\/button>\n                    <\/div>\n                <\/div>\n            <\/div>\n        <\/article>\n\n    \n            <div class=\"atracciones-paginacion\">\n            <ul class='page-numbers'>\n\t<li><span aria-current=\"page\" class=\"page-numbers current\">1<\/span><\/li>\n\t<li><a class=\"page-numbers\" href=\"https:\/\/upgrade.valenciaandgo.com\/pl\/wp-json\/wp\/v2\/pages\/9620\/page\/2\/\">2<\/a><\/li>\n\t<li><a class=\"next page-numbers\" href=\"https:\/\/upgrade.valenciaandgo.com\/pl\/wp-json\/wp\/v2\/pages\/9620\/page\/2\/\">Nast\u0119pny \u00bb<\/a><\/li>\n<\/ul>\n        <\/div>\n    \n                <\/div>\n            <\/div>\n        <\/div>\n\n        <!-- Columna Derecha: Mapa -->\n        <div class=\"atracciones-mapa-columna\">\n            <div id=\"mapa-atracciones\"><\/div>\n        <\/div>\n\n    <\/div>\n<\/section>\n\n<div id=\"tga-tours-modal\" class=\"tga-tours-modal\" aria-hidden=\"true\">\n    <div class=\"tga-tours-modal-backdrop\" tabindex=\"-1\"><\/div>\n    <div class=\"tga-tours-modal-panel\" role=\"dialog\" aria-modal=\"true\" aria-labelledby=\"tga-tours-modal-title\">\n        <button type=\"button\" class=\"tga-tours-modal-close\" aria-label=\"Zamknij\">\u00d7<\/button>\n        <h2 id=\"tga-tours-modal-title\" class=\"tga-tours-modal-heading\">Wycieczki<\/h2>\n        <div class=\"tga-tours-modal-body\"><\/div>\n        <div class=\"tga-tours-modal-loader\" style=\"display:none;\" aria-hidden=\"true\">\n            <span class=\"tga-tours-modal-loader-spinner\"><\/span>\n            <span>\u0141adowanie wycieczek...<\/span>\n        <\/div>\n    <\/div>\n<\/div>\n<\/div><\/div>\n\t\t\t\t\t\t<\/div>\n\t\t\t\t\t<\/div>\n\t\t\t\t<\/div>\n\t\t\t\t<\/div>","protected":false},"excerpt":{"rendered":"<p>Lo que no puedes perderte \u00bfLlegas a Valencia y quieres descubrir lo mejor de la ciudad en poco tiempo? Explora nuestros lugares de inter\u00e9s en Valencia y aprovecha cada minuto con una selecci\u00f3n pensada para ti. Disfruta de Valencia sin perder tiempo buscando qu\u00e9 hacer. Aqu\u00ed encontrar\u00e1s opciones ideales para todos los gustos, con ubicaciones [&hellip;]<\/p>\n","protected":false},"author":1,"featured_media":0,"parent":0,"menu_order":0,"comment_status":"closed","ping_status":"closed","template":"","meta":{"_acf_changed":false,"footnotes":""},"class_list":["post-9620","page","type-page","status-publish","hentry"],"acf":[],"yoast_head":"<!-- This site is optimized with the Yoast SEO plugin v27.5 - https:\/\/yoast.com\/product\/yoast-seo-wordpress\/ -->\n<title>Lugares de inter\u00e9s - Valencia&amp;Go<\/title>\n<meta name=\"robots\" content=\"noindex, follow, max-snippet:-1, max-image-preview:large, max-video-preview:-1\" \/>\n<meta property=\"og:locale\" content=\"pl_PL\" \/>\n<meta property=\"og:type\" content=\"article\" \/>\n<meta property=\"og:title\" content=\"Lugares de inter\u00e9s - Valencia&amp;Go\" \/>\n<meta property=\"og:description\" content=\"Lo que no puedes perderte \u00bfLlegas a Valencia y quieres descubrir lo mejor de la ciudad en poco tiempo? Explora nuestros lugares de inter\u00e9s en Valencia y aprovecha cada minuto con una selecci\u00f3n pensada para ti. Disfruta de Valencia sin perder tiempo buscando qu\u00e9 hacer. Aqu\u00ed encontrar\u00e1s opciones ideales para todos los gustos, con ubicaciones [&hellip;]\" \/>\n<meta property=\"og:url\" content=\"https:\/\/upgrade.valenciaandgo.com\/pl\/interesujace-miejsca\/\" \/>\n<meta property=\"og:site_name\" content=\"Valencia&amp;Go\" \/>\n<meta property=\"article:publisher\" content=\"https:\/\/www.facebook.com\/valenciaandgo\/\" \/>\n<meta property=\"article:modified_time\" content=\"2026-04-01T21:17:29+00:00\" \/>\n<meta name=\"twitter:card\" content=\"summary_large_image\" \/>\n<meta name=\"twitter:label1\" content=\"Szacowany czas czytania\" \/>\n\t<meta name=\"twitter:data1\" content=\"7 minut\" \/>\n<script type=\"application\/ld+json\" class=\"yoast-schema-graph\">{\"@context\":\"https:\\\/\\\/schema.org\",\"@graph\":[{\"@type\":\"WebPage\",\"@id\":\"https:\\\/\\\/upgrade.valenciaandgo.com\\\/lugares-de-interes\\\/\",\"url\":\"https:\\\/\\\/upgrade.valenciaandgo.com\\\/lugares-de-interes\\\/\",\"name\":\"Lugares de inter\u00e9s - Valencia&amp;Go\",\"isPartOf\":{\"@id\":\"https:\\\/\\\/upgrade.valenciaandgo.com\\\/it\\\/#website\"},\"datePublished\":\"2026-03-13T02:52:14+00:00\",\"dateModified\":\"2026-04-01T21:17:29+00:00\",\"breadcrumb\":{\"@id\":\"https:\\\/\\\/upgrade.valenciaandgo.com\\\/lugares-de-interes\\\/#breadcrumb\"},\"inLanguage\":\"pl-PL\",\"potentialAction\":[{\"@type\":\"ReadAction\",\"target\":[\"https:\\\/\\\/upgrade.valenciaandgo.com\\\/lugares-de-interes\\\/\"]}]},{\"@type\":\"BreadcrumbList\",\"@id\":\"https:\\\/\\\/upgrade.valenciaandgo.com\\\/lugares-de-interes\\\/#breadcrumb\",\"itemListElement\":[{\"@type\":\"ListItem\",\"position\":1,\"name\":\"Portada\",\"item\":\"https:\\\/\\\/upgrade.valenciaandgo.com\\\/\"},{\"@type\":\"ListItem\",\"position\":2,\"name\":\"Lugares de inter\u00e9s\"}]},{\"@type\":\"WebSite\",\"@id\":\"https:\\\/\\\/upgrade.valenciaandgo.com\\\/it\\\/#website\",\"url\":\"https:\\\/\\\/upgrade.valenciaandgo.com\\\/it\\\/\",\"name\":\"Valencia&Go\",\"description\":\"Tours por Valencia y alrededores de ciudad.\",\"publisher\":{\"@id\":\"https:\\\/\\\/upgrade.valenciaandgo.com\\\/it\\\/#organization\"},\"potentialAction\":[{\"@type\":\"SearchAction\",\"target\":{\"@type\":\"EntryPoint\",\"urlTemplate\":\"https:\\\/\\\/upgrade.valenciaandgo.com\\\/it\\\/?s={search_term_string}\"},\"query-input\":{\"@type\":\"PropertyValueSpecification\",\"valueRequired\":true,\"valueName\":\"search_term_string\"}}],\"inLanguage\":\"pl-PL\"},{\"@type\":\"Organization\",\"@id\":\"https:\\\/\\\/upgrade.valenciaandgo.com\\\/it\\\/#organization\",\"name\":\"Valencia&Go\",\"url\":\"https:\\\/\\\/upgrade.valenciaandgo.com\\\/it\\\/\",\"logo\":{\"@type\":\"ImageObject\",\"inLanguage\":\"pl-PL\",\"@id\":\"https:\\\/\\\/upgrade.valenciaandgo.com\\\/it\\\/#\\\/schema\\\/logo\\\/image\\\/\",\"url\":\"https:\\\/\\\/upgrade.valenciaandgo.com\\\/wp-content\\\/uploads\\\/2025\\\/10\\\/valencia_go-svg-blnc-iso-naranja.svg\",\"contentUrl\":\"https:\\\/\\\/upgrade.valenciaandgo.com\\\/wp-content\\\/uploads\\\/2025\\\/10\\\/valencia_go-svg-blnc-iso-naranja.svg\",\"width\":434,\"height\":102,\"caption\":\"Valencia&Go\"},\"image\":{\"@id\":\"https:\\\/\\\/upgrade.valenciaandgo.com\\\/it\\\/#\\\/schema\\\/logo\\\/image\\\/\"},\"sameAs\":[\"https:\\\/\\\/www.facebook.com\\\/valenciaandgo\\\/\",\"https:\\\/\\\/www.instagram.com\\\/valenciaandgo\",\"https:\\\/\\\/www.linkedin.com\\\/company\\\/valencia-go\\\/\",\"https:\\\/\\\/www.tiktok.com\\\/@valenciaandgo\"]}]}<\/script>\n<!-- \/ Yoast SEO plugin. -->","yoast_head_json":{"title":"Interesuj\u0105ce miejsca - Valencia&amp;Go","robots":{"index":"noindex","follow":"follow","max-snippet":"max-snippet:-1","max-image-preview":"max-image-preview:large","max-video-preview":"max-video-preview:-1"},"og_locale":"pl_PL","og_type":"article","og_title":"Lugares de inter\u00e9s - Valencia&amp;Go","og_description":"Lo que no puedes perderte \u00bfLlegas a Valencia y quieres descubrir lo mejor de la ciudad en poco tiempo? Explora nuestros lugares de inter\u00e9s en Valencia y aprovecha cada minuto con una selecci\u00f3n pensada para ti. Disfruta de Valencia sin perder tiempo buscando qu\u00e9 hacer. Aqu\u00ed encontrar\u00e1s opciones ideales para todos los gustos, con ubicaciones [&hellip;]","og_url":"https:\/\/upgrade.valenciaandgo.com\/pl\/interesujace-miejsca\/","og_site_name":"Valencia&amp;Go","article_publisher":"https:\/\/www.facebook.com\/valenciaandgo\/","article_modified_time":"2026-04-01T21:17:29+00:00","twitter_card":"summary_large_image","twitter_misc":{"Szacowany czas czytania":"7 minut"},"schema":{"@context":"https:\/\/schema.org","@graph":[{"@type":"WebPage","@id":"https:\/\/upgrade.valenciaandgo.com\/lugares-de-interes\/","url":"https:\/\/upgrade.valenciaandgo.com\/lugares-de-interes\/","name":"Interesuj\u0105ce miejsca - Valencia&amp;Go","isPartOf":{"@id":"https:\/\/upgrade.valenciaandgo.com\/it\/#website"},"datePublished":"2026-03-13T02:52:14+00:00","dateModified":"2026-04-01T21:17:29+00:00","breadcrumb":{"@id":"https:\/\/upgrade.valenciaandgo.com\/lugares-de-interes\/#breadcrumb"},"inLanguage":"pl-PL","potentialAction":[{"@type":"ReadAction","target":["https:\/\/upgrade.valenciaandgo.com\/lugares-de-interes\/"]}]},{"@type":"BreadcrumbList","@id":"https:\/\/upgrade.valenciaandgo.com\/lugares-de-interes\/#breadcrumb","itemListElement":[{"@type":"ListItem","position":1,"name":"Portada","item":"https:\/\/upgrade.valenciaandgo.com\/"},{"@type":"ListItem","position":2,"name":"Lugares de inter\u00e9s"}]},{"@type":"WebSite","@id":"https:\/\/upgrade.valenciaandgo.com\/it\/#website","url":"https:\/\/upgrade.valenciaandgo.com\/it\/","name":"Valencia&amp;Go","description":"Wycieczki po Walencji i okolicach.","publisher":{"@id":"https:\/\/upgrade.valenciaandgo.com\/it\/#organization"},"potentialAction":[{"@type":"SearchAction","target":{"@type":"EntryPoint","urlTemplate":"https:\/\/upgrade.valenciaandgo.com\/it\/?s={search_term_string}"},"query-input":{"@type":"PropertyValueSpecification","valueRequired":true,"valueName":"search_term_string"}}],"inLanguage":"pl-PL"},{"@type":"Organization","@id":"https:\/\/upgrade.valenciaandgo.com\/it\/#organization","name":"Valencia&amp;Go","url":"https:\/\/upgrade.valenciaandgo.com\/it\/","logo":{"@type":"ImageObject","inLanguage":"pl-PL","@id":"https:\/\/upgrade.valenciaandgo.com\/it\/#\/schema\/logo\/image\/","url":"https:\/\/upgrade.valenciaandgo.com\/wp-content\/uploads\/2025\/10\/valencia_go-svg-blnc-iso-naranja.svg","contentUrl":"https:\/\/upgrade.valenciaandgo.com\/wp-content\/uploads\/2025\/10\/valencia_go-svg-blnc-iso-naranja.svg","width":434,"height":102,"caption":"Valencia&Go"},"image":{"@id":"https:\/\/upgrade.valenciaandgo.com\/it\/#\/schema\/logo\/image\/"},"sameAs":["https:\/\/www.facebook.com\/valenciaandgo\/","https:\/\/www.instagram.com\/valenciaandgo","https:\/\/www.linkedin.com\/company\/valencia-go\/","https:\/\/www.tiktok.com\/@valenciaandgo"]}]}},"_links":{"self":[{"href":"https:\/\/upgrade.valenciaandgo.com\/pl\/wp-json\/wp\/v2\/pages\/9620","targetHints":{"allow":["GET"]}}],"collection":[{"href":"https:\/\/upgrade.valenciaandgo.com\/pl\/wp-json\/wp\/v2\/pages"}],"about":[{"href":"https:\/\/upgrade.valenciaandgo.com\/pl\/wp-json\/wp\/v2\/types\/page"}],"author":[{"embeddable":true,"href":"https:\/\/upgrade.valenciaandgo.com\/pl\/wp-json\/wp\/v2\/users\/1"}],"replies":[{"embeddable":true,"href":"https:\/\/upgrade.valenciaandgo.com\/pl\/wp-json\/wp\/v2\/comments?post=9620"}],"version-history":[{"count":0,"href":"https:\/\/upgrade.valenciaandgo.com\/pl\/wp-json\/wp\/v2\/pages\/9620\/revisions"}],"wp:attachment":[{"href":"https:\/\/upgrade.valenciaandgo.com\/pl\/wp-json\/wp\/v2\/media?parent=9620"}],"curies":[{"name":"wp","href":"https:\/\/api.w.org\/{rel}","templated":true}]}}