{"id":3,"date":"2025-10-14T22:22:21","date_gmt":"2025-10-14T22:22:21","guid":{"rendered":"https:\/\/new.valenciaandgo.com\/?page_id=3"},"modified":"2026-04-01T22:29:16","modified_gmt":"2026-04-01T22:29:16","slug":"polityka-prywatnosci","status":"publish","type":"page","link":"https:\/\/upgrade.valenciaandgo.com\/pl\/politica-de-privacidad\/","title":{"rendered":"Polityka prywatno\u015bci"},"content":{"rendered":"<div data-elementor-type=\"wp-page\" data-elementor-id=\"3\" class=\"elementor elementor-3\" data-elementor-post-type=\"page\">\n\t\t\t\t<div class=\"elementor-element elementor-element-b2f003e e-flex e-con-boxed e-con e-child\" data-id=\"b2f003e\" data-element_type=\"container\" data-e-type=\"container\" data-settings=\"{&quot;background_background&quot;:&quot;classic&quot;,&quot;shape_divider_bottom&quot;:&quot;waves&quot;}\">\n\t\t\t\t\t<div class=\"e-con-inner\">\n\t\t\t\t<div class=\"elementor-shape elementor-shape-bottom\" aria-hidden=\"true\" data-negative=\"false\">\n\t\t\t<svg xmlns=\"http:\/\/www.w3.org\/2000\/svg\" viewbox=\"0 0 1000 100\" preserveaspectratio=\"none\">\n\t<path class=\"elementor-shape-fill\" d=\"M421.9,6.5c22.6-2.5,51.5,0.4,75.5,5.3c23.6,4.9,70.9,23.5,100.5,35.7c75.8,32.2,133.7,44.5,192.6,49.7\tc23.6,2.1,48.7,3.5,103.4-2.5c54.7-6,106.2-25.6,106.2-25.6V0H0v30.3c0,0,72,32.6,158.4,30.5c39.2-0.7,92.8-6.7,134-22.4\tc21.2-8.1,52.2-18.2,79.7-24.2C399.3,7.9,411.6,7.5,421.9,6.5z\"\/>\n<\/svg>\t\t<\/div>\n\t\t<div class=\"elementor-element elementor-element-dc652da e-con-full e-flex e-con e-child\" data-id=\"dc652da\" data-element_type=\"container\" data-e-type=\"container\">\n\t\t\t\t<div class=\"elementor-element elementor-element-4edf255 elementor-widget elementor-widget-heading\" data-id=\"4edf255\" data-element_type=\"widget\" data-e-type=\"widget\" data-widget_type=\"heading.default\">\n\t\t\t\t\t<h1 class=\"elementor-heading-title elementor-size-default\">Polityka prywatno\u015bci<\/h1>\t\t\t\t<\/div>\n\t\t\t\t<\/div>\n\t\t\t\t\t<\/div>\n\t\t\t\t<\/div>\n\t\t<div class=\"elementor-element elementor-element-f37f247 e-flex e-con-boxed e-con e-parent\" data-id=\"f37f247\" data-element_type=\"container\" data-e-type=\"container\" data-settings=\"{&quot;background_background&quot;:&quot;classic&quot;}\">\n\t\t\t\t\t<div class=\"e-con-inner\">\n\t\t<div class=\"elementor-element elementor-element-057efa1 e-con-full e-flex e-con e-child\" data-id=\"057efa1\" data-element_type=\"container\" data-e-type=\"container\" data-settings=\"{&quot;background_background&quot;:&quot;classic&quot;}\">\n\t\t\t\t<div class=\"elementor-element elementor-element-cec0aa3 elementor-widget elementor-widget-spacer\" data-id=\"cec0aa3\" data-element_type=\"widget\" data-e-type=\"widget\" data-widget_type=\"spacer.default\">\n\t\t\t\t\t\t\t<div class=\"elementor-spacer\">\n\t\t\t<div class=\"elementor-spacer-inner\"><\/div>\n\t\t<\/div>\n\t\t\t\t\t\t<\/div>\n\t\t\t\t<div class=\"elementor-element elementor-element-03542b5 elementor-widget elementor-widget-text-editor\" data-id=\"03542b5\" data-element_type=\"widget\" data-e-type=\"widget\" data-widget_type=\"text-editor.default\">\n\t\t\t\t\t\t\t\t\t<p>Poni\u017csze informacje na temat naszej Polityki Prywatno\u015bci odzwierciedlaj\u0105 zobowi\u0105zanie www.valenciaandgo.com (dalej Valencia &amp; Go) do utrzymania i zagwarantowania bezpiecznych relacji zawodowych poprzez ochron\u0119 danych osobowych, gwarantuj\u0105c naszym klientom prawo do prywatno\u015bci. W niniejszym dokumencie wyja\u015bniamy, w jaki spos\u00f3b wykorzystujemy dane osobowe u\u017cytkownik\u00f3w portalu internetowego.<\/p>\t\t\t\t\t\t\t\t<\/div>\n\t\t\t\t<\/div>\n\t\t<div class=\"elementor-element elementor-element-74bf351 e-con-full e-flex e-con e-child\" data-id=\"74bf351\" data-element_type=\"container\" data-e-type=\"container\" data-settings=\"{&quot;background_background&quot;:&quot;classic&quot;}\">\n\t\t\t\t<div class=\"elementor-element elementor-element-bc30b88 elementor-widget elementor-widget-text-editor\" data-id=\"bc30b88\" data-element_type=\"widget\" data-e-type=\"widget\" data-widget_type=\"text-editor.default\">\n\t\t\t\t\t\t\t\t\t<p>Dane osobowe\u201c oznaczaj\u0105 wszelkie informacje dotycz\u0105ce zidentyfikowanej lub mo\u017cliwej do zidentyfikowania osoby fizycznej. Obejmuje to mi\u0119dzy innymi imi\u0119, nazwisko, adres pocztowy i adres e-mail, a tak\u017ce numer telefonu.<\/p>\t\t\t\t\t\t\t\t<\/div>\n\t\t\t\t<\/div>\n\t\t<div class=\"elementor-element elementor-element-e3a7994 e-con-full e-flex e-con e-child\" data-id=\"e3a7994\" data-element_type=\"container\" data-e-type=\"container\" data-settings=\"{&quot;background_background&quot;:&quot;classic&quot;}\">\n\t\t\t\t<div class=\"elementor-element elementor-element-a19db6e elementor-widget elementor-widget-text-editor\" data-id=\"a19db6e\" data-element_type=\"widget\" data-e-type=\"widget\" data-widget_type=\"text-editor.default\">\n\t\t\t\t\t\t\t\t\t<p>Wszelkie dane osobowe podane podczas odwiedzania kt\u00f3regokolwiek z naszych portali internetowych b\u0119d\u0105 traktowane zgodnie z zasadami ochrony danych i b\u0119d\u0105 gromadzone, przetwarzane i wykorzystywane wy\u0142\u0105cznie w zgodnych z prawem, uzasadnionych i \u015bwiadomych celach. W zwi\u0105zku z tym wyszczeg\u00f3lniamy wszystkie cele, dla kt\u00f3rych dane osobowe s\u0105 wykorzystywane przez Valencia &amp; Go, w\u0142a\u015bciciela strony internetowej i odpowiedzialnego za ich przetwarzanie:<\/p>\n<ul>\n<li>Zarz\u0105dzanie formularzami kontaktowymi w celu rozpatrywania wniosk\u00f3w o udzielenie informacji i odpowiadania na zg\u0142oszone kwestie, a tak\u017ce w celu wykonywania wszelkich dzia\u0142a\u0144 wymaganych do zarz\u0105dzania sprzeda\u017c\u0105 i zakupionym produktem, w tym zarz\u0105dzania gwarancjami.<\/li>\n<li class=\" translation-block\">W przypadku formularza rejestracyjnego nale\u017cy przetworzy\u0107 jego konwersj\u0119 na <em>zarejestrowanego u\u017cytkownika<\/em>, aby m\u00f3c wykona\u0107 odpowiednie dzia\u0142ania.<\/li>\n<li>W obu przypadkach w celu przesy\u0142ania u\u017cytkownikowi informacji o produktach i us\u0142ugach, w tym o wydarzeniach lub dzia\u0142aniach promowanych przez Valencia &amp; Go, kt\u00f3re mog\u0105 go zainteresowa\u0107.<\/li>\n<li>Ponadto raportowanie wszelkich aspekt\u00f3w biznesowych, handlowych lub spo\u0142ecznych sp\u00f3\u0142ki oraz dzia\u0142a\u0144, kt\u00f3re organizuje lub w kt\u00f3rych uczestniczy.<\/li>\n<li>Poznanie preferencji i zainteresowa\u0144 u\u017cytkownika w celu lepszego zrozumienia i zaspokojenia jego potrzeb.<\/li>\n<\/ul>\n<p>W ka\u017cdym przypadku wszyscy u\u017cytkownicy s\u0105 informowani o nieobowi\u0105zkowym charakterze gromadzenia niekt\u00f3rych danych osobowych, z wyj\u0105tkiem p\u00f3l wskazanych inaczej. Jednak\u017ce niepodanie takich danych mo\u017ce uniemo\u017cliwi\u0107 \u015bwiadczenie tych Us\u0142ug, kt\u00f3re zale\u017c\u0105 od znajomo\u015bci takich danych, w zwi\u0105zku z czym jeste\u015bmy zwolnieni z wszelkiej odpowiedzialno\u015bci za niewykonanie lub niepe\u0142ne wykonanie tych Us\u0142ug.<\/p>\n<p>Obowi\u0105zkiem u\u017cytkownika jest podanie prawdziwych informacji i ich aktualizacja. W zwi\u0105zku z tym Valencia &amp; Go zastrzega sobie prawo do wykluczenia z us\u0142ug i anulowania us\u0142ugi ka\u017cdego u\u017cytkownika, kt\u00f3ry poda\u0142 nieprawdziwe dane, bez uszczerbku dla innych dzia\u0142a\u0144, kt\u00f3re mog\u0105 mie\u0107 zastosowanie zgodnie z prawem.<\/p>\t\t\t\t\t\t\t\t<\/div>\n\t\t\t\t<\/div>\n\t\t<div class=\"elementor-element elementor-element-4617ff7 e-con-full e-flex e-con e-child\" data-id=\"4617ff7\" data-element_type=\"container\" data-e-type=\"container\" data-settings=\"{&quot;background_background&quot;:&quot;classic&quot;}\">\n\t\t\t\t<div class=\"elementor-element elementor-element-2d06eed elementor-widget elementor-widget-text-editor\" data-id=\"2d06eed\" data-element_type=\"widget\" data-e-type=\"widget\" data-widget_type=\"text-editor.default\">\n\t\t\t\t\t\t\t\t\t<p>Podstaw\u0105 prawn\u0105 przetwarzania danych u\u017cytkownika jest odpowied\u017a na zapytania z\u0142o\u017cone za po\u015brednictwem strony internetowej, co wi\u0105\u017ce si\u0119 z wdro\u017ceniem, na wniosek osoby, kt\u00f3rej dane dotycz\u0105, \u015brodk\u00f3w poprzedzaj\u0105cych zawarcie umowy przez osob\u0119, kt\u00f3rej dane dotycz\u0105.<\/p>\t\t\t\t\t\t\t\t<\/div>\n\t\t\t\t<\/div>\n\t\t<div class=\"elementor-element elementor-element-ede5067 e-con-full e-flex e-con e-child\" data-id=\"ede5067\" data-element_type=\"container\" data-e-type=\"container\" data-settings=\"{&quot;background_background&quot;:&quot;classic&quot;}\">\n\t\t\t\t<div class=\"elementor-element elementor-element-8e580c9 elementor-widget elementor-widget-text-editor\" data-id=\"8e580c9\" data-element_type=\"widget\" data-e-type=\"widget\" data-widget_type=\"text-editor.default\">\n\t\t\t\t\t\t\t\t\t<p>Dane b\u0119d\u0105 przechowywane przez okres niezb\u0119dny do udzielenia odpowiedzi na zapytania, \u015bwiadczenia \u017c\u0105danych us\u0142ug i realizacji okre\u015blonych cel\u00f3w.<\/p>\t\t\t\t\t\t\t\t<\/div>\n\t\t\t\t<\/div>\n\t\t<div class=\"elementor-element elementor-element-1a20320 e-con-full e-flex e-con e-child\" data-id=\"1a20320\" data-element_type=\"container\" data-e-type=\"container\">\n\t\t\t\t<div class=\"elementor-element elementor-element-655d733 elementor-widget elementor-widget-text-editor\" data-id=\"655d733\" data-element_type=\"widget\" data-e-type=\"widget\" data-widget_type=\"text-editor.default\">\n\t\t\t\t\t\t\t\t\t<p>Dane osobowe u\u017cytkownika nie zostan\u0105 ujawnione \u017cadnej stronie trzeciej. W przypadku konieczno\u015bci przekazania informacji o u\u017cytkowniku stronie trzeciej, u\u017cytkownik zostanie poproszony o wyra\u017cenie na to zgody.<\/p>\t\t\t\t\t\t\t\t<\/div>\n\t\t\t\t<\/div>\n\t\t<div class=\"elementor-element elementor-element-af78699 e-con-full e-flex e-con e-child\" data-id=\"af78699\" data-element_type=\"container\" data-e-type=\"container\">\n\t\t\t\t<div class=\"elementor-element elementor-element-32dffbe elementor-widget elementor-widget-text-editor\" data-id=\"32dffbe\" data-element_type=\"widget\" data-e-type=\"widget\" data-widget_type=\"text-editor.default\">\n\t\t\t\t\t\t\t\t\t<p>Valencia &amp; Go przywi\u0105zuje szczeg\u00f3ln\u0105 wag\u0119 do zapewnienia bezpiecze\u0144stwa danych osobowych u\u017cytkownik\u00f3w. Dane u\u017cytkownika s\u0105 przechowywane w naszych systemach informatycznych, w kt\u00f3rych przyj\u0119li\u015bmy i wdro\u017cyli\u015bmy techniczne i organizacyjne \u015brodki bezpiecze\u0144stwa, aby zapobiec ich utracie lub nieuprawnionemu wykorzystaniu przez osoby trzecie. Na przyk\u0142ad nasze portale internetowe wykorzystuj\u0105 protoko\u0142y szyfrowania danych Https.<\/p>\t\t\t\t\t\t\t\t<\/div>\n\t\t\t\t<\/div>\n\t\t<div class=\"elementor-element elementor-element-6e89b17 e-con-full e-flex e-con e-child\" data-id=\"6e89b17\" data-element_type=\"container\" data-e-type=\"container\">\n\t\t\t\t<div class=\"elementor-element elementor-element-a3c32b8 elementor-widget elementor-widget-text-editor\" data-id=\"a3c32b8\" data-element_type=\"widget\" data-e-type=\"widget\" data-widget_type=\"text-editor.default\">\n\t\t\t\t\t\t\t\t\t<p>Sam fakt odwiedzenia tej strony internetowej lub korzystania z us\u0142ug Valencia &amp; Go nie oznacza, \u017ce jakiekolwiek dane osobowe identyfikuj\u0105ce U\u017cytkownika s\u0105 automatycznie rejestrowane. Informujemy jednak, \u017ce podczas przegl\u0105dania strony internetowej u\u017cywane s\u0105 \u201cpliki cookie\u201d, ma\u0142e pliki danych, kt\u00f3re s\u0105 generowane na komputerze u\u017cytkownika i kt\u00f3re pozwalaj\u0105 nam uzyska\u0107 nast\u0119puj\u0105ce informacje analityczne:<\/p>\n<ul>\n<li>a) Data i godzina dost\u0119pu do sieci, co pozwala nam pozna\u0107 najbardziej ruchliwe godziny i dokona\u0107 niezb\u0119dnych dostosowa\u0144, aby unikn\u0105\u0107 problem\u00f3w z nasyceniem w godzinach szczytu.<\/li>\n<li>b) Liczba dziennych odwiedzaj\u0105cych ka\u017cd\u0105 sekcj\u0119, co pozwala pozna\u0107 najbardziej udane obszary oraz zwi\u0119kszy\u0107 i ulepszy\u0107 ich zawarto\u015b\u0107, aby uzyska\u0107 bardziej satysfakcjonuj\u0105ce wyniki dla u\u017cytkownik\u00f3w i ulepszy\u0107 projekt tre\u015bci.<\/li>\n<li>c) Data i godzina ostatniej wizyty u\u017cytkownika na stronie internetowej w celu przeprowadzenia bada\u0144 analitycznych i statystycznych dotycz\u0105cych korzystania ze strony internetowej.<\/li>\n<li>d) Elementy bezpiecze\u0144stwa zwi\u0105zane z kontrol\u0105 dost\u0119pu do obszar\u00f3w o ograniczonym dost\u0119pie.<\/li>\n<\/ul>\n<p>Aby uzyska\u0107 wi\u0119cej informacji, odwied\u017a nasz\u0105 polityk\u0119 plik\u00f3w cookie<\/p>\t\t\t\t\t\t\t\t<\/div>\n\t\t\t\t<\/div>\n\t\t<div class=\"elementor-element elementor-element-383dc3e e-con-full e-flex e-con e-child\" data-id=\"383dc3e\" data-element_type=\"container\" data-e-type=\"container\">\n\t\t\t\t<div class=\"elementor-element elementor-element-d9b1de5 elementor-widget elementor-widget-text-editor\" data-id=\"d9b1de5\" data-element_type=\"widget\" data-e-type=\"widget\" data-widget_type=\"text-editor.default\">\n\t\t\t\t\t\t\t\t\t<p class=\" translation-block\">Wszyscy u\u017cytkownicy mog\u0105 korzysta\u0107 z dowolnych praw przyznanych przez przepisy o ochronie danych, takich jak prawo dost\u0119pu, ograniczenia przetwarzania, usuni\u0119cia, przenoszenia itp. pisz\u0105c na adres <u><a href=\"mailto:info@misopo.com\" target=\"_self\">info@valenciaandgo.com<\/a><\/u> z tego samego konta e-mail, kt\u00f3re zosta\u0142o u\u017cyte do rejestracji.<\/p>\t\t\t\t\t\t\t\t<\/div>\n\t\t\t\t<\/div>\n\t\t<div class=\"elementor-element elementor-element-4178778 e-con-full e-flex e-con e-child\" data-id=\"4178778\" data-element_type=\"container\" data-e-type=\"container\">\n\t\t\t\t<div class=\"elementor-element elementor-element-97fbbd0 elementor-widget elementor-widget-text-editor\" data-id=\"97fbbd0\" data-element_type=\"widget\" data-e-type=\"widget\" data-widget_type=\"text-editor.default\">\n\t\t\t\t\t\t\t\t\t<p>Ka\u017cdy u\u017cytkownik mo\u017ce sprzeciwi\u0107 si\u0119 wykorzystywaniu jego danych do cel\u00f3w reklamowych, bada\u0144 rynkowych lub bada\u0144 satysfakcji i mo\u017ce odwo\u0142a\u0107 swoj\u0105 zgod\u0119 w dowolnym momencie (bez skutku wstecznego). W tym celu nale\u017cy wys\u0142a\u0107 wiadomo\u015b\u0107 e-mail na adres info@valenciaandgo.com. W przypadku otrzymywania reklam poczt\u0105 elektroniczn\u0105 u\u017cytkownik mo\u017ce r\u00f3wnie\u017c wyrazi\u0107 sprzeciw, klikaj\u0105c \u0142\u0105cze zawarte w wiadomo\u015bci e-mail i post\u0119puj\u0105c zgodnie z podanymi instrukcjami.<\/p>\t\t\t\t\t\t\t\t<\/div>\n\t\t\t\t<\/div>\n\t\t<div class=\"elementor-element elementor-element-5fe1ebe e-con-full e-flex e-con e-child\" data-id=\"5fe1ebe\" data-element_type=\"container\" data-e-type=\"container\">\n\t\t\t\t<div class=\"elementor-element elementor-element-e26a385 elementor-widget elementor-widget-text-editor\" data-id=\"e26a385\" data-element_type=\"widget\" data-e-type=\"widget\" data-widget_type=\"text-editor.default\">\n\t\t\t\t\t\t\t\t\t<div class=\"wd-page-content main-page-wrapper\"><main id=\"main-content\" class=\"wd-content-layout content-layout-wrapper container\" role=\"main\">\n<div class=\"wd-content-area site-content\">\n<article id=\"post-3\" class=\"entry-content post-3 page type-page status-publish hentry\">\n<div class=\"wpb-content-wrapper\">\n<div class=\"vc_row wpb_row vc_row-fluid\">\n<div class=\"wpb_column vc_column_container vc_col-sm-12\">\n<div class=\"vc_column-inner\">\n<div class=\"wpb_wrapper\">\n<div class=\"wpb_text_column wpb_content_element\">\n<div class=\"wpb_wrapper\">\n<p>Nasza Polityka prywatno\u015bci mo\u017ce by\u0107 aktualizowana ze wzgl\u0119du na zmiany i wymogi prawne, a tak\u017ce ze wzgl\u0119du na ulepszenia i zmiany zawarte w sposobie, w jaki oferujemy i dostarczamy nasze us\u0142ugi i narz\u0119dzia aplikacji. W zwi\u0105zku z tym zalecamy okresowe odwiedzanie i uzyskiwanie dost\u0119pu do naszej Polityki prywatno\u015bci w celu uzyskania dost\u0119pu do najnowszych zmian, kt\u00f3re mog\u0142y zosta\u0107 wprowadzone. W przypadku, gdy takie zmiany odnosz\u0105 si\u0119 do zgody udzielonej przez u\u017cytkownika, w takim przypadku zostanie wys\u0142ane osobne i niezale\u017cne powiadomienie w celu jej ponownego zebrania.<\/p>\n<p>W przypadku jakichkolwiek pyta\u0144 lub w\u0105tpliwo\u015bci dotycz\u0105cych naszej Polityki prywatno\u015bci lub ch\u0119ci skorzystania z jakichkolwiek praw lub podj\u0119cia jakichkolwiek dzia\u0142a\u0144 w zwi\u0105zku z danymi osobowymi, prosimy o kontakt pod nast\u0119puj\u0105cym adresem e-mail info@valenciaandgo.com.<\/p>\n<\/div>\n<\/div>\n<\/div>\n<\/div>\n<\/div>\n<\/div>\n<\/div>\n<\/article>\n<\/div>\n<\/main><\/div>\n<div class=\"wd-prefooter\">\n<div class=\"container wd-entry-content\">\n<div class=\"wpb-content-wrapper\">\n<div class=\"vc_row wpb_row vc_row-fluid vc_custom_1613551869413 vc_row-has-fill\" data-vc-full-width=\"true\" data-vc-full-width-init=\"true\">\n<div class=\"wpb_column vc_column_container vc_col-sm-4 text-left\">\n<div class=\"vc_column-inner\">\n<div class=\"wpb_wrapper\">\n<div id=\"wd-68878b95e0459\" class=\"title-wrapper wd-wpb wd-set-mb reset-last-child  wd-rs-68878b95e0459 wd-title-color-default wd-title-style-default text-center  wd-underline-colored\">\u00a0<\/div>\n<\/div>\n<\/div>\n<\/div>\n<\/div>\n<\/div>\n<\/div>\n<\/div>\t\t\t\t\t\t\t\t<\/div>\n\t\t\t\t<\/div>\n\t\t\t\t\t<\/div>\n\t\t\t\t<\/div>\n\t\t\t\t<\/div>","protected":false},"excerpt":{"rendered":"<p>La siguiente informaci\u00f3n sobre nuestra Pol\u00edtica de Privacidad refleja el compromiso de www.valenciaandgo.com (en adelante Valencia &amp; Go) por mantener y garantizar relaciones profesionales seguras mediante la protecci\u00f3n de los datos personales, garantizando el derecho a la privacidad de nuestros clientes. En este documento explicamos c\u00f3mo utilizamos los datos personales de los usuarios del portal [&hellip;]<\/p>\n","protected":false},"author":1,"featured_media":0,"parent":0,"menu_order":0,"comment_status":"closed","ping_status":"closed","template":"","meta":{"_acf_changed":false,"footnotes":""},"class_list":["post-3","page","type-page","status-publish","hentry"],"acf":[],"yoast_head":"<!-- This site is optimized with the Yoast SEO plugin v27.5 - https:\/\/yoast.com\/product\/yoast-seo-wordpress\/ -->\n<title>Pol\u00edtica de privacidad | Valencia &amp; Go<\/title>\n<meta name=\"description\" content=\"Consulta c\u00f3mo tratamos y protegemos tus datos personales, qu\u00e9 informaci\u00f3n recopilamos y cu\u00e1les son tus derechos como usuario de Valencia &amp; Go\" \/>\n<meta name=\"robots\" content=\"noindex, follow\" \/>\n<meta property=\"og:locale\" content=\"pl_PL\" \/>\n<meta property=\"og:type\" content=\"article\" \/>\n<meta property=\"og:title\" content=\"Pol\u00edtica de privacidad | Valencia &amp; Go\" \/>\n<meta property=\"og:description\" content=\"Consulta c\u00f3mo tratamos y protegemos tus datos personales, qu\u00e9 informaci\u00f3n recopilamos y cu\u00e1les son tus derechos como usuario de Valencia &amp; Go\" \/>\n<meta property=\"og:url\" content=\"https:\/\/upgrade.valenciaandgo.com\/pl\/polityka-prywatnosci\/\" \/>\n<meta property=\"og:site_name\" content=\"Valencia&amp;Go\" \/>\n<meta property=\"article:publisher\" content=\"https:\/\/www.facebook.com\/valenciaandgo\/\" \/>\n<meta property=\"article:modified_time\" content=\"2026-04-01T22:29:16+00:00\" \/>\n<meta name=\"twitter:card\" content=\"summary_large_image\" \/>\n<meta name=\"twitter:label1\" content=\"Szacowany czas czytania\" \/>\n\t<meta name=\"twitter:data1\" content=\"5 minut\" \/>\n<script type=\"application\/ld+json\" class=\"yoast-schema-graph\">{\"@context\":\"https:\\\/\\\/schema.org\",\"@graph\":[{\"@type\":\"WebPage\",\"@id\":\"https:\\\/\\\/upgrade.valenciaandgo.com\\\/politica-de-privacidad\\\/\",\"url\":\"https:\\\/\\\/upgrade.valenciaandgo.com\\\/politica-de-privacidad\\\/\",\"name\":\"Pol\u00edtica de privacidad | Valencia & Go\",\"isPartOf\":{\"@id\":\"https:\\\/\\\/upgrade.valenciaandgo.com\\\/it\\\/#website\"},\"datePublished\":\"2025-10-14T22:22:21+00:00\",\"dateModified\":\"2026-04-01T22:29:16+00:00\",\"description\":\"Consulta c\u00f3mo tratamos y protegemos tus datos personales, qu\u00e9 informaci\u00f3n recopilamos y cu\u00e1les son tus derechos como usuario de Valencia & Go\",\"breadcrumb\":{\"@id\":\"https:\\\/\\\/upgrade.valenciaandgo.com\\\/politica-de-privacidad\\\/#breadcrumb\"},\"inLanguage\":\"pl-PL\",\"potentialAction\":[{\"@type\":\"ReadAction\",\"target\":[\"https:\\\/\\\/upgrade.valenciaandgo.com\\\/politica-de-privacidad\\\/\"]}]},{\"@type\":\"BreadcrumbList\",\"@id\":\"https:\\\/\\\/upgrade.valenciaandgo.com\\\/politica-de-privacidad\\\/#breadcrumb\",\"itemListElement\":[{\"@type\":\"ListItem\",\"position\":1,\"name\":\"Portada\",\"item\":\"https:\\\/\\\/upgrade.valenciaandgo.com\\\/\"},{\"@type\":\"ListItem\",\"position\":2,\"name\":\"Pol\u00edtica de privacidad\"}]},{\"@type\":\"WebSite\",\"@id\":\"https:\\\/\\\/upgrade.valenciaandgo.com\\\/it\\\/#website\",\"url\":\"https:\\\/\\\/upgrade.valenciaandgo.com\\\/it\\\/\",\"name\":\"Valencia&Go\",\"description\":\"Tours por Valencia y alrededores de ciudad.\",\"publisher\":{\"@id\":\"https:\\\/\\\/upgrade.valenciaandgo.com\\\/it\\\/#organization\"},\"potentialAction\":[{\"@type\":\"SearchAction\",\"target\":{\"@type\":\"EntryPoint\",\"urlTemplate\":\"https:\\\/\\\/upgrade.valenciaandgo.com\\\/it\\\/?s={search_term_string}\"},\"query-input\":{\"@type\":\"PropertyValueSpecification\",\"valueRequired\":true,\"valueName\":\"search_term_string\"}}],\"inLanguage\":\"pl-PL\"},{\"@type\":\"Organization\",\"@id\":\"https:\\\/\\\/upgrade.valenciaandgo.com\\\/it\\\/#organization\",\"name\":\"Valencia&Go\",\"url\":\"https:\\\/\\\/upgrade.valenciaandgo.com\\\/it\\\/\",\"logo\":{\"@type\":\"ImageObject\",\"inLanguage\":\"pl-PL\",\"@id\":\"https:\\\/\\\/upgrade.valenciaandgo.com\\\/it\\\/#\\\/schema\\\/logo\\\/image\\\/\",\"url\":\"https:\\\/\\\/upgrade.valenciaandgo.com\\\/wp-content\\\/uploads\\\/2025\\\/10\\\/valencia_go-svg-blnc-iso-naranja.svg\",\"contentUrl\":\"https:\\\/\\\/upgrade.valenciaandgo.com\\\/wp-content\\\/uploads\\\/2025\\\/10\\\/valencia_go-svg-blnc-iso-naranja.svg\",\"width\":434,\"height\":102,\"caption\":\"Valencia&Go\"},\"image\":{\"@id\":\"https:\\\/\\\/upgrade.valenciaandgo.com\\\/it\\\/#\\\/schema\\\/logo\\\/image\\\/\"},\"sameAs\":[\"https:\\\/\\\/www.facebook.com\\\/valenciaandgo\\\/\",\"https:\\\/\\\/www.instagram.com\\\/valenciaandgo\",\"https:\\\/\\\/www.linkedin.com\\\/company\\\/valencia-go\\\/\",\"https:\\\/\\\/www.tiktok.com\\\/@valenciaandgo\"]}]}<\/script>\n<!-- \/ Yoast SEO plugin. -->","yoast_head_json":{"title":"Polityka prywatno\u015bci | Valencia &amp; Go","description":"Dowiedz si\u0119, jak przetwarzamy i chronimy Twoje dane osobowe, jakie informacje gromadzimy i jakie masz prawa jako u\u017cytkownik Valencia &amp; Go.","robots":{"index":"noindex","follow":"follow"},"og_locale":"pl_PL","og_type":"article","og_title":"Pol\u00edtica de privacidad | Valencia & Go","og_description":"Consulta c\u00f3mo tratamos y protegemos tus datos personales, qu\u00e9 informaci\u00f3n recopilamos y cu\u00e1les son tus derechos como usuario de Valencia & Go","og_url":"https:\/\/upgrade.valenciaandgo.com\/pl\/polityka-prywatnosci\/","og_site_name":"Valencia&amp;Go","article_publisher":"https:\/\/www.facebook.com\/valenciaandgo\/","article_modified_time":"2026-04-01T22:29:16+00:00","twitter_card":"summary_large_image","twitter_misc":{"Szacowany czas czytania":"5 minut"},"schema":{"@context":"https:\/\/schema.org","@graph":[{"@type":"WebPage","@id":"https:\/\/upgrade.valenciaandgo.com\/politica-de-privacidad\/","url":"https:\/\/upgrade.valenciaandgo.com\/politica-de-privacidad\/","name":"Polityka prywatno\u015bci | Valencia &amp; Go","isPartOf":{"@id":"https:\/\/upgrade.valenciaandgo.com\/it\/#website"},"datePublished":"2025-10-14T22:22:21+00:00","dateModified":"2026-04-01T22:29:16+00:00","description":"Dowiedz si\u0119, jak przetwarzamy i chronimy Twoje dane osobowe, jakie informacje gromadzimy i jakie masz prawa jako u\u017cytkownik Valencia &amp; Go.","breadcrumb":{"@id":"https:\/\/upgrade.valenciaandgo.com\/politica-de-privacidad\/#breadcrumb"},"inLanguage":"pl-PL","potentialAction":[{"@type":"ReadAction","target":["https:\/\/upgrade.valenciaandgo.com\/politica-de-privacidad\/"]}]},{"@type":"BreadcrumbList","@id":"https:\/\/upgrade.valenciaandgo.com\/politica-de-privacidad\/#breadcrumb","itemListElement":[{"@type":"ListItem","position":1,"name":"Portada","item":"https:\/\/upgrade.valenciaandgo.com\/"},{"@type":"ListItem","position":2,"name":"Pol\u00edtica de privacidad"}]},{"@type":"WebSite","@id":"https:\/\/upgrade.valenciaandgo.com\/it\/#website","url":"https:\/\/upgrade.valenciaandgo.com\/it\/","name":"Valencia&amp;Go","description":"Wycieczki po Walencji i okolicach.","publisher":{"@id":"https:\/\/upgrade.valenciaandgo.com\/it\/#organization"},"potentialAction":[{"@type":"SearchAction","target":{"@type":"EntryPoint","urlTemplate":"https:\/\/upgrade.valenciaandgo.com\/it\/?s={search_term_string}"},"query-input":{"@type":"PropertyValueSpecification","valueRequired":true,"valueName":"search_term_string"}}],"inLanguage":"pl-PL"},{"@type":"Organization","@id":"https:\/\/upgrade.valenciaandgo.com\/it\/#organization","name":"Valencia&amp;Go","url":"https:\/\/upgrade.valenciaandgo.com\/it\/","logo":{"@type":"ImageObject","inLanguage":"pl-PL","@id":"https:\/\/upgrade.valenciaandgo.com\/it\/#\/schema\/logo\/image\/","url":"https:\/\/upgrade.valenciaandgo.com\/wp-content\/uploads\/2025\/10\/valencia_go-svg-blnc-iso-naranja.svg","contentUrl":"https:\/\/upgrade.valenciaandgo.com\/wp-content\/uploads\/2025\/10\/valencia_go-svg-blnc-iso-naranja.svg","width":434,"height":102,"caption":"Valencia&Go"},"image":{"@id":"https:\/\/upgrade.valenciaandgo.com\/it\/#\/schema\/logo\/image\/"},"sameAs":["https:\/\/www.facebook.com\/valenciaandgo\/","https:\/\/www.instagram.com\/valenciaandgo","https:\/\/www.linkedin.com\/company\/valencia-go\/","https:\/\/www.tiktok.com\/@valenciaandgo"]}]}},"_links":{"self":[{"href":"https:\/\/upgrade.valenciaandgo.com\/pl\/wp-json\/wp\/v2\/pages\/3","targetHints":{"allow":["GET"]}}],"collection":[{"href":"https:\/\/upgrade.valenciaandgo.com\/pl\/wp-json\/wp\/v2\/pages"}],"about":[{"href":"https:\/\/upgrade.valenciaandgo.com\/pl\/wp-json\/wp\/v2\/types\/page"}],"author":[{"embeddable":true,"href":"https:\/\/upgrade.valenciaandgo.com\/pl\/wp-json\/wp\/v2\/users\/1"}],"replies":[{"embeddable":true,"href":"https:\/\/upgrade.valenciaandgo.com\/pl\/wp-json\/wp\/v2\/comments?post=3"}],"version-history":[{"count":0,"href":"https:\/\/upgrade.valenciaandgo.com\/pl\/wp-json\/wp\/v2\/pages\/3\/revisions"}],"wp:attachment":[{"href":"https:\/\/upgrade.valenciaandgo.com\/pl\/wp-json\/wp\/v2\/media?parent=3"}],"curies":[{"name":"wp","href":"https:\/\/api.w.org\/{rel}","templated":true}]}}