{"id":4235,"date":"2026-01-12T14:53:40","date_gmt":"2026-01-12T14:53:40","guid":{"rendered":"https:\/\/new.valenciaandgo.com\/?post_type=product&#038;p=4235"},"modified":"2026-04-24T23:03:07","modified_gmt":"2026-04-24T23:03:07","slug":"workshop-fallas-tutto-lanno-con-gli-artisti-fallas","status":"publish","type":"product","link":"https:\/\/upgrade.valenciaandgo.com\/it\/excursiones\/fallas-todo-el-ano-taller-con-artistas-falleros\/","title":{"rendered":"Fallas tutto l'anno: workshop con gli artisti Fallas"},"content":{"rendered":"<div data-elementor-type=\"wp-post\" data-elementor-id=\"4235\" class=\"elementor elementor-4235\" data-elementor-post-type=\"product\">\n\t\t\t\t<div class=\"elementor-element elementor-element-bc94f0b e-flex e-con-boxed e-con e-parent\" data-id=\"bc94f0b\" data-element_type=\"container\" data-e-type=\"container\" data-settings=\"{&quot;background_background&quot;:&quot;classic&quot;}\">\n\t\t\t\t\t<div class=\"e-con-inner\">\n\t\t\t\t<div class=\"elementor-element elementor-element-af484d7 elementor-widget elementor-widget-text-editor\" data-id=\"af484d7\" data-element_type=\"widget\" data-e-type=\"widget\" data-widget_type=\"text-editor.default\">\n\t\t\t\t\t\t\t\t\t<p>Dallo schizzo alla faglia: <strong>Sperimentate la creazione di un ninot con gli artisti Fallas<\/strong><\/p>\t\t\t\t\t\t\t\t<\/div>\n\t\t\t\t<div class=\"elementor-element elementor-element-5e5d1bf5 elementor-widget elementor-widget-heading\" data-id=\"5e5d1bf5\" data-element_type=\"widget\" data-e-type=\"widget\" data-widget_type=\"heading.default\">\n\t\t\t\t\t<h3 class=\"elementor-heading-title elementor-size-default\">Punti salienti<\/h3>\t\t\t\t<\/div>\n\t\t\t\t<div class=\"elementor-element elementor-element-55d2b520 elementor-align-start elementor-icon-list--layout-traditional elementor-list-item-link-full_width elementor-widget elementor-widget-icon-list\" data-id=\"55d2b520\" data-element_type=\"widget\" data-e-type=\"widget\" data-widget_type=\"icon-list.default\">\n\t\t\t\t\t\t\t<ul class=\"elementor-icon-list-items\">\n\t\t\t\t\t\t\t<li class=\"elementor-icon-list-item\">\n\t\t\t\t\t\t\t\t\t\t\t<span class=\"elementor-icon-list-icon\">\n\t\t\t\t\t\t\t<svg aria-hidden=\"true\" class=\"e-font-icon-svg e-far-arrow-alt-circle-right\" viewbox=\"0 0 512 512\" xmlns=\"http:\/\/www.w3.org\/2000\/svg\"><path d=\"M504 256C504 119 393 8 256 8S8 119 8 256s111 248 248 248 248-111 248-248zm-448 0c0-110.5 89.5-200 200-200s200 89.5 200 200-89.5 200-200 200S56 366.5 56 256zm72 20v-40c0-6.6 5.4-12 12-12h116v-67c0-10.7 12.9-16 20.5-8.5l99 99c4.7 4.7 4.7 12.3 0 17l-99 99c-7.6 7.6-20.5 2.2-20.5-8.5v-67H140c-6.6 0-12-5.4-12-12z\"><\/path><\/svg>\t\t\t\t\t\t<\/span>\n\t\t\t\t\t\t\t\t\t\t<span class=\"elementor-icon-list-text\">Conoscete la tradizione delle Fallas dall'interno in questa esperienza coinvolgente.<\/span>\n\t\t\t\t\t\t\t\t\t<\/li>\n\t\t\t\t\t\t\t\t<li class=\"elementor-icon-list-item\">\n\t\t\t\t\t\t\t\t\t\t\t<span class=\"elementor-icon-list-icon\">\n\t\t\t\t\t\t\t<svg aria-hidden=\"true\" class=\"e-font-icon-svg e-far-arrow-alt-circle-right\" viewbox=\"0 0 512 512\" xmlns=\"http:\/\/www.w3.org\/2000\/svg\"><path d=\"M504 256C504 119 393 8 256 8S8 119 8 256s111 248 248 248 248-111 248-248zm-448 0c0-110.5 89.5-200 200-200s200 89.5 200 200-89.5 200-200 200S56 366.5 56 256zm72 20v-40c0-6.6 5.4-12 12-12h116v-67c0-10.7 12.9-16 20.5-8.5l99 99c4.7 4.7 4.7 12.3 0 17l-99 99c-7.6 7.6-20.5 2.2-20.5-8.5v-67H140c-6.6 0-12-5.4-12-12z\"><\/path><\/svg>\t\t\t\t\t\t<\/span>\n\t\t\t\t\t\t\t\t\t\t<span class=\"elementor-icon-list-text\">Visitate il museo dell'artista fallero e scoprite tutti i segreti di Las Fallas <\/span>\n\t\t\t\t\t\t\t\t\t<\/li>\n\t\t\t\t\t\t\t\t<li class=\"elementor-icon-list-item\">\n\t\t\t\t\t\t\t\t\t\t\t<span class=\"elementor-icon-list-icon\">\n\t\t\t\t\t\t\t<svg aria-hidden=\"true\" class=\"e-font-icon-svg e-far-arrow-alt-circle-right\" viewbox=\"0 0 512 512\" xmlns=\"http:\/\/www.w3.org\/2000\/svg\"><path d=\"M504 256C504 119 393 8 256 8S8 119 8 256s111 248 248 248 248-111 248-248zm-448 0c0-110.5 89.5-200 200-200s200 89.5 200 200-89.5 200-200 200S56 366.5 56 256zm72 20v-40c0-6.6 5.4-12 12-12h116v-67c0-10.7 12.9-16 20.5-8.5l99 99c4.7 4.7 4.7 12.3 0 17l-99 99c-7.6 7.6-20.5 2.2-20.5-8.5v-67H140c-6.6 0-12-5.4-12-12z\"><\/path><\/svg>\t\t\t\t\t\t<\/span>\n\t\t\t\t\t\t\t\t\t\t<span class=\"elementor-icon-list-text\">Partecipate alla creazione di un \"ninot\" e assaggiate l'horchata con i fartons<\/span>\n\t\t\t\t\t\t\t\t\t<\/li>\n\t\t\t\t\t\t<\/ul>\n\t\t\t\t\t\t<\/div>\n\t\t\t\t<div class=\"elementor-element elementor-element-3910195d elementor-widget-divider--view-line elementor-widget elementor-widget-divider\" data-id=\"3910195d\" data-element_type=\"widget\" data-e-type=\"widget\" data-widget_type=\"divider.default\">\n\t\t\t\t\t\t\t<div class=\"elementor-divider\">\n\t\t\t<span class=\"elementor-divider-separator\">\n\t\t\t\t\t\t<\/span>\n\t\t<\/div>\n\t\t\t\t\t\t<\/div>\n\t\t\t\t<div class=\"elementor-element elementor-element-115ff89f elementor-widget elementor-widget-heading\" data-id=\"115ff89f\" data-element_type=\"widget\" data-e-type=\"widget\" data-widget_type=\"heading.default\">\n\t\t\t\t\t<h3 class=\"elementor-heading-title elementor-size-default\">Descrizione<\/h3>\t\t\t\t<\/div>\n\t\t\t\t<div class=\"elementor-element elementor-element-67bc9af2 elementor-widget elementor-widget-heading\" data-id=\"67bc9af2\" data-element_type=\"widget\" data-e-type=\"widget\" data-widget_type=\"heading.default\">\n\t\t\t\t\t<h4 class=\"elementor-heading-title elementor-size-default translation-block\">Il Laboratorio Fallas\r\n<br>Un tour diverso, creativo e pieno d'arte... oltre marzo!<\/h4>\t\t\t\t<\/div>\n\t\t\t\t<div class=\"elementor-element elementor-element-3c0591be elementor-widget elementor-widget-heading\" data-id=\"3c0591be\" data-element_type=\"widget\" data-e-type=\"widget\" data-widget_type=\"heading.default\">\n\t\t\t\t\t<h5 class=\"elementor-heading-title elementor-size-default\">Sapevate che le Fallas di Valencia sono Patrimonio Culturale Immateriale dell'Umanit\u00e0 dell'UNESCO dal 2016?<\/h5>\t\t\t\t<\/div>\n\t\t\t\t<div class=\"elementor-element elementor-element-226cd252 elementor-widget elementor-widget-text-editor\" data-id=\"226cd252\" data-element_type=\"widget\" data-e-type=\"widget\" data-widget_type=\"text-editor.default\">\n\t\t\t\t\t\t\t\t\t<p class=\" translation-block\">Ma quello che non tutti sanno \u00e8 che <strong>la magia delle Fallas<\/strong> non \u00e8 solo a marzo, ma 365 giorni all'anno, nei <strong>laboratori<\/strong> dove nascono, vengono scolpite e dipinte queste incredibili opere d'arte effimera.<\/p><p class=\" translation-block\">Con questo <strong>tour esclusivo<\/strong>, vi portiamo a scoprire l'<strong>anima dei Fallas<\/strong> dall'interno, mano nella mano con gli autentici artisti Fallas, custodi di una <strong>tradizione unica al mondo<\/strong>.<\/p>\t\t\t\t\t\t\t\t<\/div>\n\t\t\t\t<div class=\"elementor-element elementor-element-08bd6c4 elementor-widget elementor-widget-heading\" data-id=\"08bd6c4\" data-element_type=\"widget\" data-e-type=\"widget\" data-widget_type=\"heading.default\">\n\t\t\t\t\t<h5 class=\"elementor-heading-title elementor-size-default\">Perch\u00e9 non dovreste perdervi questa esperienza fallera?<\/h5>\t\t\t\t<\/div>\n\t\t\t\t<div class=\"elementor-element elementor-element-befecc9 elementor-widget elementor-widget-text-editor\" data-id=\"befecc9\" data-element_type=\"widget\" data-e-type=\"widget\" data-widget_type=\"text-editor.default\">\n\t\t\t\t\t\t\t\t\t<ul><li>Conoscete il lavoro degli artisti delle Fallas: scultori, pittori e maghi della cartapesta che danno vita ai monumenti delle Fallas.<\/li><li>Vivete l'esperienza delle Fallas dall'interno, con attivit\u00e0 pratiche che vi mettono in contatto con questa tradizione valenciana.<\/li><li>Visitate il Museo del Artista Fallero, un luogo affascinante che svela i segreti e l'evoluzione delle Fallas.<\/li><li>Partecipate alla creazione del vostro ninot, utilizzando vere e proprie tecniche di modellazione e pittura.<\/li><li>Assaggiate un'horchata con fartons (un abbinamento tipico valenciano, se volete saperne di pi\u00f9 su questo alimento <a href=\"https:\/\/upgrade.valenciaandgo.com\/que-es-horchata-bebida-verano-valenciana\/\">leggi questo post<\/a>), per concludere l'esperienza con il sapore pi\u00f9 tipico di Valencia.<\/li><\/ul>\t\t\t\t\t\t\t\t<\/div>\n\t\t\t\t<div class=\"elementor-element elementor-element-475df63f elementor-widget-divider--view-line elementor-widget elementor-widget-divider\" data-id=\"475df63f\" data-element_type=\"widget\" data-e-type=\"widget\" data-widget_type=\"divider.default\">\n\t\t\t\t\t\t\t<div class=\"elementor-divider\">\n\t\t\t<span class=\"elementor-divider-separator\">\n\t\t\t\t\t\t<\/span>\n\t\t<\/div>\n\t\t\t\t\t\t<\/div>\n\t\t\t\t<div class=\"elementor-element elementor-element-72425e39 elementor-widget elementor-widget-heading\" data-id=\"72425e39\" data-element_type=\"widget\" data-e-type=\"widget\" data-widget_type=\"heading.default\">\n\t\t\t\t\t<h3 class=\"elementor-heading-title elementor-size-default\">Informazioni importanti<\/h3>\t\t\t\t<\/div>\n\t\t\t\t<div class=\"elementor-element elementor-element-d391535 elementor-widget elementor-widget-heading\" data-id=\"d391535\" data-element_type=\"widget\" data-e-type=\"widget\" data-widget_type=\"heading.default\">\n\t\t\t\t\t<h5 class=\"elementor-heading-title elementor-size-default\">Quando e come si svolge il workshop?<\/h5>\t\t\t\t<\/div>\n\t\t\t\t<div class=\"elementor-element elementor-element-202c2d3 elementor-widget elementor-widget-text-editor\" data-id=\"202c2d3\" data-element_type=\"widget\" data-e-type=\"widget\" data-widget_type=\"text-editor.default\">\n\t\t\t\t\t\t\t\t\t<ul><li>Ogni mercoled\u00ec<\/li><\/ul><p>Un piano perfetto se siete alla ricerca di un'esperienza originale, culturale e divertente.<\/p>\t\t\t\t\t\t\t\t<\/div>\n\t\t\t\t<div class=\"elementor-element elementor-element-27b1d37 elementor-widget elementor-widget-heading\" data-id=\"27b1d37\" data-element_type=\"widget\" data-e-type=\"widget\" data-widget_type=\"heading.default\">\n\t\t\t\t\t<h5 class=\"elementor-heading-title elementor-size-default\">Itinerario dettagliato:<\/h5>\t\t\t\t<\/div>\n\t\t\t\t<div class=\"elementor-element elementor-element-409316dd elementor-widget elementor-widget-text-editor\" data-id=\"409316dd\" data-element_type=\"widget\" data-e-type=\"widget\" data-widget_type=\"text-editor.default\">\n\t\t\t\t\t\t\t\t\t<ul><li><strong>10:00 h - Visita guidata al Museo dell'Artista Fallero (Museo dell'Artista Fallero)<\/strong><\/li><\/ul><p style=\"padding-left: 40px;\" class=\" translation-block\">Scoprite la <strong>storia, l'evoluzione e le tecniche dei ninots<\/strong>. Scoprite come vengono progettate, scolpite e piantate le fallas che ogni anno riempiono Valencia di colori.<\/p><ul><li><strong>11:00 h - Laboratorio partecipativo<\/strong><\/li><\/ul><p style=\"padding-left: 40px;\">Immergetevi nel lavoro artigianale dell'artista fallero:<\/p><ol><li style=\"list-style-type: none;\"><ol><li>Pittura e pianta di una vera falla<\/li><li>Modellare il proprio ninot personalizzato<\/li><li>Parlare con i veri artigiani falleros<\/li><\/ol><\/li><\/ol><ul><li class=\" translation-block\">12:00 - <strong>Horchata con fartons<\/strong> per tutti i partecipanti.<\/li><\/ul>\t\t\t\t\t\t\t\t<\/div>\n\t\t\t\t<div class=\"elementor-element elementor-element-760562e elementor-widget elementor-widget-heading\" data-id=\"760562e\" data-element_type=\"widget\" data-e-type=\"widget\" data-widget_type=\"heading.default\">\n\t\t\t\t\t<h5 class=\"elementor-heading-title elementor-size-default\">Durata:<\/h5>\t\t\t\t<\/div>\n\t\t\t\t<div class=\"elementor-element elementor-element-235a462 elementor-widget elementor-widget-text-editor\" data-id=\"235a462\" data-element_type=\"widget\" data-e-type=\"widget\" data-widget_type=\"text-editor.default\">\n\t\t\t\t\t\t\t\t\t<p>Approssimativamente <strong>3 ore e 30 minuti<\/strong><\/p><p>Vi invieremo un messaggio di conferma 24 ore prima dell'attivit\u00e0 per confermare il punto d'incontro tramite WhatsApp o e-mail.<\/p><p>Ideale per <strong>famiglie, gruppi scolastici, amanti dell'arte, curiosi della cultura valenciana, ecc.<\/strong> e chiunque voglia vivere le Fallas di Valencia al di l\u00e0 del calendario ufficiale.<\/p><p>L'attivit\u00e0 \u00e8 consigliata ai bambini di et\u00e0 superiore ai 6 anni.<\/p>\t\t\t\t\t\t\t\t<\/div>\n\t\t\t\t<div class=\"elementor-element elementor-element-01725bc elementor-widget elementor-widget-heading\" data-id=\"01725bc\" data-element_type=\"widget\" data-e-type=\"widget\" data-widget_type=\"heading.default\">\n\t\t\t\t\t<h5 class=\"elementor-heading-title elementor-size-default\">Valorizzare una tradizione viva<\/h5>\t\t\t\t<\/div>\n\t\t\t\t<div class=\"elementor-element elementor-element-c1177f6 elementor-widget elementor-widget-text-editor\" data-id=\"c1177f6\" data-element_type=\"widget\" data-e-type=\"widget\" data-widget_type=\"text-editor.default\">\n\t\t\t\t\t\t\t\t\t<p>Partecipando, sosterrete direttamente gli artisti delle Fallas, un collettivo che mantiene viva una delle tradizioni pi\u00f9 singolari del mondo, e contribuirete a diffondere l'identit\u00e0 culturale di Valencia.<\/p><p><strong>Prenotate ora e scoprite perch\u00e9 Fallas \u00e8 molto pi\u00f9 di una semplice festa!<\/strong><\/p><p>Vivete le Fallas tutto l'anno con Valencia &amp; Go: arte, cultura e tradizione allo stato puro.<br \/>Un'esperienza diversa che non troverete da nessun'altra parte.<\/p><p>Seguiteci sui social media per scoprire tutti gli eventi e le curiosit\u00e0 della citt\u00e0 e per conoscere il team!<\/p><p>E se si entra in <strong>Marzo<\/strong>, non perdetevi questo <strong>tour speciale<\/strong> durante la settimana delle Fallas, dove una guida ufficiale <strong>visiterete le Fallas pi\u00f9 emblematiche di Valencia<\/strong> e vivrete la festa in prima persona.<\/p>\t\t\t\t\t\t\t\t<\/div>\n\t\t\t\t<div class=\"elementor-element elementor-element-22ffbf10 elementor-widget-divider--view-line elementor-widget elementor-widget-divider\" data-id=\"22ffbf10\" data-element_type=\"widget\" data-e-type=\"widget\" data-widget_type=\"divider.default\">\n\t\t\t\t\t\t\t<div class=\"elementor-divider\">\n\t\t\t<span class=\"elementor-divider-separator\">\n\t\t\t\t\t\t<\/span>\n\t\t<\/div>\n\t\t\t\t\t\t<\/div>\n\t\t\t\t<div class=\"elementor-element elementor-element-7b6af763 elementor-widget elementor-widget-heading\" data-id=\"7b6af763\" data-element_type=\"widget\" data-e-type=\"widget\" data-widget_type=\"heading.default\">\n\t\t\t\t\t<h3 class=\"elementor-heading-title elementor-size-default\">Punto di incontro<\/h3>\t\t\t\t<\/div>\n\t\t\t\t<div class=\"elementor-element elementor-element-49490580 elementor-widget elementor-widget-text-editor\" data-id=\"49490580\" data-element_type=\"widget\" data-e-type=\"widget\" data-widget_type=\"text-editor.default\">\n\t\t\t\t\t\t\t\t\t<p><strong>Punto d'incontro e partenze:<\/strong><\/p><ul><li class=\" translation-block\">09:15 - Fermata dell'autobus EMT a Umbracle (<strong>Ciudad de las Artes y las Ciencias)<\/strong> (<strong>Citt\u00e0 delle Arti e delle Scienze)<\/strong>.<\/li><li class=\" translation-block\">09:30 h - Fermata dell'autobus EMT <strong>Pont de Fusta<\/strong> (di fronte all'edificio della Polizia della Generalitat)<\/li><li class=\" translation-block\">09:45 - Fermata dell'autobus EMT di fronte alla <strong>Stazione degli autobus di Valencia<\/strong>.<\/li><\/ul>\t\t\t\t\t\t\t\t<\/div>\n\t\t\t\t<div class=\"elementor-element elementor-element-17d34341 elementor-widget-divider--view-line elementor-widget elementor-widget-divider\" data-id=\"17d34341\" data-element_type=\"widget\" data-e-type=\"widget\" data-widget_type=\"divider.default\">\n\t\t\t\t\t\t\t<div class=\"elementor-divider\">\n\t\t\t<span class=\"elementor-divider-separator\">\n\t\t\t\t\t\t<\/span>\n\t\t<\/div>\n\t\t\t\t\t\t<\/div>\n\t\t\t\t<div class=\"elementor-element elementor-element-2ab305b9 elementor-widget elementor-widget-heading\" data-id=\"2ab305b9\" data-element_type=\"widget\" data-e-type=\"widget\" data-widget_type=\"heading.default\">\n\t\t\t\t\t<h3 class=\"elementor-heading-title elementor-size-default\">Domande frequenti<\/h3>\t\t\t\t<\/div>\n\t\t\t\t\t<\/div>\n\t\t\t\t<\/div>\n\t\t<div class=\"elementor-element elementor-element-5e43f89 e-flex e-con-boxed e-con e-parent\" data-id=\"5e43f89\" data-element_type=\"container\" data-e-type=\"container\" data-settings=\"{&quot;background_background&quot;:&quot;classic&quot;}\">\n\t\t\t\t\t<div class=\"e-con-inner\">\n\t\t<div class=\"elementor-element elementor-element-35d5c38 e-con-full e-flex e-con e-child\" data-id=\"35d5c38\" data-element_type=\"container\" data-e-type=\"container\">\n\t\t\t\t<div class=\"elementor-element elementor-element-622b0b2 faq-desplegable elementor-widget elementor-widget-n-accordion\" data-id=\"622b0b2\" data-element_type=\"widget\" data-e-type=\"widget\" data-settings=\"{&quot;default_state&quot;:&quot;all_collapsed&quot;,&quot;max_items_expended&quot;:&quot;one&quot;,&quot;n_accordion_animation_duration&quot;:{&quot;unit&quot;:&quot;ms&quot;,&quot;size&quot;:400,&quot;sizes&quot;:[]}}\" data-widget_type=\"nested-accordion.default\">\n\t\t\t\t\t\t\t<div class=\"e-n-accordion\" aria-label=\"Fisarmonica. Aprite i collegamenti con Invio o Spazio, chiudeteli con Escape e navigate con i tasti freccia.\">\n\t\t\t\t\t\t<details id=\"e-n-accordion-item-1020\" class=\"e-n-accordion-item\" >\n\t\t\t\t<summary class=\"e-n-accordion-item-title\" data-accordion-index=\"1\" tabindex=\"0\" aria-expanded=\"false\" aria-controls=\"e-n-accordion-item-1020\" >\n\t\t\t\t\t<span class='e-n-accordion-item-title-header'><div class=\"e-n-accordion-item-title-text\"> Come si riconosce la guida? <\/div><\/span>\n\t\t\t\t\t\t\t<span class='e-n-accordion-item-title-icon'>\n\t\t\t<span class='e-opened' ><svg aria-hidden=\"true\" class=\"e-font-icon-svg e-fas-minus\" viewbox=\"0 0 448 512\" xmlns=\"http:\/\/www.w3.org\/2000\/svg\"><path d=\"M416 208H32c-17.67 0-32 14.33-32 32v32c0 17.67 14.33 32 32 32h384c17.67 0 32-14.33 32-32v-32c0-17.67-14.33-32-32-32z\"><\/path><\/svg><\/span>\n\t\t\t<span class='e-closed'><svg aria-hidden=\"true\" class=\"e-font-icon-svg e-fas-plus\" viewbox=\"0 0 448 512\" xmlns=\"http:\/\/www.w3.org\/2000\/svg\"><path d=\"M416 208H272V64c0-17.67-14.33-32-32-32h-32c-17.67 0-32 14.33-32 32v144H32c-17.67 0-32 14.33-32 32v32c0 17.67 14.33 32 32 32h144v144c0 17.67 14.33 32 32 32h32c17.67 0 32-14.33 32-32V304h144c17.67 0 32-14.33 32-32v-32c0-17.67-14.33-32-32-32z\"><\/path><\/svg><\/span>\n\t\t<\/span>\n\n\t\t\t\t\t\t<\/summary>\n\t\t\t\t<div role=\"region\" aria-labelledby=\"e-n-accordion-item-1020\" class=\"elementor-element elementor-element-d0897f3 e-con-full e-flex e-con e-child\" data-id=\"d0897f3\" data-element_type=\"container\" data-e-type=\"container\">\n\t\t<div role=\"region\" aria-labelledby=\"e-n-accordion-item-1020\" class=\"elementor-element elementor-element-fd805b1 e-flex e-con-boxed e-con e-child\" data-id=\"fd805b1\" data-element_type=\"container\" data-e-type=\"container\">\n\t\t\t\t\t<div class=\"e-con-inner\">\n\t\t\t\t<div class=\"elementor-element elementor-element-ca7058c elementor-widget elementor-widget-text-editor\" data-id=\"ca7058c\" data-element_type=\"widget\" data-e-type=\"widget\" data-widget_type=\"text-editor.default\">\n\t\t\t\t\t\t\t\t\t<p data-renderer-start-pos=\"836\">Potrete trovare la guida al punto d'incontro con l'accredito ufficiale di guida. Potete chiedere di Valencia&amp;Go e, nel caso in cui non riusciate a trovarlo, potete contattarci direttamente via whatsapp per darvi indicazioni precise.<\/p><ul class=\"ak-ul\" data-indent-level=\"1\"><li><p data-renderer-start-pos=\"1098\">NH Hotel: l'autobus si ferma davanti alla porta dell'hotel.<\/p><\/li><li><p data-renderer-start-pos=\"1146\">Torri di Serranos: aspettate sulla scala che porta alle torri.<\/p><\/li><li><p data-renderer-start-pos=\"1214\">Citt\u00e0 della Giustizia: fermata dell'autobus rosso di fronte all'edificio<\/p><\/li><\/ul>\t\t\t\t\t\t\t\t<\/div>\n\t\t\t\t\t<\/div>\n\t\t\t\t<\/div>\n\t\t\t\t<\/div>\n\t\t\t\t\t<\/details>\n\t\t\t\t\t\t<details id=\"e-n-accordion-item-1021\" class=\"e-n-accordion-item\" >\n\t\t\t\t<summary class=\"e-n-accordion-item-title\" data-accordion-index=\"2\" tabindex=\"-1\" aria-expanded=\"false\" aria-controls=\"e-n-accordion-item-1021\" >\n\t\t\t\t\t<span class='e-n-accordion-item-title-header'><div class=\"e-n-accordion-item-title-text\"> Cosa ho prenotato? <\/div><\/span>\n\t\t\t\t\t\t\t<span class='e-n-accordion-item-title-icon'>\n\t\t\t<span class='e-opened' ><svg aria-hidden=\"true\" class=\"e-font-icon-svg e-fas-minus\" viewbox=\"0 0 448 512\" xmlns=\"http:\/\/www.w3.org\/2000\/svg\"><path d=\"M416 208H32c-17.67 0-32 14.33-32 32v32c0 17.67 14.33 32 32 32h384c17.67 0 32-14.33 32-32v-32c0-17.67-14.33-32-32-32z\"><\/path><\/svg><\/span>\n\t\t\t<span class='e-closed'><svg aria-hidden=\"true\" class=\"e-font-icon-svg e-fas-plus\" viewbox=\"0 0 448 512\" xmlns=\"http:\/\/www.w3.org\/2000\/svg\"><path d=\"M416 208H272V64c0-17.67-14.33-32-32-32h-32c-17.67 0-32 14.33-32 32v144H32c-17.67 0-32 14.33-32 32v32c0 17.67 14.33 32 32 32h144v144c0 17.67 14.33 32 32 32h32c17.67 0 32-14.33 32-32V304h144c17.67 0 32-14.33 32-32v-32c0-17.67-14.33-32-32-32z\"><\/path><\/svg><\/span>\n\t\t<\/span>\n\n\t\t\t\t\t\t<\/summary>\n\t\t\t\t<div role=\"region\" aria-labelledby=\"e-n-accordion-item-1021\" class=\"elementor-element elementor-element-ac91ef3 e-con-full e-flex e-con e-child\" data-id=\"ac91ef3\" data-element_type=\"container\" data-e-type=\"container\">\n\t\t\t\t<div class=\"elementor-element elementor-element-a54f58a elementor-widget elementor-widget-text-editor\" data-id=\"a54f58a\" data-element_type=\"widget\" data-e-type=\"widget\" data-widget_type=\"text-editor.default\">\n\t\t\t\t\t\t\t\t\t<p><span style=\"font-weight: 400;\">Avete prenotato un'esperienza in un laboratorio Fallas con spiegazione del processo artigianale, visita guidata e attivit\u00e0 coinvolgente \u2018crea il tuo ninot\u2019.<\/span><\/p>\t\t\t\t\t\t\t\t<\/div>\n\t\t\t\t<\/div>\n\t\t\t\t\t<\/details>\n\t\t\t\t\t\t<details id=\"e-n-accordion-item-1022\" class=\"e-n-accordion-item\" >\n\t\t\t\t<summary class=\"e-n-accordion-item-title\" data-accordion-index=\"3\" tabindex=\"-1\" aria-expanded=\"false\" aria-controls=\"e-n-accordion-item-1022\" >\n\t\t\t\t\t<span class='e-n-accordion-item-title-header'><div class=\"e-n-accordion-item-title-text\"> Politica di cancellazione <\/div><\/span>\n\t\t\t\t\t\t\t<span class='e-n-accordion-item-title-icon'>\n\t\t\t<span class='e-opened' ><svg aria-hidden=\"true\" class=\"e-font-icon-svg e-fas-minus\" viewbox=\"0 0 448 512\" xmlns=\"http:\/\/www.w3.org\/2000\/svg\"><path d=\"M416 208H32c-17.67 0-32 14.33-32 32v32c0 17.67 14.33 32 32 32h384c17.67 0 32-14.33 32-32v-32c0-17.67-14.33-32-32-32z\"><\/path><\/svg><\/span>\n\t\t\t<span class='e-closed'><svg aria-hidden=\"true\" class=\"e-font-icon-svg e-fas-plus\" viewbox=\"0 0 448 512\" xmlns=\"http:\/\/www.w3.org\/2000\/svg\"><path d=\"M416 208H272V64c0-17.67-14.33-32-32-32h-32c-17.67 0-32 14.33-32 32v144H32c-17.67 0-32 14.33-32 32v32c0 17.67 14.33 32 32 32h144v144c0 17.67 14.33 32 32 32h32c17.67 0 32-14.33 32-32V304h144c17.67 0 32-14.33 32-32v-32c0-17.67-14.33-32-32-32z\"><\/path><\/svg><\/span>\n\t\t<\/span>\n\n\t\t\t\t\t\t<\/summary>\n\t\t\t\t<div role=\"region\" aria-labelledby=\"e-n-accordion-item-1022\" class=\"elementor-element elementor-element-3b11af8 e-con-full e-flex e-con e-child\" data-id=\"3b11af8\" data-element_type=\"container\" data-e-type=\"container\">\n\t\t\t\t<div class=\"elementor-element elementor-element-5c545f7 elementor-widget elementor-widget-text-editor\" data-id=\"5c545f7\" data-element_type=\"widget\" data-e-type=\"widget\" data-widget_type=\"text-editor.default\">\n\t\t\t\t\t\t\t\t\t<p><span style=\"font-weight: 400;\">\u00c8 possibile annullare gratuitamente entro il termine indicato nella scheda prodotto. Dopo la scadenza o in caso di mancata presentazione, non verr\u00e0 effettuato alcun rimborso.<\/span><\/p>\t\t\t\t\t\t\t\t<\/div>\n\t\t\t\t<\/div>\n\t\t\t\t\t<\/details>\n\t\t\t\t\t<\/div>\n\t\t\t\t\t\t<\/div>\n\t\t\t\t<\/div>\n\t\t\t\t\t<\/div>\n\t\t\t\t<\/div>\n\t\t\t\t<\/div>","protected":false},"excerpt":{"rendered":"<p class=\" translation-block\">Dallo schizzo alla Falla: <strong>Vivi la creazione di un ninot con gli Artistas Falleros<\/strong>.<\/p>","protected":false},"featured_media":5730,"template":"","meta":{"_acf_changed":false},"product_cat":[19],"product_tag":[],"class_list":{"0":"post-4235","1":"product","2":"type-product","3":"status-publish","4":"has-post-thumbnail","6":"product_cat-excursiones","8":"first","9":"instock","10":"virtual","11":"sold-individually","12":"taxable","13":"purchasable","14":"product-type-turitop"},"acf":[],"yoast_head":"<!-- This site is optimized with the Yoast SEO plugin v27.5 - https:\/\/yoast.com\/product\/yoast-seo-wordpress\/ -->\n<title>Taller fallero en Valencia: taller con artistas falleros | Valencia&amp;Go<\/title>\n<meta name=\"description\" content=\"Vive las Fallas todo el a\u00f1o: visita al Museo del Artista Fallero y crea tu propio ninot en un taller con artistas falleros. \u00a1Reserva tu plaza!\" \/>\n<meta name=\"robots\" content=\"noindex, follow, max-snippet:-1, max-image-preview:large, max-video-preview:-1\" \/>\n<meta property=\"og:locale\" content=\"it_IT\" \/>\n<meta property=\"og:type\" content=\"article\" \/>\n<meta property=\"og:title\" content=\"Taller fallero en Valencia: taller con artistas falleros | Valencia&amp;Go\" \/>\n<meta property=\"og:description\" content=\"Vive las Fallas todo el a\u00f1o: visita al Museo del Artista Fallero y crea tu propio ninot en un taller con artistas falleros. \u00a1Reserva tu plaza!\" \/>\n<meta property=\"og:url\" content=\"https:\/\/upgrade.valenciaandgo.com\/it\/escursioni\/workshop-fallas-tutto-lanno-con-gli-artisti-fallas\/\" \/>\n<meta property=\"og:site_name\" content=\"Valencia&amp;Go\" \/>\n<meta property=\"article:publisher\" content=\"https:\/\/www.facebook.com\/valenciaandgo\/\" \/>\n<meta property=\"article:modified_time\" content=\"2026-04-24T23:03:07+00:00\" \/>\n<meta property=\"og:image\" content=\"https:\/\/upgrade.valenciaandgo.com\/wp-content\/uploads\/tours-excursiones\/06-taller-fallero\/taller-fallero.webp\" \/>\n\t<meta property=\"og:image:width\" content=\"920\" \/>\n\t<meta property=\"og:image:height\" content=\"688\" \/>\n\t<meta property=\"og:image:type\" content=\"image\/webp\" \/>\n<meta name=\"twitter:card\" content=\"summary_large_image\" \/>\n<meta name=\"twitter:label1\" content=\"Tempo di lettura stimato\" \/>\n\t<meta name=\"twitter:data1\" content=\"5 minuti\" \/>\n<script type=\"application\/ld+json\" class=\"yoast-schema-graph\">{\"@context\":\"https:\\\/\\\/schema.org\",\"@graph\":[{\"@type\":\"WebPage\",\"@id\":\"https:\\\/\\\/upgrade.valenciaandgo.com\\\/excursiones\\\/fallas-todo-el-ano-taller-con-artistas-falleros\\\/\",\"url\":\"https:\\\/\\\/upgrade.valenciaandgo.com\\\/excursiones\\\/fallas-todo-el-ano-taller-con-artistas-falleros\\\/\",\"name\":\"Taller fallero en Valencia: taller con artistas falleros | Valencia&Go\",\"isPartOf\":{\"@id\":\"https:\\\/\\\/upgrade.valenciaandgo.com\\\/it\\\/#website\"},\"primaryImageOfPage\":{\"@id\":\"https:\\\/\\\/upgrade.valenciaandgo.com\\\/excursiones\\\/fallas-todo-el-ano-taller-con-artistas-falleros\\\/#primaryimage\"},\"image\":{\"@id\":\"https:\\\/\\\/upgrade.valenciaandgo.com\\\/excursiones\\\/fallas-todo-el-ano-taller-con-artistas-falleros\\\/#primaryimage\"},\"thumbnailUrl\":\"https:\\\/\\\/upgrade.valenciaandgo.com\\\/wp-content\\\/uploads\\\/tours-excursiones\\\/06-taller-fallero\\\/taller-fallero.webp\",\"datePublished\":\"2026-01-12T14:53:40+00:00\",\"dateModified\":\"2026-04-24T23:03:07+00:00\",\"description\":\"Vive las Fallas todo el a\u00f1o: visita al Museo del Artista Fallero y crea tu propio ninot en un taller con artistas falleros. \u00a1Reserva tu plaza!\",\"breadcrumb\":{\"@id\":\"https:\\\/\\\/upgrade.valenciaandgo.com\\\/excursiones\\\/fallas-todo-el-ano-taller-con-artistas-falleros\\\/#breadcrumb\"},\"inLanguage\":\"it-IT\",\"potentialAction\":[{\"@type\":\"ReadAction\",\"target\":[\"https:\\\/\\\/upgrade.valenciaandgo.com\\\/excursiones\\\/fallas-todo-el-ano-taller-con-artistas-falleros\\\/\"]}]},{\"@type\":\"ImageObject\",\"inLanguage\":\"it-IT\",\"@id\":\"https:\\\/\\\/upgrade.valenciaandgo.com\\\/excursiones\\\/fallas-todo-el-ano-taller-con-artistas-falleros\\\/#primaryimage\",\"url\":\"https:\\\/\\\/upgrade.valenciaandgo.com\\\/wp-content\\\/uploads\\\/tours-excursiones\\\/06-taller-fallero\\\/taller-fallero.webp\",\"contentUrl\":\"https:\\\/\\\/upgrade.valenciaandgo.com\\\/wp-content\\\/uploads\\\/tours-excursiones\\\/06-taller-fallero\\\/taller-fallero.webp\",\"width\":920,\"height\":688,\"caption\":\"Pintando nintos en el taller fallero\"},{\"@type\":\"BreadcrumbList\",\"@id\":\"https:\\\/\\\/upgrade.valenciaandgo.com\\\/excursiones\\\/fallas-todo-el-ano-taller-con-artistas-falleros\\\/#breadcrumb\",\"itemListElement\":[{\"@type\":\"ListItem\",\"position\":1,\"name\":\"Portada\",\"item\":\"https:\\\/\\\/upgrade.valenciaandgo.com\\\/\"},{\"@type\":\"ListItem\",\"position\":2,\"name\":\"Tours\",\"item\":\"https:\\\/\\\/upgrade.valenciaandgo.com\\\/tours\\\/\"},{\"@type\":\"ListItem\",\"position\":3,\"name\":\"Fallas todo el a\u00f1o: taller con artistas falleros\"}]},{\"@type\":\"WebSite\",\"@id\":\"https:\\\/\\\/upgrade.valenciaandgo.com\\\/it\\\/#website\",\"url\":\"https:\\\/\\\/upgrade.valenciaandgo.com\\\/it\\\/\",\"name\":\"Valencia&Go\",\"description\":\"Tours por Valencia y alrededores de ciudad.\",\"publisher\":{\"@id\":\"https:\\\/\\\/upgrade.valenciaandgo.com\\\/it\\\/#organization\"},\"potentialAction\":[{\"@type\":\"SearchAction\",\"target\":{\"@type\":\"EntryPoint\",\"urlTemplate\":\"https:\\\/\\\/upgrade.valenciaandgo.com\\\/it\\\/?s={search_term_string}\"},\"query-input\":{\"@type\":\"PropertyValueSpecification\",\"valueRequired\":true,\"valueName\":\"search_term_string\"}}],\"inLanguage\":\"it-IT\"},{\"@type\":\"Organization\",\"@id\":\"https:\\\/\\\/upgrade.valenciaandgo.com\\\/it\\\/#organization\",\"name\":\"Valencia&Go\",\"url\":\"https:\\\/\\\/upgrade.valenciaandgo.com\\\/it\\\/\",\"logo\":{\"@type\":\"ImageObject\",\"inLanguage\":\"it-IT\",\"@id\":\"https:\\\/\\\/upgrade.valenciaandgo.com\\\/it\\\/#\\\/schema\\\/logo\\\/image\\\/\",\"url\":\"https:\\\/\\\/upgrade.valenciaandgo.com\\\/wp-content\\\/uploads\\\/2025\\\/10\\\/valencia_go-svg-blnc-iso-naranja.svg\",\"contentUrl\":\"https:\\\/\\\/upgrade.valenciaandgo.com\\\/wp-content\\\/uploads\\\/2025\\\/10\\\/valencia_go-svg-blnc-iso-naranja.svg\",\"width\":434,\"height\":102,\"caption\":\"Valencia&Go\"},\"image\":{\"@id\":\"https:\\\/\\\/upgrade.valenciaandgo.com\\\/it\\\/#\\\/schema\\\/logo\\\/image\\\/\"},\"sameAs\":[\"https:\\\/\\\/www.facebook.com\\\/valenciaandgo\\\/\",\"https:\\\/\\\/www.instagram.com\\\/valenciaandgo\",\"https:\\\/\\\/www.linkedin.com\\\/company\\\/valencia-go\\\/\",\"https:\\\/\\\/www.tiktok.com\\\/@valenciaandgo\"]}]}<\/script>\n<!-- \/ Yoast SEO plugin. -->","yoast_head_json":{"title":"Workshop Fallas a Valencia: workshop con gli artisti fallero | Valencia&amp;Go","description":"Vivete le Fallas tutto l'anno: visitate il Museo del Artista Fallero e create il vostro ninot in un laboratorio con gli artisti Fallas. Prenotate il vostro posto!","robots":{"index":"noindex","follow":"follow","max-snippet":"max-snippet:-1","max-image-preview":"max-image-preview:large","max-video-preview":"max-video-preview:-1"},"og_locale":"it_IT","og_type":"article","og_title":"Taller fallero en Valencia: taller con artistas falleros | Valencia&Go","og_description":"Vive las Fallas todo el a\u00f1o: visita al Museo del Artista Fallero y crea tu propio ninot en un taller con artistas falleros. \u00a1Reserva tu plaza!","og_url":"https:\/\/upgrade.valenciaandgo.com\/it\/escursioni\/workshop-fallas-tutto-lanno-con-gli-artisti-fallas\/","og_site_name":"Valencia&amp;Go","article_publisher":"https:\/\/www.facebook.com\/valenciaandgo\/","article_modified_time":"2026-04-24T23:03:07+00:00","og_image":[{"width":920,"height":688,"url":"https:\/\/upgrade.valenciaandgo.com\/wp-content\/uploads\/tours-excursiones\/06-taller-fallero\/taller-fallero.webp","type":"image\/webp"}],"twitter_card":"summary_large_image","twitter_misc":{"Tempo di lettura stimato":"5 minuti"},"schema":{"@context":"https:\/\/schema.org","@graph":[{"@type":"WebPage","@id":"https:\/\/upgrade.valenciaandgo.com\/excursiones\/fallas-todo-el-ano-taller-con-artistas-falleros\/","url":"https:\/\/upgrade.valenciaandgo.com\/excursiones\/fallas-todo-el-ano-taller-con-artistas-falleros\/","name":"Workshop Fallas a Valencia: workshop con gli artisti fallero | Valencia&amp;Go","isPartOf":{"@id":"https:\/\/upgrade.valenciaandgo.com\/it\/#website"},"primaryImageOfPage":{"@id":"https:\/\/upgrade.valenciaandgo.com\/excursiones\/fallas-todo-el-ano-taller-con-artistas-falleros\/#primaryimage"},"image":{"@id":"https:\/\/upgrade.valenciaandgo.com\/excursiones\/fallas-todo-el-ano-taller-con-artistas-falleros\/#primaryimage"},"thumbnailUrl":"https:\/\/upgrade.valenciaandgo.com\/wp-content\/uploads\/tours-excursiones\/06-taller-fallero\/taller-fallero.webp","datePublished":"2026-01-12T14:53:40+00:00","dateModified":"2026-04-24T23:03:07+00:00","description":"Vivete le Fallas tutto l'anno: visitate il Museo del Artista Fallero e create il vostro ninot in un laboratorio con gli artisti Fallas. Prenotate il vostro posto!","breadcrumb":{"@id":"https:\/\/upgrade.valenciaandgo.com\/excursiones\/fallas-todo-el-ano-taller-con-artistas-falleros\/#breadcrumb"},"inLanguage":"it-IT","potentialAction":[{"@type":"ReadAction","target":["https:\/\/upgrade.valenciaandgo.com\/excursiones\/fallas-todo-el-ano-taller-con-artistas-falleros\/"]}]},{"@type":"ImageObject","inLanguage":"it-IT","@id":"https:\/\/upgrade.valenciaandgo.com\/excursiones\/fallas-todo-el-ano-taller-con-artistas-falleros\/#primaryimage","url":"https:\/\/upgrade.valenciaandgo.com\/wp-content\/uploads\/tours-excursiones\/06-taller-fallero\/taller-fallero.webp","contentUrl":"https:\/\/upgrade.valenciaandgo.com\/wp-content\/uploads\/tours-excursiones\/06-taller-fallero\/taller-fallero.webp","width":920,"height":688,"caption":"Pintando nintos en el taller fallero"},{"@type":"BreadcrumbList","@id":"https:\/\/upgrade.valenciaandgo.com\/excursiones\/fallas-todo-el-ano-taller-con-artistas-falleros\/#breadcrumb","itemListElement":[{"@type":"ListItem","position":1,"name":"Portada","item":"https:\/\/upgrade.valenciaandgo.com\/"},{"@type":"ListItem","position":2,"name":"Tours","item":"https:\/\/upgrade.valenciaandgo.com\/tours\/"},{"@type":"ListItem","position":3,"name":"Fallas todo el a\u00f1o: taller con artistas falleros"}]},{"@type":"WebSite","@id":"https:\/\/upgrade.valenciaandgo.com\/it\/#website","url":"https:\/\/upgrade.valenciaandgo.com\/it\/","name":"Valencia&amp;Go","description":"Tour di Valencia e dintorni.","publisher":{"@id":"https:\/\/upgrade.valenciaandgo.com\/it\/#organization"},"potentialAction":[{"@type":"SearchAction","target":{"@type":"EntryPoint","urlTemplate":"https:\/\/upgrade.valenciaandgo.com\/it\/?s={search_term_string}"},"query-input":{"@type":"PropertyValueSpecification","valueRequired":true,"valueName":"search_term_string"}}],"inLanguage":"it-IT"},{"@type":"Organization","@id":"https:\/\/upgrade.valenciaandgo.com\/it\/#organization","name":"Valencia&amp;Go","url":"https:\/\/upgrade.valenciaandgo.com\/it\/","logo":{"@type":"ImageObject","inLanguage":"it-IT","@id":"https:\/\/upgrade.valenciaandgo.com\/it\/#\/schema\/logo\/image\/","url":"https:\/\/upgrade.valenciaandgo.com\/wp-content\/uploads\/2025\/10\/valencia_go-svg-blnc-iso-naranja.svg","contentUrl":"https:\/\/upgrade.valenciaandgo.com\/wp-content\/uploads\/2025\/10\/valencia_go-svg-blnc-iso-naranja.svg","width":434,"height":102,"caption":"Valencia&Go"},"image":{"@id":"https:\/\/upgrade.valenciaandgo.com\/it\/#\/schema\/logo\/image\/"},"sameAs":["https:\/\/www.facebook.com\/valenciaandgo\/","https:\/\/www.instagram.com\/valenciaandgo","https:\/\/www.linkedin.com\/company\/valencia-go\/","https:\/\/www.tiktok.com\/@valenciaandgo"]}]}},"_links":{"self":[{"href":"https:\/\/upgrade.valenciaandgo.com\/it\/wp-json\/wp\/v2\/product\/4235","targetHints":{"allow":["GET"]}}],"collection":[{"href":"https:\/\/upgrade.valenciaandgo.com\/it\/wp-json\/wp\/v2\/product"}],"about":[{"href":"https:\/\/upgrade.valenciaandgo.com\/it\/wp-json\/wp\/v2\/types\/product"}],"version-history":[{"count":0,"href":"https:\/\/upgrade.valenciaandgo.com\/it\/wp-json\/wp\/v2\/product\/4235\/revisions"}],"wp:featuredmedia":[{"embeddable":true,"href":"https:\/\/upgrade.valenciaandgo.com\/it\/wp-json\/wp\/v2\/media\/5730"}],"wp:attachment":[{"href":"https:\/\/upgrade.valenciaandgo.com\/it\/wp-json\/wp\/v2\/media?parent=4235"}],"wp:term":[{"taxonomy":"product_cat","embeddable":true,"href":"https:\/\/upgrade.valenciaandgo.com\/it\/wp-json\/wp\/v2\/product_cat?post=4235"},{"taxonomy":"product_tag","embeddable":true,"href":"https:\/\/upgrade.valenciaandgo.com\/it\/wp-json\/wp\/v2\/product_tag?post=4235"}],"curies":[{"name":"wp","href":"https:\/\/api.w.org\/{rel}","templated":true}]}}