{"id":11489,"date":"2026-03-23T00:46:14","date_gmt":"2026-03-23T00:46:14","guid":{"rendered":"https:\/\/www.valenciaandgo.com\/?post_type=product&#038;p=11489"},"modified":"2026-04-23T07:08:21","modified_gmt":"2026-04-23T07:08:21","slug":"culla-e-parco-minerario-del-maestrat-escursione-di-unintera-giornata-da-valencia","status":"publish","type":"product","link":"https:\/\/upgrade.valenciaandgo.com\/it\/excursiones\/culla-y-parc-miner-del-maestrat-excursion-de-dia-completo-desde-valencia\/","title":{"rendered":"Culla e Parc Miner del Maestrat: escursione di un'intera giornata da Valencia"},"content":{"rendered":"<div data-elementor-type=\"product-post\" data-elementor-id=\"11489\" class=\"elementor elementor-11489\" data-elementor-post-type=\"product\">\n\t\t\t\t<div class=\"elementor-element elementor-element-3a3a6b8d e-flex e-con-boxed e-con e-parent\" data-id=\"3a3a6b8d\" data-element_type=\"container\" data-e-type=\"container\" data-settings=\"{&quot;background_background&quot;:&quot;classic&quot;}\">\n\t\t\t\t\t<div class=\"e-con-inner\">\n\t\t\t\t<div class=\"elementor-element elementor-element-332de859 elementor-widget elementor-widget-text-editor\" data-id=\"332de859\" data-element_type=\"widget\" data-e-type=\"widget\" data-widget_type=\"text-editor.default\">\n\t\t\t\t\t\t\t\t\t<p class=\" translation-block\">Scopri il <strong>Parc Miner del Maestrat<\/strong> e il fascino medievale di <strong>Culla<\/strong> in un\u2019escursione familiare da Valencia, lontano dalla folla.<\/p>\t\t\t\t\t\t\t\t<\/div>\n\t\t\t\t<div class=\"elementor-element elementor-element-2fb37e50 elementor-widget elementor-widget-heading\" data-id=\"2fb37e50\" data-element_type=\"widget\" data-e-type=\"widget\" data-widget_type=\"heading.default\">\n\t\t\t\t\t<h3 class=\"elementor-heading-title elementor-size-default\">Punti salienti<\/h3>\t\t\t\t<\/div>\n\t\t\t\t<div class=\"elementor-element elementor-element-7c7f9f54 elementor-align-start elementor-icon-list--layout-traditional elementor-list-item-link-full_width elementor-widget elementor-widget-icon-list\" data-id=\"7c7f9f54\" data-element_type=\"widget\" data-e-type=\"widget\" data-widget_type=\"icon-list.default\">\n\t\t\t\t\t\t\t<ul class=\"elementor-icon-list-items\">\n\t\t\t\t\t\t\t<li class=\"elementor-icon-list-item\">\n\t\t\t\t\t\t\t\t\t\t\t<span class=\"elementor-icon-list-icon\">\n\t\t\t\t\t\t\t<svg aria-hidden=\"true\" class=\"e-font-icon-svg e-far-arrow-alt-circle-right\" viewbox=\"0 0 512 512\" xmlns=\"http:\/\/www.w3.org\/2000\/svg\"><path d=\"M504 256C504 119 393 8 256 8S8 119 8 256s111 248 248 248 248-111 248-248zm-448 0c0-110.5 89.5-200 200-200s200 89.5 200 200-89.5 200-200 200S56 366.5 56 256zm72 20v-40c0-6.6 5.4-12 12-12h116v-67c0-10.7 12.9-16 20.5-8.5l99 99c4.7 4.7 4.7 12.3 0 17l-99 99c-7.6 7.6-20.5 2.2-20.5-8.5v-67H140c-6.6 0-12-5.4-12-12z\"><\/path><\/svg>\t\t\t\t\t\t<\/span>\n\t\t\t\t\t\t\t\t\t\t<span class=\"elementor-icon-list-text\">Entra in una antica miniera reale e scopri com\u2019era la vita dei minatori, raccontata in modo divertente e adatto ai bambini.<\/span>\n\t\t\t\t\t\t\t\t\t<\/li>\n\t\t\t\t\t\t\t\t<li class=\"elementor-icon-list-item\">\n\t\t\t\t\t\t\t\t\t\t\t<span class=\"elementor-icon-list-icon\">\n\t\t\t\t\t\t\t<svg aria-hidden=\"true\" class=\"e-font-icon-svg e-far-arrow-alt-circle-right\" viewbox=\"0 0 512 512\" xmlns=\"http:\/\/www.w3.org\/2000\/svg\"><path d=\"M504 256C504 119 393 8 256 8S8 119 8 256s111 248 248 248 248-111 248-248zm-448 0c0-110.5 89.5-200 200-200s200 89.5 200 200-89.5 200-200 200S56 366.5 56 256zm72 20v-40c0-6.6 5.4-12 12-12h116v-67c0-10.7 12.9-16 20.5-8.5l99 99c4.7 4.7 4.7 12.3 0 17l-99 99c-7.6 7.6-20.5 2.2-20.5-8.5v-67H140c-6.6 0-12-5.4-12-12z\"><\/path><\/svg>\t\t\t\t\t\t<\/span>\n\t\t\t\t\t\t\t\t\t\t<span class=\"elementor-icon-list-text\">Passeggia per Culla con una guida locale, visitando l\u2019antica prigione, la chiesa e una scuola rurale ricostruita.<\/span>\n\t\t\t\t\t\t\t\t\t<\/li>\n\t\t\t\t\t\t\t\t<li class=\"elementor-icon-list-item\">\n\t\t\t\t\t\t\t\t\t\t\t<span class=\"elementor-icon-list-icon\">\n\t\t\t\t\t\t\t<svg aria-hidden=\"true\" class=\"e-font-icon-svg e-far-arrow-alt-circle-right\" viewbox=\"0 0 512 512\" xmlns=\"http:\/\/www.w3.org\/2000\/svg\"><path d=\"M504 256C504 119 393 8 256 8S8 119 8 256s111 248 248 248 248-111 248-248zm-448 0c0-110.5 89.5-200 200-200s200 89.5 200 200-89.5 200-200 200S56 366.5 56 256zm72 20v-40c0-6.6 5.4-12 12-12h116v-67c0-10.7 12.9-16 20.5-8.5l99 99c4.7 4.7 4.7 12.3 0 17l-99 99c-7.6 7.6-20.5 2.2-20.5-8.5v-67H140c-6.6 0-12-5.4-12-12z\"><\/path><\/svg>\t\t\t\t\t\t<\/span>\n\t\t\t\t\t\t\t\t\t\t<span class=\"elementor-icon-list-text\">Escursione tranquilla e senza affollamento, ideale per famiglie in cerca di qualcosa di diverso da Valencia.<\/span>\n\t\t\t\t\t\t\t\t\t<\/li>\n\t\t\t\t\t\t<\/ul>\n\t\t\t\t\t\t<\/div>\n\t\t\t\t<div class=\"elementor-element elementor-element-1d1cc9a7 elementor-widget-divider--view-line elementor-widget elementor-widget-divider\" data-id=\"1d1cc9a7\" data-element_type=\"widget\" data-e-type=\"widget\" data-widget_type=\"divider.default\">\n\t\t\t\t\t\t\t<div class=\"elementor-divider\">\n\t\t\t<span class=\"elementor-divider-separator\">\n\t\t\t\t\t\t<\/span>\n\t\t<\/div>\n\t\t\t\t\t\t<\/div>\n\t\t\t\t<div class=\"elementor-element elementor-element-2202e393 elementor-widget elementor-widget-heading\" data-id=\"2202e393\" data-element_type=\"widget\" data-e-type=\"widget\" data-widget_type=\"heading.default\">\n\t\t\t\t\t<h3 class=\"elementor-heading-title elementor-size-default\">Descrizione<\/h3>\t\t\t\t<\/div>\n\t\t\t\t<div class=\"elementor-element elementor-element-2a2163b1 elementor-widget elementor-widget-heading\" data-id=\"2a2163b1\" data-element_type=\"widget\" data-e-type=\"widget\" data-widget_type=\"heading.default\">\n\t\t\t\t\t<h4 class=\"elementor-heading-title elementor-size-default\">Un\u2019escursione diversa da Valencia<\/h4>\t\t\t\t<\/div>\n\t\t\t\t<div class=\"elementor-element elementor-element-2cb3b2ad elementor-widget elementor-widget-text-editor\" data-id=\"2cb3b2ad\" data-element_type=\"widget\" data-e-type=\"widget\" data-widget_type=\"text-editor.default\">\n\t\t\t\t\t\t\t\t\t<p class=\" translation-block\">Questa <strong>escursione di un\u2019intera giornata<\/strong> da Valencia \u00e8 perfetta per chi vuole scoprire una <strong>zona autentica dell\u2019entroterra<\/strong>, lontano dal turismo di massa e in un ambiente ideale per le famiglie.<\/p>\t\t\t\t\t\t\t\t<\/div>\n\t\t\t\t<div class=\"elementor-element elementor-element-6930549 elementor-widget elementor-widget-heading\" data-id=\"6930549\" data-element_type=\"widget\" data-e-type=\"widget\" data-widget_type=\"heading.default\">\n\t\t\t\t\t<h4 class=\"elementor-heading-title elementor-size-default\">Visita al Parc Miner del Maestrat<\/h4>\t\t\t\t<\/div>\n\t\t\t\t<div class=\"elementor-element elementor-element-24eaeee elementor-widget elementor-widget-text-editor\" data-id=\"24eaeee\" data-element_type=\"widget\" data-e-type=\"widget\" data-widget_type=\"text-editor.default\">\n\t\t\t\t\t\t\t\t\t<p class=\" translation-block\">La giornata inizia con la visita al <strong>Parc Miner del Maestrat<\/strong>, dove scoprirai, con una guida, com\u2019era la <strong>attivit\u00e0 mineraria<\/strong> nella zona. Si tratta di un\u2019<strong>esperienza didattica e divertente<\/strong>, pensata affinch\u00e9 adulti e bambini possano divertirsi e imparare allo stesso tempo.<\/p>\t\t\t\t\t\t\t\t<\/div>\n\t\t\t\t<div class=\"elementor-element elementor-element-44c4856 elementor-widget elementor-widget-heading\" data-id=\"44c4856\" data-element_type=\"widget\" data-e-type=\"widget\" data-widget_type=\"heading.default\">\n\t\t\t\t\t<h4 class=\"elementor-heading-title elementor-size-default\">Percorso nel borgo medievale di Culla\n<\/h4>\t\t\t\t<\/div>\n\t\t\t\t<div class=\"elementor-element elementor-element-29c5b1c elementor-widget elementor-widget-text-editor\" data-id=\"29c5b1c\" data-element_type=\"widget\" data-e-type=\"widget\" data-widget_type=\"text-editor.default\">\n\t\t\t\t\t\t\t\t\t<p class=\" translation-block\">Successivamente, ci spostiamo a <strong>Culla<\/strong>, un affascinante <strong>borgo medievale<\/strong> dell\u2019entroterra di Castell\u00f3n. Accompagnati dalla nostra <strong>guida<\/strong>, percorreremo le sue strade e visiteremo alcuni dei suoi luoghi pi\u00f9 rappresentativi, come la <strong>antica prigione<\/strong>, la <strong>chiesa parrocchiale<\/strong> e il <strong>vecchio ospedale<\/strong>, dove \u00e8 conservata una ricostruzione di una <strong>scuola rurale tradizionale<\/strong>.<\/p>\t\t\t\t\t\t\t\t<\/div>\n\t\t\t\t<div class=\"elementor-element elementor-element-4f3c41c elementor-widget elementor-widget-heading\" data-id=\"4f3c41c\" data-element_type=\"widget\" data-e-type=\"widget\" data-widget_type=\"heading.default\">\n\t\t\t\t\t<h4 class=\"elementor-heading-title elementor-size-default\">Tempo libero per il pranzo\n<\/h4>\t\t\t\t<\/div>\n\t\t\t\t<div class=\"elementor-element elementor-element-abe65cc elementor-widget elementor-widget-text-editor\" data-id=\"abe65cc\" data-element_type=\"widget\" data-e-type=\"widget\" data-widget_type=\"text-editor.default\">\n\t\t\t\t\t\t\t\t\t<p class=\" translation-block\">Al termine della visita guidata, avrai <strong>tempo libero per pranzare<\/strong> nel borgo. Puoi farlo autonomamente oppure, se lo desideri, ti aiutiamo a prenotare in un bar locale.<\/p>\t\t\t\t\t\t\t\t<\/div>\n\t\t\t\t<div class=\"elementor-element elementor-element-c90c548 elementor-widget elementor-widget-heading\" data-id=\"c90c548\" data-element_type=\"widget\" data-e-type=\"widget\" data-widget_type=\"heading.default\">\n\t\t\t\t\t<h4 class=\"elementor-heading-title elementor-size-default\">Un\u2019esperienza tranquilla, culturale e per famiglie\n<\/h4>\t\t\t\t<\/div>\n\t\t\t\t<div class=\"elementor-element elementor-element-84ecbcf elementor-widget elementor-widget-text-editor\" data-id=\"84ecbcf\" data-element_type=\"widget\" data-e-type=\"widget\" data-widget_type=\"text-editor.default\">\n\t\t\t\t\t\t\t\t\t<p class=\" translation-block\">Un\u2019<strong>escursione tranquilla, culturale e molto completa<\/strong>, pensata per godersi la giornata senza fretta, conoscere la storia della zona e tornare a Valencia nel pomeriggio con la sensazione di aver scoperto un luogo poco conosciuto.<\/p>\t\t\t\t\t\t\t\t<\/div>\n\t\t\t\t<div class=\"elementor-element elementor-element-7a42b9ea elementor-widget elementor-widget-heading\" data-id=\"7a42b9ea\" data-element_type=\"widget\" data-e-type=\"widget\" data-widget_type=\"heading.default\">\n\t\t\t\t\t<h3 class=\"elementor-heading-title elementor-size-default\">Informazioni importanti<\/h3>\t\t\t\t<\/div>\n\t\t\t\t<div class=\"elementor-element elementor-element-7543fcb6 elementor-widget elementor-widget-text-editor\" data-id=\"7543fcb6\" data-element_type=\"widget\" data-e-type=\"widget\" data-widget_type=\"text-editor.default\">\n\t\t\t\t\t\t\t\t\t<p><strong>Prezzi:<\/strong><\/p><ul><li>90\u20ac adulto<\/li><li>Bambino da 4 a 12 anni 30\u20ac<\/li><li>Bambino &lt;4 GRATIS<\/li><\/ul>\t\t\t\t\t\t\t\t<\/div>\n\t\t\t\t<div class=\"elementor-element elementor-element-7228f0f5 elementor-widget-divider--view-line elementor-widget elementor-widget-divider\" data-id=\"7228f0f5\" data-element_type=\"widget\" data-e-type=\"widget\" data-widget_type=\"divider.default\">\n\t\t\t\t\t\t\t<div class=\"elementor-divider\">\n\t\t\t<span class=\"elementor-divider-separator\">\n\t\t\t\t\t\t<\/span>\n\t\t<\/div>\n\t\t\t\t\t\t<\/div>\n\t\t\t\t<div class=\"elementor-element elementor-element-67b5d4b4 elementor-widget-divider--view-line elementor-widget elementor-widget-divider\" data-id=\"67b5d4b4\" data-element_type=\"widget\" data-e-type=\"widget\" data-widget_type=\"divider.default\">\n\t\t\t\t\t\t\t<div class=\"elementor-divider\">\n\t\t\t<span class=\"elementor-divider-separator\">\n\t\t\t\t\t\t<\/span>\n\t\t<\/div>\n\t\t\t\t\t\t<\/div>\n\t\t\t\t<div class=\"elementor-element elementor-element-7a72fd17 elementor-widget elementor-widget-heading\" data-id=\"7a72fd17\" data-element_type=\"widget\" data-e-type=\"widget\" data-widget_type=\"heading.default\">\n\t\t\t\t\t<h3 class=\"elementor-heading-title elementor-size-default\">Domande frequenti<\/h3>\t\t\t\t<\/div>\n\t\t\t\t<div class=\"elementor-element elementor-element-b81cbc4 faq-desplegable elementor-widget elementor-widget-n-accordion\" data-id=\"b81cbc4\" data-element_type=\"widget\" data-e-type=\"widget\" data-settings=\"{&quot;default_state&quot;:&quot;all_collapsed&quot;,&quot;max_items_expended&quot;:&quot;one&quot;,&quot;n_accordion_animation_duration&quot;:{&quot;unit&quot;:&quot;ms&quot;,&quot;size&quot;:400,&quot;sizes&quot;:[]}}\" data-widget_type=\"nested-accordion.default\">\n\t\t\t\t\t\t\t<div class=\"e-n-accordion\" aria-label=\"Fisarmonica. Aprite i collegamenti con Invio o Spazio, chiudeteli con Escape e navigate con i tasti freccia.\">\n\t\t\t\t\t\t<details id=\"e-n-accordion-item-1930\" class=\"e-n-accordion-item\" >\n\t\t\t\t<summary class=\"e-n-accordion-item-title\" data-accordion-index=\"1\" tabindex=\"0\" aria-expanded=\"false\" aria-controls=\"e-n-accordion-item-1930\" >\n\t\t\t\t\t<span class='e-n-accordion-item-title-header'><div class=\"e-n-accordion-item-title-text\"> Come si riconosce la guida? <\/div><\/span>\n\t\t\t\t\t\t\t<span class='e-n-accordion-item-title-icon'>\n\t\t\t<span class='e-opened' ><svg aria-hidden=\"true\" class=\"e-font-icon-svg e-fas-minus\" viewbox=\"0 0 448 512\" xmlns=\"http:\/\/www.w3.org\/2000\/svg\"><path d=\"M416 208H32c-17.67 0-32 14.33-32 32v32c0 17.67 14.33 32 32 32h384c17.67 0 32-14.33 32-32v-32c0-17.67-14.33-32-32-32z\"><\/path><\/svg><\/span>\n\t\t\t<span class='e-closed'><svg aria-hidden=\"true\" class=\"e-font-icon-svg e-fas-plus\" viewbox=\"0 0 448 512\" xmlns=\"http:\/\/www.w3.org\/2000\/svg\"><path d=\"M416 208H272V64c0-17.67-14.33-32-32-32h-32c-17.67 0-32 14.33-32 32v144H32c-17.67 0-32 14.33-32 32v32c0 17.67 14.33 32 32 32h144v144c0 17.67 14.33 32 32 32h32c17.67 0 32-14.33 32-32V304h144c17.67 0 32-14.33 32-32v-32c0-17.67-14.33-32-32-32z\"><\/path><\/svg><\/span>\n\t\t<\/span>\n\n\t\t\t\t\t\t<\/summary>\n\t\t\t\t<div role=\"region\" aria-labelledby=\"e-n-accordion-item-1930\" class=\"elementor-element elementor-element-a976e21 e-con-full e-flex e-con e-child\" data-id=\"a976e21\" data-element_type=\"container\" data-e-type=\"container\">\n\t\t<div role=\"region\" aria-labelledby=\"e-n-accordion-item-1930\" class=\"elementor-element elementor-element-b1855d7 e-flex e-con-boxed e-con e-child\" data-id=\"b1855d7\" data-element_type=\"container\" data-e-type=\"container\">\n\t\t\t\t\t<div class=\"e-con-inner\">\n\t\t\t\t<div class=\"elementor-element elementor-element-119a009 elementor-widget elementor-widget-text-editor\" data-id=\"119a009\" data-element_type=\"widget\" data-e-type=\"widget\" data-widget_type=\"text-editor.default\">\n\t\t\t\t\t\t\t\t\t<p data-renderer-start-pos=\"836\">Potrete trovare la guida al punto d'incontro con l'accredito ufficiale di guida. Potete chiedere di Valencia&amp;Go e, nel caso in cui non riusciate a trovarlo, potete contattarci direttamente via whatsapp per darvi indicazioni precise.<\/p><ul class=\"ak-ul\" data-indent-level=\"1\"><li><p data-renderer-start-pos=\"1098\">NH Hotel: l'autobus si ferma davanti alla porta dell'hotel.<\/p><\/li><li><p data-renderer-start-pos=\"1146\">Torri di Serranos: aspettate sulla scala che porta alle torri.<\/p><\/li><li><p data-renderer-start-pos=\"1214\">Citt\u00e0 della Giustizia: fermata dell'autobus rosso di fronte all'edificio<\/p><\/li><\/ul>\t\t\t\t\t\t\t\t<\/div>\n\t\t\t\t\t<\/div>\n\t\t\t\t<\/div>\n\t\t\t\t<\/div>\n\t\t\t\t\t<\/details>\n\t\t\t\t\t\t<details id=\"e-n-accordion-item-1931\" class=\"e-n-accordion-item\" >\n\t\t\t\t<summary class=\"e-n-accordion-item-title\" data-accordion-index=\"2\" tabindex=\"-1\" aria-expanded=\"false\" aria-controls=\"e-n-accordion-item-1931\" >\n\t\t\t\t\t<span class='e-n-accordion-item-title-header'><div class=\"e-n-accordion-item-title-text\"> Posso portare bagagli\/passeggini sull'autobus? <\/div><\/span>\n\t\t\t\t\t\t\t<span class='e-n-accordion-item-title-icon'>\n\t\t\t<span class='e-opened' ><svg aria-hidden=\"true\" class=\"e-font-icon-svg e-fas-minus\" viewbox=\"0 0 448 512\" xmlns=\"http:\/\/www.w3.org\/2000\/svg\"><path d=\"M416 208H32c-17.67 0-32 14.33-32 32v32c0 17.67 14.33 32 32 32h384c17.67 0 32-14.33 32-32v-32c0-17.67-14.33-32-32-32z\"><\/path><\/svg><\/span>\n\t\t\t<span class='e-closed'><svg aria-hidden=\"true\" class=\"e-font-icon-svg e-fas-plus\" viewbox=\"0 0 448 512\" xmlns=\"http:\/\/www.w3.org\/2000\/svg\"><path d=\"M416 208H272V64c0-17.67-14.33-32-32-32h-32c-17.67 0-32 14.33-32 32v144H32c-17.67 0-32 14.33-32 32v32c0 17.67 14.33 32 32 32h144v144c0 17.67 14.33 32 32 32h32c17.67 0 32-14.33 32-32V304h144c17.67 0 32-14.33 32-32v-32c0-17.67-14.33-32-32-32z\"><\/path><\/svg><\/span>\n\t\t<\/span>\n\n\t\t\t\t\t\t<\/summary>\n\t\t\t\t<div role=\"region\" aria-labelledby=\"e-n-accordion-item-1931\" class=\"elementor-element elementor-element-9b5bec7 e-con-full e-flex e-con e-child\" data-id=\"9b5bec7\" data-element_type=\"container\" data-e-type=\"container\">\n\t\t\t\t<div class=\"elementor-element elementor-element-ba3498a elementor-widget elementor-widget-text-editor\" data-id=\"ba3498a\" data-element_type=\"widget\" data-e-type=\"widget\" data-widget_type=\"text-editor.default\">\n\t\t\t\t\t\t\t\t\t<p>S\u00ec, purch\u00e9 si tratti di un bagaglio a mano o di un piccolo zaino\/auto pieghevole. Vi preghiamo di comunicarcelo per garantire lo spazio sull'autobus.<\/p>\t\t\t\t\t\t\t\t<\/div>\n\t\t\t\t<\/div>\n\t\t\t\t\t<\/details>\n\t\t\t\t\t\t<details id=\"e-n-accordion-item-1932\" class=\"e-n-accordion-item\" >\n\t\t\t\t<summary class=\"e-n-accordion-item-title\" data-accordion-index=\"3\" tabindex=\"-1\" aria-expanded=\"false\" aria-controls=\"e-n-accordion-item-1932\" >\n\t\t\t\t\t<span class='e-n-accordion-item-title-header'><div class=\"e-n-accordion-item-title-text\"> Politica di cancellazione <\/div><\/span>\n\t\t\t\t\t\t\t<span class='e-n-accordion-item-title-icon'>\n\t\t\t<span class='e-opened' ><svg aria-hidden=\"true\" class=\"e-font-icon-svg e-fas-minus\" viewbox=\"0 0 448 512\" xmlns=\"http:\/\/www.w3.org\/2000\/svg\"><path d=\"M416 208H32c-17.67 0-32 14.33-32 32v32c0 17.67 14.33 32 32 32h384c17.67 0 32-14.33 32-32v-32c0-17.67-14.33-32-32-32z\"><\/path><\/svg><\/span>\n\t\t\t<span class='e-closed'><svg aria-hidden=\"true\" class=\"e-font-icon-svg e-fas-plus\" viewbox=\"0 0 448 512\" xmlns=\"http:\/\/www.w3.org\/2000\/svg\"><path d=\"M416 208H272V64c0-17.67-14.33-32-32-32h-32c-17.67 0-32 14.33-32 32v144H32c-17.67 0-32 14.33-32 32v32c0 17.67 14.33 32 32 32h144v144c0 17.67 14.33 32 32 32h32c17.67 0 32-14.33 32-32V304h144c17.67 0 32-14.33 32-32v-32c0-17.67-14.33-32-32-32z\"><\/path><\/svg><\/span>\n\t\t<\/span>\n\n\t\t\t\t\t\t<\/summary>\n\t\t\t\t<div role=\"region\" aria-labelledby=\"e-n-accordion-item-1932\" class=\"elementor-element elementor-element-65d2405 e-con-full e-flex e-con e-child\" data-id=\"65d2405\" data-element_type=\"container\" data-e-type=\"container\">\n\t\t\t\t<div class=\"elementor-element elementor-element-d5e8ada elementor-widget elementor-widget-text-editor\" data-id=\"d5e8ada\" data-element_type=\"widget\" data-e-type=\"widget\" data-widget_type=\"text-editor.default\">\n\t\t\t\t\t\t\t\t\t<p><span style=\"font-weight: 400;\">\u00c8 possibile annullare gratuitamente entro il termine indicato nella scheda prodotto. Dopo la scadenza o in caso di mancata presentazione, non verr\u00e0 effettuato alcun rimborso.<\/span><\/p>\t\t\t\t\t\t\t\t<\/div>\n\t\t\t\t<\/div>\n\t\t\t\t\t<\/details>\n\t\t\t\t\t<\/div>\n\t\t\t\t\t\t<\/div>\n\t\t\t\t\t<\/div>\n\t\t\t\t<\/div>\n\t\t\t\t<\/div>","protected":false},"excerpt":{"rendered":"<p>Godetevi un'escursione di un'intera giornata da Valencia alla <strong>Parco minerario di Maestrat<\/strong> e il villaggio medievale di <strong>Culla<\/strong>. Un'esperienza tranquilla e culturale, perfetta per le famiglie che vogliono scoprire una zona autentica e meno turistica.<\/p>","protected":false},"featured_media":11482,"template":"","meta":{"_acf_changed":false},"product_cat":[19],"product_tag":[],"class_list":{"0":"post-11489","1":"product","2":"type-product","3":"status-publish","4":"has-post-thumbnail","6":"product_cat-excursiones","8":"first","9":"instock","10":"virtual","11":"sold-individually","12":"taxable","13":"purchasable","14":"product-type-turitop"},"acf":[],"yoast_head":"<!-- This site is optimized with the Yoast SEO plugin v27.5 - https:\/\/yoast.com\/product\/yoast-seo-wordpress\/ -->\n<title>Culla y Parc Miner del Maestrat desde Valencia | Excursi\u00f3n<\/title>\n<meta name=\"description\" content=\"Descubre Culla y el Parc Miner del Maestrat en una excursi\u00f3n de d\u00eda completo desde Valencia. Una experiencia cultural, tranquila y ideal para familias.\" \/>\n<meta name=\"robots\" content=\"noindex, follow, max-snippet:-1, max-image-preview:large, max-video-preview:-1\" \/>\n<meta property=\"og:locale\" content=\"it_IT\" \/>\n<meta property=\"og:type\" content=\"article\" \/>\n<meta property=\"og:title\" content=\"Culla y Parc Miner del Maestrat desde Valencia | Excursi\u00f3n\" \/>\n<meta property=\"og:description\" content=\"Descubre Culla y el Parc Miner del Maestrat en una excursi\u00f3n de d\u00eda completo desde Valencia. Una experiencia cultural, tranquila y ideal para familias.\" \/>\n<meta property=\"og:url\" content=\"https:\/\/upgrade.valenciaandgo.com\/it\/escursioni\/culla-e-parco-minerario-del-maestrat-escursione-di-unintera-giornata-da-valencia\/\" \/>\n<meta property=\"og:site_name\" content=\"Valencia&amp;Go\" \/>\n<meta property=\"article:publisher\" content=\"https:\/\/www.facebook.com\/valenciaandgo\/\" \/>\n<meta property=\"article:modified_time\" content=\"2026-04-23T07:08:21+00:00\" \/>\n<meta property=\"og:image\" content=\"https:\/\/upgrade.valenciaandgo.com\/wp-content\/uploads\/2026\/03\/excursion-culla-parc-miner-maestrat-6.webp\" \/>\n\t<meta property=\"og:image:width\" content=\"920\" \/>\n\t<meta property=\"og:image:height\" content=\"688\" \/>\n\t<meta property=\"og:image:type\" content=\"image\/webp\" \/>\n<meta name=\"twitter:card\" content=\"summary_large_image\" \/>\n<meta name=\"twitter:label1\" content=\"Tempo di lettura stimato\" \/>\n\t<meta name=\"twitter:data1\" content=\"3 minuti\" \/>\n<script type=\"application\/ld+json\" class=\"yoast-schema-graph\">{\"@context\":\"https:\\\/\\\/schema.org\",\"@graph\":[{\"@type\":\"WebPage\",\"@id\":\"https:\\\/\\\/upgrade.valenciaandgo.com\\\/excursiones\\\/culla-y-parc-miner-del-maestrat-excursion-de-dia-completo-desde-valencia\\\/\",\"url\":\"https:\\\/\\\/upgrade.valenciaandgo.com\\\/excursiones\\\/culla-y-parc-miner-del-maestrat-excursion-de-dia-completo-desde-valencia\\\/\",\"name\":\"Culla y Parc Miner del Maestrat desde Valencia | Excursi\u00f3n\",\"isPartOf\":{\"@id\":\"https:\\\/\\\/upgrade.valenciaandgo.com\\\/it\\\/#website\"},\"primaryImageOfPage\":{\"@id\":\"https:\\\/\\\/upgrade.valenciaandgo.com\\\/excursiones\\\/culla-y-parc-miner-del-maestrat-excursion-de-dia-completo-desde-valencia\\\/#primaryimage\"},\"image\":{\"@id\":\"https:\\\/\\\/upgrade.valenciaandgo.com\\\/excursiones\\\/culla-y-parc-miner-del-maestrat-excursion-de-dia-completo-desde-valencia\\\/#primaryimage\"},\"thumbnailUrl\":\"https:\\\/\\\/upgrade.valenciaandgo.com\\\/wp-content\\\/uploads\\\/2026\\\/03\\\/excursion-culla-parc-miner-maestrat-6.webp\",\"datePublished\":\"2026-03-23T00:46:14+00:00\",\"dateModified\":\"2026-04-23T07:08:21+00:00\",\"description\":\"Descubre Culla y el Parc Miner del Maestrat en una excursi\u00f3n de d\u00eda completo desde Valencia. Una experiencia cultural, tranquila y ideal para familias.\",\"breadcrumb\":{\"@id\":\"https:\\\/\\\/upgrade.valenciaandgo.com\\\/excursiones\\\/culla-y-parc-miner-del-maestrat-excursion-de-dia-completo-desde-valencia\\\/#breadcrumb\"},\"inLanguage\":\"it-IT\",\"potentialAction\":[{\"@type\":\"ReadAction\",\"target\":[\"https:\\\/\\\/upgrade.valenciaandgo.com\\\/excursiones\\\/culla-y-parc-miner-del-maestrat-excursion-de-dia-completo-desde-valencia\\\/\"]}]},{\"@type\":\"ImageObject\",\"inLanguage\":\"it-IT\",\"@id\":\"https:\\\/\\\/upgrade.valenciaandgo.com\\\/excursiones\\\/culla-y-parc-miner-del-maestrat-excursion-de-dia-completo-desde-valencia\\\/#primaryimage\",\"url\":\"https:\\\/\\\/upgrade.valenciaandgo.com\\\/wp-content\\\/uploads\\\/2026\\\/03\\\/excursion-culla-parc-miner-maestrat-6.webp\",\"contentUrl\":\"https:\\\/\\\/upgrade.valenciaandgo.com\\\/wp-content\\\/uploads\\\/2026\\\/03\\\/excursion-culla-parc-miner-maestrat-6.webp\",\"width\":920,\"height\":688,\"caption\":\"La excursi\u00f3n incluye una visita guiada por el interior de la mina, pensada para adultos y ni\u00f1os.\"},{\"@type\":\"BreadcrumbList\",\"@id\":\"https:\\\/\\\/upgrade.valenciaandgo.com\\\/excursiones\\\/culla-y-parc-miner-del-maestrat-excursion-de-dia-completo-desde-valencia\\\/#breadcrumb\",\"itemListElement\":[{\"@type\":\"ListItem\",\"position\":1,\"name\":\"Portada\",\"item\":\"https:\\\/\\\/upgrade.valenciaandgo.com\\\/\"},{\"@type\":\"ListItem\",\"position\":2,\"name\":\"Tours\",\"item\":\"https:\\\/\\\/upgrade.valenciaandgo.com\\\/tours\\\/\"},{\"@type\":\"ListItem\",\"position\":3,\"name\":\"Culla y Parc Miner del Maestrat: excursi\u00f3n de d\u00eda completo desde Valencia\"}]},{\"@type\":\"WebSite\",\"@id\":\"https:\\\/\\\/upgrade.valenciaandgo.com\\\/it\\\/#website\",\"url\":\"https:\\\/\\\/upgrade.valenciaandgo.com\\\/it\\\/\",\"name\":\"Valencia&Go\",\"description\":\"Tours por Valencia y alrededores de ciudad.\",\"publisher\":{\"@id\":\"https:\\\/\\\/upgrade.valenciaandgo.com\\\/it\\\/#organization\"},\"potentialAction\":[{\"@type\":\"SearchAction\",\"target\":{\"@type\":\"EntryPoint\",\"urlTemplate\":\"https:\\\/\\\/upgrade.valenciaandgo.com\\\/it\\\/?s={search_term_string}\"},\"query-input\":{\"@type\":\"PropertyValueSpecification\",\"valueRequired\":true,\"valueName\":\"search_term_string\"}}],\"inLanguage\":\"it-IT\"},{\"@type\":\"Organization\",\"@id\":\"https:\\\/\\\/upgrade.valenciaandgo.com\\\/it\\\/#organization\",\"name\":\"Valencia&Go\",\"url\":\"https:\\\/\\\/upgrade.valenciaandgo.com\\\/it\\\/\",\"logo\":{\"@type\":\"ImageObject\",\"inLanguage\":\"it-IT\",\"@id\":\"https:\\\/\\\/upgrade.valenciaandgo.com\\\/it\\\/#\\\/schema\\\/logo\\\/image\\\/\",\"url\":\"https:\\\/\\\/upgrade.valenciaandgo.com\\\/wp-content\\\/uploads\\\/2025\\\/10\\\/valencia_go-svg-blnc-iso-naranja.svg\",\"contentUrl\":\"https:\\\/\\\/upgrade.valenciaandgo.com\\\/wp-content\\\/uploads\\\/2025\\\/10\\\/valencia_go-svg-blnc-iso-naranja.svg\",\"width\":434,\"height\":102,\"caption\":\"Valencia&Go\"},\"image\":{\"@id\":\"https:\\\/\\\/upgrade.valenciaandgo.com\\\/it\\\/#\\\/schema\\\/logo\\\/image\\\/\"},\"sameAs\":[\"https:\\\/\\\/www.facebook.com\\\/valenciaandgo\\\/\",\"https:\\\/\\\/www.instagram.com\\\/valenciaandgo\",\"https:\\\/\\\/www.linkedin.com\\\/company\\\/valencia-go\\\/\",\"https:\\\/\\\/www.tiktok.com\\\/@valenciaandgo\"]}]}<\/script>\n<!-- \/ Yoast SEO plugin. -->","yoast_head_json":{"title":"Culla e Parco Minerario del Maestrat da Valencia | Escursione","description":"Scoprite Culla e il Parc Miner del Maestrat con un'escursione di un'intera giornata da Valencia. Un'esperienza culturale, tranquilla e ideale per le famiglie.","robots":{"index":"noindex","follow":"follow","max-snippet":"max-snippet:-1","max-image-preview":"max-image-preview:large","max-video-preview":"max-video-preview:-1"},"og_locale":"it_IT","og_type":"article","og_title":"Culla y Parc Miner del Maestrat desde Valencia | Excursi\u00f3n","og_description":"Descubre Culla y el Parc Miner del Maestrat en una excursi\u00f3n de d\u00eda completo desde Valencia. Una experiencia cultural, tranquila y ideal para familias.","og_url":"https:\/\/upgrade.valenciaandgo.com\/it\/escursioni\/culla-e-parco-minerario-del-maestrat-escursione-di-unintera-giornata-da-valencia\/","og_site_name":"Valencia&amp;Go","article_publisher":"https:\/\/www.facebook.com\/valenciaandgo\/","article_modified_time":"2026-04-23T07:08:21+00:00","og_image":[{"width":920,"height":688,"url":"https:\/\/upgrade.valenciaandgo.com\/wp-content\/uploads\/2026\/03\/excursion-culla-parc-miner-maestrat-6.webp","type":"image\/webp"}],"twitter_card":"summary_large_image","twitter_misc":{"Tempo di lettura stimato":"3 minuti"},"schema":{"@context":"https:\/\/schema.org","@graph":[{"@type":"WebPage","@id":"https:\/\/upgrade.valenciaandgo.com\/excursiones\/culla-y-parc-miner-del-maestrat-excursion-de-dia-completo-desde-valencia\/","url":"https:\/\/upgrade.valenciaandgo.com\/excursiones\/culla-y-parc-miner-del-maestrat-excursion-de-dia-completo-desde-valencia\/","name":"Culla e Parco Minerario del Maestrat da Valencia | Escursione","isPartOf":{"@id":"https:\/\/upgrade.valenciaandgo.com\/it\/#website"},"primaryImageOfPage":{"@id":"https:\/\/upgrade.valenciaandgo.com\/excursiones\/culla-y-parc-miner-del-maestrat-excursion-de-dia-completo-desde-valencia\/#primaryimage"},"image":{"@id":"https:\/\/upgrade.valenciaandgo.com\/excursiones\/culla-y-parc-miner-del-maestrat-excursion-de-dia-completo-desde-valencia\/#primaryimage"},"thumbnailUrl":"https:\/\/upgrade.valenciaandgo.com\/wp-content\/uploads\/2026\/03\/excursion-culla-parc-miner-maestrat-6.webp","datePublished":"2026-03-23T00:46:14+00:00","dateModified":"2026-04-23T07:08:21+00:00","description":"Scoprite Culla e il Parc Miner del Maestrat con un'escursione di un'intera giornata da Valencia. Un'esperienza culturale, tranquilla e ideale per le famiglie.","breadcrumb":{"@id":"https:\/\/upgrade.valenciaandgo.com\/excursiones\/culla-y-parc-miner-del-maestrat-excursion-de-dia-completo-desde-valencia\/#breadcrumb"},"inLanguage":"it-IT","potentialAction":[{"@type":"ReadAction","target":["https:\/\/upgrade.valenciaandgo.com\/excursiones\/culla-y-parc-miner-del-maestrat-excursion-de-dia-completo-desde-valencia\/"]}]},{"@type":"ImageObject","inLanguage":"it-IT","@id":"https:\/\/upgrade.valenciaandgo.com\/excursiones\/culla-y-parc-miner-del-maestrat-excursion-de-dia-completo-desde-valencia\/#primaryimage","url":"https:\/\/upgrade.valenciaandgo.com\/wp-content\/uploads\/2026\/03\/excursion-culla-parc-miner-maestrat-6.webp","contentUrl":"https:\/\/upgrade.valenciaandgo.com\/wp-content\/uploads\/2026\/03\/excursion-culla-parc-miner-maestrat-6.webp","width":920,"height":688,"caption":"La excursi\u00f3n incluye una visita guiada por el interior de la mina, pensada para adultos y ni\u00f1os."},{"@type":"BreadcrumbList","@id":"https:\/\/upgrade.valenciaandgo.com\/excursiones\/culla-y-parc-miner-del-maestrat-excursion-de-dia-completo-desde-valencia\/#breadcrumb","itemListElement":[{"@type":"ListItem","position":1,"name":"Portada","item":"https:\/\/upgrade.valenciaandgo.com\/"},{"@type":"ListItem","position":2,"name":"Tours","item":"https:\/\/upgrade.valenciaandgo.com\/tours\/"},{"@type":"ListItem","position":3,"name":"Culla y Parc Miner del Maestrat: excursi\u00f3n de d\u00eda completo desde Valencia"}]},{"@type":"WebSite","@id":"https:\/\/upgrade.valenciaandgo.com\/it\/#website","url":"https:\/\/upgrade.valenciaandgo.com\/it\/","name":"Valencia&amp;Go","description":"Tour di Valencia e dintorni.","publisher":{"@id":"https:\/\/upgrade.valenciaandgo.com\/it\/#organization"},"potentialAction":[{"@type":"SearchAction","target":{"@type":"EntryPoint","urlTemplate":"https:\/\/upgrade.valenciaandgo.com\/it\/?s={search_term_string}"},"query-input":{"@type":"PropertyValueSpecification","valueRequired":true,"valueName":"search_term_string"}}],"inLanguage":"it-IT"},{"@type":"Organization","@id":"https:\/\/upgrade.valenciaandgo.com\/it\/#organization","name":"Valencia&amp;Go","url":"https:\/\/upgrade.valenciaandgo.com\/it\/","logo":{"@type":"ImageObject","inLanguage":"it-IT","@id":"https:\/\/upgrade.valenciaandgo.com\/it\/#\/schema\/logo\/image\/","url":"https:\/\/upgrade.valenciaandgo.com\/wp-content\/uploads\/2025\/10\/valencia_go-svg-blnc-iso-naranja.svg","contentUrl":"https:\/\/upgrade.valenciaandgo.com\/wp-content\/uploads\/2025\/10\/valencia_go-svg-blnc-iso-naranja.svg","width":434,"height":102,"caption":"Valencia&Go"},"image":{"@id":"https:\/\/upgrade.valenciaandgo.com\/it\/#\/schema\/logo\/image\/"},"sameAs":["https:\/\/www.facebook.com\/valenciaandgo\/","https:\/\/www.instagram.com\/valenciaandgo","https:\/\/www.linkedin.com\/company\/valencia-go\/","https:\/\/www.tiktok.com\/@valenciaandgo"]}]}},"_links":{"self":[{"href":"https:\/\/upgrade.valenciaandgo.com\/it\/wp-json\/wp\/v2\/product\/11489","targetHints":{"allow":["GET"]}}],"collection":[{"href":"https:\/\/upgrade.valenciaandgo.com\/it\/wp-json\/wp\/v2\/product"}],"about":[{"href":"https:\/\/upgrade.valenciaandgo.com\/it\/wp-json\/wp\/v2\/types\/product"}],"version-history":[{"count":0,"href":"https:\/\/upgrade.valenciaandgo.com\/it\/wp-json\/wp\/v2\/product\/11489\/revisions"}],"wp:featuredmedia":[{"embeddable":true,"href":"https:\/\/upgrade.valenciaandgo.com\/it\/wp-json\/wp\/v2\/media\/11482"}],"wp:attachment":[{"href":"https:\/\/upgrade.valenciaandgo.com\/it\/wp-json\/wp\/v2\/media?parent=11489"}],"wp:term":[{"taxonomy":"product_cat","embeddable":true,"href":"https:\/\/upgrade.valenciaandgo.com\/it\/wp-json\/wp\/v2\/product_cat?post=11489"},{"taxonomy":"product_tag","embeddable":true,"href":"https:\/\/upgrade.valenciaandgo.com\/it\/wp-json\/wp\/v2\/product_tag?post=11489"}],"curies":[{"name":"wp","href":"https:\/\/api.w.org\/{rel}","templated":true}]}}