{"id":5177,"date":"2026-01-21T13:43:10","date_gmt":"2026-01-21T13:43:10","guid":{"rendered":"https:\/\/new.valenciaandgo.com\/?post_type=product&#038;p=5177"},"modified":"2026-04-23T07:10:22","modified_gmt":"2026-04-23T07:10:22","slug":"croisieres-dexcursion-au-parc-naturel-de-lalbufera","status":"publish","type":"product","link":"https:\/\/upgrade.valenciaandgo.com\/fr\/excursiones-cruceros\/excursion-cruceros-al-parque-natural-de-la-albufera\/","title":{"rendered":"Croisi\u00e8res d'excursion dans le parc naturel de l'Albufera"},"content":{"rendered":"<div data-elementor-type=\"wp-post\" data-elementor-id=\"5177\" class=\"elementor elementor-5177\" data-elementor-post-type=\"product\">\n\t\t\t\t<div class=\"elementor-element elementor-element-42c6594d e-flex e-con-boxed e-con e-parent\" data-id=\"42c6594d\" data-element_type=\"container\" data-e-type=\"container\" data-settings=\"{&quot;background_background&quot;:&quot;classic&quot;}\">\n\t\t\t\t\t<div class=\"e-con-inner\">\n\t\t\t\t<div class=\"elementor-element elementor-element-12d79c84 elementor-widget elementor-widget-text-editor\" data-id=\"12d79c84\" data-element_type=\"widget\" data-e-type=\"widget\" data-widget_type=\"text-editor.default\">\n\t\t\t\t\t\t\t\t\t<p>D\u00e9couvrez l'un des paysages les plus int\u00e9ressants d'Espagne, un ensemble de for\u00eats, de rizi\u00e8res et de lacs au bord de la M\u00e9diterran\u00e9e.<\/p>\t\t\t\t\t\t\t\t<\/div>\n\t\t\t\t<div class=\"elementor-element elementor-element-1b2e6267 elementor-widget elementor-widget-heading\" data-id=\"1b2e6267\" data-element_type=\"widget\" data-e-type=\"widget\" data-widget_type=\"heading.default\">\n\t\t\t\t\t<h3 class=\"elementor-heading-title elementor-size-default\">Points forts<\/h3>\t\t\t\t<\/div>\n\t\t\t\t<div class=\"elementor-element elementor-element-9b5f309 elementor-align-start elementor-icon-list--layout-traditional elementor-list-item-link-full_width elementor-widget elementor-widget-icon-list\" data-id=\"9b5f309\" data-element_type=\"widget\" data-e-type=\"widget\" data-widget_type=\"icon-list.default\">\n\t\t\t\t\t\t\t<ul class=\"elementor-icon-list-items\">\n\t\t\t\t\t\t\t<li class=\"elementor-icon-list-item\">\n\t\t\t\t\t\t\t\t\t\t\t<span class=\"elementor-icon-list-icon\">\n\t\t\t\t\t\t\t<svg aria-hidden=\"true\" class=\"e-font-icon-svg e-far-arrow-alt-circle-right\" viewbox=\"0 0 512 512\" xmlns=\"http:\/\/www.w3.org\/2000\/svg\"><path d=\"M504 256C504 119 393 8 256 8S8 119 8 256s111 248 248 248 248-111 248-248zm-448 0c0-110.5 89.5-200 200-200s200 89.5 200 200-89.5 200-200 200S56 366.5 56 256zm72 20v-40c0-6.6 5.4-12 12-12h116v-67c0-10.7 12.9-16 20.5-8.5l99 99c4.7 4.7 4.7 12.3 0 17l-99 99c-7.6 7.6-20.5 2.2-20.5-8.5v-67H140c-6.6 0-12-5.4-12-12z\"><\/path><\/svg>\t\t\t\t\t\t<\/span>\n\t\t\t\t\t\t\t\t\t\t<span class=\"elementor-icon-list-text\">Ce sanctuaire de la biodiversit\u00e9 abrite de nombreux oiseaux migrateurs - et vous pouvez tous les voir depuis l'observatoire !<\/span>\n\t\t\t\t\t\t\t\t\t<\/li>\n\t\t\t\t\t\t\t\t<li class=\"elementor-icon-list-item\">\n\t\t\t\t\t\t\t\t\t\t\t<span class=\"elementor-icon-list-icon\">\n\t\t\t\t\t\t\t<svg aria-hidden=\"true\" class=\"e-font-icon-svg e-far-arrow-alt-circle-right\" viewbox=\"0 0 512 512\" xmlns=\"http:\/\/www.w3.org\/2000\/svg\"><path d=\"M504 256C504 119 393 8 256 8S8 119 8 256s111 248 248 248 248-111 248-248zm-448 0c0-110.5 89.5-200 200-200s200 89.5 200 200-89.5 200-200 200S56 366.5 56 256zm72 20v-40c0-6.6 5.4-12 12-12h116v-67c0-10.7 12.9-16 20.5-8.5l99 99c4.7 4.7 4.7 12.3 0 17l-99 99c-7.6 7.6-20.5 2.2-20.5-8.5v-67H140c-6.6 0-12-5.4-12-12z\"><\/path><\/svg>\t\t\t\t\t\t<\/span>\n\t\t\t\t\t\t\t\t\t\t<span class=\"elementor-icon-list-text\">Depuis les bateaux \u00e9lectriques, silencieux et sans \u00e9missions, vous p\u00e9n\u00e9trerez dans la plus grande lagune d'Espagne pour assister \u00e0 un incroyable coucher de soleil.<\/span>\n\t\t\t\t\t\t\t\t\t<\/li>\n\t\t\t\t\t\t\t\t<li class=\"elementor-icon-list-item\">\n\t\t\t\t\t\t\t\t\t\t\t<span class=\"elementor-icon-list-icon\">\n\t\t\t\t\t\t\t<svg aria-hidden=\"true\" class=\"e-font-icon-svg e-far-arrow-alt-circle-right\" viewbox=\"0 0 512 512\" xmlns=\"http:\/\/www.w3.org\/2000\/svg\"><path d=\"M504 256C504 119 393 8 256 8S8 119 8 256s111 248 248 248 248-111 248-248zm-448 0c0-110.5 89.5-200 200-200s200 89.5 200 200-89.5 200-200 200S56 366.5 56 256zm72 20v-40c0-6.6 5.4-12 12-12h116v-67c0-10.7 12.9-16 20.5-8.5l99 99c4.7 4.7 4.7 12.3 0 17l-99 99c-7.6 7.6-20.5 2.2-20.5-8.5v-67H140c-6.6 0-12-5.4-12-12z\"><\/path><\/svg>\t\t\t\t\t\t<\/span>\n\t\t\t\t\t\t\t\t\t\t<span class=\"elementor-icon-list-text\">L'itin\u00e9raire comprend un ap\u00e9ritif <\/span>\n\t\t\t\t\t\t\t\t\t<\/li>\n\t\t\t\t\t\t<\/ul>\n\t\t\t\t\t\t<\/div>\n\t\t\t\t<div class=\"elementor-element elementor-element-40a9a152 elementor-widget-divider--view-line elementor-widget elementor-widget-divider\" data-id=\"40a9a152\" data-element_type=\"widget\" data-e-type=\"widget\" data-widget_type=\"divider.default\">\n\t\t\t\t\t\t\t<div class=\"elementor-divider\">\n\t\t\t<span class=\"elementor-divider-separator\">\n\t\t\t\t\t\t<\/span>\n\t\t<\/div>\n\t\t\t\t\t\t<\/div>\n\t\t\t\t<div class=\"elementor-element elementor-element-200c9f6b elementor-widget elementor-widget-heading\" data-id=\"200c9f6b\" data-element_type=\"widget\" data-e-type=\"widget\" data-widget_type=\"heading.default\">\n\t\t\t\t\t<h3 class=\"elementor-heading-title elementor-size-default\">Description<\/h3>\t\t\t\t<\/div>\n\t\t\t\t<div class=\"elementor-element elementor-element-77bc7b92 elementor-widget elementor-widget-heading\" data-id=\"77bc7b92\" data-element_type=\"widget\" data-e-type=\"widget\" data-widget_type=\"heading.default\">\n\t\t\t\t\t<h4 class=\"elementor-heading-title elementor-size-default\">Parc naturel de l'Albufera : un lieu magique plein de traditions valenciennes<\/h4>\t\t\t\t<\/div>\n\t\t\t\t<div class=\"elementor-element elementor-element-760249d7 elementor-widget elementor-widget-text-editor\" data-id=\"760249d7\" data-element_type=\"widget\" data-e-type=\"widget\" data-widget_type=\"text-editor.default\">\n\t\t\t\t\t\t\t\t\t<p>\u00c0 quelques kilom\u00e8tres de Valence se trouve le parc naturel de l'Albufera, un lieu magique o\u00f9 se m\u00ealent nature, histoire et traditions valenciennes. \ud83c\udf3f<\/p><p class=\" translation-block\">Ses eaux calmes, <strong>les champs de riz et le vol des oiseaux migrateurs<\/strong> cr\u00e9ent un paysage unique, id\u00e9al pour se d\u00e9connecter et d\u00e9couvrir un coin authentique de la Communaut\u00e9 valencienne.<\/p><p class=\" translation-block\">Explorez cet environnement naturel \u00e0 bord de nos <strong>bateaux \u00e9lectriques \u00e9cologiques<\/strong>, silencieux et sans \u00e9missions, con\u00e7us pour prot\u00e9ger l'\u00e9cosyst\u00e8me de la lagune.<\/p><p class=\" translation-block\">L'excursion commence dans les <strong>dunes vierges d'El Saler<\/strong>, o\u00f9 vous serez accueillis par la brise marine et la flore locale. De l\u00e0, nous entrerons dans le <strong>lac d'Albufera<\/strong>, le plus grand d'Espagne, pour apprendre de notre guide son histoire, sa <strong>valeur \u00e9cologique<\/strong> et son importance<\/strong> pour la ville de Valence.<\/p><p class=\" translation-block\">Nous continuerons vers <strong>El Palmar<\/strong>, une \u00eele o\u00f9 la tradition de la p\u00eache est toujours vivante. Nous nous prom\u00e8nerons parmi les <strong>huttes typiques du 18e si\u00e8cle<\/strong>, apprendrons comment la vie a \u00e9volu\u00e9 dans ce petit village et entrerons dans l'un de ces <strong>b\u00e2timents traditionnels<\/strong>.<\/p><p>Le point culminant de l'exp\u00e9rience est une promenade en bateau sur la lagune : un moment parfait pour se d\u00e9tendre et profiter de la nature.<\/p><p>\u2600\ufe0f Excursion matinale<br \/>Profitez de la tranquillit\u00e9 matinale et de la douce lumi\u00e8re de l'Albufera. Comprend une collation et des fruits de saison.<\/p><p>\ud83d\udccd D\u00e9part du terminal de croisi\u00e8re<br \/>Petit groupe, guide officiel et 100 % d'exp\u00e9rience locale.<\/p><p><strong>*Taille minimale du groupe : 6 personnes<\/strong><\/p>\t\t\t\t\t\t\t\t<\/div>\n\t\t\t\t<div class=\"elementor-element elementor-element-13fac749 elementor-widget elementor-widget-heading\" data-id=\"13fac749\" data-element_type=\"widget\" data-e-type=\"widget\" data-widget_type=\"heading.default\">\n\t\t\t\t\t<h4 class=\"elementor-heading-title elementor-size-default\">Choisissez votre horaire : <\/h4>\t\t\t\t<\/div>\n\t\t\t\t<div class=\"elementor-element elementor-element-1c0572d0 elementor-widget elementor-widget-heading\" data-id=\"1c0572d0\" data-element_type=\"widget\" data-e-type=\"widget\" data-widget_type=\"heading.default\">\n\t\t\t\t\t<h5 class=\"elementor-heading-title elementor-size-default\">Excursion matinale (du lundi au dimanche - de 9h00 \u00e0 13h00)\n<\/h5>\t\t\t\t<\/div>\n\t\t\t\t<div class=\"elementor-element elementor-element-5012651d elementor-widget elementor-widget-text-editor\" data-id=\"5012651d\" data-element_type=\"widget\" data-e-type=\"widget\" data-widget_type=\"text-editor.default\">\n\t\t\t\t\t\t\t\t\t<p>Profitez de la tranquillit\u00e9 matinale et de la douce lumi\u00e8re de l'Albufera. Comprend un ap\u00e9ritif avec une boisson au choix (boisson non alcoolis\u00e9e, bi\u00e8re, eau, eau de Valence ou liqueur de riz) et un fruit de saison.<\/p>\t\t\t\t\t\t\t\t<\/div>\n\t\t\t\t<div class=\"elementor-element elementor-element-64feb2e4 elementor-widget elementor-widget-heading\" data-id=\"64feb2e4\" data-element_type=\"widget\" data-e-type=\"widget\" data-widget_type=\"heading.default\">\n\t\t\t\t\t<h5 class=\"elementor-heading-title elementor-size-default\">Excursion de l'apr\u00e8s-midi (du lundi au samedi - horaire en fonction du coucher du soleil)\n<\/h5>\t\t\t\t<\/div>\n\t\t\t\t<div class=\"elementor-element elementor-element-23a6ee2f elementor-widget elementor-widget-text-editor\" data-id=\"23a6ee2f\" data-element_type=\"widget\" data-e-type=\"widget\" data-widget_type=\"text-editor.default\">\n\t\t\t\t\t\t\t\t\t<p>Vivez la magie du plus beau coucher de soleil de Valence depuis l'eau, dans un cadre naturel incomparable.<\/p>\t\t\t\t\t\t\t\t<\/div>\n\t\t\t\t<div class=\"elementor-element elementor-element-70b54325 elementor-widget elementor-widget-heading\" data-id=\"70b54325\" data-element_type=\"widget\" data-e-type=\"widget\" data-widget_type=\"heading.default\">\n\t\t\t\t\t<h5 class=\"elementor-heading-title elementor-size-default\">D\u00e9part du terminal de croisi\u00e8re\n<\/h5>\t\t\t\t<\/div>\n\t\t\t\t<div class=\"elementor-element elementor-element-2b1b3075 elementor-widget elementor-widget-text-editor\" data-id=\"2b1b3075\" data-element_type=\"widget\" data-e-type=\"widget\" data-widget_type=\"text-editor.default\">\n\t\t\t\t\t\t\t\t\t<p>Petit groupe, guide officiel et exp\u00e9rience 100 % local.<\/p>\t\t\t\t\t\t\t\t<\/div>\n\t\t\t\t<div class=\"elementor-element elementor-element-af53081 elementor-widget-divider--view-line elementor-widget elementor-widget-divider\" data-id=\"af53081\" data-element_type=\"widget\" data-e-type=\"widget\" data-widget_type=\"divider.default\">\n\t\t\t\t\t\t\t<div class=\"elementor-divider\">\n\t\t\t<span class=\"elementor-divider-separator\">\n\t\t\t\t\t\t<\/span>\n\t\t<\/div>\n\t\t\t\t\t\t<\/div>\n\t\t\t\t<div class=\"elementor-element elementor-element-1ce0e8a7 elementor-widget elementor-widget-heading\" data-id=\"1ce0e8a7\" data-element_type=\"widget\" data-e-type=\"widget\" data-widget_type=\"heading.default\">\n\t\t\t\t\t<h3 class=\"elementor-heading-title elementor-size-default\">Informations importantes<\/h3>\t\t\t\t<\/div>\n\t\t\t\t<div class=\"elementor-element elementor-element-1e12a3d2 elementor-widget elementor-widget-text-editor\" data-id=\"1e12a3d2\" data-element_type=\"widget\" data-e-type=\"widget\" data-widget_type=\"text-editor.default\">\n\t\t\t\t\t\t\t\t\t<p class=\" translation-block\">Si vous voulez la visiter \u00e0 votre rythme...<br>Optez pour une excursion priv\u00e9e pour visiter l'Albufera et personnalisez votre exp\u00e9rience pour profiter de plusieurs avantages :<\/p><ul><li class=\" translation-block\"><strong>Flexibilit\u00e9 horaire:<\/strong> choisissez le moment qui vous convient le mieux.<\/li><li class=\" translation-block\"><strong>Guide exclusif:<\/strong> Profitez de la compagnie et des explications d'un guide r\u00e9serv\u00e9 \u00e0 votre groupe.<\/li><li class=\" translation-block\"><strong>Transport priv\u00e9:<\/strong> mobilit\u00e9 confortable et exclusive tout au long du circuit.<\/li><li class=\" translation-block\"><strong>Sortie priv\u00e9e en bateau au coucher du soleil:<\/strong> Vivez un moment unique avec une promenade priv\u00e9e au coucher du soleil.<\/li><li class=\" translation-block\"><strong>Gastronomie locale:<\/strong> Il est possible de manger une paella \u00e0 Albufera en r\u00e9servant dans un restaurant authentique, r\u00e9put\u00e9 pour offrir la meilleure paella de la r\u00e9gion.<\/li><li class=\" translation-block\"><strong>La Albufera de Valencia:<\/strong> le berceau de la paella<br>Nous offrons la possibilit\u00e9 de r\u00e9server un d\u00e9jeuner ou un d\u00eener \u00e0 l'Albufera, o\u00f9 vous pourrez d\u00e9guster une authentique paella valencienne, le joyau de la gastronomie locale.<\/li><\/ul><p class=\" translation-block\"><strong>Important:<\/strong> cette option n'est disponible que si l'excursion est effectu\u00e9e \u00e0 titre priv\u00e9 et que le menu paella n'est pas inclus dans le prix. Si vous d\u00e9cidez de d\u00e9jeuner ou de d\u00eener \u00e0 El Palmar, il vous suffit de nous contacter \u00e0 l'avance et nous l'organiserons pour vous moyennant un co\u00fbt suppl\u00e9mentaire.<\/p>\t\t\t\t\t\t\t\t<\/div>\n\t\t\t\t<div class=\"elementor-element elementor-element-4ce9718f elementor-widget-divider--view-line elementor-widget elementor-widget-divider\" data-id=\"4ce9718f\" data-element_type=\"widget\" data-e-type=\"widget\" data-widget_type=\"divider.default\">\n\t\t\t\t\t\t\t<div class=\"elementor-divider\">\n\t\t\t<span class=\"elementor-divider-separator\">\n\t\t\t\t\t\t<\/span>\n\t\t<\/div>\n\t\t\t\t\t\t<\/div>\n\t\t\t\t<div class=\"elementor-element elementor-element-32866c4a elementor-widget elementor-widget-heading\" data-id=\"32866c4a\" data-element_type=\"widget\" data-e-type=\"widget\" data-widget_type=\"heading.default\">\n\t\t\t\t\t<h3 class=\"elementor-heading-title elementor-size-default\">Point de rencontre<\/h3>\t\t\t\t<\/div>\n\t\t\t\t<div class=\"elementor-element elementor-element-6e69d043 elementor-widget elementor-widget-text-editor\" data-id=\"6e69d043\" data-element_type=\"widget\" data-e-type=\"widget\" data-widget_type=\"text-editor.default\">\n\t\t\t\t\t\t\t\t\t<p>Moll de Ponent, Terminal Trasmed (\u00e0 l'entr\u00e9e principale, o\u00f9 se trouve le parking clients).<\/p>\t\t\t\t\t\t\t\t<\/div>\n\t\t\t\t<div class=\"elementor-element elementor-element-6d58afc3 elementor-widget-divider--view-line elementor-widget elementor-widget-divider\" data-id=\"6d58afc3\" data-element_type=\"widget\" data-e-type=\"widget\" data-widget_type=\"divider.default\">\n\t\t\t\t\t\t\t<div class=\"elementor-divider\">\n\t\t\t<span class=\"elementor-divider-separator\">\n\t\t\t\t\t\t<\/span>\n\t\t<\/div>\n\t\t\t\t\t\t<\/div>\n\t\t\t\t<div class=\"elementor-element elementor-element-54f5097b elementor-widget elementor-widget-heading\" data-id=\"54f5097b\" data-element_type=\"widget\" data-e-type=\"widget\" data-widget_type=\"heading.default\">\n\t\t\t\t\t<h3 class=\"elementor-heading-title elementor-size-default\">Questions fr\u00e9quentes<\/h3>\t\t\t\t<\/div>\n\t\t<div class=\"elementor-element elementor-element-2a5434e e-con-full e-flex e-con e-child\" data-id=\"2a5434e\" data-element_type=\"container\" data-e-type=\"container\" data-settings=\"{&quot;background_background&quot;:&quot;classic&quot;}\">\n\t\t<div class=\"elementor-element elementor-element-45a8735 e-con-full e-flex e-con e-child\" data-id=\"45a8735\" data-element_type=\"container\" data-e-type=\"container\">\n\t\t\t\t<div class=\"elementor-element elementor-element-bcd000a faq-desplegable elementor-widget elementor-widget-n-accordion\" data-id=\"bcd000a\" data-element_type=\"widget\" data-e-type=\"widget\" data-settings=\"{&quot;default_state&quot;:&quot;all_collapsed&quot;,&quot;max_items_expended&quot;:&quot;one&quot;,&quot;n_accordion_animation_duration&quot;:{&quot;unit&quot;:&quot;ms&quot;,&quot;size&quot;:400,&quot;sizes&quot;:[]}}\" data-widget_type=\"nested-accordion.default\">\n\t\t\t\t\t\t\t<div class=\"e-n-accordion\" aria-label=\"Accord\u00e9on. Ouvrez les liens avec Enter ou Space, fermez-les avec Escape et naviguez avec les touches fl\u00e9ch\u00e9es.\">\n\t\t\t\t\t\t<details id=\"e-n-accordion-item-1970\" class=\"e-n-accordion-item\" >\n\t\t\t\t<summary class=\"e-n-accordion-item-title\" data-accordion-index=\"1\" tabindex=\"0\" aria-expanded=\"false\" aria-controls=\"e-n-accordion-item-1970\" >\n\t\t\t\t\t<span class='e-n-accordion-item-title-header'><div class=\"e-n-accordion-item-title-text\"> Comment reconna\u00eetrai-je le guide? <\/div><\/span>\n\t\t\t\t\t\t\t<span class='e-n-accordion-item-title-icon'>\n\t\t\t<span class='e-opened' ><svg aria-hidden=\"true\" class=\"e-font-icon-svg e-fas-minus\" viewbox=\"0 0 448 512\" xmlns=\"http:\/\/www.w3.org\/2000\/svg\"><path d=\"M416 208H32c-17.67 0-32 14.33-32 32v32c0 17.67 14.33 32 32 32h384c17.67 0 32-14.33 32-32v-32c0-17.67-14.33-32-32-32z\"><\/path><\/svg><\/span>\n\t\t\t<span class='e-closed'><svg aria-hidden=\"true\" class=\"e-font-icon-svg e-fas-plus\" viewbox=\"0 0 448 512\" xmlns=\"http:\/\/www.w3.org\/2000\/svg\"><path d=\"M416 208H272V64c0-17.67-14.33-32-32-32h-32c-17.67 0-32 14.33-32 32v144H32c-17.67 0-32 14.33-32 32v32c0 17.67 14.33 32 32 32h144v144c0 17.67 14.33 32 32 32h32c17.67 0 32-14.33 32-32V304h144c17.67 0 32-14.33 32-32v-32c0-17.67-14.33-32-32-32z\"><\/path><\/svg><\/span>\n\t\t<\/span>\n\n\t\t\t\t\t\t<\/summary>\n\t\t\t\t<div role=\"region\" aria-labelledby=\"e-n-accordion-item-1970\" class=\"elementor-element elementor-element-dad8f74 e-con-full e-flex e-con e-child\" data-id=\"dad8f74\" data-element_type=\"container\" data-e-type=\"container\">\n\t\t<div role=\"region\" aria-labelledby=\"e-n-accordion-item-1970\" class=\"elementor-element elementor-element-1c3d6ff e-flex e-con-boxed e-con e-child\" data-id=\"1c3d6ff\" data-element_type=\"container\" data-e-type=\"container\">\n\t\t\t\t\t<div class=\"e-con-inner\">\n\t\t\t\t<div class=\"elementor-element elementor-element-d4f5c11 elementor-widget elementor-widget-text-editor\" data-id=\"d4f5c11\" data-element_type=\"widget\" data-e-type=\"widget\" data-widget_type=\"text-editor.default\">\n\t\t\t\t\t\t\t\t\t<p><span style=\"font-weight: 400;\">Nous vous enverrons le point de rendez-vous quelques jours \u00e0 l\u2019avance. Le guide officiel sera identifiable \u00e0 l\u2019endroit indiqu\u00e9.<\/span><\/p>\t\t\t\t\t\t\t\t<\/div>\n\t\t\t\t\t<\/div>\n\t\t\t\t<\/div>\n\t\t\t\t<\/div>\n\t\t\t\t\t<\/details>\n\t\t\t\t\t\t<details id=\"e-n-accordion-item-1971\" class=\"e-n-accordion-item\" >\n\t\t\t\t<summary class=\"e-n-accordion-item-title\" data-accordion-index=\"2\" tabindex=\"-1\" aria-expanded=\"false\" aria-controls=\"e-n-accordion-item-1971\" >\n\t\t\t\t\t<span class='e-n-accordion-item-title-header'><div class=\"e-n-accordion-item-title-text\"> Qu'ai-je r\u00e9serv\u00e9 ? <\/div><\/span>\n\t\t\t\t\t\t\t<span class='e-n-accordion-item-title-icon'>\n\t\t\t<span class='e-opened' ><svg aria-hidden=\"true\" class=\"e-font-icon-svg e-fas-minus\" viewbox=\"0 0 448 512\" xmlns=\"http:\/\/www.w3.org\/2000\/svg\"><path d=\"M416 208H32c-17.67 0-32 14.33-32 32v32c0 17.67 14.33 32 32 32h384c17.67 0 32-14.33 32-32v-32c0-17.67-14.33-32-32-32z\"><\/path><\/svg><\/span>\n\t\t\t<span class='e-closed'><svg aria-hidden=\"true\" class=\"e-font-icon-svg e-fas-plus\" viewbox=\"0 0 448 512\" xmlns=\"http:\/\/www.w3.org\/2000\/svg\"><path d=\"M416 208H272V64c0-17.67-14.33-32-32-32h-32c-17.67 0-32 14.33-32 32v144H32c-17.67 0-32 14.33-32 32v32c0 17.67 14.33 32 32 32h144v144c0 17.67 14.33 32 32 32h32c17.67 0 32-14.33 32-32V304h144c17.67 0 32-14.33 32-32v-32c0-17.67-14.33-32-32-32z\"><\/path><\/svg><\/span>\n\t\t<\/span>\n\n\t\t\t\t\t\t<\/summary>\n\t\t\t\t<div role=\"region\" aria-labelledby=\"e-n-accordion-item-1971\" class=\"elementor-element elementor-element-9cc0ca4 e-con-full e-flex e-con e-child\" data-id=\"9cc0ca4\" data-element_type=\"container\" data-e-type=\"container\">\n\t\t\t\t<div class=\"elementor-element elementor-element-b21e6bd elementor-widget elementor-widget-text-editor\" data-id=\"b21e6bd\" data-element_type=\"widget\" data-e-type=\"widget\" data-widget_type=\"text-editor.default\">\n\t\t\t\t\t\t\t\t\t<p>Vous avez r\u00e9serv\u00e9 une excursion comprenant le transport depuis le terminal de croisi\u00e8re, un guide officiel local, une visite du parc naturel de l'Albufera et une promenade en bateau.<\/p>\t\t\t\t\t\t\t\t<\/div>\n\t\t\t\t<\/div>\n\t\t\t\t\t<\/details>\n\t\t\t\t\t\t<details id=\"e-n-accordion-item-1972\" class=\"e-n-accordion-item\" >\n\t\t\t\t<summary class=\"e-n-accordion-item-title\" data-accordion-index=\"3\" tabindex=\"-1\" aria-expanded=\"false\" aria-controls=\"e-n-accordion-item-1972\" >\n\t\t\t\t\t<span class='e-n-accordion-item-title-header'><div class=\"e-n-accordion-item-title-text\"> Politique d\u2019annulation <\/div><\/span>\n\t\t\t\t\t\t\t<span class='e-n-accordion-item-title-icon'>\n\t\t\t<span class='e-opened' ><svg aria-hidden=\"true\" class=\"e-font-icon-svg e-fas-minus\" viewbox=\"0 0 448 512\" xmlns=\"http:\/\/www.w3.org\/2000\/svg\"><path d=\"M416 208H32c-17.67 0-32 14.33-32 32v32c0 17.67 14.33 32 32 32h384c17.67 0 32-14.33 32-32v-32c0-17.67-14.33-32-32-32z\"><\/path><\/svg><\/span>\n\t\t\t<span class='e-closed'><svg aria-hidden=\"true\" class=\"e-font-icon-svg e-fas-plus\" viewbox=\"0 0 448 512\" xmlns=\"http:\/\/www.w3.org\/2000\/svg\"><path d=\"M416 208H272V64c0-17.67-14.33-32-32-32h-32c-17.67 0-32 14.33-32 32v144H32c-17.67 0-32 14.33-32 32v32c0 17.67 14.33 32 32 32h144v144c0 17.67 14.33 32 32 32h32c17.67 0 32-14.33 32-32V304h144c17.67 0 32-14.33 32-32v-32c0-17.67-14.33-32-32-32z\"><\/path><\/svg><\/span>\n\t\t<\/span>\n\n\t\t\t\t\t\t<\/summary>\n\t\t\t\t<div role=\"region\" aria-labelledby=\"e-n-accordion-item-1972\" class=\"elementor-element elementor-element-94ae011 e-con-full e-flex e-con e-child\" data-id=\"94ae011\" data-element_type=\"container\" data-e-type=\"container\">\n\t\t\t\t<div class=\"elementor-element elementor-element-0e766b7 elementor-widget elementor-widget-text-editor\" data-id=\"0e766b7\" data-element_type=\"widget\" data-e-type=\"widget\" data-widget_type=\"text-editor.default\">\n\t\t\t\t\t\t\t\t\t<p>Vous pouvez annuler sans frais 24 heures avant le d\u00e9part. Pass\u00e9 ce d\u00e9lai ou en cas de non-pr\u00e9sentation, aucun remboursement ne sera effectu\u00e9.<\/p>\t\t\t\t\t\t\t\t<\/div>\n\t\t\t\t<\/div>\n\t\t\t\t\t<\/details>\n\t\t\t\t\t\t<details id=\"e-n-accordion-item-1973\" class=\"e-n-accordion-item\" >\n\t\t\t\t<summary class=\"e-n-accordion-item-title\" data-accordion-index=\"4\" tabindex=\"-1\" aria-expanded=\"false\" aria-controls=\"e-n-accordion-item-1973\" >\n\t\t\t\t\t<span class='e-n-accordion-item-title-header'><div class=\"e-n-accordion-item-title-text\"> Puis-je emporter des bagages ou un landau dans le bus ? <\/div><\/span>\n\t\t\t\t\t\t\t<span class='e-n-accordion-item-title-icon'>\n\t\t\t<span class='e-opened' ><svg aria-hidden=\"true\" class=\"e-font-icon-svg e-fas-minus\" viewbox=\"0 0 448 512\" xmlns=\"http:\/\/www.w3.org\/2000\/svg\"><path d=\"M416 208H32c-17.67 0-32 14.33-32 32v32c0 17.67 14.33 32 32 32h384c17.67 0 32-14.33 32-32v-32c0-17.67-14.33-32-32-32z\"><\/path><\/svg><\/span>\n\t\t\t<span class='e-closed'><svg aria-hidden=\"true\" class=\"e-font-icon-svg e-fas-plus\" viewbox=\"0 0 448 512\" xmlns=\"http:\/\/www.w3.org\/2000\/svg\"><path d=\"M416 208H272V64c0-17.67-14.33-32-32-32h-32c-17.67 0-32 14.33-32 32v144H32c-17.67 0-32 14.33-32 32v32c0 17.67 14.33 32 32 32h144v144c0 17.67 14.33 32 32 32h32c17.67 0 32-14.33 32-32V304h144c17.67 0 32-14.33 32-32v-32c0-17.67-14.33-32-32-32z\"><\/path><\/svg><\/span>\n\t\t<\/span>\n\n\t\t\t\t\t\t<\/summary>\n\t\t\t\t<div role=\"region\" aria-labelledby=\"e-n-accordion-item-1973\" class=\"elementor-element elementor-element-e302cbd e-flex e-con-boxed e-con e-child\" data-id=\"e302cbd\" data-element_type=\"container\" data-e-type=\"container\">\n\t\t\t\t\t<div class=\"e-con-inner\">\n\t\t\t\t<div class=\"elementor-element elementor-element-13d28e8 elementor-widget elementor-widget-text-editor\" data-id=\"13d28e8\" data-element_type=\"widget\" data-e-type=\"widget\" data-widget_type=\"text-editor.default\">\n\t\t\t\t\t\t\t\t\t<p>Oui, \u00e0 condition qu'il s'agisse d'une valise cabine ou d'un petit sac \u00e0 dos\/voiture pliable. Veuillez nous en informer afin de garantir une place dans le bus.<\/p>\t\t\t\t\t\t\t\t<\/div>\n\t\t\t\t\t<\/div>\n\t\t\t\t<\/div>\n\t\t\t\t\t<\/details>\n\t\t\t\t\t<\/div>\n\t\t\t\t\t\t<\/div>\n\t\t\t\t<\/div>\n\t\t\t\t<\/div>\n\t\t\t\t\t<\/div>\n\t\t\t\t<\/div>\n\t\t\t\t<\/div>","protected":false},"excerpt":{"rendered":"<p>D\u00e9couvrez l'un des paysages les plus int\u00e9ressants d'Espagne, un ensemble de for\u00eats, de rizi\u00e8res et de lacs au bord de la M\u00e9diterran\u00e9e.<\/p>","protected":false},"featured_media":5547,"template":"","meta":{"_acf_changed":false},"product_cat":[20],"product_tag":[],"class_list":{"0":"post-5177","1":"product","2":"type-product","3":"status-publish","4":"has-post-thumbnail","6":"product_cat-excursiones-cruceros","8":"first","9":"instock","10":"virtual","11":"sold-individually","12":"taxable","13":"purchasable","14":"product-type-turitop"},"acf":[],"yoast_head":"<!-- This site is optimized with the Yoast SEO plugin v27.5 - https:\/\/yoast.com\/product\/yoast-seo-wordpress\/ -->\n<title>Excursi\u00f3n a la Albufera para cruceros | Puesta de sol<\/title>\n<meta name=\"description\" content=\"Siente la magia con la excursi\u00f3n a la Albufera para cruceros desde Valencia : gu\u00eda oficial, transporte y paseo en barca incluidos. \u00a1D\u00e9jate llevar!\" \/>\n<meta name=\"robots\" content=\"noindex, follow, max-snippet:-1, max-image-preview:large, max-video-preview:-1\" \/>\n<meta property=\"og:locale\" content=\"fr_FR\" \/>\n<meta property=\"og:type\" content=\"article\" \/>\n<meta property=\"og:title\" content=\"Excursi\u00f3n a la Albufera para cruceros | Puesta de sol\" \/>\n<meta property=\"og:description\" content=\"Siente la magia con la excursi\u00f3n a la Albufera para cruceros desde Valencia : gu\u00eda oficial, transporte y paseo en barca incluidos. \u00a1D\u00e9jate llevar!\" \/>\n<meta property=\"og:url\" content=\"https:\/\/upgrade.valenciaandgo.com\/fr\/excursions-croisieres\/croisieres-dexcursion-au-parc-naturel-de-lalbufera\/\" \/>\n<meta property=\"og:site_name\" content=\"Valencia&amp;Go\" \/>\n<meta property=\"article:publisher\" content=\"https:\/\/www.facebook.com\/valenciaandgo\/\" \/>\n<meta property=\"article:modified_time\" content=\"2026-04-23T07:10:22+00:00\" \/>\n<meta property=\"og:image\" content=\"https:\/\/upgrade.valenciaandgo.com\/wp-content\/uploads\/tours-excursiones\/01-parque-natural-albufera\/parque-natural-albufera_10.webp\" \/>\n\t<meta property=\"og:image:width\" content=\"920\" \/>\n\t<meta property=\"og:image:height\" content=\"688\" \/>\n\t<meta property=\"og:image:type\" content=\"image\/webp\" \/>\n<meta name=\"twitter:card\" content=\"summary_large_image\" \/>\n<meta name=\"twitter:label1\" content=\"Dur\u00e9e de lecture estim\u00e9e\" \/>\n\t<meta name=\"twitter:data1\" content=\"4 minutes\" \/>\n<script type=\"application\/ld+json\" class=\"yoast-schema-graph\">{\"@context\":\"https:\\\/\\\/schema.org\",\"@graph\":[{\"@type\":\"WebPage\",\"@id\":\"https:\\\/\\\/upgrade.valenciaandgo.com\\\/excursiones-cruceros\\\/excursion-cruceros-al-parque-natural-de-la-albufera\\\/\",\"url\":\"https:\\\/\\\/upgrade.valenciaandgo.com\\\/excursiones-cruceros\\\/excursion-cruceros-al-parque-natural-de-la-albufera\\\/\",\"name\":\"Excursi\u00f3n a la Albufera para cruceros | Puesta de sol\",\"isPartOf\":{\"@id\":\"https:\\\/\\\/upgrade.valenciaandgo.com\\\/it\\\/#website\"},\"primaryImageOfPage\":{\"@id\":\"https:\\\/\\\/upgrade.valenciaandgo.com\\\/excursiones-cruceros\\\/excursion-cruceros-al-parque-natural-de-la-albufera\\\/#primaryimage\"},\"image\":{\"@id\":\"https:\\\/\\\/upgrade.valenciaandgo.com\\\/excursiones-cruceros\\\/excursion-cruceros-al-parque-natural-de-la-albufera\\\/#primaryimage\"},\"thumbnailUrl\":\"https:\\\/\\\/upgrade.valenciaandgo.com\\\/wp-content\\\/uploads\\\/tours-excursiones\\\/01-parque-natural-albufera\\\/parque-natural-albufera_10.webp\",\"datePublished\":\"2026-01-21T13:43:10+00:00\",\"dateModified\":\"2026-04-23T07:10:22+00:00\",\"description\":\"Siente la magia con la excursi\u00f3n a la Albufera para cruceros desde Valencia : gu\u00eda oficial, transporte y paseo en barca incluidos. \u00a1D\u00e9jate llevar!\",\"breadcrumb\":{\"@id\":\"https:\\\/\\\/upgrade.valenciaandgo.com\\\/excursiones-cruceros\\\/excursion-cruceros-al-parque-natural-de-la-albufera\\\/#breadcrumb\"},\"inLanguage\":\"fr-FR\",\"potentialAction\":[{\"@type\":\"ReadAction\",\"target\":[\"https:\\\/\\\/upgrade.valenciaandgo.com\\\/excursiones-cruceros\\\/excursion-cruceros-al-parque-natural-de-la-albufera\\\/\"]}]},{\"@type\":\"ImageObject\",\"inLanguage\":\"fr-FR\",\"@id\":\"https:\\\/\\\/upgrade.valenciaandgo.com\\\/excursiones-cruceros\\\/excursion-cruceros-al-parque-natural-de-la-albufera\\\/#primaryimage\",\"url\":\"https:\\\/\\\/upgrade.valenciaandgo.com\\\/wp-content\\\/uploads\\\/tours-excursiones\\\/01-parque-natural-albufera\\\/parque-natural-albufera_10.webp\",\"contentUrl\":\"https:\\\/\\\/upgrade.valenciaandgo.com\\\/wp-content\\\/uploads\\\/tours-excursiones\\\/01-parque-natural-albufera\\\/parque-natural-albufera_10.webp\",\"width\":920,\"height\":688},{\"@type\":\"BreadcrumbList\",\"@id\":\"https:\\\/\\\/upgrade.valenciaandgo.com\\\/excursiones-cruceros\\\/excursion-cruceros-al-parque-natural-de-la-albufera\\\/#breadcrumb\",\"itemListElement\":[{\"@type\":\"ListItem\",\"position\":1,\"name\":\"Portada\",\"item\":\"https:\\\/\\\/upgrade.valenciaandgo.com\\\/\"},{\"@type\":\"ListItem\",\"position\":2,\"name\":\"Tours\",\"item\":\"https:\\\/\\\/upgrade.valenciaandgo.com\\\/tours\\\/\"},{\"@type\":\"ListItem\",\"position\":3,\"name\":\"Excursi\u00f3n cruceros al Parque Natural de la Albufera\"}]},{\"@type\":\"WebSite\",\"@id\":\"https:\\\/\\\/upgrade.valenciaandgo.com\\\/it\\\/#website\",\"url\":\"https:\\\/\\\/upgrade.valenciaandgo.com\\\/it\\\/\",\"name\":\"Valencia&Go\",\"description\":\"Tours por Valencia y alrededores de ciudad.\",\"publisher\":{\"@id\":\"https:\\\/\\\/upgrade.valenciaandgo.com\\\/it\\\/#organization\"},\"potentialAction\":[{\"@type\":\"SearchAction\",\"target\":{\"@type\":\"EntryPoint\",\"urlTemplate\":\"https:\\\/\\\/upgrade.valenciaandgo.com\\\/it\\\/?s={search_term_string}\"},\"query-input\":{\"@type\":\"PropertyValueSpecification\",\"valueRequired\":true,\"valueName\":\"search_term_string\"}}],\"inLanguage\":\"fr-FR\"},{\"@type\":\"Organization\",\"@id\":\"https:\\\/\\\/upgrade.valenciaandgo.com\\\/it\\\/#organization\",\"name\":\"Valencia&Go\",\"url\":\"https:\\\/\\\/upgrade.valenciaandgo.com\\\/it\\\/\",\"logo\":{\"@type\":\"ImageObject\",\"inLanguage\":\"fr-FR\",\"@id\":\"https:\\\/\\\/upgrade.valenciaandgo.com\\\/it\\\/#\\\/schema\\\/logo\\\/image\\\/\",\"url\":\"https:\\\/\\\/upgrade.valenciaandgo.com\\\/wp-content\\\/uploads\\\/2025\\\/10\\\/valencia_go-svg-blnc-iso-naranja.svg\",\"contentUrl\":\"https:\\\/\\\/upgrade.valenciaandgo.com\\\/wp-content\\\/uploads\\\/2025\\\/10\\\/valencia_go-svg-blnc-iso-naranja.svg\",\"width\":434,\"height\":102,\"caption\":\"Valencia&Go\"},\"image\":{\"@id\":\"https:\\\/\\\/upgrade.valenciaandgo.com\\\/it\\\/#\\\/schema\\\/logo\\\/image\\\/\"},\"sameAs\":[\"https:\\\/\\\/www.facebook.com\\\/valenciaandgo\\\/\",\"https:\\\/\\\/www.instagram.com\\\/valenciaandgo\",\"https:\\\/\\\/www.linkedin.com\\\/company\\\/valencia-go\\\/\",\"https:\\\/\\\/www.tiktok.com\\\/@valenciaandgo\"]}]}<\/script>\n<!-- \/ Yoast SEO plugin. -->","yoast_head_json":{"title":"Excursion \u00e0 l'Albufera pour les croisi\u00e9ristes | Coucher de soleil","description":"Sentez la magie avec l'excursion \u00e0 l'Albufera pour les croisi\u00e9ristes de Valence : guide officiel, transport et excursion en bateau inclus. Laissez-vous emporter !","robots":{"index":"noindex","follow":"follow","max-snippet":"max-snippet:-1","max-image-preview":"max-image-preview:large","max-video-preview":"max-video-preview:-1"},"og_locale":"fr_FR","og_type":"article","og_title":"Excursi\u00f3n a la Albufera para cruceros | Puesta de sol","og_description":"Siente la magia con la excursi\u00f3n a la Albufera para cruceros desde Valencia : gu\u00eda oficial, transporte y paseo en barca incluidos. \u00a1D\u00e9jate llevar!","og_url":"https:\/\/upgrade.valenciaandgo.com\/fr\/excursions-croisieres\/croisieres-dexcursion-au-parc-naturel-de-lalbufera\/","og_site_name":"Valencia&amp;Go","article_publisher":"https:\/\/www.facebook.com\/valenciaandgo\/","article_modified_time":"2026-04-23T07:10:22+00:00","og_image":[{"width":920,"height":688,"url":"https:\/\/upgrade.valenciaandgo.com\/wp-content\/uploads\/tours-excursiones\/01-parque-natural-albufera\/parque-natural-albufera_10.webp","type":"image\/webp"}],"twitter_card":"summary_large_image","twitter_misc":{"Dur\u00e9e de lecture estim\u00e9e":"4 minutes"},"schema":{"@context":"https:\/\/schema.org","@graph":[{"@type":"WebPage","@id":"https:\/\/upgrade.valenciaandgo.com\/excursiones-cruceros\/excursion-cruceros-al-parque-natural-de-la-albufera\/","url":"https:\/\/upgrade.valenciaandgo.com\/excursiones-cruceros\/excursion-cruceros-al-parque-natural-de-la-albufera\/","name":"Excursion \u00e0 l'Albufera pour les croisi\u00e9ristes | Coucher de soleil","isPartOf":{"@id":"https:\/\/upgrade.valenciaandgo.com\/it\/#website"},"primaryImageOfPage":{"@id":"https:\/\/upgrade.valenciaandgo.com\/excursiones-cruceros\/excursion-cruceros-al-parque-natural-de-la-albufera\/#primaryimage"},"image":{"@id":"https:\/\/upgrade.valenciaandgo.com\/excursiones-cruceros\/excursion-cruceros-al-parque-natural-de-la-albufera\/#primaryimage"},"thumbnailUrl":"https:\/\/upgrade.valenciaandgo.com\/wp-content\/uploads\/tours-excursiones\/01-parque-natural-albufera\/parque-natural-albufera_10.webp","datePublished":"2026-01-21T13:43:10+00:00","dateModified":"2026-04-23T07:10:22+00:00","description":"Sentez la magie avec l'excursion \u00e0 l'Albufera pour les croisi\u00e9ristes de Valence : guide officiel, transport et excursion en bateau inclus. Laissez-vous emporter !","breadcrumb":{"@id":"https:\/\/upgrade.valenciaandgo.com\/excursiones-cruceros\/excursion-cruceros-al-parque-natural-de-la-albufera\/#breadcrumb"},"inLanguage":"fr-FR","potentialAction":[{"@type":"ReadAction","target":["https:\/\/upgrade.valenciaandgo.com\/excursiones-cruceros\/excursion-cruceros-al-parque-natural-de-la-albufera\/"]}]},{"@type":"ImageObject","inLanguage":"fr-FR","@id":"https:\/\/upgrade.valenciaandgo.com\/excursiones-cruceros\/excursion-cruceros-al-parque-natural-de-la-albufera\/#primaryimage","url":"https:\/\/upgrade.valenciaandgo.com\/wp-content\/uploads\/tours-excursiones\/01-parque-natural-albufera\/parque-natural-albufera_10.webp","contentUrl":"https:\/\/upgrade.valenciaandgo.com\/wp-content\/uploads\/tours-excursiones\/01-parque-natural-albufera\/parque-natural-albufera_10.webp","width":920,"height":688},{"@type":"BreadcrumbList","@id":"https:\/\/upgrade.valenciaandgo.com\/excursiones-cruceros\/excursion-cruceros-al-parque-natural-de-la-albufera\/#breadcrumb","itemListElement":[{"@type":"ListItem","position":1,"name":"Portada","item":"https:\/\/upgrade.valenciaandgo.com\/"},{"@type":"ListItem","position":2,"name":"Tours","item":"https:\/\/upgrade.valenciaandgo.com\/tours\/"},{"@type":"ListItem","position":3,"name":"Excursi\u00f3n cruceros al Parque Natural de la Albufera"}]},{"@type":"WebSite","@id":"https:\/\/upgrade.valenciaandgo.com\/it\/#website","url":"https:\/\/upgrade.valenciaandgo.com\/it\/","name":"Valencia&amp;Go","description":"Visites de Valence et de ses environs.","publisher":{"@id":"https:\/\/upgrade.valenciaandgo.com\/it\/#organization"},"potentialAction":[{"@type":"SearchAction","target":{"@type":"EntryPoint","urlTemplate":"https:\/\/upgrade.valenciaandgo.com\/it\/?s={search_term_string}"},"query-input":{"@type":"PropertyValueSpecification","valueRequired":true,"valueName":"search_term_string"}}],"inLanguage":"fr-FR"},{"@type":"Organization","@id":"https:\/\/upgrade.valenciaandgo.com\/it\/#organization","name":"Valencia&amp;Go","url":"https:\/\/upgrade.valenciaandgo.com\/it\/","logo":{"@type":"ImageObject","inLanguage":"fr-FR","@id":"https:\/\/upgrade.valenciaandgo.com\/it\/#\/schema\/logo\/image\/","url":"https:\/\/upgrade.valenciaandgo.com\/wp-content\/uploads\/2025\/10\/valencia_go-svg-blnc-iso-naranja.svg","contentUrl":"https:\/\/upgrade.valenciaandgo.com\/wp-content\/uploads\/2025\/10\/valencia_go-svg-blnc-iso-naranja.svg","width":434,"height":102,"caption":"Valencia&Go"},"image":{"@id":"https:\/\/upgrade.valenciaandgo.com\/it\/#\/schema\/logo\/image\/"},"sameAs":["https:\/\/www.facebook.com\/valenciaandgo\/","https:\/\/www.instagram.com\/valenciaandgo","https:\/\/www.linkedin.com\/company\/valencia-go\/","https:\/\/www.tiktok.com\/@valenciaandgo"]}]}},"_links":{"self":[{"href":"https:\/\/upgrade.valenciaandgo.com\/fr\/wp-json\/wp\/v2\/product\/5177","targetHints":{"allow":["GET"]}}],"collection":[{"href":"https:\/\/upgrade.valenciaandgo.com\/fr\/wp-json\/wp\/v2\/product"}],"about":[{"href":"https:\/\/upgrade.valenciaandgo.com\/fr\/wp-json\/wp\/v2\/types\/product"}],"version-history":[{"count":0,"href":"https:\/\/upgrade.valenciaandgo.com\/fr\/wp-json\/wp\/v2\/product\/5177\/revisions"}],"wp:featuredmedia":[{"embeddable":true,"href":"https:\/\/upgrade.valenciaandgo.com\/fr\/wp-json\/wp\/v2\/media\/5547"}],"wp:attachment":[{"href":"https:\/\/upgrade.valenciaandgo.com\/fr\/wp-json\/wp\/v2\/media?parent=5177"}],"wp:term":[{"taxonomy":"product_cat","embeddable":true,"href":"https:\/\/upgrade.valenciaandgo.com\/fr\/wp-json\/wp\/v2\/product_cat?post=5177"},{"taxonomy":"product_tag","embeddable":true,"href":"https:\/\/upgrade.valenciaandgo.com\/fr\/wp-json\/wp\/v2\/product_tag?post=5177"}],"curies":[{"name":"wp","href":"https:\/\/api.w.org\/{rel}","templated":true}]}}