{"id":5013,"date":"2026-01-16T06:11:20","date_gmt":"2026-01-16T06:11:20","guid":{"rendered":"https:\/\/new.valenciaandgo.com\/?post_type=product&#038;p=5013"},"modified":"2026-04-23T07:11:47","modified_gmt":"2026-04-23T07:11:47","slug":"excursion-sur-lile-de-tabarca","status":"publish","type":"product","link":"https:\/\/upgrade.valenciaandgo.com\/fr\/excursiones\/excursion-a-la-isla-de-tabarca\/","title":{"rendered":"Excursion \u00e0 l'\u00eele de Tabarca"},"content":{"rendered":"<div data-elementor-type=\"wp-post\" data-elementor-id=\"5013\" class=\"elementor elementor-5013\" data-elementor-post-type=\"product\">\n\t\t\t\t<div class=\"elementor-element elementor-element-2c40c31b e-flex e-con-boxed e-con e-parent\" data-id=\"2c40c31b\" data-element_type=\"container\" data-e-type=\"container\" data-settings=\"{&quot;background_background&quot;:&quot;classic&quot;}\">\n\t\t\t\t\t<div class=\"e-con-inner\">\n\t\t\t\t<div class=\"elementor-element elementor-element-668355c4 elementor-widget elementor-widget-text-editor\" data-id=\"668355c4\" data-element_type=\"widget\" data-e-type=\"widget\" data-widget_type=\"text-editor.default\">\n\t\t\t\t\t\t\t\t\t<p class=\" translation-block\">D\u00e9couvrez l'un des <strong>paysages les plus m\u00e9diterran\u00e9ens<\/strong> de la <strong>Communaut\u00e9 valencienne<\/strong> et profitez d'une journ\u00e9e unique.<\/p>\t\t\t\t\t\t\t\t<\/div>\n\t\t\t\t<div class=\"elementor-element elementor-element-1843fae1 elementor-widget elementor-widget-heading\" data-id=\"1843fae1\" data-element_type=\"widget\" data-e-type=\"widget\" data-widget_type=\"heading.default\">\n\t\t\t\t\t<h3 class=\"elementor-heading-title elementor-size-default\">Points forts<\/h3>\t\t\t\t<\/div>\n\t\t\t\t<div class=\"elementor-element elementor-element-6ef9449a elementor-align-start elementor-icon-list--layout-traditional elementor-list-item-link-full_width elementor-widget elementor-widget-icon-list\" data-id=\"6ef9449a\" data-element_type=\"widget\" data-e-type=\"widget\" data-widget_type=\"icon-list.default\">\n\t\t\t\t\t\t\t<ul class=\"elementor-icon-list-items\">\n\t\t\t\t\t\t\t<li class=\"elementor-icon-list-item\">\n\t\t\t\t\t\t\t\t\t\t\t<span class=\"elementor-icon-list-icon\">\n\t\t\t\t\t\t\t<svg aria-hidden=\"true\" class=\"e-font-icon-svg e-far-arrow-alt-circle-right\" viewbox=\"0 0 512 512\" xmlns=\"http:\/\/www.w3.org\/2000\/svg\"><path d=\"M504 256C504 119 393 8 256 8S8 119 8 256s111 248 248 248 248-111 248-248zm-448 0c0-110.5 89.5-200 200-200s200 89.5 200 200-89.5 200-200 200S56 366.5 56 256zm72 20v-40c0-6.6 5.4-12 12-12h116v-67c0-10.7 12.9-16 20.5-8.5l99 99c4.7 4.7 4.7 12.3 0 17l-99 99c-7.6 7.6-20.5 2.2-20.5-8.5v-67H140c-6.6 0-12-5.4-12-12z\"><\/path><\/svg>\t\t\t\t\t\t<\/span>\n\t\t\t\t\t\t\t\t\t\t<span class=\"elementor-icon-list-text\">D\u00e9couvrez Tabarca, la plus grande \u00eele de la Communaut\u00e9 valencienne<\/span>\n\t\t\t\t\t\t\t\t\t<\/li>\n\t\t\t\t\t\t\t\t<li class=\"elementor-icon-list-item\">\n\t\t\t\t\t\t\t\t\t\t\t<span class=\"elementor-icon-list-icon\">\n\t\t\t\t\t\t\t<svg aria-hidden=\"true\" class=\"e-font-icon-svg e-far-arrow-alt-circle-right\" viewbox=\"0 0 512 512\" xmlns=\"http:\/\/www.w3.org\/2000\/svg\"><path d=\"M504 256C504 119 393 8 256 8S8 119 8 256s111 248 248 248 248-111 248-248zm-448 0c0-110.5 89.5-200 200-200s200 89.5 200 200-89.5 200-200 200S56 366.5 56 256zm72 20v-40c0-6.6 5.4-12 12-12h116v-67c0-10.7 12.9-16 20.5-8.5l99 99c4.7 4.7 4.7 12.3 0 17l-99 99c-7.6 7.6-20.5 2.2-20.5-8.5v-67H140c-6.6 0-12-5.4-12-12z\"><\/path><\/svg>\t\t\t\t\t\t<\/span>\n\t\t\t\t\t\t\t\t\t\t<span class=\"elementor-icon-list-text\">Plages, ville fortifi\u00e9e, plong\u00e9e en apn\u00e9e et beaucoup d'histoire<\/span>\n\t\t\t\t\t\t\t\t\t<\/li>\n\t\t\t\t\t\t\t\t<li class=\"elementor-icon-list-item\">\n\t\t\t\t\t\t\t\t\t\t\t<span class=\"elementor-icon-list-icon\">\n\t\t\t\t\t\t\t<svg aria-hidden=\"true\" class=\"e-font-icon-svg e-far-arrow-alt-circle-right\" viewbox=\"0 0 512 512\" xmlns=\"http:\/\/www.w3.org\/2000\/svg\"><path d=\"M504 256C504 119 393 8 256 8S8 119 8 256s111 248 248 248 248-111 248-248zm-448 0c0-110.5 89.5-200 200-200s200 89.5 200 200-89.5 200-200 200S56 366.5 56 256zm72 20v-40c0-6.6 5.4-12 12-12h116v-67c0-10.7 12.9-16 20.5-8.5l99 99c4.7 4.7 4.7 12.3 0 17l-99 99c-7.6 7.6-20.5 2.2-20.5-8.5v-67H140c-6.6 0-12-5.4-12-12z\"><\/path><\/svg>\t\t\t\t\t\t<\/span>\n\t\t\t\t\t\t\t\t\t\t<span class=\"elementor-icon-list-text\">Profitez d'un festin gastronomique dans les restaurants et les bars locaux.<\/span>\n\t\t\t\t\t\t\t\t\t<\/li>\n\t\t\t\t\t\t<\/ul>\n\t\t\t\t\t\t<\/div>\n\t\t\t\t<div class=\"elementor-element elementor-element-6c467f7a elementor-widget-divider--view-line elementor-widget elementor-widget-divider\" data-id=\"6c467f7a\" data-element_type=\"widget\" data-e-type=\"widget\" data-widget_type=\"divider.default\">\n\t\t\t\t\t\t\t<div class=\"elementor-divider\">\n\t\t\t<span class=\"elementor-divider-separator\">\n\t\t\t\t\t\t<\/span>\n\t\t<\/div>\n\t\t\t\t\t\t<\/div>\n\t\t\t\t<div class=\"elementor-element elementor-element-3752b585 elementor-widget elementor-widget-heading\" data-id=\"3752b585\" data-element_type=\"widget\" data-e-type=\"widget\" data-widget_type=\"heading.default\">\n\t\t\t\t\t<h3 class=\"elementor-heading-title elementor-size-default\">Description<\/h3>\t\t\t\t<\/div>\n\t\t\t\t<div class=\"elementor-element elementor-element-c6ec27c elementor-widget elementor-widget-heading\" data-id=\"c6ec27c\" data-element_type=\"widget\" data-e-type=\"widget\" data-widget_type=\"heading.default\">\n\t\t\t\t\t<h4 class=\"elementor-heading-title elementor-size-default\">Vous souhaitez d\u00e9couvrir l'oasis d'Alicante : l'\u00eele de Tabarca ?<\/h4>\t\t\t\t<\/div>\n\t\t\t\t<div class=\"elementor-element elementor-element-33187813 elementor-widget elementor-widget-text-editor\" data-id=\"33187813\" data-element_type=\"widget\" data-e-type=\"widget\" data-widget_type=\"text-editor.default\">\n\t\t\t\t\t\t\t\t\t<p class=\" translation-block\">L'\u00eele de Tabarca, la plus grande \u00eele de la Communaut\u00e9 de Valence et la seule \u00eele habit\u00e9e, est un authentique paradis m\u00e9diterran\u00e9en qui vous s\u00e9duira par son charme, son histoire et sa beaut\u00e9 naturelle. Bien qu'elle ne compte que 50 habitants, ce joyau de la M\u00e9diterran\u00e9e offre des exp\u00e9riences inoubliables \u00e0 tous les types de voyageurs.<\/p>\t\t\t\t\t\t\t\t<\/div>\n\t\t\t\t<div class=\"elementor-element elementor-element-3323bdd elementor-widget elementor-widget-heading\" data-id=\"3323bdd\" data-element_type=\"widget\" data-e-type=\"widget\" data-widget_type=\"heading.default\">\n\t\t\t\t\t<h4 class=\"elementor-heading-title elementor-size-default\">Que faire sur l'\u00eele de Tabarca ?<\/h4>\t\t\t\t<\/div>\n\t\t\t\t<div class=\"elementor-element elementor-element-f01e0c7 elementor-widget elementor-widget-text-editor\" data-id=\"f01e0c7\" data-element_type=\"widget\" data-e-type=\"widget\" data-widget_type=\"text-editor.default\">\n\t\t\t\t\t\t\t\t\t<ol><li class=\" translation-block\"><strong>Explorer la charmante ville fortifi\u00e9e<\/strong><br>Entrez dans la <strong>vieille ville<\/strong> de l'\u00eele de Tabarca, une <strong>enceinte fortifi\u00e9e<\/strong> au riche <strong>patrimoine culturel<\/strong>.&lt;\/Fl\u00e2nez dans ses rues color\u00e9es \u00e0 l&#039;architecture m\u00e9diterran\u00e9enne, o\u00f9 vous trouverez des joyaux comme l&#039;\u00e9glise de San Pedro et San Pablo, id\u00e9ale pour les amateurs de photographie et d&#039;histoire.<\/li><li class=\" translation-block\"><strong>D\u00e9tente sur des plages et des criques de r\u00eave<\/strong><br>L'\u00eele dispose d'une <strong>plage centrale de sable<\/strong> id\u00e9ale pour bronzer et profiter de la mer. Mais si vous recherchez <strong>la tranquillit\u00e9 et des paysages uniques,<\/strong> partez \u00e0 la d\u00e9couverte des <strong>petites criques<\/strong> aux eaux cristallines qui entourent l'\u00eele. Leur beaut\u00e9 est parfaite pour se d\u00e9connecter et vivre l'essence de la M\u00e9diterran\u00e9e.<\/li><li class=\" translation-block\"><strong>Tuba dans sa r\u00e9serve marine<\/strong><br>L'\u00eele de Tabarca est une <strong>r\u00e9serve marine prot\u00e9g\u00e9e<\/strong> qui abrite une incroyable <strong>biodiversit\u00e9 sous-marine<\/strong>. \u00c9quip\u00e9 de lunettes et d'un tuba, vous d\u00e9couvrirez un monde fascinant de poissons et de plantes marines qui font de cet endroit un <strong>paradis pour les amoureux de la mer<\/strong>.<\/li><\/ol>\t\t\t\t\t\t\t\t<\/div>\n\t\t\t\t<div class=\"elementor-element elementor-element-2b513cd2 elementor-widget elementor-widget-heading\" data-id=\"2b513cd2\" data-element_type=\"widget\" data-e-type=\"widget\" data-widget_type=\"heading.default\">\n\t\t\t\t\t<h4 class=\"elementor-heading-title elementor-size-default\">Patrimoine et culture : les lieux \u00e0 ne pas manquer<\/h4>\t\t\t\t<\/div>\n\t\t\t\t<div class=\"elementor-element elementor-element-d76e664 elementor-widget elementor-widget-text-editor\" data-id=\"d76e664\" data-element_type=\"widget\" data-e-type=\"widget\" data-widget_type=\"text-editor.default\">\n\t\t\t\t\t\t\t\t\t<ul><li class=\" translation-block\"><strong>Le mus\u00e9e Nueva Tabarca<\/strong><br>Une visite indispensable pour comprendre l'histoire de l'\u00eele. L'entr\u00e9e est gratuite, et \u00e0 l'int\u00e9rieur vous pourrez admirer diverses pi\u00e8ces arch\u00e9ologiques qui racontent le pass\u00e9 de Tabarca.<\/li><li class=\" translation-block\"><strong>Le phare de Tabarca<\/strong><br>Ce phare embl\u00e9matique est un symbole de l'\u00eele et un endroit parfait pour profiter de vues spectaculaires.<\/li><li class=\" translation-block\"><strong>La porte Trancada<\/strong><br>Aussi connue sous le nom de porte de San Gabriel, elle est l'une des anciennes entr\u00e9es de l'enceinte fortifi\u00e9e. Son imposante pr\u00e9sence vous fera remonter le temps.<\/li><\/ul>\t\t\t\t\t\t\t\t<\/div>\n\t\t\t\t<div class=\"elementor-element elementor-element-bc1d15d elementor-widget elementor-widget-heading\" data-id=\"bc1d15d\" data-element_type=\"widget\" data-e-type=\"widget\" data-widget_type=\"heading.default\">\n\t\t\t\t\t<h4 class=\"elementor-heading-title elementor-size-default\">Gastronomie sur l'\u00eele de Tabarca : un festin m\u00e9diterran\u00e9en<\/h4>\t\t\t\t<\/div>\n\t\t\t\t<div class=\"elementor-element elementor-element-184d42c elementor-widget elementor-widget-text-editor\" data-id=\"184d42c\" data-element_type=\"widget\" data-e-type=\"widget\" data-widget_type=\"text-editor.default\">\n\t\t\t\t\t\t\t\t\t<ul><li>La gastronomie de Tabarca est un autre de ses grands attraits. Dans les restaurants locaux, vous pourrez d\u00e9guster des sp\u00e9cialit\u00e9s telles que :<\/li><li>Paellas traditionnelles.<\/li><li>Poisson frais grill\u00e9.<\/li><li>D'autres d\u00e9lices \u00e0 base de fruits de mer qui allient saveurs authentiques et fra\u00eecheur.<\/li><\/ul><p>Vous ne pouvez pas quitter l'\u00eele sans avoir go\u00fbt\u00e9 \u00e0 certains de ces plats, qui refl\u00e8tent l'essence culinaire de la r\u00e9gion.<\/p>\t\t\t\t\t\t\t\t<\/div>\n\t\t\t\t<div class=\"elementor-element elementor-element-7582837 elementor-widget elementor-widget-heading\" data-id=\"7582837\" data-element_type=\"widget\" data-e-type=\"widget\" data-widget_type=\"heading.default\">\n\t\t\t\t\t<h4 class=\"elementor-heading-title elementor-size-default\">Itin\u00e9raire de retour :<\/h4>\t\t\t\t<\/div>\n\t\t\t\t<div class=\"elementor-element elementor-element-c14f21d elementor-widget elementor-widget-text-editor\" data-id=\"c14f21d\" data-element_type=\"widget\" data-e-type=\"widget\" data-widget_type=\"text-editor.default\">\n\t\t\t\t\t\t\t\t\t<p>Votre aventure s'ach\u00e8ve.<\/p><p>Apr\u00e8s avoir profit\u00e9 de tout ce que l'\u00eele de Tabarca a \u00e0 offrir, il est temps de rentrer. \u00c0 16h00, le ferry mettra le cap sur le port de Santa Pola, o\u00f9 vous arriverez vers 16h25. Une fois \u00e0 terre, nous mettrons le cap sur Valence, avec une heure d'arriv\u00e9e estim\u00e9e \u00e0 19h00.<\/p><p>La visite de l'\u00eele de Tabarca est plus qu'une simple excursion, c'est une exp\u00e9rience inoubliable au c\u0153ur de la M\u00e9diterran\u00e9e. Laissez-vous s\u00e9duire par cette oasis d'Alicante pleine d'histoire, de beaut\u00e9 naturelle et de d\u00e9licieuse gastronomie !<\/p>\t\t\t\t\t\t\t\t<\/div>\n\t\t\t\t<div class=\"elementor-element elementor-element-42a9c101 elementor-widget-divider--view-line elementor-widget elementor-widget-divider\" data-id=\"42a9c101\" data-element_type=\"widget\" data-e-type=\"widget\" data-widget_type=\"divider.default\">\n\t\t\t\t\t\t\t<div class=\"elementor-divider\">\n\t\t\t<span class=\"elementor-divider-separator\">\n\t\t\t\t\t\t<\/span>\n\t\t<\/div>\n\t\t\t\t\t\t<\/div>\n\t\t\t\t<div class=\"elementor-element elementor-element-543bc871 elementor-widget elementor-widget-heading\" data-id=\"543bc871\" data-element_type=\"widget\" data-e-type=\"widget\" data-widget_type=\"heading.default\">\n\t\t\t\t\t<h3 class=\"elementor-heading-title elementor-size-default\">Informations importantes<\/h3>\t\t\t\t<\/div>\n\t\t\t\t<div class=\"elementor-element elementor-element-c1e3efe elementor-widget elementor-widget-heading\" data-id=\"c1e3efe\" data-element_type=\"widget\" data-e-type=\"widget\" data-widget_type=\"heading.default\">\n\t\t\t\t\t<h4 class=\"elementor-heading-title elementor-size-default\">Heure de prise en charge :<\/h4>\t\t\t\t<\/div>\n\t\t\t\t<div class=\"elementor-element elementor-element-2cc861b3 elementor-widget elementor-widget-text-editor\" data-id=\"2cc861b3\" data-element_type=\"widget\" data-e-type=\"widget\" data-widget_type=\"text-editor.default\">\n\t\t\t\t\t\t\t\t\t<p>7:30h. Il peut y avoir des changements dans une fourchette de 30 minutes en fonction des ramassages. Nous vous en informerons \u00e0 temps<\/p>\t\t\t\t\t\t\t\t<\/div>\n\t\t\t\t<div class=\"elementor-element elementor-element-30afc409 elementor-widget elementor-widget-text-editor\" data-id=\"30afc409\" data-element_type=\"widget\" data-e-type=\"widget\" data-widget_type=\"text-editor.default\">\n\t\t\t\t\t\t\t\t\t<p>Les enfants de moins de 7 ans doivent voyager dans des si\u00e8ges pour enfants (en fonction de leur taille, jusqu'\u00e0 135 cm). Lors de la r\u00e9servation, veuillez indiquer l'\u00e2ge et la taille de l'enfant.<\/p>\t\t\t\t\t\t\t\t<\/div>\n\t\t\t\t<div class=\"elementor-element elementor-element-0d792ed elementor-widget elementor-widget-heading\" data-id=\"0d792ed\" data-element_type=\"widget\" data-e-type=\"widget\" data-widget_type=\"heading.default\">\n\t\t\t\t\t<h4 class=\"elementor-heading-title elementor-size-default\">Possibilit\u00e9 d'heures suppl\u00e9mentaires :<\/h4>\t\t\t\t<\/div>\n\t\t\t\t<div class=\"elementor-element elementor-element-4c0c7f0 elementor-widget elementor-widget-text-editor\" data-id=\"4c0c7f0\" data-element_type=\"widget\" data-e-type=\"widget\" data-widget_type=\"text-editor.default\">\n\t\t\t\t\t\t\t\t\t<p>Il est possible de prolonger votre s\u00e9jour sur l'\u00eele de Tabarca de quelques heures ou m\u00eame de passer la nuit dans l'un de ses h\u00f4tels.<\/p><p>Si vous \u00eates int\u00e9ress\u00e9, veuillez nous contacter par WhatsApp ou dans la bo\u00eete de demande d'informations et nous nous ferons un plaisir d'organiser tous les d\u00e9tails de la visite.<\/p>\t\t\t\t\t\t\t\t<\/div>\n\t\t\t\t<div class=\"elementor-element elementor-element-5bb1e39a elementor-widget-divider--view-line elementor-widget elementor-widget-divider\" data-id=\"5bb1e39a\" data-element_type=\"widget\" data-e-type=\"widget\" data-widget_type=\"divider.default\">\n\t\t\t\t\t\t\t<div class=\"elementor-divider\">\n\t\t\t<span class=\"elementor-divider-separator\">\n\t\t\t\t\t\t<\/span>\n\t\t<\/div>\n\t\t\t\t\t\t<\/div>\n\t\t\t\t<div class=\"elementor-element elementor-element-7637d1fb elementor-widget elementor-widget-heading\" data-id=\"7637d1fb\" data-element_type=\"widget\" data-e-type=\"widget\" data-widget_type=\"heading.default\">\n\t\t\t\t\t<h3 class=\"elementor-heading-title elementor-size-default\">Point de rencontre<\/h3>\t\t\t\t<\/div>\n\t\t\t\t<div class=\"elementor-element elementor-element-5b4ff6c elementor-widget elementor-widget-text-editor\" data-id=\"5b4ff6c\" data-element_type=\"widget\" data-e-type=\"widget\" data-widget_type=\"text-editor.default\">\n\t\t\t\t\t\t\t\t\t<p><strong>CHOISISSEZ VOTRE POINT DE COLLECTE<\/strong><\/p><p>- NH Valencia (\u00e0 l'entr\u00e9e de l'h\u00f4tel)<\/p><p>- Tours Serranos (\u00e0 l'entr\u00e9e pour monter les escaliers menant aux tours)<\/p><p>- Av. del Profesor L\u00f3pez Pi\u00f1ero 14 (devant la Ciudad de la Justicia)<\/p>\t\t\t\t\t\t\t\t<\/div>\n\t\t\t\t<div class=\"elementor-element elementor-element-73424ba0 elementor-widget-divider--view-line elementor-widget elementor-widget-divider\" data-id=\"73424ba0\" data-element_type=\"widget\" data-e-type=\"widget\" data-widget_type=\"divider.default\">\n\t\t\t\t\t\t\t<div class=\"elementor-divider\">\n\t\t\t<span class=\"elementor-divider-separator\">\n\t\t\t\t\t\t<\/span>\n\t\t<\/div>\n\t\t\t\t\t\t<\/div>\n\t\t\t\t<div class=\"elementor-element elementor-element-6aba8b96 elementor-widget elementor-widget-heading\" data-id=\"6aba8b96\" data-element_type=\"widget\" data-e-type=\"widget\" data-widget_type=\"heading.default\">\n\t\t\t\t\t<h3 class=\"elementor-heading-title elementor-size-default\">Questions fr\u00e9quentes<\/h3>\t\t\t\t<\/div>\n\t\t<div class=\"elementor-element elementor-element-f4704d0 e-con-full e-flex e-con e-child\" data-id=\"f4704d0\" data-element_type=\"container\" data-e-type=\"container\" data-settings=\"{&quot;background_background&quot;:&quot;classic&quot;}\">\n\t\t\t\t<div class=\"elementor-element elementor-element-9133c5c faq-desplegable elementor-widget elementor-widget-n-accordion\" data-id=\"9133c5c\" data-element_type=\"widget\" data-e-type=\"widget\" data-settings=\"{&quot;default_state&quot;:&quot;all_collapsed&quot;,&quot;max_items_expended&quot;:&quot;one&quot;,&quot;n_accordion_animation_duration&quot;:{&quot;unit&quot;:&quot;ms&quot;,&quot;size&quot;:400,&quot;sizes&quot;:[]}}\" data-widget_type=\"nested-accordion.default\">\n\t\t\t\t\t\t\t<div class=\"e-n-accordion\" aria-label=\"Accord\u00e9on. Ouvrez les liens avec Enter ou Space, fermez-les avec Escape et naviguez avec les touches fl\u00e9ch\u00e9es.\">\n\t\t\t\t\t\t<details id=\"e-n-accordion-item-1520\" class=\"e-n-accordion-item\" >\n\t\t\t\t<summary class=\"e-n-accordion-item-title\" data-accordion-index=\"1\" tabindex=\"0\" aria-expanded=\"false\" aria-controls=\"e-n-accordion-item-1520\" >\n\t\t\t\t\t<span class='e-n-accordion-item-title-header'><div class=\"e-n-accordion-item-title-text\"> Comment reconna\u00eetre le bus\/guide ? <\/div><\/span>\n\t\t\t\t\t\t\t<span class='e-n-accordion-item-title-icon'>\n\t\t\t<span class='e-opened' ><svg aria-hidden=\"true\" class=\"e-font-icon-svg e-fas-minus\" viewbox=\"0 0 448 512\" xmlns=\"http:\/\/www.w3.org\/2000\/svg\"><path d=\"M416 208H32c-17.67 0-32 14.33-32 32v32c0 17.67 14.33 32 32 32h384c17.67 0 32-14.33 32-32v-32c0-17.67-14.33-32-32-32z\"><\/path><\/svg><\/span>\n\t\t\t<span class='e-closed'><svg aria-hidden=\"true\" class=\"e-font-icon-svg e-fas-plus\" viewbox=\"0 0 448 512\" xmlns=\"http:\/\/www.w3.org\/2000\/svg\"><path d=\"M416 208H272V64c0-17.67-14.33-32-32-32h-32c-17.67 0-32 14.33-32 32v144H32c-17.67 0-32 14.33-32 32v32c0 17.67 14.33 32 32 32h144v144c0 17.67 14.33 32 32 32h32c17.67 0 32-14.33 32-32V304h144c17.67 0 32-14.33 32-32v-32c0-17.67-14.33-32-32-32z\"><\/path><\/svg><\/span>\n\t\t<\/span>\n\n\t\t\t\t\t\t<\/summary>\n\t\t\t\t<div role=\"region\" aria-labelledby=\"e-n-accordion-item-1520\" class=\"elementor-element elementor-element-a62cd61 e-con-full e-flex e-con e-child\" data-id=\"a62cd61\" data-element_type=\"container\" data-e-type=\"container\">\n\t\t<div role=\"region\" aria-labelledby=\"e-n-accordion-item-1520\" class=\"elementor-element elementor-element-72eadc3 e-flex e-con-boxed e-con e-child\" data-id=\"72eadc3\" data-element_type=\"container\" data-e-type=\"container\">\n\t\t\t\t\t<div class=\"e-con-inner\">\n\t\t\t\t<div class=\"elementor-element elementor-element-e55ed5b elementor-widget elementor-widget-text-editor\" data-id=\"e55ed5b\" data-element_type=\"widget\" data-e-type=\"widget\" data-widget_type=\"text-editor.default\">\n\t\t\t\t\t\t\t\t\t<p data-renderer-start-pos=\"836\">Vous pourrez trouver le guide au point de rencontre avec l'accr\u00e9ditation officielle du guide. Vous pouvez demander Valencia&amp;Go et, au cas o\u00f9 vous ne le trouveriez pas, vous pouvez nous contacter directement par whatsapp pour vous donner des indications pr\u00e9cises.<\/p><ul class=\"ak-ul\" data-indent-level=\"1\"><li><p data-renderer-start-pos=\"1098\">H\u00f4tel NH : le bus s'arr\u00eate \u00e0 la porte de l'h\u00f4tel<\/p><\/li><li><p data-renderer-start-pos=\"1146\">Tours Serranos : attendre sur l'escalier menant aux tours<\/p><\/li><li><p data-renderer-start-pos=\"1214\">Cit\u00e9 de la Justice : arr\u00eat de bus rouge devant le b\u00e2timent<\/p><\/li><\/ul>\t\t\t\t\t\t\t\t<\/div>\n\t\t\t\t\t<\/div>\n\t\t\t\t<\/div>\n\t\t\t\t<\/div>\n\t\t\t\t\t<\/details>\n\t\t\t\t\t\t<details id=\"e-n-accordion-item-1521\" class=\"e-n-accordion-item\" >\n\t\t\t\t<summary class=\"e-n-accordion-item-title\" data-accordion-index=\"2\" tabindex=\"-1\" aria-expanded=\"false\" aria-controls=\"e-n-accordion-item-1521\" >\n\t\t\t\t\t<span class='e-n-accordion-item-title-header'><div class=\"e-n-accordion-item-title-text\"> Puis-je emporter des bagages ou un landau dans le bus ? <\/div><\/span>\n\t\t\t\t\t\t\t<span class='e-n-accordion-item-title-icon'>\n\t\t\t<span class='e-opened' ><svg aria-hidden=\"true\" class=\"e-font-icon-svg e-fas-minus\" viewbox=\"0 0 448 512\" xmlns=\"http:\/\/www.w3.org\/2000\/svg\"><path d=\"M416 208H32c-17.67 0-32 14.33-32 32v32c0 17.67 14.33 32 32 32h384c17.67 0 32-14.33 32-32v-32c0-17.67-14.33-32-32-32z\"><\/path><\/svg><\/span>\n\t\t\t<span class='e-closed'><svg aria-hidden=\"true\" class=\"e-font-icon-svg e-fas-plus\" viewbox=\"0 0 448 512\" xmlns=\"http:\/\/www.w3.org\/2000\/svg\"><path d=\"M416 208H272V64c0-17.67-14.33-32-32-32h-32c-17.67 0-32 14.33-32 32v144H32c-17.67 0-32 14.33-32 32v32c0 17.67 14.33 32 32 32h144v144c0 17.67 14.33 32 32 32h32c17.67 0 32-14.33 32-32V304h144c17.67 0 32-14.33 32-32v-32c0-17.67-14.33-32-32-32z\"><\/path><\/svg><\/span>\n\t\t<\/span>\n\n\t\t\t\t\t\t<\/summary>\n\t\t\t\t<div role=\"region\" aria-labelledby=\"e-n-accordion-item-1521\" class=\"elementor-element elementor-element-a00948e e-flex e-con-boxed e-con e-child\" data-id=\"a00948e\" data-element_type=\"container\" data-e-type=\"container\">\n\t\t\t\t\t<div class=\"e-con-inner\">\n\t\t\t\t<div class=\"elementor-element elementor-element-667f8f1 elementor-widget elementor-widget-text-editor\" data-id=\"667f8f1\" data-element_type=\"widget\" data-e-type=\"widget\" data-widget_type=\"text-editor.default\">\n\t\t\t\t\t\t\t\t\t<p>Oui, \u00e0 condition qu'il s'agisse d'une valise cabine ou d'un petit sac \u00e0 dos\/voiture pliable. Veuillez nous en informer afin de garantir une place dans le bus.<\/p>\t\t\t\t\t\t\t\t<\/div>\n\t\t\t\t\t<\/div>\n\t\t\t\t<\/div>\n\t\t\t\t\t<\/details>\n\t\t\t\t\t\t<details id=\"e-n-accordion-item-1522\" class=\"e-n-accordion-item\" >\n\t\t\t\t<summary class=\"e-n-accordion-item-title\" data-accordion-index=\"3\" tabindex=\"-1\" aria-expanded=\"false\" aria-controls=\"e-n-accordion-item-1522\" >\n\t\t\t\t\t<span class='e-n-accordion-item-title-header'><div class=\"e-n-accordion-item-title-text\"> Politique d\u2019annulation <\/div><\/span>\n\t\t\t\t\t\t\t<span class='e-n-accordion-item-title-icon'>\n\t\t\t<span class='e-opened' ><svg aria-hidden=\"true\" class=\"e-font-icon-svg e-fas-minus\" viewbox=\"0 0 448 512\" xmlns=\"http:\/\/www.w3.org\/2000\/svg\"><path d=\"M416 208H32c-17.67 0-32 14.33-32 32v32c0 17.67 14.33 32 32 32h384c17.67 0 32-14.33 32-32v-32c0-17.67-14.33-32-32-32z\"><\/path><\/svg><\/span>\n\t\t\t<span class='e-closed'><svg aria-hidden=\"true\" class=\"e-font-icon-svg e-fas-plus\" viewbox=\"0 0 448 512\" xmlns=\"http:\/\/www.w3.org\/2000\/svg\"><path d=\"M416 208H272V64c0-17.67-14.33-32-32-32h-32c-17.67 0-32 14.33-32 32v144H32c-17.67 0-32 14.33-32 32v32c0 17.67 14.33 32 32 32h144v144c0 17.67 14.33 32 32 32h32c17.67 0 32-14.33 32-32V304h144c17.67 0 32-14.33 32-32v-32c0-17.67-14.33-32-32-32z\"><\/path><\/svg><\/span>\n\t\t<\/span>\n\n\t\t\t\t\t\t<\/summary>\n\t\t\t\t<div role=\"region\" aria-labelledby=\"e-n-accordion-item-1522\" class=\"elementor-element elementor-element-9b2f2cc e-con-full e-flex e-con e-child\" data-id=\"9b2f2cc\" data-element_type=\"container\" data-e-type=\"container\">\n\t\t\t\t<div class=\"elementor-element elementor-element-08dd590 elementor-widget elementor-widget-text-editor\" data-id=\"08dd590\" data-element_type=\"widget\" data-e-type=\"widget\" data-widget_type=\"text-editor.default\">\n\t\t\t\t\t\t\t\t\t<p><span style=\"font-weight: 400;\">Vous pouvez annuler gratuitement dans le d\u00e9lai indiqu\u00e9 sur la fiche du produit. Pass\u00e9 ce d\u00e9lai ou en cas de non-pr\u00e9sentation, aucun remboursement ne sera effectu\u00e9.<\/span><\/p>\t\t\t\t\t\t\t\t<\/div>\n\t\t\t\t<\/div>\n\t\t\t\t\t<\/details>\n\t\t\t\t\t\t<details id=\"e-n-accordion-item-1523\" class=\"e-n-accordion-item\" >\n\t\t\t\t<summary class=\"e-n-accordion-item-title\" data-accordion-index=\"4\" tabindex=\"-1\" aria-expanded=\"false\" aria-controls=\"e-n-accordion-item-1523\" >\n\t\t\t\t\t<span class='e-n-accordion-item-title-header'><div class=\"e-n-accordion-item-title-text\"> Qu'ai-je r\u00e9serv\u00e9 ? <\/div><\/span>\n\t\t\t\t\t\t\t<span class='e-n-accordion-item-title-icon'>\n\t\t\t<span class='e-opened' ><svg aria-hidden=\"true\" class=\"e-font-icon-svg e-fas-minus\" viewbox=\"0 0 448 512\" xmlns=\"http:\/\/www.w3.org\/2000\/svg\"><path d=\"M416 208H32c-17.67 0-32 14.33-32 32v32c0 17.67 14.33 32 32 32h384c17.67 0 32-14.33 32-32v-32c0-17.67-14.33-32-32-32z\"><\/path><\/svg><\/span>\n\t\t\t<span class='e-closed'><svg aria-hidden=\"true\" class=\"e-font-icon-svg e-fas-plus\" viewbox=\"0 0 448 512\" xmlns=\"http:\/\/www.w3.org\/2000\/svg\"><path d=\"M416 208H272V64c0-17.67-14.33-32-32-32h-32c-17.67 0-32 14.33-32 32v144H32c-17.67 0-32 14.33-32 32v32c0 17.67 14.33 32 32 32h144v144c0 17.67 14.33 32 32 32h32c17.67 0 32-14.33 32-32V304h144c17.67 0 32-14.33 32-32v-32c0-17.67-14.33-32-32-32z\"><\/path><\/svg><\/span>\n\t\t<\/span>\n\n\t\t\t\t\t\t<\/summary>\n\t\t\t\t<div role=\"region\" aria-labelledby=\"e-n-accordion-item-1523\" class=\"elementor-element elementor-element-0598613 e-con-full e-flex e-con e-child\" data-id=\"0598613\" data-element_type=\"container\" data-e-type=\"container\">\n\t\t\t\t<div class=\"elementor-element elementor-element-08e8c26 elementor-widget elementor-widget-text-editor\" data-id=\"08e8c26\" data-element_type=\"widget\" data-e-type=\"widget\" data-widget_type=\"text-editor.default\">\n\t\t\t\t\t\t\t\t\t<p><span style=\"font-weight: 400;\">Vous avez r\u00e9serv\u00e9 une visite guid\u00e9e avec un guide local officiel comprenant les droits d'entr\u00e9e aux monuments sp\u00e9cifi\u00e9s dans la description du produit.<\/span><\/p>\t\t\t\t\t\t\t\t<\/div>\n\t\t\t\t<\/div>\n\t\t\t\t\t<\/details>\n\t\t\t\t\t<\/div>\n\t\t\t\t\t\t<\/div>\n\t\t\t\t<\/div>\n\t\t\t\t\t<\/div>\n\t\t\t\t<\/div>\n\t\t\t\t<\/div>","protected":false},"excerpt":{"rendered":"<p class=\" translation-block\">D\u00e9couvrez l'un des <strong>paysages les plus m\u00e9diterran\u00e9ens<\/strong> de la <strong>Communaut\u00e9 valencienne<\/strong> et profitez d'une journ\u00e9e unique.<\/p>","protected":false},"featured_media":5706,"template":"","meta":{"_acf_changed":false},"product_cat":[19],"product_tag":[],"class_list":{"0":"post-5013","1":"product","2":"type-product","3":"status-publish","4":"has-post-thumbnail","6":"product_cat-excursiones","8":"first","9":"instock","10":"virtual","11":"sold-individually","12":"taxable","13":"purchasable","14":"product-type-turitop"},"acf":[],"yoast_head":"<!-- This site is optimized with the Yoast SEO plugin v27.5 - https:\/\/yoast.com\/product\/yoast-seo-wordpress\/ -->\n<title>Excursi\u00f3n a la Isla de Tabarca, para\u00edso mediterr\u00e1neo | Valencia&amp;Go<\/title>\n<meta name=\"description\" content=\"Explora la Isla de Tabarca: la m\u00e1s grande de la Comunidad Valenciana, un aut\u00e9ntico oasis de aguas turquesas, casas de colores y rica gastronom\u00eda marinera.\" \/>\n<meta name=\"robots\" content=\"noindex, follow, max-snippet:-1, max-image-preview:large, max-video-preview:-1\" \/>\n<meta property=\"og:locale\" content=\"fr_FR\" \/>\n<meta property=\"og:type\" content=\"article\" \/>\n<meta property=\"og:title\" content=\"Excursi\u00f3n a la Isla de Tabarca, para\u00edso mediterr\u00e1neo | Valencia&amp;Go\" \/>\n<meta property=\"og:description\" content=\"Explora la Isla de Tabarca: la m\u00e1s grande de la Comunidad Valenciana, un aut\u00e9ntico oasis de aguas turquesas, casas de colores y rica gastronom\u00eda marinera.\" \/>\n<meta property=\"og:url\" content=\"https:\/\/upgrade.valenciaandgo.com\/fr\/excursions\/excursion-sur-lile-de-tabarca\/\" \/>\n<meta property=\"og:site_name\" content=\"Valencia&amp;Go\" \/>\n<meta property=\"article:publisher\" content=\"https:\/\/www.facebook.com\/valenciaandgo\/\" \/>\n<meta property=\"article:modified_time\" content=\"2026-04-23T07:11:47+00:00\" \/>\n<meta property=\"og:image\" content=\"https:\/\/upgrade.valenciaandgo.com\/wp-content\/uploads\/tours-excursiones\/23-excursion-isla-tabarca\/excursion-isla-tabarca_6.webp\" \/>\n\t<meta property=\"og:image:width\" content=\"920\" \/>\n\t<meta property=\"og:image:height\" content=\"688\" \/>\n\t<meta property=\"og:image:type\" content=\"image\/webp\" \/>\n<meta name=\"twitter:card\" content=\"summary_large_image\" \/>\n<meta name=\"twitter:label1\" content=\"Dur\u00e9e de lecture estim\u00e9e\" \/>\n\t<meta name=\"twitter:data1\" content=\"5 minutes\" \/>\n<script type=\"application\/ld+json\" class=\"yoast-schema-graph\">{\"@context\":\"https:\\\/\\\/schema.org\",\"@graph\":[{\"@type\":\"WebPage\",\"@id\":\"https:\\\/\\\/upgrade.valenciaandgo.com\\\/excursiones\\\/excursion-a-la-isla-de-tabarca\\\/\",\"url\":\"https:\\\/\\\/upgrade.valenciaandgo.com\\\/excursiones\\\/excursion-a-la-isla-de-tabarca\\\/\",\"name\":\"Excursi\u00f3n a la Isla de Tabarca, para\u00edso mediterr\u00e1neo | Valencia&Go\",\"isPartOf\":{\"@id\":\"https:\\\/\\\/upgrade.valenciaandgo.com\\\/it\\\/#website\"},\"primaryImageOfPage\":{\"@id\":\"https:\\\/\\\/upgrade.valenciaandgo.com\\\/excursiones\\\/excursion-a-la-isla-de-tabarca\\\/#primaryimage\"},\"image\":{\"@id\":\"https:\\\/\\\/upgrade.valenciaandgo.com\\\/excursiones\\\/excursion-a-la-isla-de-tabarca\\\/#primaryimage\"},\"thumbnailUrl\":\"https:\\\/\\\/upgrade.valenciaandgo.com\\\/wp-content\\\/uploads\\\/tours-excursiones\\\/23-excursion-isla-tabarca\\\/excursion-isla-tabarca_6.webp\",\"datePublished\":\"2026-01-16T06:11:20+00:00\",\"dateModified\":\"2026-04-23T07:11:47+00:00\",\"description\":\"Explora la Isla de Tabarca: la m\u00e1s grande de la Comunidad Valenciana, un aut\u00e9ntico oasis de aguas turquesas, casas de colores y rica gastronom\u00eda marinera.\",\"breadcrumb\":{\"@id\":\"https:\\\/\\\/upgrade.valenciaandgo.com\\\/excursiones\\\/excursion-a-la-isla-de-tabarca\\\/#breadcrumb\"},\"inLanguage\":\"fr-FR\",\"potentialAction\":[{\"@type\":\"ReadAction\",\"target\":[\"https:\\\/\\\/upgrade.valenciaandgo.com\\\/excursiones\\\/excursion-a-la-isla-de-tabarca\\\/\"]}]},{\"@type\":\"ImageObject\",\"inLanguage\":\"fr-FR\",\"@id\":\"https:\\\/\\\/upgrade.valenciaandgo.com\\\/excursiones\\\/excursion-a-la-isla-de-tabarca\\\/#primaryimage\",\"url\":\"https:\\\/\\\/upgrade.valenciaandgo.com\\\/wp-content\\\/uploads\\\/tours-excursiones\\\/23-excursion-isla-tabarca\\\/excursion-isla-tabarca_6.webp\",\"contentUrl\":\"https:\\\/\\\/upgrade.valenciaandgo.com\\\/wp-content\\\/uploads\\\/tours-excursiones\\\/23-excursion-isla-tabarca\\\/excursion-isla-tabarca_6.webp\",\"width\":920,\"height\":688,\"caption\":\"Excursi\u00f3n a la isla Tabarca\"},{\"@type\":\"BreadcrumbList\",\"@id\":\"https:\\\/\\\/upgrade.valenciaandgo.com\\\/excursiones\\\/excursion-a-la-isla-de-tabarca\\\/#breadcrumb\",\"itemListElement\":[{\"@type\":\"ListItem\",\"position\":1,\"name\":\"Portada\",\"item\":\"https:\\\/\\\/upgrade.valenciaandgo.com\\\/\"},{\"@type\":\"ListItem\",\"position\":2,\"name\":\"Tours\",\"item\":\"https:\\\/\\\/upgrade.valenciaandgo.com\\\/tours\\\/\"},{\"@type\":\"ListItem\",\"position\":3,\"name\":\"Excursi\u00f3n a la isla de Tabarca\"}]},{\"@type\":\"WebSite\",\"@id\":\"https:\\\/\\\/upgrade.valenciaandgo.com\\\/it\\\/#website\",\"url\":\"https:\\\/\\\/upgrade.valenciaandgo.com\\\/it\\\/\",\"name\":\"Valencia&Go\",\"description\":\"Tours por Valencia y alrededores de ciudad.\",\"publisher\":{\"@id\":\"https:\\\/\\\/upgrade.valenciaandgo.com\\\/it\\\/#organization\"},\"potentialAction\":[{\"@type\":\"SearchAction\",\"target\":{\"@type\":\"EntryPoint\",\"urlTemplate\":\"https:\\\/\\\/upgrade.valenciaandgo.com\\\/it\\\/?s={search_term_string}\"},\"query-input\":{\"@type\":\"PropertyValueSpecification\",\"valueRequired\":true,\"valueName\":\"search_term_string\"}}],\"inLanguage\":\"fr-FR\"},{\"@type\":\"Organization\",\"@id\":\"https:\\\/\\\/upgrade.valenciaandgo.com\\\/it\\\/#organization\",\"name\":\"Valencia&Go\",\"url\":\"https:\\\/\\\/upgrade.valenciaandgo.com\\\/it\\\/\",\"logo\":{\"@type\":\"ImageObject\",\"inLanguage\":\"fr-FR\",\"@id\":\"https:\\\/\\\/upgrade.valenciaandgo.com\\\/it\\\/#\\\/schema\\\/logo\\\/image\\\/\",\"url\":\"https:\\\/\\\/upgrade.valenciaandgo.com\\\/wp-content\\\/uploads\\\/2025\\\/10\\\/valencia_go-svg-blnc-iso-naranja.svg\",\"contentUrl\":\"https:\\\/\\\/upgrade.valenciaandgo.com\\\/wp-content\\\/uploads\\\/2025\\\/10\\\/valencia_go-svg-blnc-iso-naranja.svg\",\"width\":434,\"height\":102,\"caption\":\"Valencia&Go\"},\"image\":{\"@id\":\"https:\\\/\\\/upgrade.valenciaandgo.com\\\/it\\\/#\\\/schema\\\/logo\\\/image\\\/\"},\"sameAs\":[\"https:\\\/\\\/www.facebook.com\\\/valenciaandgo\\\/\",\"https:\\\/\\\/www.instagram.com\\\/valenciaandgo\",\"https:\\\/\\\/www.linkedin.com\\\/company\\\/valencia-go\\\/\",\"https:\\\/\\\/www.tiktok.com\\\/@valenciaandgo\"]}]}<\/script>\n<!-- \/ Yoast SEO plugin. -->","yoast_head_json":{"title":"Excursion \u00e0 l'\u00eele de Tabarca, un paradis m\u00e9diterran\u00e9en | Valencia&amp;Go","description":"Explorez l'\u00eele de Tabarca : la plus grande \u00eele de la Communaut\u00e9 valencienne, une oasis authentique aux eaux turquoise, aux maisons color\u00e9es et \u00e0 la gastronomie riche en fruits de mer.","robots":{"index":"noindex","follow":"follow","max-snippet":"max-snippet:-1","max-image-preview":"max-image-preview:large","max-video-preview":"max-video-preview:-1"},"og_locale":"fr_FR","og_type":"article","og_title":"Excursi\u00f3n a la Isla de Tabarca, para\u00edso mediterr\u00e1neo | Valencia&Go","og_description":"Explora la Isla de Tabarca: la m\u00e1s grande de la Comunidad Valenciana, un aut\u00e9ntico oasis de aguas turquesas, casas de colores y rica gastronom\u00eda marinera.","og_url":"https:\/\/upgrade.valenciaandgo.com\/fr\/excursions\/excursion-sur-lile-de-tabarca\/","og_site_name":"Valencia&amp;Go","article_publisher":"https:\/\/www.facebook.com\/valenciaandgo\/","article_modified_time":"2026-04-23T07:11:47+00:00","og_image":[{"width":920,"height":688,"url":"https:\/\/upgrade.valenciaandgo.com\/wp-content\/uploads\/tours-excursiones\/23-excursion-isla-tabarca\/excursion-isla-tabarca_6.webp","type":"image\/webp"}],"twitter_card":"summary_large_image","twitter_misc":{"Dur\u00e9e de lecture estim\u00e9e":"5 minutes"},"schema":{"@context":"https:\/\/schema.org","@graph":[{"@type":"WebPage","@id":"https:\/\/upgrade.valenciaandgo.com\/excursiones\/excursion-a-la-isla-de-tabarca\/","url":"https:\/\/upgrade.valenciaandgo.com\/excursiones\/excursion-a-la-isla-de-tabarca\/","name":"Excursion \u00e0 l'\u00eele de Tabarca, un paradis m\u00e9diterran\u00e9en | Valencia&amp;Go","isPartOf":{"@id":"https:\/\/upgrade.valenciaandgo.com\/it\/#website"},"primaryImageOfPage":{"@id":"https:\/\/upgrade.valenciaandgo.com\/excursiones\/excursion-a-la-isla-de-tabarca\/#primaryimage"},"image":{"@id":"https:\/\/upgrade.valenciaandgo.com\/excursiones\/excursion-a-la-isla-de-tabarca\/#primaryimage"},"thumbnailUrl":"https:\/\/upgrade.valenciaandgo.com\/wp-content\/uploads\/tours-excursiones\/23-excursion-isla-tabarca\/excursion-isla-tabarca_6.webp","datePublished":"2026-01-16T06:11:20+00:00","dateModified":"2026-04-23T07:11:47+00:00","description":"Explorez l'\u00eele de Tabarca : la plus grande \u00eele de la Communaut\u00e9 valencienne, une oasis authentique aux eaux turquoise, aux maisons color\u00e9es et \u00e0 la gastronomie riche en fruits de mer.","breadcrumb":{"@id":"https:\/\/upgrade.valenciaandgo.com\/excursiones\/excursion-a-la-isla-de-tabarca\/#breadcrumb"},"inLanguage":"fr-FR","potentialAction":[{"@type":"ReadAction","target":["https:\/\/upgrade.valenciaandgo.com\/excursiones\/excursion-a-la-isla-de-tabarca\/"]}]},{"@type":"ImageObject","inLanguage":"fr-FR","@id":"https:\/\/upgrade.valenciaandgo.com\/excursiones\/excursion-a-la-isla-de-tabarca\/#primaryimage","url":"https:\/\/upgrade.valenciaandgo.com\/wp-content\/uploads\/tours-excursiones\/23-excursion-isla-tabarca\/excursion-isla-tabarca_6.webp","contentUrl":"https:\/\/upgrade.valenciaandgo.com\/wp-content\/uploads\/tours-excursiones\/23-excursion-isla-tabarca\/excursion-isla-tabarca_6.webp","width":920,"height":688,"caption":"Excursi\u00f3n a la isla Tabarca"},{"@type":"BreadcrumbList","@id":"https:\/\/upgrade.valenciaandgo.com\/excursiones\/excursion-a-la-isla-de-tabarca\/#breadcrumb","itemListElement":[{"@type":"ListItem","position":1,"name":"Portada","item":"https:\/\/upgrade.valenciaandgo.com\/"},{"@type":"ListItem","position":2,"name":"Tours","item":"https:\/\/upgrade.valenciaandgo.com\/tours\/"},{"@type":"ListItem","position":3,"name":"Excursi\u00f3n a la isla de Tabarca"}]},{"@type":"WebSite","@id":"https:\/\/upgrade.valenciaandgo.com\/it\/#website","url":"https:\/\/upgrade.valenciaandgo.com\/it\/","name":"Valencia&amp;Go","description":"Visites de Valence et de ses environs.","publisher":{"@id":"https:\/\/upgrade.valenciaandgo.com\/it\/#organization"},"potentialAction":[{"@type":"SearchAction","target":{"@type":"EntryPoint","urlTemplate":"https:\/\/upgrade.valenciaandgo.com\/it\/?s={search_term_string}"},"query-input":{"@type":"PropertyValueSpecification","valueRequired":true,"valueName":"search_term_string"}}],"inLanguage":"fr-FR"},{"@type":"Organization","@id":"https:\/\/upgrade.valenciaandgo.com\/it\/#organization","name":"Valencia&amp;Go","url":"https:\/\/upgrade.valenciaandgo.com\/it\/","logo":{"@type":"ImageObject","inLanguage":"fr-FR","@id":"https:\/\/upgrade.valenciaandgo.com\/it\/#\/schema\/logo\/image\/","url":"https:\/\/upgrade.valenciaandgo.com\/wp-content\/uploads\/2025\/10\/valencia_go-svg-blnc-iso-naranja.svg","contentUrl":"https:\/\/upgrade.valenciaandgo.com\/wp-content\/uploads\/2025\/10\/valencia_go-svg-blnc-iso-naranja.svg","width":434,"height":102,"caption":"Valencia&Go"},"image":{"@id":"https:\/\/upgrade.valenciaandgo.com\/it\/#\/schema\/logo\/image\/"},"sameAs":["https:\/\/www.facebook.com\/valenciaandgo\/","https:\/\/www.instagram.com\/valenciaandgo","https:\/\/www.linkedin.com\/company\/valencia-go\/","https:\/\/www.tiktok.com\/@valenciaandgo"]}]}},"_links":{"self":[{"href":"https:\/\/upgrade.valenciaandgo.com\/fr\/wp-json\/wp\/v2\/product\/5013","targetHints":{"allow":["GET"]}}],"collection":[{"href":"https:\/\/upgrade.valenciaandgo.com\/fr\/wp-json\/wp\/v2\/product"}],"about":[{"href":"https:\/\/upgrade.valenciaandgo.com\/fr\/wp-json\/wp\/v2\/types\/product"}],"version-history":[{"count":0,"href":"https:\/\/upgrade.valenciaandgo.com\/fr\/wp-json\/wp\/v2\/product\/5013\/revisions"}],"wp:featuredmedia":[{"embeddable":true,"href":"https:\/\/upgrade.valenciaandgo.com\/fr\/wp-json\/wp\/v2\/media\/5706"}],"wp:attachment":[{"href":"https:\/\/upgrade.valenciaandgo.com\/fr\/wp-json\/wp\/v2\/media?parent=5013"}],"wp:term":[{"taxonomy":"product_cat","embeddable":true,"href":"https:\/\/upgrade.valenciaandgo.com\/fr\/wp-json\/wp\/v2\/product_cat?post=5013"},{"taxonomy":"product_tag","embeddable":true,"href":"https:\/\/upgrade.valenciaandgo.com\/fr\/wp-json\/wp\/v2\/product_tag?post=5013"}],"curies":[{"name":"wp","href":"https:\/\/api.w.org\/{rel}","templated":true}]}}