{"id":4235,"date":"2026-01-12T14:53:40","date_gmt":"2026-01-12T14:53:40","guid":{"rendered":"https:\/\/new.valenciaandgo.com\/?post_type=product&#038;p=4235"},"modified":"2026-04-24T23:03:07","modified_gmt":"2026-04-24T23:03:07","slug":"atelier-toute-lannee-avec-les-artistes-fallas","status":"publish","type":"product","link":"https:\/\/upgrade.valenciaandgo.com\/fr\/excursiones\/fallas-todo-el-ano-taller-con-artistas-falleros\/","title":{"rendered":"Les Fallas toute l'ann\u00e9e : atelier avec les artistes des Fallas"},"content":{"rendered":"<div data-elementor-type=\"wp-post\" data-elementor-id=\"4235\" class=\"elementor elementor-4235\" data-elementor-post-type=\"product\">\n\t\t\t\t<div class=\"elementor-element elementor-element-bc94f0b e-flex e-con-boxed e-con e-parent\" data-id=\"bc94f0b\" data-element_type=\"container\" data-e-type=\"container\" data-settings=\"{&quot;background_background&quot;:&quot;classic&quot;}\">\n\t\t\t\t\t<div class=\"e-con-inner\">\n\t\t\t\t<div class=\"elementor-element elementor-element-af484d7 elementor-widget elementor-widget-text-editor\" data-id=\"af484d7\" data-element_type=\"widget\" data-e-type=\"widget\" data-widget_type=\"text-editor.default\">\n\t\t\t\t\t\t\t\t\t<p>De l'esquisse \u00e0 la faute : <strong>Vivez la cr\u00e9ation d'un ninot avec les artistes des Fallas<\/strong><\/p>\t\t\t\t\t\t\t\t<\/div>\n\t\t\t\t<div class=\"elementor-element elementor-element-5e5d1bf5 elementor-widget elementor-widget-heading\" data-id=\"5e5d1bf5\" data-element_type=\"widget\" data-e-type=\"widget\" data-widget_type=\"heading.default\">\n\t\t\t\t\t<h3 class=\"elementor-heading-title elementor-size-default\">Points forts<\/h3>\t\t\t\t<\/div>\n\t\t\t\t<div class=\"elementor-element elementor-element-55d2b520 elementor-align-start elementor-icon-list--layout-traditional elementor-list-item-link-full_width elementor-widget elementor-widget-icon-list\" data-id=\"55d2b520\" data-element_type=\"widget\" data-e-type=\"widget\" data-widget_type=\"icon-list.default\">\n\t\t\t\t\t\t\t<ul class=\"elementor-icon-list-items\">\n\t\t\t\t\t\t\t<li class=\"elementor-icon-list-item\">\n\t\t\t\t\t\t\t\t\t\t\t<span class=\"elementor-icon-list-icon\">\n\t\t\t\t\t\t\t<svg aria-hidden=\"true\" class=\"e-font-icon-svg e-far-arrow-alt-circle-right\" viewbox=\"0 0 512 512\" xmlns=\"http:\/\/www.w3.org\/2000\/svg\"><path d=\"M504 256C504 119 393 8 256 8S8 119 8 256s111 248 248 248 248-111 248-248zm-448 0c0-110.5 89.5-200 200-200s200 89.5 200 200-89.5 200-200 200S56 366.5 56 256zm72 20v-40c0-6.6 5.4-12 12-12h116v-67c0-10.7 12.9-16 20.5-8.5l99 99c4.7 4.7 4.7 12.3 0 17l-99 99c-7.6 7.6-20.5 2.2-20.5-8.5v-67H140c-6.6 0-12-5.4-12-12z\"><\/path><\/svg>\t\t\t\t\t\t<\/span>\n\t\t\t\t\t\t\t\t\t\t<span class=\"elementor-icon-list-text\">D\u00e9couvrez la tradition des Fallas de l'int\u00e9rieur gr\u00e2ce \u00e0 cette exp\u00e9rience immersive.<\/span>\n\t\t\t\t\t\t\t\t\t<\/li>\n\t\t\t\t\t\t\t\t<li class=\"elementor-icon-list-item\">\n\t\t\t\t\t\t\t\t\t\t\t<span class=\"elementor-icon-list-icon\">\n\t\t\t\t\t\t\t<svg aria-hidden=\"true\" class=\"e-font-icon-svg e-far-arrow-alt-circle-right\" viewbox=\"0 0 512 512\" xmlns=\"http:\/\/www.w3.org\/2000\/svg\"><path d=\"M504 256C504 119 393 8 256 8S8 119 8 256s111 248 248 248 248-111 248-248zm-448 0c0-110.5 89.5-200 200-200s200 89.5 200 200-89.5 200-200 200S56 366.5 56 256zm72 20v-40c0-6.6 5.4-12 12-12h116v-67c0-10.7 12.9-16 20.5-8.5l99 99c4.7 4.7 4.7 12.3 0 17l-99 99c-7.6 7.6-20.5 2.2-20.5-8.5v-67H140c-6.6 0-12-5.4-12-12z\"><\/path><\/svg>\t\t\t\t\t\t<\/span>\n\t\t\t\t\t\t\t\t\t\t<span class=\"elementor-icon-list-text\">Visitez le mus\u00e9e de l'artiste fallero et d\u00e9couvrez tous les secrets de Las Fallas <\/span>\n\t\t\t\t\t\t\t\t\t<\/li>\n\t\t\t\t\t\t\t\t<li class=\"elementor-icon-list-item\">\n\t\t\t\t\t\t\t\t\t\t\t<span class=\"elementor-icon-list-icon\">\n\t\t\t\t\t\t\t<svg aria-hidden=\"true\" class=\"e-font-icon-svg e-far-arrow-alt-circle-right\" viewbox=\"0 0 512 512\" xmlns=\"http:\/\/www.w3.org\/2000\/svg\"><path d=\"M504 256C504 119 393 8 256 8S8 119 8 256s111 248 248 248 248-111 248-248zm-448 0c0-110.5 89.5-200 200-200s200 89.5 200 200-89.5 200-200 200S56 366.5 56 256zm72 20v-40c0-6.6 5.4-12 12-12h116v-67c0-10.7 12.9-16 20.5-8.5l99 99c4.7 4.7 4.7 12.3 0 17l-99 99c-7.6 7.6-20.5 2.2-20.5-8.5v-67H140c-6.6 0-12-5.4-12-12z\"><\/path><\/svg>\t\t\t\t\t\t<\/span>\n\t\t\t\t\t\t\t\t\t\t<span class=\"elementor-icon-list-text\">Participez \u00e0 la cr\u00e9ation d'un \"ninot\" et d\u00e9gustez la horchata avec des fartons (lait de souchet).<\/span>\n\t\t\t\t\t\t\t\t\t<\/li>\n\t\t\t\t\t\t<\/ul>\n\t\t\t\t\t\t<\/div>\n\t\t\t\t<div class=\"elementor-element elementor-element-3910195d elementor-widget-divider--view-line elementor-widget elementor-widget-divider\" data-id=\"3910195d\" data-element_type=\"widget\" data-e-type=\"widget\" data-widget_type=\"divider.default\">\n\t\t\t\t\t\t\t<div class=\"elementor-divider\">\n\t\t\t<span class=\"elementor-divider-separator\">\n\t\t\t\t\t\t<\/span>\n\t\t<\/div>\n\t\t\t\t\t\t<\/div>\n\t\t\t\t<div class=\"elementor-element elementor-element-115ff89f elementor-widget elementor-widget-heading\" data-id=\"115ff89f\" data-element_type=\"widget\" data-e-type=\"widget\" data-widget_type=\"heading.default\">\n\t\t\t\t\t<h3 class=\"elementor-heading-title elementor-size-default\">Description<\/h3>\t\t\t\t<\/div>\n\t\t\t\t<div class=\"elementor-element elementor-element-67bc9af2 elementor-widget elementor-widget-heading\" data-id=\"67bc9af2\" data-element_type=\"widget\" data-e-type=\"widget\" data-widget_type=\"heading.default\">\n\t\t\t\t\t<h4 class=\"elementor-heading-title elementor-size-default translation-block\">L'atelier des Fallas\r\n<br>Une visite diff\u00e9rente, cr\u00e9ative et pleine d'art... au-del\u00e0 du mois de mars !<\/h4>\t\t\t\t<\/div>\n\t\t\t\t<div class=\"elementor-element elementor-element-3c0591be elementor-widget elementor-widget-heading\" data-id=\"3c0591be\" data-element_type=\"widget\" data-e-type=\"widget\" data-widget_type=\"heading.default\">\n\t\t\t\t\t<h5 class=\"elementor-heading-title elementor-size-default\">Saviez-vous que les Fallas de Valence sont inscrites au patrimoine culturel immat\u00e9riel de l'humanit\u00e9 par l'UNESCO depuis 2016 ?<\/h5>\t\t\t\t<\/div>\n\t\t\t\t<div class=\"elementor-element elementor-element-226cd252 elementor-widget elementor-widget-text-editor\" data-id=\"226cd252\" data-element_type=\"widget\" data-e-type=\"widget\" data-widget_type=\"text-editor.default\">\n\t\t\t\t\t\t\t\t\t<p class=\" translation-block\">Mais ce que tout le monde ne sait pas, c'est que <strong>la magie des Fallas<\/strong> ne se produit pas seulement en mars, mais 365 jours par an, dans les <strong>ateliers<\/strong> o\u00f9 naissent, se sculptent et se peignent ces incroyables \u0153uvres d'art \u00e9ph\u00e9m\u00e8res.<\/p><p class=\" translation-block\">Avec cette <strong>visite exclusive<\/strong>, nous vous emmenons d\u00e9couvrir l'<strong>\u00e2me des Fallas<\/strong> de l'int\u00e9rieur, main dans la main avec les authentiques artistes Fallas, gardiens d'une <strong>tradition unique au monde<\/strong>.<\/p>\t\t\t\t\t\t\t\t<\/div>\n\t\t\t\t<div class=\"elementor-element elementor-element-08bd6c4 elementor-widget elementor-widget-heading\" data-id=\"08bd6c4\" data-element_type=\"widget\" data-e-type=\"widget\" data-widget_type=\"heading.default\">\n\t\t\t\t\t<h5 class=\"elementor-heading-title elementor-size-default\">Pourquoi ne pas manquer cette exp\u00e9rience de l'automne ?<\/h5>\t\t\t\t<\/div>\n\t\t\t\t<div class=\"elementor-element elementor-element-befecc9 elementor-widget elementor-widget-text-editor\" data-id=\"befecc9\" data-element_type=\"widget\" data-e-type=\"widget\" data-widget_type=\"text-editor.default\">\n\t\t\t\t\t\t\t\t\t<ul><li>D\u00e9couvrez le travail des artistes des Fallas : sculpteurs, peintres et magiciens du papier m\u00e2ch\u00e9 qui donnent vie aux monuments des Fallas.<\/li><li>Vivez l'exp\u00e9rience des Fallas de l'int\u00e9rieur, avec des activit\u00e9s pratiques qui vous rapprochent de cette tradition valencienne.<\/li><li>Visitez le Museo del Artista Fallero, un lieu fascinant qui r\u00e9v\u00e8le les secrets et l'\u00e9volution des Fallas.<\/li><li>Participez \u00e0 la cr\u00e9ation de votre propre ninot, en utilisant de v\u00e9ritables techniques de modelage et de peinture.<\/li><li>D\u00e9gustez une horchata avec des fartons (une combinaison typiquement valencienne, si vous voulez en savoir plus sur cet aliment). <a href=\"https:\/\/upgrade.valenciaandgo.com\/que-es-horchata-bebida-verano-valenciana\/\">lire cet article<\/a>), pour terminer l'exp\u00e9rience avec la saveur la plus typique de Valence.<\/li><\/ul>\t\t\t\t\t\t\t\t<\/div>\n\t\t\t\t<div class=\"elementor-element elementor-element-475df63f elementor-widget-divider--view-line elementor-widget elementor-widget-divider\" data-id=\"475df63f\" data-element_type=\"widget\" data-e-type=\"widget\" data-widget_type=\"divider.default\">\n\t\t\t\t\t\t\t<div class=\"elementor-divider\">\n\t\t\t<span class=\"elementor-divider-separator\">\n\t\t\t\t\t\t<\/span>\n\t\t<\/div>\n\t\t\t\t\t\t<\/div>\n\t\t\t\t<div class=\"elementor-element elementor-element-72425e39 elementor-widget elementor-widget-heading\" data-id=\"72425e39\" data-element_type=\"widget\" data-e-type=\"widget\" data-widget_type=\"heading.default\">\n\t\t\t\t\t<h3 class=\"elementor-heading-title elementor-size-default\">Informations importantes<\/h3>\t\t\t\t<\/div>\n\t\t\t\t<div class=\"elementor-element elementor-element-d391535 elementor-widget elementor-widget-heading\" data-id=\"d391535\" data-element_type=\"widget\" data-e-type=\"widget\" data-widget_type=\"heading.default\">\n\t\t\t\t\t<h5 class=\"elementor-heading-title elementor-size-default\">Quand et comment se d\u00e9roule l'atelier ?<\/h5>\t\t\t\t<\/div>\n\t\t\t\t<div class=\"elementor-element elementor-element-202c2d3 elementor-widget elementor-widget-text-editor\" data-id=\"202c2d3\" data-element_type=\"widget\" data-e-type=\"widget\" data-widget_type=\"text-editor.default\">\n\t\t\t\t\t\t\t\t\t<ul><li>Tous les mercredis<\/li><\/ul><p>Un plan parfait si vous \u00eates \u00e0 la recherche d'une exp\u00e9rience originale, culturelle et amusante.<\/p>\t\t\t\t\t\t\t\t<\/div>\n\t\t\t\t<div class=\"elementor-element elementor-element-27b1d37 elementor-widget elementor-widget-heading\" data-id=\"27b1d37\" data-element_type=\"widget\" data-e-type=\"widget\" data-widget_type=\"heading.default\">\n\t\t\t\t\t<h5 class=\"elementor-heading-title elementor-size-default\">Itin\u00e9raire d\u00e9taill\u00e9 :<\/h5>\t\t\t\t<\/div>\n\t\t\t\t<div class=\"elementor-element elementor-element-409316dd elementor-widget elementor-widget-text-editor\" data-id=\"409316dd\" data-element_type=\"widget\" data-e-type=\"widget\" data-widget_type=\"text-editor.default\">\n\t\t\t\t\t\t\t\t\t<ul><li><strong>10:00 h - Visite guid\u00e9e du Museo del Artista Fallero (Mus\u00e9e de l'artiste Fallas)<\/strong><\/li><\/ul><p style=\"padding-left: 40px;\" class=\" translation-block\">D\u00e9couvrez l'histoire, l'\u00e9volution et les techniques des ninots. Apprenez comment sont con\u00e7ues, sculpt\u00e9es et plant\u00e9es les fallas qui colorent Valencia chaque ann\u00e9e.<\/p><ul><li><strong>11:00 h - Atelier participatif<\/strong><\/li><\/ul><p style=\"padding-left: 40px;\">Plongez dans le travail artisanal de l'artiste fallero :<\/p><ol><li style=\"list-style-type: none;\"><ol><li>Peinture et plant\u00e0 d'une vraie falla<\/li><li>Mod\u00e9lisation de votre ninot personnalis\u00e9<\/li><li>Discuter avec de vrais artisans falleros<\/li><\/ol><\/li><\/ol><ul><li class=\" translation-block\">12:00 h - <strong>Horchata avec fartons<\/strong> pour tous les participants.<\/li><\/ul>\t\t\t\t\t\t\t\t<\/div>\n\t\t\t\t<div class=\"elementor-element elementor-element-760562e elementor-widget elementor-widget-heading\" data-id=\"760562e\" data-element_type=\"widget\" data-e-type=\"widget\" data-widget_type=\"heading.default\">\n\t\t\t\t\t<h5 class=\"elementor-heading-title elementor-size-default\">Dur\u00e9e de l'enqu\u00eate :<\/h5>\t\t\t\t<\/div>\n\t\t\t\t<div class=\"elementor-element elementor-element-235a462 elementor-widget elementor-widget-text-editor\" data-id=\"235a462\" data-element_type=\"widget\" data-e-type=\"widget\" data-widget_type=\"text-editor.default\">\n\t\t\t\t\t\t\t\t\t<p>Environ <strong>3 heures et 30 minutes<\/strong><\/p><p>Nous vous enverrons un message de confirmation 24 heures avant l'activit\u00e9 pour confirmer le point de rencontre par WhatsApp ou par courriel.<\/p><p>Id\u00e9al pour <strong>familles, groupes scolaires, amateurs d'art, curieux de la culture valencienne, etc.<\/strong> et tous ceux qui souhaitent vivre les Fallas de Valence au-del\u00e0 du calendrier officiel.<\/p><p>L'activit\u00e9 est recommand\u00e9e pour les enfants de plus de 6 ans.<\/p>\t\t\t\t\t\t\t\t<\/div>\n\t\t\t\t<div class=\"elementor-element elementor-element-01725bc elementor-widget elementor-widget-heading\" data-id=\"01725bc\" data-element_type=\"widget\" data-e-type=\"widget\" data-widget_type=\"heading.default\">\n\t\t\t\t\t<h5 class=\"elementor-heading-title elementor-size-default\">Valoriser une tradition vivante<\/h5>\t\t\t\t<\/div>\n\t\t\t\t<div class=\"elementor-element elementor-element-c1177f6 elementor-widget elementor-widget-text-editor\" data-id=\"c1177f6\" data-element_type=\"widget\" data-e-type=\"widget\" data-widget_type=\"text-editor.default\">\n\t\t\t\t\t\t\t\t\t<p>En participant, vous soutenez directement les artistes Fallas, un collectif qui maintient en vie l'une des traditions les plus uniques au monde, et vous contribuez \u00e0 diffuser l'identit\u00e9 culturelle de Valence.<\/p><p><strong>R\u00e9servez d\u00e8s maintenant et d\u00e9couvrez pourquoi les Fallas sont bien plus qu'une simple f\u00eate !<\/strong><\/p><p>D\u00e9couvrez les Fallas tout au long de l'ann\u00e9e avec Valencia &amp; Go : art, culture et tradition \u00e0 l'\u00e9tat pur.<br \/>Une exp\u00e9rience diff\u00e9rente que vous ne trouverez nulle part ailleurs.<\/p><p>Suivez-nous sur les m\u00e9dias sociaux pour d\u00e9couvrir tous les \u00e9v\u00e9nements et curiosit\u00e9s de la ville et rencontrer l'\u00e9quipe !<\/p><p>Et si vous entrez <strong>Mars<\/strong>, \u00e0 ne pas manquer <strong>visite sp\u00e9ciale<\/strong> pendant la semaine des Fallas, au cours de laquelle un guide officiel <strong>vous visiterez les Fallas les plus embl\u00e9matiques de Valence<\/strong> et vous ferez l'exp\u00e9rience directe de la f\u00eate.<\/p>\t\t\t\t\t\t\t\t<\/div>\n\t\t\t\t<div class=\"elementor-element elementor-element-22ffbf10 elementor-widget-divider--view-line elementor-widget elementor-widget-divider\" data-id=\"22ffbf10\" data-element_type=\"widget\" data-e-type=\"widget\" data-widget_type=\"divider.default\">\n\t\t\t\t\t\t\t<div class=\"elementor-divider\">\n\t\t\t<span class=\"elementor-divider-separator\">\n\t\t\t\t\t\t<\/span>\n\t\t<\/div>\n\t\t\t\t\t\t<\/div>\n\t\t\t\t<div class=\"elementor-element elementor-element-7b6af763 elementor-widget elementor-widget-heading\" data-id=\"7b6af763\" data-element_type=\"widget\" data-e-type=\"widget\" data-widget_type=\"heading.default\">\n\t\t\t\t\t<h3 class=\"elementor-heading-title elementor-size-default\">Point de rencontre<\/h3>\t\t\t\t<\/div>\n\t\t\t\t<div class=\"elementor-element elementor-element-49490580 elementor-widget elementor-widget-text-editor\" data-id=\"49490580\" data-element_type=\"widget\" data-e-type=\"widget\" data-widget_type=\"text-editor.default\">\n\t\t\t\t\t\t\t\t\t<p><strong>Point de rencontre et d\u00e9parts :<\/strong><\/p><ul><li class=\" translation-block\">09:15 h - Arr\u00eat du bus EMT \u00e0 Umbracle (<strong>Ciudad de las Artes y las Ciencias)<\/strong> (<strong>Cit\u00e9 des Arts et des Sciences)<\/strong>.<\/li><li class=\" translation-block\">09:30 h - Arr\u00eat du bus EMT <strong>Pont de Fusta<\/strong> (devant le b\u00e2timent de la police de la Generalitat)<\/li><li class=\" translation-block\">09:45 h - Arr\u00eat du bus EMT devant la <strong>Gare routi\u00e8re de Valence<\/strong>.<\/li><\/ul>\t\t\t\t\t\t\t\t<\/div>\n\t\t\t\t<div class=\"elementor-element elementor-element-17d34341 elementor-widget-divider--view-line elementor-widget elementor-widget-divider\" data-id=\"17d34341\" data-element_type=\"widget\" data-e-type=\"widget\" data-widget_type=\"divider.default\">\n\t\t\t\t\t\t\t<div class=\"elementor-divider\">\n\t\t\t<span class=\"elementor-divider-separator\">\n\t\t\t\t\t\t<\/span>\n\t\t<\/div>\n\t\t\t\t\t\t<\/div>\n\t\t\t\t<div class=\"elementor-element elementor-element-2ab305b9 elementor-widget elementor-widget-heading\" data-id=\"2ab305b9\" data-element_type=\"widget\" data-e-type=\"widget\" data-widget_type=\"heading.default\">\n\t\t\t\t\t<h3 class=\"elementor-heading-title elementor-size-default\">Questions fr\u00e9quentes<\/h3>\t\t\t\t<\/div>\n\t\t\t\t\t<\/div>\n\t\t\t\t<\/div>\n\t\t<div class=\"elementor-element elementor-element-5e43f89 e-flex e-con-boxed e-con e-parent\" data-id=\"5e43f89\" data-element_type=\"container\" data-e-type=\"container\" data-settings=\"{&quot;background_background&quot;:&quot;classic&quot;}\">\n\t\t\t\t\t<div class=\"e-con-inner\">\n\t\t<div class=\"elementor-element elementor-element-35d5c38 e-con-full e-flex e-con e-child\" data-id=\"35d5c38\" data-element_type=\"container\" data-e-type=\"container\">\n\t\t\t\t<div class=\"elementor-element elementor-element-622b0b2 faq-desplegable elementor-widget elementor-widget-n-accordion\" data-id=\"622b0b2\" data-element_type=\"widget\" data-e-type=\"widget\" data-settings=\"{&quot;default_state&quot;:&quot;all_collapsed&quot;,&quot;max_items_expended&quot;:&quot;one&quot;,&quot;n_accordion_animation_duration&quot;:{&quot;unit&quot;:&quot;ms&quot;,&quot;size&quot;:400,&quot;sizes&quot;:[]}}\" data-widget_type=\"nested-accordion.default\">\n\t\t\t\t\t\t\t<div class=\"e-n-accordion\" aria-label=\"Accord\u00e9on. Ouvrez les liens avec Enter ou Space, fermez-les avec Escape et naviguez avec les touches fl\u00e9ch\u00e9es.\">\n\t\t\t\t\t\t<details id=\"e-n-accordion-item-1020\" class=\"e-n-accordion-item\" >\n\t\t\t\t<summary class=\"e-n-accordion-item-title\" data-accordion-index=\"1\" tabindex=\"0\" aria-expanded=\"false\" aria-controls=\"e-n-accordion-item-1020\" >\n\t\t\t\t\t<span class='e-n-accordion-item-title-header'><div class=\"e-n-accordion-item-title-text\"> Comment reconna\u00eetrai-je le guide? <\/div><\/span>\n\t\t\t\t\t\t\t<span class='e-n-accordion-item-title-icon'>\n\t\t\t<span class='e-opened' ><svg aria-hidden=\"true\" class=\"e-font-icon-svg e-fas-minus\" viewbox=\"0 0 448 512\" xmlns=\"http:\/\/www.w3.org\/2000\/svg\"><path d=\"M416 208H32c-17.67 0-32 14.33-32 32v32c0 17.67 14.33 32 32 32h384c17.67 0 32-14.33 32-32v-32c0-17.67-14.33-32-32-32z\"><\/path><\/svg><\/span>\n\t\t\t<span class='e-closed'><svg aria-hidden=\"true\" class=\"e-font-icon-svg e-fas-plus\" viewbox=\"0 0 448 512\" xmlns=\"http:\/\/www.w3.org\/2000\/svg\"><path d=\"M416 208H272V64c0-17.67-14.33-32-32-32h-32c-17.67 0-32 14.33-32 32v144H32c-17.67 0-32 14.33-32 32v32c0 17.67 14.33 32 32 32h144v144c0 17.67 14.33 32 32 32h32c17.67 0 32-14.33 32-32V304h144c17.67 0 32-14.33 32-32v-32c0-17.67-14.33-32-32-32z\"><\/path><\/svg><\/span>\n\t\t<\/span>\n\n\t\t\t\t\t\t<\/summary>\n\t\t\t\t<div role=\"region\" aria-labelledby=\"e-n-accordion-item-1020\" class=\"elementor-element elementor-element-d0897f3 e-con-full e-flex e-con e-child\" data-id=\"d0897f3\" data-element_type=\"container\" data-e-type=\"container\">\n\t\t<div role=\"region\" aria-labelledby=\"e-n-accordion-item-1020\" class=\"elementor-element elementor-element-fd805b1 e-flex e-con-boxed e-con e-child\" data-id=\"fd805b1\" data-element_type=\"container\" data-e-type=\"container\">\n\t\t\t\t\t<div class=\"e-con-inner\">\n\t\t\t\t<div class=\"elementor-element elementor-element-ca7058c elementor-widget elementor-widget-text-editor\" data-id=\"ca7058c\" data-element_type=\"widget\" data-e-type=\"widget\" data-widget_type=\"text-editor.default\">\n\t\t\t\t\t\t\t\t\t<p data-renderer-start-pos=\"836\">Vous pourrez trouver le guide au point de rencontre avec l'accr\u00e9ditation officielle du guide. Vous pouvez demander Valencia&amp;Go et, au cas o\u00f9 vous ne le trouveriez pas, vous pouvez nous contacter directement par whatsapp pour vous donner des indications pr\u00e9cises.<\/p><ul class=\"ak-ul\" data-indent-level=\"1\"><li><p data-renderer-start-pos=\"1098\">H\u00f4tel NH : le bus s'arr\u00eate \u00e0 la porte de l'h\u00f4tel<\/p><\/li><li><p data-renderer-start-pos=\"1146\">Tours Serranos : attendre sur l'escalier menant aux tours<\/p><\/li><li><p data-renderer-start-pos=\"1214\">Cit\u00e9 de la Justice : arr\u00eat de bus rouge devant le b\u00e2timent<\/p><\/li><\/ul>\t\t\t\t\t\t\t\t<\/div>\n\t\t\t\t\t<\/div>\n\t\t\t\t<\/div>\n\t\t\t\t<\/div>\n\t\t\t\t\t<\/details>\n\t\t\t\t\t\t<details id=\"e-n-accordion-item-1021\" class=\"e-n-accordion-item\" >\n\t\t\t\t<summary class=\"e-n-accordion-item-title\" data-accordion-index=\"2\" tabindex=\"-1\" aria-expanded=\"false\" aria-controls=\"e-n-accordion-item-1021\" >\n\t\t\t\t\t<span class='e-n-accordion-item-title-header'><div class=\"e-n-accordion-item-title-text\"> Qu'ai-je r\u00e9serv\u00e9 ? <\/div><\/span>\n\t\t\t\t\t\t\t<span class='e-n-accordion-item-title-icon'>\n\t\t\t<span class='e-opened' ><svg aria-hidden=\"true\" class=\"e-font-icon-svg e-fas-minus\" viewbox=\"0 0 448 512\" xmlns=\"http:\/\/www.w3.org\/2000\/svg\"><path d=\"M416 208H32c-17.67 0-32 14.33-32 32v32c0 17.67 14.33 32 32 32h384c17.67 0 32-14.33 32-32v-32c0-17.67-14.33-32-32-32z\"><\/path><\/svg><\/span>\n\t\t\t<span class='e-closed'><svg aria-hidden=\"true\" class=\"e-font-icon-svg e-fas-plus\" viewbox=\"0 0 448 512\" xmlns=\"http:\/\/www.w3.org\/2000\/svg\"><path d=\"M416 208H272V64c0-17.67-14.33-32-32-32h-32c-17.67 0-32 14.33-32 32v144H32c-17.67 0-32 14.33-32 32v32c0 17.67 14.33 32 32 32h144v144c0 17.67 14.33 32 32 32h32c17.67 0 32-14.33 32-32V304h144c17.67 0 32-14.33 32-32v-32c0-17.67-14.33-32-32-32z\"><\/path><\/svg><\/span>\n\t\t<\/span>\n\n\t\t\t\t\t\t<\/summary>\n\t\t\t\t<div role=\"region\" aria-labelledby=\"e-n-accordion-item-1021\" class=\"elementor-element elementor-element-ac91ef3 e-con-full e-flex e-con e-child\" data-id=\"ac91ef3\" data-element_type=\"container\" data-e-type=\"container\">\n\t\t\t\t<div class=\"elementor-element elementor-element-a54f58a elementor-widget elementor-widget-text-editor\" data-id=\"a54f58a\" data-element_type=\"widget\" data-e-type=\"widget\" data-widget_type=\"text-editor.default\">\n\t\t\t\t\t\t\t\t\t<p><span style=\"font-weight: 400;\">Vous avez r\u00e9serv\u00e9 une exp\u00e9rience dans un atelier de Fallas avec une explication du processus d'artisanat, une visite guid\u00e9e et une activit\u00e9 immersive \u2018cr\u00e9ez votre propre ninot\u2019.<\/span><\/p>\t\t\t\t\t\t\t\t<\/div>\n\t\t\t\t<\/div>\n\t\t\t\t\t<\/details>\n\t\t\t\t\t\t<details id=\"e-n-accordion-item-1022\" class=\"e-n-accordion-item\" >\n\t\t\t\t<summary class=\"e-n-accordion-item-title\" data-accordion-index=\"3\" tabindex=\"-1\" aria-expanded=\"false\" aria-controls=\"e-n-accordion-item-1022\" >\n\t\t\t\t\t<span class='e-n-accordion-item-title-header'><div class=\"e-n-accordion-item-title-text\"> Politique d\u2019annulation <\/div><\/span>\n\t\t\t\t\t\t\t<span class='e-n-accordion-item-title-icon'>\n\t\t\t<span class='e-opened' ><svg aria-hidden=\"true\" class=\"e-font-icon-svg e-fas-minus\" viewbox=\"0 0 448 512\" xmlns=\"http:\/\/www.w3.org\/2000\/svg\"><path d=\"M416 208H32c-17.67 0-32 14.33-32 32v32c0 17.67 14.33 32 32 32h384c17.67 0 32-14.33 32-32v-32c0-17.67-14.33-32-32-32z\"><\/path><\/svg><\/span>\n\t\t\t<span class='e-closed'><svg aria-hidden=\"true\" class=\"e-font-icon-svg e-fas-plus\" viewbox=\"0 0 448 512\" xmlns=\"http:\/\/www.w3.org\/2000\/svg\"><path d=\"M416 208H272V64c0-17.67-14.33-32-32-32h-32c-17.67 0-32 14.33-32 32v144H32c-17.67 0-32 14.33-32 32v32c0 17.67 14.33 32 32 32h144v144c0 17.67 14.33 32 32 32h32c17.67 0 32-14.33 32-32V304h144c17.67 0 32-14.33 32-32v-32c0-17.67-14.33-32-32-32z\"><\/path><\/svg><\/span>\n\t\t<\/span>\n\n\t\t\t\t\t\t<\/summary>\n\t\t\t\t<div role=\"region\" aria-labelledby=\"e-n-accordion-item-1022\" class=\"elementor-element elementor-element-3b11af8 e-con-full e-flex e-con e-child\" data-id=\"3b11af8\" data-element_type=\"container\" data-e-type=\"container\">\n\t\t\t\t<div class=\"elementor-element elementor-element-5c545f7 elementor-widget elementor-widget-text-editor\" data-id=\"5c545f7\" data-element_type=\"widget\" data-e-type=\"widget\" data-widget_type=\"text-editor.default\">\n\t\t\t\t\t\t\t\t\t<p><span style=\"font-weight: 400;\">Vous pouvez annuler gratuitement dans le d\u00e9lai indiqu\u00e9 sur la fiche du produit. Pass\u00e9 ce d\u00e9lai ou en cas de non-pr\u00e9sentation, aucun remboursement ne sera effectu\u00e9.<\/span><\/p>\t\t\t\t\t\t\t\t<\/div>\n\t\t\t\t<\/div>\n\t\t\t\t\t<\/details>\n\t\t\t\t\t<\/div>\n\t\t\t\t\t\t<\/div>\n\t\t\t\t<\/div>\n\t\t\t\t\t<\/div>\n\t\t\t\t<\/div>\n\t\t\t\t<\/div>","protected":false},"excerpt":{"rendered":"<p class=\" translation-block\">De l'esquisse \u00e0 la Falla : <strong>Vivez la cr\u00e9ation d'un ninot avec les Artistas Falleros<\/strong>.<\/p>","protected":false},"featured_media":5730,"template":"","meta":{"_acf_changed":false},"product_cat":[19],"product_tag":[],"class_list":{"0":"post-4235","1":"product","2":"type-product","3":"status-publish","4":"has-post-thumbnail","6":"product_cat-excursiones","8":"first","9":"instock","10":"virtual","11":"sold-individually","12":"taxable","13":"purchasable","14":"product-type-turitop"},"acf":[],"yoast_head":"<!-- This site is optimized with the Yoast SEO plugin v27.5 - https:\/\/yoast.com\/product\/yoast-seo-wordpress\/ -->\n<title>Taller fallero en Valencia: taller con artistas falleros | Valencia&amp;Go<\/title>\n<meta name=\"description\" content=\"Vive las Fallas todo el a\u00f1o: visita al Museo del Artista Fallero y crea tu propio ninot en un taller con artistas falleros. \u00a1Reserva tu plaza!\" \/>\n<meta name=\"robots\" content=\"noindex, follow, max-snippet:-1, max-image-preview:large, max-video-preview:-1\" \/>\n<meta property=\"og:locale\" content=\"fr_FR\" \/>\n<meta property=\"og:type\" content=\"article\" \/>\n<meta property=\"og:title\" content=\"Taller fallero en Valencia: taller con artistas falleros | Valencia&amp;Go\" \/>\n<meta property=\"og:description\" content=\"Vive las Fallas todo el a\u00f1o: visita al Museo del Artista Fallero y crea tu propio ninot en un taller con artistas falleros. \u00a1Reserva tu plaza!\" \/>\n<meta property=\"og:url\" content=\"https:\/\/upgrade.valenciaandgo.com\/fr\/excursions\/atelier-toute-lannee-avec-les-artistes-fallas\/\" \/>\n<meta property=\"og:site_name\" content=\"Valencia&amp;Go\" \/>\n<meta property=\"article:publisher\" content=\"https:\/\/www.facebook.com\/valenciaandgo\/\" \/>\n<meta property=\"article:modified_time\" content=\"2026-04-24T23:03:07+00:00\" \/>\n<meta property=\"og:image\" content=\"https:\/\/upgrade.valenciaandgo.com\/wp-content\/uploads\/tours-excursiones\/06-taller-fallero\/taller-fallero.webp\" \/>\n\t<meta property=\"og:image:width\" content=\"920\" \/>\n\t<meta property=\"og:image:height\" content=\"688\" \/>\n\t<meta property=\"og:image:type\" content=\"image\/webp\" \/>\n<meta name=\"twitter:card\" content=\"summary_large_image\" \/>\n<meta name=\"twitter:label1\" content=\"Dur\u00e9e de lecture estim\u00e9e\" \/>\n\t<meta name=\"twitter:data1\" content=\"5 minutes\" \/>\n<script type=\"application\/ld+json\" class=\"yoast-schema-graph\">{\"@context\":\"https:\\\/\\\/schema.org\",\"@graph\":[{\"@type\":\"WebPage\",\"@id\":\"https:\\\/\\\/upgrade.valenciaandgo.com\\\/excursiones\\\/fallas-todo-el-ano-taller-con-artistas-falleros\\\/\",\"url\":\"https:\\\/\\\/upgrade.valenciaandgo.com\\\/excursiones\\\/fallas-todo-el-ano-taller-con-artistas-falleros\\\/\",\"name\":\"Taller fallero en Valencia: taller con artistas falleros | Valencia&Go\",\"isPartOf\":{\"@id\":\"https:\\\/\\\/upgrade.valenciaandgo.com\\\/it\\\/#website\"},\"primaryImageOfPage\":{\"@id\":\"https:\\\/\\\/upgrade.valenciaandgo.com\\\/excursiones\\\/fallas-todo-el-ano-taller-con-artistas-falleros\\\/#primaryimage\"},\"image\":{\"@id\":\"https:\\\/\\\/upgrade.valenciaandgo.com\\\/excursiones\\\/fallas-todo-el-ano-taller-con-artistas-falleros\\\/#primaryimage\"},\"thumbnailUrl\":\"https:\\\/\\\/upgrade.valenciaandgo.com\\\/wp-content\\\/uploads\\\/tours-excursiones\\\/06-taller-fallero\\\/taller-fallero.webp\",\"datePublished\":\"2026-01-12T14:53:40+00:00\",\"dateModified\":\"2026-04-24T23:03:07+00:00\",\"description\":\"Vive las Fallas todo el a\u00f1o: visita al Museo del Artista Fallero y crea tu propio ninot en un taller con artistas falleros. \u00a1Reserva tu plaza!\",\"breadcrumb\":{\"@id\":\"https:\\\/\\\/upgrade.valenciaandgo.com\\\/excursiones\\\/fallas-todo-el-ano-taller-con-artistas-falleros\\\/#breadcrumb\"},\"inLanguage\":\"fr-FR\",\"potentialAction\":[{\"@type\":\"ReadAction\",\"target\":[\"https:\\\/\\\/upgrade.valenciaandgo.com\\\/excursiones\\\/fallas-todo-el-ano-taller-con-artistas-falleros\\\/\"]}]},{\"@type\":\"ImageObject\",\"inLanguage\":\"fr-FR\",\"@id\":\"https:\\\/\\\/upgrade.valenciaandgo.com\\\/excursiones\\\/fallas-todo-el-ano-taller-con-artistas-falleros\\\/#primaryimage\",\"url\":\"https:\\\/\\\/upgrade.valenciaandgo.com\\\/wp-content\\\/uploads\\\/tours-excursiones\\\/06-taller-fallero\\\/taller-fallero.webp\",\"contentUrl\":\"https:\\\/\\\/upgrade.valenciaandgo.com\\\/wp-content\\\/uploads\\\/tours-excursiones\\\/06-taller-fallero\\\/taller-fallero.webp\",\"width\":920,\"height\":688,\"caption\":\"Pintando nintos en el taller fallero\"},{\"@type\":\"BreadcrumbList\",\"@id\":\"https:\\\/\\\/upgrade.valenciaandgo.com\\\/excursiones\\\/fallas-todo-el-ano-taller-con-artistas-falleros\\\/#breadcrumb\",\"itemListElement\":[{\"@type\":\"ListItem\",\"position\":1,\"name\":\"Portada\",\"item\":\"https:\\\/\\\/upgrade.valenciaandgo.com\\\/\"},{\"@type\":\"ListItem\",\"position\":2,\"name\":\"Tours\",\"item\":\"https:\\\/\\\/upgrade.valenciaandgo.com\\\/tours\\\/\"},{\"@type\":\"ListItem\",\"position\":3,\"name\":\"Fallas todo el a\u00f1o: taller con artistas falleros\"}]},{\"@type\":\"WebSite\",\"@id\":\"https:\\\/\\\/upgrade.valenciaandgo.com\\\/it\\\/#website\",\"url\":\"https:\\\/\\\/upgrade.valenciaandgo.com\\\/it\\\/\",\"name\":\"Valencia&Go\",\"description\":\"Tours por Valencia y alrededores de ciudad.\",\"publisher\":{\"@id\":\"https:\\\/\\\/upgrade.valenciaandgo.com\\\/it\\\/#organization\"},\"potentialAction\":[{\"@type\":\"SearchAction\",\"target\":{\"@type\":\"EntryPoint\",\"urlTemplate\":\"https:\\\/\\\/upgrade.valenciaandgo.com\\\/it\\\/?s={search_term_string}\"},\"query-input\":{\"@type\":\"PropertyValueSpecification\",\"valueRequired\":true,\"valueName\":\"search_term_string\"}}],\"inLanguage\":\"fr-FR\"},{\"@type\":\"Organization\",\"@id\":\"https:\\\/\\\/upgrade.valenciaandgo.com\\\/it\\\/#organization\",\"name\":\"Valencia&Go\",\"url\":\"https:\\\/\\\/upgrade.valenciaandgo.com\\\/it\\\/\",\"logo\":{\"@type\":\"ImageObject\",\"inLanguage\":\"fr-FR\",\"@id\":\"https:\\\/\\\/upgrade.valenciaandgo.com\\\/it\\\/#\\\/schema\\\/logo\\\/image\\\/\",\"url\":\"https:\\\/\\\/upgrade.valenciaandgo.com\\\/wp-content\\\/uploads\\\/2025\\\/10\\\/valencia_go-svg-blnc-iso-naranja.svg\",\"contentUrl\":\"https:\\\/\\\/upgrade.valenciaandgo.com\\\/wp-content\\\/uploads\\\/2025\\\/10\\\/valencia_go-svg-blnc-iso-naranja.svg\",\"width\":434,\"height\":102,\"caption\":\"Valencia&Go\"},\"image\":{\"@id\":\"https:\\\/\\\/upgrade.valenciaandgo.com\\\/it\\\/#\\\/schema\\\/logo\\\/image\\\/\"},\"sameAs\":[\"https:\\\/\\\/www.facebook.com\\\/valenciaandgo\\\/\",\"https:\\\/\\\/www.instagram.com\\\/valenciaandgo\",\"https:\\\/\\\/www.linkedin.com\\\/company\\\/valencia-go\\\/\",\"https:\\\/\\\/www.tiktok.com\\\/@valenciaandgo\"]}]}<\/script>\n<!-- \/ Yoast SEO plugin. -->","yoast_head_json":{"title":"Atelier des Fallas \u00e0 Valence : atelier avec des artistes fallero | Valencia&amp;Go","description":"Vivez les Fallas tout au long de l'ann\u00e9e : visitez le Museo del Artista Fallero et cr\u00e9ez votre propre ninot dans un atelier avec des artistes des Fallas. R\u00e9servez votre place !","robots":{"index":"noindex","follow":"follow","max-snippet":"max-snippet:-1","max-image-preview":"max-image-preview:large","max-video-preview":"max-video-preview:-1"},"og_locale":"fr_FR","og_type":"article","og_title":"Taller fallero en Valencia: taller con artistas falleros | Valencia&Go","og_description":"Vive las Fallas todo el a\u00f1o: visita al Museo del Artista Fallero y crea tu propio ninot en un taller con artistas falleros. \u00a1Reserva tu plaza!","og_url":"https:\/\/upgrade.valenciaandgo.com\/fr\/excursions\/atelier-toute-lannee-avec-les-artistes-fallas\/","og_site_name":"Valencia&amp;Go","article_publisher":"https:\/\/www.facebook.com\/valenciaandgo\/","article_modified_time":"2026-04-24T23:03:07+00:00","og_image":[{"width":920,"height":688,"url":"https:\/\/upgrade.valenciaandgo.com\/wp-content\/uploads\/tours-excursiones\/06-taller-fallero\/taller-fallero.webp","type":"image\/webp"}],"twitter_card":"summary_large_image","twitter_misc":{"Dur\u00e9e de lecture estim\u00e9e":"5 minutes"},"schema":{"@context":"https:\/\/schema.org","@graph":[{"@type":"WebPage","@id":"https:\/\/upgrade.valenciaandgo.com\/excursiones\/fallas-todo-el-ano-taller-con-artistas-falleros\/","url":"https:\/\/upgrade.valenciaandgo.com\/excursiones\/fallas-todo-el-ano-taller-con-artistas-falleros\/","name":"Atelier des Fallas \u00e0 Valence : atelier avec des artistes fallero | Valencia&amp;Go","isPartOf":{"@id":"https:\/\/upgrade.valenciaandgo.com\/it\/#website"},"primaryImageOfPage":{"@id":"https:\/\/upgrade.valenciaandgo.com\/excursiones\/fallas-todo-el-ano-taller-con-artistas-falleros\/#primaryimage"},"image":{"@id":"https:\/\/upgrade.valenciaandgo.com\/excursiones\/fallas-todo-el-ano-taller-con-artistas-falleros\/#primaryimage"},"thumbnailUrl":"https:\/\/upgrade.valenciaandgo.com\/wp-content\/uploads\/tours-excursiones\/06-taller-fallero\/taller-fallero.webp","datePublished":"2026-01-12T14:53:40+00:00","dateModified":"2026-04-24T23:03:07+00:00","description":"Vivez les Fallas tout au long de l'ann\u00e9e : visitez le Museo del Artista Fallero et cr\u00e9ez votre propre ninot dans un atelier avec des artistes des Fallas. R\u00e9servez votre place !","breadcrumb":{"@id":"https:\/\/upgrade.valenciaandgo.com\/excursiones\/fallas-todo-el-ano-taller-con-artistas-falleros\/#breadcrumb"},"inLanguage":"fr-FR","potentialAction":[{"@type":"ReadAction","target":["https:\/\/upgrade.valenciaandgo.com\/excursiones\/fallas-todo-el-ano-taller-con-artistas-falleros\/"]}]},{"@type":"ImageObject","inLanguage":"fr-FR","@id":"https:\/\/upgrade.valenciaandgo.com\/excursiones\/fallas-todo-el-ano-taller-con-artistas-falleros\/#primaryimage","url":"https:\/\/upgrade.valenciaandgo.com\/wp-content\/uploads\/tours-excursiones\/06-taller-fallero\/taller-fallero.webp","contentUrl":"https:\/\/upgrade.valenciaandgo.com\/wp-content\/uploads\/tours-excursiones\/06-taller-fallero\/taller-fallero.webp","width":920,"height":688,"caption":"Pintando nintos en el taller fallero"},{"@type":"BreadcrumbList","@id":"https:\/\/upgrade.valenciaandgo.com\/excursiones\/fallas-todo-el-ano-taller-con-artistas-falleros\/#breadcrumb","itemListElement":[{"@type":"ListItem","position":1,"name":"Portada","item":"https:\/\/upgrade.valenciaandgo.com\/"},{"@type":"ListItem","position":2,"name":"Tours","item":"https:\/\/upgrade.valenciaandgo.com\/tours\/"},{"@type":"ListItem","position":3,"name":"Fallas todo el a\u00f1o: taller con artistas falleros"}]},{"@type":"WebSite","@id":"https:\/\/upgrade.valenciaandgo.com\/it\/#website","url":"https:\/\/upgrade.valenciaandgo.com\/it\/","name":"Valencia&amp;Go","description":"Visites de Valence et de ses environs.","publisher":{"@id":"https:\/\/upgrade.valenciaandgo.com\/it\/#organization"},"potentialAction":[{"@type":"SearchAction","target":{"@type":"EntryPoint","urlTemplate":"https:\/\/upgrade.valenciaandgo.com\/it\/?s={search_term_string}"},"query-input":{"@type":"PropertyValueSpecification","valueRequired":true,"valueName":"search_term_string"}}],"inLanguage":"fr-FR"},{"@type":"Organization","@id":"https:\/\/upgrade.valenciaandgo.com\/it\/#organization","name":"Valencia&amp;Go","url":"https:\/\/upgrade.valenciaandgo.com\/it\/","logo":{"@type":"ImageObject","inLanguage":"fr-FR","@id":"https:\/\/upgrade.valenciaandgo.com\/it\/#\/schema\/logo\/image\/","url":"https:\/\/upgrade.valenciaandgo.com\/wp-content\/uploads\/2025\/10\/valencia_go-svg-blnc-iso-naranja.svg","contentUrl":"https:\/\/upgrade.valenciaandgo.com\/wp-content\/uploads\/2025\/10\/valencia_go-svg-blnc-iso-naranja.svg","width":434,"height":102,"caption":"Valencia&Go"},"image":{"@id":"https:\/\/upgrade.valenciaandgo.com\/it\/#\/schema\/logo\/image\/"},"sameAs":["https:\/\/www.facebook.com\/valenciaandgo\/","https:\/\/www.instagram.com\/valenciaandgo","https:\/\/www.linkedin.com\/company\/valencia-go\/","https:\/\/www.tiktok.com\/@valenciaandgo"]}]}},"_links":{"self":[{"href":"https:\/\/upgrade.valenciaandgo.com\/fr\/wp-json\/wp\/v2\/product\/4235","targetHints":{"allow":["GET"]}}],"collection":[{"href":"https:\/\/upgrade.valenciaandgo.com\/fr\/wp-json\/wp\/v2\/product"}],"about":[{"href":"https:\/\/upgrade.valenciaandgo.com\/fr\/wp-json\/wp\/v2\/types\/product"}],"version-history":[{"count":0,"href":"https:\/\/upgrade.valenciaandgo.com\/fr\/wp-json\/wp\/v2\/product\/4235\/revisions"}],"wp:featuredmedia":[{"embeddable":true,"href":"https:\/\/upgrade.valenciaandgo.com\/fr\/wp-json\/wp\/v2\/media\/5730"}],"wp:attachment":[{"href":"https:\/\/upgrade.valenciaandgo.com\/fr\/wp-json\/wp\/v2\/media?parent=4235"}],"wp:term":[{"taxonomy":"product_cat","embeddable":true,"href":"https:\/\/upgrade.valenciaandgo.com\/fr\/wp-json\/wp\/v2\/product_cat?post=4235"},{"taxonomy":"product_tag","embeddable":true,"href":"https:\/\/upgrade.valenciaandgo.com\/fr\/wp-json\/wp\/v2\/product_tag?post=4235"}],"curies":[{"name":"wp","href":"https:\/\/api.w.org\/{rel}","templated":true}]}}