{"id":1117,"date":"2025-11-05T15:44:58","date_gmt":"2025-11-05T15:44:58","guid":{"rendered":"https:\/\/new.valenciaandgo.com\/?post_type=product&#038;p=1117"},"modified":"2026-04-24T09:11:21","modified_gmt":"2026-04-24T09:11:21","slug":"excursion-aux-grottes-de-san-jose","status":"publish","type":"product","link":"https:\/\/upgrade.valenciaandgo.com\/fr\/excursiones\/excursion-a-las-cuevas-de-san-jose\/","title":{"rendered":"Excursion aux grottes de San Jos\u00e9"},"content":{"rendered":"<div data-elementor-type=\"wp-post\" data-elementor-id=\"1117\" class=\"elementor elementor-1117\" data-elementor-post-type=\"product\">\n\t\t\t\t<div class=\"elementor-element elementor-element-54a91c5 e-flex e-con-boxed e-con e-parent\" data-id=\"54a91c5\" data-element_type=\"container\" data-e-type=\"container\" data-settings=\"{&quot;background_background&quot;:&quot;classic&quot;}\">\n\t\t\t\t\t<div class=\"e-con-inner\">\n\t\t\t\t<div class=\"elementor-element elementor-element-51af164 elementor-widget elementor-widget-text-editor\" data-id=\"51af164\" data-element_type=\"widget\" data-e-type=\"widget\" data-widget_type=\"text-editor.default\">\n\t\t\t\t\t\t\t\t\t<p class=\" translation-block\">Plongez dans le <strong>c\u0153ur de la terre<\/strong> pour d\u00e9couvrir la <strong>beaut\u00e9 cach\u00e9e des grottes de San Jos\u00e9<\/strong>.<\/p>\t\t\t\t\t\t\t\t<\/div>\n\t\t\t\t<div class=\"elementor-element elementor-element-18716518 elementor-widget elementor-widget-heading\" data-id=\"18716518\" data-element_type=\"widget\" data-e-type=\"widget\" data-widget_type=\"heading.default\">\n\t\t\t\t\t<h3 class=\"elementor-heading-title elementor-size-default\">Points forts<\/h3>\t\t\t\t<\/div>\n\t\t\t\t<div class=\"elementor-element elementor-element-351a7c78 elementor-align-start elementor-icon-list--layout-traditional elementor-list-item-link-full_width elementor-widget elementor-widget-icon-list\" data-id=\"351a7c78\" data-element_type=\"widget\" data-e-type=\"widget\" data-widget_type=\"icon-list.default\">\n\t\t\t\t\t\t\t<ul class=\"elementor-icon-list-items\">\n\t\t\t\t\t\t\t<li class=\"elementor-icon-list-item\">\n\t\t\t\t\t\t\t\t\t\t\t<span class=\"elementor-icon-list-icon\">\n\t\t\t\t\t\t\t<svg aria-hidden=\"true\" class=\"e-font-icon-svg e-far-arrow-alt-circle-right\" viewbox=\"0 0 512 512\" xmlns=\"http:\/\/www.w3.org\/2000\/svg\"><path d=\"M504 256C504 119 393 8 256 8S8 119 8 256s111 248 248 248 248-111 248-248zm-448 0c0-110.5 89.5-200 200-200s200 89.5 200 200-89.5 200-200 200S56 366.5 56 256zm72 20v-40c0-6.6 5.4-12 12-12h116v-67c0-10.7 12.9-16 20.5-8.5l99 99c4.7 4.7 4.7 12.3 0 17l-99 99c-7.6 7.6-20.5 2.2-20.5-8.5v-67H140c-6.6 0-12-5.4-12-12z\"><\/path><\/svg>\t\t\t\t\t\t<\/span>\n\t\t\t\t\t\t\t\t\t\t<span class=\"elementor-icon-list-text\">Naviguer sur la plus longue rivi\u00e8re souterraine d'Europe <\/span>\n\t\t\t\t\t\t\t\t\t<\/li>\n\t\t\t\t\t\t\t\t<li class=\"elementor-icon-list-item\">\n\t\t\t\t\t\t\t\t\t\t\t<span class=\"elementor-icon-list-icon\">\n\t\t\t\t\t\t\t<svg aria-hidden=\"true\" class=\"e-font-icon-svg e-far-arrow-alt-circle-right\" viewbox=\"0 0 512 512\" xmlns=\"http:\/\/www.w3.org\/2000\/svg\"><path d=\"M504 256C504 119 393 8 256 8S8 119 8 256s111 248 248 248 248-111 248-248zm-448 0c0-110.5 89.5-200 200-200s200 89.5 200 200-89.5 200-200 200S56 366.5 56 256zm72 20v-40c0-6.6 5.4-12 12-12h116v-67c0-10.7 12.9-16 20.5-8.5l99 99c4.7 4.7 4.7 12.3 0 17l-99 99c-7.6 7.6-20.5 2.2-20.5-8.5v-67H140c-6.6 0-12-5.4-12-12z\"><\/path><\/svg>\t\t\t\t\t\t<\/span>\n\t\t\t\t\t\t\t\t\t\t<span class=\"elementor-icon-list-text\">Contemplez les vues incroyables du parc naturel de la Sierra de Espad\u00e1n. <\/span>\n\t\t\t\t\t\t\t\t\t<\/li>\n\t\t\t\t\t\t\t\t<li class=\"elementor-icon-list-item\">\n\t\t\t\t\t\t\t\t\t\t\t<span class=\"elementor-icon-list-icon\">\n\t\t\t\t\t\t\t<svg aria-hidden=\"true\" class=\"e-font-icon-svg e-far-arrow-alt-circle-right\" viewbox=\"0 0 512 512\" xmlns=\"http:\/\/www.w3.org\/2000\/svg\"><path d=\"M504 256C504 119 393 8 256 8S8 119 8 256s111 248 248 248 248-111 248-248zm-448 0c0-110.5 89.5-200 200-200s200 89.5 200 200-89.5 200-200 200S56 366.5 56 256zm72 20v-40c0-6.6 5.4-12 12-12h116v-67c0-10.7 12.9-16 20.5-8.5l99 99c4.7 4.7 4.7 12.3 0 17l-99 99c-7.6 7.6-20.5 2.2-20.5-8.5v-67H140c-6.6 0-12-5.4-12-12z\"><\/path><\/svg>\t\t\t\t\t\t<\/span>\n\t\t\t\t\t\t\t\t\t\t<span class=\"elementor-icon-list-text\">Profitez d'une vue p\u00e9riph\u00e9rique de la ville expliqu\u00e9e par un guide officiel.<\/span>\n\t\t\t\t\t\t\t\t\t<\/li>\n\t\t\t\t\t\t<\/ul>\n\t\t\t\t\t\t<\/div>\n\t\t\t\t<div class=\"elementor-element elementor-element-4040e39 elementor-widget-divider--view-line elementor-widget elementor-widget-divider\" data-id=\"4040e39\" data-element_type=\"widget\" data-e-type=\"widget\" data-widget_type=\"divider.default\">\n\t\t\t\t\t\t\t<div class=\"elementor-divider\">\n\t\t\t<span class=\"elementor-divider-separator\">\n\t\t\t\t\t\t<\/span>\n\t\t<\/div>\n\t\t\t\t\t\t<\/div>\n\t\t\t\t<div class=\"elementor-element elementor-element-644292e8 elementor-widget elementor-widget-heading\" data-id=\"644292e8\" data-element_type=\"widget\" data-e-type=\"widget\" data-widget_type=\"heading.default\">\n\t\t\t\t\t<h3 class=\"elementor-heading-title elementor-size-default\">Description<\/h3>\t\t\t\t<\/div>\n\t\t\t\t<div class=\"elementor-element elementor-element-26ccae22 elementor-widget elementor-widget-text-editor\" data-id=\"26ccae22\" data-element_type=\"widget\" data-e-type=\"widget\" data-widget_type=\"text-editor.default\">\n\t\t\t\t\t\t\t\t\t<p class=\" translation-block\"><strong>Les Grottes de San Jos\u00e9 \u00e0 Valence : une merveille naturelle pleine de myst\u00e8res<\/strong><br>Situ\u00e9es au c\u0153ur de la Vall d'Uix\u00f3, les Grottes de San Jos\u00e9 forment un <strong>spectacle naturel \u00e0 nul autre pareil<\/strong>. Ce r\u00e9seau de grottes abrite la <strong>plus longue rivi\u00e8re souterraine navigable d'Europe<\/strong>, d'une longueur de <strong>3000 m\u00e8tres<\/strong>, o\u00f9 l'histoire et la g\u00e9ologie se confondent pour cr\u00e9er un paysage de r\u00eave.<\/p><p class=\" translation-block\">Le parcours de la visite sera de 1 kilom\u00e8tre : <strong>850 m\u00e8tres en bateau<\/strong>, accompagn\u00e9 d'un batelier-guide professionnel, et <strong>250 m\u00e8tres \u00e0 pied<\/strong>. A l'int\u00e9rieur, vous d\u00e9couvrirez de grandes galeries, des plafonds couverts de stalactites et des espaces appel\u00e9s <strong>la cath\u00e9drale<\/strong> ou la <strong>salle des chauves-souris<\/strong>.<\/p><p class=\" translation-block\">Nous vous ferons d\u00e9couvrir les origines des grottes de San Jos\u00e9 et leur \u00e9volution au fil des ans. En outre, vous pourrez contempler des vues impressionnantes du parc naturel de la Sierra de Espad\u00e1n depuis un ancien village ib\u00e9rique situ\u00e9 juste au-dessus de l'entr\u00e9e des grottes.<\/p><p class=\" translation-block\">Les grottes de San Jos\u00e9 sont un <strong>tr\u00e9sor cach\u00e9<\/strong> dans les profondeurs avec de nombreux myst\u00e8res encore \u00e0 r\u00e9soudre. Osez y p\u00e9n\u00e9trer avec Valencia&amp;Go. Votre aventure commence ici !<\/p><p class=\" translation-block\"><strong>Transport et billets pour les Grottes de San Jos\u00e9 inclus<\/strong><br>Nous nous occupons de tout pour que vous puissiez profiter d'une journ\u00e9e sans soucis.<\/p>\t\t\t\t\t\t\t\t<\/div>\n\t\t\t\t<div class=\"elementor-element elementor-element-5f9709ed elementor-widget-divider--view-line elementor-widget elementor-widget-divider\" data-id=\"5f9709ed\" data-element_type=\"widget\" data-e-type=\"widget\" data-widget_type=\"divider.default\">\n\t\t\t\t\t\t\t<div class=\"elementor-divider\">\n\t\t\t<span class=\"elementor-divider-separator\">\n\t\t\t\t\t\t<\/span>\n\t\t<\/div>\n\t\t\t\t\t\t<\/div>\n\t\t\t\t<div class=\"elementor-element elementor-element-65609295 elementor-widget elementor-widget-heading\" data-id=\"65609295\" data-element_type=\"widget\" data-e-type=\"widget\" data-widget_type=\"heading.default\">\n\t\t\t\t\t<h3 class=\"elementor-heading-title elementor-size-default\">Informations importantes<\/h3>\t\t\t\t<\/div>\n\t\t\t\t<div class=\"elementor-element elementor-element-5492a401 elementor-widget elementor-widget-text-editor\" data-id=\"5492a401\" data-element_type=\"widget\" data-e-type=\"widget\" data-widget_type=\"text-editor.default\">\n\t\t\t\t\t\t\t\t\t<p class=\" translation-block\">L'heure de la <strong>collecte<\/strong> <strong>est approximative<\/strong> ; nous enverrons un message via Whatsapp la veille de l'activit\u00e9 pour confirmer l'heure et le lieu.<\/p><p class=\" translation-block\">Il est essentiel de <strong>fournir un num\u00e9ro de t\u00e9l\u00e9phone valide<\/strong> ; nous ne pouvons \u00eatre tenus pour responsables si le num\u00e9ro comporte des erreurs et que l'information n'est pas re\u00e7ue.<\/p><p class=\" translation-block\">Nous vous sugg\u00e9rons de t\u00e9l\u00e9charger <strong>Whatsapp<\/strong>, une application gratuite et facile \u00e0 utiliser. Si vous ne disposez pas de WhatsApp, nous vous enverrons les informations par courrier \u00e9lectronique afin d'en garantir la r\u00e9ception.<\/p><p>Veuillez noter que le <strong>guide batelier<\/strong> ne parle normalement ni l'anglais ni l'italien.<\/p>\t\t\t\t\t\t\t\t<\/div>\n\t\t\t\t<div class=\"elementor-element elementor-element-6bc59b8a elementor-widget-divider--view-line elementor-widget elementor-widget-divider\" data-id=\"6bc59b8a\" data-element_type=\"widget\" data-e-type=\"widget\" data-widget_type=\"divider.default\">\n\t\t\t\t\t\t\t<div class=\"elementor-divider\">\n\t\t\t<span class=\"elementor-divider-separator\">\n\t\t\t\t\t\t<\/span>\n\t\t<\/div>\n\t\t\t\t\t\t<\/div>\n\t\t\t\t<div class=\"elementor-element elementor-element-6ef07322 elementor-widget elementor-widget-heading\" data-id=\"6ef07322\" data-element_type=\"widget\" data-e-type=\"widget\" data-widget_type=\"heading.default\">\n\t\t\t\t\t<h3 class=\"elementor-heading-title elementor-size-default\">Point de rencontre<\/h3>\t\t\t\t<\/div>\n\t\t\t\t<div class=\"elementor-element elementor-element-50b6f3a6 elementor-widget elementor-widget-text-editor\" data-id=\"50b6f3a6\" data-element_type=\"widget\" data-e-type=\"widget\" data-widget_type=\"text-editor.default\">\n\t\t\t\t\t\t\t\t\t<p><strong>Le matin (tous les jours) :<\/strong><\/p><p>Choisissez le point de collecte le plus proche de chez vous :<\/p><ul><li><strong>8:00h<\/strong> - H\u00f4tel NH Valencia Center<\/li><li class=\" translation-block\">&lt;8:15h<\/strong> - Tours Serranos (\u00e0 c\u00f4t\u00e9 des escaliers menant aux tours)<\/li><li><strong>8:30h<\/strong> - En face de la Cit\u00e9 de la Justice (pr\u00e8s de la Cit\u00e9 des Arts et des Sciences), Avenida del Profesor L\u00f3pez Pi\u00f1ero, 14<\/li><\/ul><p><strong>L'apr\u00e8s-midi (mardi et vendredi uniquement) :<\/strong><br \/>Nous partons un peu plus tard, ce qui est id\u00e9al si vous pr\u00e9f\u00e9rez vous reposer.<\/p><ul><li><strong>13:00h<\/strong> - H\u00f4tel NH Valencia Center<\/li><li><strong>13:15h<\/strong> - Tours Serranos (\u00e0 c\u00f4t\u00e9 des escaliers menant aux tours)<\/li><li><strong>13:30h<\/strong> - En face de la Cit\u00e9 de la Justice (pr\u00e8s de la Cit\u00e9 des Arts et des Sciences), Avenida del Profesor L\u00f3pez Pi\u00f1ero, 14<\/li><\/ul><p>N'oubliez pas d'indiquer votre point de ramassage pr\u00e9f\u00e9r\u00e9 lors de la r\u00e9servation.<\/p><p class=\" translation-block\">Apr\u00e8s un trajet de <strong>45 minutes<\/strong>, vous arriverez aux portes du <strong>parc naturel de la Sierra de Espad\u00e1n<\/strong> : les grottes de San Jos\u00e9 sont l'une des entr\u00e9es de cette zone naturelle.<\/p>\t\t\t\t\t\t\t\t<\/div>\n\t\t\t\t<div class=\"elementor-element elementor-element-56eeb18c elementor-widget-divider--view-line elementor-widget elementor-widget-divider\" data-id=\"56eeb18c\" data-element_type=\"widget\" data-e-type=\"widget\" data-widget_type=\"divider.default\">\n\t\t\t\t\t\t\t<div class=\"elementor-divider\">\n\t\t\t<span class=\"elementor-divider-separator\">\n\t\t\t\t\t\t<\/span>\n\t\t<\/div>\n\t\t\t\t\t\t<\/div>\n\t\t\t\t<div class=\"elementor-element elementor-element-c9a9fa9 elementor-widget elementor-widget-heading\" data-id=\"c9a9fa9\" data-element_type=\"widget\" data-e-type=\"widget\" data-widget_type=\"heading.default\">\n\t\t\t\t\t<h3 class=\"elementor-heading-title elementor-size-default\">Prise en charge au terminal de croisi\u00e8re<\/h3>\t\t\t\t<\/div>\n\t\t\t\t<div class=\"elementor-element elementor-element-3799752 elementor-widget elementor-widget-text-editor\" data-id=\"3799752\" data-element_type=\"widget\" data-e-type=\"widget\" data-widget_type=\"text-editor.default\">\n\t\t\t\t\t\t\t\t\t<p class=\" translation-block\"><strong>Visiter les Cuevas de San Jos\u00e9 depuis le terminal de croisi\u00e8re<\/strong><br>Si vous voyagez en croisi\u00e8re et que vous souhaitez visiter les Cuevas de San Jos\u00e9, <strong>Valencia&amp;Go<\/strong> vous offre la solution la plus rapide et la plus pratique.<\/p><p>Nos services comprennent<\/p><ul><li class=\" translation-block\"><strong>Accueil exclusif<\/strong> au terminal de croisi\u00e8re.<\/li><li class=\" translation-block\"><strong>Transport<\/strong> pour les petits groupes.<\/li><li class=\" translation-block\"><strong>Guide officiel local<\/strong>.<\/li><li><strong>Billets<\/strong> aux grottes de San Jos\u00e9.<\/li><li class=\" translation-block\"><strong>Une vue panoramique de 45 minutes sur Valence<\/strong> au retour de la visite des grottes.<\/li><\/ul><p>Embarquez pour une excursion d'un genre diff\u00e9rent dans l'une des zones naturelles les plus impressionnantes de la Communaut\u00e9 valencienne et d\u00e9couvrez la ville \u00e0 travers une vue panoramique de premier ordre avant de vous dire au revoir.<\/p>\t\t\t\t\t\t\t\t<\/div>\n\t\t\t\t<div class=\"elementor-element elementor-element-5d76ae6 elementor-widget elementor-widget-button\" data-id=\"5d76ae6\" data-element_type=\"widget\" data-e-type=\"widget\" data-widget_type=\"button.default\">\n\t\t\t\t\t\t\t\t\t\t<a class=\"elementor-button elementor-button-link elementor-size-sm\" href=\"https:\/\/upgrade.valenciaandgo.com\/fr\/excursiones-cruceros\/excursion-cruceros-a-las-cuevas-de-san-jose\/\">\n\t\t\t\t\t\t<span class=\"elementor-button-content-wrapper\">\n\t\t\t\t\t\t<span class=\"elementor-button-icon\">\n\t\t\t\t<svg xmlns=\"http:\/\/www.w3.org\/2000\/svg\" xmlns:xlink=\"http:\/\/www.w3.org\/1999\/xlink\" id=\"Capa_1\" x=\"0px\" y=\"0px\" viewbox=\"0 0 134.197 134.197\" style=\"enable-background:new 0 0 134.197 134.197;\" xml:space=\"preserve\"><g id=\"XMLID_1861_\">\t<path id=\"XMLID_1924_\" style=\"fill:#FFFFFF;\" d=\"M67.104,52.764c-5.2,0-9.41,4.21-9.41,9.4c0,5.2,4.21,9.41,9.41,9.41  s9.41-4.21,9.41-9.41C76.514,56.974,72.304,52.764,67.104,52.764z\"><\/path>\t<path id=\"XMLID_1863_\" style=\"fill:#FFFFFF;\" d=\"M83.124,35.578c0,0,9.629-5.857,11.501-10.606  c2.176-5.521-1.749-10.24-2.695-9.416c-6.833,6.121-5.237,6.182-6.253,9.335c-1.017,3.142-4.922,9.396-4.922,9.396  c-4.128-2.024-8.755-3.162-13.656-3.162c-17.144,0-31.044,13.9-31.044,31.044c0,26.316,31.044,57.604,31.044,57.604  s31.054-31.288,31.054-57.604C98.153,50.892,92.133,41.019,83.124,35.578z M67.099,81.702c-10.789,0-19.533-8.735-19.533-19.533  c0-10.778,8.745-19.533,19.533-19.533c10.789,0,19.534,8.755,19.534,19.533C86.632,72.968,77.887,81.702,67.099,81.702z\"><\/path>\t<path id=\"XMLID_1862_\" style=\"fill:#FFFFFF;\" d=\"M133.784,37.838c-9.248-15.488-18.396-15.023-26.396-13.7  c-7.642,1.788-14.242,5.042-14.242,5.042s5.048,8.262,11.577,11.8C111.842,45.291,120.88,44.537,133.784,37.838z\"><\/path><\/g><\/svg>\t\t\t<\/span>\n\t\t\t\t\t\t\t\t\t<span class=\"elementor-button-text\">POUR EN SAVOIR PLUS, CLIQUEZ ICI<\/span>\n\t\t\t\t\t<\/span>\n\t\t\t\t\t<\/a>\n\t\t\t\t\t\t\t\t<\/div>\n\t\t\t\t<div class=\"elementor-element elementor-element-1ae003c elementor-widget-divider--view-line elementor-widget elementor-widget-divider\" data-id=\"1ae003c\" data-element_type=\"widget\" data-e-type=\"widget\" data-widget_type=\"divider.default\">\n\t\t\t\t\t\t\t<div class=\"elementor-divider\">\n\t\t\t<span class=\"elementor-divider-separator\">\n\t\t\t\t\t\t<\/span>\n\t\t<\/div>\n\t\t\t\t\t\t<\/div>\n\t\t\t\t<div class=\"elementor-element elementor-element-41334269 elementor-widget elementor-widget-heading\" data-id=\"41334269\" data-element_type=\"widget\" data-e-type=\"widget\" data-widget_type=\"heading.default\">\n\t\t\t\t\t<h3 class=\"elementor-heading-title elementor-size-default\">Questions fr\u00e9quentes<\/h3>\t\t\t\t<\/div>\n\t\t\t\t\t<\/div>\n\t\t\t\t<\/div>\n\t\t<div class=\"elementor-element elementor-element-1fd0a7f e-flex e-con-boxed e-con e-parent\" data-id=\"1fd0a7f\" data-element_type=\"container\" data-e-type=\"container\" data-settings=\"{&quot;background_background&quot;:&quot;classic&quot;}\">\n\t\t\t\t\t<div class=\"e-con-inner\">\n\t\t<div class=\"elementor-element elementor-element-ac86ebe e-con-full e-flex e-con e-child\" data-id=\"ac86ebe\" data-element_type=\"container\" data-e-type=\"container\">\n\t\t\t\t<div class=\"elementor-element elementor-element-86a7322 faq-desplegable elementor-widget elementor-widget-n-accordion\" data-id=\"86a7322\" data-element_type=\"widget\" data-e-type=\"widget\" data-settings=\"{&quot;default_state&quot;:&quot;all_collapsed&quot;,&quot;max_items_expended&quot;:&quot;multiple&quot;,&quot;n_accordion_animation_duration&quot;:{&quot;unit&quot;:&quot;ms&quot;,&quot;size&quot;:400,&quot;sizes&quot;:[]}}\" data-widget_type=\"nested-accordion.default\">\n\t\t\t\t\t\t\t<div class=\"e-n-accordion\" aria-label=\"Accord\u00e9on. Ouvrez les liens avec Enter ou Space, fermez-les avec Escape et naviguez avec les touches fl\u00e9ch\u00e9es.\">\n\t\t\t\t\t\t<details id=\"e-n-accordion-item-1410\" class=\"e-n-accordion-item\" >\n\t\t\t\t<summary class=\"e-n-accordion-item-title\" data-accordion-index=\"1\" tabindex=\"0\" aria-expanded=\"false\" aria-controls=\"e-n-accordion-item-1410\" >\n\t\t\t\t\t<span class='e-n-accordion-item-title-header'><div class=\"e-n-accordion-item-title-text\"> Comment reconna\u00eetrai-je le guide? <\/div><\/span>\n\t\t\t\t\t\t\t<span class='e-n-accordion-item-title-icon'>\n\t\t\t<span class='e-opened' ><svg aria-hidden=\"true\" class=\"e-font-icon-svg e-fas-minus\" viewbox=\"0 0 448 512\" xmlns=\"http:\/\/www.w3.org\/2000\/svg\"><path d=\"M416 208H32c-17.67 0-32 14.33-32 32v32c0 17.67 14.33 32 32 32h384c17.67 0 32-14.33 32-32v-32c0-17.67-14.33-32-32-32z\"><\/path><\/svg><\/span>\n\t\t\t<span class='e-closed'><svg aria-hidden=\"true\" class=\"e-font-icon-svg e-fas-plus\" viewbox=\"0 0 448 512\" xmlns=\"http:\/\/www.w3.org\/2000\/svg\"><path d=\"M416 208H272V64c0-17.67-14.33-32-32-32h-32c-17.67 0-32 14.33-32 32v144H32c-17.67 0-32 14.33-32 32v32c0 17.67 14.33 32 32 32h144v144c0 17.67 14.33 32 32 32h32c17.67 0 32-14.33 32-32V304h144c17.67 0 32-14.33 32-32v-32c0-17.67-14.33-32-32-32z\"><\/path><\/svg><\/span>\n\t\t<\/span>\n\n\t\t\t\t\t\t<\/summary>\n\t\t\t\t<div role=\"region\" aria-labelledby=\"e-n-accordion-item-1410\" class=\"elementor-element elementor-element-7f0124d e-con-full e-flex e-con e-child\" data-id=\"7f0124d\" data-element_type=\"container\" data-e-type=\"container\">\n\t\t<div role=\"region\" aria-labelledby=\"e-n-accordion-item-1410\" class=\"elementor-element elementor-element-c0c3f86 e-flex e-con-boxed e-con e-child\" data-id=\"c0c3f86\" data-element_type=\"container\" data-e-type=\"container\">\n\t\t\t\t\t<div class=\"e-con-inner\">\n\t\t\t\t<div class=\"elementor-element elementor-element-5f05c2b elementor-widget elementor-widget-text-editor\" data-id=\"5f05c2b\" data-element_type=\"widget\" data-e-type=\"widget\" data-widget_type=\"text-editor.default\">\n\t\t\t\t\t\t\t\t\t<p data-renderer-start-pos=\"836\">Vous pourrez trouver le guide au point de rencontre avec l'accr\u00e9ditation officielle du guide. Vous pouvez demander Valencia&amp;Go et, au cas o\u00f9 vous ne le trouveriez pas, vous pouvez nous contacter directement par whatsapp pour vous donner des indications pr\u00e9cises.<\/p><ul class=\"ak-ul\" data-indent-level=\"1\"><li><p data-renderer-start-pos=\"1098\">H\u00f4tel NH : le bus s'arr\u00eate \u00e0 la porte de l'h\u00f4tel<\/p><\/li><li><p data-renderer-start-pos=\"1146\">Tours Serranos : attendre sur l'escalier menant aux tours<\/p><\/li><li><p data-renderer-start-pos=\"1214\">Cit\u00e9 de la Justice : arr\u00eat de bus rouge devant le b\u00e2timent<\/p><\/li><\/ul>\t\t\t\t\t\t\t\t<\/div>\n\t\t\t\t\t<\/div>\n\t\t\t\t<\/div>\n\t\t\t\t<\/div>\n\t\t\t\t\t<\/details>\n\t\t\t\t\t\t<details id=\"e-n-accordion-item-1411\" class=\"e-n-accordion-item\" >\n\t\t\t\t<summary class=\"e-n-accordion-item-title\" data-accordion-index=\"2\" tabindex=\"-1\" aria-expanded=\"false\" aria-controls=\"e-n-accordion-item-1411\" >\n\t\t\t\t\t<span class='e-n-accordion-item-title-header'><div class=\"e-n-accordion-item-title-text\"> Qu'ai-je r\u00e9serv\u00e9 ? <\/div><\/span>\n\t\t\t\t\t\t\t<span class='e-n-accordion-item-title-icon'>\n\t\t\t<span class='e-opened' ><svg aria-hidden=\"true\" class=\"e-font-icon-svg e-fas-minus\" viewbox=\"0 0 448 512\" xmlns=\"http:\/\/www.w3.org\/2000\/svg\"><path d=\"M416 208H32c-17.67 0-32 14.33-32 32v32c0 17.67 14.33 32 32 32h384c17.67 0 32-14.33 32-32v-32c0-17.67-14.33-32-32-32z\"><\/path><\/svg><\/span>\n\t\t\t<span class='e-closed'><svg aria-hidden=\"true\" class=\"e-font-icon-svg e-fas-plus\" viewbox=\"0 0 448 512\" xmlns=\"http:\/\/www.w3.org\/2000\/svg\"><path d=\"M416 208H272V64c0-17.67-14.33-32-32-32h-32c-17.67 0-32 14.33-32 32v144H32c-17.67 0-32 14.33-32 32v32c0 17.67 14.33 32 32 32h144v144c0 17.67 14.33 32 32 32h32c17.67 0 32-14.33 32-32V304h144c17.67 0 32-14.33 32-32v-32c0-17.67-14.33-32-32-32z\"><\/path><\/svg><\/span>\n\t\t<\/span>\n\n\t\t\t\t\t\t<\/summary>\n\t\t\t\t<div role=\"region\" aria-labelledby=\"e-n-accordion-item-1411\" class=\"elementor-element elementor-element-20b440f e-con-full e-flex e-con e-child\" data-id=\"20b440f\" data-element_type=\"container\" data-e-type=\"container\">\n\t\t\t\t<div class=\"elementor-element elementor-element-c99907c elementor-widget elementor-widget-text-editor\" data-id=\"c99907c\" data-element_type=\"widget\" data-e-type=\"widget\" data-widget_type=\"text-editor.default\">\n\t\t\t\t\t\t\t\t\t<p>Excursion r\u00e9guli\u00e8re aux Cuevas de San Jos\u00e9 : transport depuis diff\u00e9rents points de ramassage + excursion dirig\u00e9e par un guide officiel en anglais et en espagnol + gestion des r\u00e9servations garantissant la disponibilit\u00e9 (bus + guide + gestion des r\u00e9servations, pour que vous n'ayez qu'\u00e0 vous soucier de vous amuser) !<br \/>Excursion r\u00e9guli\u00e8re avec prise en charge au terminal de croisi\u00e8re : prise en charge premium au terminal de croisi\u00e8re, avec groupe r\u00e9duit et vue panoramique de Valence + excursion dirig\u00e9e par un guide officiel en anglais et en espagnol + gestion des r\u00e9servations garantissant la disponibilit\u00e9 (Bus + guide + gestion des r\u00e9servations, vous n'avez qu'\u00e0 vous soucier de passer un bon moment !<\/p>\t\t\t\t\t\t\t\t<\/div>\n\t\t\t\t<\/div>\n\t\t\t\t\t<\/details>\n\t\t\t\t\t\t<details id=\"e-n-accordion-item-1412\" class=\"e-n-accordion-item\" >\n\t\t\t\t<summary class=\"e-n-accordion-item-title\" data-accordion-index=\"3\" tabindex=\"-1\" aria-expanded=\"false\" aria-controls=\"e-n-accordion-item-1412\" >\n\t\t\t\t\t<span class='e-n-accordion-item-title-header'><div class=\"e-n-accordion-item-title-text\"> Politique d\u2019annulation <\/div><\/span>\n\t\t\t\t\t\t\t<span class='e-n-accordion-item-title-icon'>\n\t\t\t<span class='e-opened' ><svg aria-hidden=\"true\" class=\"e-font-icon-svg e-fas-minus\" viewbox=\"0 0 448 512\" xmlns=\"http:\/\/www.w3.org\/2000\/svg\"><path d=\"M416 208H32c-17.67 0-32 14.33-32 32v32c0 17.67 14.33 32 32 32h384c17.67 0 32-14.33 32-32v-32c0-17.67-14.33-32-32-32z\"><\/path><\/svg><\/span>\n\t\t\t<span class='e-closed'><svg aria-hidden=\"true\" class=\"e-font-icon-svg e-fas-plus\" viewbox=\"0 0 448 512\" xmlns=\"http:\/\/www.w3.org\/2000\/svg\"><path d=\"M416 208H272V64c0-17.67-14.33-32-32-32h-32c-17.67 0-32 14.33-32 32v144H32c-17.67 0-32 14.33-32 32v32c0 17.67 14.33 32 32 32h144v144c0 17.67 14.33 32 32 32h32c17.67 0 32-14.33 32-32V304h144c17.67 0 32-14.33 32-32v-32c0-17.67-14.33-32-32-32z\"><\/path><\/svg><\/span>\n\t\t<\/span>\n\n\t\t\t\t\t\t<\/summary>\n\t\t\t\t<div role=\"region\" aria-labelledby=\"e-n-accordion-item-1412\" class=\"elementor-element elementor-element-383403a e-con-full e-flex e-con e-child\" data-id=\"383403a\" data-element_type=\"container\" data-e-type=\"container\">\n\t\t\t\t<div class=\"elementor-element elementor-element-912468d elementor-widget elementor-widget-text-editor\" data-id=\"912468d\" data-element_type=\"widget\" data-e-type=\"widget\" data-widget_type=\"text-editor.default\">\n\t\t\t\t\t\t\t\t\t<p>Vous pouvez annuler sans frais 24 heures avant le d\u00e9part. Pass\u00e9 ce d\u00e9lai ou en cas de non-pr\u00e9sentation, aucun remboursement ne sera effectu\u00e9.<\/p>\t\t\t\t\t\t\t\t<\/div>\n\t\t\t\t<\/div>\n\t\t\t\t\t<\/details>\n\t\t\t\t\t\t<details id=\"e-n-accordion-item-1413\" class=\"e-n-accordion-item\" >\n\t\t\t\t<summary class=\"e-n-accordion-item-title\" data-accordion-index=\"4\" tabindex=\"-1\" aria-expanded=\"false\" aria-controls=\"e-n-accordion-item-1413\" >\n\t\t\t\t\t<span class='e-n-accordion-item-title-header'><div class=\"e-n-accordion-item-title-text\"> Puis-je emporter des bagages ou un landau dans le bus ? <\/div><\/span>\n\t\t\t\t\t\t\t<span class='e-n-accordion-item-title-icon'>\n\t\t\t<span class='e-opened' ><svg aria-hidden=\"true\" class=\"e-font-icon-svg e-fas-minus\" viewbox=\"0 0 448 512\" xmlns=\"http:\/\/www.w3.org\/2000\/svg\"><path d=\"M416 208H32c-17.67 0-32 14.33-32 32v32c0 17.67 14.33 32 32 32h384c17.67 0 32-14.33 32-32v-32c0-17.67-14.33-32-32-32z\"><\/path><\/svg><\/span>\n\t\t\t<span class='e-closed'><svg aria-hidden=\"true\" class=\"e-font-icon-svg e-fas-plus\" viewbox=\"0 0 448 512\" xmlns=\"http:\/\/www.w3.org\/2000\/svg\"><path d=\"M416 208H272V64c0-17.67-14.33-32-32-32h-32c-17.67 0-32 14.33-32 32v144H32c-17.67 0-32 14.33-32 32v32c0 17.67 14.33 32 32 32h144v144c0 17.67 14.33 32 32 32h32c17.67 0 32-14.33 32-32V304h144c17.67 0 32-14.33 32-32v-32c0-17.67-14.33-32-32-32z\"><\/path><\/svg><\/span>\n\t\t<\/span>\n\n\t\t\t\t\t\t<\/summary>\n\t\t\t\t<div role=\"region\" aria-labelledby=\"e-n-accordion-item-1413\" class=\"elementor-element elementor-element-70b8945 e-flex e-con-boxed e-con e-child\" data-id=\"70b8945\" data-element_type=\"container\" data-e-type=\"container\">\n\t\t\t\t\t<div class=\"e-con-inner\">\n\t\t\t\t<div class=\"elementor-element elementor-element-2e812d1 elementor-widget elementor-widget-text-editor\" data-id=\"2e812d1\" data-element_type=\"widget\" data-e-type=\"widget\" data-widget_type=\"text-editor.default\">\n\t\t\t\t\t\t\t\t\t<p>Oui, \u00e0 condition qu'il s'agisse d'une valise cabine ou d'un petit sac \u00e0 dos\/voiture pliable. Veuillez nous en informer afin de garantir une place dans le bus.<\/p>\t\t\t\t\t\t\t\t<\/div>\n\t\t\t\t\t<\/div>\n\t\t\t\t<\/div>\n\t\t\t\t\t<\/details>\n\t\t\t\t\t\t<details id=\"e-n-accordion-item-1414\" class=\"e-n-accordion-item\" >\n\t\t\t\t<summary class=\"e-n-accordion-item-title\" data-accordion-index=\"5\" tabindex=\"-1\" aria-expanded=\"false\" aria-controls=\"e-n-accordion-item-1414\" >\n\t\t\t\t\t<span class='e-n-accordion-item-title-header'><div class=\"e-n-accordion-item-title-text\"> Quelle est la dur\u00e9e totale de l'activit\u00e9 r\u00e9guli\u00e8re (mode bateau) ? <\/div><\/span>\n\t\t\t\t\t\t\t<span class='e-n-accordion-item-title-icon'>\n\t\t\t<span class='e-opened' ><svg aria-hidden=\"true\" class=\"e-font-icon-svg e-fas-minus\" viewbox=\"0 0 448 512\" xmlns=\"http:\/\/www.w3.org\/2000\/svg\"><path d=\"M416 208H32c-17.67 0-32 14.33-32 32v32c0 17.67 14.33 32 32 32h384c17.67 0 32-14.33 32-32v-32c0-17.67-14.33-32-32-32z\"><\/path><\/svg><\/span>\n\t\t\t<span class='e-closed'><svg aria-hidden=\"true\" class=\"e-font-icon-svg e-fas-plus\" viewbox=\"0 0 448 512\" xmlns=\"http:\/\/www.w3.org\/2000\/svg\"><path d=\"M416 208H272V64c0-17.67-14.33-32-32-32h-32c-17.67 0-32 14.33-32 32v144H32c-17.67 0-32 14.33-32 32v32c0 17.67 14.33 32 32 32h144v144c0 17.67 14.33 32 32 32h32c17.67 0 32-14.33 32-32V304h144c17.67 0 32-14.33 32-32v-32c0-17.67-14.33-32-32-32z\"><\/path><\/svg><\/span>\n\t\t<\/span>\n\n\t\t\t\t\t\t<\/summary>\n\t\t\t\t<div role=\"region\" aria-labelledby=\"e-n-accordion-item-1414\" class=\"elementor-element elementor-element-b54d4ec e-flex e-con-boxed e-con e-child\" data-id=\"b54d4ec\" data-element_type=\"container\" data-e-type=\"container\">\n\t\t\t\t\t<div class=\"e-con-inner\">\n\t\t\t\t<div class=\"elementor-element elementor-element-6515bba elementor-widget elementor-widget-text-editor\" data-id=\"6515bba\" data-element_type=\"widget\" data-e-type=\"widget\" data-widget_type=\"text-editor.default\">\n\t\t\t\t\t\t\t\t\t<p>Entre le moment o\u00f9 nous commen\u00e7ons la prise en charge \u00e0 Valence et le moment o\u00f9 nous revenons des grottes, la dur\u00e9e est estim\u00e9e \u00e0 4 heures, cette dur\u00e9e d\u00e9pendant de la taille du groupe et des points de prise en charge. Cette dur\u00e9e d\u00e9pend de la taille du groupe et des points de ramassage. Nous ne d\u00e9passons g\u00e9n\u00e9ralement pas les 4 heures.<\/p>\t\t\t\t\t\t\t\t<\/div>\n\t\t\t\t\t<\/div>\n\t\t\t\t<\/div>\n\t\t\t\t\t<\/details>\n\t\t\t\t\t\t<details id=\"e-n-accordion-item-1415\" class=\"e-n-accordion-item\" >\n\t\t\t\t<summary class=\"e-n-accordion-item-title\" data-accordion-index=\"6\" tabindex=\"-1\" aria-expanded=\"false\" aria-controls=\"e-n-accordion-item-1415\" >\n\t\t\t\t\t<span class='e-n-accordion-item-title-header'><div class=\"e-n-accordion-item-title-text\"> Comment se d\u00e9roulera la visite de la grotte ? <\/div><\/span>\n\t\t\t\t\t\t\t<span class='e-n-accordion-item-title-icon'>\n\t\t\t<span class='e-opened' ><svg aria-hidden=\"true\" class=\"e-font-icon-svg e-fas-minus\" viewbox=\"0 0 448 512\" xmlns=\"http:\/\/www.w3.org\/2000\/svg\"><path d=\"M416 208H32c-17.67 0-32 14.33-32 32v32c0 17.67 14.33 32 32 32h384c17.67 0 32-14.33 32-32v-32c0-17.67-14.33-32-32-32z\"><\/path><\/svg><\/span>\n\t\t\t<span class='e-closed'><svg aria-hidden=\"true\" class=\"e-font-icon-svg e-fas-plus\" viewbox=\"0 0 448 512\" xmlns=\"http:\/\/www.w3.org\/2000\/svg\"><path d=\"M416 208H272V64c0-17.67-14.33-32-32-32h-32c-17.67 0-32 14.33-32 32v144H32c-17.67 0-32 14.33-32 32v32c0 17.67 14.33 32 32 32h144v144c0 17.67 14.33 32 32 32h32c17.67 0 32-14.33 32-32V304h144c17.67 0 32-14.33 32-32v-32c0-17.67-14.33-32-32-32z\"><\/path><\/svg><\/span>\n\t\t<\/span>\n\n\t\t\t\t\t\t<\/summary>\n\t\t\t\t<div role=\"region\" aria-labelledby=\"e-n-accordion-item-1415\" class=\"elementor-element elementor-element-262d195 e-flex e-con-boxed e-con e-child\" data-id=\"262d195\" data-element_type=\"container\" data-e-type=\"container\">\n\t\t\t\t\t<div class=\"e-con-inner\">\n\t\t\t\t<div class=\"elementor-element elementor-element-b624763 elementor-widget elementor-widget-text-editor\" data-id=\"b624763\" data-element_type=\"widget\" data-e-type=\"widget\" data-widget_type=\"text-editor.default\">\n\t\t\t\t\t\t\t\t\t<p>Lors de l'excursion r\u00e9guli\u00e8re, vous monterez \u00e0 bord d'un bateau avec votre groupe :<\/p><p>Pendant toute l'excursion (de la prise en charge \u00e0 l'arriv\u00e9e \u00e0 Valence), vous serez accompagn\u00e9 par un guide officiel (Valencia&amp;Go) qui vous accompagnera tout au long du parcours et vous racontera en d\u00e9tail (en espagnol et en anglais) les choses essentielles que vous devez savoir sur Valence, ainsi que tous les secrets cach\u00e9s dans les Grottes de San Jos\u00e9, son incroyable histoire et ses curiosit\u00e9s.<\/p><p>Une fois arriv\u00e9s aux grottes, vous monterez \u00e0 bord d'un bateau pour voyager le long de la rivi\u00e8re o\u00f9 un guide vous guidera tout au long du chemin et vous indiquera quelques points cl\u00e9s de cette merveille naturelle (cela peut se faire uniquement en espagnol).<\/p><p>Si vous avez des questions, vous pouvez toujours les poser au guide officiel de Valencia&amp;Go, qui sera pr\u00eat \u00e0 y r\u00e9pondre \u00e0 la sortie des grottes.<\/p>\t\t\t\t\t\t\t\t<\/div>\n\t\t\t\t\t<\/div>\n\t\t\t\t<\/div>\n\t\t\t\t\t<\/details>\n\t\t\t\t\t\t<details id=\"e-n-accordion-item-1416\" class=\"e-n-accordion-item\" >\n\t\t\t\t<summary class=\"e-n-accordion-item-title\" data-accordion-index=\"7\" tabindex=\"-1\" aria-expanded=\"false\" aria-controls=\"e-n-accordion-item-1416\" >\n\t\t\t\t\t<span class='e-n-accordion-item-title-header'><div class=\"e-n-accordion-item-title-text\"> Avons-nous le temps de nous baigner dans la rivi\u00e8re ? <\/div><\/span>\n\t\t\t\t\t\t\t<span class='e-n-accordion-item-title-icon'>\n\t\t\t<span class='e-opened' ><svg aria-hidden=\"true\" class=\"e-font-icon-svg e-fas-minus\" viewbox=\"0 0 448 512\" xmlns=\"http:\/\/www.w3.org\/2000\/svg\"><path d=\"M416 208H32c-17.67 0-32 14.33-32 32v32c0 17.67 14.33 32 32 32h384c17.67 0 32-14.33 32-32v-32c0-17.67-14.33-32-32-32z\"><\/path><\/svg><\/span>\n\t\t\t<span class='e-closed'><svg aria-hidden=\"true\" class=\"e-font-icon-svg e-fas-plus\" viewbox=\"0 0 448 512\" xmlns=\"http:\/\/www.w3.org\/2000\/svg\"><path d=\"M416 208H272V64c0-17.67-14.33-32-32-32h-32c-17.67 0-32 14.33-32 32v144H32c-17.67 0-32 14.33-32 32v32c0 17.67 14.33 32 32 32h144v144c0 17.67 14.33 32 32 32h32c17.67 0 32-14.33 32-32V304h144c17.67 0 32-14.33 32-32v-32c0-17.67-14.33-32-32-32z\"><\/path><\/svg><\/span>\n\t\t<\/span>\n\n\t\t\t\t\t\t<\/summary>\n\t\t\t\t<div role=\"region\" aria-labelledby=\"e-n-accordion-item-1416\" class=\"elementor-element elementor-element-548055f e-flex e-con-boxed e-con e-child\" data-id=\"548055f\" data-element_type=\"container\" data-e-type=\"container\">\n\t\t\t\t\t<div class=\"e-con-inner\">\n\t\t\t\t<div class=\"elementor-element elementor-element-775501a elementor-widget elementor-widget-text-editor\" data-id=\"775501a\" data-element_type=\"widget\" data-e-type=\"widget\" data-widget_type=\"text-editor.default\">\n\t\t\t\t\t\t\t\t\t<p>La baignade n'est pas autoris\u00e9e lors de l'excursion r\u00e9guli\u00e8re.<\/p>\t\t\t\t\t\t\t\t<\/div>\n\t\t\t\t\t<\/div>\n\t\t\t\t<\/div>\n\t\t\t\t\t<\/details>\n\t\t\t\t\t\t<details id=\"e-n-accordion-item-1417\" class=\"e-n-accordion-item\" >\n\t\t\t\t<summary class=\"e-n-accordion-item-title\" data-accordion-index=\"8\" tabindex=\"-1\" aria-expanded=\"false\" aria-controls=\"e-n-accordion-item-1417\" >\n\t\t\t\t\t<span class='e-n-accordion-item-title-header'><div class=\"e-n-accordion-item-title-text\"> Les collations sont-elles incluses ? <\/div><\/span>\n\t\t\t\t\t\t\t<span class='e-n-accordion-item-title-icon'>\n\t\t\t<span class='e-opened' ><svg aria-hidden=\"true\" class=\"e-font-icon-svg e-fas-minus\" viewbox=\"0 0 448 512\" xmlns=\"http:\/\/www.w3.org\/2000\/svg\"><path d=\"M416 208H32c-17.67 0-32 14.33-32 32v32c0 17.67 14.33 32 32 32h384c17.67 0 32-14.33 32-32v-32c0-17.67-14.33-32-32-32z\"><\/path><\/svg><\/span>\n\t\t\t<span class='e-closed'><svg aria-hidden=\"true\" class=\"e-font-icon-svg e-fas-plus\" viewbox=\"0 0 448 512\" xmlns=\"http:\/\/www.w3.org\/2000\/svg\"><path d=\"M416 208H272V64c0-17.67-14.33-32-32-32h-32c-17.67 0-32 14.33-32 32v144H32c-17.67 0-32 14.33-32 32v32c0 17.67 14.33 32 32 32h144v144c0 17.67 14.33 32 32 32h32c17.67 0 32-14.33 32-32V304h144c17.67 0 32-14.33 32-32v-32c0-17.67-14.33-32-32-32z\"><\/path><\/svg><\/span>\n\t\t<\/span>\n\n\t\t\t\t\t\t<\/summary>\n\t\t\t\t<div role=\"region\" aria-labelledby=\"e-n-accordion-item-1417\" class=\"elementor-element elementor-element-5fc5cf0 e-flex e-con-boxed e-con e-child\" data-id=\"5fc5cf0\" data-element_type=\"container\" data-e-type=\"container\">\n\t\t\t\t\t<div class=\"e-con-inner\">\n\t\t\t\t<div class=\"elementor-element elementor-element-998a9e7 elementor-widget elementor-widget-text-editor\" data-id=\"998a9e7\" data-element_type=\"widget\" data-e-type=\"widget\" data-widget_type=\"text-editor.default\">\n\t\t\t\t\t\t\t\t\t<p>Aucune nourriture ou collation n'est incluse, mais vous aurez quelques minutes pour prendre un caf\u00e9 et un toast dans les bars environnants.<\/p>\t\t\t\t\t\t\t\t<\/div>\n\t\t\t\t\t<\/div>\n\t\t\t\t<\/div>\n\t\t\t\t\t<\/details>\n\t\t\t\t\t\t<details id=\"e-n-accordion-item-1418\" class=\"e-n-accordion-item\" >\n\t\t\t\t<summary class=\"e-n-accordion-item-title\" data-accordion-index=\"9\" tabindex=\"-1\" aria-expanded=\"false\" aria-controls=\"e-n-accordion-item-1418\" >\n\t\t\t\t\t<span class='e-n-accordion-item-title-header'><div class=\"e-n-accordion-item-title-text\"> Si je viens d'un bateau de croisi\u00e8re, peut-on venir nous chercher au terminal ? <\/div><\/span>\n\t\t\t\t\t\t\t<span class='e-n-accordion-item-title-icon'>\n\t\t\t<span class='e-opened' ><svg aria-hidden=\"true\" class=\"e-font-icon-svg e-fas-minus\" viewbox=\"0 0 448 512\" xmlns=\"http:\/\/www.w3.org\/2000\/svg\"><path d=\"M416 208H32c-17.67 0-32 14.33-32 32v32c0 17.67 14.33 32 32 32h384c17.67 0 32-14.33 32-32v-32c0-17.67-14.33-32-32-32z\"><\/path><\/svg><\/span>\n\t\t\t<span class='e-closed'><svg aria-hidden=\"true\" class=\"e-font-icon-svg e-fas-plus\" viewbox=\"0 0 448 512\" xmlns=\"http:\/\/www.w3.org\/2000\/svg\"><path d=\"M416 208H272V64c0-17.67-14.33-32-32-32h-32c-17.67 0-32 14.33-32 32v144H32c-17.67 0-32 14.33-32 32v32c0 17.67 14.33 32 32 32h144v144c0 17.67 14.33 32 32 32h32c17.67 0 32-14.33 32-32V304h144c17.67 0 32-14.33 32-32v-32c0-17.67-14.33-32-32-32z\"><\/path><\/svg><\/span>\n\t\t<\/span>\n\n\t\t\t\t\t\t<\/summary>\n\t\t\t\t<div role=\"region\" aria-labelledby=\"e-n-accordion-item-1418\" class=\"elementor-element elementor-element-bfe3aca e-flex e-con-boxed e-con e-child\" data-id=\"bfe3aca\" data-element_type=\"container\" data-e-type=\"container\">\n\t\t\t\t\t<div class=\"e-con-inner\">\n\t\t\t\t<div class=\"elementor-element elementor-element-2e213ef elementor-widget elementor-widget-text-editor\" data-id=\"2e213ef\" data-element_type=\"widget\" data-e-type=\"widget\" data-widget_type=\"text-editor.default\">\n\t\t\t\t\t\t\t\t\t<p>Oui, si vous voulez le service de ramassage au terminal de croisi\u00e8re, vous devez s\u00e9lectionner l'option \u00bbramassage en croisi\u00e8re\u00bb. Vous partirez en petit groupe, avec la possibilit\u00e9 d'un tour panoramique de Valence o\u00f9 nous vous raconterons d'autres curiosit\u00e9s de la ville.<\/p>\t\t\t\t\t\t\t\t<\/div>\n\t\t\t\t\t<\/div>\n\t\t\t\t<\/div>\n\t\t\t\t\t<\/details>\n\t\t\t\t\t\t<details id=\"e-n-accordion-item-1419\" class=\"e-n-accordion-item\" >\n\t\t\t\t<summary class=\"e-n-accordion-item-title\" data-accordion-index=\"10\" tabindex=\"-1\" aria-expanded=\"false\" aria-controls=\"e-n-accordion-item-1419\" >\n\t\t\t\t\t<span class='e-n-accordion-item-title-header'><div class=\"e-n-accordion-item-title-text\"> Fait-il froid \u00e0 l'int\u00e9rieur des grottes ? <\/div><\/span>\n\t\t\t\t\t\t\t<span class='e-n-accordion-item-title-icon'>\n\t\t\t<span class='e-opened' ><svg aria-hidden=\"true\" class=\"e-font-icon-svg e-fas-minus\" viewbox=\"0 0 448 512\" xmlns=\"http:\/\/www.w3.org\/2000\/svg\"><path d=\"M416 208H32c-17.67 0-32 14.33-32 32v32c0 17.67 14.33 32 32 32h384c17.67 0 32-14.33 32-32v-32c0-17.67-14.33-32-32-32z\"><\/path><\/svg><\/span>\n\t\t\t<span class='e-closed'><svg aria-hidden=\"true\" class=\"e-font-icon-svg e-fas-plus\" viewbox=\"0 0 448 512\" xmlns=\"http:\/\/www.w3.org\/2000\/svg\"><path d=\"M416 208H272V64c0-17.67-14.33-32-32-32h-32c-17.67 0-32 14.33-32 32v144H32c-17.67 0-32 14.33-32 32v32c0 17.67 14.33 32 32 32h144v144c0 17.67 14.33 32 32 32h32c17.67 0 32-14.33 32-32V304h144c17.67 0 32-14.33 32-32v-32c0-17.67-14.33-32-32-32z\"><\/path><\/svg><\/span>\n\t\t<\/span>\n\n\t\t\t\t\t\t<\/summary>\n\t\t\t\t<div role=\"region\" aria-labelledby=\"e-n-accordion-item-1419\" class=\"elementor-element elementor-element-fb91dc8 e-flex e-con-boxed e-con e-child\" data-id=\"fb91dc8\" data-element_type=\"container\" data-e-type=\"container\">\n\t\t\t\t\t<div class=\"e-con-inner\">\n\t\t\t\t<div class=\"elementor-element elementor-element-d079a5f elementor-widget elementor-widget-text-editor\" data-id=\"d079a5f\" data-element_type=\"widget\" data-e-type=\"widget\" data-widget_type=\"text-editor.default\">\n\t\t\t\t\t\t\t\t\t<p>\u00c0 l'int\u00e9rieur des grottes, la temp\u00e9rature annuelle est constante et s'\u00e9l\u00e8ve \u00e0 20 \u00b0C. On peut dire qu'en \u00e9t\u00e9, il fait frais et en hiver, il fait bon. On peut dire qu'en \u00e9t\u00e9, il fait frais et qu'en hiver, il fait bon. Il est recommand\u00e9 de porter une veste fine ou un pull-over.<\/p>\t\t\t\t\t\t\t\t<\/div>\n\t\t\t\t\t<\/div>\n\t\t\t\t<\/div>\n\t\t\t\t\t<\/details>\n\t\t\t\t\t\t<details id=\"e-n-accordion-item-14110\" class=\"e-n-accordion-item\" >\n\t\t\t\t<summary class=\"e-n-accordion-item-title\" data-accordion-index=\"11\" tabindex=\"-1\" aria-expanded=\"false\" aria-controls=\"e-n-accordion-item-14110\" >\n\t\t\t\t\t<span class='e-n-accordion-item-title-header'><div class=\"e-n-accordion-item-title-text\"> Quel est l'emplacement exact de la collection ? <\/div><\/span>\n\t\t\t\t\t\t\t<span class='e-n-accordion-item-title-icon'>\n\t\t\t<span class='e-opened' ><svg aria-hidden=\"true\" class=\"e-font-icon-svg e-fas-minus\" viewbox=\"0 0 448 512\" xmlns=\"http:\/\/www.w3.org\/2000\/svg\"><path d=\"M416 208H32c-17.67 0-32 14.33-32 32v32c0 17.67 14.33 32 32 32h384c17.67 0 32-14.33 32-32v-32c0-17.67-14.33-32-32-32z\"><\/path><\/svg><\/span>\n\t\t\t<span class='e-closed'><svg aria-hidden=\"true\" class=\"e-font-icon-svg e-fas-plus\" viewbox=\"0 0 448 512\" xmlns=\"http:\/\/www.w3.org\/2000\/svg\"><path d=\"M416 208H272V64c0-17.67-14.33-32-32-32h-32c-17.67 0-32 14.33-32 32v144H32c-17.67 0-32 14.33-32 32v32c0 17.67 14.33 32 32 32h144v144c0 17.67 14.33 32 32 32h32c17.67 0 32-14.33 32-32V304h144c17.67 0 32-14.33 32-32v-32c0-17.67-14.33-32-32-32z\"><\/path><\/svg><\/span>\n\t\t<\/span>\n\n\t\t\t\t\t\t<\/summary>\n\t\t\t\t<div role=\"region\" aria-labelledby=\"e-n-accordion-item-14110\" class=\"elementor-element elementor-element-d022ab1 e-flex e-con-boxed e-con e-child\" data-id=\"d022ab1\" data-element_type=\"container\" data-e-type=\"container\">\n\t\t\t\t\t<div class=\"e-con-inner\">\n\t\t\t\t<div class=\"elementor-element elementor-element-2873db4 elementor-widget elementor-widget-text-editor\" data-id=\"2873db4\" data-element_type=\"widget\" data-e-type=\"widget\" data-widget_type=\"text-editor.default\">\n\t\t\t\t\t\t\t\t\t<p>La veille, nous vous enverrons un message WhatsApp avec les d\u00e9tails exacts de la prise en charge et l'adresse Google Maps.<\/p>\t\t\t\t\t\t\t\t<\/div>\n\t\t\t\t\t<\/div>\n\t\t\t\t<\/div>\n\t\t\t\t\t<\/details>\n\t\t\t\t\t\t<details id=\"e-n-accordion-item-14111\" class=\"e-n-accordion-item\" >\n\t\t\t\t<summary class=\"e-n-accordion-item-title\" data-accordion-index=\"12\" tabindex=\"-1\" aria-expanded=\"false\" aria-controls=\"e-n-accordion-item-14111\" >\n\t\t\t\t\t<span class='e-n-accordion-item-title-header'><div class=\"e-n-accordion-item-title-text\"> Quels v\u00eatements dois-je porter ? <\/div><\/span>\n\t\t\t\t\t\t\t<span class='e-n-accordion-item-title-icon'>\n\t\t\t<span class='e-opened' ><svg aria-hidden=\"true\" class=\"e-font-icon-svg e-fas-minus\" viewbox=\"0 0 448 512\" xmlns=\"http:\/\/www.w3.org\/2000\/svg\"><path d=\"M416 208H32c-17.67 0-32 14.33-32 32v32c0 17.67 14.33 32 32 32h384c17.67 0 32-14.33 32-32v-32c0-17.67-14.33-32-32-32z\"><\/path><\/svg><\/span>\n\t\t\t<span class='e-closed'><svg aria-hidden=\"true\" class=\"e-font-icon-svg e-fas-plus\" viewbox=\"0 0 448 512\" xmlns=\"http:\/\/www.w3.org\/2000\/svg\"><path d=\"M416 208H272V64c0-17.67-14.33-32-32-32h-32c-17.67 0-32 14.33-32 32v144H32c-17.67 0-32 14.33-32 32v32c0 17.67 14.33 32 32 32h144v144c0 17.67 14.33 32 32 32h32c17.67 0 32-14.33 32-32V304h144c17.67 0 32-14.33 32-32v-32c0-17.67-14.33-32-32-32z\"><\/path><\/svg><\/span>\n\t\t<\/span>\n\n\t\t\t\t\t\t<\/summary>\n\t\t\t\t<div role=\"region\" aria-labelledby=\"e-n-accordion-item-14111\" class=\"elementor-element elementor-element-8f356d9 e-flex e-con-boxed e-con e-child\" data-id=\"8f356d9\" data-element_type=\"container\" data-e-type=\"container\">\n\t\t\t\t\t<div class=\"e-con-inner\">\n\t\t\t\t<div class=\"elementor-element elementor-element-dfb01ba elementor-widget elementor-widget-text-editor\" data-id=\"dfb01ba\" data-element_type=\"widget\" data-e-type=\"widget\" data-widget_type=\"text-editor.default\">\n\t\t\t\t\t\t\t\t\t<p>V\u00eatements confortables.<\/p>\t\t\t\t\t\t\t\t<\/div>\n\t\t\t\t\t<\/div>\n\t\t\t\t<\/div>\n\t\t\t\t\t<\/details>\n\t\t\t\t\t\t<details id=\"e-n-accordion-item-14112\" class=\"e-n-accordion-item\" >\n\t\t\t\t<summary class=\"e-n-accordion-item-title\" data-accordion-index=\"13\" tabindex=\"-1\" aria-expanded=\"false\" aria-controls=\"e-n-accordion-item-14112\" >\n\t\t\t\t\t<span class='e-n-accordion-item-title-header'><div class=\"e-n-accordion-item-title-text\"> Est-il possible de manger ou de boire pendant ce circuit ? <\/div><\/span>\n\t\t\t\t\t\t\t<span class='e-n-accordion-item-title-icon'>\n\t\t\t<span class='e-opened' ><svg aria-hidden=\"true\" class=\"e-font-icon-svg e-fas-minus\" viewbox=\"0 0 448 512\" xmlns=\"http:\/\/www.w3.org\/2000\/svg\"><path d=\"M416 208H32c-17.67 0-32 14.33-32 32v32c0 17.67 14.33 32 32 32h384c17.67 0 32-14.33 32-32v-32c0-17.67-14.33-32-32-32z\"><\/path><\/svg><\/span>\n\t\t\t<span class='e-closed'><svg aria-hidden=\"true\" class=\"e-font-icon-svg e-fas-plus\" viewbox=\"0 0 448 512\" xmlns=\"http:\/\/www.w3.org\/2000\/svg\"><path d=\"M416 208H272V64c0-17.67-14.33-32-32-32h-32c-17.67 0-32 14.33-32 32v144H32c-17.67 0-32 14.33-32 32v32c0 17.67 14.33 32 32 32h144v144c0 17.67 14.33 32 32 32h32c17.67 0 32-14.33 32-32V304h144c17.67 0 32-14.33 32-32v-32c0-17.67-14.33-32-32-32z\"><\/path><\/svg><\/span>\n\t\t<\/span>\n\n\t\t\t\t\t\t<\/summary>\n\t\t\t\t<div role=\"region\" aria-labelledby=\"e-n-accordion-item-14112\" class=\"elementor-element elementor-element-d9db4f1 e-flex e-con-boxed e-con e-child\" data-id=\"d9db4f1\" data-element_type=\"container\" data-e-type=\"container\">\n\t\t\t\t\t<div class=\"e-con-inner\">\n\t\t\t\t<div class=\"elementor-element elementor-element-f254eeb elementor-widget elementor-widget-text-editor\" data-id=\"f254eeb\" data-element_type=\"widget\" data-e-type=\"widget\" data-widget_type=\"text-editor.default\">\n\t\t\t\t\t\t\t\t\t<p>Vous pouvez apporter de la nourriture, mais il est interdit de manger ou de boire dans le bus ou \u00e0 l'int\u00e9rieur de la grotte.<\/p>\t\t\t\t\t\t\t\t<\/div>\n\t\t\t\t\t<\/div>\n\t\t\t\t<\/div>\n\t\t\t\t\t<\/details>\n\t\t\t\t\t\t<details id=\"e-n-accordion-item-14113\" class=\"e-n-accordion-item\" >\n\t\t\t\t<summary class=\"e-n-accordion-item-title\" data-accordion-index=\"14\" tabindex=\"-1\" aria-expanded=\"false\" aria-controls=\"e-n-accordion-item-14113\" >\n\t\t\t\t\t<span class='e-n-accordion-item-title-header'><div class=\"e-n-accordion-item-title-text\"> Aurons-nous du temps libre ? <\/div><\/span>\n\t\t\t\t\t\t\t<span class='e-n-accordion-item-title-icon'>\n\t\t\t<span class='e-opened' ><svg aria-hidden=\"true\" class=\"e-font-icon-svg e-fas-minus\" viewbox=\"0 0 448 512\" xmlns=\"http:\/\/www.w3.org\/2000\/svg\"><path d=\"M416 208H32c-17.67 0-32 14.33-32 32v32c0 17.67 14.33 32 32 32h384c17.67 0 32-14.33 32-32v-32c0-17.67-14.33-32-32-32z\"><\/path><\/svg><\/span>\n\t\t\t<span class='e-closed'><svg aria-hidden=\"true\" class=\"e-font-icon-svg e-fas-plus\" viewbox=\"0 0 448 512\" xmlns=\"http:\/\/www.w3.org\/2000\/svg\"><path d=\"M416 208H272V64c0-17.67-14.33-32-32-32h-32c-17.67 0-32 14.33-32 32v144H32c-17.67 0-32 14.33-32 32v32c0 17.67 14.33 32 32 32h144v144c0 17.67 14.33 32 32 32h32c17.67 0 32-14.33 32-32V304h144c17.67 0 32-14.33 32-32v-32c0-17.67-14.33-32-32-32z\"><\/path><\/svg><\/span>\n\t\t<\/span>\n\n\t\t\t\t\t\t<\/summary>\n\t\t\t\t<div role=\"region\" aria-labelledby=\"e-n-accordion-item-14113\" class=\"elementor-element elementor-element-a032a96 e-flex e-con-boxed e-con e-child\" data-id=\"a032a96\" data-element_type=\"container\" data-e-type=\"container\">\n\t\t\t\t\t<div class=\"e-con-inner\">\n\t\t\t\t<div class=\"elementor-element elementor-element-2cc5575 elementor-widget elementor-widget-text-editor\" data-id=\"2cc5575\" data-element_type=\"widget\" data-e-type=\"widget\" data-widget_type=\"text-editor.default\">\n\t\t\t\t\t\t\t\t\t<p>Vous disposerez de 30 minutes de temps libre pour utiliser les toilettes, les bars et les magasins.<\/p>\t\t\t\t\t\t\t\t<\/div>\n\t\t\t\t\t<\/div>\n\t\t\t\t<\/div>\n\t\t\t\t\t<\/details>\n\t\t\t\t\t\t<details id=\"e-n-accordion-item-14114\" class=\"e-n-accordion-item\" >\n\t\t\t\t<summary class=\"e-n-accordion-item-title\" data-accordion-index=\"15\" tabindex=\"-1\" aria-expanded=\"false\" aria-controls=\"e-n-accordion-item-14114\" >\n\t\t\t\t\t<span class='e-n-accordion-item-title-header'><div class=\"e-n-accordion-item-title-text\"> Est-il possible de prendre des photos \u00e0 l'int\u00e9rieur des grottes ? <\/div><\/span>\n\t\t\t\t\t\t\t<span class='e-n-accordion-item-title-icon'>\n\t\t\t<span class='e-opened' ><svg aria-hidden=\"true\" class=\"e-font-icon-svg e-fas-minus\" viewbox=\"0 0 448 512\" xmlns=\"http:\/\/www.w3.org\/2000\/svg\"><path d=\"M416 208H32c-17.67 0-32 14.33-32 32v32c0 17.67 14.33 32 32 32h384c17.67 0 32-14.33 32-32v-32c0-17.67-14.33-32-32-32z\"><\/path><\/svg><\/span>\n\t\t\t<span class='e-closed'><svg aria-hidden=\"true\" class=\"e-font-icon-svg e-fas-plus\" viewbox=\"0 0 448 512\" xmlns=\"http:\/\/www.w3.org\/2000\/svg\"><path d=\"M416 208H272V64c0-17.67-14.33-32-32-32h-32c-17.67 0-32 14.33-32 32v144H32c-17.67 0-32 14.33-32 32v32c0 17.67 14.33 32 32 32h144v144c0 17.67 14.33 32 32 32h32c17.67 0 32-14.33 32-32V304h144c17.67 0 32-14.33 32-32v-32c0-17.67-14.33-32-32-32z\"><\/path><\/svg><\/span>\n\t\t<\/span>\n\n\t\t\t\t\t\t<\/summary>\n\t\t\t\t<div role=\"region\" aria-labelledby=\"e-n-accordion-item-14114\" class=\"elementor-element elementor-element-e1adfa7 e-flex e-con-boxed e-con e-child\" data-id=\"e1adfa7\" data-element_type=\"container\" data-e-type=\"container\">\n\t\t\t\t\t<div class=\"e-con-inner\">\n\t\t\t\t<div class=\"elementor-element elementor-element-2daf312 elementor-widget elementor-widget-text-editor\" data-id=\"2daf312\" data-element_type=\"widget\" data-e-type=\"widget\" data-widget_type=\"text-editor.default\">\n\t\t\t\t\t\t\t\t\t<p class=\" translation-block\">Oui, vous pouvez prendre des photos, mais uniquement dans les zones d\u00e9sign\u00e9es et toujours en suivant les indications du guide-batelier.<br> <br>Pour des raisons de s\u00e9curit\u00e9 et pour prot\u00e9ger la faune locale, l'utilisation du flash n'est pas autoris\u00e9e.<br> <br>En outre, dans certaines sections du parcours, vous devez vous pencher ou passer par des zones \u00e9troites dans le bateau, il est donc important d'\u00eatre attentif et de ne pas se laisser distraire par l'appareil photo.<\/p>\t\t\t\t\t\t\t\t<\/div>\n\t\t\t\t\t<\/div>\n\t\t\t\t<\/div>\n\t\t\t\t\t<\/details>\n\t\t\t\t\t\t<details id=\"e-n-accordion-item-14115\" class=\"e-n-accordion-item\" >\n\t\t\t\t<summary class=\"e-n-accordion-item-title\" data-accordion-index=\"16\" tabindex=\"-1\" aria-expanded=\"false\" aria-controls=\"e-n-accordion-item-14115\" >\n\t\t\t\t\t<span class='e-n-accordion-item-title-header'><div class=\"e-n-accordion-item-title-text\"> Retournez-vous \u00e0 Valence apr\u00e8s avoir visit\u00e9 les grottes ? <\/div><\/span>\n\t\t\t\t\t\t\t<span class='e-n-accordion-item-title-icon'>\n\t\t\t<span class='e-opened' ><svg aria-hidden=\"true\" class=\"e-font-icon-svg e-fas-minus\" viewbox=\"0 0 448 512\" xmlns=\"http:\/\/www.w3.org\/2000\/svg\"><path d=\"M416 208H32c-17.67 0-32 14.33-32 32v32c0 17.67 14.33 32 32 32h384c17.67 0 32-14.33 32-32v-32c0-17.67-14.33-32-32-32z\"><\/path><\/svg><\/span>\n\t\t\t<span class='e-closed'><svg aria-hidden=\"true\" class=\"e-font-icon-svg e-fas-plus\" viewbox=\"0 0 448 512\" xmlns=\"http:\/\/www.w3.org\/2000\/svg\"><path d=\"M416 208H272V64c0-17.67-14.33-32-32-32h-32c-17.67 0-32 14.33-32 32v144H32c-17.67 0-32 14.33-32 32v32c0 17.67 14.33 32 32 32h144v144c0 17.67 14.33 32 32 32h32c17.67 0 32-14.33 32-32V304h144c17.67 0 32-14.33 32-32v-32c0-17.67-14.33-32-32-32z\"><\/path><\/svg><\/span>\n\t\t<\/span>\n\n\t\t\t\t\t\t<\/summary>\n\t\t\t\t<div role=\"region\" aria-labelledby=\"e-n-accordion-item-14115\" class=\"elementor-element elementor-element-24e727e e-flex e-con-boxed e-con e-child\" data-id=\"24e727e\" data-element_type=\"container\" data-e-type=\"container\">\n\t\t\t\t\t<div class=\"e-con-inner\">\n\t\t\t\t<div class=\"elementor-element elementor-element-592106c elementor-widget elementor-widget-text-editor\" data-id=\"592106c\" data-element_type=\"widget\" data-e-type=\"widget\" data-widget_type=\"text-editor.default\">\n\t\t\t\t\t\t\t\t\t<ul><li>Oui, le transport aller-retour est inclus.<\/li><\/ul>\t\t\t\t\t\t\t\t<\/div>\n\t\t\t\t\t<\/div>\n\t\t\t\t<\/div>\n\t\t\t\t\t<\/details>\n\t\t\t\t\t\t<details id=\"e-n-accordion-item-14116\" class=\"e-n-accordion-item\" >\n\t\t\t\t<summary class=\"e-n-accordion-item-title\" data-accordion-index=\"17\" tabindex=\"-1\" aria-expanded=\"false\" aria-controls=\"e-n-accordion-item-14116\" >\n\t\t\t\t\t<span class='e-n-accordion-item-title-header'><div class=\"e-n-accordion-item-title-text\"> Je quitte l'h\u00f4tel et j'ai mes bagages avec moi, puis-je les prendre dans le bus ? <\/div><\/span>\n\t\t\t\t\t\t\t<span class='e-n-accordion-item-title-icon'>\n\t\t\t<span class='e-opened' ><svg aria-hidden=\"true\" class=\"e-font-icon-svg e-fas-minus\" viewbox=\"0 0 448 512\" xmlns=\"http:\/\/www.w3.org\/2000\/svg\"><path d=\"M416 208H32c-17.67 0-32 14.33-32 32v32c0 17.67 14.33 32 32 32h384c17.67 0 32-14.33 32-32v-32c0-17.67-14.33-32-32-32z\"><\/path><\/svg><\/span>\n\t\t\t<span class='e-closed'><svg aria-hidden=\"true\" class=\"e-font-icon-svg e-fas-plus\" viewbox=\"0 0 448 512\" xmlns=\"http:\/\/www.w3.org\/2000\/svg\"><path d=\"M416 208H272V64c0-17.67-14.33-32-32-32h-32c-17.67 0-32 14.33-32 32v144H32c-17.67 0-32 14.33-32 32v32c0 17.67 14.33 32 32 32h144v144c0 17.67 14.33 32 32 32h32c17.67 0 32-14.33 32-32V304h144c17.67 0 32-14.33 32-32v-32c0-17.67-14.33-32-32-32z\"><\/path><\/svg><\/span>\n\t\t<\/span>\n\n\t\t\t\t\t\t<\/summary>\n\t\t\t\t<div role=\"region\" aria-labelledby=\"e-n-accordion-item-14116\" class=\"elementor-element elementor-element-00fc8a9 e-flex e-con-boxed e-con e-child\" data-id=\"00fc8a9\" data-element_type=\"container\" data-e-type=\"container\">\n\t\t\t\t\t<div class=\"e-con-inner\">\n\t\t\t\t<div class=\"elementor-element elementor-element-6d2978b elementor-widget elementor-widget-text-editor\" data-id=\"6d2978b\" data-element_type=\"widget\" data-e-type=\"widget\" data-widget_type=\"text-editor.default\">\n\t\t\t\t\t\t\t\t\t<p>Oui, \u00e0 condition qu'il s'agisse d'une valise cabine ou d'un petit sac \u00e0 dos. Vous devez nous en informer afin de garantir une place.<\/p>\t\t\t\t\t\t\t\t<\/div>\n\t\t\t\t\t<\/div>\n\t\t\t\t<\/div>\n\t\t\t\t\t<\/details>\n\t\t\t\t\t\t<details id=\"e-n-accordion-item-14117\" class=\"e-n-accordion-item\" >\n\t\t\t\t<summary class=\"e-n-accordion-item-title\" data-accordion-index=\"18\" tabindex=\"-1\" aria-expanded=\"false\" aria-controls=\"e-n-accordion-item-14117\" >\n\t\t\t\t\t<span class='e-n-accordion-item-title-header'><div class=\"e-n-accordion-item-title-text\"> Si je me rends en voiture au point de rencontre de Torres de Serranos, o\u00f9 puis-je me garer ? <\/div><\/span>\n\t\t\t\t\t\t\t<span class='e-n-accordion-item-title-icon'>\n\t\t\t<span class='e-opened' ><svg aria-hidden=\"true\" class=\"e-font-icon-svg e-fas-minus\" viewbox=\"0 0 448 512\" xmlns=\"http:\/\/www.w3.org\/2000\/svg\"><path d=\"M416 208H32c-17.67 0-32 14.33-32 32v32c0 17.67 14.33 32 32 32h384c17.67 0 32-14.33 32-32v-32c0-17.67-14.33-32-32-32z\"><\/path><\/svg><\/span>\n\t\t\t<span class='e-closed'><svg aria-hidden=\"true\" class=\"e-font-icon-svg e-fas-plus\" viewbox=\"0 0 448 512\" xmlns=\"http:\/\/www.w3.org\/2000\/svg\"><path d=\"M416 208H272V64c0-17.67-14.33-32-32-32h-32c-17.67 0-32 14.33-32 32v144H32c-17.67 0-32 14.33-32 32v32c0 17.67 14.33 32 32 32h144v144c0 17.67 14.33 32 32 32h32c17.67 0 32-14.33 32-32V304h144c17.67 0 32-14.33 32-32v-32c0-17.67-14.33-32-32-32z\"><\/path><\/svg><\/span>\n\t\t<\/span>\n\n\t\t\t\t\t\t<\/summary>\n\t\t\t\t<div role=\"region\" aria-labelledby=\"e-n-accordion-item-14117\" class=\"elementor-element elementor-element-26c9e9f e-flex e-con-boxed e-con e-child\" data-id=\"26c9e9f\" data-element_type=\"container\" data-e-type=\"container\">\n\t\t\t\t\t<div class=\"e-con-inner\">\n\t\t\t\t<div class=\"elementor-element elementor-element-5aa9435 elementor-widget elementor-widget-text-editor\" data-id=\"5aa9435\" data-element_type=\"widget\" data-e-type=\"widget\" data-widget_type=\"text-editor.default\">\n\t\t\t\t\t\t\t\t\t<p>Il y a un parking tr\u00e8s bon march\u00e9 d'o\u00f9 l'on peut marcher moins de 10 minutes. \u00bbParking la Torreta\u00bb.\u00bb<\/p>\t\t\t\t\t\t\t\t<\/div>\n\t\t\t\t\t<\/div>\n\t\t\t\t<\/div>\n\t\t\t\t\t<\/details>\n\t\t\t\t\t\t<details id=\"e-n-accordion-item-14118\" class=\"e-n-accordion-item\" >\n\t\t\t\t<summary class=\"e-n-accordion-item-title\" data-accordion-index=\"19\" tabindex=\"-1\" aria-expanded=\"false\" aria-controls=\"e-n-accordion-item-14118\" >\n\t\t\t\t\t<span class='e-n-accordion-item-title-header'><div class=\"e-n-accordion-item-title-text\"> Si j'utilise les transports publics, quel est le meilleur moyen de me rendre au point de rencontre ? <\/div><\/span>\n\t\t\t\t\t\t\t<span class='e-n-accordion-item-title-icon'>\n\t\t\t<span class='e-opened' ><svg aria-hidden=\"true\" class=\"e-font-icon-svg e-fas-minus\" viewbox=\"0 0 448 512\" xmlns=\"http:\/\/www.w3.org\/2000\/svg\"><path d=\"M416 208H32c-17.67 0-32 14.33-32 32v32c0 17.67 14.33 32 32 32h384c17.67 0 32-14.33 32-32v-32c0-17.67-14.33-32-32-32z\"><\/path><\/svg><\/span>\n\t\t\t<span class='e-closed'><svg aria-hidden=\"true\" class=\"e-font-icon-svg e-fas-plus\" viewbox=\"0 0 448 512\" xmlns=\"http:\/\/www.w3.org\/2000\/svg\"><path d=\"M416 208H272V64c0-17.67-14.33-32-32-32h-32c-17.67 0-32 14.33-32 32v144H32c-17.67 0-32 14.33-32 32v32c0 17.67 14.33 32 32 32h144v144c0 17.67 14.33 32 32 32h32c17.67 0 32-14.33 32-32V304h144c17.67 0 32-14.33 32-32v-32c0-17.67-14.33-32-32-32z\"><\/path><\/svg><\/span>\n\t\t<\/span>\n\n\t\t\t\t\t\t<\/summary>\n\t\t\t\t<div role=\"region\" aria-labelledby=\"e-n-accordion-item-14118\" class=\"elementor-element elementor-element-5053260 e-flex e-con-boxed e-con e-child\" data-id=\"5053260\" data-element_type=\"container\" data-e-type=\"container\">\n\t\t\t\t\t<div class=\"e-con-inner\">\n\t\t\t\t<div class=\"elementor-element elementor-element-2359e78 elementor-widget elementor-widget-text-editor\" data-id=\"2359e78\" data-element_type=\"widget\" data-e-type=\"widget\" data-widget_type=\"text-editor.default\">\n\t\t\t\t\t\t\t\t\t<p>Cela d\u00e9pend du point de collecte :<\/p><ul><li>NH Valencia Center : EMT Arr\u00eat de m\u00e9tro \u00bbTuria\u00bb (lignes 1 et 2), lignes de bus C2 ou 95 (gare routi\u00e8re).<\/li><li>Torres de Serranos : point le plus proche du centre. Lignes de bus L1, L2, L3, 28, 95, C1.<\/li><li>Cit\u00e9 de la Justice : point le plus proche de la Cit\u00e9 des Arts et des Sciences. Lignes de bus L191,13,14,25,95, arr\u00eat de tram EMT \u00bbCiudad de las Artes y las Ciencias\u00bb (ligne 10).<\/li><\/ul>\t\t\t\t\t\t\t\t<\/div>\n\t\t\t\t\t<\/div>\n\t\t\t\t<\/div>\n\t\t\t\t\t<\/details>\n\t\t\t\t\t<\/div>\n\t\t\t\t\t\t<\/div>\n\t\t\t\t<\/div>\n\t\t\t\t\t<\/div>\n\t\t\t\t<\/div>\n\t\t\t\t<\/div>","protected":false},"excerpt":{"rendered":"<p class=\" translation-block\">Plongez dans le <strong>c\u0153ur de la terre<\/strong> pour d\u00e9couvrir la <strong>beaut\u00e9 cach\u00e9e des grottes de San Jos\u00e9<\/strong>.<\/p>","protected":false},"featured_media":11666,"template":"","meta":{"_acf_changed":false},"product_cat":[19],"product_tag":[84],"class_list":{"0":"post-1117","1":"product","2":"type-product","3":"status-publish","4":"has-post-thumbnail","6":"product_cat-excursiones","7":"product_tag-destacados","9":"first","10":"instock","11":"featured","12":"virtual","13":"sold-individually","14":"taxable","15":"purchasable","16":"product-type-turitop"},"acf":[],"yoast_head":"<!-- This site is optimized with the Yoast SEO plugin v27.5 - https:\/\/yoast.com\/product\/yoast-seo-wordpress\/ -->\n<title>Excursi\u00f3n a las Cuevas de San Jos\u00e9 | Valencia&amp;Go<\/title>\n<meta name=\"description\" content=\"Explora la belleza de las Cuevas de San Jos\u00e9 con nuestra excursi\u00f3n cuevas. Un gu\u00eda oficial te mostrar\u00e1 todos los misterios ocultos. \u00a1Reserva ya!\" \/>\n<meta name=\"robots\" content=\"noindex, follow, max-snippet:-1, max-image-preview:large, max-video-preview:-1\" \/>\n<meta property=\"og:locale\" content=\"fr_FR\" \/>\n<meta property=\"og:type\" content=\"article\" \/>\n<meta property=\"og:title\" content=\"Excursi\u00f3n a las Cuevas de San Jos\u00e9 | Valencia&amp;Go\" \/>\n<meta property=\"og:description\" content=\"Explora la belleza de las Cuevas de San Jos\u00e9 con nuestra excursi\u00f3n cuevas. Un gu\u00eda oficial te mostrar\u00e1 todos los misterios ocultos. \u00a1Reserva ya!\" \/>\n<meta property=\"og:url\" content=\"https:\/\/upgrade.valenciaandgo.com\/fr\/excursions\/excursion-aux-grottes-de-san-jose\/\" \/>\n<meta property=\"og:site_name\" content=\"Valencia&amp;Go\" \/>\n<meta property=\"article:publisher\" content=\"https:\/\/www.facebook.com\/valenciaandgo\/\" \/>\n<meta property=\"article:modified_time\" content=\"2026-04-24T09:11:21+00:00\" \/>\n<meta property=\"og:image\" content=\"https:\/\/upgrade.valenciaandgo.com\/wp-content\/uploads\/2026\/03\/cuevassanjose3.webp\" \/>\n\t<meta property=\"og:image:width\" content=\"920\" \/>\n\t<meta property=\"og:image:height\" content=\"688\" \/>\n\t<meta property=\"og:image:type\" content=\"image\/webp\" \/>\n<meta name=\"twitter:card\" content=\"summary_large_image\" \/>\n<meta name=\"twitter:label1\" content=\"Dur\u00e9e de lecture estim\u00e9e\" \/>\n\t<meta name=\"twitter:data1\" content=\"11 minutes\" \/>\n<script type=\"application\/ld+json\" class=\"yoast-schema-graph\">{\"@context\":\"https:\\\/\\\/schema.org\",\"@graph\":[{\"@type\":\"WebPage\",\"@id\":\"https:\\\/\\\/upgrade.valenciaandgo.com\\\/excursiones\\\/excursion-a-las-cuevas-de-san-jose\\\/\",\"url\":\"https:\\\/\\\/upgrade.valenciaandgo.com\\\/excursiones\\\/excursion-a-las-cuevas-de-san-jose\\\/\",\"name\":\"Excursi\u00f3n a las Cuevas de San Jos\u00e9 | Valencia&Go\",\"isPartOf\":{\"@id\":\"https:\\\/\\\/upgrade.valenciaandgo.com\\\/it\\\/#website\"},\"primaryImageOfPage\":{\"@id\":\"https:\\\/\\\/upgrade.valenciaandgo.com\\\/excursiones\\\/excursion-a-las-cuevas-de-san-jose\\\/#primaryimage\"},\"image\":{\"@id\":\"https:\\\/\\\/upgrade.valenciaandgo.com\\\/excursiones\\\/excursion-a-las-cuevas-de-san-jose\\\/#primaryimage\"},\"thumbnailUrl\":\"https:\\\/\\\/upgrade.valenciaandgo.com\\\/wp-content\\\/uploads\\\/2026\\\/03\\\/cuevassanjose3.webp\",\"datePublished\":\"2025-11-05T15:44:58+00:00\",\"dateModified\":\"2026-04-24T09:11:21+00:00\",\"description\":\"Explora la belleza de las Cuevas de San Jos\u00e9 con nuestra excursi\u00f3n cuevas. Un gu\u00eda oficial te mostrar\u00e1 todos los misterios ocultos. \u00a1Reserva ya!\",\"breadcrumb\":{\"@id\":\"https:\\\/\\\/upgrade.valenciaandgo.com\\\/excursiones\\\/excursion-a-las-cuevas-de-san-jose\\\/#breadcrumb\"},\"inLanguage\":\"fr-FR\",\"potentialAction\":[{\"@type\":\"ReadAction\",\"target\":[\"https:\\\/\\\/upgrade.valenciaandgo.com\\\/excursiones\\\/excursion-a-las-cuevas-de-san-jose\\\/\"]}]},{\"@type\":\"ImageObject\",\"inLanguage\":\"fr-FR\",\"@id\":\"https:\\\/\\\/upgrade.valenciaandgo.com\\\/excursiones\\\/excursion-a-las-cuevas-de-san-jose\\\/#primaryimage\",\"url\":\"https:\\\/\\\/upgrade.valenciaandgo.com\\\/wp-content\\\/uploads\\\/2026\\\/03\\\/cuevassanjose3.webp\",\"contentUrl\":\"https:\\\/\\\/upgrade.valenciaandgo.com\\\/wp-content\\\/uploads\\\/2026\\\/03\\\/cuevassanjose3.webp\",\"width\":920,\"height\":688,\"caption\":\"cuevas de san jose valencia excursion en barca rio subterraneo\"},{\"@type\":\"BreadcrumbList\",\"@id\":\"https:\\\/\\\/upgrade.valenciaandgo.com\\\/excursiones\\\/excursion-a-las-cuevas-de-san-jose\\\/#breadcrumb\",\"itemListElement\":[{\"@type\":\"ListItem\",\"position\":1,\"name\":\"Portada\",\"item\":\"https:\\\/\\\/upgrade.valenciaandgo.com\\\/\"},{\"@type\":\"ListItem\",\"position\":2,\"name\":\"Tours\",\"item\":\"https:\\\/\\\/upgrade.valenciaandgo.com\\\/tours\\\/\"},{\"@type\":\"ListItem\",\"position\":3,\"name\":\"Excursi\u00f3n a las Cuevas de San Jos\u00e9\"}]},{\"@type\":\"WebSite\",\"@id\":\"https:\\\/\\\/upgrade.valenciaandgo.com\\\/it\\\/#website\",\"url\":\"https:\\\/\\\/upgrade.valenciaandgo.com\\\/it\\\/\",\"name\":\"Valencia&Go\",\"description\":\"Tours por Valencia y alrededores de ciudad.\",\"publisher\":{\"@id\":\"https:\\\/\\\/upgrade.valenciaandgo.com\\\/it\\\/#organization\"},\"potentialAction\":[{\"@type\":\"SearchAction\",\"target\":{\"@type\":\"EntryPoint\",\"urlTemplate\":\"https:\\\/\\\/upgrade.valenciaandgo.com\\\/it\\\/?s={search_term_string}\"},\"query-input\":{\"@type\":\"PropertyValueSpecification\",\"valueRequired\":true,\"valueName\":\"search_term_string\"}}],\"inLanguage\":\"fr-FR\"},{\"@type\":\"Organization\",\"@id\":\"https:\\\/\\\/upgrade.valenciaandgo.com\\\/it\\\/#organization\",\"name\":\"Valencia&Go\",\"url\":\"https:\\\/\\\/upgrade.valenciaandgo.com\\\/it\\\/\",\"logo\":{\"@type\":\"ImageObject\",\"inLanguage\":\"fr-FR\",\"@id\":\"https:\\\/\\\/upgrade.valenciaandgo.com\\\/it\\\/#\\\/schema\\\/logo\\\/image\\\/\",\"url\":\"https:\\\/\\\/upgrade.valenciaandgo.com\\\/wp-content\\\/uploads\\\/2025\\\/10\\\/valencia_go-svg-blnc-iso-naranja.svg\",\"contentUrl\":\"https:\\\/\\\/upgrade.valenciaandgo.com\\\/wp-content\\\/uploads\\\/2025\\\/10\\\/valencia_go-svg-blnc-iso-naranja.svg\",\"width\":434,\"height\":102,\"caption\":\"Valencia&Go\"},\"image\":{\"@id\":\"https:\\\/\\\/upgrade.valenciaandgo.com\\\/it\\\/#\\\/schema\\\/logo\\\/image\\\/\"},\"sameAs\":[\"https:\\\/\\\/www.facebook.com\\\/valenciaandgo\\\/\",\"https:\\\/\\\/www.instagram.com\\\/valenciaandgo\",\"https:\\\/\\\/www.linkedin.com\\\/company\\\/valencia-go\\\/\",\"https:\\\/\\\/www.tiktok.com\\\/@valenciaandgo\"]}]}<\/script>\n<!-- \/ Yoast SEO plugin. -->","yoast_head_json":{"title":"Excursion aux grottes de San Jos\u00e9 | Valencia&amp;Go","description":"Explorez la beaut\u00e9 des Cuevas de San Jos\u00e9 gr\u00e2ce \u00e0 notre visite des grottes. Un guide officiel vous montrera tous les myst\u00e8res cach\u00e9s - r\u00e9servez d\u00e8s maintenant !","robots":{"index":"noindex","follow":"follow","max-snippet":"max-snippet:-1","max-image-preview":"max-image-preview:large","max-video-preview":"max-video-preview:-1"},"og_locale":"fr_FR","og_type":"article","og_title":"Excursi\u00f3n a las Cuevas de San Jos\u00e9 | Valencia&Go","og_description":"Explora la belleza de las Cuevas de San Jos\u00e9 con nuestra excursi\u00f3n cuevas. Un gu\u00eda oficial te mostrar\u00e1 todos los misterios ocultos. \u00a1Reserva ya!","og_url":"https:\/\/upgrade.valenciaandgo.com\/fr\/excursions\/excursion-aux-grottes-de-san-jose\/","og_site_name":"Valencia&amp;Go","article_publisher":"https:\/\/www.facebook.com\/valenciaandgo\/","article_modified_time":"2026-04-24T09:11:21+00:00","og_image":[{"width":920,"height":688,"url":"https:\/\/upgrade.valenciaandgo.com\/wp-content\/uploads\/2026\/03\/cuevassanjose3.webp","type":"image\/webp"}],"twitter_card":"summary_large_image","twitter_misc":{"Dur\u00e9e de lecture estim\u00e9e":"11 minutes"},"schema":{"@context":"https:\/\/schema.org","@graph":[{"@type":"WebPage","@id":"https:\/\/upgrade.valenciaandgo.com\/excursiones\/excursion-a-las-cuevas-de-san-jose\/","url":"https:\/\/upgrade.valenciaandgo.com\/excursiones\/excursion-a-las-cuevas-de-san-jose\/","name":"Excursion aux grottes de San Jos\u00e9 | Valencia&amp;Go","isPartOf":{"@id":"https:\/\/upgrade.valenciaandgo.com\/it\/#website"},"primaryImageOfPage":{"@id":"https:\/\/upgrade.valenciaandgo.com\/excursiones\/excursion-a-las-cuevas-de-san-jose\/#primaryimage"},"image":{"@id":"https:\/\/upgrade.valenciaandgo.com\/excursiones\/excursion-a-las-cuevas-de-san-jose\/#primaryimage"},"thumbnailUrl":"https:\/\/upgrade.valenciaandgo.com\/wp-content\/uploads\/2026\/03\/cuevassanjose3.webp","datePublished":"2025-11-05T15:44:58+00:00","dateModified":"2026-04-24T09:11:21+00:00","description":"Explorez la beaut\u00e9 des Cuevas de San Jos\u00e9 gr\u00e2ce \u00e0 notre visite des grottes. Un guide officiel vous montrera tous les myst\u00e8res cach\u00e9s - r\u00e9servez d\u00e8s maintenant !","breadcrumb":{"@id":"https:\/\/upgrade.valenciaandgo.com\/excursiones\/excursion-a-las-cuevas-de-san-jose\/#breadcrumb"},"inLanguage":"fr-FR","potentialAction":[{"@type":"ReadAction","target":["https:\/\/upgrade.valenciaandgo.com\/excursiones\/excursion-a-las-cuevas-de-san-jose\/"]}]},{"@type":"ImageObject","inLanguage":"fr-FR","@id":"https:\/\/upgrade.valenciaandgo.com\/excursiones\/excursion-a-las-cuevas-de-san-jose\/#primaryimage","url":"https:\/\/upgrade.valenciaandgo.com\/wp-content\/uploads\/2026\/03\/cuevassanjose3.webp","contentUrl":"https:\/\/upgrade.valenciaandgo.com\/wp-content\/uploads\/2026\/03\/cuevassanjose3.webp","width":920,"height":688,"caption":"cuevas de san jose valencia excursion en barca rio subterraneo"},{"@type":"BreadcrumbList","@id":"https:\/\/upgrade.valenciaandgo.com\/excursiones\/excursion-a-las-cuevas-de-san-jose\/#breadcrumb","itemListElement":[{"@type":"ListItem","position":1,"name":"Portada","item":"https:\/\/upgrade.valenciaandgo.com\/"},{"@type":"ListItem","position":2,"name":"Tours","item":"https:\/\/upgrade.valenciaandgo.com\/tours\/"},{"@type":"ListItem","position":3,"name":"Excursi\u00f3n a las Cuevas de San Jos\u00e9"}]},{"@type":"WebSite","@id":"https:\/\/upgrade.valenciaandgo.com\/it\/#website","url":"https:\/\/upgrade.valenciaandgo.com\/it\/","name":"Valencia&amp;Go","description":"Visites de Valence et de ses environs.","publisher":{"@id":"https:\/\/upgrade.valenciaandgo.com\/it\/#organization"},"potentialAction":[{"@type":"SearchAction","target":{"@type":"EntryPoint","urlTemplate":"https:\/\/upgrade.valenciaandgo.com\/it\/?s={search_term_string}"},"query-input":{"@type":"PropertyValueSpecification","valueRequired":true,"valueName":"search_term_string"}}],"inLanguage":"fr-FR"},{"@type":"Organization","@id":"https:\/\/upgrade.valenciaandgo.com\/it\/#organization","name":"Valencia&amp;Go","url":"https:\/\/upgrade.valenciaandgo.com\/it\/","logo":{"@type":"ImageObject","inLanguage":"fr-FR","@id":"https:\/\/upgrade.valenciaandgo.com\/it\/#\/schema\/logo\/image\/","url":"https:\/\/upgrade.valenciaandgo.com\/wp-content\/uploads\/2025\/10\/valencia_go-svg-blnc-iso-naranja.svg","contentUrl":"https:\/\/upgrade.valenciaandgo.com\/wp-content\/uploads\/2025\/10\/valencia_go-svg-blnc-iso-naranja.svg","width":434,"height":102,"caption":"Valencia&Go"},"image":{"@id":"https:\/\/upgrade.valenciaandgo.com\/it\/#\/schema\/logo\/image\/"},"sameAs":["https:\/\/www.facebook.com\/valenciaandgo\/","https:\/\/www.instagram.com\/valenciaandgo","https:\/\/www.linkedin.com\/company\/valencia-go\/","https:\/\/www.tiktok.com\/@valenciaandgo"]}]}},"_links":{"self":[{"href":"https:\/\/upgrade.valenciaandgo.com\/fr\/wp-json\/wp\/v2\/product\/1117","targetHints":{"allow":["GET"]}}],"collection":[{"href":"https:\/\/upgrade.valenciaandgo.com\/fr\/wp-json\/wp\/v2\/product"}],"about":[{"href":"https:\/\/upgrade.valenciaandgo.com\/fr\/wp-json\/wp\/v2\/types\/product"}],"version-history":[{"count":0,"href":"https:\/\/upgrade.valenciaandgo.com\/fr\/wp-json\/wp\/v2\/product\/1117\/revisions"}],"wp:featuredmedia":[{"embeddable":true,"href":"https:\/\/upgrade.valenciaandgo.com\/fr\/wp-json\/wp\/v2\/media\/11666"}],"wp:attachment":[{"href":"https:\/\/upgrade.valenciaandgo.com\/fr\/wp-json\/wp\/v2\/media?parent=1117"}],"wp:term":[{"taxonomy":"product_cat","embeddable":true,"href":"https:\/\/upgrade.valenciaandgo.com\/fr\/wp-json\/wp\/v2\/product_cat?post=1117"},{"taxonomy":"product_tag","embeddable":true,"href":"https:\/\/upgrade.valenciaandgo.com\/fr\/wp-json\/wp\/v2\/product_tag?post=1117"}],"curies":[{"name":"wp","href":"https:\/\/api.w.org\/{rel}","templated":true}]}}