{"id":9620,"date":"2026-03-13T02:52:14","date_gmt":"2026-03-13T02:52:14","guid":{"rendered":"https:\/\/staging.valenciaandgo.com\/?page_id=9620"},"modified":"2026-04-01T21:17:29","modified_gmt":"2026-04-01T21:17:29","slug":"lieux-dinteret","status":"publish","type":"page","link":"https:\/\/upgrade.valenciaandgo.com\/fr\/lugares-de-interes\/","title":{"rendered":"Lieux d'int\u00e9r\u00eat"},"content":{"rendered":"<div data-elementor-type=\"wp-page\" data-elementor-id=\"9620\" class=\"elementor elementor-9620\" data-elementor-post-type=\"page\">\n\t\t\t\t<div class=\"elementor-element elementor-element-6343898 e-flex e-con-boxed e-con e-child\" data-id=\"6343898\" data-element_type=\"container\" data-e-type=\"container\" data-settings=\"{&quot;background_background&quot;:&quot;classic&quot;,&quot;shape_divider_bottom&quot;:&quot;waves&quot;}\">\n\t\t\t\t\t<div class=\"e-con-inner\">\n\t\t\t\t<div class=\"elementor-shape elementor-shape-bottom\" aria-hidden=\"true\" data-negative=\"false\">\n\t\t\t<svg xmlns=\"http:\/\/www.w3.org\/2000\/svg\" viewbox=\"0 0 1000 100\" preserveaspectratio=\"none\">\n\t<path class=\"elementor-shape-fill\" d=\"M421.9,6.5c22.6-2.5,51.5,0.4,75.5,5.3c23.6,4.9,70.9,23.5,100.5,35.7c75.8,32.2,133.7,44.5,192.6,49.7\tc23.6,2.1,48.7,3.5,103.4-2.5c54.7-6,106.2-25.6,106.2-25.6V0H0v30.3c0,0,72,32.6,158.4,30.5c39.2-0.7,92.8-6.7,134-22.4\tc21.2-8.1,52.2-18.2,79.7-24.2C399.3,7.9,411.6,7.5,421.9,6.5z\"\/>\n<\/svg>\t\t<\/div>\n\t\t<div class=\"elementor-element elementor-element-c89e14c e-con-full e-flex e-con e-child\" data-id=\"c89e14c\" data-element_type=\"container\" data-e-type=\"container\">\n\t\t\t\t<div class=\"elementor-element elementor-element-b0ad85a elementor-widget elementor-widget-heading translation-block\" data-id=\"b0ad85a\" data-element_type=\"widget\" data-e-type=\"widget\" data-widget_type=\"heading.default\"><span>\n  <span>\n    <span style=\"color:#FFFFFF\">Ce<\/span> \n    <span style=\"color:#FFFFFF\">que<\/span> \n    <span style=\"color:#FFFFFF\">vous<\/span> \n    <span style=\"color:#FFFFFF\">ne<\/span> \n    <span style=\"color:#FFFFFF\">pouvez<\/span> \n    <span style=\"color:#FFFFFF\">pas<\/span> \n    <span style=\"color:#FFFFFF\">manquer<\/span>\n  <\/span>\n<\/span><\/div>\n\t\t\t\t<div class=\"elementor-element elementor-element-a00d2bd elementor-widget elementor-widget-heading\" data-id=\"a00d2bd\" data-element_type=\"widget\" data-e-type=\"widget\" data-widget_type=\"heading.default\">\n\t\t\t\t\t<h1 class=\"elementor-heading-title elementor-size-default\">Lieux d'int\u00e9r\u00eat<\/h1>\t\t\t\t<\/div>\n\t\t\t\t<div class=\"elementor-element elementor-element-7d73085 animated-slow elementor-widget__width-initial elementor-widget-tablet__width-initial elementor-invisible elementor-widget elementor-widget-text-editor\" data-id=\"7d73085\" data-element_type=\"widget\" data-e-type=\"widget\" data-settings=\"{&quot;_animation&quot;:&quot;fadeIn&quot;}\" data-widget_type=\"text-editor.default\">\n\t\t\t\t\t\t\t\t\t<p data-start=\"0\" data-end=\"76\">Vous arrivez \u00e0 Valence et souhaitez d\u00e9couvrir le meilleur de la ville en peu de temps ?<\/p><p data-start=\"78\" data-end=\"294\">D\u00e9couvrez nos <strong data-start=\"95\" data-end=\"129\">Sites d'int\u00e9r\u00eat \u00e0 Valence<\/strong> et profitez de chaque minute avec une s\u00e9lection con\u00e7ue pour vous.<\/p><p data-start=\"78\" data-end=\"294\">Profitez de Valence sans perdre de temps \u00e0 chercher des choses \u00e0 faire. Vous trouverez ici des options id\u00e9ales pour tous les go\u00fbts, avec des lieux cl\u00e9s et des exp\u00e9riences qui valent vraiment la peine.<\/p>\t\t\t\t\t\t\t\t<\/div>\n\t\t\t\t<\/div>\n\t\t\t\t\t<\/div>\n\t\t\t\t<\/div>\n\t\t<div class=\"elementor-element elementor-element-05c29f2 e-flex e-con-boxed e-con e-parent\" data-id=\"05c29f2\" data-element_type=\"container\" data-e-type=\"container\" data-settings=\"{&quot;background_background&quot;:&quot;classic&quot;}\">\n\t\t\t\t\t<div class=\"e-con-inner\">\n\t\t\t\t<div class=\"elementor-element elementor-element-4306624 elementor-widget elementor-widget-shortcode\" data-id=\"4306624\" data-element_type=\"widget\" data-e-type=\"widget\" data-widget_type=\"shortcode.default\">\n\t\t\t\t\t\t\t<div class=\"elementor-shortcode\"><div id=\"tga-atracciones\" class=\"tga-lista-atracciones-container\" style=\"width:100%;\">\n<!-- Secci\u00f3n de Filtros -->\n<section class=\"atracciones-filtros-section\">\n    <div class=\"atracciones-filtros\">\n        <div class=\"filtro-icono active\" data-categoria=\"todos\" data-categoria-id=\"0\" data-categoria-key=\"\">\n            <i class=\"fas fa-th-large filtro-icon\"><\/i>\n            <span class=\"filtro-label\">Tous<\/span>\n        <\/div>\n                                    <div class=\"filtro-icono\"\n                    data-categoria=\"compras\"\n                    data-categoria-id=\"68\"\n                    data-categoria-key=\"compras\">\n                    <i class=\"fa-solid fa-bag-shopping filtro-icon\"><\/i>                    <span class=\"filtro-label\">\n                        achats                    <\/span>\n                <\/div>\n                            <div class=\"filtro-icono\"\n                    data-categoria=\"cultura\"\n                    data-categoria-id=\"69\"\n                    data-categoria-key=\"cultura\">\n                    <i class=\"fa-solid fa-landmark filtro-icon\"><\/i>                    <span class=\"filtro-label\">\n                        culture                    <\/span>\n                <\/div>\n                            <div class=\"filtro-icono\"\n                    data-categoria=\"entretenimiento\"\n                    data-categoria-id=\"70\"\n                    data-categoria-key=\"entretenimiento\">\n                    <i class=\"fa-solid fa-masks-theater filtro-icon\"><\/i>                    <span class=\"filtro-label\">\n                        divertissement                    <\/span>\n                <\/div>\n                            <div class=\"filtro-icono\"\n                    data-categoria=\"playa\"\n                    data-categoria-id=\"71\"\n                    data-categoria-key=\"playa\">\n                    <i class=\"fa-solid fa-umbrella-beach filtro-icon\"><\/i>                    <span class=\"filtro-label\">\n                        plage                    <\/span>\n                <\/div>\n                        <\/div>\n<\/section>\n\n<!-- Layout Principal -->\n<section class=\"atracciones-main-section\">\n    <div class=\"atracciones-wrapper\">\n\n        <!-- Columna Izquierda: Lista de Atracciones -->\n        <div class=\"atracciones-lista-columna\">\n            <h2 class=\"atracciones-lista-title translation-block\">Que faire \u00e0 Valence : les lieux incontournables<\/h2>\n\n            <div class=\"atracciones-contador\">\n                <span id=\"atracciones-contador-texto\">29 r\u00e9sultats trouv\u00e9s<\/span>\n            <\/div>\n\n            <div class=\"tga-lista-atracciones-wrap\">\n                <div class=\"tga-atracciones-loader\" id=\"tga-atracciones-loader\" style=\"display:none;\" aria-live=\"polite\" aria-busy=\"false\">\n                    <span class=\"tga-atracciones-loader-spinner\" aria-hidden=\"true\"><\/span>\n                    <span class=\"tga-atracciones-loader-text\">Chargement...<\/span>\n                <\/div>\n                <div class=\"atracciones-lista\" id=\"atracciones-lista\">\n                    \n            <article class=\"atraccion-card\" data-atraccion-id=\"3862\"\n            data-categorias=\"69\"\n            data-categoria-keys=\"cultura\"\n            data-categorias-slugs=\"cultura\">\n\n            <div class=\"atraccion-thumbnail-wrapper\">\n                                    <div class=\"atraccion-thumbnail\">\n                        <img decoding=\"async\" width=\"128\" height=\"46\" src=\"https:\/\/upgrade.valenciaandgo.com\/wp-content\/uploads\/2026\/01\/img-barrio-del-cabanal-01.webp\" class=\"attachment-thumbnail size-thumbnail wp-post-image\" alt=\"\" \/>\n                                                    <span class=\"categoria-badge\">\n                                CULTURE                            <\/span>\n                        \n                        <span class=\"atraccion-marker-badge\">\n                            <i class=\"fas fa-map-marker-alt\"><\/i>\n                        <\/span>\n                    <\/div>\n                            <\/div>\n\n            <div class=\"atraccion-content\">\n                <h3 class=\"atraccion-title\">\n                    <a href=\"https:\/\/upgrade.valenciaandgo.com\/fr\/atracciones\/barrio-del-cabanal-en-valencia\/\">Quartier de Caba\u00f1al \u00e0 Valence<\/a>\n                <\/h3>\n\n                                    <div class=\"atraccion-descripcion\">\n                        <p><span data-sheets-root=\"1\">L'histoire authentique des marins de Valence est repr\u00e9sent\u00e9e dans ce quartier, consid\u00e9r\u00e9 comme l'un des endroits les plus \u00e0 la mode de la ville.<\/span><\/p>\n                    <\/div>\n                \n                <div class=\"atraccion-footer\">\n                    <div class=\"atraccion-tours-info\">\n                        <button type=\"button\" class=\"atraccion-tours-info-btn\" data-atraccion-id=\"3862\">\n                            <i class=\"fas fa-ticket-alt tours-icon\" aria-hidden=\"true\"><\/i>\n                            <span>Visites guid\u00e9es disponibles<\/span>\n                        <\/button>\n                    <\/div>\n                <\/div>\n            <\/div>\n        <\/article>\n\n            <article class=\"atraccion-card\" data-atraccion-id=\"3830\"\n            data-categorias=\"72\"\n            data-categoria-keys=\"restauracion\"\n            data-categorias-slugs=\"restauracion\">\n\n            <div class=\"atraccion-thumbnail-wrapper\">\n                                    <div class=\"atraccion-thumbnail\">\n                        <img decoding=\"async\" width=\"126\" height=\"96\" src=\"https:\/\/upgrade.valenciaandgo.com\/wp-content\/uploads\/2026\/01\/img-casa-carmela-02.webp\" class=\"attachment-thumbnail size-thumbnail wp-post-image\" alt=\"\" \/>\n                        \n                        <span class=\"atraccion-marker-badge\">\n                            <i class=\"fas fa-map-marker-alt\"><\/i>\n                        <\/span>\n                    <\/div>\n                            <\/div>\n\n            <div class=\"atraccion-content\">\n                <h3 class=\"atraccion-title\">\n                    <a href=\"https:\/\/upgrade.valenciaandgo.com\/fr\/atracciones\/casa-carmela-restaurante\/\">Restaurant Casa Carmela<\/a>\n                <\/h3>\n\n                                    <div class=\"atraccion-descripcion\">\n                        <p><span data-sheets-root=\"1\">Un restaurant l\u00e9gendaire dans le quartier de Caba\u00f1al \u00e0 Valence o\u00f9, selon la tradition, la paella valencienne est cuisin\u00e9e au feu de bois.<\/span><\/p>\n                    <\/div>\n                \n                <div class=\"atraccion-footer\">\n                    <div class=\"atraccion-tours-info\">\n                        <button type=\"button\" class=\"atraccion-tours-info-btn\" data-atraccion-id=\"3830\">\n                            <i class=\"fas fa-ticket-alt tours-icon\" aria-hidden=\"true\"><\/i>\n                            <span>Visites guid\u00e9es disponibles<\/span>\n                        <\/button>\n                    <\/div>\n                <\/div>\n            <\/div>\n        <\/article>\n\n            <article class=\"atraccion-card\" data-atraccion-id=\"3814\"\n            data-categorias=\"69\"\n            data-categoria-keys=\"cultura\"\n            data-categorias-slugs=\"cultura\">\n\n            <div class=\"atraccion-thumbnail-wrapper\">\n                                    <div class=\"atraccion-thumbnail\">\n                        <img decoding=\"async\" width=\"128\" height=\"40\" src=\"https:\/\/upgrade.valenciaandgo.com\/wp-content\/uploads\/2026\/01\/img-castillo-xativa-01.webp\" class=\"attachment-thumbnail size-thumbnail wp-post-image\" alt=\"\" \/>\n                                                    <span class=\"categoria-badge\">\n                                CULTURE                            <\/span>\n                        \n                        <span class=\"atraccion-marker-badge\">\n                            <i class=\"fas fa-map-marker-alt\"><\/i>\n                        <\/span>\n                    <\/div>\n                            <\/div>\n\n            <div class=\"atraccion-content\">\n                <h3 class=\"atraccion-title\">\n                    <a href=\"https:\/\/upgrade.valenciaandgo.com\/fr\/atracciones\/castillo-de-xativa\/\">Ch\u00e2teau de X\u00e0tiva<\/a>\n                <\/h3>\n\n                                    <div class=\"atraccion-descripcion\">\n                        <p><span data-sheets-root=\"1\">D\u00e9clar\u00e9e Bien d'int\u00e9r\u00eat culturel, l'une des forteresses les plus impressionnantes de la province de Valence, o\u00f9 de grandes batailles ont \u00e9t\u00e9 livr\u00e9es.<\/span><\/p>\n                    <\/div>\n                \n                <div class=\"atraccion-footer\">\n                    <div class=\"atraccion-tours-info\">\n                        <button type=\"button\" class=\"atraccion-tours-info-btn\" data-atraccion-id=\"3814\">\n                            <i class=\"fas fa-ticket-alt tours-icon\" aria-hidden=\"true\"><\/i>\n                            <span>Visites guid\u00e9es disponibles<\/span>\n                        <\/button>\n                    <\/div>\n                <\/div>\n            <\/div>\n        <\/article>\n\n            <article class=\"atraccion-card\" data-atraccion-id=\"3559\"\n            data-categorias=\"69\"\n            data-categoria-keys=\"cultura\"\n            data-categorias-slugs=\"cultura\">\n\n            <div class=\"atraccion-thumbnail-wrapper\">\n                                    <div class=\"atraccion-thumbnail\">\n                        <img loading=\"lazy\" decoding=\"async\" width=\"128\" height=\"57\" src=\"https:\/\/upgrade.valenciaandgo.com\/wp-content\/uploads\/2025\/12\/img-catedral-valencia-01.webp\" class=\"attachment-thumbnail size-thumbnail wp-post-image\" alt=\"\" \/>\n                                                    <span class=\"categoria-badge\">\n                                CULTURE                            <\/span>\n                        \n                        <span class=\"atraccion-marker-badge\">\n                            <i class=\"fas fa-map-marker-alt\"><\/i>\n                        <\/span>\n                    <\/div>\n                            <\/div>\n\n            <div class=\"atraccion-content\">\n                <h3 class=\"atraccion-title\">\n                    <a href=\"https:\/\/upgrade.valenciaandgo.com\/fr\/atracciones\/catedral-de-valencia-y-el-santo-caliz\/\">La cath\u00e9drale de Valence et le Saint Calice<\/a>\n                <\/h3>\n\n                                    <div class=\"atraccion-descripcion\">\n                        <p><span data-sheets-root=\"1\">Le plus grand monument architectural religieux de Valence : une impressionnante cath\u00e9drale gothique qui abrite le Saint Calice.<\/span><\/p>\n                    <\/div>\n                \n                <div class=\"atraccion-footer\">\n                    <div class=\"atraccion-tours-info\">\n                        <button type=\"button\" class=\"atraccion-tours-info-btn\" data-atraccion-id=\"3559\">\n                            <i class=\"fas fa-ticket-alt tours-icon\" aria-hidden=\"true\"><\/i>\n                            <span>Visites guid\u00e9es disponibles<\/span>\n                        <\/button>\n                    <\/div>\n                <\/div>\n            <\/div>\n        <\/article>\n\n            <article class=\"atraccion-card\" data-atraccion-id=\"3884\"\n            data-categorias=\"72\"\n            data-categoria-keys=\"restauracion\"\n            data-categorias-slugs=\"restauracion\">\n\n            <div class=\"atraccion-thumbnail-wrapper\">\n                                    <div class=\"atraccion-thumbnail\">\n                        <img loading=\"lazy\" decoding=\"async\" width=\"128\" height=\"40\" src=\"https:\/\/upgrade.valenciaandgo.com\/wp-content\/uploads\/2026\/01\/vista-edificios-ciudad-valencia.webp\" class=\"attachment-thumbnail size-thumbnail wp-post-image\" alt=\"\" \/>\n                        \n                        <span class=\"atraccion-marker-badge\">\n                            <i class=\"fas fa-map-marker-alt\"><\/i>\n                        <\/span>\n                    <\/div>\n                            <\/div>\n\n            <div class=\"atraccion-content\">\n                <h3 class=\"atraccion-title\">\n                    <a href=\"https:\/\/upgrade.valenciaandgo.com\/fr\/atracciones\/central-bar-valencia\/\">Central Bar Valencia<\/a>\n                <\/h3>\n\n                                    <div class=\"atraccion-descripcion\">\n                        <p>Des tapas gourmandes au c\u0153ur du march\u00e9 central de Valence.<br \/>\nL'endroit id\u00e9al pour d\u00e9guster des tapas et des sandwichs du jour avec des produits frais en provenance directe du march\u00e9.<\/p>\n<p>Un incontournable de la ville !<\/p>\n                    <\/div>\n                \n                <div class=\"atraccion-footer\">\n                    <div class=\"atraccion-tours-info\">\n                        <button type=\"button\" class=\"atraccion-tours-info-btn\" data-atraccion-id=\"3884\">\n                            <i class=\"fas fa-ticket-alt tours-icon\" aria-hidden=\"true\"><\/i>\n                            <span>Visites guid\u00e9es disponibles<\/span>\n                        <\/button>\n                    <\/div>\n                <\/div>\n            <\/div>\n        <\/article>\n\n            <article class=\"atraccion-card\" data-atraccion-id=\"3758\"\n            data-categorias=\"69,70\"\n            data-categoria-keys=\"cultura,entretenimiento\"\n            data-categorias-slugs=\"cultura,entretenimiento\">\n\n            <div class=\"atraccion-thumbnail-wrapper\">\n                                    <div class=\"atraccion-thumbnail\">\n                        <img loading=\"lazy\" decoding=\"async\" width=\"128\" height=\"40\" src=\"https:\/\/upgrade.valenciaandgo.com\/wp-content\/uploads\/2026\/01\/img-ciudad-artes-ciencias-01.webp\" class=\"attachment-thumbnail size-thumbnail wp-post-image\" alt=\"\" \/>\n                                                    <span class=\"categoria-badge\">\n                                CULTURE                            <\/span>\n                        \n                        <span class=\"atraccion-marker-badge\">\n                            <i class=\"fas fa-map-marker-alt\"><\/i>\n                        <\/span>\n                    <\/div>\n                            <\/div>\n\n            <div class=\"atraccion-content\">\n                <h3 class=\"atraccion-title\">\n                    <a href=\"https:\/\/upgrade.valenciaandgo.com\/fr\/atracciones\/ciudad-de-las-artes-y-las-ciencias\/\">Cit\u00e9 des arts et des sciences<\/a>\n                <\/h3>\n\n                                    <div class=\"atraccion-descripcion\">\n                        <p><span data-sheets-root=\"1\">Un complexe architectural, culturel et de loisirs qui est devenu l'ic\u00f4ne de Valence. Une ville futuriste con\u00e7ue par l'architecte Santiago Calatrava.<\/span><\/p>\n                    <\/div>\n                \n                <div class=\"atraccion-footer\">\n                    <div class=\"atraccion-tours-info\">\n                        <button type=\"button\" class=\"atraccion-tours-info-btn\" data-atraccion-id=\"3758\">\n                            <i class=\"fas fa-ticket-alt tours-icon\" aria-hidden=\"true\"><\/i>\n                            <span>Visites guid\u00e9es disponibles<\/span>\n                        <\/button>\n                    <\/div>\n                <\/div>\n            <\/div>\n        <\/article>\n\n            <article class=\"atraccion-card\" data-atraccion-id=\"3713\"\n            data-categorias=\"70\"\n            data-categoria-keys=\"entretenimiento\"\n            data-categorias-slugs=\"entretenimiento\">\n\n            <div class=\"atraccion-thumbnail-wrapper\">\n                                    <div class=\"atraccion-thumbnail\">\n                        <img loading=\"lazy\" decoding=\"async\" width=\"128\" height=\"40\" src=\"https:\/\/upgrade.valenciaandgo.com\/wp-content\/uploads\/2026\/01\/img-coves-sant-josep-01-1.webp\" class=\"attachment-thumbnail size-thumbnail wp-post-image\" alt=\"\" \/>\n                                                    <span class=\"categoria-badge\">\n                                DIVERTISSEMENT                            <\/span>\n                        \n                        <span class=\"atraccion-marker-badge\">\n                            <i class=\"fas fa-map-marker-alt\"><\/i>\n                        <\/span>\n                    <\/div>\n                            <\/div>\n\n            <div class=\"atraccion-content\">\n                <h3 class=\"atraccion-title\">\n                    <a href=\"https:\/\/upgrade.valenciaandgo.com\/fr\/atracciones\/coves-de-sant-josep\/\">Les criques de Sant Josep<\/a>\n                <\/h3>\n\n                                    <div class=\"atraccion-descripcion\">\n                        <p><span data-sheets-root=\"1\">Une rivi\u00e8re souterraine navigable et pleine de myst\u00e8res. Un voyage qui vous m\u00e8nera \u00e0 des formations rocheuses impressionnantes.<\/span><\/p>\n                    <\/div>\n                \n                <div class=\"atraccion-footer\">\n                    <div class=\"atraccion-tours-info\">\n                        <button type=\"button\" class=\"atraccion-tours-info-btn\" data-atraccion-id=\"3713\">\n                            <i class=\"fas fa-ticket-alt tours-icon\" aria-hidden=\"true\"><\/i>\n                            <span>Visites guid\u00e9es disponibles<\/span>\n                        <\/button>\n                    <\/div>\n                <\/div>\n            <\/div>\n        <\/article>\n\n            <article class=\"atraccion-card\" data-atraccion-id=\"3854\"\n            data-categorias=\"69\"\n            data-categoria-keys=\"cultura\"\n            data-categorias-slugs=\"cultura\">\n\n            <div class=\"atraccion-thumbnail-wrapper\">\n                                    <div class=\"atraccion-thumbnail\">\n                        <img loading=\"lazy\" decoding=\"async\" width=\"128\" height=\"54\" src=\"https:\/\/upgrade.valenciaandgo.com\/wp-content\/uploads\/2026\/01\/img-miguelete-valencia-01.webp\" class=\"attachment-thumbnail size-thumbnail wp-post-image\" alt=\"\" \/>\n                                                    <span class=\"categoria-badge\">\n                                CULTURE                            <\/span>\n                        \n                        <span class=\"atraccion-marker-badge\">\n                            <i class=\"fas fa-map-marker-alt\"><\/i>\n                        <\/span>\n                    <\/div>\n                            <\/div>\n\n            <div class=\"atraccion-content\">\n                <h3 class=\"atraccion-title\">\n                    <a href=\"https:\/\/upgrade.valenciaandgo.com\/fr\/atracciones\/miguelete-valencia\/\">Le Miguelete de Valence<\/a>\n                <\/h3>\n\n                                    <div class=\"atraccion-descripcion\">\n                        <p><span data-sheets-root=\"1\">Il s'agit du clocher de la cath\u00e9drale de Valence, construit dans le style gothique valencien. Sa hauteur de 50,85 m\u00e8tres offre une vue panoramique sur la ville.<\/span><\/p>\n                    <\/div>\n                \n                <div class=\"atraccion-footer\">\n                    <div class=\"atraccion-tours-info\">\n                        <button type=\"button\" class=\"atraccion-tours-info-btn\" data-atraccion-id=\"3854\">\n                            <i class=\"fas fa-ticket-alt tours-icon\" aria-hidden=\"true\"><\/i>\n                            <span>Visites guid\u00e9es disponibles<\/span>\n                        <\/button>\n                    <\/div>\n                <\/div>\n            <\/div>\n        <\/article>\n\n            <article class=\"atraccion-card\" data-atraccion-id=\"3932\"\n            data-categorias=\"69\"\n            data-categoria-keys=\"cultura\"\n            data-categorias-slugs=\"cultura\">\n\n            <div class=\"atraccion-thumbnail-wrapper\">\n                                    <div class=\"atraccion-thumbnail\">\n                        <img loading=\"lazy\" decoding=\"async\" width=\"62\" height=\"96\" src=\"https:\/\/upgrade.valenciaandgo.com\/wp-content\/uploads\/2026\/01\/img_estacion-norte-02.webp\" class=\"attachment-thumbnail size-thumbnail wp-post-image\" alt=\"\" \/>\n                                                    <span class=\"categoria-badge\">\n                                CULTURE                            <\/span>\n                        \n                        <span class=\"atraccion-marker-badge\">\n                            <i class=\"fas fa-map-marker-alt\"><\/i>\n                        <\/span>\n                    <\/div>\n                            <\/div>\n\n            <div class=\"atraccion-content\">\n                <h3 class=\"atraccion-title\">\n                    <a href=\"https:\/\/upgrade.valenciaandgo.com\/fr\/atracciones\/estacion-del-norte-de-valencia\/\">Gare de Valence Nord<\/a>\n                <\/h3>\n\n                                    <div class=\"atraccion-descripcion\">\n                        <p>L\u00e0 o\u00f9 le modernisme accueille la ville.<\/p>\n<p>Un joyau du modernisme valencien, une entr\u00e9e embl\u00e9matique de la ville.<\/p>\n                    <\/div>\n                \n                <div class=\"atraccion-footer\">\n                    <div class=\"atraccion-tours-info\">\n                        <button type=\"button\" class=\"atraccion-tours-info-btn\" data-atraccion-id=\"3932\">\n                            <i class=\"fas fa-ticket-alt tours-icon\" aria-hidden=\"true\"><\/i>\n                            <span>Visites guid\u00e9es disponibles<\/span>\n                        <\/button>\n                    <\/div>\n                <\/div>\n            <\/div>\n        <\/article>\n\n            <article class=\"atraccion-card\" data-atraccion-id=\"3924\"\n            data-categorias=\"69,70\"\n            data-categoria-keys=\"cultura,entretenimiento\"\n            data-categorias-slugs=\"cultura,entretenimiento\">\n\n            <div class=\"atraccion-thumbnail-wrapper\">\n                                    <div class=\"atraccion-thumbnail\">\n                        <img loading=\"lazy\" decoding=\"async\" width=\"77\" height=\"96\" src=\"https:\/\/upgrade.valenciaandgo.com\/wp-content\/uploads\/2026\/01\/img_ivam-02.webp\" class=\"attachment-thumbnail size-thumbnail wp-post-image\" alt=\"\" \/>\n                                                    <span class=\"categoria-badge\">\n                                CULTURE                            <\/span>\n                        \n                        <span class=\"atraccion-marker-badge\">\n                            <i class=\"fas fa-map-marker-alt\"><\/i>\n                        <\/span>\n                    <\/div>\n                            <\/div>\n\n            <div class=\"atraccion-content\">\n                <h3 class=\"atraccion-title\">\n                    <a href=\"https:\/\/upgrade.valenciaandgo.com\/fr\/atracciones\/ivam-instituto-valenciano-de-arte-moderno\/\">IVAM - Institut valencien d'art moderne<\/a>\n                <\/h3>\n\n                                    <div class=\"atraccion-descripcion\">\n                        <p>O\u00f9 l'art moderne trouve sa place \u00e0 Valence.<\/p>\n<p>L'IVAM est l'\u00e9picentre de l'art moderne \u00e0 Valence.<\/p>\n                    <\/div>\n                \n                <div class=\"atraccion-footer\">\n                    <div class=\"atraccion-tours-info\">\n                        <button type=\"button\" class=\"atraccion-tours-info-btn\" data-atraccion-id=\"3924\">\n                            <i class=\"fas fa-ticket-alt tours-icon\" aria-hidden=\"true\"><\/i>\n                            <span>Visites guid\u00e9es disponibles<\/span>\n                        <\/button>\n                    <\/div>\n                <\/div>\n            <\/div>\n        <\/article>\n\n            <article class=\"atraccion-card\" data-atraccion-id=\"3675\"\n            data-categorias=\"70\"\n            data-categoria-keys=\"entretenimiento\"\n            data-categorias-slugs=\"entretenimiento\">\n\n            <div class=\"atraccion-thumbnail-wrapper\">\n                                    <div class=\"atraccion-thumbnail\">\n                        <img loading=\"lazy\" decoding=\"async\" width=\"128\" height=\"55\" src=\"https:\/\/upgrade.valenciaandgo.com\/wp-content\/uploads\/2025\/12\/img-jardin-turia-01.webp\" class=\"attachment-thumbnail size-thumbnail wp-post-image\" alt=\"\" \/>\n                                                    <span class=\"categoria-badge\">\n                                DIVERTISSEMENT                            <\/span>\n                        \n                        <span class=\"atraccion-marker-badge\">\n                            <i class=\"fas fa-map-marker-alt\"><\/i>\n                        <\/span>\n                    <\/div>\n                            <\/div>\n\n            <div class=\"atraccion-content\">\n                <h3 class=\"atraccion-title\">\n                    <a href=\"https:\/\/upgrade.valenciaandgo.com\/fr\/atracciones\/jardin-del-turia\/\">Jardin de Turia<\/a>\n                <\/h3>\n\n                                    <div class=\"atraccion-descripcion\">\n                        <p><span data-sheets-root=\"1\">Le poumon vert de Valence, un vaste parc qui traverse la ville et qui est toujours plein de vie.<\/span><\/p>\n                    <\/div>\n                \n                <div class=\"atraccion-footer\">\n                    <div class=\"atraccion-tours-info\">\n                        <button type=\"button\" class=\"atraccion-tours-info-btn\" data-atraccion-id=\"3675\">\n                            <i class=\"fas fa-ticket-alt tours-icon\" aria-hidden=\"true\"><\/i>\n                            <span>Visites guid\u00e9es disponibles<\/span>\n                        <\/button>\n                    <\/div>\n                <\/div>\n            <\/div>\n        <\/article>\n\n            <article class=\"atraccion-card\" data-atraccion-id=\"3746\"\n            data-categorias=\"69\"\n            data-categoria-keys=\"cultura\"\n            data-categorias-slugs=\"cultura\">\n\n            <div class=\"atraccion-thumbnail-wrapper\">\n                                    <div class=\"atraccion-thumbnail\">\n                        <img loading=\"lazy\" decoding=\"async\" width=\"128\" height=\"40\" src=\"https:\/\/upgrade.valenciaandgo.com\/wp-content\/uploads\/2026\/01\/img-lonja-seda-01.webp\" class=\"attachment-thumbnail size-thumbnail wp-post-image\" alt=\"\" \/>\n                                                    <span class=\"categoria-badge\">\n                                CULTURE                            <\/span>\n                        \n                        <span class=\"atraccion-marker-badge\">\n                            <i class=\"fas fa-map-marker-alt\"><\/i>\n                        <\/span>\n                    <\/div>\n                            <\/div>\n\n            <div class=\"atraccion-content\">\n                <h3 class=\"atraccion-title\">\n                    <a href=\"https:\/\/upgrade.valenciaandgo.com\/fr\/atracciones\/la-lonja-de-la-seda\/\">La bourse de la soie<\/a>\n                <\/h3>\n\n                                    <div class=\"atraccion-descripcion\">\n                        <p><span data-sheets-root=\"1\">Class\u00e9 au patrimoine mondial de l'UNESCO, cet authentique joyau gothique du XVe si\u00e8cle est situ\u00e9 dans le centre de Valence.<\/span><\/p>\n                    <\/div>\n                \n                <div class=\"atraccion-footer\">\n                    <div class=\"atraccion-tours-info\">\n                        <button type=\"button\" class=\"atraccion-tours-info-btn\" data-atraccion-id=\"3746\">\n                            <i class=\"fas fa-ticket-alt tours-icon\" aria-hidden=\"true\"><\/i>\n                            <span>Visites guid\u00e9es disponibles<\/span>\n                        <\/button>\n                    <\/div>\n                <\/div>\n            <\/div>\n        <\/article>\n\n            <article class=\"atraccion-card\" data-atraccion-id=\"3916\"\n            data-categorias=\"68,70\"\n            data-categoria-keys=\"compras,entretenimiento\"\n            data-categorias-slugs=\"compras,entretenimiento\">\n\n            <div class=\"atraccion-thumbnail-wrapper\">\n                                    <div class=\"atraccion-thumbnail\">\n                        <img loading=\"lazy\" decoding=\"async\" width=\"70\" height=\"96\" src=\"https:\/\/upgrade.valenciaandgo.com\/wp-content\/uploads\/2026\/01\/img-postalera-02.webp\" class=\"attachment-thumbnail size-thumbnail wp-post-image\" alt=\"\" \/>\n                                                    <span class=\"categoria-badge\">\n                                ACHATS                            <\/span>\n                        \n                        <span class=\"atraccion-marker-badge\">\n                            <i class=\"fas fa-map-marker-alt\"><\/i>\n                        <\/span>\n                    <\/div>\n                            <\/div>\n\n            <div class=\"atraccion-content\">\n                <h3 class=\"atraccion-title\">\n                    <a href=\"https:\/\/upgrade.valenciaandgo.com\/fr\/atracciones\/la-postalera-valencia\/\">La Postalera Valencia<\/a>\n                <\/h3>\n\n                                    <div class=\"atraccion-descripcion\">\n                        <p>Art du papier et souvenirs uniques de Valence.<\/p>\n<p>Un espace cr\u00e9atif o\u00f9 l'on peut d\u00e9couvrir de v\u00e9ritables tr\u00e9sors sur papier.<\/p>\n                    <\/div>\n                \n                <div class=\"atraccion-footer\">\n                    <div class=\"atraccion-tours-info\">\n                        <button type=\"button\" class=\"atraccion-tours-info-btn\" data-atraccion-id=\"3916\">\n                            <i class=\"fas fa-ticket-alt tours-icon\" aria-hidden=\"true\"><\/i>\n                            <span>Visites guid\u00e9es disponibles<\/span>\n                        <\/button>\n                    <\/div>\n                <\/div>\n            <\/div>\n        <\/article>\n\n            <article class=\"atraccion-card\" data-atraccion-id=\"3869\"\n            data-categorias=\"70,71,72\"\n            data-categoria-keys=\"entretenimiento,playa,restauracion\"\n            data-categorias-slugs=\"entretenimiento,playa,restauracion\">\n\n            <div class=\"atraccion-thumbnail-wrapper\">\n                                    <div class=\"atraccion-thumbnail\">\n                        <img loading=\"lazy\" decoding=\"async\" width=\"128\" height=\"44\" src=\"https:\/\/upgrade.valenciaandgo.com\/wp-content\/uploads\/2026\/01\/img-marina-beach-club-01.webp\" class=\"attachment-thumbnail size-thumbnail wp-post-image\" alt=\"\" \/>\n                                                    <span class=\"categoria-badge\">\n                                DIVERTISSEMENT                            <\/span>\n                        \n                        <span class=\"atraccion-marker-badge\">\n                            <i class=\"fas fa-map-marker-alt\"><\/i>\n                        <\/span>\n                    <\/div>\n                            <\/div>\n\n            <div class=\"atraccion-content\">\n                <h3 class=\"atraccion-title\">\n                    <a href=\"https:\/\/upgrade.valenciaandgo.com\/fr\/atracciones\/marina-beach-club\/\">Marina Beach Club<\/a>\n                <\/h3>\n\n                                    <div class=\"atraccion-descripcion\">\n                        <p><span data-sheets-root=\"1\">Le Marina Beach Club propose une cuisine m\u00e9diterran\u00e9enne et des vues privil\u00e9gi\u00e9es sur la mer, alliant gastronomie et loisirs dans un espace unique en face de la plage de Valence.<\/span><\/p>\n                    <\/div>\n                \n                <div class=\"atraccion-footer\">\n                    <div class=\"atraccion-tours-info\">\n                        <button type=\"button\" class=\"atraccion-tours-info-btn\" data-atraccion-id=\"3869\">\n                            <i class=\"fas fa-ticket-alt tours-icon\" aria-hidden=\"true\"><\/i>\n                            <span>Visites guid\u00e9es disponibles<\/span>\n                        <\/button>\n                    <\/div>\n                <\/div>\n            <\/div>\n        <\/article>\n\n            <article class=\"atraccion-card\" data-atraccion-id=\"3793\"\n            data-categorias=\"68,70,72\"\n            data-categoria-keys=\"compras,entretenimiento,restauracion\"\n            data-categorias-slugs=\"compras,entretenimiento,restauracion\">\n\n            <div class=\"atraccion-thumbnail-wrapper\">\n                                    <div class=\"atraccion-thumbnail\">\n                        <img loading=\"lazy\" decoding=\"async\" width=\"128\" height=\"40\" src=\"https:\/\/upgrade.valenciaandgo.com\/wp-content\/uploads\/2026\/01\/img-mercado-central-valencia-01.webp\" class=\"attachment-thumbnail size-thumbnail wp-post-image\" alt=\"\" \/>\n                                                    <span class=\"categoria-badge\">\n                                ACHATS                            <\/span>\n                        \n                        <span class=\"atraccion-marker-badge\">\n                            <i class=\"fas fa-map-marker-alt\"><\/i>\n                        <\/span>\n                    <\/div>\n                            <\/div>\n\n            <div class=\"atraccion-content\">\n                <h3 class=\"atraccion-title\">\n                    <a href=\"https:\/\/upgrade.valenciaandgo.com\/fr\/atracciones\/mercado-central-de-valencia\/\">March\u00e9 central de Valence<\/a>\n                <\/h3>\n\n                                    <div class=\"atraccion-descripcion\">\n                        <p><span data-sheets-root=\"1\">Un march\u00e9 moderniste dynamique o\u00f9 se m\u00ealent les saveurs, les ar\u00f4mes et les couleurs de la gastronomie valencienne.<\/span><\/p>\n                    <\/div>\n                \n                <div class=\"atraccion-footer\">\n                    <div class=\"atraccion-tours-info\">\n                        <button type=\"button\" class=\"atraccion-tours-info-btn\" data-atraccion-id=\"3793\">\n                            <i class=\"fas fa-ticket-alt tours-icon\" aria-hidden=\"true\"><\/i>\n                            <span>Visites guid\u00e9es disponibles<\/span>\n                        <\/button>\n                    <\/div>\n                <\/div>\n            <\/div>\n        <\/article>\n\n            <article class=\"atraccion-card\" data-atraccion-id=\"3838\"\n            data-categorias=\"68,70\"\n            data-categoria-keys=\"compras,entretenimiento\"\n            data-categorias-slugs=\"compras,entretenimiento\">\n\n            <div class=\"atraccion-thumbnail-wrapper\">\n                                    <div class=\"atraccion-thumbnail\">\n                        <img loading=\"lazy\" decoding=\"async\" width=\"128\" height=\"40\" src=\"https:\/\/upgrade.valenciaandgo.com\/wp-content\/uploads\/2026\/01\/img-mercado-colon-01.webp\" class=\"attachment-thumbnail size-thumbnail wp-post-image\" alt=\"\" \/>\n                                                    <span class=\"categoria-badge\">\n                                ACHATS                            <\/span>\n                        \n                        <span class=\"atraccion-marker-badge\">\n                            <i class=\"fas fa-map-marker-alt\"><\/i>\n                        <\/span>\n                    <\/div>\n                            <\/div>\n\n            <div class=\"atraccion-content\">\n                <h3 class=\"atraccion-title\">\n                    <a href=\"https:\/\/upgrade.valenciaandgo.com\/fr\/atracciones\/mercado-de-colon-valencia\/\">March\u00e9 Col\u00f3n Valence<\/a>\n                <\/h3>\n\n                                    <div class=\"atraccion-descripcion\">\n                        <p><span data-sheets-root=\"1\">Un march\u00e9 moderniste qui allie l'\u00e9l\u00e9gance \u00e0 un large \u00e9ventail d'offres culinaires et de petits stands pour acheter des produits typiques.<\/span><\/p>\n                    <\/div>\n                \n                <div class=\"atraccion-footer\">\n                    <div class=\"atraccion-tours-info\">\n                        <button type=\"button\" class=\"atraccion-tours-info-btn\" data-atraccion-id=\"3838\">\n                            <i class=\"fas fa-ticket-alt tours-icon\" aria-hidden=\"true\"><\/i>\n                            <span>Visites guid\u00e9es disponibles<\/span>\n                        <\/button>\n                    <\/div>\n                <\/div>\n            <\/div>\n        <\/article>\n\n            <article class=\"atraccion-card\" data-atraccion-id=\"3785\"\n            data-categorias=\"69\"\n            data-categoria-keys=\"cultura\"\n            data-categorias-slugs=\"cultura\">\n\n            <div class=\"atraccion-thumbnail-wrapper\">\n                                    <div class=\"atraccion-thumbnail\">\n                        <img loading=\"lazy\" decoding=\"async\" width=\"128\" height=\"40\" src=\"https:\/\/upgrade.valenciaandgo.com\/wp-content\/uploads\/2026\/01\/img-museo-bellas-artes-valencia-01.webp\" class=\"attachment-thumbnail size-thumbnail wp-post-image\" alt=\"\" \/>\n                                                    <span class=\"categoria-badge\">\n                                CULTURE                            <\/span>\n                        \n                        <span class=\"atraccion-marker-badge\">\n                            <i class=\"fas fa-map-marker-alt\"><\/i>\n                        <\/span>\n                    <\/div>\n                            <\/div>\n\n            <div class=\"atraccion-content\">\n                <h3 class=\"atraccion-title\">\n                    <a href=\"https:\/\/upgrade.valenciaandgo.com\/fr\/atracciones\/museo-de-bellas-artes-de-valencia\/\">Mus\u00e9e des beaux-arts de Valence<\/a>\n                <\/h3>\n\n                                    <div class=\"atraccion-descripcion\">\n                        <p><span data-sheets-root=\"1\">La deuxi\u00e8me plus grande galerie d'art d'Espagne. Le mus\u00e9e des beaux-arts de Valence est un lieu incontournable pour les amateurs d'art.<\/span><\/p>\n                    <\/div>\n                \n                <div class=\"atraccion-footer\">\n                    <div class=\"atraccion-tours-info\">\n                        <button type=\"button\" class=\"atraccion-tours-info-btn\" data-atraccion-id=\"3785\">\n                            <i class=\"fas fa-ticket-alt tours-icon\" aria-hidden=\"true\"><\/i>\n                            <span>Visites guid\u00e9es disponibles<\/span>\n                        <\/button>\n                    <\/div>\n                <\/div>\n            <\/div>\n        <\/article>\n\n            <article class=\"atraccion-card\" data-atraccion-id=\"3731\"\n            data-categorias=\"72\"\n            data-categoria-keys=\"restauracion\"\n            data-categorias-slugs=\"restauracion\">\n\n            <div class=\"atraccion-thumbnail-wrapper\">\n                                    <div class=\"atraccion-thumbnail\">\n                        <img loading=\"lazy\" decoding=\"async\" width=\"128\" height=\"85\" src=\"https:\/\/upgrade.valenciaandgo.com\/wp-content\/uploads\/2026\/01\/img-orio-gastronomia-vasca-01.webp\" class=\"attachment-thumbnail size-thumbnail wp-post-image\" alt=\"\" \/>\n                        \n                        <span class=\"atraccion-marker-badge\">\n                            <i class=\"fas fa-map-marker-alt\"><\/i>\n                        <\/span>\n                    <\/div>\n                            <\/div>\n\n            <div class=\"atraccion-content\">\n                <h3 class=\"atraccion-title\">\n                    <a href=\"https:\/\/upgrade.valenciaandgo.com\/fr\/atracciones\/orio-gastronomia-vasca\/\">ORIO Gastronomie basque<\/a>\n                <\/h3>\n\n                                    <div class=\"atraccion-descripcion\">\n                        <p>La r\u00e9invention de la taverne basque : pintxos, poisson frais et atmosph\u00e8re maritime dans le centre de Valence<\/p>\n                    <\/div>\n                \n                <div class=\"atraccion-footer\">\n                    <div class=\"atraccion-tours-info\">\n                        <button type=\"button\" class=\"atraccion-tours-info-btn\" data-atraccion-id=\"3731\">\n                            <i class=\"fas fa-ticket-alt tours-icon\" aria-hidden=\"true\"><\/i>\n                            <span>Visites guid\u00e9es disponibles<\/span>\n                        <\/button>\n                    <\/div>\n                <\/div>\n            <\/div>\n        <\/article>\n\n            <article class=\"atraccion-card\" data-atraccion-id=\"3900\"\n            data-categorias=\"69\"\n            data-categoria-keys=\"cultura\"\n            data-categorias-slugs=\"cultura\">\n\n            <div class=\"atraccion-thumbnail-wrapper\">\n                                    <div class=\"atraccion-thumbnail\">\n                        <img loading=\"lazy\" decoding=\"async\" width=\"128\" height=\"85\" src=\"https:\/\/upgrade.valenciaandgo.com\/wp-content\/uploads\/2026\/01\/img-palacio-marques-dos-aguas-02.webp\" class=\"attachment-thumbnail size-thumbnail wp-post-image\" alt=\"\" \/>\n                                                    <span class=\"categoria-badge\">\n                                CULTURE                            <\/span>\n                        \n                        <span class=\"atraccion-marker-badge\">\n                            <i class=\"fas fa-map-marker-alt\"><\/i>\n                        <\/span>\n                    <\/div>\n                            <\/div>\n\n            <div class=\"atraccion-content\">\n                <h3 class=\"atraccion-title\">\n                    <a href=\"https:\/\/upgrade.valenciaandgo.com\/fr\/atracciones\/palacio-marques-de-dos-aguas\/\">Palais du Marquis de Dos Aguas<\/a>\n                <\/h3>\n\n                                    <div class=\"atraccion-descripcion\">\n                        <p>Un palais baroque avec une \u00e2me en c\u00e9ramique.<\/p>\n<p>R\u00e9sidence noble, c\u00e9l\u00e8bre pour son impressionnante fa\u00e7ade rococo et son mus\u00e9e de la c\u00e9ramique.<\/p>\n                    <\/div>\n                \n                <div class=\"atraccion-footer\">\n                    <div class=\"atraccion-tours-info\">\n                        <button type=\"button\" class=\"atraccion-tours-info-btn\" data-atraccion-id=\"3900\">\n                            <i class=\"fas fa-ticket-alt tours-icon\" aria-hidden=\"true\"><\/i>\n                            <span>Visites guid\u00e9es disponibles<\/span>\n                        <\/button>\n                    <\/div>\n                <\/div>\n            <\/div>\n        <\/article>\n\n            <article class=\"atraccion-card\" data-atraccion-id=\"3822\"\n            data-categorias=\"70\"\n            data-categoria-keys=\"entretenimiento\"\n            data-categorias-slugs=\"entretenimiento\">\n\n            <div class=\"atraccion-thumbnail-wrapper\">\n                                    <div class=\"atraccion-thumbnail\">\n                        <img loading=\"lazy\" decoding=\"async\" width=\"78\" height=\"96\" src=\"https:\/\/upgrade.valenciaandgo.com\/wp-content\/uploads\/2026\/01\/img-parque-cabecera-02.webp\" class=\"attachment-thumbnail size-thumbnail wp-post-image\" alt=\"\" \/>\n                                                    <span class=\"categoria-badge\">\n                                DIVERTISSEMENT                            <\/span>\n                        \n                        <span class=\"atraccion-marker-badge\">\n                            <i class=\"fas fa-map-marker-alt\"><\/i>\n                        <\/span>\n                    <\/div>\n                            <\/div>\n\n            <div class=\"atraccion-content\">\n                <h3 class=\"atraccion-title\">\n                    <a href=\"https:\/\/upgrade.valenciaandgo.com\/fr\/atracciones\/parque-de-cabecera-en-valencia\/\">Parque de Cabecera \u00e0 Valence<\/a>\n                <\/h3>\n\n                                    <div class=\"atraccion-descripcion\">\n                        <p><span data-sheets-root=\"1\">Le deuxi\u00e8me poumon vert, \u00e0 l'ouest de Valence et reli\u00e9 au jardin du Turia : des cascades, un immense lac, des espaces verts... un v\u00e9ritable refuge naturel.<\/span><\/p>\n                    <\/div>\n                \n                <div class=\"atraccion-footer\">\n                    <div class=\"atraccion-tours-info\">\n                        <button type=\"button\" class=\"atraccion-tours-info-btn\" data-atraccion-id=\"3822\">\n                            <i class=\"fas fa-ticket-alt tours-icon\" aria-hidden=\"true\"><\/i>\n                            <span>Visites guid\u00e9es disponibles<\/span>\n                        <\/button>\n                    <\/div>\n                <\/div>\n            <\/div>\n        <\/article>\n\n    \n            <div class=\"atracciones-paginacion\">\n            <ul class='page-numbers'>\n\t<li><span aria-current=\"page\" class=\"page-numbers current\">1<\/span><\/li>\n\t<li><a class=\"page-numbers\" href=\"https:\/\/upgrade.valenciaandgo.com\/fr\/wp-json\/wp\/v2\/pages\/9620\/page\/2\/\">2<\/a><\/li>\n\t<li><a class=\"next page-numbers\" href=\"https:\/\/upgrade.valenciaandgo.com\/fr\/wp-json\/wp\/v2\/pages\/9620\/page\/2\/\">Suivant \u00bb<\/a><\/li>\n<\/ul>\n        <\/div>\n    \n                <\/div>\n            <\/div>\n        <\/div>\n\n        <!-- Columna Derecha: Mapa -->\n        <div class=\"atracciones-mapa-columna\">\n            <div id=\"mapa-atracciones\"><\/div>\n        <\/div>\n\n    <\/div>\n<\/section>\n\n<div id=\"tga-tours-modal\" class=\"tga-tours-modal\" aria-hidden=\"true\">\n    <div class=\"tga-tours-modal-backdrop\" tabindex=\"-1\"><\/div>\n    <div class=\"tga-tours-modal-panel\" role=\"dialog\" aria-modal=\"true\" aria-labelledby=\"tga-tours-modal-title\">\n        <button type=\"button\" class=\"tga-tours-modal-close\" aria-label=\"Fermer\">\u00d7<\/button>\n        <h2 id=\"tga-tours-modal-title\" class=\"tga-tours-modal-heading\">Les visites guid\u00e9es<\/h2>\n        <div class=\"tga-tours-modal-body\"><\/div>\n        <div class=\"tga-tours-modal-loader\" style=\"display:none;\" aria-hidden=\"true\">\n            <span class=\"tga-tours-modal-loader-spinner\"><\/span>\n            <span>Chargement des visites...<\/span>\n        <\/div>\n    <\/div>\n<\/div>\n<\/div><\/div>\n\t\t\t\t\t\t<\/div>\n\t\t\t\t\t<\/div>\n\t\t\t\t<\/div>\n\t\t\t\t<\/div>","protected":false},"excerpt":{"rendered":"<p>Lo que no puedes perderte \u00bfLlegas a Valencia y quieres descubrir lo mejor de la ciudad en poco tiempo? Explora nuestros lugares de inter\u00e9s en Valencia y aprovecha cada minuto con una selecci\u00f3n pensada para ti. Disfruta de Valencia sin perder tiempo buscando qu\u00e9 hacer. Aqu\u00ed encontrar\u00e1s opciones ideales para todos los gustos, con ubicaciones [&hellip;]<\/p>\n","protected":false},"author":1,"featured_media":0,"parent":0,"menu_order":0,"comment_status":"closed","ping_status":"closed","template":"","meta":{"_acf_changed":false,"footnotes":""},"class_list":["post-9620","page","type-page","status-publish","hentry"],"acf":[],"yoast_head":"<!-- This site is optimized with the Yoast SEO plugin v27.5 - https:\/\/yoast.com\/product\/yoast-seo-wordpress\/ -->\n<title>Lugares de inter\u00e9s - Valencia&amp;Go<\/title>\n<meta name=\"robots\" content=\"noindex, follow, max-snippet:-1, max-image-preview:large, max-video-preview:-1\" \/>\n<meta property=\"og:locale\" content=\"fr_FR\" \/>\n<meta property=\"og:type\" content=\"article\" \/>\n<meta property=\"og:title\" content=\"Lugares de inter\u00e9s - Valencia&amp;Go\" \/>\n<meta property=\"og:description\" content=\"Lo que no puedes perderte \u00bfLlegas a Valencia y quieres descubrir lo mejor de la ciudad en poco tiempo? Explora nuestros lugares de inter\u00e9s en Valencia y aprovecha cada minuto con una selecci\u00f3n pensada para ti. Disfruta de Valencia sin perder tiempo buscando qu\u00e9 hacer. Aqu\u00ed encontrar\u00e1s opciones ideales para todos los gustos, con ubicaciones [&hellip;]\" \/>\n<meta property=\"og:url\" content=\"https:\/\/upgrade.valenciaandgo.com\/fr\/lieux-dinteret\/\" \/>\n<meta property=\"og:site_name\" content=\"Valencia&amp;Go\" \/>\n<meta property=\"article:publisher\" content=\"https:\/\/www.facebook.com\/valenciaandgo\/\" \/>\n<meta property=\"article:modified_time\" content=\"2026-04-01T21:17:29+00:00\" \/>\n<meta name=\"twitter:card\" content=\"summary_large_image\" \/>\n<meta name=\"twitter:label1\" content=\"Dur\u00e9e de lecture estim\u00e9e\" \/>\n\t<meta name=\"twitter:data1\" content=\"7 minutes\" \/>\n<script type=\"application\/ld+json\" class=\"yoast-schema-graph\">{\"@context\":\"https:\\\/\\\/schema.org\",\"@graph\":[{\"@type\":\"WebPage\",\"@id\":\"https:\\\/\\\/upgrade.valenciaandgo.com\\\/lugares-de-interes\\\/\",\"url\":\"https:\\\/\\\/upgrade.valenciaandgo.com\\\/lugares-de-interes\\\/\",\"name\":\"Lugares de inter\u00e9s - Valencia&amp;Go\",\"isPartOf\":{\"@id\":\"https:\\\/\\\/upgrade.valenciaandgo.com\\\/it\\\/#website\"},\"datePublished\":\"2026-03-13T02:52:14+00:00\",\"dateModified\":\"2026-04-01T21:17:29+00:00\",\"breadcrumb\":{\"@id\":\"https:\\\/\\\/upgrade.valenciaandgo.com\\\/lugares-de-interes\\\/#breadcrumb\"},\"inLanguage\":\"fr-FR\",\"potentialAction\":[{\"@type\":\"ReadAction\",\"target\":[\"https:\\\/\\\/upgrade.valenciaandgo.com\\\/lugares-de-interes\\\/\"]}]},{\"@type\":\"BreadcrumbList\",\"@id\":\"https:\\\/\\\/upgrade.valenciaandgo.com\\\/lugares-de-interes\\\/#breadcrumb\",\"itemListElement\":[{\"@type\":\"ListItem\",\"position\":1,\"name\":\"Portada\",\"item\":\"https:\\\/\\\/upgrade.valenciaandgo.com\\\/\"},{\"@type\":\"ListItem\",\"position\":2,\"name\":\"Lugares de inter\u00e9s\"}]},{\"@type\":\"WebSite\",\"@id\":\"https:\\\/\\\/upgrade.valenciaandgo.com\\\/it\\\/#website\",\"url\":\"https:\\\/\\\/upgrade.valenciaandgo.com\\\/it\\\/\",\"name\":\"Valencia&Go\",\"description\":\"Tours por Valencia y alrededores de ciudad.\",\"publisher\":{\"@id\":\"https:\\\/\\\/upgrade.valenciaandgo.com\\\/it\\\/#organization\"},\"potentialAction\":[{\"@type\":\"SearchAction\",\"target\":{\"@type\":\"EntryPoint\",\"urlTemplate\":\"https:\\\/\\\/upgrade.valenciaandgo.com\\\/it\\\/?s={search_term_string}\"},\"query-input\":{\"@type\":\"PropertyValueSpecification\",\"valueRequired\":true,\"valueName\":\"search_term_string\"}}],\"inLanguage\":\"fr-FR\"},{\"@type\":\"Organization\",\"@id\":\"https:\\\/\\\/upgrade.valenciaandgo.com\\\/it\\\/#organization\",\"name\":\"Valencia&Go\",\"url\":\"https:\\\/\\\/upgrade.valenciaandgo.com\\\/it\\\/\",\"logo\":{\"@type\":\"ImageObject\",\"inLanguage\":\"fr-FR\",\"@id\":\"https:\\\/\\\/upgrade.valenciaandgo.com\\\/it\\\/#\\\/schema\\\/logo\\\/image\\\/\",\"url\":\"https:\\\/\\\/upgrade.valenciaandgo.com\\\/wp-content\\\/uploads\\\/2025\\\/10\\\/valencia_go-svg-blnc-iso-naranja.svg\",\"contentUrl\":\"https:\\\/\\\/upgrade.valenciaandgo.com\\\/wp-content\\\/uploads\\\/2025\\\/10\\\/valencia_go-svg-blnc-iso-naranja.svg\",\"width\":434,\"height\":102,\"caption\":\"Valencia&Go\"},\"image\":{\"@id\":\"https:\\\/\\\/upgrade.valenciaandgo.com\\\/it\\\/#\\\/schema\\\/logo\\\/image\\\/\"},\"sameAs\":[\"https:\\\/\\\/www.facebook.com\\\/valenciaandgo\\\/\",\"https:\\\/\\\/www.instagram.com\\\/valenciaandgo\",\"https:\\\/\\\/www.linkedin.com\\\/company\\\/valencia-go\\\/\",\"https:\\\/\\\/www.tiktok.com\\\/@valenciaandgo\"]}]}<\/script>\n<!-- \/ Yoast SEO plugin. -->","yoast_head_json":{"title":"Lieux d'int\u00e9r\u00eat - Valencia&amp;Go","robots":{"index":"noindex","follow":"follow","max-snippet":"max-snippet:-1","max-image-preview":"max-image-preview:large","max-video-preview":"max-video-preview:-1"},"og_locale":"fr_FR","og_type":"article","og_title":"Lugares de inter\u00e9s - Valencia&amp;Go","og_description":"Lo que no puedes perderte \u00bfLlegas a Valencia y quieres descubrir lo mejor de la ciudad en poco tiempo? Explora nuestros lugares de inter\u00e9s en Valencia y aprovecha cada minuto con una selecci\u00f3n pensada para ti. Disfruta de Valencia sin perder tiempo buscando qu\u00e9 hacer. Aqu\u00ed encontrar\u00e1s opciones ideales para todos los gustos, con ubicaciones [&hellip;]","og_url":"https:\/\/upgrade.valenciaandgo.com\/fr\/lieux-dinteret\/","og_site_name":"Valencia&amp;Go","article_publisher":"https:\/\/www.facebook.com\/valenciaandgo\/","article_modified_time":"2026-04-01T21:17:29+00:00","twitter_card":"summary_large_image","twitter_misc":{"Dur\u00e9e de lecture estim\u00e9e":"7 minutes"},"schema":{"@context":"https:\/\/schema.org","@graph":[{"@type":"WebPage","@id":"https:\/\/upgrade.valenciaandgo.com\/lugares-de-interes\/","url":"https:\/\/upgrade.valenciaandgo.com\/lugares-de-interes\/","name":"Lieux d'int\u00e9r\u00eat - Valencia&amp;Go","isPartOf":{"@id":"https:\/\/upgrade.valenciaandgo.com\/it\/#website"},"datePublished":"2026-03-13T02:52:14+00:00","dateModified":"2026-04-01T21:17:29+00:00","breadcrumb":{"@id":"https:\/\/upgrade.valenciaandgo.com\/lugares-de-interes\/#breadcrumb"},"inLanguage":"fr-FR","potentialAction":[{"@type":"ReadAction","target":["https:\/\/upgrade.valenciaandgo.com\/lugares-de-interes\/"]}]},{"@type":"BreadcrumbList","@id":"https:\/\/upgrade.valenciaandgo.com\/lugares-de-interes\/#breadcrumb","itemListElement":[{"@type":"ListItem","position":1,"name":"Portada","item":"https:\/\/upgrade.valenciaandgo.com\/"},{"@type":"ListItem","position":2,"name":"Lugares de inter\u00e9s"}]},{"@type":"WebSite","@id":"https:\/\/upgrade.valenciaandgo.com\/it\/#website","url":"https:\/\/upgrade.valenciaandgo.com\/it\/","name":"Valencia&amp;Go","description":"Visites de Valence et de ses environs.","publisher":{"@id":"https:\/\/upgrade.valenciaandgo.com\/it\/#organization"},"potentialAction":[{"@type":"SearchAction","target":{"@type":"EntryPoint","urlTemplate":"https:\/\/upgrade.valenciaandgo.com\/it\/?s={search_term_string}"},"query-input":{"@type":"PropertyValueSpecification","valueRequired":true,"valueName":"search_term_string"}}],"inLanguage":"fr-FR"},{"@type":"Organization","@id":"https:\/\/upgrade.valenciaandgo.com\/it\/#organization","name":"Valencia&amp;Go","url":"https:\/\/upgrade.valenciaandgo.com\/it\/","logo":{"@type":"ImageObject","inLanguage":"fr-FR","@id":"https:\/\/upgrade.valenciaandgo.com\/it\/#\/schema\/logo\/image\/","url":"https:\/\/upgrade.valenciaandgo.com\/wp-content\/uploads\/2025\/10\/valencia_go-svg-blnc-iso-naranja.svg","contentUrl":"https:\/\/upgrade.valenciaandgo.com\/wp-content\/uploads\/2025\/10\/valencia_go-svg-blnc-iso-naranja.svg","width":434,"height":102,"caption":"Valencia&Go"},"image":{"@id":"https:\/\/upgrade.valenciaandgo.com\/it\/#\/schema\/logo\/image\/"},"sameAs":["https:\/\/www.facebook.com\/valenciaandgo\/","https:\/\/www.instagram.com\/valenciaandgo","https:\/\/www.linkedin.com\/company\/valencia-go\/","https:\/\/www.tiktok.com\/@valenciaandgo"]}]}},"_links":{"self":[{"href":"https:\/\/upgrade.valenciaandgo.com\/fr\/wp-json\/wp\/v2\/pages\/9620","targetHints":{"allow":["GET"]}}],"collection":[{"href":"https:\/\/upgrade.valenciaandgo.com\/fr\/wp-json\/wp\/v2\/pages"}],"about":[{"href":"https:\/\/upgrade.valenciaandgo.com\/fr\/wp-json\/wp\/v2\/types\/page"}],"author":[{"embeddable":true,"href":"https:\/\/upgrade.valenciaandgo.com\/fr\/wp-json\/wp\/v2\/users\/1"}],"replies":[{"embeddable":true,"href":"https:\/\/upgrade.valenciaandgo.com\/fr\/wp-json\/wp\/v2\/comments?post=9620"}],"version-history":[{"count":0,"href":"https:\/\/upgrade.valenciaandgo.com\/fr\/wp-json\/wp\/v2\/pages\/9620\/revisions"}],"wp:attachment":[{"href":"https:\/\/upgrade.valenciaandgo.com\/fr\/wp-json\/wp\/v2\/media?parent=9620"}],"curies":[{"name":"wp","href":"https:\/\/api.w.org\/{rel}","templated":true}]}}