{"id":3,"date":"2025-10-14T22:22:21","date_gmt":"2025-10-14T22:22:21","guid":{"rendered":"https:\/\/new.valenciaandgo.com\/?page_id=3"},"modified":"2026-04-01T22:29:16","modified_gmt":"2026-04-01T22:29:16","slug":"politique-de-confidentialite","status":"publish","type":"page","link":"https:\/\/upgrade.valenciaandgo.com\/fr\/politica-de-privacidad\/","title":{"rendered":"Politique de confidentialit\u00e9"},"content":{"rendered":"<div data-elementor-type=\"wp-page\" data-elementor-id=\"3\" class=\"elementor elementor-3\" data-elementor-post-type=\"page\">\n\t\t\t\t<div class=\"elementor-element elementor-element-b2f003e e-flex e-con-boxed e-con e-child\" data-id=\"b2f003e\" data-element_type=\"container\" data-e-type=\"container\" data-settings=\"{&quot;background_background&quot;:&quot;classic&quot;,&quot;shape_divider_bottom&quot;:&quot;waves&quot;}\">\n\t\t\t\t\t<div class=\"e-con-inner\">\n\t\t\t\t<div class=\"elementor-shape elementor-shape-bottom\" aria-hidden=\"true\" data-negative=\"false\">\n\t\t\t<svg xmlns=\"http:\/\/www.w3.org\/2000\/svg\" viewbox=\"0 0 1000 100\" preserveaspectratio=\"none\">\n\t<path class=\"elementor-shape-fill\" d=\"M421.9,6.5c22.6-2.5,51.5,0.4,75.5,5.3c23.6,4.9,70.9,23.5,100.5,35.7c75.8,32.2,133.7,44.5,192.6,49.7\tc23.6,2.1,48.7,3.5,103.4-2.5c54.7-6,106.2-25.6,106.2-25.6V0H0v30.3c0,0,72,32.6,158.4,30.5c39.2-0.7,92.8-6.7,134-22.4\tc21.2-8.1,52.2-18.2,79.7-24.2C399.3,7.9,411.6,7.5,421.9,6.5z\"\/>\n<\/svg>\t\t<\/div>\n\t\t<div class=\"elementor-element elementor-element-dc652da e-con-full e-flex e-con e-child\" data-id=\"dc652da\" data-element_type=\"container\" data-e-type=\"container\">\n\t\t\t\t<div class=\"elementor-element elementor-element-4edf255 elementor-widget elementor-widget-heading\" data-id=\"4edf255\" data-element_type=\"widget\" data-e-type=\"widget\" data-widget_type=\"heading.default\">\n\t\t\t\t\t<h1 class=\"elementor-heading-title elementor-size-default\">Politique de confidentialit\u00e9<\/h1>\t\t\t\t<\/div>\n\t\t\t\t<\/div>\n\t\t\t\t\t<\/div>\n\t\t\t\t<\/div>\n\t\t<div class=\"elementor-element elementor-element-f37f247 e-flex e-con-boxed e-con e-parent\" data-id=\"f37f247\" data-element_type=\"container\" data-e-type=\"container\" data-settings=\"{&quot;background_background&quot;:&quot;classic&quot;}\">\n\t\t\t\t\t<div class=\"e-con-inner\">\n\t\t<div class=\"elementor-element elementor-element-057efa1 e-con-full e-flex e-con e-child\" data-id=\"057efa1\" data-element_type=\"container\" data-e-type=\"container\" data-settings=\"{&quot;background_background&quot;:&quot;classic&quot;}\">\n\t\t\t\t<div class=\"elementor-element elementor-element-cec0aa3 elementor-widget elementor-widget-spacer\" data-id=\"cec0aa3\" data-element_type=\"widget\" data-e-type=\"widget\" data-widget_type=\"spacer.default\">\n\t\t\t\t\t\t\t<div class=\"elementor-spacer\">\n\t\t\t<div class=\"elementor-spacer-inner\"><\/div>\n\t\t<\/div>\n\t\t\t\t\t\t<\/div>\n\t\t\t\t<div class=\"elementor-element elementor-element-03542b5 elementor-widget elementor-widget-text-editor\" data-id=\"03542b5\" data-element_type=\"widget\" data-e-type=\"widget\" data-widget_type=\"text-editor.default\">\n\t\t\t\t\t\t\t\t\t<p>Les informations suivantes relatives \u00e0 notre Politique de confidentialit\u00e9 refl\u00e8tent l\u2019engagement de www.valenciaandgo.com\n (ci-apr\u00e8s Valencia &amp; Go) \u00e0 maintenir et garantir des relations professionnelles s\u00fbres au moyen de la protection des donn\u00e9es \u00e0 caract\u00e8re personnel, en garantissant le droit \u00e0 la vie priv\u00e9e de nos clients. Dans ce document, nous expliquons comment nous utilisons les donn\u00e9es personnelles des utilisateurs du portail web.<\/p>\t\t\t\t\t\t\t\t<\/div>\n\t\t\t\t<\/div>\n\t\t<div class=\"elementor-element elementor-element-74bf351 e-con-full e-flex e-con e-child\" data-id=\"74bf351\" data-element_type=\"container\" data-e-type=\"container\" data-settings=\"{&quot;background_background&quot;:&quot;classic&quot;}\">\n\t\t\t\t<div class=\"elementor-element elementor-element-bc30b88 elementor-widget elementor-widget-text-editor\" data-id=\"bc30b88\" data-element_type=\"widget\" data-e-type=\"widget\" data-widget_type=\"text-editor.default\">\n\t\t\t\t\t\t\t\t\t<p>Par \u00ab Donn\u00e9e \u00e0 caract\u00e8re personnel \u00bb, il convient d\u2019entendre toute information concernant une personne physique identifi\u00e9e ou identifiable. Sont notamment inclus le nom, les pr\u00e9nom et nom de famille, l\u2019adresse postale et \u00e9lectronique, ainsi que le num\u00e9ro de t\u00e9l\u00e9phone.<\/p>\t\t\t\t\t\t\t\t<\/div>\n\t\t\t\t<\/div>\n\t\t<div class=\"elementor-element elementor-element-e3a7994 e-con-full e-flex e-con e-child\" data-id=\"e3a7994\" data-element_type=\"container\" data-e-type=\"container\" data-settings=\"{&quot;background_background&quot;:&quot;classic&quot;}\">\n\t\t\t\t<div class=\"elementor-element elementor-element-a19db6e elementor-widget elementor-widget-text-editor\" data-id=\"a19db6e\" data-element_type=\"widget\" data-e-type=\"widget\" data-widget_type=\"text-editor.default\">\n\t\t\t\t\t\t\t\t\t<p>Toute donn\u00e9e \u00e0 caract\u00e8re personnel que vous nous fournissez lors de la visite de l\u2019un de nos portails web sera trait\u00e9e conform\u00e9ment \u00e0 la r\u00e9glementation en mati\u00e8re de protection des donn\u00e9es et ne sera collect\u00e9e, trait\u00e9e et utilis\u00e9e qu\u2019\u00e0 des fins licites, l\u00e9gitimes et d\u00fbment port\u00e9es \u00e0 votre connaissance. C\u2019est pourquoi nous d\u00e9taillons ci-dessous l\u2019ensemble des finalit\u00e9s pour lesquelles Valencia &amp; Go, en tant que titulaire du site web et responsable du traitement, utilise les donn\u00e9es personnelles:<\/p>\n<ul>\n<li>G\u00e9rer les formulaires de contact afin de traiter vos demandes d\u2019information et de r\u00e9pondre aux questions pos\u00e9es, ainsi que d\u2019effectuer toutes les d\u00e9marches n\u00e9cessaires \u00e0 la gestion de la vente et du produit acquis, y compris la gestion des garanties.<\/li>\n<li class=\" translation-block\">Dans le cas du formulaire d\u2019inscription, traiter votre conversion en <em>utilisateur enregistr\u00e9<\/em> afin de pouvoir r\u00e9aliser les d\u00e9marches correspondantes.<\/li>\n<li>Dans les deux cas, vous envoyer des informations concernant des produits et services, y compris des \u00e9v\u00e9nements ou activit\u00e9s promus par Valencia &amp; Go, susceptibles de vous int\u00e9resser.<\/li>\n<li>De m\u00eame, vous informer de tout aspect commercial, professionnel ou social de l\u2019entreprise, ainsi que des activit\u00e9s qu\u2019elle organise ou auxquelles elle participe.<\/li>\n<li>Conna\u00eetre les pr\u00e9f\u00e9rences et les int\u00e9r\u00eats de l\u2019utilisateur afin de mieux comprendre et r\u00e9pondre \u00e0 ses besoins.<\/li>\n<\/ul>\n<p>En tout \u00e9tat de cause, il est rappel\u00e9 \u00e0 tous les utilisateurs que la collecte de certaines donn\u00e9es \u00e0 caract\u00e8re personnel n\u2019est pas obligatoire, sauf indication contraire dans les champs correspondants. Toutefois, le fait de ne pas fournir ces donn\u00e9es pourra emp\u00eacher la fourniture des Services qui en d\u00e9pendent, nous d\u00e9gageant ainsi de toute responsabilit\u00e9 en cas de non-prestation ou de prestation incompl\u00e8te de ces Services.<\/p>\n<p>Il incombe \u00e0 l\u2019utilisateur de fournir des informations exactes et de les maintenir \u00e0 jour. En cons\u00e9quence, Valencia &amp; Go se r\u00e9serve le droit d\u2019exclure des services et de proc\u00e9der \u00e0 la r\u00e9siliation du service tout utilisateur ayant fourni des informations fausses, sans pr\u00e9judice des autres actions pr\u00e9vues par la loi.<\/p>\t\t\t\t\t\t\t\t<\/div>\n\t\t\t\t<\/div>\n\t\t<div class=\"elementor-element elementor-element-4617ff7 e-con-full e-flex e-con e-child\" data-id=\"4617ff7\" data-element_type=\"container\" data-e-type=\"container\" data-settings=\"{&quot;background_background&quot;:&quot;classic&quot;}\">\n\t\t\t\t<div class=\"elementor-element elementor-element-2d06eed elementor-widget elementor-widget-text-editor\" data-id=\"2d06eed\" data-element_type=\"widget\" data-e-type=\"widget\" data-widget_type=\"text-editor.default\">\n\t\t\t\t\t\t\t\t\t<p>La base l\u00e9gale du traitement de vos donn\u00e9es est la r\u00e9ponse aux demandes formul\u00e9es via le site web, ce qui implique l\u2019application, \u00e0 la demande de la personne concern\u00e9e, de mesures pr\u00e9contractuelles.<\/p>\t\t\t\t\t\t\t\t<\/div>\n\t\t\t\t<\/div>\n\t\t<div class=\"elementor-element elementor-element-ede5067 e-con-full e-flex e-con e-child\" data-id=\"ede5067\" data-element_type=\"container\" data-e-type=\"container\" data-settings=\"{&quot;background_background&quot;:&quot;classic&quot;}\">\n\t\t\t\t<div class=\"elementor-element elementor-element-8e580c9 elementor-widget elementor-widget-text-editor\" data-id=\"8e580c9\" data-element_type=\"widget\" data-e-type=\"widget\" data-widget_type=\"text-editor.default\">\n\t\t\t\t\t\t\t\t\t<p>Les donn\u00e9es seront conserv\u00e9es pendant le temps n\u00e9cessaire pour r\u00e9pondre aux demandes, fournir le service sollicit\u00e9 et atteindre les finalit\u00e9s indiqu\u00e9es.<\/p>\t\t\t\t\t\t\t\t<\/div>\n\t\t\t\t<\/div>\n\t\t<div class=\"elementor-element elementor-element-1a20320 e-con-full e-flex e-con e-child\" data-id=\"1a20320\" data-element_type=\"container\" data-e-type=\"container\">\n\t\t\t\t<div class=\"elementor-element elementor-element-655d733 elementor-widget elementor-widget-text-editor\" data-id=\"655d733\" data-element_type=\"widget\" data-e-type=\"widget\" data-widget_type=\"text-editor.default\">\n\t\t\t\t\t\t\t\t\t<p>Vos donn\u00e9es personnelles ne seront communiqu\u00e9es \u00e0 aucun tiers. Si la communication de vos informations \u00e0 un tiers s\u2019av\u00e9rait n\u00e9cessaire, votre consentement vous serait demand\u00e9 au pr\u00e9alable.<\/p>\t\t\t\t\t\t\t\t<\/div>\n\t\t\t\t<\/div>\n\t\t<div class=\"elementor-element elementor-element-af78699 e-con-full e-flex e-con e-child\" data-id=\"af78699\" data-element_type=\"container\" data-e-type=\"container\">\n\t\t\t\t<div class=\"elementor-element elementor-element-32dffbe elementor-widget elementor-widget-text-editor\" data-id=\"32dffbe\" data-element_type=\"widget\" data-e-type=\"widget\" data-widget_type=\"text-editor.default\">\n\t\t\t\t\t\t\t\t\t<p>Valencia &amp; Go accorde une importance particuli\u00e8re \u00e0 la s\u00e9curit\u00e9 de vos donn\u00e9es personnelles. Vos donn\u00e9es sont stock\u00e9es dans nos syst\u00e8mes d\u2019information, au sein desquels nous avons adopt\u00e9 et mis en \u0153uvre des mesures de s\u00e9curit\u00e9, techniques et organisationnelles, afin de pr\u00e9venir toute perte ou tout acc\u00e8s non autoris\u00e9 par des tiers. Par exemple, nos portails web utilisent des protocoles de chiffrement des donn\u00e9es HTTPS.<\/p>\t\t\t\t\t\t\t\t<\/div>\n\t\t\t\t<\/div>\n\t\t<div class=\"elementor-element elementor-element-6e89b17 e-con-full e-flex e-con e-child\" data-id=\"6e89b17\" data-element_type=\"container\" data-e-type=\"container\">\n\t\t\t\t<div class=\"elementor-element elementor-element-a3c32b8 elementor-widget elementor-widget-text-editor\" data-id=\"a3c32b8\" data-element_type=\"widget\" data-e-type=\"widget\" data-widget_type=\"text-editor.default\">\n\t\t\t\t\t\t\t\t\t<p>Le simple fait de visiter ce site web ou d\u2019utiliser les services de Valencia &amp; Go n\u2019implique pas que des donn\u00e9es \u00e0 caract\u00e8re personnel permettant d\u2019identifier un utilisateur soient automatiquement enregistr\u00e9es. Toutefois, nous vous informons que lors de la navigation sur le site, des \u00ab cookies \u00bb, petits fichiers de donn\u00e9es g\u00e9n\u00e9r\u00e9s sur l\u2019ordinateur de l\u2019internaute, sont utilis\u00e9s et nous permettent d\u2019obtenir les informations analytiques suivantes:<\/p>\n<ul>\n<li>a) La date et l\u2019heure d\u2019acc\u00e8s au site web, permettant d\u2019identifier les p\u00e9riodes de plus forte affluence et d\u2019effectuer les ajustements n\u00e9cessaires afin d\u2019\u00e9viter les probl\u00e8mes de saturation lors des heures de pointe.<\/li>\n<li>b) Le nombre de visiteurs quotidiens de chaque section, permettant d\u2019identifier les zones les plus fr\u00e9quent\u00e9es et d\u2019en am\u00e9liorer et enrichir le contenu, afin que les utilisateurs obtiennent une exp\u00e9rience plus satisfaisante et d\u2019optimiser la conception des contenus.<\/li>\n<li>c) La date et l\u2019heure de la derni\u00e8re visite de l\u2019utilisateur sur le site web, afin de r\u00e9aliser des analyses statistiques et analytiques sur l\u2019utilisation du site.<\/li>\n<li>d) Les \u00e9l\u00e9ments de s\u00e9curit\u00e9 intervenant dans le contr\u00f4le d\u2019acc\u00e8s aux zones restreintes.<\/li>\n<\/ul>\n<p>Pour plus d\u2019informations, veuillez consulter notre politique en mati\u00e8re de cookies.<\/p>\t\t\t\t\t\t\t\t<\/div>\n\t\t\t\t<\/div>\n\t\t<div class=\"elementor-element elementor-element-383dc3e e-con-full e-flex e-con e-child\" data-id=\"383dc3e\" data-element_type=\"container\" data-e-type=\"container\">\n\t\t\t\t<div class=\"elementor-element elementor-element-d9b1de5 elementor-widget elementor-widget-text-editor\" data-id=\"d9b1de5\" data-element_type=\"widget\" data-e-type=\"widget\" data-widget_type=\"text-editor.default\">\n\t\t\t\t\t\t\t\t\t<p class=\" translation-block\">Tous les utilisateurs peuvent exercer l\u2019un quelconque des droits conf\u00e9r\u00e9s par la r\u00e9glementation en mati\u00e8re de protection des donn\u00e9es, tels que le droit d\u2019acc\u00e8s, de limitation du traitement, d\u2019effacement, de portabilit\u00e9, etc., au moyen d\u2019une demande \u00e9crite adress\u00e9e \u00e0 l\u2019adresse <u><a href=\"mailto:info@valenciaandgo.com\" target=\"_self\">info@valenciaandgo.com\n<\/a><\/u>, depuis la m\u00eame adresse \u00e9lectronique utilis\u00e9e lors de l\u2019inscription.<\/p>\t\t\t\t\t\t\t\t<\/div>\n\t\t\t\t<\/div>\n\t\t<div class=\"elementor-element elementor-element-4178778 e-con-full e-flex e-con e-child\" data-id=\"4178778\" data-element_type=\"container\" data-e-type=\"container\">\n\t\t\t\t<div class=\"elementor-element elementor-element-97fbbd0 elementor-widget elementor-widget-text-editor\" data-id=\"97fbbd0\" data-element_type=\"widget\" data-e-type=\"widget\" data-widget_type=\"text-editor.default\">\n\t\t\t\t\t\t\t\t\t<p>Tout utilisateur peut s\u2019opposer \u00e0 l\u2019utilisation de ses informations \u00e0 des fins publicitaires, d\u2019\u00e9tudes de march\u00e9 ou de r\u00e9alisation d\u2019enqu\u00eates de satisfaction, ainsi que retirer son consentement \u00e0 tout moment (sans effet r\u00e9troactif). Pour ce faire, il devra envoyer un courrier \u00e9lectronique \u00e0 l\u2019adresse info@valenciaandgo.com\n. Lorsqu\u2019il re\u00e7oit des communications publicitaires par e-mail, il pourra \u00e9galement s\u2019y opposer directement depuis ce message, en cliquant sur le lien pr\u00e9vu \u00e0 cet effet et en suivant les instructions fournies.<\/p>\t\t\t\t\t\t\t\t<\/div>\n\t\t\t\t<\/div>\n\t\t<div class=\"elementor-element elementor-element-5fe1ebe e-con-full e-flex e-con e-child\" data-id=\"5fe1ebe\" data-element_type=\"container\" data-e-type=\"container\">\n\t\t\t\t<div class=\"elementor-element elementor-element-e26a385 elementor-widget elementor-widget-text-editor\" data-id=\"e26a385\" data-element_type=\"widget\" data-e-type=\"widget\" data-widget_type=\"text-editor.default\">\n\t\t\t\t\t\t\t\t\t<div class=\"wd-page-content main-page-wrapper\"><main id=\"main-content\" class=\"wd-content-layout content-layout-wrapper container\" role=\"main\">\n<div class=\"wd-content-area site-content\">\n<article id=\"post-3\" class=\"entry-content post-3 page type-page status-publish hentry\">\n<div class=\"wpb-content-wrapper\">\n<div class=\"vc_row wpb_row vc_row-fluid\">\n<div class=\"wpb_column vc_column_container vc_col-sm-12\">\n<div class=\"vc_column-inner\">\n<div class=\"wpb_wrapper\">\n<div class=\"wpb_text_column wpb_content_element\">\n<div class=\"wpb_wrapper\">\n<p>Notre Politique de Confidentialit\u00e9 pourra faire l\u2019objet de mises \u00e0 jour en raison d\u2019exigences l\u00e9gales, ainsi que d\u2019am\u00e9liorations et de modifications li\u00e9es \u00e0 la mani\u00e8re dont nous offrons et fournissons nos services et fonctionnalit\u00e9s de l\u2019application. Par cons\u00e9quent, nous vous recommandons de consulter r\u00e9guli\u00e8rement notre Politique de Confidentialit\u00e9 afin de prendre connaissance des \u00e9ventuelles modifications qui y auraient \u00e9t\u00e9 apport\u00e9es. Si ces modifications concernent le consentement donn\u00e9 par l\u2019utilisateur, une notification distincte et sp\u00e9cifique lui sera envoy\u00e9e afin de le recueillir \u00e0 nouveau.<\/p>\n<p>Si, au cours de la lecture, vous avez des doutes ou des questions concernant notre Politique de Confidentialit\u00e9, ou si vous souhaitez exercer un droit ou entreprendre une action relative \u00e0 vos donn\u00e9es personnelles, veuillez nous contacter \u00e0 l\u2019adresse \u00e9lectronique suivante : info@valenciaandgo.com\n.<\/p>\n<\/div>\n<\/div>\n<\/div>\n<\/div>\n<\/div>\n<\/div>\n<\/div>\n<\/article>\n<\/div>\n<\/main><\/div>\n<div class=\"wd-prefooter\">\n<div class=\"container wd-entry-content\">\n<div class=\"wpb-content-wrapper\">\n<div class=\"vc_row wpb_row vc_row-fluid vc_custom_1613551869413 vc_row-has-fill\" data-vc-full-width=\"true\" data-vc-full-width-init=\"true\">\n<div class=\"wpb_column vc_column_container vc_col-sm-4 text-left\">\n<div class=\"vc_column-inner\">\n<div class=\"wpb_wrapper\">\n<div id=\"wd-68878b95e0459\" class=\"title-wrapper wd-wpb wd-set-mb reset-last-child  wd-rs-68878b95e0459 wd-title-color-default wd-title-style-default text-center  wd-underline-colored\">\u00a0<\/div>\n<\/div>\n<\/div>\n<\/div>\n<\/div>\n<\/div>\n<\/div>\n<\/div>\t\t\t\t\t\t\t\t<\/div>\n\t\t\t\t<\/div>\n\t\t\t\t\t<\/div>\n\t\t\t\t<\/div>\n\t\t\t\t<\/div>","protected":false},"excerpt":{"rendered":"<p>La siguiente informaci\u00f3n sobre nuestra Pol\u00edtica de Privacidad refleja el compromiso de www.valenciaandgo.com (en adelante Valencia &amp; Go) por mantener y garantizar relaciones profesionales seguras mediante la protecci\u00f3n de los datos personales, garantizando el derecho a la privacidad de nuestros clientes. En este documento explicamos c\u00f3mo utilizamos los datos personales de los usuarios del portal [&hellip;]<\/p>\n","protected":false},"author":1,"featured_media":0,"parent":0,"menu_order":0,"comment_status":"closed","ping_status":"closed","template":"","meta":{"_acf_changed":false,"footnotes":""},"class_list":["post-3","page","type-page","status-publish","hentry"],"acf":[],"yoast_head":"<!-- This site is optimized with the Yoast SEO plugin v27.5 - https:\/\/yoast.com\/product\/yoast-seo-wordpress\/ -->\n<title>Pol\u00edtica de privacidad | Valencia &amp; Go<\/title>\n<meta name=\"description\" content=\"Consulta c\u00f3mo tratamos y protegemos tus datos personales, qu\u00e9 informaci\u00f3n recopilamos y cu\u00e1les son tus derechos como usuario de Valencia &amp; Go\" \/>\n<meta name=\"robots\" content=\"noindex, follow\" \/>\n<meta property=\"og:locale\" content=\"fr_FR\" \/>\n<meta property=\"og:type\" content=\"article\" \/>\n<meta property=\"og:title\" content=\"Pol\u00edtica de privacidad | Valencia &amp; Go\" \/>\n<meta property=\"og:description\" content=\"Consulta c\u00f3mo tratamos y protegemos tus datos personales, qu\u00e9 informaci\u00f3n recopilamos y cu\u00e1les son tus derechos como usuario de Valencia &amp; Go\" \/>\n<meta property=\"og:url\" content=\"https:\/\/upgrade.valenciaandgo.com\/fr\/politique-de-confidentialite\/\" \/>\n<meta property=\"og:site_name\" content=\"Valencia&amp;Go\" \/>\n<meta property=\"article:publisher\" content=\"https:\/\/www.facebook.com\/valenciaandgo\/\" \/>\n<meta property=\"article:modified_time\" content=\"2026-04-01T22:29:16+00:00\" \/>\n<meta name=\"twitter:card\" content=\"summary_large_image\" \/>\n<meta name=\"twitter:label1\" content=\"Dur\u00e9e de lecture estim\u00e9e\" \/>\n\t<meta name=\"twitter:data1\" content=\"5 minutes\" \/>\n<script type=\"application\/ld+json\" class=\"yoast-schema-graph\">{\"@context\":\"https:\\\/\\\/schema.org\",\"@graph\":[{\"@type\":\"WebPage\",\"@id\":\"https:\\\/\\\/upgrade.valenciaandgo.com\\\/politica-de-privacidad\\\/\",\"url\":\"https:\\\/\\\/upgrade.valenciaandgo.com\\\/politica-de-privacidad\\\/\",\"name\":\"Pol\u00edtica de privacidad | Valencia & Go\",\"isPartOf\":{\"@id\":\"https:\\\/\\\/upgrade.valenciaandgo.com\\\/it\\\/#website\"},\"datePublished\":\"2025-10-14T22:22:21+00:00\",\"dateModified\":\"2026-04-01T22:29:16+00:00\",\"description\":\"Consulta c\u00f3mo tratamos y protegemos tus datos personales, qu\u00e9 informaci\u00f3n recopilamos y cu\u00e1les son tus derechos como usuario de Valencia & Go\",\"breadcrumb\":{\"@id\":\"https:\\\/\\\/upgrade.valenciaandgo.com\\\/politica-de-privacidad\\\/#breadcrumb\"},\"inLanguage\":\"fr-FR\",\"potentialAction\":[{\"@type\":\"ReadAction\",\"target\":[\"https:\\\/\\\/upgrade.valenciaandgo.com\\\/politica-de-privacidad\\\/\"]}]},{\"@type\":\"BreadcrumbList\",\"@id\":\"https:\\\/\\\/upgrade.valenciaandgo.com\\\/politica-de-privacidad\\\/#breadcrumb\",\"itemListElement\":[{\"@type\":\"ListItem\",\"position\":1,\"name\":\"Portada\",\"item\":\"https:\\\/\\\/upgrade.valenciaandgo.com\\\/\"},{\"@type\":\"ListItem\",\"position\":2,\"name\":\"Pol\u00edtica de privacidad\"}]},{\"@type\":\"WebSite\",\"@id\":\"https:\\\/\\\/upgrade.valenciaandgo.com\\\/it\\\/#website\",\"url\":\"https:\\\/\\\/upgrade.valenciaandgo.com\\\/it\\\/\",\"name\":\"Valencia&Go\",\"description\":\"Tours por Valencia y alrededores de ciudad.\",\"publisher\":{\"@id\":\"https:\\\/\\\/upgrade.valenciaandgo.com\\\/it\\\/#organization\"},\"potentialAction\":[{\"@type\":\"SearchAction\",\"target\":{\"@type\":\"EntryPoint\",\"urlTemplate\":\"https:\\\/\\\/upgrade.valenciaandgo.com\\\/it\\\/?s={search_term_string}\"},\"query-input\":{\"@type\":\"PropertyValueSpecification\",\"valueRequired\":true,\"valueName\":\"search_term_string\"}}],\"inLanguage\":\"fr-FR\"},{\"@type\":\"Organization\",\"@id\":\"https:\\\/\\\/upgrade.valenciaandgo.com\\\/it\\\/#organization\",\"name\":\"Valencia&Go\",\"url\":\"https:\\\/\\\/upgrade.valenciaandgo.com\\\/it\\\/\",\"logo\":{\"@type\":\"ImageObject\",\"inLanguage\":\"fr-FR\",\"@id\":\"https:\\\/\\\/upgrade.valenciaandgo.com\\\/it\\\/#\\\/schema\\\/logo\\\/image\\\/\",\"url\":\"https:\\\/\\\/upgrade.valenciaandgo.com\\\/wp-content\\\/uploads\\\/2025\\\/10\\\/valencia_go-svg-blnc-iso-naranja.svg\",\"contentUrl\":\"https:\\\/\\\/upgrade.valenciaandgo.com\\\/wp-content\\\/uploads\\\/2025\\\/10\\\/valencia_go-svg-blnc-iso-naranja.svg\",\"width\":434,\"height\":102,\"caption\":\"Valencia&Go\"},\"image\":{\"@id\":\"https:\\\/\\\/upgrade.valenciaandgo.com\\\/it\\\/#\\\/schema\\\/logo\\\/image\\\/\"},\"sameAs\":[\"https:\\\/\\\/www.facebook.com\\\/valenciaandgo\\\/\",\"https:\\\/\\\/www.instagram.com\\\/valenciaandgo\",\"https:\\\/\\\/www.linkedin.com\\\/company\\\/valencia-go\\\/\",\"https:\\\/\\\/www.tiktok.com\\\/@valenciaandgo\"]}]}<\/script>\n<!-- \/ Yoast SEO plugin. -->","yoast_head_json":{"title":"Politique de confidentialit\u00e9 | Valencia &amp; Go","description":"D\u00e9couvrez comment nous traitons et prot\u00e9geons vos donn\u00e9es personnelles, quelles informations nous collectons et quels sont vos droits en tant qu'utilisateur de Valencia &amp; Go.","robots":{"index":"noindex","follow":"follow"},"og_locale":"fr_FR","og_type":"article","og_title":"Pol\u00edtica de privacidad | Valencia & Go","og_description":"Consulta c\u00f3mo tratamos y protegemos tus datos personales, qu\u00e9 informaci\u00f3n recopilamos y cu\u00e1les son tus derechos como usuario de Valencia & Go","og_url":"https:\/\/upgrade.valenciaandgo.com\/fr\/politique-de-confidentialite\/","og_site_name":"Valencia&amp;Go","article_publisher":"https:\/\/www.facebook.com\/valenciaandgo\/","article_modified_time":"2026-04-01T22:29:16+00:00","twitter_card":"summary_large_image","twitter_misc":{"Dur\u00e9e de lecture estim\u00e9e":"5 minutes"},"schema":{"@context":"https:\/\/schema.org","@graph":[{"@type":"WebPage","@id":"https:\/\/upgrade.valenciaandgo.com\/politica-de-privacidad\/","url":"https:\/\/upgrade.valenciaandgo.com\/politica-de-privacidad\/","name":"Politique de confidentialit\u00e9 | Valencia &amp; Go","isPartOf":{"@id":"https:\/\/upgrade.valenciaandgo.com\/it\/#website"},"datePublished":"2025-10-14T22:22:21+00:00","dateModified":"2026-04-01T22:29:16+00:00","description":"D\u00e9couvrez comment nous traitons et prot\u00e9geons vos donn\u00e9es personnelles, quelles informations nous collectons et quels sont vos droits en tant qu'utilisateur de Valencia &amp; Go.","breadcrumb":{"@id":"https:\/\/upgrade.valenciaandgo.com\/politica-de-privacidad\/#breadcrumb"},"inLanguage":"fr-FR","potentialAction":[{"@type":"ReadAction","target":["https:\/\/upgrade.valenciaandgo.com\/politica-de-privacidad\/"]}]},{"@type":"BreadcrumbList","@id":"https:\/\/upgrade.valenciaandgo.com\/politica-de-privacidad\/#breadcrumb","itemListElement":[{"@type":"ListItem","position":1,"name":"Portada","item":"https:\/\/upgrade.valenciaandgo.com\/"},{"@type":"ListItem","position":2,"name":"Pol\u00edtica de privacidad"}]},{"@type":"WebSite","@id":"https:\/\/upgrade.valenciaandgo.com\/it\/#website","url":"https:\/\/upgrade.valenciaandgo.com\/it\/","name":"Valencia&amp;Go","description":"Visites de Valence et de ses environs.","publisher":{"@id":"https:\/\/upgrade.valenciaandgo.com\/it\/#organization"},"potentialAction":[{"@type":"SearchAction","target":{"@type":"EntryPoint","urlTemplate":"https:\/\/upgrade.valenciaandgo.com\/it\/?s={search_term_string}"},"query-input":{"@type":"PropertyValueSpecification","valueRequired":true,"valueName":"search_term_string"}}],"inLanguage":"fr-FR"},{"@type":"Organization","@id":"https:\/\/upgrade.valenciaandgo.com\/it\/#organization","name":"Valencia&amp;Go","url":"https:\/\/upgrade.valenciaandgo.com\/it\/","logo":{"@type":"ImageObject","inLanguage":"fr-FR","@id":"https:\/\/upgrade.valenciaandgo.com\/it\/#\/schema\/logo\/image\/","url":"https:\/\/upgrade.valenciaandgo.com\/wp-content\/uploads\/2025\/10\/valencia_go-svg-blnc-iso-naranja.svg","contentUrl":"https:\/\/upgrade.valenciaandgo.com\/wp-content\/uploads\/2025\/10\/valencia_go-svg-blnc-iso-naranja.svg","width":434,"height":102,"caption":"Valencia&Go"},"image":{"@id":"https:\/\/upgrade.valenciaandgo.com\/it\/#\/schema\/logo\/image\/"},"sameAs":["https:\/\/www.facebook.com\/valenciaandgo\/","https:\/\/www.instagram.com\/valenciaandgo","https:\/\/www.linkedin.com\/company\/valencia-go\/","https:\/\/www.tiktok.com\/@valenciaandgo"]}]}},"_links":{"self":[{"href":"https:\/\/upgrade.valenciaandgo.com\/fr\/wp-json\/wp\/v2\/pages\/3","targetHints":{"allow":["GET"]}}],"collection":[{"href":"https:\/\/upgrade.valenciaandgo.com\/fr\/wp-json\/wp\/v2\/pages"}],"about":[{"href":"https:\/\/upgrade.valenciaandgo.com\/fr\/wp-json\/wp\/v2\/types\/page"}],"author":[{"embeddable":true,"href":"https:\/\/upgrade.valenciaandgo.com\/fr\/wp-json\/wp\/v2\/users\/1"}],"replies":[{"embeddable":true,"href":"https:\/\/upgrade.valenciaandgo.com\/fr\/wp-json\/wp\/v2\/comments?post=3"}],"version-history":[{"count":0,"href":"https:\/\/upgrade.valenciaandgo.com\/fr\/wp-json\/wp\/v2\/pages\/3\/revisions"}],"wp:attachment":[{"href":"https:\/\/upgrade.valenciaandgo.com\/fr\/wp-json\/wp\/v2\/media?parent=3"}],"curies":[{"name":"wp","href":"https:\/\/api.w.org\/{rel}","templated":true}]}}